{"id":1374,"date":"2021-04-23T13:27:04","date_gmt":"2021-04-23T16:27:04","guid":{"rendered":"https:\/\/wp.ufpel.edu.br\/odontologia\/?page_id=1374"},"modified":"2022-05-20T09:20:11","modified_gmt":"2022-05-20T12:20:11","slug":"estagios","status":"publish","type":"page","link":"https:\/\/wp.ufpel.edu.br\/odontologia\/ensino\/graduacao\/estagios\/","title":{"rendered":"Est\u00e1gios"},"content":{"rendered":"<div id=\"pl-1374\"  class=\"panel-layout\" ><div id=\"pg-1374-0\"  class=\"panel-grid panel-no-style\" ><div id=\"pgc-1374-0-0\"  class=\"panel-grid-cell\" ><div id=\"panel-1374-0-0-0\" class=\"so-panel widget widget_sow-editor panel-first-child\" data-index=\"0\" ><div\n\t\t\t\n\t\t\tclass=\"so-widget-sow-editor so-widget-sow-editor-base\"\n\t\t\t\n\t\t>\n<div class=\"siteorigin-widget-tinymce textwidget\">\n\t<p style=\"text-align: center;\"><span style=\"font-size: 24pt;\"><strong><span style=\"color: #800000;\">Est\u00e1gios<\/span><\/strong><\/span><\/p>\n<p style=\"text-align: justify;\"><span id=\"page61R_mcid83\" class=\"markedContent\"><span style=\"font-size: 18pt;\"><strong><span style=\"color: #800000;\">O que s\u00e3o os est\u00e1gios?<\/span><\/strong><\/span><br role=\"presentation\" \/><span style=\"font-size: 14pt;\"><span dir=\"ltr\" role=\"presentation\">O est\u00e1gio se caracteriza como um ato educativo supervisionado, que visa o<\/span> <span dir=\"ltr\" role=\"presentation\">aprendizado de co<\/span><span dir=\"ltr\" role=\"presentation\">mpet\u00eancias pr\u00f3prias da atividade profissional e \u00e0 contextualiza\u00e7\u00e3o<\/span> <span dir=\"ltr\" role=\"presentation\">curricular, objetivando o desenvolvimento do aluno para a vida cidad\u00e3 e para o<\/span> <span dir=\"ltr\" role=\"presentation\">trabalho. Sendo divididos <\/span><span dir=\"ltr\" role=\"presentation\">em duas modalidades:<\/span><\/span><\/span><\/p>\n<div class=\"textLayer\" style=\"padding-left: 80px; text-align: justify;\"><span style=\"font-size: 14pt;\"><span id=\"page62R_mcid0\" class=\"markedContent\"><span dir=\"ltr\" role=\"presentation\">-<\/span> <span dir=\"ltr\" role=\"presentation\">obrigat\u00f3rio<\/span><span dir=\"ltr\" role=\"presentation\">: definido como pr\u00e9<\/span><span dir=\"ltr\" role=\"presentation\">-<\/span><span dir=\"ltr\" role=\"presentation\">requisito no<\/span> <span dir=\"ltr\" role=\"presentation\">PPC d<\/span><span dir=\"ltr\" role=\"presentation\">o curso para a<\/span><span dir=\"ltr\" role=\"presentation\">prova\u00e7\u00e3o e obten\u00e7\u00e3o<\/span> <span dir=\"ltr\" role=\"presentation\">de diploma;<\/span><\/span><span id=\"page62R_mcid1\" class=\"markedContent\"><br role=\"presentation\" \/><span dir=\"ltr\" role=\"presentation\">-<\/span> <span dir=\"ltr\" role=\"presentation\">n\u00e3o<\/span><span dir=\"ltr\" role=\"presentation\">-<\/span><span dir=\"ltr\" role=\"presentation\">obrigat\u00f3rio<\/span><span dir=\"ltr\" role=\"presentation\">: desenvolvido como atividade opcional, acrescida \u00e0 carga hor\u00e1ria<\/span> <span dir=\"ltr\" role=\"presentation\">regular e obrigat\u00f3ria.<\/span> <span dir=\"ltr\" role=\"presentation\">Atualmente<\/span><span dir=\"ltr\" role=\"presentation\">,<\/span> <span dir=\"ltr\" role=\"presentation\">o PPC n\u00e3o contempla este tipo de est\u00e1gio.<\/span><\/span><span id=\"page62R_mcid2\" class=\"markedContent\"><\/span><\/span><span id=\"page62R_mcid3\" class=\"markedContent\"><\/span><\/div>\n<\/div>\n<\/div><\/div><div id=\"panel-1374-0-0-1\" class=\"so-panel widget widget_sow-editor\" data-index=\"1\" ><div\n\t\t\t\n\t\t\tclass=\"so-widget-sow-editor so-widget-sow-editor-base\"\n\t\t\t\n\t\t>\n<div class=\"siteorigin-widget-tinymce textwidget\">\n\t<div class=\"textLayer\" style=\"text-align: justify;\"><span style=\"font-size: 18pt;\"><strong><span id=\"page62R_mcid3\" class=\"markedContent\" style=\"color: #800000;\"><span dir=\"ltr\" role=\"presentation\">Est\u00e1gios<\/span> <span dir=\"ltr\" role=\"presentation\">curriculares<\/span> <span dir=\"ltr\" role=\"presentation\">obrigat\u00f3rios<\/span><\/span><\/strong><\/span><span id=\"page62R_mcid4\" class=\"markedContent\"><br role=\"presentation\" \/><span style=\"font-size: 14pt;\"><span dir=\"ltr\" role=\"presentation\">Os est\u00e1gios supervisionados<\/span> <span dir=\"ltr\" role=\"presentation\">obrigat\u00f3rios <\/span><span dir=\"ltr\" role=\"presentation\">iniciam no<\/span> <span dir=\"ltr\" role=\"presentation\">quarto semestre, \u00e0 partir de atividades intramuros, atrav\u00e9s da observa\u00e7\u00e3o de atividades<\/span> <span dir=\"ltr\" role=\"presentation\">cl\u00ednicas do 6<\/span><span dir=\"ltr\" role=\"presentation\">\u00ba<\/span> <span dir=\"ltr\" role=\"presentation\">ao<\/span> <span dir=\"ltr\" role=\"presentation\">10<\/span><span dir=\"ltr\" role=\"presentation\">\u00ba<\/span> <span dir=\"ltr\" role=\"presentation\">semestres, onde os alunos conhecem a realidade dos<\/span> <span dir=\"ltr\" role=\"presentation\">indiv\u00edduos<\/span> <span dir=\"ltr\" role=\"presentation\">que<\/span> <span dir=\"ltr\" role=\"presentation\">necessitam<\/span> <span dir=\"ltr\" role=\"presentation\">de<\/span> <span dir=\"ltr\" role=\"presentation\">assist\u00eancia<\/span> <span dir=\"ltr\" role=\"presentation\">odontol\u00f3gica,<\/span> <span dir=\"ltr\" role=\"presentation\">aproximam<\/span><span dir=\"ltr\" role=\"presentation\">-<\/span><span dir=\"ltr\" role=\"presentation\">se<\/span> <span dir=\"ltr\" role=\"presentation\">dos<\/span> <span dir=\"ltr\" role=\"presentation\">instrumentais<\/span> <span dir=\"ltr\" role=\"presentation\">e<\/span> <span dir=\"ltr\" role=\"presentation\">materiais<\/span> <span dir=\"ltr\" role=\"presentation\">utilizados<\/span> <span dir=\"ltr\" role=\"presentation\">no<\/span> <span dir=\"ltr\" role=\"presentation\">atendimento<\/span> <span dir=\"ltr\" role=\"presentation\">odontol\u00f3gico<\/span> <span dir=\"ltr\" role=\"presentation\">e<\/span> <span dir=\"ltr\" role=\"presentation\">estabelecem<\/span> <span dir=\"ltr\" role=\"presentation\">inter-rela\u00e7\u00f5es entre as disciplinas b\u00e1sicas e cl\u00ednicas.<\/span><\/span><\/span><span id=\"page62R_mcid5\" class=\"markedContent\" style=\"font-size: 14pt;\"><br role=\"presentation\" \/><\/span><\/div>\n<div><span style=\"font-size: 14pt;\"><a href=\"https:\/\/i0.wp.com\/wp.ufpel.edu.br\/odontologia\/files\/2022\/05\/estagios.jpg?ssl=1\"><img data-attachment-id=\"2090\" data-permalink=\"https:\/\/wp.ufpel.edu.br\/odontologia\/ensino\/graduacao\/estagios\/estagios-2\/#main\" data-orig-file=\"https:\/\/i0.wp.com\/wp.ufpel.edu.br\/odontologia\/files\/2022\/05\/estagios.jpg?fit=744%2C691&amp;ssl=1\" data-orig-size=\"744,691\" data-comments-opened=\"0\" data-image-meta=\"{&quot;aperture&quot;:&quot;0&quot;,&quot;credit&quot;:&quot;&quot;,&quot;camera&quot;:&quot;&quot;,&quot;caption&quot;:&quot;&quot;,&quot;created_timestamp&quot;:&quot;0&quot;,&quot;copyright&quot;:&quot;&quot;,&quot;focal_length&quot;:&quot;0&quot;,&quot;iso&quot;:&quot;0&quot;,&quot;shutter_speed&quot;:&quot;0&quot;,&quot;title&quot;:&quot;&quot;,&quot;orientation&quot;:&quot;1&quot;}\" data-image-title=\"est\u00e1gios\" data-image-description=\"\" data-image-caption=\"\" data-medium-file=\"https:\/\/i0.wp.com\/wp.ufpel.edu.br\/odontologia\/files\/2022\/05\/estagios.jpg?fit=400%2C372&amp;ssl=1\" data-large-file=\"https:\/\/i0.wp.com\/wp.ufpel.edu.br\/odontologia\/files\/2022\/05\/estagios.jpg?fit=720%2C669&amp;ssl=1\" data-recalc-dims=\"1\" loading=\"lazy\" decoding=\"async\" class=\"aligncenter wp-image-2090 size-full\" src=\"https:\/\/i0.wp.com\/wp.ufpel.edu.br\/odontologia\/files\/2022\/05\/estagios.jpg?resize=720%2C669&#038;ssl=1\" alt=\"\" width=\"720\" height=\"669\" srcset=\"https:\/\/i0.wp.com\/wp.ufpel.edu.br\/odontologia\/files\/2022\/05\/estagios.jpg?w=744&amp;ssl=1 744w, https:\/\/i0.wp.com\/wp.ufpel.edu.br\/odontologia\/files\/2022\/05\/estagios.jpg?resize=400%2C372&amp;ssl=1 400w\" sizes=\"auto, (max-width: 720px) 100vw, 720px\" \/><\/a><\/span><\/div>\n<div><\/div>\n<div><\/div>\n<div style=\"text-align: justify;\"><span id=\"page63R_mcid0\" class=\"markedContent\" style=\"font-size: 14pt;\"><span dir=\"ltr\" role=\"presentation\">As<\/span> <span class=\"\" dir=\"ltr\" role=\"presentation\">atividades extramuros em Unidades B\u00e1sicas de Sa\u00fade (UBS) da Secretaria<\/span> <span dir=\"ltr\" role=\"presentation\">Municipal<\/span> <span dir=\"ltr\" role=\"presentation\">de Sa\u00fade<\/span> <span dir=\"ltr\" role=\"presentation\">passam pelo diagn\u00f3stico de sa\u00fade da popula\u00e7\u00e3o da \u00e1rea de<\/span> <span dir=\"ltr\" role=\"presentation\">abrang\u00eancia, planejamento, desenvolvimento e avalia\u00e7\u00e3o de a\u00e7\u00f5es de promo\u00e7\u00e3o de<\/span> <span dir=\"ltr\" role=\"presentation\">sa\u00fade, preven\u00e7\u00e3o de<\/span> <span dir=\"ltr\" role=\"presentation\">doen\u00e7as e recupera\u00e7\u00e3o da sa\u00fade<\/span> <span dir=\"ltr\" role=\"presentation\">e participa\u00e7\u00e3o no processo de<\/span> <span dir=\"ltr\" role=\"presentation\">refer\u00eancia e contra<\/span><span dir=\"ltr\" role=\"presentation\">-<\/span><span dir=\"ltr\" role=\"presentation\">refer\u00eancia entre<\/span> <span dir=\"ltr\" role=\"presentation\">o<\/span><span dir=\"ltr\" role=\"presentation\">s n\u00edveis prim\u00e1rio e secund\u00e1rio (Centros de<\/span> <span dir=\"ltr\" role=\"presentation\">Especialidades Odontol\u00f3gicas<\/span> <span dir=\"ltr\" role=\"presentation\">\u2013<\/span> <span dir=\"ltr\" role=\"presentation\">CEO e Laborat\u00f3rio Regional de Pr\u00f3tese Dent\u00e1ria<\/span> <span dir=\"ltr\" role=\"presentation\">\u2013<\/span> <span dir=\"ltr\" role=\"presentation\">LRP<\/span><span dir=\"ltr\" role=\"presentation\">D).<\/span><\/span><\/div>\n<div style=\"text-align: justify;\"><span id=\"page63R_mcid1\" class=\"markedContent\" style=\"font-size: 14pt;\"><br role=\"presentation\" \/><span dir=\"ltr\" role=\"presentation\">Em rela\u00e7\u00e3o aos est\u00e1gios em<\/span> <span dir=\"ltr\" role=\"presentation\">TCC P<\/span><span dir=\"ltr\" role=\"presentation\">rojeto e em<\/span> <span dir=\"ltr\" role=\"presentation\">Pesquisa Odontol\u00f3gica<\/span> <span dir=\"ltr\" role=\"presentation\">I e II<\/span><span dir=\"ltr\" role=\"presentation\">,<\/span> <span dir=\"ltr\" role=\"presentation\">estes visam contemplar aspectos te\u00f3ricos e metodol<\/span><span dir=\"ltr\" role=\"presentation\">\u00f3gicos do trabalho de conclus\u00e3o de curso do estudante. <\/span><span dir=\"ltr\" role=\"presentation\">Assim, durante o<\/span> <span dir=\"ltr\" role=\"presentation\">8\u00ba,<\/span> <span dir=\"ltr\" role=\"presentation\">9\u00ba e 10\u00ba semestres, possibilitar\u00e3o ao acad\u00eamico o ingresso na<\/span> <span dir=\"ltr\" role=\"presentation\">inicia\u00e7\u00e3o cient\u00edfica, dando<\/span><span dir=\"ltr\" role=\"presentation\"> condi\u00e7\u00f5es de iniciar sua participa\u00e7\u00e3o em grupos de estudo<\/span> <span dir=\"ltr\" role=\"presentation\">e pesquisa, atrav\u00e9s de est\u00e1gios em pesquisas em desenvo<\/span><span dir=\"ltr\" role=\"presentation\">lvimento por docentes.<\/span><\/span><\/div>\n<\/div>\n<\/div><\/div><div id=\"panel-1374-0-0-2\" class=\"so-panel widget widget_sow-editor panel-last-child\" data-index=\"2\" ><div\n\t\t\t\n\t\t\tclass=\"so-widget-sow-editor so-widget-sow-editor-base\"\n\t\t\t\n\t\t>\n<div class=\"siteorigin-widget-tinymce textwidget\">\n\t<div><strong><span style=\"font-size: 18pt; color: #800000;\">Como \u00e9 a avalia\u00e7\u00e3o dos est\u00e1gios?<\/span><\/strong><\/div>\n<div><span style=\"font-size: 14pt;\"><span id=\"page64R_mcid74\" class=\"markedContent\"><span dir=\"ltr\" role=\"presentation\">Os est\u00e1gios n\u00e3o s\u00e3o pass\u00edveis de<\/span> <span dir=\"ltr\" role=\"presentation\">exame<\/span><span dir=\"ltr\" role=\"presentation\">, onde o aluno pode receber apenas o conceito de aprovado ou reprovado<\/span><span dir=\"ltr\" role=\"presentation\">.<\/span> <span dir=\"ltr\" role=\"presentation\">A avalia\u00e7\u00e3o dos est\u00e1gios \u00e9<\/span> <span dir=\"ltr\" role=\"presentation\">individual,<\/span> <span dir=\"ltr\" role=\"presentation\">sendo que nos est\u00e1gios <\/span><span dir=\"ltr\" role=\"presentation\">intramuros<\/span><span dir=\"ltr\" role=\"presentation\">,<\/span> <span class=\"\" dir=\"ltr\" role=\"presentation\">com atividades cl\u00ednicas<\/span><span dir=\"ltr\" role=\"presentation\">,<\/span> <span dir=\"ltr\" role=\"presentation\">a<\/span> <span dir=\"ltr\" role=\"presentation\">aprova\u00e7\u00e3o \u00e9<\/span> <span dir=\"ltr\" role=\"presentation\">realizada por meio de <\/span><span class=\"\" dir=\"ltr\" role=\"presentation\">ficha de desempenho de atividades pr\u00e1ticas. <\/span><\/span><span id=\"page64R_mcid74\" class=\"markedContent\"><span dir=\"ltr\" role=\"presentation\">Para a aprova\u00e7\u00e3o no est\u00e1gio s\u00e3o avaliados<\/span><span dir=\"ltr\" role=\"presentation\">,<\/span> <span dir=\"ltr\" role=\"presentation\">a frequ\u00eancia e o relat\u00f3rio das<\/span> <span class=\"\" dir=\"ltr\" role=\"presentation\">atividades desenvolvidas.<\/span><\/span><\/span><\/div>\n<div style=\"text-align: justify;\"><\/div>\n<div style=\"text-align: justify;\">\n<hr \/>\n<\/div>\n<div style=\"text-align: justify;\">\n<div><span id=\"page61R_mcid82\" class=\"markedContent\"><span dir=\"ltr\" role=\"presentation\">O est\u00e1gio na UFPel, obrigat\u00f3rio e n\u00e3o obrigat\u00f3rio, est\u00e1 regulamentados pela Lei<\/span> <span dir=\"ltr\" role=\"presentation\">11<\/span><span dir=\"ltr\" role=\"presentation\">.<\/span><span dir=\"ltr\" role=\"presentation\">788, de 25 de setembro de 2008, e pelas D<\/span><span dir=\"ltr\" role=\"presentation\">CN dos<\/span> <span dir=\"ltr\" role=\"presentation\">cursos de gradua\u00e7\u00e3o<\/span> <span dir=\"ltr\" role=\"presentation\">em<\/span> <span dir=\"ltr\" role=\"presentation\">Odontologia<\/span><span dir=\"ltr\" role=\"presentation\">, bem como deve estar de acordo com o Regulamento do Ensino de<\/span> <span dir=\"ltr\" role=\"presentation\">Gradua\u00e7\u00e3o, Resolu\u00e7\u00e3o n\u00ba 29, de 13 de setembro de 2018, e demais regulamenta\u00e7\u00f5es<\/span> <span dir=\"ltr\" role=\"presentation\">vigentes na UFPel.<\/span><\/span><\/div>\n<\/div>\n<div style=\"text-align: justify;\"><\/div>\n<\/div>\n<\/div><\/div><\/div><\/div><\/div>","protected":false},"excerpt":{"rendered":"<p>Est\u00e1gios O que s\u00e3o os est\u00e1gios?O est\u00e1gio se caracteriza como um ato educativo supervisionado, que visa o aprendizado de compet\u00eancias pr\u00f3prias da atividade profissional e \u00e0 contextualiza\u00e7\u00e3o curricular, objetivando o desenvolvimento do aluno para a vida cidad\u00e3 e para o trabalho. Sendo divididos em duas modalidades: &#8211; obrigat\u00f3rio: definido como pr\u00e9-requisito no PPC do curso [&hellip;]<\/p>\n","protected":false},"author":511,"featured_media":0,"parent":44,"menu_order":0,"comment_status":"closed","ping_status":"closed","template":"","meta":{"jetpack_post_was_ever_published":false,"footnotes":""},"class_list":["post-1374","page","type-page","status-publish","hentry","post"],"jetpack_sharing_enabled":true,"jetpack_shortlink":"https:\/\/wp.me\/PaUn96-ma","jetpack-related-posts":[],"_links":{"self":[{"href":"https:\/\/wp.ufpel.edu.br\/odontologia\/wp-json\/wp\/v2\/pages\/1374","targetHints":{"allow":["GET"]}}],"collection":[{"href":"https:\/\/wp.ufpel.edu.br\/odontologia\/wp-json\/wp\/v2\/pages"}],"about":[{"href":"https:\/\/wp.ufpel.edu.br\/odontologia\/wp-json\/wp\/v2\/types\/page"}],"author":[{"embeddable":true,"href":"https:\/\/wp.ufpel.edu.br\/odontologia\/wp-json\/wp\/v2\/users\/511"}],"replies":[{"embeddable":true,"href":"https:\/\/wp.ufpel.edu.br\/odontologia\/wp-json\/wp\/v2\/comments?post=1374"}],"version-history":[{"count":11,"href":"https:\/\/wp.ufpel.edu.br\/odontologia\/wp-json\/wp\/v2\/pages\/1374\/revisions"}],"predecessor-version":[{"id":2128,"href":"https:\/\/wp.ufpel.edu.br\/odontologia\/wp-json\/wp\/v2\/pages\/1374\/revisions\/2128"}],"up":[{"embeddable":true,"href":"https:\/\/wp.ufpel.edu.br\/odontologia\/wp-json\/wp\/v2\/pages\/44"}],"wp:attachment":[{"href":"https:\/\/wp.ufpel.edu.br\/odontologia\/wp-json\/wp\/v2\/media?parent=1374"}],"curies":[{"name":"wp","href":"https:\/\/api.w.org\/{rel}","templated":true}]}}