{"id":548,"date":"2014-01-30T08:49:46","date_gmt":"2014-01-30T10:49:46","guid":{"rendered":"https:\/\/wp.ufpel.edu.br\/observatoriosocial\/?page_id=548"},"modified":"2021-01-11T10:27:35","modified_gmt":"2021-01-11T13:27:35","slug":"relatorios","status":"publish","type":"page","link":"https:\/\/wp.ufpel.edu.br\/observatoriosocial\/estudos-e-analises\/relatorios\/","title":{"rendered":"Relat\u00f3rios"},"content":{"rendered":"<p><strong>Relat\u00f3rios no \u00e2mbito do Acordo de Coopera\u00e7\u00e3o entre UFPel e Minist\u00e9rio do Trabalho (TED\/MTPS\/SPPE n\u00ba 06\/2015):<\/strong><\/p>\n<h3><\/h3>\n<h3>RELAT\u00d3RIOS REFERENTES AO ANO BASE DE 2020<\/h3>\n<p><a href=\"https:\/\/wp.ufpel.edu.br\/observatoriosocial\/files\/2020\/08\/O-Mercado-de-Trabalho-de-Pelotas-1o-Semestre-de-2020-Versao-Final-.pdf\">O Mercado de Trabalho de Pelotas &#8211; Relat\u00f3rio Semestral (1\u00ba Semestre de 2020)<\/a><\/p>\n<p>&nbsp;<\/p>\n<h3>RELAT\u00d3RIOS REFERENTES AO ANO BASE DE 2018<\/h3>\n<p><a href=\"https:\/\/wp.ufpel.edu.br\/observatoriosocial\/files\/2019\/12\/O-emprego-nas-Atividades-Caracter\u00edsticas-do-Turismo-em-Pelotas-Ano-Base-2018.pdf\">O Emprego nas Atividades Caracter\u00edsticas do Turismo em Pelotas &#8211; Ano Base 2018 <\/a><span style=\"float: none;background-color: #ffffff;color: #333333;cursor: text;font-family: Georgia,'Times New Roman','Bitstream Charter',Times,serif;font-size: 16px;font-style: normal;font-variant: normal;font-weight: 400;letter-spacing: normal;text-align: left;text-decoration: none;text-indent: 0px;text-transform: none\">(PDF)<\/span><\/p>\n<p><a href=\"https:\/\/wp.ufpel.edu.br\/observatoriosocial\/files\/2019\/06\/O-Mercado-de-Trabalho-de-Pelotas-Relat\u00f3rio-Anual-2018-V.-Final.pdf\">O Mercado de Trabalho de Pelotas Relat\u00f3rio Anual 2018<\/a> (PDF)<\/p>\n<p><a href=\"https:\/\/wp.ufpel.edu.br\/observatoriosocial\/files\/2019\/04\/O-Mercado-de-Trabalho-de-Pelotas_-Relat\u00f3rio-Anual-2018_18.04.2019.ppsx\">O Mercado de Trabalho de Pelotas Relat\u00f3rio Anual 2018<\/a> (Apresenta\u00e7\u00e3o em Power Point)<\/p>\n<p><a href=\"https:\/\/wp.ufpel.edu.br\/observatoriosocial\/files\/2019\/12\/O-Mercado-de-Trabalho-de-Rio-Grande-Relat\u00f3rio-Anual-2018.pdf\">O Mercado de Trabalho de Rio Grande &#8211; Relat\u00f3rio Anual 2018 <\/a><span style=\"float: none;background-color: #ffffff;color: #333333;cursor: text;font-family: Georgia,'Times New Roman','Bitstream Charter',Times,serif;font-size: 16px;font-style: normal;font-variant: normal;font-weight: 400;letter-spacing: normal;text-align: left;text-decoration: none;text-indent: 0px;text-transform: none\">(PDF)<\/span><\/p>\n<p>&nbsp;<\/p>\n<h3><strong>RELAT\u00d3RIOS REFERENTES AO ANO BASE DE 2017<\/strong><\/h3>\n<p><a href=\"https:\/\/wp.ufpel.edu.br\/observatoriosocial\/files\/2019\/03\/Relat\u00f3rio-Atividades-Caracter\u00edsticas-do-Turismo-Pelotas-2017.pdf\">O Emprego nas Atividades Caracter\u00edsticas do Turismo em Pelotas &#8211; Ano-Base 2017<\/a><\/p>\n<p><a href=\"https:\/\/wp.ufpel.edu.br\/observatoriosocial\/files\/2018\/07\/O-Mercado-de-Trabalho-de-Pelotas-Relat\u00f3rio-Anual-2017.pdf\">O Mercado de Trabalho de Pelotas &#8211; Relat\u00f3rio Anual 2017<\/a><\/p>\n<p><a href=\"https:\/\/wp.ufpel.edu.br\/observatoriosocial\/files\/2018\/07\/O-Mercado-de-Trabalho-de-Rio-Grande-Relat\u00f3rio-Anual-2017-2.pdf\">O Mercado de Trabalho de Rio Grande &#8211; Relat\u00f3rio Anual 2017<\/a><\/p>\n<p><a href=\"https:\/\/wp.ufpel.edu.br\/observatoriosocial\/files\/2018\/08\/O-Mercado-de-Trabalho-do-Rio-Grande-do-Sul-Relat\u00f3rio-Anual-2017.pdf\">O Mercado de Trabalho do Rio Grande do Sul &#8211; Relat\u00f3rio Anual 2017<\/a><\/p>\n<p>&nbsp;<\/p>\n<h3><strong>RELAT\u00d3RIOS REFERENTES AO 1\u00ba SEMESTRE DE 2017<\/strong><\/h3>\n<p><a href=\"https:\/\/wp.ufpel.edu.br\/observatoriosocial\/files\/2018\/01\/O-Mercado-de-Trabalho-de-Pelotas-Relat\u00f3rio-Semestral-1\u00ba-2017-Vers\u00e3o-Preliminar-02.01.2018.pdf\">O Mercado de Trabalho de Pelotas &#8211; Relat\u00f3rio Semestral (1\u00ba Semestre de 2017)<\/a><\/p>\n<p><a href=\"https:\/\/wp.ufpel.edu.br\/observatoriosocial\/files\/2018\/01\/O-Mercado-de-Trabalho-de-Rio-Grande-Relat\u00f3rio-Semestral-1\u00ba-2017-Vers\u00e3o-Preliminar-02.01.2018.pdf\">O Mercado de Trabalho de Rio Grande &#8211; Relat\u00f3rio Semestral (1\u00ba Semestre de 2017)<\/a><\/p>\n<p><a href=\"https:\/\/wp.ufpel.edu.br\/observatoriosocial\/files\/2017\/12\/O-Mercado-de-Trabalho-do-Rio-Grande-do-Sul-Relat\u00f3rio-Semestral-1\u00ba-2017-Vers\u00e3o-Preliminar-02.01.2018.pdf\">O Mercado de Trabalho do Rio Grande do Sul &#8211; Relat\u00f3rio Semestral (1\u00ba Semestre de 2017)<\/a><\/p>\n<p><a href=\"https:\/\/wp.ufpel.edu.br\/observatoriosocial\/files\/2017\/12\/O-Mercado-de-Trabalho-da-Regiao-Metropolitana-Porto-Alegre-Relat\u00f3rio-Semestral-1\u00ba-2017-Vers\u00e3o-Preliminar-02.01.2018.pdf\">O Mercado de Trabalho da Regi\u00e3o Metropolitana Porto Alegre &#8211; Relat\u00f3rio Semestral (1\u00ba Semestre de 2017)<\/a><\/p>\n<p>&nbsp;<\/p>\n<h3><strong>RELAT\u00d3RIOS REFERENTES AO ANO BASE DE 2016<\/strong><\/h3>\n<p><a href=\"https:\/\/wp.ufpel.edu.br\/observatoriosocial\/files\/2017\/06\/Relat\u00f3rio-O-Mercado-de-Trabalho-de-Pelotas-Vers\u00e3o-Final-Hilbert-22.06.2017.pdf\">O Mercado de Trabalho de Pelotas &#8211; Relat\u00f3rio Anual 2016 (Maio 2017)<\/a><\/p>\n<p><a href=\"https:\/\/wp.ufpel.edu.br\/observatoriosocial\/files\/2017\/08\/RELATORIO-Mercado-de-Trabalho-de-Rio-Grande_Revis\u00e3o-Final_15.08.2017.pdf\">O Mercado de Trabalho de Rio Grande &#8211; Relat\u00f3rio Anual 2016 (Agosto 2017)<\/a><\/p>\n<p><a href=\"https:\/\/wp.ufpel.edu.br\/observatoriosocial\/files\/2018\/04\/O-MERCADO-DE-TRABALHO-NO-RIO-GRANDE-DO-SUL-Relat\u00f3rio-Anual-2016-Rev.-V.-Final-19.02.2018.pdf\">O Mercado de Trabalho do Rio Grande do Sul &#8211; Relat\u00f3rio Anual 2016 (Agosto 2017)<\/a><\/p>\n<p><a href=\"https:\/\/wp.ufpel.edu.br\/observatoriosocial\/files\/2021\/01\/RELATORIO-TECNICO-METODOLOGICO-Acordo-MTb-UFPel.pdf\">RELATORIO T\u00c9CNICO-METODOL\u00d3GICO Acordo MTb-UFPel (2016)<\/a><\/p>\n<p><a href=\"https:\/\/wp.ufpel.edu.br\/observatoriosocial\/files\/2021\/01\/RELATORIO-DE-ANALISE-CONJUNTURAL-PROPOSTA-Acordo-MTb-UFPel.pdf\">RELAT\u00d3RIO DE AN\u00c1LISE CONJUNTURAL &#8211; PROPOSTA Acordo MTb-UFPel (2016)<\/a><\/p>\n<p>&nbsp;<\/p>\n<p>&nbsp;<\/p>\n<h3><strong>APRESENTA\u00c7\u00d5ES EM POWER POINT:<\/strong><\/h3>\n<p><a href=\"https:\/\/wp.ufpel.edu.br\/observatoriosocial\/files\/2018\/01\/Apresenta\u00e7\u00e3o-O-Mercado-de-Trabalho-de-Pelotas-27.06.2017-Vers\u00e3o-Completa.ppsx\">O Mercado de Trabalho de Pelotas (2016)<\/a><\/p>\n<p><a href=\"https:\/\/wp.ufpel.edu.br\/observatoriosocial\/files\/2018\/01\/Apresentacao-O-Mercado-de-Trabalho-de-Rio-Grande-31.08.2017.ppsx\">O Mercado de Trabalho de Rio Grande (2016)<\/a><\/p>\n<p><a href=\"https:\/\/wp.ufpel.edu.br\/observatoriosocial\/files\/2018\/01\/Apresentacao-ABET-2017-Francisco-Transforma\u00e7\u00f5es-do-Mercado-de-Trabalho-no-Sul-do-RS.ppsx\">Transforma\u00e7\u00f5es do Mercado de Trabalho no Sul do Rio Grande do Sul (ABET 2017)<\/a><\/p>\n<p>&nbsp;<\/p>\n<h3><strong>Outros Relat\u00f3rios de Pesquisa: Observat\u00f3rio Social do Trabalho (UFPel)\/N\u00facleo de An\u00e1lises Urbanas (FURG):<\/strong><\/h3>\n<p><a href=\"https:\/\/wp.ufpel.edu.br\/observatoriosocial\/files\/2014\/01\/O-Mercado-de-Trabalho-de-Pelotas-2000-2010-RELATORIO-DE-PESQUISA.pdf\">O Mercado de Trabalho de Pelotas 2000-2010 (RELATORIO DE PESQUISA)<\/a><\/p>\n<p><a href=\"https:\/\/wp.ufpel.edu.br\/observatoriosocial\/files\/2014\/01\/O-Mercado-de-Trabalho-de-Arroio-do-Padre-2010-RELATORIO-DE-PESQUISA.pdf\">O Mercado de Trabalho de Arroio do Padre 2010 (RELATORIO DE PESQUISA)<\/a><\/p>\n<p><a href=\"https:\/\/wp.ufpel.edu.br\/observatoriosocial\/files\/2014\/01\/O-Mercado-de-Trabalho-do-Cap\u00e3o-do-Le\u00e3o-2000-2010-RELATORIO-DE-PESQUISA.pdf\">O Mercado de Trabalho do Cap\u00e3o do Le\u00e3o 2000-2010 (RELATORIO DE PESQUISA)<\/a><\/p>\n<p>&nbsp;<\/p>\n","protected":false},"excerpt":{"rendered":"<p>Relat\u00f3rios no \u00e2mbito do Acordo de Coopera\u00e7\u00e3o entre UFPel e Minist\u00e9rio do Trabalho (TED\/MTPS\/SPPE n\u00ba 06\/2015): RELAT\u00d3RIOS REFERENTES AO ANO BASE DE 2020 O Mercado de Trabalho de Pelotas &#8211; Relat\u00f3rio Semestral (1\u00ba Semestre de 2020) &nbsp; RELAT\u00d3RIOS REFERENTES AO ANO BASE DE 2018 O Emprego nas Atividades Caracter\u00edsticas do Turismo em Pelotas &#8211; Ano [&hellip;]<\/p>\n","protected":false},"author":102,"featured_media":0,"parent":10,"menu_order":3,"comment_status":"closed","ping_status":"closed","template":"","meta":{"footnotes":""},"class_list":["post-548","page","type-page","status-publish","hentry"],"yoast_head":"<!-- This site is optimized with the Yoast SEO plugin v26.7 - https:\/\/yoast.com\/wordpress\/plugins\/seo\/ -->\n<title>Relat\u00f3rios &#8226; OBSERVAT\u00d3RIO SOCIAL DO TRABALHO<\/title>\n<meta name=\"robots\" content=\"index, follow, max-snippet:-1, max-image-preview:large, max-video-preview:-1\" \/>\n<link rel=\"canonical\" href=\"https:\/\/wp.ufpel.edu.br\/observatoriosocial\/estudos-e-analises\/relatorios\/\" \/>\n<meta property=\"og:locale\" content=\"pt_BR\" \/>\n<meta property=\"og:type\" content=\"article\" \/>\n<meta property=\"og:title\" content=\"Relat\u00f3rios &#8226; OBSERVAT\u00d3RIO SOCIAL DO TRABALHO\" \/>\n<meta property=\"og:description\" content=\"Relat\u00f3rios no \u00e2mbito do Acordo de Coopera\u00e7\u00e3o entre UFPel e Minist\u00e9rio do Trabalho (TED\/MTPS\/SPPE n\u00ba 06\/2015): RELAT\u00d3RIOS REFERENTES AO ANO BASE DE 2020 O Mercado de Trabalho de Pelotas &#8211; Relat\u00f3rio Semestral (1\u00ba Semestre de 2020) &nbsp; RELAT\u00d3RIOS REFERENTES AO ANO BASE DE 2018 O Emprego nas Atividades Caracter\u00edsticas do Turismo em Pelotas &#8211; Ano [&hellip;]\" \/>\n<meta property=\"og:url\" content=\"https:\/\/wp.ufpel.edu.br\/observatoriosocial\/estudos-e-analises\/relatorios\/\" \/>\n<meta property=\"og:site_name\" content=\"OBSERVAT\u00d3RIO SOCIAL DO TRABALHO\" \/>\n<meta property=\"article:publisher\" content=\"https:\/\/www.facebook.com\/observatoriodaufpel\/\" \/>\n<meta property=\"article:modified_time\" content=\"2021-01-11T13:27:35+00:00\" \/>\n<meta name=\"twitter:card\" content=\"summary_large_image\" \/>\n<meta name=\"twitter:site\" content=\"@ufpeltrabalho\" \/>\n<meta name=\"twitter:label1\" content=\"Est. tempo de leitura\" \/>\n\t<meta name=\"twitter:data1\" content=\"2 minutos\" \/>\n<script type=\"application\/ld+json\" class=\"yoast-schema-graph\">{\"@context\":\"https:\/\/schema.org\",\"@graph\":[{\"@type\":\"WebPage\",\"@id\":\"https:\/\/wp.ufpel.edu.br\/observatoriosocial\/estudos-e-analises\/relatorios\/\",\"url\":\"https:\/\/wp.ufpel.edu.br\/observatoriosocial\/estudos-e-analises\/relatorios\/\",\"name\":\"Relat\u00f3rios &#8226; OBSERVAT\u00d3RIO SOCIAL DO TRABALHO\",\"isPartOf\":{\"@id\":\"https:\/\/wp.ufpel.edu.br\/observatoriosocial\/#website\"},\"datePublished\":\"2014-01-30T10:49:46+00:00\",\"dateModified\":\"2021-01-11T13:27:35+00:00\",\"breadcrumb\":{\"@id\":\"https:\/\/wp.ufpel.edu.br\/observatoriosocial\/estudos-e-analises\/relatorios\/#breadcrumb\"},\"inLanguage\":\"pt-BR\",\"potentialAction\":[{\"@type\":\"ReadAction\",\"target\":[\"https:\/\/wp.ufpel.edu.br\/observatoriosocial\/estudos-e-analises\/relatorios\/\"]}]},{\"@type\":\"BreadcrumbList\",\"@id\":\"https:\/\/wp.ufpel.edu.br\/observatoriosocial\/estudos-e-analises\/relatorios\/#breadcrumb\",\"itemListElement\":[{\"@type\":\"ListItem\",\"position\":1,\"name\":\"In\u00edcio\",\"item\":\"https:\/\/wp.ufpel.edu.br\/observatoriosocial\/\"},{\"@type\":\"ListItem\",\"position\":2,\"name\":\"Estudos e an\u00e1lises\",\"item\":\"https:\/\/wp.ufpel.edu.br\/observatoriosocial\/estudos-e-analises\/\"},{\"@type\":\"ListItem\",\"position\":3,\"name\":\"Relat\u00f3rios\"}]},{\"@type\":\"WebSite\",\"@id\":\"https:\/\/wp.ufpel.edu.br\/observatoriosocial\/#website\",\"url\":\"https:\/\/wp.ufpel.edu.br\/observatoriosocial\/\",\"name\":\"OBSERVAT\u00d3RIO SOCIAL DO TRABALHO\",\"description\":\"Instituto de Filosofia, Sociologia e Pol\u00edtica (IFISP) \/ Universidade Federal de Pelotas (UFPel)\",\"potentialAction\":[{\"@type\":\"SearchAction\",\"target\":{\"@type\":\"EntryPoint\",\"urlTemplate\":\"https:\/\/wp.ufpel.edu.br\/observatoriosocial\/?s={search_term_string}\"},\"query-input\":{\"@type\":\"PropertyValueSpecification\",\"valueRequired\":true,\"valueName\":\"search_term_string\"}}],\"inLanguage\":\"pt-BR\"}]}<\/script>\n<!-- \/ Yoast SEO plugin. -->","yoast_head_json":{"title":"Relat\u00f3rios &#8226; OBSERVAT\u00d3RIO SOCIAL DO TRABALHO","robots":{"index":"index","follow":"follow","max-snippet":"max-snippet:-1","max-image-preview":"max-image-preview:large","max-video-preview":"max-video-preview:-1"},"canonical":"https:\/\/wp.ufpel.edu.br\/observatoriosocial\/estudos-e-analises\/relatorios\/","og_locale":"pt_BR","og_type":"article","og_title":"Relat\u00f3rios &#8226; OBSERVAT\u00d3RIO SOCIAL DO TRABALHO","og_description":"Relat\u00f3rios no \u00e2mbito do Acordo de Coopera\u00e7\u00e3o entre UFPel e Minist\u00e9rio do Trabalho (TED\/MTPS\/SPPE n\u00ba 06\/2015): RELAT\u00d3RIOS REFERENTES AO ANO BASE DE 2020 O Mercado de Trabalho de Pelotas &#8211; Relat\u00f3rio Semestral (1\u00ba Semestre de 2020) &nbsp; RELAT\u00d3RIOS REFERENTES AO ANO BASE DE 2018 O Emprego nas Atividades Caracter\u00edsticas do Turismo em Pelotas &#8211; Ano [&hellip;]","og_url":"https:\/\/wp.ufpel.edu.br\/observatoriosocial\/estudos-e-analises\/relatorios\/","og_site_name":"OBSERVAT\u00d3RIO SOCIAL DO TRABALHO","article_publisher":"https:\/\/www.facebook.com\/observatoriodaufpel\/","article_modified_time":"2021-01-11T13:27:35+00:00","twitter_card":"summary_large_image","twitter_site":"@ufpeltrabalho","twitter_misc":{"Est. tempo de leitura":"2 minutos"},"schema":{"@context":"https:\/\/schema.org","@graph":[{"@type":"WebPage","@id":"https:\/\/wp.ufpel.edu.br\/observatoriosocial\/estudos-e-analises\/relatorios\/","url":"https:\/\/wp.ufpel.edu.br\/observatoriosocial\/estudos-e-analises\/relatorios\/","name":"Relat\u00f3rios &#8226; OBSERVAT\u00d3RIO SOCIAL DO TRABALHO","isPartOf":{"@id":"https:\/\/wp.ufpel.edu.br\/observatoriosocial\/#website"},"datePublished":"2014-01-30T10:49:46+00:00","dateModified":"2021-01-11T13:27:35+00:00","breadcrumb":{"@id":"https:\/\/wp.ufpel.edu.br\/observatoriosocial\/estudos-e-analises\/relatorios\/#breadcrumb"},"inLanguage":"pt-BR","potentialAction":[{"@type":"ReadAction","target":["https:\/\/wp.ufpel.edu.br\/observatoriosocial\/estudos-e-analises\/relatorios\/"]}]},{"@type":"BreadcrumbList","@id":"https:\/\/wp.ufpel.edu.br\/observatoriosocial\/estudos-e-analises\/relatorios\/#breadcrumb","itemListElement":[{"@type":"ListItem","position":1,"name":"In\u00edcio","item":"https:\/\/wp.ufpel.edu.br\/observatoriosocial\/"},{"@type":"ListItem","position":2,"name":"Estudos e an\u00e1lises","item":"https:\/\/wp.ufpel.edu.br\/observatoriosocial\/estudos-e-analises\/"},{"@type":"ListItem","position":3,"name":"Relat\u00f3rios"}]},{"@type":"WebSite","@id":"https:\/\/wp.ufpel.edu.br\/observatoriosocial\/#website","url":"https:\/\/wp.ufpel.edu.br\/observatoriosocial\/","name":"OBSERVAT\u00d3RIO SOCIAL DO TRABALHO","description":"Instituto de Filosofia, Sociologia e Pol\u00edtica (IFISP) \/ Universidade Federal de Pelotas (UFPel)","potentialAction":[{"@type":"SearchAction","target":{"@type":"EntryPoint","urlTemplate":"https:\/\/wp.ufpel.edu.br\/observatoriosocial\/?s={search_term_string}"},"query-input":{"@type":"PropertyValueSpecification","valueRequired":true,"valueName":"search_term_string"}}],"inLanguage":"pt-BR"}]}},"_links":{"self":[{"href":"https:\/\/wp.ufpel.edu.br\/observatoriosocial\/wp-json\/wp\/v2\/pages\/548","targetHints":{"allow":["GET"]}}],"collection":[{"href":"https:\/\/wp.ufpel.edu.br\/observatoriosocial\/wp-json\/wp\/v2\/pages"}],"about":[{"href":"https:\/\/wp.ufpel.edu.br\/observatoriosocial\/wp-json\/wp\/v2\/types\/page"}],"author":[{"embeddable":true,"href":"https:\/\/wp.ufpel.edu.br\/observatoriosocial\/wp-json\/wp\/v2\/users\/102"}],"replies":[{"embeddable":true,"href":"https:\/\/wp.ufpel.edu.br\/observatoriosocial\/wp-json\/wp\/v2\/comments?post=548"}],"version-history":[{"count":26,"href":"https:\/\/wp.ufpel.edu.br\/observatoriosocial\/wp-json\/wp\/v2\/pages\/548\/revisions"}],"predecessor-version":[{"id":2847,"href":"https:\/\/wp.ufpel.edu.br\/observatoriosocial\/wp-json\/wp\/v2\/pages\/548\/revisions\/2847"}],"up":[{"embeddable":true,"href":"https:\/\/wp.ufpel.edu.br\/observatoriosocial\/wp-json\/wp\/v2\/pages\/10"}],"wp:attachment":[{"href":"https:\/\/wp.ufpel.edu.br\/observatoriosocial\/wp-json\/wp\/v2\/media?parent=548"}],"curies":[{"name":"wp","href":"https:\/\/api.w.org\/{rel}","templated":true}]}}