{"id":233,"date":"2013-01-23T13:48:09","date_gmt":"2013-01-23T13:48:09","guid":{"rendered":"https:\/\/wp.ufpel.edu.br\/observatoriosocial\/?page_id=233"},"modified":"2013-01-29T17:01:58","modified_gmt":"2013-01-29T17:01:58","slug":"regiao-de-abrangencia","status":"publish","type":"page","link":"https:\/\/wp.ufpel.edu.br\/observatoriosocial\/sobre\/regiao-de-abrangencia\/","title":{"rendered":"Regi\u00e3o de abrang\u00eancia"},"content":{"rendered":"<p>A regi\u00e3o do COREDE\/SUL, tamb\u00e9m denominada de Zona Sul, est\u00e1 situada no extremo sul do Estado do Rio Grande do Sul e abrange vinte e dois munic\u00edpios, destacando-se Pelotas e Rio Grande como polos regionais. Al\u00e9m destes, a regi\u00e3o \u00e9 formada ainda pelos seguintes munic\u00edpios: Amaral Ferrador, Arroio do Padre, Arroio Grande, Cangu\u00e7u, Cap\u00e3o do Le\u00e3o, Cerrito, Chu\u00ed, Herval, Jaguar\u00e3o, Morro Redondo, Pedras Altas, Pedro Os\u00f3rio, Pinheiro Machado, Piratini, Santa Vit\u00f3ria do Palmar, Santana da Boa Vista, S\u00e3o Jos\u00e9 do Norte, S\u00e3o Louren\u00e7o do Sul, Tavares e Turu\u00e7u.<br \/>\nPara visualizar e ampliar os mapas da regi\u00e3o, clique nas imagens abaixo:<\/p>\n<div id=\"attachment_236\" style=\"width: 160px\" class=\"wp-caption aligncenter\"><a href=\"https:\/\/wp.ufpel.edu.br\/observatoriosocial\/files\/2013\/01\/Foto-01-Zona-Sul-do-Estado-do-Rio-Grande-do-Sul.jpg\"><img aria-describedby=\"caption-attachment-236\" src=\"https:\/\/wp.ufpel.edu.br\/observatoriosocial\/files\/2013\/01\/Foto-01-Zona-Sul-do-Estado-do-Rio-Grande-do-Sul-150x150.jpg\" alt=\"\" width=\"150\" height=\"150\" class=\"size-thumbnail wp-image-236\" \/><\/a><p id=\"caption-attachment-236\" class=\"wp-caption-text\">Zona Sul do Estado do Rio Grande do Sul<\/p><\/div>\n<div id=\"attachment_237\" style=\"width: 160px\" class=\"wp-caption aligncenter\"><a href=\"https:\/\/wp.ufpel.edu.br\/observatoriosocial\/files\/2013\/01\/Foto-02-Aglomerado-Urbano-Sul.jpg\"><img aria-describedby=\"caption-attachment-237\" src=\"https:\/\/wp.ufpel.edu.br\/observatoriosocial\/files\/2013\/01\/Foto-02-Aglomerado-Urbano-Sul-150x150.jpg\" alt=\"\" width=\"150\" height=\"150\" class=\"size-thumbnail wp-image-237\" \/><\/a><p id=\"caption-attachment-237\" class=\"wp-caption-text\">Aglomerado Urbano Sul (Pelotas, Cap\u00e3o do Le\u00e3o, Rio Grande e S\u00e3o Jos\u00e9 do Norte)<\/p><\/div>\n<div id=\"attachment_238\" style=\"width: 160px\" class=\"wp-caption aligncenter\"><a href=\"https:\/\/wp.ufpel.edu.br\/observatoriosocial\/files\/2013\/01\/Foto-03-Aglomerado-Urbano-Sul-2.jpg\"><img aria-describedby=\"caption-attachment-238\" src=\"https:\/\/wp.ufpel.edu.br\/observatoriosocial\/files\/2013\/01\/Foto-03-Aglomerado-Urbano-Sul-2-150x150.jpg\" alt=\"\" width=\"150\" height=\"150\" class=\"size-thumbnail wp-image-238\" \/><\/a><p id=\"caption-attachment-238\" class=\"wp-caption-text\">Aglomerado Urbano Sul<\/p><\/div>\n<div id=\"attachment_239\" style=\"width: 160px\" class=\"wp-caption aligncenter\"><a href=\"https:\/\/wp.ufpel.edu.br\/observatoriosocial\/files\/2013\/01\/Foto-04-Pelotas-Rio-Grande-e-alguns-munic\u00edpios-da-Zona-Sul-do-RS.jpg\"><img aria-describedby=\"caption-attachment-239\" src=\"https:\/\/wp.ufpel.edu.br\/observatoriosocial\/files\/2013\/01\/Foto-04-Pelotas-Rio-Grande-e-alguns-munic\u00edpios-da-Zona-Sul-do-RS-150x150.jpg\" alt=\"\" width=\"150\" height=\"150\" class=\"size-thumbnail wp-image-239\" \/><\/a><p id=\"caption-attachment-239\" class=\"wp-caption-text\">Pelotas, Rio Grande e alguns munic\u00edpios da Zona Sul do RS<\/p><\/div>\n<div id=\"attachment_240\" style=\"width: 160px\" class=\"wp-caption aligncenter\"><a href=\"https:\/\/wp.ufpel.edu.br\/observatoriosocial\/files\/2013\/01\/Foto-05-Rio-Grande-S\u00e3o-Jos\u00e9-do-Norte-molhes-da-barra-e-entrada-do-canal-para-a-Lagoa-dos-Patos.jpg\"><img aria-describedby=\"caption-attachment-240\" src=\"https:\/\/wp.ufpel.edu.br\/observatoriosocial\/files\/2013\/01\/Foto-05-Rio-Grande-S\u00e3o-Jos\u00e9-do-Norte-molhes-da-barra-e-entrada-do-canal-para-a-Lagoa-dos-Patos-150x150.jpg\" alt=\"\" width=\"150\" height=\"150\" class=\"size-thumbnail wp-image-240\" \/><\/a><p id=\"caption-attachment-240\" class=\"wp-caption-text\">Rio Grande, S\u00e3o Jos\u00e9 do Norte, molhes da barra, entrada do canal para a Lagoa dos Patos<\/p><\/div>\n<div id=\"attachment_241\" style=\"width: 160px\" class=\"wp-caption aligncenter\"><a href=\"https:\/\/wp.ufpel.edu.br\/observatoriosocial\/files\/2013\/01\/Foto-06-Rio-Grande-S\u00e3o-Jos\u00e9-do-Norte-praia-do-Cassino-molhes-da-barra-entrada-do-canal-para-a-Lagoa-dos-Patos.jpg\"><img aria-describedby=\"caption-attachment-241\" src=\"https:\/\/wp.ufpel.edu.br\/observatoriosocial\/files\/2013\/01\/Foto-06-Rio-Grande-S\u00e3o-Jos\u00e9-do-Norte-praia-do-Cassino-molhes-da-barra-entrada-do-canal-para-a-Lagoa-dos-Patos-150x150.jpg\" alt=\"\" width=\"150\" height=\"150\" class=\"size-thumbnail wp-image-241\" \/><\/a><p id=\"caption-attachment-241\" class=\"wp-caption-text\">Rio Grande, S\u00e3o Jos\u00e9 do Norte, praia do Cassino, molhes da barra, entrada do canal para a Lagoa dos Patos<\/p><\/div>\n<div id=\"attachment_242\" style=\"width: 160px\" class=\"wp-caption aligncenter\"><a href=\"https:\/\/wp.ufpel.edu.br\/observatoriosocial\/files\/2013\/01\/Foto-07-Chui-e-Santa-Vit\u00f3ria-do-Palmar.jpg\"><img aria-describedby=\"caption-attachment-242\" src=\"https:\/\/wp.ufpel.edu.br\/observatoriosocial\/files\/2013\/01\/Foto-07-Chui-e-Santa-Vit\u00f3ria-do-Palmar-150x150.jpg\" alt=\"\" width=\"150\" height=\"150\" class=\"size-thumbnail wp-image-242\" \/><\/a><p id=\"caption-attachment-242\" class=\"wp-caption-text\">Chu\u00ed e Santa Vit\u00f3ria do Palmar<\/p><\/div>\n<div id=\"attachment_243\" style=\"width: 160px\" class=\"wp-caption aligncenter\"><a href=\"https:\/\/wp.ufpel.edu.br\/observatoriosocial\/files\/2013\/01\/Foto-08-Chui-Santa-Vit\u00f3ria-do-Palmar-Jaguar\u00e3o-Lagoas-Mangueira-e-Mirim.jpg\"><img aria-describedby=\"caption-attachment-243\" src=\"https:\/\/wp.ufpel.edu.br\/observatoriosocial\/files\/2013\/01\/Foto-08-Chui-Santa-Vit\u00f3ria-do-Palmar-Jaguar\u00e3o-Lagoas-Mangueira-e-Mirim-150x150.jpg\" alt=\"\" width=\"150\" height=\"150\" class=\"size-thumbnail wp-image-243\" \/><\/a><p id=\"caption-attachment-243\" class=\"wp-caption-text\">Chu\u00ed, Santa Vit\u00f3ria do Palmar, Jaguar\u00e3o, Lagoas Mangueira e Mirim<\/p><\/div>\n<div id=\"attachment_244\" style=\"width: 160px\" class=\"wp-caption aligncenter\"><a href=\"https:\/\/wp.ufpel.edu.br\/observatoriosocial\/files\/2013\/01\/Foto-09-Jaguar\u00e3o-Arroio-Grande-Herval-Lagoa-Mirim.jpg\"><img aria-describedby=\"caption-attachment-244\" src=\"https:\/\/wp.ufpel.edu.br\/observatoriosocial\/files\/2013\/01\/Foto-09-Jaguar\u00e3o-Arroio-Grande-Herval-Lagoa-Mirim-150x150.jpg\" alt=\"\" width=\"150\" height=\"150\" class=\"size-thumbnail wp-image-244\" \/><\/a><p id=\"caption-attachment-244\" class=\"wp-caption-text\">Jaguar\u00e3o, Arroio Grande, Herval, Lagoa Mirim<\/p><\/div>\n<div id=\"attachment_245\" style=\"width: 160px\" class=\"wp-caption aligncenter\"><a href=\"https:\/\/wp.ufpel.edu.br\/observatoriosocial\/files\/2013\/01\/Foto-10-Pelotas-Cap\u00e3o-do-Le\u00e3o-Cerrito-Pedro-Os\u00f3rio-Cangu\u00e7u-Piratini-Pinheiro-Machado-Morro-Redondo-Arroio-do-Padre-e-Turu\u00e7u.jpg\"><img aria-describedby=\"caption-attachment-245\" src=\"https:\/\/wp.ufpel.edu.br\/observatoriosocial\/files\/2013\/01\/Foto-10-Pelotas-Cap\u00e3o-do-Le\u00e3o-Cerrito-Pedro-Os\u00f3rio-Cangu\u00e7u-Piratini-Pinheiro-Machado-Morro-Redondo-Arroio-do-Padre-e-Turu\u00e7u-150x150.jpg\" alt=\"\" width=\"150\" height=\"150\" class=\"size-thumbnail wp-image-245\" \/><\/a><p id=\"caption-attachment-245\" class=\"wp-caption-text\">Pelotas, Cap\u00e3o do Le\u00e3o, Cerrito, Pedro Os\u00f3rio, Cangu\u00e7u, Piratini, Pinheiro Machado, Morro Redondo, Turu\u00e7u, Arroio do Padre<\/p><\/div>\n<div id=\"attachment_246\" style=\"width: 160px\" class=\"wp-caption aligncenter\"><a href=\"https:\/\/wp.ufpel.edu.br\/observatoriosocial\/files\/2013\/01\/Foto-11-Santana-da-Boa-Vista-Amaral-Ferrador-S\u00e3o-Louren\u00e7o-do-Sul-Cangu\u00e7u-Piratini-Morro-Redondo.jpg\"><img aria-describedby=\"caption-attachment-246\" src=\"https:\/\/wp.ufpel.edu.br\/observatoriosocial\/files\/2013\/01\/Foto-11-Santana-da-Boa-Vista-Amaral-Ferrador-S\u00e3o-Louren\u00e7o-do-Sul-Cangu\u00e7u-Piratini-Morro-Redondo-150x150.jpg\" alt=\"\" width=\"150\" height=\"150\" class=\"size-thumbnail wp-image-246\" \/><\/a><p id=\"caption-attachment-246\" class=\"wp-caption-text\">Santana da Boa Vista, Amaral Ferrador, S\u00e3o Louren\u00e7o do Sul, Cangu\u00e7u, Piratini, Morro Redondo<\/p><\/div>\n<div id=\"attachment_247\" style=\"width: 160px\" class=\"wp-caption aligncenter\"><a href=\"https:\/\/wp.ufpel.edu.br\/observatoriosocial\/files\/2013\/01\/Foto-12-S\u00e3o-Louren\u00e7o-do-Sul-Tavares-Lagoa-dos-Patos.jpg\"><img aria-describedby=\"caption-attachment-247\" src=\"https:\/\/wp.ufpel.edu.br\/observatoriosocial\/files\/2013\/01\/Foto-12-S\u00e3o-Louren\u00e7o-do-Sul-Tavares-Lagoa-dos-Patos-150x150.jpg\" alt=\"\" width=\"150\" height=\"150\" class=\"size-thumbnail wp-image-247\" \/><\/a><p id=\"caption-attachment-247\" class=\"wp-caption-text\">S\u00e3o Louren\u00e7o do Sul, Tavares, Lagoa dos Patos<\/p><\/div>\n","protected":false},"excerpt":{"rendered":"<p>A regi\u00e3o do COREDE\/SUL, tamb\u00e9m denominada de Zona Sul, est\u00e1 situada no extremo sul do Estado do Rio Grande do Sul e abrange vinte e dois munic\u00edpios, destacando-se Pelotas e Rio Grande como polos regionais. Al\u00e9m destes, a regi\u00e3o \u00e9 formada ainda pelos seguintes munic\u00edpios: Amaral Ferrador, Arroio do Padre, Arroio Grande, Cangu\u00e7u, Cap\u00e3o do [&hellip;]<\/p>\n","protected":false},"author":102,"featured_media":0,"parent":2,"menu_order":0,"comment_status":"closed","ping_status":"open","template":"","meta":{"footnotes":""},"class_list":["post-233","page","type-page","status-publish","hentry"],"yoast_head":"<!-- This site is optimized with the Yoast SEO plugin v26.7 - https:\/\/yoast.com\/wordpress\/plugins\/seo\/ -->\n<title>Regi\u00e3o de abrang\u00eancia &#8226; OBSERVAT\u00d3RIO SOCIAL DO TRABALHO<\/title>\n<meta name=\"robots\" content=\"index, follow, max-snippet:-1, max-image-preview:large, max-video-preview:-1\" \/>\n<link rel=\"canonical\" href=\"https:\/\/wp.ufpel.edu.br\/observatoriosocial\/sobre\/regiao-de-abrangencia\/\" \/>\n<meta property=\"og:locale\" content=\"pt_BR\" \/>\n<meta property=\"og:type\" content=\"article\" \/>\n<meta property=\"og:title\" content=\"Regi\u00e3o de abrang\u00eancia &#8226; OBSERVAT\u00d3RIO SOCIAL DO TRABALHO\" \/>\n<meta property=\"og:description\" content=\"A regi\u00e3o do COREDE\/SUL, tamb\u00e9m denominada de Zona Sul, est\u00e1 situada no extremo sul do Estado do Rio Grande do Sul e abrange vinte e dois munic\u00edpios, destacando-se Pelotas e Rio Grande como polos regionais. Al\u00e9m destes, a regi\u00e3o \u00e9 formada ainda pelos seguintes munic\u00edpios: Amaral Ferrador, Arroio do Padre, Arroio Grande, Cangu\u00e7u, Cap\u00e3o do [&hellip;]\" \/>\n<meta property=\"og:url\" content=\"https:\/\/wp.ufpel.edu.br\/observatoriosocial\/sobre\/regiao-de-abrangencia\/\" \/>\n<meta property=\"og:site_name\" content=\"OBSERVAT\u00d3RIO SOCIAL DO TRABALHO\" \/>\n<meta property=\"article:publisher\" content=\"https:\/\/www.facebook.com\/observatoriodaufpel\/\" \/>\n<meta property=\"article:modified_time\" content=\"2013-01-29T17:01:58+00:00\" \/>\n<meta property=\"og:image\" content=\"https:\/\/wp.ufpel.edu.br\/observatoriosocial\/files\/2013\/01\/Foto-01-Zona-Sul-do-Estado-do-Rio-Grande-do-Sul-150x150.jpg\" \/>\n<meta name=\"twitter:card\" content=\"summary_large_image\" \/>\n<meta name=\"twitter:site\" content=\"@ufpeltrabalho\" \/>\n<meta name=\"twitter:label1\" content=\"Est. tempo de leitura\" \/>\n\t<meta name=\"twitter:data1\" content=\"2 minutos\" \/>\n<script type=\"application\/ld+json\" class=\"yoast-schema-graph\">{\"@context\":\"https:\/\/schema.org\",\"@graph\":[{\"@type\":\"WebPage\",\"@id\":\"https:\/\/wp.ufpel.edu.br\/observatoriosocial\/sobre\/regiao-de-abrangencia\/\",\"url\":\"https:\/\/wp.ufpel.edu.br\/observatoriosocial\/sobre\/regiao-de-abrangencia\/\",\"name\":\"Regi\u00e3o de abrang\u00eancia &#8226; OBSERVAT\u00d3RIO SOCIAL DO TRABALHO\",\"isPartOf\":{\"@id\":\"https:\/\/wp.ufpel.edu.br\/observatoriosocial\/#website\"},\"primaryImageOfPage\":{\"@id\":\"https:\/\/wp.ufpel.edu.br\/observatoriosocial\/sobre\/regiao-de-abrangencia\/#primaryimage\"},\"image\":{\"@id\":\"https:\/\/wp.ufpel.edu.br\/observatoriosocial\/sobre\/regiao-de-abrangencia\/#primaryimage\"},\"thumbnailUrl\":\"https:\/\/wp.ufpel.edu.br\/observatoriosocial\/files\/2013\/01\/Foto-01-Zona-Sul-do-Estado-do-Rio-Grande-do-Sul-150x150.jpg\",\"datePublished\":\"2013-01-23T13:48:09+00:00\",\"dateModified\":\"2013-01-29T17:01:58+00:00\",\"breadcrumb\":{\"@id\":\"https:\/\/wp.ufpel.edu.br\/observatoriosocial\/sobre\/regiao-de-abrangencia\/#breadcrumb\"},\"inLanguage\":\"pt-BR\",\"potentialAction\":[{\"@type\":\"ReadAction\",\"target\":[\"https:\/\/wp.ufpel.edu.br\/observatoriosocial\/sobre\/regiao-de-abrangencia\/\"]}]},{\"@type\":\"ImageObject\",\"inLanguage\":\"pt-BR\",\"@id\":\"https:\/\/wp.ufpel.edu.br\/observatoriosocial\/sobre\/regiao-de-abrangencia\/#primaryimage\",\"url\":\"https:\/\/wp.ufpel.edu.br\/observatoriosocial\/files\/2013\/01\/Foto-01-Zona-Sul-do-Estado-do-Rio-Grande-do-Sul.jpg\",\"contentUrl\":\"https:\/\/wp.ufpel.edu.br\/observatoriosocial\/files\/2013\/01\/Foto-01-Zona-Sul-do-Estado-do-Rio-Grande-do-Sul.jpg\",\"width\":\"980\",\"height\":\"729\",\"caption\":\"Zona Sul do Estado do Rio Grande do Sul\"},{\"@type\":\"BreadcrumbList\",\"@id\":\"https:\/\/wp.ufpel.edu.br\/observatoriosocial\/sobre\/regiao-de-abrangencia\/#breadcrumb\",\"itemListElement\":[{\"@type\":\"ListItem\",\"position\":1,\"name\":\"In\u00edcio\",\"item\":\"https:\/\/wp.ufpel.edu.br\/observatoriosocial\/\"},{\"@type\":\"ListItem\",\"position\":2,\"name\":\"Sobre o Observat\u00f3rio\",\"item\":\"https:\/\/wp.ufpel.edu.br\/observatoriosocial\/sobre\/\"},{\"@type\":\"ListItem\",\"position\":3,\"name\":\"Regi\u00e3o de abrang\u00eancia\"}]},{\"@type\":\"WebSite\",\"@id\":\"https:\/\/wp.ufpel.edu.br\/observatoriosocial\/#website\",\"url\":\"https:\/\/wp.ufpel.edu.br\/observatoriosocial\/\",\"name\":\"OBSERVAT\u00d3RIO SOCIAL DO TRABALHO\",\"description\":\"Instituto de Filosofia, Sociologia e Pol\u00edtica (IFISP) \/ Universidade Federal de Pelotas (UFPel)\",\"potentialAction\":[{\"@type\":\"SearchAction\",\"target\":{\"@type\":\"EntryPoint\",\"urlTemplate\":\"https:\/\/wp.ufpel.edu.br\/observatoriosocial\/?s={search_term_string}\"},\"query-input\":{\"@type\":\"PropertyValueSpecification\",\"valueRequired\":true,\"valueName\":\"search_term_string\"}}],\"inLanguage\":\"pt-BR\"}]}<\/script>\n<!-- \/ Yoast SEO plugin. -->","yoast_head_json":{"title":"Regi\u00e3o de abrang\u00eancia &#8226; OBSERVAT\u00d3RIO SOCIAL DO TRABALHO","robots":{"index":"index","follow":"follow","max-snippet":"max-snippet:-1","max-image-preview":"max-image-preview:large","max-video-preview":"max-video-preview:-1"},"canonical":"https:\/\/wp.ufpel.edu.br\/observatoriosocial\/sobre\/regiao-de-abrangencia\/","og_locale":"pt_BR","og_type":"article","og_title":"Regi\u00e3o de abrang\u00eancia &#8226; OBSERVAT\u00d3RIO SOCIAL DO TRABALHO","og_description":"A regi\u00e3o do COREDE\/SUL, tamb\u00e9m denominada de Zona Sul, est\u00e1 situada no extremo sul do Estado do Rio Grande do Sul e abrange vinte e dois munic\u00edpios, destacando-se Pelotas e Rio Grande como polos regionais. Al\u00e9m destes, a regi\u00e3o \u00e9 formada ainda pelos seguintes munic\u00edpios: Amaral Ferrador, Arroio do Padre, Arroio Grande, Cangu\u00e7u, Cap\u00e3o do [&hellip;]","og_url":"https:\/\/wp.ufpel.edu.br\/observatoriosocial\/sobre\/regiao-de-abrangencia\/","og_site_name":"OBSERVAT\u00d3RIO SOCIAL DO TRABALHO","article_publisher":"https:\/\/www.facebook.com\/observatoriodaufpel\/","article_modified_time":"2013-01-29T17:01:58+00:00","og_image":[{"url":"https:\/\/wp.ufpel.edu.br\/observatoriosocial\/files\/2013\/01\/Foto-01-Zona-Sul-do-Estado-do-Rio-Grande-do-Sul-150x150.jpg","type":"","width":"","height":""}],"twitter_card":"summary_large_image","twitter_site":"@ufpeltrabalho","twitter_misc":{"Est. tempo de leitura":"2 minutos"},"schema":{"@context":"https:\/\/schema.org","@graph":[{"@type":"WebPage","@id":"https:\/\/wp.ufpel.edu.br\/observatoriosocial\/sobre\/regiao-de-abrangencia\/","url":"https:\/\/wp.ufpel.edu.br\/observatoriosocial\/sobre\/regiao-de-abrangencia\/","name":"Regi\u00e3o de abrang\u00eancia &#8226; OBSERVAT\u00d3RIO SOCIAL DO TRABALHO","isPartOf":{"@id":"https:\/\/wp.ufpel.edu.br\/observatoriosocial\/#website"},"primaryImageOfPage":{"@id":"https:\/\/wp.ufpel.edu.br\/observatoriosocial\/sobre\/regiao-de-abrangencia\/#primaryimage"},"image":{"@id":"https:\/\/wp.ufpel.edu.br\/observatoriosocial\/sobre\/regiao-de-abrangencia\/#primaryimage"},"thumbnailUrl":"https:\/\/wp.ufpel.edu.br\/observatoriosocial\/files\/2013\/01\/Foto-01-Zona-Sul-do-Estado-do-Rio-Grande-do-Sul-150x150.jpg","datePublished":"2013-01-23T13:48:09+00:00","dateModified":"2013-01-29T17:01:58+00:00","breadcrumb":{"@id":"https:\/\/wp.ufpel.edu.br\/observatoriosocial\/sobre\/regiao-de-abrangencia\/#breadcrumb"},"inLanguage":"pt-BR","potentialAction":[{"@type":"ReadAction","target":["https:\/\/wp.ufpel.edu.br\/observatoriosocial\/sobre\/regiao-de-abrangencia\/"]}]},{"@type":"ImageObject","inLanguage":"pt-BR","@id":"https:\/\/wp.ufpel.edu.br\/observatoriosocial\/sobre\/regiao-de-abrangencia\/#primaryimage","url":"https:\/\/wp.ufpel.edu.br\/observatoriosocial\/files\/2013\/01\/Foto-01-Zona-Sul-do-Estado-do-Rio-Grande-do-Sul.jpg","contentUrl":"https:\/\/wp.ufpel.edu.br\/observatoriosocial\/files\/2013\/01\/Foto-01-Zona-Sul-do-Estado-do-Rio-Grande-do-Sul.jpg","width":"980","height":"729","caption":"Zona Sul do Estado do Rio Grande do Sul"},{"@type":"BreadcrumbList","@id":"https:\/\/wp.ufpel.edu.br\/observatoriosocial\/sobre\/regiao-de-abrangencia\/#breadcrumb","itemListElement":[{"@type":"ListItem","position":1,"name":"In\u00edcio","item":"https:\/\/wp.ufpel.edu.br\/observatoriosocial\/"},{"@type":"ListItem","position":2,"name":"Sobre o Observat\u00f3rio","item":"https:\/\/wp.ufpel.edu.br\/observatoriosocial\/sobre\/"},{"@type":"ListItem","position":3,"name":"Regi\u00e3o de abrang\u00eancia"}]},{"@type":"WebSite","@id":"https:\/\/wp.ufpel.edu.br\/observatoriosocial\/#website","url":"https:\/\/wp.ufpel.edu.br\/observatoriosocial\/","name":"OBSERVAT\u00d3RIO SOCIAL DO TRABALHO","description":"Instituto de Filosofia, Sociologia e Pol\u00edtica (IFISP) \/ Universidade Federal de Pelotas (UFPel)","potentialAction":[{"@type":"SearchAction","target":{"@type":"EntryPoint","urlTemplate":"https:\/\/wp.ufpel.edu.br\/observatoriosocial\/?s={search_term_string}"},"query-input":{"@type":"PropertyValueSpecification","valueRequired":true,"valueName":"search_term_string"}}],"inLanguage":"pt-BR"}]}},"_links":{"self":[{"href":"https:\/\/wp.ufpel.edu.br\/observatoriosocial\/wp-json\/wp\/v2\/pages\/233","targetHints":{"allow":["GET"]}}],"collection":[{"href":"https:\/\/wp.ufpel.edu.br\/observatoriosocial\/wp-json\/wp\/v2\/pages"}],"about":[{"href":"https:\/\/wp.ufpel.edu.br\/observatoriosocial\/wp-json\/wp\/v2\/types\/page"}],"author":[{"embeddable":true,"href":"https:\/\/wp.ufpel.edu.br\/observatoriosocial\/wp-json\/wp\/v2\/users\/102"}],"replies":[{"embeddable":true,"href":"https:\/\/wp.ufpel.edu.br\/observatoriosocial\/wp-json\/wp\/v2\/comments?post=233"}],"version-history":[{"count":20,"href":"https:\/\/wp.ufpel.edu.br\/observatoriosocial\/wp-json\/wp\/v2\/pages\/233\/revisions"}],"predecessor-version":[{"id":235,"href":"https:\/\/wp.ufpel.edu.br\/observatoriosocial\/wp-json\/wp\/v2\/pages\/233\/revisions\/235"}],"up":[{"embeddable":true,"href":"https:\/\/wp.ufpel.edu.br\/observatoriosocial\/wp-json\/wp\/v2\/pages\/2"}],"wp:attachment":[{"href":"https:\/\/wp.ufpel.edu.br\/observatoriosocial\/wp-json\/wp\/v2\/media?parent=233"}],"curies":[{"name":"wp","href":"https:\/\/api.w.org\/{rel}","templated":true}]}}