{"id":143,"date":"2016-03-30T20:40:12","date_gmt":"2016-03-30T23:40:12","guid":{"rendered":"https:\/\/wp.ufpel.edu.br\/observatoriosocial\/?page_id=143"},"modified":"2021-06-09T08:59:14","modified_gmt":"2021-06-09T11:59:14","slug":"boletim-informativo","status":"publish","type":"page","link":"https:\/\/wp.ufpel.edu.br\/observatoriosocial\/estudos-e-analises\/boletim-informativo\/","title":{"rendered":"Boletins Informativos"},"content":{"rendered":"<h3>Veja, abaixo, os n\u00fameros dispon\u00edveis dos <strong>Boletins Informativos <\/strong>sobre a conjuntura do emprego formal em Pelotas e Rio Grande:<\/h3>\n<h3>Boletins Informativos (2021)<\/h3>\n<p><a href=\"https:\/\/wp.ufpel.edu.br\/observatoriosocial\/files\/2021\/06\/Boletim-Informativo-No-04-Abril-de-2021-PELOTAS-RS.pptx\">Boletim-Informativo-N\u00ba-04-Abril-de-2021-PELOTAS-RS<\/a><\/p>\n<p><a href=\"https:\/\/wp.ufpel.edu.br\/observatoriosocial\/files\/2021\/06\/Boletim-Informativo-No-04-Abril-de-2021-RIO-GRANDE-RS.pptx\">Boletim-Informativo-N\u00ba-04-Abril-de-2021-RIO-GRANDE-RS<\/a><\/p>\n<p><a href=\"https:\/\/wp.ufpel.edu.br\/observatoriosocial\/files\/2021\/05\/Boletim-Informativo-No-03-Marco-de-2021-PELOTAS-RS.pptx\">Boletim Informativo N\u00ba 03 Mar\u00e7o de 2021 PELOTAS-RS<\/a><\/p>\n<p><a href=\"https:\/\/wp.ufpel.edu.br\/observatoriosocial\/files\/2021\/05\/Boletim-Informativo-No-03-Marco-de-2021-RIO-GRANDE-RS.pptx\">Boletim Informativo N\u00ba 03 Mar\u00e7o de 2021 RIO GRANDE-RS<\/a><\/p>\n<p><a href=\"https:\/\/wp.ufpel.edu.br\/observatoriosocial\/files\/2021\/04\/Boletim-Informativo-No-02-Fevereiro-de-2021-PELOTAS-RS.pptx\">Boletim Informativo N\u00ba 02 Fevereiro de 2021 PELOTAS-RS<\/a><\/p>\n<p><a href=\"https:\/\/wp.ufpel.edu.br\/observatoriosocial\/files\/2021\/04\/Boletim-Informativo-No-02-Fevereiro-de-2021-RIO-GRANDE-RS.pptx\">Boletim Informativo N\u00ba 02 Fevereiro de 2021 RIO GRANDE-RS<\/a><\/p>\n<p><a href=\"https:\/\/wp.ufpel.edu.br\/observatoriosocial\/files\/2021\/03\/Boletim-Informativo-No-01-Janeiro-de-2021-PELOTAS-RS.pptx\">Boletim-Informativo N\u00ba 01 Janeiro de 2021 PELOTAS-RS<\/a><\/p>\n<p><a href=\"https:\/\/wp.ufpel.edu.br\/observatoriosocial\/files\/2021\/03\/Boletim-Informativo-No-01-Janeiro-de-2021-Rio-Grande-RS.pptx\">Boletim-Informativo N\u00ba 01 Janeiro de 2021 RIO GRANDE-RS<\/a><\/p>\n<p>&nbsp;<\/p>\n<h3>Boletins Informativos (2020)<\/h3>\n<p><a href=\"https:\/\/wp.ufpel.edu.br\/observatoriosocial\/files\/2021\/02\/Boletim-Informativo-No-12-Dezembro-de-2020-PELOTAS-RS.pptx\">Boletim Informativo N\u00ba 12 Dezembro de 2020 PELOTAS-RS<\/a><\/p>\n<p><a href=\"https:\/\/wp.ufpel.edu.br\/observatoriosocial\/files\/2021\/02\/Boletim-Informativo-No-12-Dezembro-de-2020-RIO-GRANDE-RS.pptx\">Boletim Informativo N\u00ba 12 Dezembro de 2020 RIO GRANDE-RS<\/a><\/p>\n<p><a href=\"https:\/\/wp.ufpel.edu.br\/observatoriosocial\/files\/2020\/12\/Boletim-Informativo-No-11-Novembro-de-2020-PELOTAS-RS.pptx\">Boletim Informativo N\u00ba 11 Novembro de 2020 PELOTAS-RS<\/a><\/p>\n<p><a href=\"https:\/\/wp.ufpel.edu.br\/observatoriosocial\/files\/2021\/01\/Boletim-Informativo-No-11-Novembro-de-2020-RIO-GRANDE-RS.pptx\">Boletim Informativo N\u00ba 11 Novembro de 2020 RIO GRANDE-RS<\/a><\/p>\n<p><a href=\"https:\/\/wp.ufpel.edu.br\/observatoriosocial\/files\/2020\/11\/Boletim-Informativo-No-10-Outubro-de-2020-PELOTAS-RS.pptx\">Boletim Informativo N\u00ba 10 Outubro de 2020 PELOTAS-RS<\/a><\/p>\n<p><a href=\"https:\/\/wp.ufpel.edu.br\/observatoriosocial\/files\/2020\/11\/Boletim-Informativo-No-10-Outubro-de-2020-RIO-GRANDE-RS.pptx\">Boletim Informativo N\u00ba 10 Outubro de 2020 RIO GRANDE-RS<\/a><\/p>\n<p><a href=\"https:\/\/wp.ufpel.edu.br\/observatoriosocial\/files\/2020\/10\/Boletim-Informativo-No-09-Setembro-de-2020-PELOTAS-RS.pptx\">Boletim Informativo N\u00ba 09 Setembro de 2020 PELOTAS-RS<\/a><\/p>\n<p><a href=\"https:\/\/wp.ufpel.edu.br\/observatoriosocial\/files\/2020\/10\/Boletim-Informativo-No-09-Setembro-de-2020-RIO-GRANDE-RS.pptx\">Boletim Informativo N\u00ba 09 Setembro de 2020 RIO GRANDE-RS<\/a><\/p>\n<p><a href=\"https:\/\/wp.ufpel.edu.br\/observatoriosocial\/files\/2020\/10\/Boletim-Informativo-No-08-Agosto-de-2020-PELOTAS-RS.pptx\">Boletim Informativo N\u00ba 08 Agosto de 2020 PELOTAS-RS<\/a><\/p>\n<p><a href=\"https:\/\/wp.ufpel.edu.br\/observatoriosocial\/files\/2020\/10\/Boletim-Informativo-No-08-Agosto-de-2020-RIO-GRANDE-RS.pptx\">Boletim Informativo N\u00ba 08 Agosto de 2020 RIO GRANDE-RS<\/a><\/p>\n<p><a href=\"https:\/\/wp.ufpel.edu.br\/observatoriosocial\/files\/2020\/10\/Boletim-Informativo-No-07-Julho-de-2020-PELOTAS-RS.pptx\">Boletim Informativo N\u00ba 07 Julho de 2020 PELOTAS-RS<\/a><\/p>\n<p><a href=\"https:\/\/wp.ufpel.edu.br\/observatoriosocial\/files\/2020\/10\/Boletim-Informativo-No-07-Julho-de-2020-RIO-GRANDE-RS.pptx\">Boletim Informativo N\u00ba 07 Julho de 2020 RIO GRANDE-RS<\/a><\/p>\n<p><a href=\"https:\/\/wp.ufpel.edu.br\/observatoriosocial\/files\/2020\/09\/Boletim-Informativo-No-06-Junho-de-2020-PELOTAS-RS.pptx\">Boletim Informativo N\u00ba 06 Junho de 2020 PELOTAS-RS<\/a><\/p>\n<p><a href=\"https:\/\/wp.ufpel.edu.br\/observatoriosocial\/files\/2020\/09\/Boletim-Informativo-No-06-Junho-de-2020-RIO-GRANDE-RS.pptx\">Boletim Informativo N\u00ba 06 Junho de 2020 RIO GRANDE-RS<\/a><\/p>\n<p><a href=\"https:\/\/wp.ufpel.edu.br\/observatoriosocial\/files\/2020\/07\/Boletim-Informativo-N\u00ba-05-Maio-de-2020-PELOTAS-RS.pptx\">Boletim Informativo N\u00ba 05 Maio de 2020 PELOTAS-RS<\/a><\/p>\n<p><a href=\"https:\/\/wp.ufpel.edu.br\/observatoriosocial\/files\/2020\/07\/Boletim-Informativo-N\u00ba-05-Maio-de-2020-RIO-GRANDE-RS.pptx\">Boletim Informativo N\u00ba 05 Maio de 2020 RIO GRANDE-RS<\/a><\/p>\n<p><a href=\"https:\/\/wp.ufpel.edu.br\/observatoriosocial\/files\/2020\/07\/Boletim-Informativo-N\u00ba-04-Abril-de-2020-PELOTAS-RS.pptx\">Boletim Informativo N\u00ba 04 Abril de 2020 PELOTAS-RS<\/a><\/p>\n<p><a href=\"https:\/\/wp.ufpel.edu.br\/observatoriosocial\/files\/2020\/09\/Boletim-Informativo-No-04-ABRIL-de-2020-RIO-GRANDE-RS.pptx\">Boletim Informativo N\u00ba 04 Abril de 2020 RIO GRANDE-RS<\/a><\/p>\n<p><a href=\"https:\/\/wp.ufpel.edu.br\/observatoriosocial\/files\/2020\/09\/Boletim-Informativo-No-03-Marco-de-2020-PELOTAS-RS.pptx\">Boletim Informativo N\u00ba 03 Mar\u00e7o de 2020 PELOTAS-RS<\/a><\/p>\n<p><a href=\"https:\/\/wp.ufpel.edu.br\/observatoriosocial\/files\/2020\/09\/Boletim-Informativo-No-03-Marco-de-2020-RIO-GRANDE-RS.pptx\">Boletim Informativo N\u00ba 03 Mar\u00e7o de 2020 RIO GRANDE-RS<\/a><\/p>\n<p><a href=\"https:\/\/wp.ufpel.edu.br\/observatoriosocial\/files\/2020\/10\/Boletim-Informativo-No-02-Fevereiro-de-2020-PELOTAS-RS.pptx\">Boletim Informativo N\u00ba 02 Fevereiro de 2020 PELOTAS-RS<\/a><\/p>\n<p><a href=\"https:\/\/wp.ufpel.edu.br\/observatoriosocial\/files\/2020\/10\/Boletim-Informativo-No-02-Fevereiro-de-2020-RIO-GRANDE-RS.pptx\">Boletim Informativo N\u00ba 02 Fevereiro de 2020 RIO GRANDE-RS<\/a><\/p>\n<p><a href=\"https:\/\/wp.ufpel.edu.br\/observatoriosocial\/files\/2020\/11\/Boletim-Informativo-No-01-Janeiro-de-2020-PELOTAS-RS.pptx\">Boletim Informativo N\u00ba 01 Janeiro de 2020 PELOTAS-RS<\/a><\/p>\n<p><a href=\"https:\/\/wp.ufpel.edu.br\/observatoriosocial\/files\/2020\/11\/Boletim-Informativo-No-01-Janeiro-de-2020-RIO-GRANDE-RS.pptx\">Boletim Informativo N\u00ba 01 Janeiro de 2020 RIO GRANDE-RS<\/a><\/p>\n<p>&nbsp;<\/p>\n<h3>Boletins Informativos (2019):<\/h3>\n<p><a href=\"https:\/\/wp.ufpel.edu.br\/observatoriosocial\/files\/2019\/12\/Boletim-Informativo-N\u00ba-11-Novembro-de-2019-PELOTAS-RS.pptx\">Boletim Informativo N\u00ba 11 Novembro de 2019 PELOTAS-RS<\/a><\/p>\n<p><a href=\"https:\/\/wp.ufpel.edu.br\/observatoriosocial\/files\/2020\/01\/Boletim-Informativo-N\u00ba-11-Novembro-de-2019-RIO-GRANDE-RS.pptx\">Boletim Informativo N\u00ba 11 Novembro de 2019 RIO GRANDE-RS<\/a><\/p>\n<p><a href=\"https:\/\/wp.ufpel.edu.br\/observatoriosocial\/files\/2019\/11\/Boletim-Informativo-N\u00ba-10-Outubro-de-2019-PELOTAS-RS.pptx\">Boletim Informativo N\u00ba 10 Outubro de 2019 PELOTAS-RS<\/a><\/p>\n<p><a href=\"https:\/\/wp.ufpel.edu.br\/observatoriosocial\/files\/2019\/11\/Boletim-Informativo-N\u00ba-10-Outubro-de-2019-RIO-GRANDE-RS.pptx\">Boletim Informativo N\u00ba 10 Outubro de 2019 RIO GRANDE-RS<\/a><\/p>\n<p><a href=\"https:\/\/wp.ufpel.edu.br\/observatoriosocial\/files\/2019\/10\/Boletim-Informativo-N\u00ba-09-Setembro-de-2019-PELOTAS-RS.ppsx\">Boletim Informativo N\u00ba 09 Setembro de 2019 PELOTAS-RS<\/a><\/p>\n<p><a href=\"https:\/\/wp.ufpel.edu.br\/observatoriosocial\/files\/2019\/11\/Boletim-Informativo-N\u00ba-09-Setembro-de-2019-RIO-GRANDE-RS.ppsx\">Boletim Informativo N\u00ba 09 Setembro de 2019 RIO GRANDE-RS<\/a><\/p>\n<p><a href=\"https:\/\/wp.ufpel.edu.br\/observatoriosocial\/files\/2019\/10\/Boletim-Informativo-N\u00ba-08-Agosto-de-2019-PELOTAS-RS.ppsx\">Boletim Informativo N\u00ba 08 Agosto de 2019 PELOTAS-RS<\/a><\/p>\n<p><a href=\"https:\/\/wp.ufpel.edu.br\/observatoriosocial\/files\/2019\/10\/Boletim-Informativo-N\u00ba-08-Agosto-de-2019-RIO-GRANDE-RS.ppsx\">Boletim Informativo N\u00ba 08 Agosto de 2019 RIO GRANDE-RS<\/a><\/p>\n<p><a href=\"https:\/\/wp.ufpel.edu.br\/observatoriosocial\/files\/2019\/08\/Boletim-Informativo-N\u00ba-07-Julho-de-2019-PELOTAS-RS.ppsx\">Boletim Informativo N\u00ba 07 Julho de 2019 PELOTAS-RS<\/a><\/p>\n<p><a href=\"https:\/\/wp.ufpel.edu.br\/observatoriosocial\/files\/2019\/09\/Boletim-Informativo-N\u00ba-07-Julho-de-2019-RIO-GRANDE-RS.ppsx\">Boletim Informativo N\u00ba 07 Julho de 2019 RIO GRANDE-RS<\/a><\/p>\n<p><a href=\"https:\/\/wp.ufpel.edu.br\/observatoriosocial\/files\/2019\/07\/Boletim-Informativo-N\u00ba-06-Junho-de-2019-PELOTAS-RS.ppsx\">Boletim Informativo N\u00ba 06 Junho de 2019 PELOTAS-RS<\/a><\/p>\n<p><a href=\"https:\/\/wp.ufpel.edu.br\/observatoriosocial\/files\/2019\/08\/Boletim-Informativo-N\u00ba-06-Junho-de-2019-RIO-GRANDE-RS-1.ppsx\">Boletim Informativo N\u00ba 06 Junho de 2019 RIO GRANDE-RS<\/a><\/p>\n<p><a href=\"https:\/\/wp.ufpel.edu.br\/observatoriosocial\/files\/2019\/07\/Boletim-Informativo-N\u00ba-05-Maio-de-2019-PELOTAS-RS.ppsx\">Boletim Informativo N\u00ba 05 Maio de 2019 PELOTAS-RS<\/a><\/p>\n<p><a href=\"https:\/\/wp.ufpel.edu.br\/observatoriosocial\/files\/2019\/07\/Boletim-Informativo-N\u00ba-05-Maio-de-2019-RIO-GRANDE-RS.ppsx\">Boletim Informativo N\u00ba 05 Maio de 2019 RIO GRANDE-RS<\/a><\/p>\n<p><a href=\"https:\/\/wp.ufpel.edu.br\/observatoriosocial\/files\/2019\/05\/Boletim-Informativo-N\u00ba-04-Abril-de-2019-PELOTAS-RS.ppsx\">Boletim Informativo N\u00ba 04 Abril de 2019 PELOTAS-RS<\/a><\/p>\n<p><a href=\"https:\/\/wp.ufpel.edu.br\/observatoriosocial\/files\/2019\/06\/Boletim-Informativo-N\u00ba-04-Abril-de-2019-RIO-GRANDE-RS-1.ppsx\">Boletim Informativo N\u00ba 04 Abril de 2019 RIO GRANDE-RS<\/a><\/p>\n<p><a href=\"https:\/\/wp.ufpel.edu.br\/observatoriosocial\/files\/2019\/04\/Boletim-Informativo-N\u00ba-03-Mar\u00e7o-de-2019-PELOTAS-RS.ppsx\">Boletim Informativo N\u00ba 03 Mar\u00e7o de 2019 PELOTAS-RS<\/a><\/p>\n<p><a href=\"https:\/\/wp.ufpel.edu.br\/observatoriosocial\/files\/2019\/05\/Boletim-Informativo-N\u00ba-03-Mar\u00e7o-de-2019-RIO-GRANDE-RS.ppsx\">Boletim Informativo N\u00ba 03 Mar\u00e7o de 2019 RIO GRANDE-RS<\/a><\/p>\n<p><a href=\"https:\/\/wp.ufpel.edu.br\/observatoriosocial\/files\/2019\/04\/Boletim-Informativo-N\u00ba-02-Fevereiro-de-2019-PELOTAS-RS.ppsx\">Boletim Informativo N\u00ba 02 Fevereiro de 2019 PELOTAS-RS<\/a><\/p>\n<p><a href=\"https:\/\/wp.ufpel.edu.br\/observatoriosocial\/files\/2019\/04\/Boletim-Informativo-N\u00ba-02-Fevereiro-de-2019-RIO-GRANDE-RS.ppsx\">Boletim Informativo N\u00ba 02 Fevereiro de 2019 RIO GRANDE-RS<\/a><\/p>\n<p><a href=\"https:\/\/wp.ufpel.edu.br\/observatoriosocial\/files\/2019\/03\/Boletim-Informativo-N\u00ba-01-Janeiro-de-2019-PELOTAS-RS.ppsx\">Boletim Informativo N\u00ba 01 Janeiro de 2019 PELOTAS-RS<\/a><\/p>\n<p><a href=\"https:\/\/wp.ufpel.edu.br\/observatoriosocial\/files\/2019\/03\/Boletim-Informativo-N\u00ba-01-Janeiro-de-2019-RIO-GRANDE-RS.ppsx\">Boletim Informativo N\u00ba 01 Janeiro de 2019 RIO GRANDE-RS<\/a><\/p>\n<p>&nbsp;<\/p>\n<h3><strong>Boletins Informativos (2018):<\/strong><\/h3>\n<p><a href=\"https:\/\/wp.ufpel.edu.br\/observatoriosocial\/files\/2019\/03\/Boletim-Informativo-N\u00ba-12-Dezembro-2018-PELOTAS-RS.ppsx\">Boletim Informativo N\u00ba 12 Dezembro 2018 PELOTAS-RS<\/a><\/p>\n<p><a href=\"https:\/\/wp.ufpel.edu.br\/observatoriosocial\/files\/2019\/03\/Boletim-Informativo-N\u00ba-12-Dezembro-de-2018-RIO-GRANDE-RS.ppsx\">Boletim Informativo N\u00ba 12 Dezembro de 2018 RIO GRANDE-RS<\/a><\/p>\n<p><a href=\"https:\/\/wp.ufpel.edu.br\/observatoriosocial\/files\/2019\/01\/Boletim-Informativo-N\u00ba-11-Novembro-2018-PELOTAS-RS.ppsx\">Boletim Informativo N\u00ba 11 Novembro 2018 PELOTAS-RS<\/a><\/p>\n<p><a href=\"https:\/\/wp.ufpel.edu.br\/observatoriosocial\/files\/2019\/02\/Boletim-Informativo-N\u00ba-11-Novembro-de-2018-RIO-GRANDE-RS.ppsx\">Boletim Informativo N\u00ba 11 Novembro de 2018 RIO GRANDE-RS<\/a><\/p>\n<p><a href=\"https:\/\/wp.ufpel.edu.br\/observatoriosocial\/files\/2018\/11\/Boletim-Informativo-N\u00ba-10-Outubro-de-2018-PELOTAS-RS.ppsx\">Boletim Informativo N\u00ba 10 Outubro de 2018 PELOTAS-RS<\/a><\/p>\n<p><a href=\"https:\/\/wp.ufpel.edu.br\/observatoriosocial\/files\/2019\/02\/Boletim-Informativo-N\u00ba-10-Outubro-de-2018-RIO-GRANDE-RS.ppsx\">Boletim Informativo N\u00ba 10 Outubro de 2018 RIO GRANDE-RS<\/a><\/p>\n<p><a href=\"https:\/\/wp.ufpel.edu.br\/observatoriosocial\/files\/2018\/11\/Boletim-Informativo-N\u00ba-09-Setembro-de-2018-PELOTAS-RS.ppsx\">Boletim Informativo N\u00ba 09 Setembro de 2018 PELOTAS-RS<\/a><\/p>\n<p><a href=\"https:\/\/wp.ufpel.edu.br\/observatoriosocial\/files\/2018\/11\/Boletim-Informativo-N\u00ba-09-Setembro-de-2018-RIO-GRANDE-RS.ppsx\">Boletim Informativo N\u00ba 09 Setembro de 2018 RIO GRANDE-RS<\/a><\/p>\n<p><a href=\"https:\/\/wp.ufpel.edu.br\/observatoriosocial\/files\/2018\/10\/Boletim-Informativo-N\u00ba-08-Agosto-de-2018-PELOTAS-RS.ppsx\">Boletim Informativo N\u00ba 08 Agosto de 2018 PELOTAS-RS<\/a><\/p>\n<p><a href=\"https:\/\/wp.ufpel.edu.br\/observatoriosocial\/files\/2018\/10\/Boletim-Informativo-N\u00ba-08-Agosto-de-2018-RIO-GRANDE-RS.ppsx\">Boletim Informativo N\u00ba 08 Agosto de 2018 RIO GRANDE-RS<\/a><\/p>\n<p><a href=\"https:\/\/wp.ufpel.edu.br\/observatoriosocial\/files\/2018\/08\/Boletim-Informativo-N\u00ba-07-Julho-de-2018-PELOTAS-RS-05.09.2018.ppsx\">Boletim Informativo N\u00ba 07 Julho de 2018 PELOTAS-RS<\/a><\/p>\n<p><a href=\"https:\/\/wp.ufpel.edu.br\/observatoriosocial\/files\/2018\/09\/Boletim-Informativo-N\u00ba-07-Julho-de-2018-RIO-GRANDE-RS-05.09.2018.ppsx\">Boletim Informativo N\u00ba 07 Julho de 2018 RIO GRANDE-RS<\/a><\/p>\n<p><a href=\"https:\/\/wp.ufpel.edu.br\/observatoriosocial\/files\/2018\/08\/Boletim-Informativo-N\u00ba-06-Junho-de-2018-PELOTAS-RS-Rev-13-08.ppsx\">Boletim Informativo N\u00ba 06 Junho de 2018 PELOTAS-RS<\/a><\/p>\n<p><a href=\"https:\/\/wp.ufpel.edu.br\/observatoriosocial\/files\/2018\/08\/Boletim-Informativo-N\u00ba-06-Junho-de-2018-RIO-GRANDE-RS-Rev-13-08.ppsx\">Boletim Informativo N\u00ba 06 Junho de 2018 RIO GRANDE-RS<\/a><\/p>\n<p><a href=\"https:\/\/wp.ufpel.edu.br\/observatoriosocial\/files\/2018\/07\/Boletim-Informativo-N\u00ba-05-Maio-de-2018-PELOTAS-RS-Rev.30.06.ppsx\">Boletim Informativo N\u00ba 05 Maio de 2018 PELOTAS-RS<\/a><\/p>\n<p><a href=\"https:\/\/wp.ufpel.edu.br\/observatoriosocial\/files\/2018\/07\/Boletim-Informativo-N\u00ba-05-Maio-de-2018-RIO-GRANDE-RS-Rev.02.07.ppsx\">Boletim Informativo N\u00ba 05 Maio de 2018 RIO GRANDE-RS<\/a><\/p>\n<p><a href=\"https:\/\/wp.ufpel.edu.br\/observatoriosocial\/files\/2018\/05\/Boletim-Informativo-N\u00ba-04-Abril-de-2018-PELOTAS-RS.ppsx\">Boletim Informativo N\u00ba 04 Abril de 2018 PELOTAS-RS<\/a><\/p>\n<p><a href=\"https:\/\/wp.ufpel.edu.br\/observatoriosocial\/files\/2018\/05\/Boletim-Informativo-N\u00ba-04-Abril-de-2018-RIO-GRANDE-RS.ppsx\">Boletim Informativo N\u00ba 04 Abril de 2018 RIO GRANDE-RS<\/a><\/p>\n<p><a href=\"https:\/\/wp.ufpel.edu.br\/observatoriosocial\/files\/2018\/05\/Boletim-Informativo-N\u00ba-03-Mar\u00e7o-de-2018-PELOTAS-RS.ppsx\">Boletim Informativo N\u00ba 03 Mar\u00e7o de 2018 PELOTAS-RS<\/a><\/p>\n<p><a href=\"https:\/\/wp.ufpel.edu.br\/observatoriosocial\/files\/2018\/05\/Boletim-Informativo-N\u00ba-03-Mar\u00e7o-de-2018-RIO-GRANDE-RS.ppsx\">Boletim Informativo N\u00ba 03 Mar\u00e7o de 2018 RIO GRANDE-RS<\/a><\/p>\n<p><a href=\"https:\/\/wp.ufpel.edu.br\/observatoriosocial\/files\/2018\/05\/Boletim-Informativo-N\u00ba-03-Mar\u00e7o-de-2018-RIO-GRANDE-DO-SUL.ppsx\">Boletim Informativo N\u00ba 03 Mar\u00e7o de 2018 RIO GRANDE DO SUL<\/a><\/p>\n<p><a href=\"https:\/\/wp.ufpel.edu.br\/observatoriosocial\/files\/2018\/04\/Boletim-Informativo-N\u00ba-02-Fevereiro-2018-PELOTAS-RS.ppsx\">Boletim Informativo N\u00ba 02 Fevereiro de 2018 PELOTAS-RS<\/a><\/p>\n<p><a href=\"https:\/\/wp.ufpel.edu.br\/observatoriosocial\/files\/2018\/04\/Boletim-Informativo-N\u00ba-02-Fevereiro-2018-RIO-GRANDE-RS.ppsx\">Boletim Informativo N\u00ba 02 Fevereiro de 2018 RIO GRANDE-RS<\/a><\/p>\n<p><a href=\"https:\/\/wp.ufpel.edu.br\/observatoriosocial\/files\/2018\/04\/Boletim-Informativo-N\u00ba-02-Fevereiro-2018-Rio-Grande-do-Sul-16.04.2018.ppsx\">Boletim Informativo N\u00ba 02 Fevereiro de 2018 RIO GRANDE DO SUL<\/a><\/p>\n<p><a href=\"https:\/\/wp.ufpel.edu.br\/observatoriosocial\/files\/2018\/04\/Boletim-Informativo-N\u00ba-01-Janeiro-de-2018-PELOTAS-RS.ppsx\">Boletim Informativo N\u00ba 01 Janeiro de 2018 PELOTAS-RS<\/a><\/p>\n<p><a href=\"https:\/\/wp.ufpel.edu.br\/observatoriosocial\/files\/2018\/04\/Boletim-Informativo-N\u00ba-01-Janeiro-de-2018-RIO-GRANDE-RS.ppsx\">Boletim Informativo N\u00ba 01 Janeiro de 2018 RIO GRANDE-RS<\/a><\/p>\n<p><a href=\"https:\/\/wp.ufpel.edu.br\/observatoriosocial\/files\/2018\/04\/Boletim-Informativo-N\u00ba-01-Janeiro-2018-Rio-Grande-do-Sul-16.04.2018.ppsx\">Boletim Informativo N\u00ba 01 Janeiro de 2018 RIO GRANDE DO SUL<\/a><\/p>\n<p>&nbsp;<\/p>\n<p><strong>Boletins Informativos e Balan\u00e7os Mensais do Emprego Formal (2017):<\/strong><\/p>\n<p><a href=\"https:\/\/wp.ufpel.edu.br\/observatoriosocial\/files\/2018\/01\/Boletim-Informativo-N\u00ba-12-Dezembro-2017-PELOTAS-RS-F.pptx\">Boletim Informativo N\u00ba 12 Dezembro 2017 PELOTAS-RS<\/a><\/p>\n<p><a href=\"https:\/\/wp.ufpel.edu.br\/observatoriosocial\/files\/2018\/01\/Boletim-Informativo-N\u00ba-12-Dezembro-2017-RIO-GRANDE-RS-F.pptx\">Boletim Informativo N\u00ba 12 Dezembro 2017 RIO GRANDE-RS<\/a><\/p>\n<p><a href=\"https:\/\/wp.ufpel.edu.br\/observatoriosocial\/files\/2018\/01\/Boletim-Informativo-N\u00ba-11-Novembro-2017-PELOTAS-RS-F.pptx\">Boletim Informativo N\u00ba 11 Novembro 2017 PELOTAS-RS<\/a><\/p>\n<p><a href=\"https:\/\/wp.ufpel.edu.br\/observatoriosocial\/files\/2018\/01\/Boletim-Informativo-N\u00ba-11-Novembro-2017-RIO-GRANDE-RS-F.pptx\">Boletim Informativo N\u00ba 11 Novembro 2017 RIO GRANDE-RS<\/a><\/p>\n<p><a href=\"https:\/\/wp.ufpel.edu.br\/observatoriosocial\/files\/2017\/11\/Boletim-Informativo-N\u00ba-10-Outubro-2017-PELOTAS-RS.ppsx\">Boletim Informativo N\u00ba 10 Outubro 2017 PELOTAS-RS (Novo Formato)<\/a><\/p>\n<p><a href=\"https:\/\/wp.ufpel.edu.br\/observatoriosocial\/files\/2017\/11\/Boletim-Informativo-N\u00ba-10-Outubro-2017-RIO-GRANDE-RS.ppsx\">Boletim Informativo N\u00ba 10 Outubro 2017 RIO GRANDE-RS (Novo Formato)<\/a><\/p>\n<p><a href=\"https:\/\/wp.ufpel.edu.br\/observatoriosocial\/files\/2016\/03\/Boletim-Informativo-N\u00ba-09-Setembro-2017-PELOTAS-RS.ppsx\">Boletim Informativo N\u00ba 09 Setembro 2017 PELOTAS-RS (Novo Formato)<\/a><\/p>\n<p><a href=\"https:\/\/wp.ufpel.edu.br\/observatoriosocial\/files\/2016\/03\/Balanco-do-Emprego-Formal-Pelotas-Setembro-2017.pdf\">Balan\u00e7o do Emprego Formal: Pelotas SETEMBRO DE 2017<\/a><\/p>\n<p><a href=\"https:\/\/wp.ufpel.edu.br\/observatoriosocial\/files\/2017\/09\/Balanco-do-Emprego-Formal-Pelotas-e-Rio-Grande-AGOSTO-2017.pdf\">Balan\u00e7o do Emprego Formal: Pelotas e Rio Grande AGOSTO DE 2017<\/a><\/p>\n<p><a href=\"https:\/\/wp.ufpel.edu.br\/observatoriosocial\/files\/2017\/08\/Balanco-Emprego-Formal-Pelotas-e-Rio-Grande-JULHO-2017.pdf\">Balan\u00e7o do Emprego Formal: Pelotas e Rio Grande JULHO DE 2017<\/a><\/p>\n<p><a href=\"https:\/\/wp.ufpel.edu.br\/observatoriosocial\/files\/2017\/07\/Balanco-Emprego-Formal-Pelotas-e-Rio-Grande-JUNHO-2017.pdf\">Balan\u00e7o do Emprego Formal: Pelotas e Rio Grande JUNHO DE 2017<\/a><\/p>\n<p><a href=\"https:\/\/wp.ufpel.edu.br\/observatoriosocial\/files\/2017\/06\/Balanco-Emprego-Formal-Pelotas-e-Rio-Grande-MAIO-2017.pdf\">Balan\u00e7o do Emprego Formal: Pelotas e Rio Grande MAIO DE 2017<\/a><\/p>\n<p><a href=\"https:\/\/wp.ufpel.edu.br\/observatoriosocial\/files\/2017\/05\/Balanco-Emprego-Formal-Pelotas-e-Rio-Grande-ABRIL-2017.pdf\">Balan\u00e7o do Emprego Formal: Pelotas e Rio Grande ABRIL DE 2017<\/a><\/p>\n<p><a href=\"https:\/\/wp.ufpel.edu.br\/observatoriosocial\/files\/2017\/04\/Balanco-Emprego-Formal-Pelotas-e-Rio-Grande-MAR-2017.pdf\">Balan\u00e7o do Emprego Formal: Pelotas e Rio Grande MAR\u00c7O DE 2017<\/a><\/p>\n<p><a href=\"https:\/\/wp.ufpel.edu.br\/observatoriosocial\/files\/2017\/03\/Balanco-do-Emprego-Formal-em-Pelotas-e-Rio-Grande-FEV-2017-1.pdf\">Balan\u00e7o do Emprego Formal: Pelotas e Rio Grande FEVEREIRO DE 2017<\/a><\/p>\n<p><a href=\"https:\/\/wp.ufpel.edu.br\/observatoriosocial\/files\/2017\/03\/Balanco-Emprego-Formal-Pelotas-e-Rio-Grande-JAN-2017.pdf\">Balan\u00e7o do Emprego Formal: Pelotas e Rio Grande JANEIRO DE 2017<\/a><\/p>\n<p>&nbsp;<\/p>\n<p><strong>Boletins Informativos Ano V 2016:<\/strong><\/p>\n<p><a href=\"https:\/\/wp.ufpel.edu.br\/observatoriosocial\/files\/2016\/07\/Boletim-Informativo-N\u00ba-02-Ano-V-Fev-2016-A-Conjuntura-do-Emprego-na-Zona-Sul-em-JANEIRO-de-2016.pdf\">Boletim Informativo N\u00ba 02 Ano V Fev 2016 A Conjuntura do Emprego na Zona Sul em JANEIRO de 2016<\/a><\/p>\n<p><a href=\"https:\/\/wp.ufpel.edu.br\/observatoriosocial\/files\/2016\/04\/Boletim-Informativo-N\u00ba-01-Ano-V-Jan-2016-A-Conjuntura-do-Emprego-em-DEZEMBRO-de-2015.pdf\" rel=\"\">Boletim Informativo N\u00ba 01 Ano V Jan 2016 A Conjuntura do Emprego em DEZEMBRO de 2015<\/a><\/p>\n<p>&nbsp;<\/p>\n<p><strong>Boletins Informativos Ano IV 2015<\/strong><\/p>\n<p><a href=\"https:\/\/wp.ufpel.edu.br\/observatoriosocial\/files\/2015\/11\/Boletim-Informativo-N\u00ba-12-Ano-IV-Dez-2015-A-Conjuntura-do-Emprego-na-Zona-Sul-em-NOVEMBRO-de-2015.doc\" rel=\"\">Boletim Informativo N\u00ba 12 Ano IV Dez 2015 A Conjuntura do Emprego na Zona Sul em NOVEMBRO de 2015<\/a><\/p>\n<p><a href=\"https:\/\/wp.ufpel.edu.br\/observatoriosocial\/files\/2016\/02\/Boletim-Informativo-N\u00ba-11-Ano-IV-Nov-2015-A-Conjuntura-do-Emprego-na-Zona-Sul-em-OUTUBRO-de-2015.pdf\" rel=\"\">Boletim Informativo N\u00ba 11 Ano IV Nov 2015 A Conjuntura do Emprego na Zona Sul em OUTUBRO de 2015<\/a><\/p>\n<p><a href=\"https:\/\/wp.ufpel.edu.br\/observatoriosocial\/files\/2015\/11\/Boletim-Informativo-N\u00ba-10-Ano-IV-Out-2015-A-Conjuntura-do-Emprego-na-Zona-Sul-em-SETEMBRO-de-2015.pdf\">Boletim Informativo N\u00ba 10 Ano IV Out 2015 A Conjuntura do Emprego na Zona Sul em SETEMBRO de 2015<\/a><\/p>\n<p><a href=\"https:\/\/wp.ufpel.edu.br\/observatoriosocial\/files\/2015\/10\/Boletim-Informativo-N\u00ba-09-Ano-IV-Set-2015-A-Conjuntura-do-Emprego-na-Zona-Sul-em-AGOSTO-de-2015.pdf\">Boletim Informativo N\u00ba 09 Ano IV Set 2015 A Conjuntura do Emprego na Zona Sul em AGOSTO de 2015<\/a><\/p>\n<p><a href=\"https:\/\/wp.ufpel.edu.br\/observatoriosocial\/files\/2015\/09\/Boletim-Informativo-N\u00ba-08-Ano-IV-Ago-2015-A-Conjuntura-do-Emprego-na-Zona-Sul-em-JULHO-de-2015.pdf\">Boletim Informativo N\u00ba 08 Ano IV Ago 2015 A Conjuntura do Emprego na Zona Sul em JULHO de 2015<\/a><\/p>\n<p><a href=\"https:\/\/wp.ufpel.edu.br\/observatoriosocial\/files\/2014\/01\/Boletim-Informativo-N\u00ba-07-Ano-IV-Jul-2015-A-Conjuntura-do-Emprego-na-Zona-Sul-em-JUNHO-de-2015.pdf\">Boletim Informativo N\u00ba 07 Ano IV Jul 2015 A Conjuntura do Emprego na Zona Sul em JUNHO de 2015<\/a><\/p>\n<p><a href=\"https:\/\/wp.ufpel.edu.br\/observatoriosocial\/files\/2014\/01\/Boletim-Informativo-N\u00ba-06-Ano-IV-Jun-2015-A-Conjuntura-do-Emprego-na-Zona-Sul-em-MAIO-de-2015.pdf\">Boletim Informativo N\u00ba 06 Ano IV Jun 2015 A Conjuntura do Emprego na Zona Sul em MAIO de 2015<\/a><\/p>\n<p><a href=\"https:\/\/wp.ufpel.edu.br\/observatoriosocial\/files\/2015\/11\/Boletim-Informativo-N\u00ba-05-Ano-IV-Mai-2015-A-Conjuntura-do-Emprego-na-Zona-Sul-em-ABRIL-de-2015.doc\" rel=\"\">Boletim Informativo N\u00ba 05 Ano IV Mai 2015 A Conjuntura do Emprego na Zona Sul em ABRIL de 2015<\/a><\/p>\n<p><a href=\"https:\/\/wp.ufpel.edu.br\/observatoriosocial\/files\/2015\/11\/Boletim-Informativo-N\u00ba-04-Ano-IV-Abr-2015-A-Conjuntura-do-Emprego-na-Zona-Sul-em-MAR\u00c7O-de-2015.doc\" rel=\"\">Boletim Informativo N\u00ba 04 Ano IV Abr 2015 A Conjuntura do Emprego na Zona Sul em MAR\u00c7O de 2015<\/a><\/p>\n<p><a href=\"https:\/\/wp.ufpel.edu.br\/observatoriosocial\/files\/2015\/11\/Boletim-Informativo-N\u00ba-03-Ano-IV-Mar-2015-A-Conjuntura-do-Emprego-na-Zona-Sul-em-FEVEREIRO-de-2015.doc\" rel=\"\">Boletim Informativo N\u00ba 03 Ano IV Mar 2015 A Conjuntura do Emprego na Zona Sul em FEVEREIRO de 2015<\/a><\/p>\n<p><a href=\"https:\/\/wp.ufpel.edu.br\/observatoriosocial\/files\/2015\/11\/Boletim-Informativo-N\u00ba-02-Ano-IV-Fev-2015-A-Conjuntura-do-Emprego-na-Zona-Sul-em-JANEIRO-de-2015.doc\" rel=\"\">Boletim Informativo N\u00ba 02 Ano IV Fev 2015 A Conjuntura do Emprego na Zona Sul em JANEIRO de 2015<\/a><\/p>\n<p><a href=\"https:\/\/wp.ufpel.edu.br\/observatoriosocial\/files\/2015\/02\/Boletim-Informativo-N\u00ba-01-Ano-IV-Jan-2015-A-Conjuntura-do-Emprego-na-Zona-Sul-em-DEZEMBRO-de-2014.pdf\">Boletim Informativo N\u00ba 01 Ano IV Jan 2015 A Conjuntura do Emprego na Zona Sul em DEZEMBRO de 2014<\/a><\/p>\n<p><strong>Boletins Informativos Ano III 2014<\/strong><\/p>\n<p><a href=\"https:\/\/wp.ufpel.edu.br\/observatoriosocial\/files\/2014\/01\/Boletim-Informativo-N\u00ba-12-Ano-III-Dez-2014-A-Conjuntura-do-Emprego-na-Zona-Sul-em-NOVEMBRO-de-2014.pdf\">Boletim Informativo N\u00ba 12 Ano III Dez 2014 A Conjuntura do Emprego na Zona Sul em NOVEMBRO de 2014<\/a><\/p>\n<p><a href=\"https:\/\/wp.ufpel.edu.br\/observatoriosocial\/files\/2014\/11\/Boletim-Informativo-N\u00ba-11-Ano-III-Nov-2014-A-Conjuntura-do-Emprego-na-Zona-Sul-em-OUTUBRO-de-20141.pdf\">Boletim Informativo N\u00ba 11 Ano III Nov 2014 A Conjuntura do Emprego na Zona Sul em OUTUBRO de 2014<\/a><\/p>\n<p><a href=\"https:\/\/wp.ufpel.edu.br\/observatoriosocial\/files\/2014\/10\/Boletim-Informativo-N\u00ba-10-Ano-III-Out-2014-A-Conjuntura-do-Emprego-na-Zona-Sul-em-SETEMBRO-de-2014.pdf\">Boletim Informativo N\u00ba 10 Ano III Out 2014 A Conjuntura do Emprego na Zona Sul em SETEMBRO de 2014<\/a><\/p>\n<p><a href=\"https:\/\/wp.ufpel.edu.br\/observatoriosocial\/files\/2014\/09\/Boletim-Informativo-N\u00ba-09-Ano-III-Set-2014-A-Conjuntura-do-Emprego-na-Zona-Sul-em-AGOSTO-de-2014.pdf\">Boletim Informativo N\u00ba 09 Ano III Set 2014 A Conjuntura do Emprego na Zona Sul em AGOSTO de 2014<\/a><\/p>\n<p><a href=\"https:\/\/wp.ufpel.edu.br\/observatoriosocial\/files\/2014\/01\/Boletim-Informativo-N\u00ba-08-Ano-III-Ago-2014-A-Conjuntura-do-Emprego-na-Zona-Sul-em-JULHO-de-2014.pdf\">Boletim Informativo N\u00ba 08 Ano III Ago 2014 A Conjuntura do Emprego na Zona Sul em JULHO de 2014<\/a><\/p>\n<p><a href=\"https:\/\/wp.ufpel.edu.br\/observatoriosocial\/files\/2014\/01\/Boletim-Informativo-N\u00ba-07-Ano-III-Jul-2014-A-Conjuntura-do-Emprego-na-Zona-Sul-em-JUNHO-de-2014.pdf\">Boletim Informativo N\u00ba 07 Ano III Jul 2014 A Conjuntura do Emprego na Zona Sul em JUNHO de 2014<\/a><\/p>\n<p><a href=\"https:\/\/wp.ufpel.edu.br\/observatoriosocial\/files\/2014\/06\/Boletim-Informativo-MAIO-2014-Grandes-Setores.pdf\">Boletim Informativo N\u00ba 06 Ano III Jun 2014: A Conjuntura do Emprego na Zona Sul em MAIO de 2014<\/a><\/p>\n<p><a href=\"https:\/\/wp.ufpel.edu.br\/observatoriosocial\/files\/2014\/05\/Boletim-Informativo-ABRIL-2014.pdf\">Boletim Informativo N\u00ba 05 Ano III Mai 2014: A Conjuntura do Emprego na Zona Sul em ABRIL de 2014<\/a><\/p>\n<p><a href=\"https:\/\/wp.ufpel.edu.br\/observatoriosocial\/files\/2014\/01\/Boletim-Informativo-MAR\u00c7O-2014.pdf\">Boletim Informativo N\u00ba 04 Ano III Abr 2014: A Conjuntura do Emprego na Zona Sul em MAR\u00c7O de 2014<\/a><\/p>\n<p><a href=\"https:\/\/wp.ufpel.edu.br\/observatoriosocial\/files\/2014\/01\/Boletim-Informativo-FEVEREIRO-2014.pdf\">Boletim Informativo N\u00ba 03 Ano III Mar 2014: A Conjuntura do Emprego na Zona Sul em FEVEREIRO de 2014<\/a><\/p>\n<p><a href=\"https:\/\/wp.ufpel.edu.br\/observatoriosocial\/files\/2014\/01\/Boletim-Informativo-JANEIRO-2014.pdf\">Boletim Informativo N\u00ba 02 Ano III Fev 2014: A Conjuntura do Emprego na Zona Sul em JANEIRO de 2014<\/a><\/p>\n<p><a href=\"https:\/\/wp.ufpel.edu.br\/observatoriosocial\/files\/2014\/01\/Boletim-Informativo-N\u00ba-01-Ano-III-Jan-2014-A-Conjuntura-do-Emprego-na-Zona-Sul-em-DEZEMBRO-de-2013.pdf\">Boletim Informativo N\u00ba 01 Ano III Jan 2014: A Conjuntura do Emprego na Zona Sul em DEZEMBRO de 2013<\/a><\/p>\n<p><strong>Boletins Informativos Ano II 2013<\/strong><\/p>\n<p><a href=\"https:\/\/wp.ufpel.edu.br\/observatoriosocial\/files\/2014\/01\/Boletim-Informativo-N\u00ba-12-Ano-II-Dez-2013-A-Conjuntura-do-Emprego-na-Zona-Sul-em-NOVEMBRO-2013.pdf\">Boletim Informativo N\u00ba 12 Ano II Dez 2013: A Conjuntura do Emprego na Zona Sul em NOVEMBRO 2013<\/a><\/p>\n<p><a href=\"https:\/\/wp.ufpel.edu.br\/observatoriosocial\/files\/2013\/11\/Boletim-Informativo-N\u00ba-11-Ano-II-Nov-2013-A-Conjuntura-do-Emprego-na-Zona-Sul-em-OUTUBRO-2013.pdf\">Boletim Informativo N\u00ba 11 Ano II Nov 2013: A Conjuntura do Emprego na Zona Sul em OUTUBRO 2013<\/a><\/p>\n<p><a href=\"https:\/\/wp.ufpel.edu.br\/observatoriosocial\/files\/2013\/10\/Boletim-Informativo-N\u00ba-10-Ano-II-Out-2013-A-Conjuntura-do-Emprego-na-Zona-Sul-em-SETEMBRO-2013.pdf\">Boletim Informativo N\u00ba 10 Ano II Out 2013: A Conjuntura do Emprego na Zona Sul em SETEMBRO 2013<\/a><\/p>\n<p><a href=\"https:\/\/wp.ufpel.edu.br\/observatoriosocial\/files\/2013\/02\/Boletim-Informativo-N\u00ba-09-Ano-II-Set-2013-A-Conjuntura-do-Emprego-na-Zona-Sul-AGOSTO-2013.pdf\">Boletim Informativo N\u00ba 09 Ano II Set 2013: A Conjuntura do Emprego na Zona Sul em AGOSTO 2013<\/a><\/p>\n<p><a href=\"https:\/\/wp.ufpel.edu.br\/observatoriosocial\/files\/2013\/08\/Boletim-Informativo-A-Conjuntura-do-Emprego-na-Zona-Sul-JULHO-2013.pdf\">Boletim Informativo N\u00ba 08 Ano II Ago 2013: A Conjuntura do Emprego na Zona Sul em JULHO 2013<\/a><\/p>\n<p><a href=\"https:\/\/wp.ufpel.edu.br\/observatoriosocial\/files\/2013\/08\/Boletim-Informativo-A-Conjuntura-do-Emprego-na-Zona-Sul-JUNHO-2013.pdf\">Boletim Informativo N\u00ba 07 Ano II Jul 2013: A Conjuntura do Emprego na Zona Sul em JUNHO 2013<\/a><\/p>\n<p><a href=\"https:\/\/wp.ufpel.edu.br\/observatoriosocial\/files\/2013\/07\/Boletim-Informativo-A-Conjuntura-do-Emprego-na-Zona-Sul-MAIO-2013-Nova-Vers\u00e3o.pdf\">Boletim Informativo N\u00ba 06 Ano II Jun 2013: A Conjuntura do Emprego na Zona Sul em MAIO 2013<\/a><\/p>\n<p><strong>Boletins Informativos Ano I 2012<\/strong><\/p>\n<p><a href=\"https:\/\/wp.ufpel.edu.br\/observatoriosocial\/files\/2013\/01\/Boletim-Informativo-A-Conjuntura-do-Emprego-na-Zona-Sul-NOVEMBRO-2012.pdf\">Boletim informativo N\u00ba 12 Ano I Dez 2012: A Conjuntura do Emprego na Zona Sul em NOVEMBRO 2012<\/a><\/p>\n<p><a href=\"https:\/\/wp.ufpel.edu.br\/observatoriosocial\/files\/2012\/10\/Boletim-Informativo-A-Conjuntura-do-Emprego-na-Zona-Sul-OUTUBRO-2012.pdf\">Boletim informativo N\u00ba 10 Ano I Out 2012: A Conjuntura do Emprego na Zona Sul em SETEMBRO 2012<\/a><\/p>\n","protected":false},"excerpt":{"rendered":"<p>Veja, abaixo, os n\u00fameros dispon\u00edveis dos Boletins Informativos sobre a conjuntura do emprego formal em Pelotas e Rio Grande: Boletins Informativos (2021) Boletim-Informativo-N\u00ba-04-Abril-de-2021-PELOTAS-RS Boletim-Informativo-N\u00ba-04-Abril-de-2021-RIO-GRANDE-RS Boletim Informativo N\u00ba 03 Mar\u00e7o de 2021 PELOTAS-RS Boletim Informativo N\u00ba 03 Mar\u00e7o de 2021 RIO GRANDE-RS Boletim Informativo N\u00ba 02 Fevereiro de 2021 PELOTAS-RS Boletim Informativo N\u00ba 02 Fevereiro de [&hellip;]<\/p>\n","protected":false},"author":102,"featured_media":0,"parent":10,"menu_order":1,"comment_status":"closed","ping_status":"closed","template":"","meta":{"footnotes":""},"class_list":["post-143","page","type-page","status-publish","hentry"],"yoast_head":"<!-- This site is optimized with the Yoast SEO plugin v26.7 - https:\/\/yoast.com\/wordpress\/plugins\/seo\/ -->\n<title>Boletins Informativos &#8226; OBSERVAT\u00d3RIO SOCIAL DO TRABALHO<\/title>\n<meta name=\"robots\" content=\"index, follow, max-snippet:-1, max-image-preview:large, max-video-preview:-1\" \/>\n<link rel=\"canonical\" href=\"https:\/\/wp.ufpel.edu.br\/observatoriosocial\/estudos-e-analises\/boletim-informativo\/\" \/>\n<meta property=\"og:locale\" content=\"pt_BR\" \/>\n<meta property=\"og:type\" content=\"article\" \/>\n<meta property=\"og:title\" content=\"Boletins Informativos &#8226; OBSERVAT\u00d3RIO SOCIAL DO TRABALHO\" \/>\n<meta property=\"og:description\" content=\"Veja, abaixo, os n\u00fameros dispon\u00edveis dos Boletins Informativos sobre a conjuntura do emprego formal em Pelotas e Rio Grande: Boletins Informativos (2021) Boletim-Informativo-N\u00ba-04-Abril-de-2021-PELOTAS-RS Boletim-Informativo-N\u00ba-04-Abril-de-2021-RIO-GRANDE-RS Boletim Informativo N\u00ba 03 Mar\u00e7o de 2021 PELOTAS-RS Boletim Informativo N\u00ba 03 Mar\u00e7o de 2021 RIO GRANDE-RS Boletim Informativo N\u00ba 02 Fevereiro de 2021 PELOTAS-RS Boletim Informativo N\u00ba 02 Fevereiro de [&hellip;]\" \/>\n<meta property=\"og:url\" content=\"https:\/\/wp.ufpel.edu.br\/observatoriosocial\/estudos-e-analises\/boletim-informativo\/\" \/>\n<meta property=\"og:site_name\" content=\"OBSERVAT\u00d3RIO SOCIAL DO TRABALHO\" \/>\n<meta property=\"article:publisher\" content=\"https:\/\/www.facebook.com\/observatoriodaufpel\/\" \/>\n<meta property=\"article:modified_time\" content=\"2021-06-09T11:59:14+00:00\" \/>\n<meta name=\"twitter:card\" content=\"summary_large_image\" \/>\n<meta name=\"twitter:site\" content=\"@ufpeltrabalho\" \/>\n<meta name=\"twitter:label1\" content=\"Est. tempo de leitura\" \/>\n\t<meta name=\"twitter:data1\" content=\"7 minutos\" \/>\n<script type=\"application\/ld+json\" class=\"yoast-schema-graph\">{\"@context\":\"https:\/\/schema.org\",\"@graph\":[{\"@type\":\"WebPage\",\"@id\":\"https:\/\/wp.ufpel.edu.br\/observatoriosocial\/estudos-e-analises\/boletim-informativo\/\",\"url\":\"https:\/\/wp.ufpel.edu.br\/observatoriosocial\/estudos-e-analises\/boletim-informativo\/\",\"name\":\"Boletins Informativos &#8226; OBSERVAT\u00d3RIO SOCIAL DO TRABALHO\",\"isPartOf\":{\"@id\":\"https:\/\/wp.ufpel.edu.br\/observatoriosocial\/#website\"},\"datePublished\":\"2016-03-30T23:40:12+00:00\",\"dateModified\":\"2021-06-09T11:59:14+00:00\",\"breadcrumb\":{\"@id\":\"https:\/\/wp.ufpel.edu.br\/observatoriosocial\/estudos-e-analises\/boletim-informativo\/#breadcrumb\"},\"inLanguage\":\"pt-BR\",\"potentialAction\":[{\"@type\":\"ReadAction\",\"target\":[\"https:\/\/wp.ufpel.edu.br\/observatoriosocial\/estudos-e-analises\/boletim-informativo\/\"]}]},{\"@type\":\"BreadcrumbList\",\"@id\":\"https:\/\/wp.ufpel.edu.br\/observatoriosocial\/estudos-e-analises\/boletim-informativo\/#breadcrumb\",\"itemListElement\":[{\"@type\":\"ListItem\",\"position\":1,\"name\":\"In\u00edcio\",\"item\":\"https:\/\/wp.ufpel.edu.br\/observatoriosocial\/\"},{\"@type\":\"ListItem\",\"position\":2,\"name\":\"Estudos e an\u00e1lises\",\"item\":\"https:\/\/wp.ufpel.edu.br\/observatoriosocial\/estudos-e-analises\/\"},{\"@type\":\"ListItem\",\"position\":3,\"name\":\"Boletins Informativos\"}]},{\"@type\":\"WebSite\",\"@id\":\"https:\/\/wp.ufpel.edu.br\/observatoriosocial\/#website\",\"url\":\"https:\/\/wp.ufpel.edu.br\/observatoriosocial\/\",\"name\":\"OBSERVAT\u00d3RIO SOCIAL DO TRABALHO\",\"description\":\"Instituto de Filosofia, Sociologia e Pol\u00edtica (IFISP) \/ Universidade Federal de Pelotas (UFPel)\",\"potentialAction\":[{\"@type\":\"SearchAction\",\"target\":{\"@type\":\"EntryPoint\",\"urlTemplate\":\"https:\/\/wp.ufpel.edu.br\/observatoriosocial\/?s={search_term_string}\"},\"query-input\":{\"@type\":\"PropertyValueSpecification\",\"valueRequired\":true,\"valueName\":\"search_term_string\"}}],\"inLanguage\":\"pt-BR\"}]}<\/script>\n<!-- \/ Yoast SEO plugin. -->","yoast_head_json":{"title":"Boletins Informativos &#8226; OBSERVAT\u00d3RIO SOCIAL DO TRABALHO","robots":{"index":"index","follow":"follow","max-snippet":"max-snippet:-1","max-image-preview":"max-image-preview:large","max-video-preview":"max-video-preview:-1"},"canonical":"https:\/\/wp.ufpel.edu.br\/observatoriosocial\/estudos-e-analises\/boletim-informativo\/","og_locale":"pt_BR","og_type":"article","og_title":"Boletins Informativos &#8226; OBSERVAT\u00d3RIO SOCIAL DO TRABALHO","og_description":"Veja, abaixo, os n\u00fameros dispon\u00edveis dos Boletins Informativos sobre a conjuntura do emprego formal em Pelotas e Rio Grande: Boletins Informativos (2021) Boletim-Informativo-N\u00ba-04-Abril-de-2021-PELOTAS-RS Boletim-Informativo-N\u00ba-04-Abril-de-2021-RIO-GRANDE-RS Boletim Informativo N\u00ba 03 Mar\u00e7o de 2021 PELOTAS-RS Boletim Informativo N\u00ba 03 Mar\u00e7o de 2021 RIO GRANDE-RS Boletim Informativo N\u00ba 02 Fevereiro de 2021 PELOTAS-RS Boletim Informativo N\u00ba 02 Fevereiro de [&hellip;]","og_url":"https:\/\/wp.ufpel.edu.br\/observatoriosocial\/estudos-e-analises\/boletim-informativo\/","og_site_name":"OBSERVAT\u00d3RIO SOCIAL DO TRABALHO","article_publisher":"https:\/\/www.facebook.com\/observatoriodaufpel\/","article_modified_time":"2021-06-09T11:59:14+00:00","twitter_card":"summary_large_image","twitter_site":"@ufpeltrabalho","twitter_misc":{"Est. tempo de leitura":"7 minutos"},"schema":{"@context":"https:\/\/schema.org","@graph":[{"@type":"WebPage","@id":"https:\/\/wp.ufpel.edu.br\/observatoriosocial\/estudos-e-analises\/boletim-informativo\/","url":"https:\/\/wp.ufpel.edu.br\/observatoriosocial\/estudos-e-analises\/boletim-informativo\/","name":"Boletins Informativos &#8226; OBSERVAT\u00d3RIO SOCIAL DO TRABALHO","isPartOf":{"@id":"https:\/\/wp.ufpel.edu.br\/observatoriosocial\/#website"},"datePublished":"2016-03-30T23:40:12+00:00","dateModified":"2021-06-09T11:59:14+00:00","breadcrumb":{"@id":"https:\/\/wp.ufpel.edu.br\/observatoriosocial\/estudos-e-analises\/boletim-informativo\/#breadcrumb"},"inLanguage":"pt-BR","potentialAction":[{"@type":"ReadAction","target":["https:\/\/wp.ufpel.edu.br\/observatoriosocial\/estudos-e-analises\/boletim-informativo\/"]}]},{"@type":"BreadcrumbList","@id":"https:\/\/wp.ufpel.edu.br\/observatoriosocial\/estudos-e-analises\/boletim-informativo\/#breadcrumb","itemListElement":[{"@type":"ListItem","position":1,"name":"In\u00edcio","item":"https:\/\/wp.ufpel.edu.br\/observatoriosocial\/"},{"@type":"ListItem","position":2,"name":"Estudos e an\u00e1lises","item":"https:\/\/wp.ufpel.edu.br\/observatoriosocial\/estudos-e-analises\/"},{"@type":"ListItem","position":3,"name":"Boletins Informativos"}]},{"@type":"WebSite","@id":"https:\/\/wp.ufpel.edu.br\/observatoriosocial\/#website","url":"https:\/\/wp.ufpel.edu.br\/observatoriosocial\/","name":"OBSERVAT\u00d3RIO SOCIAL DO TRABALHO","description":"Instituto de Filosofia, Sociologia e Pol\u00edtica (IFISP) \/ Universidade Federal de Pelotas (UFPel)","potentialAction":[{"@type":"SearchAction","target":{"@type":"EntryPoint","urlTemplate":"https:\/\/wp.ufpel.edu.br\/observatoriosocial\/?s={search_term_string}"},"query-input":{"@type":"PropertyValueSpecification","valueRequired":true,"valueName":"search_term_string"}}],"inLanguage":"pt-BR"}]}},"_links":{"self":[{"href":"https:\/\/wp.ufpel.edu.br\/observatoriosocial\/wp-json\/wp\/v2\/pages\/143","targetHints":{"allow":["GET"]}}],"collection":[{"href":"https:\/\/wp.ufpel.edu.br\/observatoriosocial\/wp-json\/wp\/v2\/pages"}],"about":[{"href":"https:\/\/wp.ufpel.edu.br\/observatoriosocial\/wp-json\/wp\/v2\/types\/page"}],"author":[{"embeddable":true,"href":"https:\/\/wp.ufpel.edu.br\/observatoriosocial\/wp-json\/wp\/v2\/users\/102"}],"replies":[{"embeddable":true,"href":"https:\/\/wp.ufpel.edu.br\/observatoriosocial\/wp-json\/wp\/v2\/comments?post=143"}],"version-history":[{"count":128,"href":"https:\/\/wp.ufpel.edu.br\/observatoriosocial\/wp-json\/wp\/v2\/pages\/143\/revisions"}],"predecessor-version":[{"id":2932,"href":"https:\/\/wp.ufpel.edu.br\/observatoriosocial\/wp-json\/wp\/v2\/pages\/143\/revisions\/2932"}],"up":[{"embeddable":true,"href":"https:\/\/wp.ufpel.edu.br\/observatoriosocial\/wp-json\/wp\/v2\/pages\/10"}],"wp:attachment":[{"href":"https:\/\/wp.ufpel.edu.br\/observatoriosocial\/wp-json\/wp\/v2\/media?parent=143"}],"curies":[{"name":"wp","href":"https:\/\/api.w.org\/{rel}","templated":true}]}}