{"id":278,"date":"2024-04-06T19:18:35","date_gmt":"2024-04-06T22:18:35","guid":{"rendered":"https:\/\/wp.ufpel.edu.br\/observasul\/?page_id=278"},"modified":"2024-04-06T19:25:07","modified_gmt":"2024-04-06T22:25:07","slug":"artigos","status":"publish","type":"page","link":"https:\/\/wp.ufpel.edu.br\/observasul\/artigos\/","title":{"rendered":"Artigos"},"content":{"rendered":"<div id=\"pl-278\"  class=\"panel-layout\" ><div id=\"pg-278-0\"  class=\"panel-grid panel-no-style\" ><div id=\"pgc-278-0-0\"  class=\"panel-grid-cell\" ><div id=\"panel-278-0-0-0\" class=\"so-panel widget widget_sow-blog panel-first-child panel-last-child\" data-index=\"0\" ><div\n\t\t\t\n\t\t\tclass=\"so-widget-sow-blog so-widget-sow-blog-standard-8268d8411c36-278\"\n\t\t\t\n\t\t>\t\t<div\n\t\tclass=\"sow-blog sow-blog-layout-standard\"\n\t\tdata-template=\"standard\"\n\t\tdata-settings=\"{&quot;columns&quot;:&quot;&quot;,&quot;featured_image&quot;:true,&quot;featured_image_empty&quot;:true,&quot;featured_image_size&quot;:&quot;full&quot;,&quot;featured_image_size_width&quot;:&quot;&quot;,&quot;featured_image_size_height&quot;:&quot;&quot;,&quot;tag&quot;:&quot;h2&quot;,&quot;content&quot;:&quot;full&quot;,&quot;excerpt_length&quot;:55,&quot;date&quot;:true,&quot;author&quot;:true,&quot;filter_categories&quot;:false,&quot;categories&quot;:true,&quot;comment_count&quot;:true,&quot;so_field_container_state&quot;:&quot;closed&quot;,&quot;read_more&quot;:&quot;&quot;,&quot;tags&quot;:&quot;&quot;,&quot;trim_manual_excerpt&quot;:&quot;&quot;,&quot;template&quot;:&quot;standard&quot;}\"\n\t\tdata-paged=\"1\"\n\t\tdata-paging-id=\"8268d8411c36\"\n\t\tdata-total-pages=\"1\"\n\t\tdata-hash=\"4dcf1169\"\n\t>\n\t\t\n\t\t\t\t\t\t\t<div class=\"sow-blog-posts\">\n\t\t\t\t<article id=\"post-130\" class=\"post-130 post type-post status-publish format-standard hentry category-artigos category-observasul-publicacoes tag-brics\" style=\"margin: 0 0 40px\">\n\t\t\t\t<div class=\"sow-blog-content-wrapper\"\n\t\t style=\"padding: 25px 30px 38px;\">\n\t\t\t\t<header class=\"sow-entry-header\">\n\t\t\t<h2 class=\"sow-entry-title\" style=\"margin: 0 0 5px;\"><a href=\"https:\/\/wp.ufpel.edu.br\/observasul\/2023\/05\/25\/o-brics-na-governanc%cc%a7a-global-uma-analise-a-partir-da-contestac%cc%a7a%cc%83o-e-contra-institucionalizac%cc%a7a%cc%83o-em-michael-zu%cc%88rn\/\" rel=\"bookmark\">O Brics na governanc\u0327a global: uma ana\u0301lise a partir da contestac\u0327a\u0303o e contra-institucionalizac\u0327a\u0303o em Michael Zu\u0308rn<\/a><\/h2>\t\t\t<div class=\"sow-entry-meta\">\n\t\t\t\t\t\t\t<span class=\"sow-entry-date\">\n\t\t\t\t<a href=\"https:\/\/wp.ufpel.edu.br\/observasul\/2023\/05\/25\/o-brics-na-governanc%cc%a7a-global-uma-analise-a-partir-da-contestac%cc%a7a%cc%83o-e-contra-institucionalizac%cc%a7a%cc%83o-em-michael-zu%cc%88rn\/\" rel=\"bookmark\">\n\t\t\t\t\t<time class=\"published\" datetime=\"2023-05-25T20:12:18-03:00\">\n\t\t\t\t\t\t25 maio 2023\t\t\t\t\t<\/time>\n\t\t\t\t\t<time class=\"updated\" datetime=\"2024-04-06T19:49:33-03:00\">\n\t\t\t\t\t\t6 abr 2024\t\t\t\t\t<\/time>\n\t\t\t\t<\/a>\n\t\t\t<\/span>\n\t\t\n\t\t\t\t\t<span class=\"sow-entry-author-link byline\">\n\t\t\t\t\t\t\t\t\t<span class=\"sow-author author vcard\">\n\t\t\t\t\t\t<a class=\"url fn n\" href=\"https:\/\/wp.ufpel.edu.br\/observasul\/author\/observasul\/\" rel=\"author\">\n\t\t\t\t\t\t\tobservasul\t\t\t\t\t\t<\/a>\n\t\t\t\t\t<\/span>\n\t\t\t\t\t\t\t<\/span>\n\t\t\n\t\t<span class=\"sow-entry-categories\"><a href=\"https:\/\/wp.ufpel.edu.br\/observasul\/category\/artigos\/\">Artigos<\/a>, <a href=\"https:\/\/wp.ufpel.edu.br\/observasul\/category\/observasul-publicacoes\/\">Publica\u00e7\u00f5es<\/a><\/span>\n\t\t\t\t\t<\/div>\n\t\t<\/header>\n\n\t\t\t\t\t<div\n\t\t\t\tclass=\"sow-entry-content\"\n\t\t\t\tstyle=\"margin-top: 20px;\"\n\t\t\t>\n\t\t\t\t<div id=\"pl-130\"  class=\"panel-layout\" ><div id=\"pg-130-0\"  class=\"panel-grid panel-no-style\" ><div id=\"pgc-130-0-0\"  class=\"panel-grid-cell\" ><div id=\"panel-130-0-0-0\" class=\"so-panel widget widget_sow-editor panel-first-child panel-last-child\" data-index=\"0\" ><div\n\t\t\t\n\t\t\tclass=\"so-widget-sow-editor so-widget-sow-editor-base\"\n\t\t\t\n\t\t>\n<div class=\"siteorigin-widget-tinymce textwidget\">\n\t<p>\u201cO Brics na governanc\u0327a global: uma ana\u0301lise a partir da contestac\u0327a\u0303o e contra-institucionalizac\u0327a\u0303o em Michael Zu\u0308rn\u201d foi publicado na Revista Sul-Americana de Ci\u00eancia Pol\u00edtica. Desenvolvido ao longo de 2022 no \u00e2mbito do Projeto \u201cBRICS e China: uma an\u00e1lise de pol\u00edtica internacional contempor\u00e2nea\u201d financiado pela Funda\u00e7\u00e3o de Amparo \u00e0 Pesquisa do Estado do Rio Grande do Sul (FAPERGS), o texto tem como autores o professor Dr. William Daldegan, a mestranda do PPGCPol Amanda Perachi e a acad\u00eamica de Rela\u00e7\u00f5es Internacionais Cassiane Souza. O trabalho est\u00e1 dispon\u00edvel para download clicando aqui. Abaixo o resumo do texto: O artigo tem por objetivo compreender o posicionamento do BRICS no sistema de governanc\u0327a global. Especificamente, sua insatisfac\u0327a\u0303o com o sistema financeiro internacional. Para tal, e\u0301 reconhecida a estrutura normativa e institucional, hiera\u0301rquica e desigual da ordem internacional liberal em que novas pote\u0302ncias e instituic\u0327o\u0303es, como o BRICS, reclamam maior representatividade.<\/p>\n<p>A criac\u0327a\u0303o do Novo Banco de Desenvolvimento (NDB) e do Arranjo Contingente de Reservas (CRA), em 2014, demonstra sua busca por alternativas a\u0300s instituic\u0327o\u0303es tradicionais. Os conceitos de Contestac\u0327a\u0303o e Contra-institucionalizac\u0327a\u0303o, propostos por Michael Zu\u0308rn, sa\u0303o utilizados como instrumental teo\u0301rico- metodolo\u0301gico, juntamente com revisa\u0303o bibliogra\u0301fica, a fim de responder se o BRICS se apresenta como um contestador dessa ordem capaz de impor mudanc\u0327as substanciais a ela. Como resultado, observa- se, apesar da exige\u0302ncia por reformas na governanc\u0327a global, uma care\u0302ncia de alinhamento de interesses entre seus membros que dificulta o avanc\u0327o de pautas cri\u0301ticas e a instrumentalizac\u0327a\u0303o de uma contraposic\u0327a\u0303o efetiva a\u0300 ordem internacional liberal.<\/p>\n<p>&nbsp;<\/p>\n<p>O artigo completo pode ser acessado <a href=\"https:\/\/periodicos.ufpel.edu.br\/index.php\/rsulacp\/article\/view\/23372\">aqui<\/a>.<\/p>\n<\/div>\n<\/div><\/div><\/div><\/div><\/div>\t\t\t<\/div>\n\t\t\t\t<\/div>\n<\/article>\n<article id=\"post-126\" class=\"post-126 post type-post status-publish format-standard hentry category-artigos category-observasul-publicacoes tag-china tag-india\" style=\"margin: 0 0 40px\">\n\t\t\t\t<div class=\"sow-blog-content-wrapper\"\n\t\t style=\"padding: 25px 30px 38px;\">\n\t\t\t\t<header class=\"sow-entry-header\">\n\t\t\t<h2 class=\"sow-entry-title\" style=\"margin: 0 0 5px;\"><a href=\"https:\/\/wp.ufpel.edu.br\/observasul\/2023\/01\/05\/balanca-de-poder-asiatica-uma-analise-das-relacoes-securitarias-e-de-defesa-sino-indianas\/\" rel=\"bookmark\">Balan\u00e7a de poder asi\u00e1tica: uma an\u00e1lise das rela\u00e7\u00f5es securit\u00e1rias e de defesa sino-indianas<\/a><\/h2>\t\t\t<div class=\"sow-entry-meta\">\n\t\t\t\t\t\t\t<span class=\"sow-entry-date\">\n\t\t\t\t<a href=\"https:\/\/wp.ufpel.edu.br\/observasul\/2023\/01\/05\/balanca-de-poder-asiatica-uma-analise-das-relacoes-securitarias-e-de-defesa-sino-indianas\/\" rel=\"bookmark\">\n\t\t\t\t\t<time class=\"published\" datetime=\"2023-01-05T20:09:43-03:00\">\n\t\t\t\t\t\t5 jan 2023\t\t\t\t\t<\/time>\n\t\t\t\t\t<time class=\"updated\" datetime=\"2024-04-06T16:20:58-03:00\">\n\t\t\t\t\t\t6 abr 2024\t\t\t\t\t<\/time>\n\t\t\t\t<\/a>\n\t\t\t<\/span>\n\t\t\n\t\t\t\t\t<span class=\"sow-entry-author-link byline\">\n\t\t\t\t\t\t\t\t\t<span class=\"sow-author author vcard\">\n\t\t\t\t\t\t<a class=\"url fn n\" href=\"https:\/\/wp.ufpel.edu.br\/observasul\/author\/observasul\/\" rel=\"author\">\n\t\t\t\t\t\t\tobservasul\t\t\t\t\t\t<\/a>\n\t\t\t\t\t<\/span>\n\t\t\t\t\t\t\t<\/span>\n\t\t\n\t\t<span class=\"sow-entry-categories\"><a href=\"https:\/\/wp.ufpel.edu.br\/observasul\/category\/artigos\/\">Artigos<\/a>, <a href=\"https:\/\/wp.ufpel.edu.br\/observasul\/category\/observasul-publicacoes\/\">Publica\u00e7\u00f5es<\/a><\/span>\n\t\t\t\t\t<\/div>\n\t\t<\/header>\n\n\t\t\t\t\t<div\n\t\t\t\tclass=\"sow-entry-content\"\n\t\t\t\tstyle=\"margin-top: 20px;\"\n\t\t\t>\n\t\t\t\t<p>\u201cBalan\u00e7a de poder asi\u00e1tica: uma an\u00e1lise das rela\u00e7\u00f5es securit\u00e1rias e de defesa sino-indianas\u201d \u00e9 o t\u00edtulo do novo artigo produzido por pesquisadores do Grupo EPDI. Resultado do trabalho coletivo entre o professor Dr. William Daldegan e as acad\u00eamicas Julia Bretanha e Julia Maria Rudrigues, do curso de RI da UFPel, o artigo foi publicado na Revista Conjuntura Global (UFPR).<\/p>\n<p>O texto pode ser conferido clicando <a href=\"https:\/\/revistas.ufpr.br\/conjgloblal\/article\/view\/86791\">aqui<\/a>.<\/p>\n\t\t\t<\/div>\n\t\t\t\t<\/div>\n<\/article>\n\t\t\t<\/div>\n\t\t\t\t\t\t\t\t<\/div>\n\t<\/div><\/div><\/div><\/div><\/div>","protected":false},"excerpt":{"rendered":"","protected":false},"author":1351,"featured_media":0,"parent":0,"menu_order":0,"comment_status":"closed","ping_status":"closed","template":"","meta":{"footnotes":""},"class_list":["post-278","page","type-page","status-publish","hentry","post"],"jetpack_sharing_enabled":true,"_links":{"self":[{"href":"https:\/\/wp.ufpel.edu.br\/observasul\/wp-json\/wp\/v2\/pages\/278","targetHints":{"allow":["GET"]}}],"collection":[{"href":"https:\/\/wp.ufpel.edu.br\/observasul\/wp-json\/wp\/v2\/pages"}],"about":[{"href":"https:\/\/wp.ufpel.edu.br\/observasul\/wp-json\/wp\/v2\/types\/page"}],"author":[{"embeddable":true,"href":"https:\/\/wp.ufpel.edu.br\/observasul\/wp-json\/wp\/v2\/users\/1351"}],"replies":[{"embeddable":true,"href":"https:\/\/wp.ufpel.edu.br\/observasul\/wp-json\/wp\/v2\/comments?post=278"}],"version-history":[{"count":4,"href":"https:\/\/wp.ufpel.edu.br\/observasul\/wp-json\/wp\/v2\/pages\/278\/revisions"}],"predecessor-version":[{"id":290,"href":"https:\/\/wp.ufpel.edu.br\/observasul\/wp-json\/wp\/v2\/pages\/278\/revisions\/290"}],"wp:attachment":[{"href":"https:\/\/wp.ufpel.edu.br\/observasul\/wp-json\/wp\/v2\/media?parent=278"}],"curies":[{"name":"wp","href":"https:\/\/api.w.org\/{rel}","templated":true}]}}