{"id":276,"date":"2024-04-06T19:18:26","date_gmt":"2024-04-06T22:18:26","guid":{"rendered":"https:\/\/wp.ufpel.edu.br\/observasul\/?page_id=276"},"modified":"2024-04-07T19:23:17","modified_gmt":"2024-04-07T22:23:17","slug":"material-audiovisual","status":"publish","type":"page","link":"https:\/\/wp.ufpel.edu.br\/observasul\/material-audiovisual\/","title":{"rendered":"Material audiovisual"},"content":{"rendered":"<div id=\"pl-276\"  class=\"panel-layout\" ><div id=\"pg-276-0\"  class=\"panel-grid panel-no-style\" ><div id=\"pgc-276-0-0\"  class=\"panel-grid-cell\" ><div id=\"panel-276-0-0-0\" class=\"so-panel widget widget_sow-blog panel-first-child panel-last-child\" data-index=\"0\" ><div\n\t\t\t\n\t\t\tclass=\"so-widget-sow-blog so-widget-sow-blog-standard-8268d8411c36-276\"\n\t\t\t\n\t\t>\t\t<div\n\t\tclass=\"sow-blog sow-blog-layout-standard\"\n\t\tdata-template=\"standard\"\n\t\tdata-settings=\"{&quot;columns&quot;:&quot;&quot;,&quot;featured_image&quot;:true,&quot;featured_image_empty&quot;:true,&quot;featured_image_size&quot;:&quot;thumb&quot;,&quot;featured_image_size_width&quot;:&quot;&quot;,&quot;featured_image_size_height&quot;:&quot;&quot;,&quot;tag&quot;:&quot;h2&quot;,&quot;content&quot;:&quot;full&quot;,&quot;excerpt_length&quot;:55,&quot;date&quot;:true,&quot;author&quot;:true,&quot;filter_categories&quot;:false,&quot;categories&quot;:true,&quot;comment_count&quot;:true,&quot;so_field_container_state&quot;:&quot;open&quot;,&quot;read_more&quot;:&quot;&quot;,&quot;tags&quot;:&quot;&quot;,&quot;trim_manual_excerpt&quot;:&quot;&quot;,&quot;template&quot;:&quot;standard&quot;}\"\n\t\tdata-paged=\"1\"\n\t\tdata-paging-id=\"8268d8411c36\"\n\t\tdata-total-pages=\"1\"\n\t\tdata-hash=\"0b0ae159\"\n\t>\n\t\t\n\t\t\t\t\t\t\t<div class=\"sow-blog-posts\">\n\t\t\t\t<article id=\"post-303\" class=\"post-303 post type-post status-publish format-standard has-post-thumbnail hentry category-material-audiovisual post-with-thumbnail post-with-thumbnail-large\" style=\"margin: 0 0 40px\">\n\t\t\t\t\t<div class=\"sow-entry-thumbnail\">\n\t\t\t\t\t\t\t\t\t\t<a href=\"https:\/\/wp.ufpel.edu.br\/observasul\/2020\/11\/13\/biden-eleito-o-que-esperar\/\">\n\t\t\t\t\t\t<img loading=\"lazy\" decoding=\"async\" width=\"200\" height=\"135\" src=\"https:\/\/wp.ufpel.edu.br\/observasul\/files\/2024\/04\/13-e1712528254371.png\" class=\"attachment-thumb size-thumb wp-post-image\" alt=\"\" \/>\t\t\t\t\t<\/a>\n\t\t\t\t<\/div>\n\t\t\t\t\t\t\t<div class=\"sow-blog-content-wrapper\"\n\t\t style=\"padding: 25px 30px 38px;\">\n\t\t\t\t<header class=\"sow-entry-header\">\n\t\t\t<h2 class=\"sow-entry-title\" style=\"margin: 0 0 5px;\"><a href=\"https:\/\/wp.ufpel.edu.br\/observasul\/2020\/11\/13\/biden-eleito-o-que-esperar\/\" rel=\"bookmark\">Palestra: Biden presidente eleito nos EUA: o que esperar?<\/a><\/h2>\t\t\t<div class=\"sow-entry-meta\">\n\t\t\t\t\t\t\t<span class=\"sow-entry-date\">\n\t\t\t\t<a href=\"https:\/\/wp.ufpel.edu.br\/observasul\/2020\/11\/13\/biden-eleito-o-que-esperar\/\" rel=\"bookmark\">\n\t\t\t\t\t<time class=\"published\" datetime=\"2020-11-13T19:14:14-03:00\">\n\t\t\t\t\t\t13 nov 2020\t\t\t\t\t<\/time>\n\t\t\t\t\t<time class=\"updated\" datetime=\"2024-04-07T19:34:13-03:00\">\n\t\t\t\t\t\t7 abr 2024\t\t\t\t\t<\/time>\n\t\t\t\t<\/a>\n\t\t\t<\/span>\n\t\t\n\t\t\t\t\t<span class=\"sow-entry-author-link byline\">\n\t\t\t\t\t\t\t\t\t<span class=\"sow-author author vcard\">\n\t\t\t\t\t\t<a class=\"url fn n\" href=\"https:\/\/wp.ufpel.edu.br\/observasul\/author\/observasul\/\" rel=\"author\">\n\t\t\t\t\t\t\tobservasul\t\t\t\t\t\t<\/a>\n\t\t\t\t\t<\/span>\n\t\t\t\t\t\t\t<\/span>\n\t\t\n\t\t<span class=\"sow-entry-categories\"><a href=\"https:\/\/wp.ufpel.edu.br\/observasul\/category\/material-audiovisual\/\">Material audiovisual<\/a><\/span>\n\t\t\t\t\t<\/div>\n\t\t<\/header>\n\n\t\t\t\t\t<div\n\t\t\t\tclass=\"sow-entry-content\"\n\t\t\t\tstyle=\"margin-top: 20px;\"\n\t\t\t>\n\t\t\t\t<div id=\"pl-303\" class=\"panel-layout\">\n<div id=\"pg-303-0\" class=\"panel-grid panel-no-style\">\n<div id=\"pgc-303-0-0\" class=\"panel-grid-cell\" data-weight=\"1\">\n<div id=\"panel-303-0-0-0\" class=\"so-panel widget widget_sow-editor panel-first-child\" data-index=\"0\">\n<div class=\"so-widget-sow-editor so-widget-sow-editor-base\">\n<div class=\"siteorigin-widget-tinymce textwidget\">\n<p>Palestrante: Prof. Dr. Lucas Leite<br \/>\nTema: Biden presidente eleito nos EUA: o que esperar?<br \/>\nData: 13\/11\/2020<\/p>\n<p>Palestra realizada pelo projeto \u201cPara al\u00e9m das Fronteiras: Videoconfer\u00eancias em RI\u201d, uma iniciativa do Grupo de Pesquisa Economia Pol\u00edtica e Desenvolvimento Internacional ligado ao curso de gradua\u00e7\u00e3o em Rela\u00e7\u00f5es Internacionais da Universidade Federal de Pelotas (UFPel) e com o apoio do Programa de P\u00f3s-Gradua\u00e7\u00e3o em Ci\u00eancia Pol\u00edtica da UFPel.<\/p>\n<p>Assista em: <a href=\"https:\/\/www.youtube.com\/watch?v=x78WvZiL9G8\">https:\/\/www.youtube.com\/watch?v=x78WvZiL9G8<\/a><\/p>\n<\/div>\n<\/div>\n<\/div>\n<div id=\"panel-303-0-0-1\" class=\"so-panel widget widget_media_video panel-last-child\" data-index=\"1\" data-style=\"{&quot;background_image_attachment&quot;:false,&quot;background_display&quot;:&quot;tile&quot;,&quot;background_image_size&quot;:&quot;full&quot;,&quot;background_image_opacity&quot;:&quot;100&quot;,&quot;border_thickness&quot;:&quot;1px&quot;}\"><\/div>\n<\/div>\n<\/div>\n<\/div>\n\t\t\t<\/div>\n\t\t\t\t<\/div>\n<\/article>\n\t\t\t<\/div>\n\t\t\t\t\t\t\t\t<\/div>\n\t<\/div><\/div><\/div><\/div><\/div>","protected":false},"excerpt":{"rendered":"","protected":false},"author":1351,"featured_media":0,"parent":0,"menu_order":0,"comment_status":"closed","ping_status":"closed","template":"","meta":{"footnotes":""},"class_list":["post-276","page","type-page","status-publish","hentry","post","post-with-thumbnail","post-with-thumbnail-large"],"jetpack_sharing_enabled":true,"_links":{"self":[{"href":"https:\/\/wp.ufpel.edu.br\/observasul\/wp-json\/wp\/v2\/pages\/276","targetHints":{"allow":["GET"]}}],"collection":[{"href":"https:\/\/wp.ufpel.edu.br\/observasul\/wp-json\/wp\/v2\/pages"}],"about":[{"href":"https:\/\/wp.ufpel.edu.br\/observasul\/wp-json\/wp\/v2\/types\/page"}],"author":[{"embeddable":true,"href":"https:\/\/wp.ufpel.edu.br\/observasul\/wp-json\/wp\/v2\/users\/1351"}],"replies":[{"embeddable":true,"href":"https:\/\/wp.ufpel.edu.br\/observasul\/wp-json\/wp\/v2\/comments?post=276"}],"version-history":[{"count":3,"href":"https:\/\/wp.ufpel.edu.br\/observasul\/wp-json\/wp\/v2\/pages\/276\/revisions"}],"predecessor-version":[{"id":309,"href":"https:\/\/wp.ufpel.edu.br\/observasul\/wp-json\/wp\/v2\/pages\/276\/revisions\/309"}],"wp:attachment":[{"href":"https:\/\/wp.ufpel.edu.br\/observasul\/wp-json\/wp\/v2\/media?parent=276"}],"curies":[{"name":"wp","href":"https:\/\/api.w.org\/{rel}","templated":true}]}}