{"id":190,"date":"2024-04-04T21:11:22","date_gmt":"2024-04-05T00:11:22","guid":{"rendered":"https:\/\/wp.ufpel.edu.br\/observasul\/?page_id=190"},"modified":"2024-04-06T19:13:04","modified_gmt":"2024-04-06T22:13:04","slug":"quem-somos","status":"publish","type":"page","link":"https:\/\/wp.ufpel.edu.br\/observasul\/quem-somos\/","title":{"rendered":"QUEM SOMOS"},"content":{"rendered":"<div id=\"pl-190\"  class=\"panel-layout\" ><div id=\"pg-190-0\"  class=\"panel-grid panel-no-style\" ><div id=\"pgc-190-0-0\"  class=\"panel-grid-cell\" ><div id=\"panel-190-0-0-0\" class=\"so-panel widget widget_sow-editor panel-first-child\" data-index=\"0\" ><div\n\t\t\t\n\t\t\tclass=\"so-widget-sow-editor so-widget-sow-editor-base\"\n\t\t\t\n\t\t>\n<div class=\"siteorigin-widget-tinymce textwidget\">\n\t<p style=\"text-align: justify;\">O Observa Sul -\u00a0 Observat\u00f3rio de Pol\u00edtica e Economia do Sul Global - foi criado em 2024 com o objetivo de acompanhar e analisar as transforma\u00e7\u00f5es pol\u00edticas e econ\u00f4micas dos pa\u00edses do Sul Global. As a\u00e7\u00f5es do observat\u00f3rio atravessam os pilares da pesquisa e extens\u00e3o e complementa um conjunto de outras a\u00e7\u00f5es desenvolvidas, em especial, no Instituto de Filosofia, Sociologia e Pol\u00edtica da Universidade Federal de Pelotas (UFPel). O Observa Sul, al\u00e9m de produzir material pr\u00f3prio fundamentado e de qualidade, compartilha material produzido por parceiros acad\u00eamicos. S\u00e3o eles:<\/p>\n<p style=\"text-align: justify;\">A miss\u00e3o do Observa Sul \u00e9 produzir e compartilhar material de alt\u00edssima qualidade por meio de redes de acesso aberto, livre e gratuito num esfor\u00e7o coletivo de democratiza\u00e7\u00e3o do conhecimento cient\u00edfico produzido na Universidade. Para tanto, o Observa Sul preconiza a linguagem acess\u00edvel, clara e objetiva no material disponibilizado em seu site.<\/p>\n<p style=\"text-align: justify;\">S\u00e3o produtos do Observa Sul: artigos acad\u00eamicos e de opini\u00e3o, an\u00e1lises conjunturais, entrevistas, palestras e cursos presencias e remotos quando poss\u00edvel gravados, material de audio-visual como videos e podcasts. Al\u00e9m disso, buscar-se-\u00e1 fomentar a produ\u00e7\u00e3o de eventos diversos, workshops e livros.<\/p>\n<p style=\"text-align: justify;\">As contribui\u00e7\u00f5es para o Observa Sul est\u00e3o abertas a comunidade cientifica e profissional. Para tanto, h\u00e1 de se observar as Diretrizes para Autores.<\/p>\n<p style=\"text-align: justify;\">O Observa Sul \u00e9 um produto do projeto de pesquisa \u201cBRICS e China: uma an\u00e1lise de Pol\u00edtica Internacional Contempor\u00e2nea\u201d desenvolvido pelo <a href=\"http:\/\/wp.ufpel.edu.br\/epdi\/\">Grupo de Pesquisa Economia, Pol\u00edtica e Desenvolvimento Internacional (EPDI)<\/a> ligado ao <a href=\"http:\/\/wp.ufpel.edu.br\/ri\/\">curso de Rela\u00e7\u00f5es Internacionais<\/a> e ao <a href=\"https:\/\/wp.ufpel.edu.br\/ppgcienciapolitica\/\">Programa de P\u00f3s-Gradua\u00e7\u00e3o em Ci\u00eancia Pol\u00edtica<\/a> da Universidade Federal de Pelotas (UFPel), sob lideran\u00e7a do professor Dr William Daldegan e com recursos do Edital ARD (10\/2021) da <a href=\"https:\/\/fapergs.rs.gov.br\/inicial\">Funda\u00e7\u00e3o de Amparo \u00e0 Pesquisa do Estado do Rio Grande do Sul (FAPERGS)<\/a> [22\/2551-0000605-1].<\/p>\n<\/div>\n<\/div><\/div><div id=\"panel-190-0-0-1\" class=\"so-panel widget widget_manchete-ufpel manchete-widget panel-last-child\" data-index=\"1\" >\n\t\t\t<div class=\"manchete-conteudo\">\n\t\t\t\t<a href=\"https:\/\/wp.ufpel.edu.br\/observasul\/equipe\/\" class=\"corTexto\">EQUIPE<\/a>\n\t\t\t<\/div>\n\n<\/div><\/div><div id=\"pgc-190-0-1\"  class=\"panel-grid-cell\" ><div id=\"panel-190-0-1-0\" class=\"so-panel widget widget_media_image panel-first-child\" data-index=\"2\" ><h3 class=\"widget-title\">Apoio<\/h3><a href=\"https:\/\/fapergs.rs.gov.br\/inicial\"><img loading=\"lazy\" decoding=\"async\" width=\"400\" height=\"120\" src=\"https:\/\/wp.ufpel.edu.br\/observasul\/files\/2024\/04\/fapergs-400x120.png\" class=\"image wp-image-240  attachment-medium size-medium\" alt=\"\" style=\"max-width: 100%; height: auto;\" srcset=\"https:\/\/wp.ufpel.edu.br\/observasul\/files\/2024\/04\/fapergs-400x120.png 400w, https:\/\/wp.ufpel.edu.br\/observasul\/files\/2024\/04\/fapergs.png 520w\" sizes=\"auto, (max-width: 400px) 100vw, 400px\" \/><\/a><\/div><div id=\"panel-190-0-1-1\" class=\"so-panel widget widget_media_image\" data-index=\"3\" ><img loading=\"lazy\" decoding=\"async\" width=\"400\" height=\"190\" src=\"https:\/\/wp.ufpel.edu.br\/observasul\/files\/2024\/04\/capes-e1712528698814-400x190.png\" class=\"image wp-image-253  attachment-medium size-medium\" alt=\"\" style=\"max-width: 100%; height: auto;\" title=\"Apoio\" srcset=\"https:\/\/wp.ufpel.edu.br\/observasul\/files\/2024\/04\/capes-e1712528698814-400x190.png 400w, https:\/\/wp.ufpel.edu.br\/observasul\/files\/2024\/04\/capes-e1712528698814.png 447w\" sizes=\"auto, (max-width: 400px) 100vw, 400px\" \/><\/div><div id=\"panel-190-0-1-2\" class=\"so-panel widget widget_media_image panel-last-child\" data-index=\"4\" ><h3 class=\"widget-title\">Realiza\u00e7\u00e3o<\/h3><a href=\"https:\/\/wp.ufpel.edu.br\/epdi\/\"><img loading=\"lazy\" decoding=\"async\" width=\"400\" height=\"164\" src=\"https:\/\/wp.ufpel.edu.br\/observasul\/files\/2024\/04\/EPDI-400x164.png\" class=\"image wp-image-254  attachment-medium size-medium\" alt=\"\" style=\"max-width: 100%; height: auto;\" title=\"Apoio\" srcset=\"https:\/\/wp.ufpel.edu.br\/observasul\/files\/2024\/04\/EPDI-400x164.png 400w, https:\/\/wp.ufpel.edu.br\/observasul\/files\/2024\/04\/EPDI.png 408w\" sizes=\"auto, (max-width: 400px) 100vw, 400px\" \/><\/a><\/div><\/div><\/div><\/div>","protected":false},"excerpt":{"rendered":"<p>O Observa Sul &#8211;\u00a0 Observat\u00f3rio de Pol\u00edtica e Economia do Sul Global &#8211; foi criado em 2024 com o objetivo de acompanhar e analisar as transforma\u00e7\u00f5es pol\u00edticas e econ\u00f4micas dos pa\u00edses do Sul Global. As a\u00e7\u00f5es do observat\u00f3rio atravessam os pilares da pesquisa e extens\u00e3o e complementa um conjunto de outras a\u00e7\u00f5es desenvolvidas, em especial, [&hellip;]<\/p>\n","protected":false},"author":1351,"featured_media":0,"parent":0,"menu_order":0,"comment_status":"closed","ping_status":"closed","template":"","meta":{"footnotes":""},"class_list":["post-190","page","type-page","status-publish","hentry","post"],"jetpack_sharing_enabled":true,"_links":{"self":[{"href":"https:\/\/wp.ufpel.edu.br\/observasul\/wp-json\/wp\/v2\/pages\/190","targetHints":{"allow":["GET"]}}],"collection":[{"href":"https:\/\/wp.ufpel.edu.br\/observasul\/wp-json\/wp\/v2\/pages"}],"about":[{"href":"https:\/\/wp.ufpel.edu.br\/observasul\/wp-json\/wp\/v2\/types\/page"}],"author":[{"embeddable":true,"href":"https:\/\/wp.ufpel.edu.br\/observasul\/wp-json\/wp\/v2\/users\/1351"}],"replies":[{"embeddable":true,"href":"https:\/\/wp.ufpel.edu.br\/observasul\/wp-json\/wp\/v2\/comments?post=190"}],"version-history":[{"count":4,"href":"https:\/\/wp.ufpel.edu.br\/observasul\/wp-json\/wp\/v2\/pages\/190\/revisions"}],"predecessor-version":[{"id":272,"href":"https:\/\/wp.ufpel.edu.br\/observasul\/wp-json\/wp\/v2\/pages\/190\/revisions\/272"}],"wp:attachment":[{"href":"https:\/\/wp.ufpel.edu.br\/observasul\/wp-json\/wp\/v2\/media?parent=190"}],"curies":[{"name":"wp","href":"https:\/\/api.w.org\/{rel}","templated":true}]}}