{"id":37,"date":"2013-11-20T03:27:04","date_gmt":"2013-11-20T03:27:04","guid":{"rendered":"http:\/\/edydjunges.com\/obeduc\/?page_id=37"},"modified":"2025-08-28T00:12:59","modified_gmt":"2025-08-28T03:12:59","slug":"obeduc-pacto-antiga","status":"publish","type":"page","link":"https:\/\/wp.ufpel.edu.br\/obeducpacto\/obeduc-pacto-antiga\/","title":{"rendered":"OBEDUC Pacto (antiga)"},"content":{"rendered":"<p style=\"text-align: justify\">&gt;&gt; <a title=\"Planejamento\/A\u00e7\u00e3o\" href=\"https:\/\/wp.ufpel.edu.br\/obeducpacto\/obeduc-pacto\/planejamento-acao\/\">ATIVIDADES DESENVOLVIDAS<\/a><\/p>\n<p style=\"text-align: justify\">&gt;&gt; <a title=\"Equipe\" href=\"https:\/\/wp.ufpel.edu.br\/obeducpacto\/obeduc-pacto\/equipe\/\">EQUIPE\u00a0<\/a><\/p>\n<p style=\"text-align: justify\"><strong>OBEDUC PACTO \u2013 O PROJETO<\/strong><\/p>\n<p style=\"text-align: justify\">Explica\u00e7\u00e3o; Finalidade; P\u00fablico \u2013 Alvo; Parcerias ou Grupos de Pesquisa<\/p>\n<p style=\"text-align: justify\">O tema deste projeto \u00e9 o <strong>PACTO NACIONAL PELA ALFABETIZA\u00c7\u00c3O NA IDADE CERTA: Forma\u00e7\u00e3o continuada de professores e melhoria dos \u00edndices de leitura e escrita no ciclo inicial de alfabetiza\u00e7\u00e3o (1\u00ba ao 3\u00ba ano do ensino fundamental).<\/strong><\/p>\n<p style=\"text-align: justify\"><strong>Objetivo geral<\/strong><\/p>\n<p style=\"text-align: justify\">Acompanhar o processo de forma\u00e7\u00e3o continuada dos professores vinculados \u00e0s a\u00e7\u00f5es previstas pelo PACTO, verificando o efeito dessa forma\u00e7\u00e3o sobre os \u00edndices de leitura e escrita das crian\u00e7as.<\/p>\n<p style=\"text-align: justify\"><strong>Objetivos espec\u00edficos<\/strong><\/p>\n<p style=\"text-align: justify\">&#8211; Mapear e organizar os dados de desempenho em leitura e escrita dos munic\u00edpios da regi\u00e3o meridional do estado do Rio Grande do Sul, a partir dos dados do INEP, que participar\u00e3o das atividades de forma\u00e7\u00e3o do PACTO, desenvolvidas pela UFPel.<\/p>\n<p style=\"text-align: justify\">&#8211; Analisar os resultados da avalia\u00e7\u00e3o nacional da alfabetiza\u00e7\u00e3o (ANA), realizada pelo INEP, para os concluintes do 3\u00ba ano do Ensino Fundamental.<\/p>\n<p style=\"text-align: justify\">&#8211; Discutir os resultados decorrentes da Provinha Brasil, aplicada \u00e0s crian\u00e7as do 2\u00ba ano, nas forma\u00e7\u00f5es realizadas pelo Pacto, com os orientadores de estudos e professores cursistas, a fim de construir estrat\u00e9gias de interven\u00e7\u00e3o pedag\u00f3gica.<\/p>\n<p style=\"text-align: justify\">&#8211; Sistematizar aspectos decorrentes do processo de forma\u00e7\u00e3o continuada dos professores mediante an\u00e1lise de dados qualitativos que ser\u00e3o coletados durante as etapas de forma\u00e7\u00e3o presencial dos professores alfabetizadores.<\/p>\n<p style=\"text-align: justify\">&#8211; Coletar textos produzidos pelas crian\u00e7as, ao longo do ciclo de alfabetiza\u00e7\u00e3o, para monitorar seu processo de constru\u00e7\u00e3o do sistema de escrita alfab\u00e9tica verificando de que forma as interven\u00e7\u00f5es pedag\u00f3gicas propostas pelos professores alfabetizadores, participantes do Pacto, incidem no processo de aquisi\u00e7\u00e3o da escrita.<\/p>\n<p style=\"text-align: justify\">&#8211; Verificar de que forma os materiais e recursos did\u00e1ticos distribu\u00eddos pelo Minist\u00e9rio da Educa\u00e7\u00e3o \u00e0s escolas de Educa\u00e7\u00e3o B\u00e1sica est\u00e3o sendo utilizados e que estrat\u00e9gias de ensino (situa\u00e7\u00f5es did\u00e1ticas) est\u00e3o sendo organizadas. (O PACTO prev\u00ea a distribui\u00e7\u00e3o de um conjunto de obras complementares para estudo pelo professor, livros de literatura infantil para crian\u00e7as e jogos did\u00e1ticos).<\/p>\n<p style=\"text-align: justify\">Seu desenvolvimento articula-se em torno de tr\u00eas eixos:<\/p>\n<p style=\"text-align: justify\">1\u00ba Eixo: Dados do INEP (Censo Escolar, IDEB e Avalia\u00e7\u00e3o Anual Universal, concluintes 3\u00ba ano). Analisa dados relativos aos \u00edndices de leitura e escrita, divulgados pelo Censo Escolar e Avalia\u00e7\u00e3o Nacional da Alfabetiza\u00e7\u00e3o (ANA) a ser realizada com os concluintes do 3\u00ba ano do ensino fundamental (Item II, do Art 1\u00ba, das Diretrizes do Pacto, Portaria n\u00ba 867, de 4 de julho de 2012), pelo INEP.<\/p>\n<p style=\"text-align: justify\">2\u00ba Eixo: Provinha Brasil e Produ\u00e7\u00f5es Escritas das crian\u00e7as. Acompanha, analisa e discute o desempenho das crian\u00e7as de 2\u00ba ano na Provinha Brasil, com foco na ortografia, e em sua produ\u00e7\u00e3o escrita. Longitudinalmente, coleta e acompanha produ\u00e7\u00f5es escritas das crian\u00e7as de 1\u00ba ano, ingressantes em 2014, at\u00e9 2016, quando concluir\u00e3o o ciclo de alfabetiza\u00e7\u00e3o.<\/p>\n<p style=\"text-align: justify\">3\u00ba Eixo: A\u00e7\u00f5es de forma\u00e7\u00e3o do PACTO. Sistematiza e analisa as a\u00e7\u00f5es de forma\u00e7\u00e3o continuada que ser\u00e3o desenvolvidas a partir do PACTO, junto aos professores orientadores de estudo e cursistas da regi\u00e3o meridional do estado do Rio Grande do Sul.<\/p>\n<p style=\"text-align: justify\"><strong>P\u00fablico alvo:<\/strong><\/p>\n<p style=\"text-align: justify\">Crian\u00e7as e professoras alfabetizadoras do ciclo de alfabetiza\u00e7\u00e3o (1\u00ba ao 3\u00ba ano do ensino fundamental)<\/p>\n<p style=\"text-align: justify\"><strong>Grupos de pesquisa:<\/strong><\/p>\n<p style=\"text-align: justify\"><strong>GEALE<\/strong> \u2013 Grupo de Estudos sobre Aquisi\u00e7\u00e3o da L\u00edngua Escrita<\/p>\n<p style=\"text-align: justify\"><a href=\"https:\/\/wp.ufpel.edu.br\/geale\/\">https:\/\/wp.ufpel.edu.br\/geale\/<\/a><\/p>\n<p style=\"text-align: justify\"><strong>CIC<\/strong> \u2013 Crian\u00e7as, Inf\u00e2ncias e Culturas<\/p>\n<p style=\"text-align: justify\">\u00a0<a href=\"http:\/\/plsql1.cnpq.br\/buscaoperacional\/detalhegrupo.jsp?grupo=0045708ENV4GQX\">http:\/\/plsql1.cnpq.br\/buscaoperacional\/detalhegrupo.jsp?grupo=0045708ENV4GQX<\/a><\/p>\n<p style=\"text-align: justify\"><strong>\u00a0Relat\u00f3rios de Atividades do projeto Obeduc-Pacto\/CAPES:\u00a0<\/strong><\/p>\n<p style=\"text-align: justify\"><a href=\"https:\/\/wp.ufpel.edu.br\/obeducpacto\/files\/2013\/11\/2013-Relatorio-Projeto-UFPel.pdf\">2013\u00a0<\/a><\/p>\n<p style=\"text-align: justify\"><a href=\"https:\/\/wp.ufpel.edu.br\/obeducpacto\/files\/2013\/11\/2014-Relatorio-Projeto-UFPel.pdf\">2014\u00a0<\/a><\/p>\n<p style=\"text-align: justify\"><a href=\"https:\/\/wp.ufpel.edu.br\/obeducpacto\/obeduc-pacto\/2015relatorioparcial_projeto19245_ufpel_martanornberg_assinado\/\" rel=\"attachment wp-att-545\">2015 Relat\u00f3rio Parcial<\/a><\/p>\n","protected":false},"excerpt":{"rendered":"<p>&gt;&gt; ATIVIDADES DESENVOLVIDAS &gt;&gt; EQUIPE\u00a0 OBEDUC PACTO \u2013 O PROJETO Explica\u00e7\u00e3o; Finalidade; P\u00fablico \u2013 Alvo; Parcerias ou Grupos de Pesquisa O tema deste projeto \u00e9 o PACTO NACIONAL PELA ALFABETIZA\u00c7\u00c3O NA IDADE CERTA: Forma\u00e7\u00e3o continuada de professores e melhoria dos \u00edndices de leitura e escrita no ciclo inicial de alfabetiza\u00e7\u00e3o (1\u00ba ao 3\u00ba ano do [&hellip;]<\/p>\n","protected":false},"author":329,"featured_media":0,"parent":0,"menu_order":0,"comment_status":"closed","ping_status":"closed","template":"","meta":{"footnotes":""},"class_list":["post-37","page","type-page","status-publish","hentry"],"yoast_head":"<!-- This site is optimized with the Yoast SEO plugin v26.7 - https:\/\/yoast.com\/wordpress\/plugins\/seo\/ -->\n<title>OBEDUC Pacto (antiga) - OBEDUC - Pacto<\/title>\n<meta name=\"robots\" content=\"index, follow, max-snippet:-1, max-image-preview:large, max-video-preview:-1\" \/>\n<link rel=\"canonical\" href=\"https:\/\/wp.ufpel.edu.br\/obeducpacto\/obeduc-pacto-antiga\/\" \/>\n<meta property=\"og:locale\" content=\"pt_BR\" \/>\n<meta property=\"og:type\" content=\"article\" \/>\n<meta property=\"og:title\" content=\"OBEDUC Pacto (antiga) - OBEDUC - Pacto\" \/>\n<meta property=\"og:description\" content=\"&gt;&gt; ATIVIDADES DESENVOLVIDAS &gt;&gt; EQUIPE\u00a0 OBEDUC PACTO \u2013 O PROJETO Explica\u00e7\u00e3o; Finalidade; P\u00fablico \u2013 Alvo; Parcerias ou Grupos de Pesquisa O tema deste projeto \u00e9 o PACTO NACIONAL PELA ALFABETIZA\u00c7\u00c3O NA IDADE CERTA: Forma\u00e7\u00e3o continuada de professores e melhoria dos \u00edndices de leitura e escrita no ciclo inicial de alfabetiza\u00e7\u00e3o (1\u00ba ao 3\u00ba ano do [&hellip;]\" \/>\n<meta property=\"og:url\" content=\"https:\/\/wp.ufpel.edu.br\/obeducpacto\/obeduc-pacto-antiga\/\" \/>\n<meta property=\"og:site_name\" content=\"OBEDUC - Pacto\" \/>\n<meta property=\"article:modified_time\" content=\"2025-08-28T03:12:59+00:00\" \/>\n<meta name=\"twitter:card\" content=\"summary_large_image\" \/>\n<meta name=\"twitter:label1\" content=\"Est. tempo de leitura\" \/>\n\t<meta name=\"twitter:data1\" content=\"3 minutos\" \/>\n<script type=\"application\/ld+json\" class=\"yoast-schema-graph\">{\"@context\":\"https:\/\/schema.org\",\"@graph\":[{\"@type\":\"WebPage\",\"@id\":\"https:\/\/wp.ufpel.edu.br\/obeducpacto\/obeduc-pacto-antiga\/\",\"url\":\"https:\/\/wp.ufpel.edu.br\/obeducpacto\/obeduc-pacto-antiga\/\",\"name\":\"OBEDUC Pacto (antiga) - OBEDUC - Pacto\",\"isPartOf\":{\"@id\":\"https:\/\/wp.ufpel.edu.br\/obeducpacto\/#website\"},\"datePublished\":\"2013-11-20T03:27:04+00:00\",\"dateModified\":\"2025-08-28T03:12:59+00:00\",\"breadcrumb\":{\"@id\":\"https:\/\/wp.ufpel.edu.br\/obeducpacto\/obeduc-pacto-antiga\/#breadcrumb\"},\"inLanguage\":\"pt-BR\",\"potentialAction\":[{\"@type\":\"ReadAction\",\"target\":[\"https:\/\/wp.ufpel.edu.br\/obeducpacto\/obeduc-pacto-antiga\/\"]}]},{\"@type\":\"BreadcrumbList\",\"@id\":\"https:\/\/wp.ufpel.edu.br\/obeducpacto\/obeduc-pacto-antiga\/#breadcrumb\",\"itemListElement\":[{\"@type\":\"ListItem\",\"position\":1,\"name\":\"In\u00edcio\",\"item\":\"https:\/\/wp.ufpel.edu.br\/obeducpacto\/\"},{\"@type\":\"ListItem\",\"position\":2,\"name\":\"OBEDUC Pacto (antiga)\"}]},{\"@type\":\"WebSite\",\"@id\":\"https:\/\/wp.ufpel.edu.br\/obeducpacto\/#website\",\"url\":\"https:\/\/wp.ufpel.edu.br\/obeducpacto\/\",\"name\":\"OBEDUC - Pacto\",\"description\":\"Universidade Federal de Pelotas\",\"publisher\":{\"@id\":\"https:\/\/wp.ufpel.edu.br\/obeducpacto\/#organization\"},\"potentialAction\":[{\"@type\":\"SearchAction\",\"target\":{\"@type\":\"EntryPoint\",\"urlTemplate\":\"https:\/\/wp.ufpel.edu.br\/obeducpacto\/?s={search_term_string}\"},\"query-input\":{\"@type\":\"PropertyValueSpecification\",\"valueRequired\":true,\"valueName\":\"search_term_string\"}}],\"inLanguage\":\"pt-BR\"},{\"@type\":\"Organization\",\"@id\":\"https:\/\/wp.ufpel.edu.br\/obeducpacto\/#organization\",\"name\":\"OBEDUC - Pacto\",\"url\":\"https:\/\/wp.ufpel.edu.br\/obeducpacto\/\",\"logo\":{\"@type\":\"ImageObject\",\"inLanguage\":\"pt-BR\",\"@id\":\"https:\/\/wp.ufpel.edu.br\/obeducpacto\/#\/schema\/logo\/image\/\",\"url\":\"https:\/\/wp.ufpel.edu.br\/obeducpacto\/files\/2025\/08\/OBEDUC-Pacto-Marca-G-TRANPARENTE.png\",\"contentUrl\":\"https:\/\/wp.ufpel.edu.br\/obeducpacto\/files\/2025\/08\/OBEDUC-Pacto-Marca-G-TRANPARENTE.png\",\"width\":1000,\"height\":906,\"caption\":\"OBEDUC - Pacto\"},\"image\":{\"@id\":\"https:\/\/wp.ufpel.edu.br\/obeducpacto\/#\/schema\/logo\/image\/\"}}]}<\/script>\n<!-- \/ Yoast SEO plugin. -->","yoast_head_json":{"title":"OBEDUC Pacto (antiga) - OBEDUC - Pacto","robots":{"index":"index","follow":"follow","max-snippet":"max-snippet:-1","max-image-preview":"max-image-preview:large","max-video-preview":"max-video-preview:-1"},"canonical":"https:\/\/wp.ufpel.edu.br\/obeducpacto\/obeduc-pacto-antiga\/","og_locale":"pt_BR","og_type":"article","og_title":"OBEDUC Pacto (antiga) - OBEDUC - Pacto","og_description":"&gt;&gt; ATIVIDADES DESENVOLVIDAS &gt;&gt; EQUIPE\u00a0 OBEDUC PACTO \u2013 O PROJETO Explica\u00e7\u00e3o; Finalidade; P\u00fablico \u2013 Alvo; Parcerias ou Grupos de Pesquisa O tema deste projeto \u00e9 o PACTO NACIONAL PELA ALFABETIZA\u00c7\u00c3O NA IDADE CERTA: Forma\u00e7\u00e3o continuada de professores e melhoria dos \u00edndices de leitura e escrita no ciclo inicial de alfabetiza\u00e7\u00e3o (1\u00ba ao 3\u00ba ano do [&hellip;]","og_url":"https:\/\/wp.ufpel.edu.br\/obeducpacto\/obeduc-pacto-antiga\/","og_site_name":"OBEDUC - Pacto","article_modified_time":"2025-08-28T03:12:59+00:00","twitter_card":"summary_large_image","twitter_misc":{"Est. tempo de leitura":"3 minutos"},"schema":{"@context":"https:\/\/schema.org","@graph":[{"@type":"WebPage","@id":"https:\/\/wp.ufpel.edu.br\/obeducpacto\/obeduc-pacto-antiga\/","url":"https:\/\/wp.ufpel.edu.br\/obeducpacto\/obeduc-pacto-antiga\/","name":"OBEDUC Pacto (antiga) - OBEDUC - Pacto","isPartOf":{"@id":"https:\/\/wp.ufpel.edu.br\/obeducpacto\/#website"},"datePublished":"2013-11-20T03:27:04+00:00","dateModified":"2025-08-28T03:12:59+00:00","breadcrumb":{"@id":"https:\/\/wp.ufpel.edu.br\/obeducpacto\/obeduc-pacto-antiga\/#breadcrumb"},"inLanguage":"pt-BR","potentialAction":[{"@type":"ReadAction","target":["https:\/\/wp.ufpel.edu.br\/obeducpacto\/obeduc-pacto-antiga\/"]}]},{"@type":"BreadcrumbList","@id":"https:\/\/wp.ufpel.edu.br\/obeducpacto\/obeduc-pacto-antiga\/#breadcrumb","itemListElement":[{"@type":"ListItem","position":1,"name":"In\u00edcio","item":"https:\/\/wp.ufpel.edu.br\/obeducpacto\/"},{"@type":"ListItem","position":2,"name":"OBEDUC Pacto (antiga)"}]},{"@type":"WebSite","@id":"https:\/\/wp.ufpel.edu.br\/obeducpacto\/#website","url":"https:\/\/wp.ufpel.edu.br\/obeducpacto\/","name":"OBEDUC - Pacto","description":"Universidade Federal de Pelotas","publisher":{"@id":"https:\/\/wp.ufpel.edu.br\/obeducpacto\/#organization"},"potentialAction":[{"@type":"SearchAction","target":{"@type":"EntryPoint","urlTemplate":"https:\/\/wp.ufpel.edu.br\/obeducpacto\/?s={search_term_string}"},"query-input":{"@type":"PropertyValueSpecification","valueRequired":true,"valueName":"search_term_string"}}],"inLanguage":"pt-BR"},{"@type":"Organization","@id":"https:\/\/wp.ufpel.edu.br\/obeducpacto\/#organization","name":"OBEDUC - Pacto","url":"https:\/\/wp.ufpel.edu.br\/obeducpacto\/","logo":{"@type":"ImageObject","inLanguage":"pt-BR","@id":"https:\/\/wp.ufpel.edu.br\/obeducpacto\/#\/schema\/logo\/image\/","url":"https:\/\/wp.ufpel.edu.br\/obeducpacto\/files\/2025\/08\/OBEDUC-Pacto-Marca-G-TRANPARENTE.png","contentUrl":"https:\/\/wp.ufpel.edu.br\/obeducpacto\/files\/2025\/08\/OBEDUC-Pacto-Marca-G-TRANPARENTE.png","width":1000,"height":906,"caption":"OBEDUC - Pacto"},"image":{"@id":"https:\/\/wp.ufpel.edu.br\/obeducpacto\/#\/schema\/logo\/image\/"}}]}},"_links":{"self":[{"href":"https:\/\/wp.ufpel.edu.br\/obeducpacto\/wp-json\/wp\/v2\/pages\/37","targetHints":{"allow":["GET"]}}],"collection":[{"href":"https:\/\/wp.ufpel.edu.br\/obeducpacto\/wp-json\/wp\/v2\/pages"}],"about":[{"href":"https:\/\/wp.ufpel.edu.br\/obeducpacto\/wp-json\/wp\/v2\/types\/page"}],"author":[{"embeddable":true,"href":"https:\/\/wp.ufpel.edu.br\/obeducpacto\/wp-json\/wp\/v2\/users\/329"}],"replies":[{"embeddable":true,"href":"https:\/\/wp.ufpel.edu.br\/obeducpacto\/wp-json\/wp\/v2\/comments?post=37"}],"version-history":[{"count":3,"href":"https:\/\/wp.ufpel.edu.br\/obeducpacto\/wp-json\/wp\/v2\/pages\/37\/revisions"}],"predecessor-version":[{"id":1733,"href":"https:\/\/wp.ufpel.edu.br\/obeducpacto\/wp-json\/wp\/v2\/pages\/37\/revisions\/1733"}],"wp:attachment":[{"href":"https:\/\/wp.ufpel.edu.br\/obeducpacto\/wp-json\/wp\/v2\/media?parent=37"}],"curies":[{"name":"wp","href":"https:\/\/api.w.org\/{rel}","templated":true}]}}