{"id":18,"date":"2025-02-05T14:45:35","date_gmt":"2025-02-05T17:45:35","guid":{"rendered":"https:\/\/curso-wp.ufpel.edu.br\/obeducteste\/?page_id=18"},"modified":"2025-08-28T00:12:51","modified_gmt":"2025-08-28T03:12:51","slug":"obeduc-pacto","status":"publish","type":"page","link":"https:\/\/wp.ufpel.edu.br\/obeducpacto\/obeduc-pacto\/","title":{"rendered":"OBEDUC &#8211; Pacto"},"content":{"rendered":"<div id=\"pl-18\"  class=\"panel-layout\" ><div id=\"pg-18-0\"  class=\"panel-grid panel-no-style\" ><div id=\"pgc-18-0-0\"  class=\"panel-grid-cell\" ><div id=\"panel-18-0-0-0\" class=\"so-panel widget widget_sow-editor panel-first-child\" data-index=\"0\" ><div\n\t\t\t\n\t\t\tclass=\"so-widget-sow-editor so-widget-sow-editor-base\"\n\t\t\t\n\t\t>\n<div class=\"siteorigin-widget-tinymce textwidget\">\n\t<p>O tema deste projeto \u00e9 o <strong>PACTO NACIONAL PELA ALFABETIZA\u00c7\u00c3O NA IDADE CERTA: Forma\u00e7\u00e3o continuada de professores e melhoria dos \u00edndices de leitura e escrita no ciclo inicial de alfabetiza\u00e7\u00e3o (1\u00ba ao 3\u00ba ano do ensino fundamental).<\/strong><\/p>\n<p><strong>Objetivo geral<br \/>\n<\/strong>Acompanhar o processo de forma\u00e7\u00e3o continuada dos professores vinculados \u00e0s a\u00e7\u00f5es previstas pelo PACTO, verificando o efeito dessa forma\u00e7\u00e3o sobre os \u00edndices de leitura e escrita das crian\u00e7as.<\/p>\n<p><strong>Objetivos espec\u00edficos<br \/>\n<\/strong>\u2022 Mapear e organizar os dados de desempenho em leitura e escrita dos munic\u00edpios da regi\u00e3o meridional do estado do Rio Grande do Sul, a partir dos dados do INEP, que participar\u00e3o das atividades de forma\u00e7\u00e3o do PACTO, desenvolvidas pela UFPel.<br \/>\n\u2022 Analisar os resultados da avalia\u00e7\u00e3o nacional da alfabetiza\u00e7\u00e3o (ANA), realizada pelo INEP, para os concluintes do 3\u00ba ano do Ensino Fundamental.<br \/>\n\u2022 Discutir os resultados decorrentes da Provinha Brasil, aplicada \u00e0s crian\u00e7as do 2\u00ba ano, nas forma\u00e7\u00f5es realizadas pelo Pacto, com os orientadores de estudos e professores cursistas, a fim de construir estrat\u00e9gias de interven\u00e7\u00e3o pedag\u00f3gica.<br \/>\n\u2022 Sistematizar aspectos decorrentes do processo de forma\u00e7\u00e3o continuada dos professores mediante an\u00e1lise de dados qualitativos que ser\u00e3o coletados durante as etapas de forma\u00e7\u00e3o presencial dos professores alfabetizadores.<br \/>\n\u2022 Coletar textos produzidos pelas crian\u00e7as, ao longo do ciclo de alfabetiza\u00e7\u00e3o, para monitorar seu processo de constru\u00e7\u00e3o do sistema de escrita alfab\u00e9tica verificando de que forma as interven\u00e7\u00f5es pedag\u00f3gicas propostas pelos professores alfabetizadores, participantes do Pacto, incidem no processo de aquisi\u00e7\u00e3o da escrita.<br \/>\n\u2022 Verificar de que forma os materiais e recursos did\u00e1ticos distribu\u00eddos pelo Minist\u00e9rio da Educa\u00e7\u00e3o \u00e0s escolas de Educa\u00e7\u00e3o B\u00e1sica est\u00e3o sendo utilizados e que estrat\u00e9gias de ensino (situa\u00e7\u00f5es did\u00e1ticas) est\u00e3o sendo organizadas. (O PACTO prev\u00ea a distribui\u00e7\u00e3o de um conjunto de obras complementares para estudo pelo professor, livros de literatura infantil para crian\u00e7as e jogos did\u00e1ticos).<\/p>\n<p><strong>Seu desenvolvimento articula-se em torno de tr\u00eas eixos:<br \/>\n1\u00ba Eixo:<\/strong> Dados do INEP (Censo Escolar, IDEB e Avalia\u00e7\u00e3o Anual Universal, concluintes 3\u00ba ano). Analisa dados relativos aos \u00edndices de leitura e escrita, divulgados pelo Censo Escolar e Avalia\u00e7\u00e3o Nacional da Alfabetiza\u00e7\u00e3o (ANA) a ser realizada com os concluintes do 3\u00ba ano do ensino fundamental (Item II, do Art 1\u00ba, das Diretrizes do Pacto, Portaria n\u00ba 867, de 4 de julho de 2012), pelo INEP.<br \/>\n<strong>2\u00ba Eixo:<\/strong> Provinha Brasil e Produ\u00e7\u00f5es Escritas das crian\u00e7as. Acompanha, analisa e discute o desempenho das crian\u00e7as de 2\u00ba ano na Provinha Brasil, com foco na ortografia, e em sua produ\u00e7\u00e3o escrita. Longitudinalmente, coleta e acompanha produ\u00e7\u00f5es escritas das crian\u00e7as de 1\u00ba ano, ingressantes em 2014, at\u00e9 2016, quando concluir\u00e3o o ciclo de alfabetiza\u00e7\u00e3o.<br \/>\n<strong>3\u00ba Eixo:<\/strong> A\u00e7\u00f5es de forma\u00e7\u00e3o do PACTO. Sistematiza e analisa as a\u00e7\u00f5es de forma\u00e7\u00e3o continuada que ser\u00e3o desenvolvidas a partir do PACTO, junto aos professores orientadores de estudo e cursistas da regi\u00e3o meridional do estado do Rio Grande do Sul.<\/p>\n<p><strong>P\u00fablico alvo:<br \/>\n<\/strong>Crian\u00e7as e professoras alfabetizadoras do ciclo de alfabetiza\u00e7\u00e3o (1\u00ba ao 3\u00ba ano do ensino fundamental)<\/p>\n<p><strong>Grupos de pesquisa:<br \/>\n<\/strong><a href=\"https:\/\/wp.ufpel.edu.br\/geale\/\"><strong>GEALE<\/strong> \u2013 Grupo de Estudos sobre Aquisi\u00e7\u00e3o da L\u00edngua Escrita<\/a><br \/>\n<a href=\"http:\/\/plsql1.cnpq.br\/buscaoperacional\/detalhegrupo.jsp?grupo=0045708ENV4GQX\"><strong>CIC<\/strong>\u00a0\u2013 Crian\u00e7as, Inf\u00e2ncias e Culturas<\/a><\/p>\n<details>\n<summary>Relat\u00f3rios parciais do projeto<\/summary>\n<p>Relat\u00f3rio Parcial\u00a0<a href=\"https:\/\/wp.ufpel.edu.br\/obeducpacto\/files\/2016\/04\/2017RelatorioProjeto.pdf\">2017<\/a><br \/>\nRelat\u00f3rio Parcial <a href=\"https:\/\/wp.ufpel.edu.br\/obeducpacto\/files\/2016\/04\/2016RelatorioProjeto19245_UFPel_MartaNornberg_Assinado_ProReitorPesquisa.pdf\">2016<\/a><br \/>\nRelat\u00f3rio Parcial <a href=\"https:\/\/wp.ufpel.edu.br\/obeducpacto\/files\/2013\/11\/2015RelatorioPARCIAL_Projeto19245_UFPEL_MartaNornberg_assinado.pdf\" rel=\"\">2015<\/a><br \/>\nRelat\u00f3rio Parcial <a href=\"https:\/\/wp.ufpel.edu.br\/obeducpacto\/files\/2013\/11\/2014-Relatorio-Projeto-UFPel.pdf\" rel=\"\">2014<\/a><br \/>\nRelat\u00f3rio Parcial <a href=\"https:\/\/wp.ufpel.edu.br\/obeducpacto\/files\/2013\/11\/2013-Relatorio-Projeto-UFPel.pdf\" rel=\"\">2013<\/a><\/p>\n<\/details>\n<details>\n<summary>Relat\u00f3rios de viagem<\/summary>\n<p><a href=\"https:\/\/wp.ufpel.edu.br\/obeducpacto\/files\/2016\/04\/BIC_ALINE_COLETA_POA_NOV2015_RelatorioViagem.doc\" rel=\"\">Aline Teixeira de Oliveira<\/a>\u00a0\u2013 Bolsista de Inicia\u00e7\u00e3o Cient\u00edfica Obeduc\/CAPES<br \/>\n<a href=\"https:\/\/wp.ufpel.edu.br\/obeducpacto\/files\/2016\/04\/BIC_GABRIELA_COLETA_POA_NOV2015_RelatorioViagem.doc\" rel=\"\">Gabriela Schander Braga<\/a>\u00a0\u2013 Bolsista de Inicia\u00e7\u00e3o Cient\u00edfica Obeduc\/CAPES<br \/>\n<a href=\"https:\/\/wp.ufpel.edu.br\/obeducpacto\/files\/2016\/04\/BIC_JOSIANEJARLINEJAGER_COLETA_POA_NOV2015_RelatorioViagem.doc\" rel=\"\">Josiane Jarline J\u00e4ger<\/a>\u00a0\u2013\u00a0Bolsista de Inicia\u00e7\u00e3o Cient\u00edfica Obeduc\/CAPES<br \/>\n<a href=\"https:\/\/wp.ufpel.edu.br\/obeducpacto\/files\/2016\/04\/BIC_LISSA_COLETA_POA_NOV2015_RelatorioViagem.doc\" rel=\"\">Lissa Pachalski<\/a>\u00a0\u2013\u00a0Bolsista de Inicia\u00e7\u00e3o Cient\u00edfica Obeduc\/CAPES<br \/>\n<a href=\"https:\/\/wp.ufpel.edu.br\/obeducpacto\/files\/2016\/04\/BIC_LUIZASOUTO_COLETA_POA_NOV2015_RelatorioViagem.doc\" rel=\"\">Luiza Kerstner Souto<\/a>\u00a0\u2013Bolsista de Inicia\u00e7\u00e3o Cient\u00edfica Obeduc\/CAPES<br \/>\n<a href=\"https:\/\/wp.ufpel.edu.br\/obeducpacto\/files\/2016\/04\/VOLUNTARIA_JAINE_COLETA_POA_NOV2015_RelatorioViagem.doc\" rel=\"\">Ja\u00edne Telles Quevedo<\/a>\u00a0\u2013 Bolsista volunt\u00e1ria<br \/>\n<a href=\"https:\/\/wp.ufpel.edu.br\/obeducpacto\/files\/2016\/04\/VOLUNTARIA_JAQUELINE_POA_NOV2015_RelatorioViagem-1.doc\" rel=\"\">Jaqueline Costa Rodrigues\u00a0<\/a>\u00a0\u2013 Bolsista volunt\u00e1ria<br \/>\n<a href=\"https:\/\/wp.ufpel.edu.br\/obeducpacto\/files\/2016\/04\/VOLUNTARIA_JERUZA_COLETA_POA_NOV2015_RelatorioViagem-1.doc\" rel=\"\">Jeruza da Rocha Rosa<\/a>\u00a0\u2013 Bolsista de doutorado Obeduc\/CAPES<\/p>\n<\/details>\n<\/div>\n<\/div><\/div><div id=\"panel-18-0-0-1\" class=\"so-panel widget widget_sow-accordion panel-last-child\" data-index=\"1\" ><div\n\t\t\t\n\t\t\tclass=\"so-widget-sow-accordion so-widget-sow-accordion-default-d9295f5bfa93-18\"\n\t\t\t\n\t\t><div>\n\t<div class=\"sow-accordion\">\n\t\t\t<div class=\"sow-accordion-panel\n\t\t\t\t\"\n\t\t\tdata-anchor-id=\"equipe\">\n\t\t\t\t<div class=\"sow-accordion-panel-header-container\" role=\"heading\" aria-level=\"2\">\n\t\t\t\t\t<div class=\"sow-accordion-panel-header\" tabindex=\"0\" role=\"button\" id=\"accordion-label-equipe\" aria-controls=\"accordion-content-equipe\" aria-expanded=\"false\">\n\t\t\t\t\t\t<div class=\"sow-accordion-title sow-accordion-title-icon-left\">\n\t\t\t\t\t\t\t\t\t\t\t\t\t\tEquipe\t\t\t\t\t\t\t\t\t\t\t\t\t<\/div>\n\t\t\t\t\t\t<div class=\"sow-accordion-open-close-button\">\n\t\t\t\t\t\t\t<div class=\"sow-accordion-open-button\">\n\t\t\t\t\t\t\t\t<span class=\"sow-icon-ionicons\" data-sow-icon=\"&#xf218;\"\n\t\t \n\t\taria-hidden=\"true\"><\/span>\t\t\t\t\t\t\t<\/div>\n\t\t\t\t\t\t\t<div class=\"sow-accordion-close-button\">\n\t\t\t\t\t\t\t\t<span class=\"sow-icon-ionicons\" data-sow-icon=\"&#xf209;\"\n\t\t \n\t\taria-hidden=\"true\"><\/span>\t\t\t\t\t\t\t<\/div>\n\t\t\t\t\t\t<\/div>\n\t\t\t\t\t<\/div>\n\t\t\t\t<\/div>\n\n\t\t\t<div\n\t\t\t\tclass=\"sow-accordion-panel-content\"\n\t\t\t\trole=\"region\"\n\t\t\t\taria-labelledby=\"accordion-label-equipe\"\n\t\t\t\tid=\"accordion-content-equipe\"\n\t\t\t\tstyle=\"display: none;\"\t\t\t>\n\t\t\t\t<div class=\"sow-accordion-panel-border\">\n\t\t\t\t\t<table dir=\"ltr\" style=\"height: 0px\" border=\"0\" cellspacing=\"0\" cellpadding=\"0\" data-sheets-root=\"1\" data-sheets-baot=\"1\">\n<colgroup>\n<col width=\"244\" \/>\n<col width=\"508\" \/><\/colgroup>\n<tbody>\n<tr>\n<td colspan=\"2\" rowspan=\"1\"><strong>Coordena\u00e7\u00e3o geral:<\/strong> Profa Dra Marta N\u00f6rnberg (UFPEL)<\/td>\n<\/tr>\n<tr>\n<td colspan=\"2\" rowspan=\"1\"><strong>Colaboradores:<\/strong><\/td>\n<\/tr>\n<tr>\n<td colspan=\"2\" rowspan=\"1\">Dra. Ana Ruth Moresco Miranda (UFPEL)<\/td>\n<\/tr>\n<tr>\n<td colspan=\"2\" rowspan=\"1\">Dra. Gilceane Caetano Porto (UFPEL)<\/td>\n<\/tr>\n<tr>\n<td colspan=\"2\" rowspan=\"1\">Dra. Patr\u00edcia dos Santos Moura (UNIPAMPA)<\/td>\n<\/tr>\n<tr>\n<td colspan=\"2\" rowspan=\"1\">Dra Ana Paula Nobre da Cunha (UFPEL)<\/td>\n<\/tr>\n<tr>\n<td colspan=\"2\" rowspan=\"1\">Dr. Edgar Roberto Kirchof (ULBRA)<\/td>\n<\/tr>\n<tr>\n<td colspan=\"2\" rowspan=\"1\">Dra. Maria Helena Mascarenhas (UFPel-bolsista pro-doc)<\/td>\n<\/tr>\n<\/tbody>\n<\/table>\n<hr \/>\n<table dir=\"ltr\" style=\"height: 25px\" border=\"0\" cellspacing=\"0\" cellpadding=\"0\" data-sheets-root=\"1\" data-sheets-baot=\"1\">\n<colgroup>\n<col width=\"244\" \/>\n<col width=\"508\" \/><\/colgroup>\n<tbody>\n<tr style=\"height: 10px\">\n<td style=\"height: 10px\" colspan=\"2\" rowspan=\"1\"><strong>Estudantes de P\u00f3s-Gradua\u00e7\u00e3o (mestrado e doutorado)<\/strong><\/td>\n<\/tr>\n<tr style=\"height: 10px\">\n<td style=\"height: 10px\">Luiza Kerstner Souto<\/td>\n<td style=\"height: 10px\">Mestrado (2018-2020) \u2013 Capes\/DS<\/td>\n<\/tr>\n<tr style=\"height: 24px\">\n<td style=\"height: 24px\">Leticia Pacheco dos Reis<\/td>\n<td style=\"height: 24px\">Mestrado (2018-2020)<\/td>\n<\/tr>\n<tr style=\"height: 24px\">\n<td style=\"height: 24px\">Josiane Jarline J\u00e4ger<\/td>\n<td style=\"height: 24px\">Mestrado (2017-2019) \u2013 Capes\/DS<\/td>\n<\/tr>\n<tr style=\"height: 24px\">\n<td style=\"height: 24px\">Juliana Mendes Oliveira<\/td>\n<td style=\"height: 24px\">Mestrado (2016-2018) \u2013 Capes\/Obeduc<\/td>\n<\/tr>\n<tr style=\"height: 24px\">\n<td style=\"height: 24px\">Silvia Nilceia Goncalves<\/td>\n<td style=\"height: 24px\">Mestrado (2015-2017) \u2013 Capes\/Obeduc<\/td>\n<\/tr>\n<tr style=\"height: 24px\">\n<td style=\"height: 24px\">Igor Daniel Martins Pereira<\/td>\n<td style=\"height: 24px\">Mestrado (2013-2015) \u2013 Capes\/Obeduc<\/td>\n<\/tr>\n<tr style=\"height: 24px\">\n<td style=\"height: 24px\">Glediane S. Goetzke da Rosa<\/td>\n<td style=\"height: 24px\">Mestrado (2013-2015) \u2013 Capes\/Obeduc<\/td>\n<\/tr>\n<tr style=\"height: 24px\">\n<td style=\"height: 24px\">Rosiani T. Soares Machado<\/td>\n<td style=\"height: 24px\">Mestrado (2013-2014) \u2013 Capes\/Obeduc<\/td>\n<\/tr>\n<tr style=\"height: 24px\">\n<td style=\"height: 24px\">Katlen B\u00f6hm Grando<\/td>\n<td style=\"height: 24px\">Doutorado (2014-2018)<\/td>\n<\/tr>\n<tr style=\"height: 24px\">\n<td style=\"height: 24px\">Carmen R. G. Ferreira<\/td>\n<td style=\"height: 24px\">Doutorado (2013-2016) \u2013 Capes\/Obeduc<\/td>\n<\/tr>\n<\/tbody>\n<\/table>\n<hr \/>\n<table dir=\"ltr\" style=\"height: 0px\" border=\"0\" cellspacing=\"0\" cellpadding=\"0\" data-sheets-root=\"1\" data-sheets-baot=\"1\">\n<colgroup>\n<col width=\"244\" \/>\n<col width=\"508\" \/><\/colgroup>\n<tbody>\n<tr>\n<td colspan=\"2\" rowspan=\"1\"><strong>Bolsista Inicia\u00e7\u00e3o Cient\u00edfica<\/strong><\/td>\n<\/tr>\n<tr>\n<td>Maur\u00edcio Cardoso Dias<\/td>\n<td>Pedagogia (2017-2018) CNPq\/Pibic<\/td>\n<\/tr>\n<tr>\n<td>Milena Venzke Kaadt<\/td>\n<td>Pedagogia (2017-2018) UFPel\/AFIP<\/td>\n<\/tr>\n<tr>\n<td>Gabriella V. Martins<\/td>\n<td>Pedagogia (2017-2018) \u2013 CNPq-Pibic<\/td>\n<\/tr>\n<tr>\n<td>Aline Teixeira de Oliveira<\/td>\n<td>Pedagogia (2013-2017) \u2013 Capes\/Obeduc<\/td>\n<\/tr>\n<tr>\n<td>Gabriela Schander Braga<\/td>\n<td>Jornalismo (2015-2017) \u2013 Capes\/Obeduc<\/td>\n<\/tr>\n<tr>\n<td>Carolina Rocke da Costa<\/td>\n<td>Pedagogia (2014-2017) \u2013 CNPq\/Pibic<\/td>\n<\/tr>\n<tr>\n<td>Luiza Kerstner Souto<\/td>\n<td>Pedagogia (2014-2017) \u2013 Capes\/Obeduc; Fapergs-Probic<\/td>\n<\/tr>\n<tr>\n<td>Heitor A. G. Almeida<\/td>\n<td>Ci\u00eancias da Computa\u00e7\u00e3o (2016-2017) \u2013 Capes\/Obeduc<\/td>\n<\/tr>\n<tr>\n<td>Joana Luisa Krupp<\/td>\n<td>Design Gr\u00e1fico (2016-2017) \u2013 Capes\/Obeduc<\/td>\n<\/tr>\n<tr>\n<td>Mar\u00edlia M\u00fcller dos Santos<\/td>\n<td>Pedagogia (2016-2017) \u2013 Capes\/Obeduc<\/td>\n<\/tr>\n<tr>\n<td>Patr\u00edcia Moreno Ribeiro<\/td>\n<td>Ci\u00eancias da Computa\u00e7\u00e3o (2016-2017) \u2013 Capes\/Obeduc<\/td>\n<\/tr>\n<tr>\n<td>Renata Behling de Mello<\/td>\n<td>Pedagogia (2016-2017) \u2013 Capes\/Obeduc<\/td>\n<\/tr>\n<tr>\n<td>Valeria Bach Pereira<\/td>\n<td>Pedagogia (2013-2014; 2016-2017) \u2013 Capes\/Obeduc<\/td>\n<\/tr>\n<tr>\n<td>Nath\u00e1lia Gotardo Dutra<\/td>\n<td>Cinema (2017) \u2013 Capes\/Obeduc<\/td>\n<\/tr>\n<tr>\n<td>Bruno S. P. de Oliveira<\/td>\n<td>Cinema (2016-2017) \u2013 Capes\/Obeduc<\/td>\n<\/tr>\n<tr>\n<td>Lissa Pachalski<\/td>\n<td>Pedagogia (2014-2016) \u2013 Capes\/Obeduc<\/td>\n<\/tr>\n<tr>\n<td>Josiane J. Jager<\/td>\n<td>Pedagogia (2013-2016) \u2013 Capes\/Obeduc<\/td>\n<\/tr>\n<tr>\n<td>Raissa Cardoso Amaral<\/td>\n<td>Letras (2013-2015) \u2013 Capes\/Obeduc<\/td>\n<\/tr>\n<tr>\n<td>Ellem R. M. de Borba<\/td>\n<td>Letras (2013-2014) \u2013 Capes\/Obeduc<\/td>\n<\/tr>\n<tr>\n<td>Guilherme G. Moreira<\/td>\n<td>Pedagogia (2013-2014) \u2013 Capes\/Obeduc<\/td>\n<\/tr>\n<tr>\n<td>Jessica A. L. da Rosa<\/td>\n<td>Pedagogia (2013-2014) \u2013 Capes\/Obeduc<\/td>\n<\/tr>\n<\/tbody>\n<\/table>\n<hr \/>\n<table dir=\"ltr\" style=\"height: 0px\" border=\"0\" cellspacing=\"0\" cellpadding=\"0\" data-sheets-root=\"1\" data-sheets-baot=\"1\">\n<colgroup>\n<col width=\"244\" \/>\n<col width=\"508\" \/><\/colgroup>\n<tbody>\n<tr>\n<td colspan=\"2\" rowspan=\"1\"><strong>Bolsista de Educa\u00e7\u00e3o B\u00e1sica \u2013 Capes\/Obeduc<\/strong><\/td>\n<\/tr>\n<tr>\n<td>Arita Mendes Duarte<\/td>\n<td>Professora da Rede Municipal de Ensino Pelotas (2014-2017)<\/td>\n<\/tr>\n<tr>\n<td>Aline Barbosa Batista<\/td>\n<td>Professora da Rede Municipal de Ensino Pelotas (2015-2017)<\/td>\n<\/tr>\n<tr>\n<td>Juliana M. Oliveira Jardim<\/td>\n<td>Professora da Rede Municipal de Ensino Pelotas (2013-2016)<\/td>\n<\/tr>\n<tr>\n<td>Valeria A. Coelho Islab\u00e3o<\/td>\n<td>Professora da Rede Municipal de Ensino Pelotas (2013-2017)<\/td>\n<\/tr>\n<tr>\n<td>Leticia Pacheco dos Reis<\/td>\n<td>Professora da Rede Municipal de Ensino Porto Alegre (2013-2017)<\/td>\n<\/tr>\n<tr>\n<td>Liliana Fraga dos Santos<\/td>\n<td>Professora da Rede Municipal de Ensino Porto Alegre (2013-2015)<\/td>\n<\/tr>\n<tr>\n<td>Silvia Nilceia Goncalves<\/td>\n<td>Professora da Rede Municipal de Ensino Porto Alegre (2013-2015)<\/td>\n<\/tr>\n<\/tbody>\n<\/table>\n<hr \/>\n<table dir=\"ltr\" style=\"height: 0px\" border=\"0\" cellspacing=\"0\" cellpadding=\"0\" data-sheets-root=\"1\" data-sheets-baot=\"1\">\n<colgroup>\n<col width=\"244\" \/>\n<col width=\"508\" \/><\/colgroup>\n<tbody>\n<tr style=\"height: 24px\">\n<td style=\"height: 24px\" colspan=\"2\" rowspan=\"1\"><strong>Bolsista de Extens\u00e3o UFPEL<\/strong><\/td>\n<\/tr>\n<tr style=\"height: 24px\">\n<td style=\"height: 24px\">Shaiane Pizani Silveira<\/td>\n<td style=\"height: 24px\">Pedagogia (2019) \u2013 UFPel-PBA<\/td>\n<\/tr>\n<tr style=\"height: 24px\">\n<td style=\"height: 24px\">D\u00e9bora Hartwig Wendler<\/td>\n<td style=\"height: 24px\">Pedagogia (2018) \u2013 UFPel-PBA<\/td>\n<\/tr>\n<tr style=\"height: 24px\">\n<td style=\"height: 24px\">Gabriela Schander Braga<\/td>\n<td style=\"height: 24px\">Curso de Jornalismo (2017) \u2013 UFPel-PBA<\/td>\n<\/tr>\n<\/tbody>\n<\/table>\n<hr \/>\n<table dir=\"ltr\" style=\"height: 0px\" border=\"0\" cellspacing=\"0\" cellpadding=\"0\" data-sheets-root=\"1\" data-sheets-baot=\"1\">\n<colgroup>\n<col width=\"244\" \/>\n<col width=\"508\" \/><\/colgroup>\n<tbody>\n<tr>\n<td colspan=\"2\" rowspan=\"1\">Escolas parceiras<\/td>\n<\/tr>\n<tr>\n<td colspan=\"2\" rowspan=\"1\">Col\u00e9gio Municipal Pelotense \u2013 Pelotas\/RS<\/td>\n<\/tr>\n<tr>\n<td colspan=\"2\" rowspan=\"1\">EMEF Ministro Fernando Os\u00f3rio \u2013 Pelotas\/RS<\/td>\n<\/tr>\n<tr>\n<td colspan=\"2\" rowspan=\"1\">EMEF Olavo Bilac \u2013 Pelotas\/RS<\/td>\n<\/tr>\n<tr>\n<td colspan=\"2\" rowspan=\"1\">E.E.E.F. Laura Alves Caldeira \u2013 Cap\u00e3o do Le\u00e3o\/RS<\/td>\n<\/tr>\n<tr>\n<td colspan=\"2\" rowspan=\"1\">EMEF Am\u00e9rica \u2013 Porto Alegre\/RS<\/td>\n<\/tr>\n<tr>\n<td colspan=\"2\" rowspan=\"1\">EMEB Dr Liberato Salzano Vieira da Cunha \u2013 Porto Alegre\/RS<\/td>\n<\/tr>\n<tr>\n<td colspan=\"2\" rowspan=\"1\">EMEF Governador Ildo Meneghetti \u2013 Porto Alegre\/RS<\/td>\n<\/tr>\n<tr>\n<td colspan=\"2\" rowspan=\"1\">EMEF Pepita Le\u00e3o \u2013 Porto Alegre\/RS<\/td>\n<\/tr>\n<\/tbody>\n<\/table>\n\t\t\t\t<\/div>\n\t\t\t<\/div>\n\t\t<\/div>\n\t\t\t<div class=\"sow-accordion-panel\n\t\t\t\t\"\n\t\t\tdata-anchor-id=\"atividades-desenvolvidas\">\n\t\t\t\t<div class=\"sow-accordion-panel-header-container\" role=\"heading\" aria-level=\"2\">\n\t\t\t\t\t<div class=\"sow-accordion-panel-header\" tabindex=\"0\" role=\"button\" id=\"accordion-label-atividades-desenvolvidas\" aria-controls=\"accordion-content-atividades-desenvolvidas\" aria-expanded=\"false\">\n\t\t\t\t\t\t<div class=\"sow-accordion-title sow-accordion-title-icon-left\">\n\t\t\t\t\t\t\t\t\t\t\t\t\t\tAtividades Desenvolvidas\t\t\t\t\t\t\t\t\t\t\t\t\t<\/div>\n\t\t\t\t\t\t<div class=\"sow-accordion-open-close-button\">\n\t\t\t\t\t\t\t<div class=\"sow-accordion-open-button\">\n\t\t\t\t\t\t\t\t<span class=\"sow-icon-ionicons\" data-sow-icon=\"&#xf218;\"\n\t\t \n\t\taria-hidden=\"true\"><\/span>\t\t\t\t\t\t\t<\/div>\n\t\t\t\t\t\t\t<div class=\"sow-accordion-close-button\">\n\t\t\t\t\t\t\t\t<span class=\"sow-icon-ionicons\" data-sow-icon=\"&#xf209;\"\n\t\t \n\t\taria-hidden=\"true\"><\/span>\t\t\t\t\t\t\t<\/div>\n\t\t\t\t\t\t<\/div>\n\t\t\t\t\t<\/div>\n\t\t\t\t<\/div>\n\n\t\t\t<div\n\t\t\t\tclass=\"sow-accordion-panel-content\"\n\t\t\t\trole=\"region\"\n\t\t\t\taria-labelledby=\"accordion-label-atividades-desenvolvidas\"\n\t\t\t\tid=\"accordion-content-atividades-desenvolvidas\"\n\t\t\t\tstyle=\"display: none;\"\t\t\t>\n\t\t\t\t<div class=\"sow-accordion-panel-border\">\n\t\t\t\t\t<p><strong>2015<\/strong><\/p>\n<p><strong>\u2022 Encontros quinzenais: Atividades de estudo, planejamento e organiza\u00e7\u00e3o das atividades de pesquisa e forma\u00e7\u00e3o.<br \/>\n\u2022 <\/strong><strong>Orienta\u00e7\u00e3o das pesquisas e projetos em desenvolvimento pelos bolsistas de Educa\u00e7\u00e3o B\u00e1sica nas escolas parceiras.<br \/>\n\u2022 <\/strong><strong>Orienta\u00e7\u00e3o das pesquisas de doutorado, mestrado e inicia\u00e7\u00e3o cient\u00edfica desenvolvidas pelos bolsistas de p\u00f3s-gradua\u00e7\u00e3o e gradua\u00e7\u00e3o.<br \/>\n\u2022 <\/strong><strong>Curso de Extens\u00e3o Letramento Liter\u00e1rio para bolsistas de inicia\u00e7\u00e3o cient\u00edfica e educa\u00e7\u00e3o b\u00e1sica, mestrandos e doutorandos do projeto com assessoria do Prof. Dr. Edgar Kirchof (ULBRA).<br \/>\n\u2022 <\/strong><strong>Atividades e encontros de forma\u00e7\u00e3o continuada das alfabetizadoras das escolas parceiras e comunidade desenvolvidas pelos bolsistas de educa\u00e7\u00e3o b\u00e1sica e p\u00f3s-gradua\u00e7\u00e3o.<br \/>\n\u2022 <\/strong><strong>Composi\u00e7\u00e3o e organiza\u00e7\u00e3o do Banco de Textos dos Orientadores de Estudo (BTOE) e do Banco de Textos de Aquisi\u00e7\u00e3o da Linguagem Escrita (BATALE).<br \/>\n\u2022 <\/strong><strong>Devolutiva das coletas de textos escritos pelas crian\u00e7as do ciclo de alfabetiza\u00e7\u00e3o, realizadas em 2014, para professoras da E.M.E.F Fernando Os\u00f3rio.<br \/>\n\u2022 <\/strong><strong>Coletas de produ\u00e7\u00e3o de textos escritos pelas crian\u00e7as do ciclo de alfabetiza\u00e7\u00e3o, matriculadas nas escolas parceiras, em Pelotas e Porto Alegre.<\/strong><\/p>\n<p>No ano de 2015, foram realizadas as seguintes coletas de produ\u00e7\u00e3o de texto:<br \/>\n9 a 10\/11: E.M.E.F Fernando Os\u00f3rio \u2013 Pelotas\/RS<br \/>\n16 a 17\/11: Col\u00e9gio Municipal Pelotense \u2013 Pelotas\/RS<br \/>\n19 a 20\/11: E.M.E.F Olavo Bilac \u2013 Pelotas\/RS<br \/>\n23 a 24\/11: E.M.E.F Governador Ildo Meneghetti \u2013 Porto Alegre\/RS e E.M.E.F Pepita Le\u00e3o \u2013 Porto Alegre\/RS<\/p>\n<hr \/>\n<p><strong>2014<\/strong><\/p>\n<p><strong>\u2022 Encontros quinzenais: Atividades de estudo e organiza\u00e7\u00e3o das atividades; Orienta\u00e7\u00e3o das pesquisas e projetos em desenvolvimento.<br \/>\n\u2022 <\/strong><strong>A\u00e7\u00f5es realizadas junto \u00e0s escolas parceiras, em Pelotas e Porto Alegre, est\u00e3o articuladas com as pesquisas conduzidas pelos pesquisadores, bolsistas de p\u00f3s-gradua\u00e7\u00e3o e\/ou bolsistas de educa\u00e7\u00e3o b\u00e1sica, articulando tem\u00e1ticas das pesquisas e demandas das escolas.<br \/>\n\u2022 <\/strong><strong>Coletas de produ\u00e7\u00e3o de textos escritos pelas crian\u00e7as do ciclo de alfabetiza\u00e7\u00e3o s\u00e3o conduzidas nas escolas parceiras, em Pelotas e Porto Alegre.<\/strong><\/p>\n<p>No ano de 2014 foram realizadas as seguintes coletas:<br \/>\n20 a 22\/10: E.M.E.F. Governador Ildo Meneghetti \u2013 Porto Alegre\/RS;<br \/>\n27 a 31\/10; de 03 a 07\/11: Col\u00e9gio Municipal Pelotense \u2013 Pelotas\/RS;<br \/>\n10 a 13\/11: E.M.E.F. Pepita de Le\u00e3o \u2013 Porto Alegre\/RS.<\/p>\n<p>Nestas coletas participaram bolsistas de gradua\u00e7\u00e3o OBEDUC-Pacto, pesquisadoras volunt\u00e1rias e graduandas do curso de Pedagogia e Letras da UFPel.<\/p>\n<p><strong>\u2022 Coletas de materiais decorrentes da forma\u00e7\u00e3o realizada pela Equipe PNAIC-UFPel.<br \/>\n\u2022 <\/strong><strong>Produ\u00e7\u00e3o de material did\u00e1tico-pedag\u00f3gico.<br \/>\n\u2022 <\/strong><strong>Atividades e encontros de forma\u00e7\u00e3o continuada das alfabetizadoras das escolas parceiras e comunidade.<br \/>\n\u2022 <\/strong><strong>Forma\u00e7\u00e3o de professoras alfabetizadoras: ampliando o olhar<\/strong><\/p>\n<p>Este curso visa \u00e0 forma\u00e7\u00e3o continuada de professoras alfabetizadoras das escolas com baixo \u00cdndice de Desenvolvimento da Educa\u00e7\u00e3o B\u00e1sica (IDEB), que aderiram ao Pacto Nacional pela Educa\u00e7\u00e3o na Idade Certa (PNAIC), localizadas nos tr\u00eas polos de abrang\u00eancia da Universidade Federal de Pelotas (UFPel), de professoras bolsistas de educa\u00e7\u00e3o b\u00e1sica, vinculadas ao Observat\u00f3rio da Educa\u00e7\u00e3o-Pacto\u00a0e de professoras regentes das escolas em que acad\u00eamicas do curso de Pedagogia realizam o est\u00e1gio curricular em anos iniciais. Al\u00e9m disso, tem a inten\u00e7\u00e3o de instrumentalizar as alunas participantes do Programa Institucional de Bolsas de Inicia\u00e7\u00e3o a Doc\u00eancia (PIBID) da UFPel e as professoras das turmas em que essas bolsistas atuam.<\/p>\n<p>A forma\u00e7\u00e3o tem seu conte\u00fado definido a partir de tem\u00e1ticas oriundas das \u00e1reas da Linguagem e da Organiza\u00e7\u00e3o do Trabalho Pedag\u00f3gico, tomando como refer\u00eancia b\u00e1sica os artigos e obras indicados na se\u00e7\u00e3o \u201caprendendo mais\u201d dos cadernos de forma\u00e7\u00e3o do Pacto. Para tanto, s\u00e3o aprofundados debates, teorias, conceitos e estrat\u00e9gias, relacionando a teoria \u00e0 pr\u00e1tica da alfabetiza\u00e7\u00e3o, vinculada ao ensino do Sistema de Escrita Alfab\u00e9tica (SEA), ao desenvolvimento das capacidades de leitura e de produ\u00e7\u00e3o de textos, aos conhecimentos oriundos das diferentes \u00e1reas que comp\u00f5em o curr\u00edculo escolar e \u00e0 ludicidade.<\/p>\n<p><b><\/b>Realiza\u00e7\u00e3o das Oficinas pedag\u00f3gicas de Matem\u00e1tica nos Anos Iniciais e Alfabetiza\u00e7\u00e3o e Letramento nos Anos Iniciais \u2013 28\/06\/2019 at\u00e9 06\/12\/2019.<\/p>\n\t\t\t\t<\/div>\n\t\t\t<\/div>\n\t\t<\/div>\n\t\t\t<div class=\"sow-accordion-panel\n\t\t\t\t\"\n\t\t\tdata-anchor-id=\"banco-de-dados\">\n\t\t\t\t<div class=\"sow-accordion-panel-header-container\" role=\"heading\" aria-level=\"2\">\n\t\t\t\t\t<div class=\"sow-accordion-panel-header\" tabindex=\"0\" role=\"button\" id=\"accordion-label-banco-de-dados\" aria-controls=\"accordion-content-banco-de-dados\" aria-expanded=\"false\">\n\t\t\t\t\t\t<div class=\"sow-accordion-title sow-accordion-title-icon-left\">\n\t\t\t\t\t\t\t\t\t\t\t\t\t\tBanco de dados\t\t\t\t\t\t\t\t\t\t\t\t\t<\/div>\n\t\t\t\t\t\t<div class=\"sow-accordion-open-close-button\">\n\t\t\t\t\t\t\t<div class=\"sow-accordion-open-button\">\n\t\t\t\t\t\t\t\t<span class=\"sow-icon-ionicons\" data-sow-icon=\"&#xf218;\"\n\t\t \n\t\taria-hidden=\"true\"><\/span>\t\t\t\t\t\t\t<\/div>\n\t\t\t\t\t\t\t<div class=\"sow-accordion-close-button\">\n\t\t\t\t\t\t\t\t<span class=\"sow-icon-ionicons\" data-sow-icon=\"&#xf209;\"\n\t\t \n\t\taria-hidden=\"true\"><\/span>\t\t\t\t\t\t\t<\/div>\n\t\t\t\t\t\t<\/div>\n\t\t\t\t\t<\/div>\n\t\t\t\t<\/div>\n\n\t\t\t<div\n\t\t\t\tclass=\"sow-accordion-panel-content\"\n\t\t\t\trole=\"region\"\n\t\t\t\taria-labelledby=\"accordion-label-banco-de-dados\"\n\t\t\t\tid=\"accordion-content-banco-de-dados\"\n\t\t\t\tstyle=\"display: none;\"\t\t\t>\n\t\t\t\t<div class=\"sow-accordion-panel-border\">\n\t\t\t\t\t<p>Um dos produtos do projeto Obeduc-Pacto foi a cria\u00e7\u00e3o e organiza\u00e7\u00e3o de dois bancos de dados: o <strong>BTP<\/strong>\u00a0(Banco de Textos de Professoras) e o\u00a0<strong>AMP<\/strong>\u00a0(Acervo de Materiais Pedag\u00f3gicos). Trata-se de um banco com formato f\u00edsico e digital.<\/p>\n<p><img class=\"wp-image-27 aligncenter\" src=\"http:\/\/curso-wp.ufpel.edu.br\/obeducteste\/wp-content\/uploads\/sites\/284\/2025\/02\/BTP-400x195.png\" alt=\"\" width=\"206\" height=\"100\" \/> O\u00a0<strong>BTP<\/strong>\u00a0\u00e9 constitu\u00eddo por produ\u00e7\u00f5es escritas de docentes participantes do PNAIC- UFPel e de professoras estagi\u00e1rias do curso de Pedagogia da UFPel. <img class=\"aligncenter wp-image-29\" src=\"http:\/\/curso-wp.ufpel.edu.br\/obeducteste\/wp-content\/uploads\/sites\/284\/2025\/02\/AMP-400x133.png\" alt=\"\" width=\"301\" height=\"100\" \/><\/p>\n<p>O\u00a0<strong>AMP<\/strong>\u00a0\u00e9 formado por produ\u00e7\u00f5es variadas, como recursos e t\u00e9cnicas did\u00e1ticas, elaboradas por docentes participantes do programa PNAIC-UFPel.<\/p>\n<p>Uma descri\u00e7\u00e3o sobre o BTP e o AMP pode ser encontrada nos estudos realizados por<a href=\"http:\/\/cti.ufpel.edu.br\/siepe\/arquivos\/2015\/CH_01589.pdf\">\u00a0SOUTO et al. (2015)<\/a>\u00a0e\u00a0<a href=\"https:\/\/cti.ufpel.edu.br\/siepe\/arquivos\/2020\/CH_03250.pdf\">KAADT et al. (2020)<\/a>.<\/p>\n<p>Um segundo produto resultante foi o Sistema Vest\u00edgios que teve sua programa\u00e7\u00e3o iniciada durante a vig\u00eancia do projeto Obeduc-Pacto. Para mais informa\u00e7\u00f5es, acesse a aba\u00a0<a href=\"https:\/\/wp.ufpel.edu.br\/obeducpacto\/sistema-vestigios\/\">Sistema Vest\u00edgios<\/a>.<\/p>\n\t\t\t\t<\/div>\n\t\t\t<\/div>\n\t\t<\/div>\n\t\t<\/div>\n<\/div>\n<\/div><\/div><\/div><\/div><\/div>","protected":false},"excerpt":{"rendered":"<p>O tema deste projeto \u00e9 o PACTO NACIONAL PELA ALFABETIZA\u00c7\u00c3O NA IDADE CERTA: Forma\u00e7\u00e3o continuada de professores e melhoria dos \u00edndices de leitura e escrita no ciclo inicial de alfabetiza\u00e7\u00e3o (1\u00ba ao 3\u00ba ano do ensino fundamental). Objetivo geral Acompanhar o processo de forma\u00e7\u00e3o continuada dos professores vinculados \u00e0s a\u00e7\u00f5es previstas pelo PACTO, verificando o [&hellip;]<\/p>\n","protected":false},"author":329,"featured_media":0,"parent":0,"menu_order":0,"comment_status":"closed","ping_status":"closed","template":"","meta":{"footnotes":""},"class_list":["post-18","page","type-page","status-publish","hentry"],"yoast_head":"<!-- This site is optimized with the Yoast SEO plugin v26.7 - https:\/\/yoast.com\/wordpress\/plugins\/seo\/ -->\n<title>OBEDUC - Pacto - OBEDUC - Pacto<\/title>\n<meta name=\"robots\" content=\"index, follow, max-snippet:-1, max-image-preview:large, max-video-preview:-1\" \/>\n<link rel=\"canonical\" href=\"https:\/\/wp.ufpel.edu.br\/obeducpacto\/obeduc-pacto\/\" \/>\n<meta property=\"og:locale\" content=\"pt_BR\" \/>\n<meta property=\"og:type\" content=\"article\" \/>\n<meta property=\"og:title\" content=\"OBEDUC - Pacto - OBEDUC - Pacto\" \/>\n<meta property=\"og:description\" content=\"O tema deste projeto \u00e9 o PACTO NACIONAL PELA ALFABETIZA\u00c7\u00c3O NA IDADE CERTA: Forma\u00e7\u00e3o continuada de professores e melhoria dos \u00edndices de leitura e escrita no ciclo inicial de alfabetiza\u00e7\u00e3o (1\u00ba ao 3\u00ba ano do ensino fundamental). Objetivo geral Acompanhar o processo de forma\u00e7\u00e3o continuada dos professores vinculados \u00e0s a\u00e7\u00f5es previstas pelo PACTO, verificando o [&hellip;]\" \/>\n<meta property=\"og:url\" content=\"https:\/\/wp.ufpel.edu.br\/obeducpacto\/obeduc-pacto\/\" \/>\n<meta property=\"og:site_name\" content=\"OBEDUC - Pacto\" \/>\n<meta property=\"article:modified_time\" content=\"2025-08-28T03:12:51+00:00\" \/>\n<meta name=\"twitter:card\" content=\"summary_large_image\" \/>\n<meta name=\"twitter:label1\" content=\"Est. tempo de leitura\" \/>\n\t<meta name=\"twitter:data1\" content=\"3 minutos\" \/>\n<script type=\"application\/ld+json\" class=\"yoast-schema-graph\">{\"@context\":\"https:\/\/schema.org\",\"@graph\":[{\"@type\":\"WebPage\",\"@id\":\"https:\/\/wp.ufpel.edu.br\/obeducpacto\/obeduc-pacto\/\",\"url\":\"https:\/\/wp.ufpel.edu.br\/obeducpacto\/obeduc-pacto\/\",\"name\":\"OBEDUC - Pacto - OBEDUC - Pacto\",\"isPartOf\":{\"@id\":\"https:\/\/wp.ufpel.edu.br\/obeducpacto\/#website\"},\"datePublished\":\"2025-02-05T17:45:35+00:00\",\"dateModified\":\"2025-08-28T03:12:51+00:00\",\"breadcrumb\":{\"@id\":\"https:\/\/wp.ufpel.edu.br\/obeducpacto\/obeduc-pacto\/#breadcrumb\"},\"inLanguage\":\"pt-BR\",\"potentialAction\":[{\"@type\":\"ReadAction\",\"target\":[\"https:\/\/wp.ufpel.edu.br\/obeducpacto\/obeduc-pacto\/\"]}]},{\"@type\":\"BreadcrumbList\",\"@id\":\"https:\/\/wp.ufpel.edu.br\/obeducpacto\/obeduc-pacto\/#breadcrumb\",\"itemListElement\":[{\"@type\":\"ListItem\",\"position\":1,\"name\":\"In\u00edcio\",\"item\":\"https:\/\/wp.ufpel.edu.br\/obeducpacto\/\"},{\"@type\":\"ListItem\",\"position\":2,\"name\":\"OBEDUC &#8211; Pacto\"}]},{\"@type\":\"WebSite\",\"@id\":\"https:\/\/wp.ufpel.edu.br\/obeducpacto\/#website\",\"url\":\"https:\/\/wp.ufpel.edu.br\/obeducpacto\/\",\"name\":\"OBEDUC - Pacto\",\"description\":\"Universidade Federal de Pelotas\",\"publisher\":{\"@id\":\"https:\/\/wp.ufpel.edu.br\/obeducpacto\/#organization\"},\"potentialAction\":[{\"@type\":\"SearchAction\",\"target\":{\"@type\":\"EntryPoint\",\"urlTemplate\":\"https:\/\/wp.ufpel.edu.br\/obeducpacto\/?s={search_term_string}\"},\"query-input\":{\"@type\":\"PropertyValueSpecification\",\"valueRequired\":true,\"valueName\":\"search_term_string\"}}],\"inLanguage\":\"pt-BR\"},{\"@type\":\"Organization\",\"@id\":\"https:\/\/wp.ufpel.edu.br\/obeducpacto\/#organization\",\"name\":\"OBEDUC - Pacto\",\"url\":\"https:\/\/wp.ufpel.edu.br\/obeducpacto\/\",\"logo\":{\"@type\":\"ImageObject\",\"inLanguage\":\"pt-BR\",\"@id\":\"https:\/\/wp.ufpel.edu.br\/obeducpacto\/#\/schema\/logo\/image\/\",\"url\":\"https:\/\/wp.ufpel.edu.br\/obeducpacto\/files\/2025\/08\/OBEDUC-Pacto-Marca-G-TRANPARENTE.png\",\"contentUrl\":\"https:\/\/wp.ufpel.edu.br\/obeducpacto\/files\/2025\/08\/OBEDUC-Pacto-Marca-G-TRANPARENTE.png\",\"width\":1000,\"height\":906,\"caption\":\"OBEDUC - Pacto\"},\"image\":{\"@id\":\"https:\/\/wp.ufpel.edu.br\/obeducpacto\/#\/schema\/logo\/image\/\"}}]}<\/script>\n<!-- \/ Yoast SEO plugin. -->","yoast_head_json":{"title":"OBEDUC - Pacto - OBEDUC - Pacto","robots":{"index":"index","follow":"follow","max-snippet":"max-snippet:-1","max-image-preview":"max-image-preview:large","max-video-preview":"max-video-preview:-1"},"canonical":"https:\/\/wp.ufpel.edu.br\/obeducpacto\/obeduc-pacto\/","og_locale":"pt_BR","og_type":"article","og_title":"OBEDUC - Pacto - OBEDUC - Pacto","og_description":"O tema deste projeto \u00e9 o PACTO NACIONAL PELA ALFABETIZA\u00c7\u00c3O NA IDADE CERTA: Forma\u00e7\u00e3o continuada de professores e melhoria dos \u00edndices de leitura e escrita no ciclo inicial de alfabetiza\u00e7\u00e3o (1\u00ba ao 3\u00ba ano do ensino fundamental). Objetivo geral Acompanhar o processo de forma\u00e7\u00e3o continuada dos professores vinculados \u00e0s a\u00e7\u00f5es previstas pelo PACTO, verificando o [&hellip;]","og_url":"https:\/\/wp.ufpel.edu.br\/obeducpacto\/obeduc-pacto\/","og_site_name":"OBEDUC - Pacto","article_modified_time":"2025-08-28T03:12:51+00:00","twitter_card":"summary_large_image","twitter_misc":{"Est. tempo de leitura":"3 minutos"},"schema":{"@context":"https:\/\/schema.org","@graph":[{"@type":"WebPage","@id":"https:\/\/wp.ufpel.edu.br\/obeducpacto\/obeduc-pacto\/","url":"https:\/\/wp.ufpel.edu.br\/obeducpacto\/obeduc-pacto\/","name":"OBEDUC - Pacto - OBEDUC - Pacto","isPartOf":{"@id":"https:\/\/wp.ufpel.edu.br\/obeducpacto\/#website"},"datePublished":"2025-02-05T17:45:35+00:00","dateModified":"2025-08-28T03:12:51+00:00","breadcrumb":{"@id":"https:\/\/wp.ufpel.edu.br\/obeducpacto\/obeduc-pacto\/#breadcrumb"},"inLanguage":"pt-BR","potentialAction":[{"@type":"ReadAction","target":["https:\/\/wp.ufpel.edu.br\/obeducpacto\/obeduc-pacto\/"]}]},{"@type":"BreadcrumbList","@id":"https:\/\/wp.ufpel.edu.br\/obeducpacto\/obeduc-pacto\/#breadcrumb","itemListElement":[{"@type":"ListItem","position":1,"name":"In\u00edcio","item":"https:\/\/wp.ufpel.edu.br\/obeducpacto\/"},{"@type":"ListItem","position":2,"name":"OBEDUC &#8211; Pacto"}]},{"@type":"WebSite","@id":"https:\/\/wp.ufpel.edu.br\/obeducpacto\/#website","url":"https:\/\/wp.ufpel.edu.br\/obeducpacto\/","name":"OBEDUC - Pacto","description":"Universidade Federal de Pelotas","publisher":{"@id":"https:\/\/wp.ufpel.edu.br\/obeducpacto\/#organization"},"potentialAction":[{"@type":"SearchAction","target":{"@type":"EntryPoint","urlTemplate":"https:\/\/wp.ufpel.edu.br\/obeducpacto\/?s={search_term_string}"},"query-input":{"@type":"PropertyValueSpecification","valueRequired":true,"valueName":"search_term_string"}}],"inLanguage":"pt-BR"},{"@type":"Organization","@id":"https:\/\/wp.ufpel.edu.br\/obeducpacto\/#organization","name":"OBEDUC - Pacto","url":"https:\/\/wp.ufpel.edu.br\/obeducpacto\/","logo":{"@type":"ImageObject","inLanguage":"pt-BR","@id":"https:\/\/wp.ufpel.edu.br\/obeducpacto\/#\/schema\/logo\/image\/","url":"https:\/\/wp.ufpel.edu.br\/obeducpacto\/files\/2025\/08\/OBEDUC-Pacto-Marca-G-TRANPARENTE.png","contentUrl":"https:\/\/wp.ufpel.edu.br\/obeducpacto\/files\/2025\/08\/OBEDUC-Pacto-Marca-G-TRANPARENTE.png","width":1000,"height":906,"caption":"OBEDUC - Pacto"},"image":{"@id":"https:\/\/wp.ufpel.edu.br\/obeducpacto\/#\/schema\/logo\/image\/"}}]}},"_links":{"self":[{"href":"https:\/\/wp.ufpel.edu.br\/obeducpacto\/wp-json\/wp\/v2\/pages\/18","targetHints":{"allow":["GET"]}}],"collection":[{"href":"https:\/\/wp.ufpel.edu.br\/obeducpacto\/wp-json\/wp\/v2\/pages"}],"about":[{"href":"https:\/\/wp.ufpel.edu.br\/obeducpacto\/wp-json\/wp\/v2\/types\/page"}],"author":[{"embeddable":true,"href":"https:\/\/wp.ufpel.edu.br\/obeducpacto\/wp-json\/wp\/v2\/users\/329"}],"replies":[{"embeddable":true,"href":"https:\/\/wp.ufpel.edu.br\/obeducpacto\/wp-json\/wp\/v2\/comments?post=18"}],"version-history":[{"count":1,"href":"https:\/\/wp.ufpel.edu.br\/obeducpacto\/wp-json\/wp\/v2\/pages\/18\/revisions"}],"predecessor-version":[{"id":1732,"href":"https:\/\/wp.ufpel.edu.br\/obeducpacto\/wp-json\/wp\/v2\/pages\/18\/revisions\/1732"}],"wp:attachment":[{"href":"https:\/\/wp.ufpel.edu.br\/obeducpacto\/wp-json\/wp\/v2\/media?parent=18"}],"curies":[{"name":"wp","href":"https:\/\/api.w.org\/{rel}","templated":true}]}}