{"id":10,"date":"2013-03-19T18:19:59","date_gmt":"2013-03-19T21:19:59","guid":{"rendered":"https:\/\/wp.ufpel.edu.br\/nutricao\/?page_id=10"},"modified":"2025-08-19T10:49:46","modified_gmt":"2025-08-19T13:49:46","slug":"docentes","status":"publish","type":"page","link":"https:\/\/wp.ufpel.edu.br\/nutricao\/servidores\/docentes\/","title":{"rendered":"Docentes"},"content":{"rendered":"<p>DEPARTAMENTO DE NUTRI\u00c7\u00c3O<\/p>\n<div class=\"dados-cobalto cobalto-lista-servidores\"><ul class=\"sem-foto\"><li><a href=\"https:\/\/institucional.ufpel.edu.br\/servidores\/id\/502\" target=\"_blank\">ALCIDES GOMES NETO<\/a><\/li><li><a href=\"https:\/\/institucional.ufpel.edu.br\/servidores\/id\/32001\" target=\"_blank\">ALESSANDRA DOUMID BORGES PRETTO<\/a><\/li><li><a href=\"https:\/\/institucional.ufpel.edu.br\/servidores\/id\/64015\" target=\"_blank\">ANGELA GALVAN DE LIMA<\/a><span class=\"cobalto-label\">Coordenadora de Curso de Gradua\u00e7\u00e3o - Colegiado do Curso de Gastronomia<\/span><\/li><li><a href=\"https:\/\/institucional.ufpel.edu.br\/servidores\/id\/35165\" target=\"_blank\">ANGELA NUNES MOREIRA<\/a><\/li><li><a href=\"https:\/\/institucional.ufpel.edu.br\/servidores\/id\/139852\" target=\"_blank\">ANNE Y CASTRO MARQUES<\/a><\/li><li><a href=\"https:\/\/institucional.ufpel.edu.br\/servidores\/id\/7419\" target=\"_blank\">AUGUSTO SCHNEIDER<\/a><\/li><li><a href=\"https:\/\/institucional.ufpel.edu.br\/servidores\/id\/127537\" target=\"_blank\">CARLOS CASTILHO DE BARROS<\/a><\/li><li><a href=\"https:\/\/institucional.ufpel.edu.br\/servidores\/id\/760\" target=\"_blank\">CHIRLE DE OLIVEIRA RAPHAELLI<\/a><\/li><li><a href=\"https:\/\/institucional.ufpel.edu.br\/servidores\/id\/29141\" target=\"_blank\">CRISTINA CORREA KAUFMANN<\/a><span class=\"cobalto-label\">Chefe de Departamento - Departamento de Nutri\u00e7\u00e3o<\/span><\/li><li><a href=\"https:\/\/institucional.ufpel.edu.br\/servidores\/id\/157755\" target=\"_blank\">ELDER PACHECO DA CRUZ<\/a><\/li><li><a href=\"https:\/\/institucional.ufpel.edu.br\/servidores\/id\/31824\" target=\"_blank\">ELIZABETE HELBIG<\/a><\/li><li><a href=\"https:\/\/institucional.ufpel.edu.br\/servidores\/id\/34727\" target=\"_blank\">FABIANA TORMA BOTELHO<\/a><span class=\"cobalto-label\">Coordenadora de Curso de Gradua\u00e7\u00e3o - Colegiado do Curso de Nutri\u00e7\u00e3o<\/span><\/li><li><a href=\"https:\/\/institucional.ufpel.edu.br\/servidores\/id\/132327\" target=\"_blank\">FELIPE FEHLBERG HERRMANN<\/a><span class=\"cobalto-label\">Coordenador - Coordena\u00e7\u00e3o de Articula\u00e7\u00e3o, Integra\u00e7\u00e3o e Fomento da Extens\u00e3o<\/span><\/li><li><a href=\"https:\/\/institucional.ufpel.edu.br\/servidores\/id\/29106\" target=\"_blank\">GICELE COSTA MINTEM<\/a><\/li><li><a href=\"https:\/\/institucional.ufpel.edu.br\/servidores\/id\/27070\" target=\"_blank\">GRAZIELE GUIMARAES GRANADA<\/a><span class=\"cobalto-label\">Coordenadora Adjunta - Colegiado do Curso de Nutri\u00e7\u00e3o<\/span><\/li><li><a href=\"https:\/\/institucional.ufpel.edu.br\/servidores\/id\/34616\" target=\"_blank\">JOZI FAGUNDES DE MELLO<\/a><\/li><li><a href=\"https:\/\/institucional.ufpel.edu.br\/servidores\/id\/35364\" target=\"_blank\">JULIANA DOS SANTOS VAZ<\/a><span class=\"cobalto-label\">Coordenadora de Curso de P\u00f3s-Gradua\u00e7\u00e3o - Programa de P\u00f3s-Gradua\u00e7\u00e3o em Nutri\u00e7\u00e3o e Alimentos<\/span><\/li><li><a href=\"https:\/\/institucional.ufpel.edu.br\/servidores\/id\/149231\" target=\"_blank\">JULIANI BUCHVEITZ PIRES<\/a><\/li><li><a href=\"https:\/\/institucional.ufpel.edu.br\/servidores\/id\/18433\" target=\"_blank\">KARLA PEREIRA MACHADO<\/a><\/li><li><a href=\"https:\/\/institucional.ufpel.edu.br\/servidores\/id\/35991\" target=\"_blank\">KELLY LAMEIRO RODRIGUES<\/a><\/li><li><a href=\"https:\/\/institucional.ufpel.edu.br\/servidores\/id\/11474\" target=\"_blank\">LEONARDO POZZA DOS SANTOS<\/a><span class=\"cobalto-label\">Coordenador de Curso de P\u00f3s-Gradua\u00e7\u00e3o Substituto - Programa de P\u00f3s-Gradua\u00e7\u00e3o em Nutri\u00e7\u00e3o e Alimentos<\/span><\/li><li><a href=\"https:\/\/institucional.ufpel.edu.br\/servidores\/id\/36302\" target=\"_blank\">LETICIA MASCARENHAS PEREIRA BARBOSA<\/a><\/li><li><a href=\"https:\/\/institucional.ufpel.edu.br\/servidores\/id\/220\" target=\"_blank\">LUCIA ROTA BORGES<\/a><\/li><li><a href=\"https:\/\/institucional.ufpel.edu.br\/servidores\/id\/1219\" target=\"_blank\">LUDMILA CORREA MUNIZ<\/a><span class=\"cobalto-label\">Diretora - Faculdade de Nutri\u00e7\u00e3o<\/span><\/li><li><a href=\"https:\/\/institucional.ufpel.edu.br\/servidores\/id\/193814\" target=\"_blank\">MARIANA GIARETTA MATHIAS<\/a><\/li><li><a href=\"https:\/\/institucional.ufpel.edu.br\/servidores\/id\/3337\" target=\"_blank\">MARINA COUTO PEREIRA<\/a><\/li><li><a href=\"https:\/\/institucional.ufpel.edu.br\/servidores\/id\/18914\" target=\"_blank\">MARJANA  RAD\u00dcNZ<\/a><\/li><li><a href=\"https:\/\/institucional.ufpel.edu.br\/servidores\/id\/12501\" target=\"_blank\">MATHEUS FRANCISCO DA PAZ<\/a><\/li><li><a href=\"https:\/\/institucional.ufpel.edu.br\/servidores\/id\/127552\" target=\"_blank\">NICOLE WEBER BENEMANN<\/a><\/li><li><a href=\"https:\/\/institucional.ufpel.edu.br\/servidores\/id\/8635\" target=\"_blank\">RENATA MORAES BIELEMANN<\/a><\/li><li><a href=\"https:\/\/institucional.ufpel.edu.br\/servidores\/id\/64035\" target=\"_blank\">RENATA TORRES ABIB BERTACCO<\/a><\/li><li><a href=\"https:\/\/institucional.ufpel.edu.br\/servidores\/id\/37058\" target=\"_blank\">SAMANTA WINCK MADRUGA<\/a><\/li><li><a href=\"https:\/\/institucional.ufpel.edu.br\/servidores\/id\/30939\" target=\"_blank\">SANDRA COSTA VALLE<\/a><\/li><li><a href=\"https:\/\/institucional.ufpel.edu.br\/servidores\/id\/37302\" target=\"_blank\">SILVANA PAIVA ORLANDI<\/a><\/li><li><a href=\"https:\/\/institucional.ufpel.edu.br\/servidores\/id\/134852\" target=\"_blank\">SIMONE PIENIZ<\/a><span class=\"cobalto-label\">Chefe de departamento Substituto - Departamento de Nutri\u00e7\u00e3o<\/span><\/li><li><a href=\"https:\/\/institucional.ufpel.edu.br\/servidores\/id\/63874\" target=\"_blank\">TATIANE KUKA VALENTE GANDRA<\/a><span class=\"cobalto-label\">Vice-Diretora - Faculdade de Nutri\u00e7\u00e3o<\/span><\/li><li><a href=\"https:\/\/institucional.ufpel.edu.br\/servidores\/id\/64018\" target=\"_blank\">WAGNER HALMENSCHLAGER<\/a><span class=\"cobalto-label\">Coordenador de Curso de Gradua\u00e7\u00e3o Substituto - Colegiado do Curso de Gastronomia<\/span><\/li><\/ul><\/div>\n","protected":false},"excerpt":{"rendered":"<p>DEPARTAMENTO DE NUTRI\u00c7\u00c3O<\/p>\n","protected":false},"author":231,"featured_media":0,"parent":182,"menu_order":1,"comment_status":"closed","ping_status":"closed","template":"","meta":{"footnotes":""},"class_list":["post-10","page","type-page","status-publish","hentry"],"jetpack_sharing_enabled":true,"_links":{"self":[{"href":"https:\/\/wp.ufpel.edu.br\/nutricao\/wp-json\/wp\/v2\/pages\/10","targetHints":{"allow":["GET"]}}],"collection":[{"href":"https:\/\/wp.ufpel.edu.br\/nutricao\/wp-json\/wp\/v2\/pages"}],"about":[{"href":"https:\/\/wp.ufpel.edu.br\/nutricao\/wp-json\/wp\/v2\/types\/page"}],"author":[{"embeddable":true,"href":"https:\/\/wp.ufpel.edu.br\/nutricao\/wp-json\/wp\/v2\/users\/231"}],"replies":[{"embeddable":true,"href":"https:\/\/wp.ufpel.edu.br\/nutricao\/wp-json\/wp\/v2\/comments?post=10"}],"version-history":[{"count":32,"href":"https:\/\/wp.ufpel.edu.br\/nutricao\/wp-json\/wp\/v2\/pages\/10\/revisions"}],"predecessor-version":[{"id":1961,"href":"https:\/\/wp.ufpel.edu.br\/nutricao\/wp-json\/wp\/v2\/pages\/10\/revisions\/1961"}],"up":[{"embeddable":true,"href":"https:\/\/wp.ufpel.edu.br\/nutricao\/wp-json\/wp\/v2\/pages\/182"}],"wp:attachment":[{"href":"https:\/\/wp.ufpel.edu.br\/nutricao\/wp-json\/wp\/v2\/media?parent=10"}],"curies":[{"name":"wp","href":"https:\/\/api.w.org\/{rel}","templated":true}]}}