{"id":8,"date":"2018-09-25T12:57:30","date_gmt":"2018-09-25T15:57:30","guid":{"rendered":"https:\/\/wp.ufpel.edu.br\/nuppome\/?page_id=8"},"modified":"2026-04-25T18:28:34","modified_gmt":"2026-04-25T21:28:34","slug":"equipe","status":"publish","type":"page","link":"https:\/\/wp.ufpel.edu.br\/nuppome\/equipe\/","title":{"rendered":"Equipe"},"content":{"rendered":"<p><strong>Pesquisadoras|es<\/strong><\/p>\n<p><em>Carlos Artur Gallo<\/em>, Coordenador<\/p>\n<p>Professor do Departamento de Sociologia e Pol\u00edtica | UFPEL<\/p>\n<p>Curr\u00edculo: <a href=\"http:\/\/lattes.cnpq.br\/6099239530718796\" target=\"_blank\" rel=\"noopener noreferrer\">http:\/\/lattes.cnpq.br\/6099239530718796<\/a><\/p>\n<p>&nbsp;<\/p>\n<p><em>Andr\u00e9s Del R\u00edo<\/em><\/p>\n<p>Professor do Departamento de Geografia e Pol\u00edticas P\u00fablicas | UFF<\/p>\n<p>Curr\u00edculo: <a href=\"http:\/\/lattes.cnpq.br\/3023033727685948\" target=\"_blank\" rel=\"noopener noreferrer\">http:\/\/lattes.cnpq.br\/3023033727685948<\/a><\/p>\n<p>&nbsp;<\/p>\n<p><em>Bruno Boti Bernardi<\/em><\/p>\n<p>Professor do Curso de Rela\u00e7\u00f5es Internacionais | UFGD<\/p>\n<p>Curr\u00edculo: <a href=\"http:\/\/lattes.cnpq.br\/4840962268752573\" target=\"_blank\" rel=\"noopener noreferrer\">http:\/\/lattes.cnpq.br\/4840962268752573<\/a><\/p>\n<p>&nbsp;<\/p>\n<p><em>Bruno Gazalle Cavichioli<\/em><\/p>\n<p>Professor Substituto do Curso de Rela\u00e7\u00f5es Internacionais | Unipampa<\/p>\n<p>Curr\u00edculo:\u00a0<a href=\"http:\/\/lattes.cnpq.br\/9645732330567167\" target=\"_blank\" rel=\"noopener noreferrer\">http:\/\/lattes.cnpq.br\/9645732330567167<\/a><\/p>\n<p>&nbsp;<\/p>\n<p><em>Bruno Mello Souza<\/em><\/p>\n<p>Professor do Departamento de Ci\u00eancias Sociais | UESPI<\/p>\n<p>Curr\u00edculo: <a href=\"http:\/\/lattes.cnpq.br\/9713543161421821\" target=\"_blank\" rel=\"noopener noreferrer\">http:\/\/lattes.cnpq.br\/9713543161421821<\/a><\/p>\n<p>&nbsp;<\/p>\n<p><em>Carmen Regina Abreu Gon\u00e7alves<\/em><\/p>\n<p>Professora do Curso de Rela\u00e7\u00f5es P\u00fablicas | Unipampa<\/p>\n<p>P\u00f3s-Doutoranda no Programa de P\u00f3s-Gradua\u00e7\u00e3o em Ci\u00eancia Pol\u00edtica | UFPEL<\/p>\n<p>Curr\u00edculo:\u00a0<a href=\"http:\/\/lattes.cnpq.br\/9993369005880937\">http:\/\/lattes.cnpq.br\/9993369005880937<\/a><\/p>\n<p>&nbsp;<\/p>\n<p><em>Christian Jecov Schallenm\u00fcller<\/em><\/p>\n<p>Professor do Departamento de Ci\u00eancia Pol\u00edtica | UFRGS<\/p>\n<p>Curr\u00edculo:\u00a0<a href=\"http:\/\/lattes.cnpq.br\/5023337700584131\">http:\/\/lattes.cnpq.br\/5023337700584131<\/a><\/p>\n<p>&nbsp;<\/p>\n<p><em>Jo\u00e3o Te\u00f3filo<br \/>\n<\/em><\/p>\n<p>Professor do Curso de Hist\u00f3ria | UEMG<\/p>\n<p>Curr\u00edculo: <a href=\"http:\/\/lattes.cnpq.br\/6948602516395385\">http:\/\/lattes.cnpq.br\/6948602516395385<\/a><\/p>\n<p>&nbsp;<\/p>\n<p><em>Ma\u00edra Pereira da Costa<\/em><\/p>\n<p>Professora Substituta de Ci\u00eancias Sociais | UFOP<\/p>\n<p>P\u00f3s-Doutoranda no Programa de P\u00f3s-Gradua\u00e7\u00e3o em Ci\u00eancia Pol\u00edtica | UFPEL<\/p>\n<p>Bolsista de P\u00f3s-Doutorado J\u00fanior &#8211; PDJ | CNPq (2024-2025)<\/p>\n<p>Curr\u00edculo:\u00a0<a href=\"http:\/\/lattes.cnpq.br\/7290387905390246\">http:\/\/lattes.cnpq.br\/7290387905390246<\/a><\/p>\n<p>&nbsp;<\/p>\n<p><em>Rita Juliana Soares Poloni<\/em><\/p>\n<p>Professora do Departamento de Museologia e Conserva\u00e7\u00e3o | UFPEL<\/p>\n<p>Curr\u00edculo:\u00a0<a href=\"http:\/\/lattes.cnpq.br\/8886049514435487\">http:\/\/lattes.cnpq.br\/8886049514435487<\/a><\/p>\n<p>&nbsp;<\/p>\n<p><em>Tatyana de Amaral Maia<\/em><\/p>\n<p>Professora do Departamento de Hist\u00f3ria | UERJ<\/p>\n<p>Curr\u00edculo: <a href=\"http:\/\/lattes.cnpq.br\/4579698936425962\" target=\"_blank\" rel=\"noopener noreferrer\">http:\/\/lattes.cnpq.br\/4579698936425962<\/a><\/p>\n<p>&nbsp;<\/p>\n<p><i>Vanessa Dorneles Schinke<\/i><\/p>\n<p>Professora da Faculdade de Direito | UFRGS<\/p>\n<p>Curr\u00edculo:\u00a0<a href=\"http:\/\/lattes.cnpq.br\/1068628752813177\" target=\"_blank\" rel=\"noopener noreferrer\">http:\/\/lattes.cnpq.br\/1068628752813177<\/a><\/p>\n<p>&nbsp;<\/p>\n<p><strong>Pesquisadoras|es colaboradoras|es internacionais<\/strong><\/p>\n<p><em>Boris Hau<\/em><\/p>\n<p>Pesquisador do Observatorio de Justicia Transicional | UDP | CHILE<\/p>\n<p>Professor da Escola de Direito | UAH | CHILE<\/p>\n<p>Curr\u00edculo:\u00a0<a href=\"https:\/\/uahurtado.academia.edu\/BorisHau\" target=\"_blank\" rel=\"noopener noreferrer\">https:\/\/uahurtado.academia.edu\/BorisHau<\/a><\/p>\n<p>&nbsp;<\/p>\n<p><em>Filipa Alves Raimundo<\/em><\/p>\n<p>Professora do Departamento de Ci\u00eancia Pol\u00edtica e Pol\u00edticas P\u00fablicas | ISCTE-IUL | PORTUGAL<\/p>\n<p>Curr\u00edculo:\u00a0<a href=\"https:\/\/ciencia.iscte-iul.pt\/authors\/filipa-alves-raimundo\/cv\" target=\"_blank\" rel=\"noopener noreferrer\">https:\/\/ciencia.iscte-iul.pt\/authors\/filipa-alves-raimundo\/cv<\/a><\/p>\n<p>&nbsp;<\/p>\n<p><em>Jaime Alberto Bornacelly Castro<\/em><\/p>\n<p>Professor da Escola Inter-Americana de Biblioteconomia | UDEA | COL\u00d4MBIA<\/p>\n<p>Curr\u00edculo:\u00a0<a href=\"http:\/\/lattes.cnpq.br\/5308716963713416\" target=\"_blank\" rel=\"noopener noreferrer\">http:\/\/lattes.cnpq.br\/5308716963713416<\/a><\/p>\n<p>&nbsp;<\/p>\n<p><strong>Estudantes<\/strong><\/p>\n<p><i>Aline Soares Araujo<br \/>\n<\/i><\/p>\n<p>Mestranda em Ci\u00eancia Pol\u00edtica | UFPEL<\/p>\n<p>Curr\u00edculo:\u00a0<a href=\"https:\/\/lattes.cnpq.br\/9945809587148092\">https:\/\/lattes.cnpq.br\/9945809587148092<\/a><\/p>\n<p>&nbsp;<\/p>\n<p><i>Camila Rocha da Cruz<\/i><\/p>\n<p>Graduanda em Ci\u00eancias Sociais | UFPEL<\/p>\n<p>Bolsista PIBIC | CNPq (2025-2026)<\/p>\n<p>Curr\u00edculo: <a href=\"http:\/\/lattes.cnpq.br\/2467555398522221\">http:\/\/lattes.cnpq.br\/2467555398522221<\/a><\/p>\n<p>&nbsp;<\/p>\n<p><em>Filipe Botelho Soares Dutra Fernandes<\/em><\/p>\n<p>Doutorando em Ci\u00eancia Pol\u00edtica | UFSCAR<\/p>\n<p>Curr\u00edculo:\u00a0<a href=\"http:\/\/lattes.cnpq.br\/0018354876623443\">http:\/\/lattes.cnpq.br\/0018354876623443<\/a><\/p>\n<p>&nbsp;<\/p>\n<p><em>Gabriela da Silva Terra<br \/>\n<\/em><\/p>\n<p>Graduanda em Ci\u00eancias Sociais | UFPEL<\/p>\n<p>Curr\u00edculo: <a href=\"http:\/\/lattes.cnpq.br\/9120742293125096\">http:\/\/lattes.cnpq.br\/9120742293125096<\/a><\/p>\n<p>&nbsp;<\/p>\n<p><i>Isadora Vieira Chagas<\/i><\/p>\n<p>Graduada em Direito | UFPEL<\/p>\n<p>Bolsista PBIP-AF | UFPEL (2025-2026)<\/p>\n<p>Curr\u00edculo:\u00a0<a href=\"http:\/\/lattes.cnpq.br\/6385484528276220\" target=\"_blank\" rel=\"noopener noreferrer\">http:\/\/lattes.cnpq.br\/6385484528276220<\/a><\/p>\n<p>&nbsp;<\/p>\n<p><em>J<\/em><i>o\u00e3o Pedro Santos Figueiredo<\/i><\/p>\n<p>Graduando em Ci\u00eancias Sociais | UFPEL<\/p>\n<p>Curr\u00edculo: <a href=\"http:\/\/lattes.cnpq.br\/5918855043658429\">http:\/\/lattes.cnpq.br\/5918855043658429<\/a><\/p>\n<p>&nbsp;<\/p>\n<p><i>Jo\u00e3o Yerab Moura Carneiro<\/i><\/p>\n<p>Mestrando em Ci\u00eancia Pol\u00edtica | UFPEL<\/p>\n<p>Curr\u00edculo:\u00a0<a href=\"http:\/\/lattes.cnpq.br\/8873728642924068\" target=\"_blank\" rel=\"noopener noreferrer\">http:\/\/lattes.cnpq.br\/8873728642924068<\/a><\/p>\n<p>&nbsp;<\/p>\n<p><em>Lara Veiras Collares<\/em><\/p>\n<p>Doutoranda em Ci\u00eancia Pol\u00edtica | UFPEL<\/p>\n<p>Curr\u00edculo: <a href=\"http:\/\/lattes.cnpq.br\/4101099165722519\">http:\/\/lattes.cnpq.br\/4101099165722519<\/a><\/p>\n<p>&nbsp;<\/p>\n<p><em>Laura Feij\u00f3 de Souza<\/em><\/p>\n<p>Doutoranda em Ci\u00eancia Pol\u00edtica | UFPEL<\/p>\n<p>Curr\u00edculo: <a href=\"http:\/\/lattes.cnpq.br\/4877276539162492\" target=\"_blank\" rel=\"noopener noreferrer\">http:\/\/lattes.cnpq.br\/4877276539162492<\/a><\/p>\n<p>&nbsp;<\/p>\n<p><em>Laura Silva Costa<br \/>\n<\/em><\/p>\n<p>Mestranda em Ci\u00eancia Pol\u00edtica | UFPEL<\/p>\n<p>Curr\u00edculo: <a href=\"http:\/\/lattes.cnpq.br\/2665096257784249\">http:\/\/lattes.cnpq.br\/2665096257784249<\/a><\/p>\n<p>&nbsp;<\/p>\n<p><i>Paula Rieth de Oliveira Huf<br \/>\n<\/i><\/p>\n<p>Graduanda em Ci\u00eancias Sociais | UFPEL<\/p>\n<p>Curr\u00edculo: <a href=\"http:\/\/lattes.cnpq.br\/6907192296343124\">http:\/\/lattes.cnpq.br\/6907192296343124<\/a><\/p>\n<p>&nbsp;<\/p>\n<p><em>Pedro de Moraes Silva<\/em><\/p>\n<p>Mestre em Ci\u00eancia Pol\u00edtica | UFPEL<\/p>\n<p>Curr\u00edculo:\u00a0<a href=\"http:\/\/lattes.cnpq.br\/6165993476333933\">http:\/\/lattes.cnpq.br\/6165993476333933<\/a><\/p>\n<p>&nbsp;<\/p>\n<p><em>Sibele Valad\u00e3o Rossales<\/em><\/p>\n<p>Doutoranda em Ci\u00eancia Pol\u00edtica | UFPEL<\/p>\n<p>Curr\u00edculo:\u00a0<a href=\"http:\/\/lattes.cnpq.br\/9538637864325607\">http:\/\/lattes.cnpq.br\/9538637864325607<\/a><\/p>\n<p>&nbsp;<\/p>\n<p><i>Taila Karine Probst<br \/>\n<\/i><\/p>\n<p>Graduada em Direito | UFPEL<\/p>\n<p>Curr\u00edculo: <a href=\"http:\/\/lattes.cnpq.br\/6078577214039452\">http:\/\/lattes.cnpq.br\/6078577214039452<\/a><\/p>\n<p>&nbsp;<\/p>\n<p><strong>Egressas|os<\/strong><\/p>\n<p><i>Ana Paula dos Santos Delgado, <\/i>Direito | UFPEL<\/p>\n<p>Curr\u00edculo: <span style=\"text-decoration: underline;\">N\u00e3o possui.<\/span><\/p>\n<p>Per\u00edodo de v\u00ednculo com o N\u00facleo: 05\/2021 &#8211; 04\/2023<\/p>\n<p>&nbsp;<\/p>\n<p><em>Beatriz Santos Jesus Pereira<\/em>, Ci\u00eancias Sociais | UFPEL<\/p>\n<p>Curr\u00edculo:\u00a0<a href=\"http:\/\/lattes.cnpq.br\/8219441948415310\">http:\/\/lattes.cnpq.br\/8219441948415310<\/a><\/p>\n<p>Per\u00edodo de v\u00ednculo com o N\u00facleo: 05\/2022 &#8211; 05\/2023<\/p>\n<p>&nbsp;<\/p>\n<p><em>Bruna Pereira Lima Andrade, <\/em>Direito | UFPEL<\/p>\n<p>Curr\u00edculo: <a href=\"http:\/\/lattes.cnpq.br\/5016593479615586\">http:\/\/lattes.cnpq.br\/5016593479615586<\/a><\/p>\n<p>Per\u00edodo de v\u00ednculo com o N\u00facleo: 10\/2021 &#8211; 02\/2025<\/p>\n<p>&nbsp;<\/p>\n<p><em>Caio Paglis Marques Pl\u00e1cido, <\/em>PPG em Ci\u00eancia Pol\u00edtica | UFPEL<\/p>\n<p>Curr\u00edculo: <a href=\"http:\/\/lattes.cnpq.br\/6830481549105688\" target=\"_blank\" rel=\"noopener noreferrer\">http:\/\/lattes.cnpq.br\/6830481549105688<\/a><\/p>\n<p>Per\u00edodo de v\u00ednculo com o N\u00facleo: 09\/2018 &#8211; 08\/2023.<\/p>\n<p>&nbsp;<\/p>\n<p><em>Carolina Rosa de Oliveira Silva, <\/em>Direito | UFPEL<\/p>\n<p>Curr\u00edculo:\u00a0<a href=\"http:\/\/lattes.cnpq.br\/9987766820758806\">http:\/\/lattes.cnpq.br\/9987766820758806<\/a><\/p>\n<p>Per\u00edodo de v\u00ednculo com o N\u00facleo: 10\/2021 &#8211; 07\/2022<\/p>\n<p>&nbsp;<\/p>\n<p><i>Carlos Henrique Rodrigues Roque,<\/i>\u00a0Direito | UFPEL<\/p>\n<p>Curr\u00edculo:\u00a0<a href=\"http:\/\/lattes.cnpq.br\/1511584350058372\">http:\/\/lattes.cnpq.br\/1511584350058372<\/a><\/p>\n<p>Per\u00edodo de v\u00ednculo com o N\u00facleo: 09\/2022 &#8211; 02\/2026<\/p>\n<p>&nbsp;<\/p>\n<p><i>Danielle Bento Pires Lopa, <\/i>Direito | UFPEL<\/p>\n<p>Curr\u00edculo:\u00a0<a href=\"http:\/\/lattes.cnpq.br\/3023615153122589\">http:\/\/lattes.cnpq.br\/3023615153122589<\/a><\/p>\n<p>Per\u00edodo de v\u00ednculo com o N\u00facleo: 05\/2020 &#8211; 04\/2022<\/p>\n<p>&nbsp;<\/p>\n<p><em>Deivid Mendon\u00e7a Cardoso, <\/em>Ci\u00eancias Sociais | UFPEL<\/p>\n<p>Curr\u00edculo: <a href=\"http:\/\/lattes.cnpq.br\/9370886972585016\" target=\"_blank\" rel=\"noopener noreferrer\">http:\/\/lattes.cnpq.br\/9370886972585016<\/a><\/p>\n<p>Per\u00edodo de v\u00ednculo com o N\u00facleo: 05\/2017 &#8211; 07\/2019<\/p>\n<p>&nbsp;<\/p>\n<p><i>Eduardo Machado de Almeida Rolim, <\/i>Direito | UFPEL<\/p>\n<p>Curr\u00edculo:\u00a0<a href=\"http:\/\/lattes.cnpq.br\/2445870979542602\">http:\/\/lattes.cnpq.br\/2445870979542602<\/a><\/p>\n<p>Per\u00edodo de v\u00ednculo com o N\u00facleo: 09\/2022 &#8211; 02\/2026<\/p>\n<p>&nbsp;<\/p>\n<p><em>Genaro da Silva Ribeiro, <\/em>PPG em Ci\u00eancia Pol\u00edtica | UFPEL<\/p>\n<p>Curr\u00edculo:\u00a0<a href=\"http:\/\/lattes.cnpq.br\/1663464467515444\" target=\"_blank\" rel=\"noopener noreferrer\">http:\/\/lattes.cnpq.br\/1663464467515444<\/a><\/p>\n<p>Per\u00edodo de v\u00ednculo com o N\u00facleo: 08\/2019 &#8211; 12\/2021<\/p>\n<p>&nbsp;<\/p>\n<p><i>Helena Klein Schenatto, <\/i>Direito | UFPEL<\/p>\n<p>Curr\u00edculo: <a href=\"http:\/\/lattes.cnpq.br\/9053319645716401\" target=\"_blank\" rel=\"noopener noreferrer\">http:\/\/lattes.cnpq.br\/9053319645716401<\/a><\/p>\n<p>Per\u00edodo de v\u00ednculo com o N\u00facleo: 10\/2020 &#8211; 01\/2022<\/p>\n<p>&nbsp;<\/p>\n<p><em>Isabela Rodrigues do Nascimento, <\/em>PPG em Ci\u00eancia Pol\u00edtica | UFPEL<\/p>\n<p>Curr\u00edculo: <a href=\"http:\/\/lattes.cnpq.br\/5228959123956079\" target=\"_blank\" rel=\"noopener noreferrer\">http:\/\/lattes.cnpq.br\/5228959123956079<\/a><\/p>\n<p>Per\u00edodo de v\u00ednculo com o N\u00facleo: 07\/2017 &#8211; 03\/2023<\/p>\n<p>&nbsp;<\/p>\n<p><em>Isabella Maria Martins de Amorim,<\/em> Ci\u00eancias Sociais | UFPEL<\/p>\n<p>Curr\u00edculo:\u00a0<a href=\"http:\/\/lattes.cnpq.br\/6756951209556437\">http:\/\/lattes.cnpq.br\/6756951209556437<\/a><\/p>\n<p>Per\u00edodo de v\u00ednculo com o N\u00facleo: 09\/2022 &#8211; 06\/2025<\/p>\n<p>&nbsp;<\/p>\n<p><i>Isadora Thomazi Mendes, <\/i>Direito | UFPEL<\/p>\n<p>Curr\u00edculo:\u00a0<a href=\"http:\/\/lattes.cnpq.br\/2064392326512711\" target=\"_blank\" rel=\"noopener noreferrer\">http:\/\/lattes.cnpq.br\/2064392326512711<\/a><\/p>\n<p>Per\u00edodo de v\u00ednculo com o N\u00facleo: 10\/2020 &#8211; 06\/2025<\/p>\n<p>&nbsp;<\/p>\n<p><i>Isadora Vieira Chagas, <\/i>Direito | UFPEL<\/p>\n<p>Curr\u00edculo:\u00a0<a href=\"http:\/\/lattes.cnpq.br\/6385484528276220\" target=\"_blank\" rel=\"noopener noreferrer\">http:\/\/lattes.cnpq.br\/6385484528276220<\/a><\/p>\n<p>Per\u00edodo de v\u00ednculo com o N\u00facleo: 10\/2020 &#8211; 12\/2021<\/p>\n<p>&nbsp;<\/p>\n<p><i>Jordana Ferreira Ribeiro, <\/i>Ci\u00eancias Sociais | UFPEL<\/p>\n<p>Curr\u00edculo:\u00a0<a href=\"http:\/\/lattes.cnpq.br\/2344028351133913\" target=\"_blank\" rel=\"noopener noreferrer\">http:\/\/lattes.cnpq.br\/2344028351133913<\/a><\/p>\n<p>Per\u00edodo de v\u00ednculo com o N\u00facleo: 09\/2019 &#8211; 08\/2020<\/p>\n<p>&nbsp;<\/p>\n<p><em>Mariana de Lara Bueno, <\/em>Ci\u00eancias Sociais | UFPEL<\/p>\n<p>Curr\u00edculo:\u00a0<a href=\"http:\/\/lattes.cnpq.br\/5822893721112720\" target=\"_blank\" rel=\"noopener noreferrer\">http:\/\/lattes.cnpq.br\/5822893721112720<\/a><\/p>\n<p>Per\u00edodo de v\u00ednculo com o N\u00facleo: 09\/2019 &#8211; 02\/2025<\/p>\n<p>&nbsp;<\/p>\n<p><em>Otavio Ramos da Rosa de Oliveira, <\/em>Ci\u00eancias Sociais | UFPEL<\/p>\n<p>Curr\u00edculo:\u00a0<a href=\"http:\/\/lattes.cnpq.br\/8697852492695150\">http:\/\/lattes.cnpq.br\/8697852492695150<\/a><\/p>\n<p>Per\u00edodo de v\u00ednculo com o N\u00facleo: 10\/2021 &#8211; 07\/2022<\/p>\n<p>&nbsp;<\/p>\n<p><i>Pedro Gardani,<\/i> Ci\u00eancias Sociais | UFPEL<\/p>\n<p>Curr\u00edculo:\u00a0<a href=\"http:\/\/lattes.cnpq.br\/4516324139336064\">http:\/\/lattes.cnpq.br\/4516324139336064<\/a><\/p>\n<p>Per\u00edodo de v\u00ednculo com o N\u00facleo: 09\/2022 &#8211; 06\/2025<\/p>\n<p>&nbsp;<\/p>\n<p><em>Pedro Henrique Correia de Andrade, <\/em>Ci\u00eancias Sociais | UFPEL (<em>in memoriam<\/em>)<\/p>\n<p>Curr\u00edculo: <a href=\"http:\/\/lattes.cnpq.br\/2908440099733156\" target=\"_blank\" rel=\"noopener noreferrer\">http:\/\/lattes.cnpq.br\/2908440099733156<\/a><\/p>\n<p>Per\u00edodo de v\u00ednculo com o N\u00facleo: 08\/2018 &#8211; 10\/2020<\/p>\n<p>&nbsp;<\/p>\n<p><em>Pedro Augusto Accorsi Teles, <\/em>Direito | UFPEL<\/p>\n<p>Curr\u00edculo:\u00a0<a href=\"http:\/\/lattes.cnpq.br\/3720000443060164\">http:\/\/lattes.cnpq.br\/3720000443060164<\/a><\/p>\n<p>Per\u00edodo de v\u00ednculo com o N\u00facleo: 05\/2021 &#8211; 04\/2023<\/p>\n<p>&nbsp;<\/p>\n<p><em>Rafael Alexandre Silveira<\/em>, PPG\u00a0em Ci\u00eancia Pol\u00edtica | UFPEL<\/p>\n<p>Curr\u00edculo:\u00a0<a href=\"http:\/\/lattes.cnpq.br\/1086421401600236\" target=\"_blank\" rel=\"noopener noreferrer\">http:\/\/lattes.cnpq.br\/1086421401600236<\/a><\/p>\n<p>Per\u00edodo de v\u00ednculo com o N\u00facleo: 08\/2019 &#8211; 07\/2025<\/p>\n<p>&nbsp;<\/p>\n<p><i>Rosa Indira Alves da Silva, <\/i>Direito | UFPEL<\/p>\n<p>Curr\u00edculo:\u00a0<a href=\"http:\/\/lattes.cnpq.br\/5914827158196534\">http:\/\/lattes.cnpq.br\/5914827158196534<\/a><\/p>\n<p>Per\u00edodo de v\u00ednculo com o N\u00facleo: 09\/2022 &#8211; 02\/2026<\/p>\n","protected":false},"excerpt":{"rendered":"<p>Pesquisadoras|es Carlos Artur Gallo, Coordenador Professor do Departamento de Sociologia e Pol\u00edtica | UFPEL Curr\u00edculo: http:\/\/lattes.cnpq.br\/6099239530718796 &nbsp; Andr\u00e9s Del R\u00edo Professor do Departamento de Geografia e Pol\u00edticas P\u00fablicas | UFF Curr\u00edculo: http:\/\/lattes.cnpq.br\/3023033727685948 &nbsp; Bruno Boti Bernardi Professor do Curso de Rela\u00e7\u00f5es Internacionais | UFGD Curr\u00edculo: http:\/\/lattes.cnpq.br\/4840962268752573 &nbsp; Bruno Gazalle Cavichioli Professor Substituto do Curso de [&hellip;]<\/p>\n","protected":false},"author":880,"featured_media":0,"parent":0,"menu_order":0,"comment_status":"closed","ping_status":"closed","template":"","meta":{"footnotes":""},"class_list":["post-8","page","type-page","status-publish","hentry"],"_links":{"self":[{"href":"https:\/\/wp.ufpel.edu.br\/nuppome\/wp-json\/wp\/v2\/pages\/8","targetHints":{"allow":["GET"]}}],"collection":[{"href":"https:\/\/wp.ufpel.edu.br\/nuppome\/wp-json\/wp\/v2\/pages"}],"about":[{"href":"https:\/\/wp.ufpel.edu.br\/nuppome\/wp-json\/wp\/v2\/types\/page"}],"author":[{"embeddable":true,"href":"https:\/\/wp.ufpel.edu.br\/nuppome\/wp-json\/wp\/v2\/users\/880"}],"replies":[{"embeddable":true,"href":"https:\/\/wp.ufpel.edu.br\/nuppome\/wp-json\/wp\/v2\/comments?post=8"}],"version-history":[{"count":3,"href":"https:\/\/wp.ufpel.edu.br\/nuppome\/wp-json\/wp\/v2\/pages\/8\/revisions"}],"predecessor-version":[{"id":1868,"href":"https:\/\/wp.ufpel.edu.br\/nuppome\/wp-json\/wp\/v2\/pages\/8\/revisions\/1868"}],"wp:attachment":[{"href":"https:\/\/wp.ufpel.edu.br\/nuppome\/wp-json\/wp\/v2\/media?parent=8"}],"curies":[{"name":"wp","href":"https:\/\/api.w.org\/{rel}","templated":true}]}}