{"id":2088,"date":"2021-11-26T15:20:31","date_gmt":"2021-11-26T18:20:31","guid":{"rendered":"https:\/\/wp.ufpel.edu.br\/nuped\/?page_id=2088"},"modified":"2021-11-26T15:20:31","modified_gmt":"2021-11-26T18:20:31","slug":"mostardas","status":"publish","type":"page","link":"https:\/\/wp.ufpel.edu.br\/nuped\/mostardas\/","title":{"rendered":"Mostardas"},"content":{"rendered":"<p style=\"text-align: center\">\n<!-- iframe plugin v.6.0 wordpress.org\/plugins\/iframe\/ -->\n<iframe width=\"100%\" align=\"center\" height=\"600\" src=\"https:\/\/www.google.com\/maps\/d\/u\/0\/embed?mid=1-sPWOCBoly1J2FMhfV8t4lcEQ5FrDu5R&#038;ll=-31.407966099999975%2C-53.870366800000006&#038;z=8\" scrolling=\"yes\" class=\"iframe-class\" frameborder=\"0\"><\/iframe>\n<\/p>\n<p style=\"text-align: justify\">Criado pela Lei Municipal n\u00b0 2.430 de 29 de julho de 2008, vem proporcionando o acesso \u00e0 educa\u00e7\u00e3o gratuita e de qualidade a popula\u00e7\u00e3o do munic\u00edpio de Mostardas e regi\u00e3o. Recebendo cursos de Gradua\u00e7\u00e3o e P\u00f3s-Gradua\u00e7\u00e3o de universidades parceiras, al\u00e9m de possibilitar a oferta de cursos em n\u00edvel t\u00e9cnico, ao longo dos mais de 10 anos de exist\u00eancia, tem contribu\u00eddo para a forma\u00e7\u00e3o de pessoas capacitadas para atua\u00e7\u00e3o em diversas \u00e1reas na nossa regi\u00e3o.<\/p>\n<p style=\"text-align: left\"><strong>Cidade\/Estado:<\/strong> Mostardas, Rio Grande do Sul, Brasil<br \/>\n<strong>Endere\u00e7o:<\/strong> Manoel Vicente Ferreira, 329<br \/>\n<strong>Telefone:<\/strong> (51) 36731873<br \/>\n<strong>Email:<\/strong> uabmostardas@gmail.com<br \/>\n<b>Coordenadora:<\/b><span style=\"font-weight: 400\"> Thiele Araujo Pereira<\/span><\/p>\n<p><b>Redes Sociais: <\/b><a href=\"https:\/\/www.facebook.com\/mostardas.rs.gov.br\">Facebook<\/a><span style=\"font-weight: 400\"> \/ <\/span><a href=\"https:\/\/instagram.com\/prefeiturademostardas?igshid=YmMyMTA2M2Y=\">Instagram<\/a><\/p>\n<p style=\"text-align: left\"><a href=\"https:\/\/institucional.ufpel.edu.br\/busca\/?p=mostardas&amp;cursos=on\"><b>Veja os cursos e atividades\u00a0 da UFPel desenvolvidas na cidade de Mostardas<\/b><\/a><\/p>\n\n\t\t<style type=\"text\/css\">\n\t\t\t#gallery-1 {\n\t\t\t\tmargin: auto;\n\t\t\t}\n\t\t\t#gallery-1 .gallery-item {\n\t\t\t\tfloat: left;\n\t\t\t\tmargin-top: 10px;\n\t\t\t\ttext-align: center;\n\t\t\t\twidth: 33%;\n\t\t\t}\n\t\t\t#gallery-1 img {\n\t\t\t\tborder: 2px solid #cfcfcf;\n\t\t\t}\n\t\t\t#gallery-1 .gallery-caption {\n\t\t\t\tmargin-left: 0;\n\t\t\t}\n\t\t\t\/* see gallery_shortcode() in wp-includes\/media.php *\/\n\t\t<\/style>\n\t\t<div id='gallery-1' class='gallery galleryid-2088 gallery-columns-3 gallery-size-medium'><dl class='gallery-item'>\n\t\t\t<dt class='gallery-icon landscape'>\n\t\t\t\t<img width=\"400\" height=\"300\" src=\"https:\/\/wp.ufpel.edu.br\/nuped\/files\/2022\/05\/Fachada-2-Polo-Mostardas-400x300.jpeg\" class=\"attachment-medium size-medium\" alt=\"\" srcset=\"https:\/\/wp.ufpel.edu.br\/nuped\/files\/2022\/05\/Fachada-2-Polo-Mostardas-400x300.jpeg 400w, https:\/\/wp.ufpel.edu.br\/nuped\/files\/2022\/05\/Fachada-2-Polo-Mostardas-1024x768.jpeg 1024w, https:\/\/wp.ufpel.edu.br\/nuped\/files\/2022\/05\/Fachada-2-Polo-Mostardas-768x576.jpeg 768w, https:\/\/wp.ufpel.edu.br\/nuped\/files\/2022\/05\/Fachada-2-Polo-Mostardas-1536x1152.jpeg 1536w, https:\/\/wp.ufpel.edu.br\/nuped\/files\/2022\/05\/Fachada-2-Polo-Mostardas.jpeg 1600w\" sizes=\"(max-width: 400px) 100vw, 400px\" \/>\n\t\t\t<\/dt><\/dl><dl class='gallery-item'>\n\t\t\t<dt class='gallery-icon landscape'>\n\t\t\t\t<img width=\"400\" height=\"300\" src=\"https:\/\/wp.ufpel.edu.br\/nuped\/files\/2022\/05\/Sala-multi-Polo-Mostardas-400x300.jpeg\" class=\"attachment-medium size-medium\" alt=\"\" srcset=\"https:\/\/wp.ufpel.edu.br\/nuped\/files\/2022\/05\/Sala-multi-Polo-Mostardas-400x300.jpeg 400w, https:\/\/wp.ufpel.edu.br\/nuped\/files\/2022\/05\/Sala-multi-Polo-Mostardas-1024x768.jpeg 1024w, https:\/\/wp.ufpel.edu.br\/nuped\/files\/2022\/05\/Sala-multi-Polo-Mostardas-768x576.jpeg 768w, https:\/\/wp.ufpel.edu.br\/nuped\/files\/2022\/05\/Sala-multi-Polo-Mostardas-1536x1152.jpeg 1536w, https:\/\/wp.ufpel.edu.br\/nuped\/files\/2022\/05\/Sala-multi-Polo-Mostardas.jpeg 1600w\" sizes=\"(max-width: 400px) 100vw, 400px\" \/>\n\t\t\t<\/dt><\/dl><dl class='gallery-item'>\n\t\t\t<dt class='gallery-icon landscape'>\n\t\t\t\t<img width=\"400\" height=\"300\" src=\"https:\/\/wp.ufpel.edu.br\/nuped\/files\/2022\/05\/Laboratorio-4-Polo-Mostardas-400x300.jpeg\" class=\"attachment-medium size-medium\" alt=\"\" srcset=\"https:\/\/wp.ufpel.edu.br\/nuped\/files\/2022\/05\/Laboratorio-4-Polo-Mostardas-400x300.jpeg 400w, https:\/\/wp.ufpel.edu.br\/nuped\/files\/2022\/05\/Laboratorio-4-Polo-Mostardas-1024x768.jpeg 1024w, https:\/\/wp.ufpel.edu.br\/nuped\/files\/2022\/05\/Laboratorio-4-Polo-Mostardas-768x576.jpeg 768w, https:\/\/wp.ufpel.edu.br\/nuped\/files\/2022\/05\/Laboratorio-4-Polo-Mostardas.jpeg 1156w\" sizes=\"(max-width: 400px) 100vw, 400px\" \/>\n\t\t\t<\/dt><\/dl><br style=\"clear: both\" \/>\n\t\t<\/div>\n\n<p>&nbsp;<\/p>\n","protected":false},"excerpt":{"rendered":"<p>Criado pela Lei Municipal n\u00b0 2.430 de 29 de julho de 2008, vem proporcionando o acesso \u00e0 educa\u00e7\u00e3o gratuita e de qualidade a popula\u00e7\u00e3o do munic\u00edpio de Mostardas e regi\u00e3o. Recebendo cursos de Gradua\u00e7\u00e3o e P\u00f3s-Gradua\u00e7\u00e3o de universidades parceiras, al\u00e9m de possibilitar a oferta de cursos em n\u00edvel t\u00e9cnico, ao longo dos mais de 10 [&hellip;]<\/p>\n","protected":false},"author":1165,"featured_media":0,"parent":0,"menu_order":0,"comment_status":"closed","ping_status":"closed","template":"","meta":{"footnotes":""},"class_list":["post-2088","page","type-page","status-publish","hentry"],"_links":{"self":[{"href":"https:\/\/wp.ufpel.edu.br\/nuped\/wp-json\/wp\/v2\/pages\/2088","targetHints":{"allow":["GET"]}}],"collection":[{"href":"https:\/\/wp.ufpel.edu.br\/nuped\/wp-json\/wp\/v2\/pages"}],"about":[{"href":"https:\/\/wp.ufpel.edu.br\/nuped\/wp-json\/wp\/v2\/types\/page"}],"author":[{"embeddable":true,"href":"https:\/\/wp.ufpel.edu.br\/nuped\/wp-json\/wp\/v2\/users\/1165"}],"replies":[{"embeddable":true,"href":"https:\/\/wp.ufpel.edu.br\/nuped\/wp-json\/wp\/v2\/comments?post=2088"}],"version-history":[{"count":0,"href":"https:\/\/wp.ufpel.edu.br\/nuped\/wp-json\/wp\/v2\/pages\/2088\/revisions"}],"wp:attachment":[{"href":"https:\/\/wp.ufpel.edu.br\/nuped\/wp-json\/wp\/v2\/media?parent=2088"}],"curies":[{"name":"wp","href":"https:\/\/api.w.org\/{rel}","templated":true}]}}