{"id":2060,"date":"2021-11-26T15:16:36","date_gmt":"2021-11-26T18:16:36","guid":{"rendered":"https:\/\/wp.ufpel.edu.br\/nuped\/?page_id=2060"},"modified":"2021-11-26T15:16:36","modified_gmt":"2021-11-26T18:16:36","slug":"seberi","status":"publish","type":"page","link":"https:\/\/wp.ufpel.edu.br\/nuped\/seberi\/","title":{"rendered":"Seberi"},"content":{"rendered":"<p style=\"text-align: center\">\n<!-- iframe plugin v.6.0 wordpress.org\/plugins\/iframe\/ -->\n<iframe width=\"100%\" align=\"center\" height=\"600\" src=\"https:\/\/www.google.com\/maps\/d\/u\/0\/embed?mid=1-sPWOCBoly1J2FMhfV8t4lcEQ5FrDu5R&#038;ll=-31.407966099999975%2C-53.870366800000006&#038;z=8\" scrolling=\"yes\" class=\"iframe-class\" frameborder=\"0\"><\/iframe>\n<\/p>\n<p style=\"text-align: left\"><strong>O Munic\u00edpio<\/strong><\/p>\n<p style=\"text-align: justify\">\u00a0 \u00a0 \u00a0O munic\u00edpio de Seberi \u00e9 localizado na regi\u00e3o norte do M\u00e9dio e Alto Uruguai do Rio Grande do Sul, estando a 423 km de dist\u00e2ncia de Porto Alegre. Possui uma \u00e1rea de 303,7 km quadrados de extens\u00e3o territorial onde a \u00e1rea rural divide-se em 1632 propriedades. Possui popula\u00e7\u00e3o total de 11.144 habitantes segundo dados do \u00faltimo senso. Emancipado no dia 4 de junho de 1959, Seberi foi denominada anteriormente de Boca da Picada e Fortaleza, recebendo a denomina\u00e7\u00e3o atual no momento do desmembramento do munic\u00edpio m\u00e3e, Palmeira das Miss\u00f5es. O nome Seberi passou a ser usado a partir de 1944, na l\u00edngua tupi-guarani significa \u201cRio de Pedras Preciosas\u201d. Atualmente o munic\u00edpio \u00e9 administrado pelo Prefeito Adilson Adam Balestrim e pelo Vice- Prefeito Adalberto Pegoraro.<\/p>\n<p style=\"text-align: left\"><strong>O Polo<\/strong><\/p>\n<p style=\"text-align: justify\">No ensino universit\u00e1rio o Munic\u00edpio de Seberi possui Polo da Universidade Aberta do Brasil \u2013 UAB. O sistema Universidade Aberta do Brasil \u00e9 um programa articulador entre governo federal e entes federativos que apoia institui\u00e7\u00f5es p\u00fablicas de ensino superior a oferecerem cursos de n\u00edvel superior e de p\u00f3s-gradua\u00e7\u00e3o por meio do uso da modalidade de educa\u00e7\u00e3o a dist\u00e2ncia. O projeto de polo UAB para o munic\u00edpio de Seberi foi feito em julho de 2006 quando o prefeito Marcelino Galv\u00e3o Bueno Sobrinho com grande vis\u00e3o empreendedora, visualizou a concretiza\u00e7\u00e3o deste sonho e acatou o desafio. A Secretaria Municipal de Educa\u00e7\u00e3o e Cultura, coordenada pela professora Iracema Terezinha Rodrigues, dedica-se, ent\u00e3o, \u00e0 elabora\u00e7\u00e3o do projeto. Dentre tantos, estiveram \u00e0 frente desse processo Marlise da Silva Goffi, Marcos Antonio Corbari, Sandra Cezar e Elton Cocco Martins.<br \/>\nNeste mesmo ano come\u00e7a o estabelecimento de parcerias com algumas entidades: Instituto Estadual de Educa\u00e7\u00e3o Madre Tereza, sob a dire\u00e7\u00e3o de Aur\u00e9lia Pereira Fortes (primeira sede do Polo no munic\u00edpio) e Secretaria de Educa\u00e7\u00e3o do Estado \u2013 SEC, comandada por Nelsi M\u00fcller. Em 25 de setembro de 2006 sai publicado no Di\u00e1rio Oficial o Termo de Cess\u00e3o de Uso n\u00ba 198\/2006 dado pelo secret\u00e1rio de Estado Pedro Gabril Kenne da Silva, termo este que concede o espa\u00e7o f\u00edsico de parte do terceiro andar do Instituto Estadual de Educa\u00e7\u00e3o Madre Tereza para utiliza\u00e7\u00e3o da UAB por tempo indeterminado e sem \u00f4nus da ocupa\u00e7\u00e3o. Depois, o polo mudou-se para a Avenida Flores da Cunha, n\u00ba 113 por quest\u00f5es de acessibilidade no qual permanece atualmente instalado. O Polo de Apoio Presencial da Universidade Aberta do Brasil foi criado pela Lei Municipal n\u00ba 2589 de 26 de mar\u00e7o de 2007 e foi inaugurado no dia 28 de novembro de 2007.<\/p>\n<p style=\"text-align: left\"><strong>Cidade\/Estado:<\/strong> Seberi, Rio Grande do Sul, Brasil<br \/>\n<strong>Endere\u00e7o:<\/strong> Tv. Cond\u00e9 de P\u00f4rto Alegre, 113<br \/>\n<strong>Telefone:<\/strong> (55) 3746 2011<br \/>\n<strong>Email:<\/strong> uabseberi@gmail.com<br \/>\n<b>Coordenadora:<\/b><span style=\"font-weight: 400\"> Prof\u00aa Ana Lucia Rodrigues Guterra<\/span><\/p>\n<p><b>Redes Sociais:<\/b> <span style=\"font-weight: 400\"><a href=\"https:\/\/www.facebook.com\/polouabseberi\">Facebook<\/a> | <a href=\"http:\/\/uabseberi.blogspot.com\/\">Blog<\/a> | <a href=\"https:\/\/instagram.com\/polouabseberi\">Instagram<\/a><\/span><\/p>\n<p style=\"text-align: left\"><a href=\"https:\/\/institucional.ufpel.edu.br\/busca\/?p=seberi\"><b>Veja os cursos e atividades\u00a0 da UFPel desenvolvidas na cidade de Seberi<\/b><\/a><\/p>\n\n\t\t<style type=\"text\/css\">\n\t\t\t#gallery-1 {\n\t\t\t\tmargin: auto;\n\t\t\t}\n\t\t\t#gallery-1 .gallery-item {\n\t\t\t\tfloat: left;\n\t\t\t\tmargin-top: 10px;\n\t\t\t\ttext-align: center;\n\t\t\t\twidth: 33%;\n\t\t\t}\n\t\t\t#gallery-1 img {\n\t\t\t\tborder: 2px solid #cfcfcf;\n\t\t\t}\n\t\t\t#gallery-1 .gallery-caption {\n\t\t\t\tmargin-left: 0;\n\t\t\t}\n\t\t\t\/* see gallery_shortcode() in wp-includes\/media.php *\/\n\t\t<\/style>\n\t\t<div id='gallery-1' class='gallery galleryid-2060 gallery-columns-3 gallery-size-medium'><dl class='gallery-item'>\n\t\t\t<dt class='gallery-icon landscape'>\n\t\t\t\t<img width=\"400\" height=\"225\" src=\"https:\/\/wp.ufpel.edu.br\/nuped\/files\/2022\/02\/frente-do-polo-UAB-com-a-placa-Ana-Lucia-Rodrigues-Guterra-400x225.jpeg\" class=\"attachment-medium size-medium\" alt=\"\" srcset=\"https:\/\/wp.ufpel.edu.br\/nuped\/files\/2022\/02\/frente-do-polo-UAB-com-a-placa-Ana-Lucia-Rodrigues-Guterra-400x225.jpeg 400w, https:\/\/wp.ufpel.edu.br\/nuped\/files\/2022\/02\/frente-do-polo-UAB-com-a-placa-Ana-Lucia-Rodrigues-Guterra-1024x576.jpeg 1024w, https:\/\/wp.ufpel.edu.br\/nuped\/files\/2022\/02\/frente-do-polo-UAB-com-a-placa-Ana-Lucia-Rodrigues-Guterra-768x432.jpeg 768w, https:\/\/wp.ufpel.edu.br\/nuped\/files\/2022\/02\/frente-do-polo-UAB-com-a-placa-Ana-Lucia-Rodrigues-Guterra.jpeg 1164w\" sizes=\"(max-width: 400px) 100vw, 400px\" \/>\n\t\t\t<\/dt><\/dl><dl class='gallery-item'>\n\t\t\t<dt class='gallery-icon landscape'>\n\t\t\t\t<img width=\"400\" height=\"225\" src=\"https:\/\/wp.ufpel.edu.br\/nuped\/files\/2022\/02\/frente-do-polo-UAB-com-a-placa1-Ana-Lucia-Rodrigues-Guterra-400x225.jpeg\" class=\"attachment-medium size-medium\" alt=\"\" srcset=\"https:\/\/wp.ufpel.edu.br\/nuped\/files\/2022\/02\/frente-do-polo-UAB-com-a-placa1-Ana-Lucia-Rodrigues-Guterra-400x225.jpeg 400w, https:\/\/wp.ufpel.edu.br\/nuped\/files\/2022\/02\/frente-do-polo-UAB-com-a-placa1-Ana-Lucia-Rodrigues-Guterra-1024x576.jpeg 1024w, https:\/\/wp.ufpel.edu.br\/nuped\/files\/2022\/02\/frente-do-polo-UAB-com-a-placa1-Ana-Lucia-Rodrigues-Guterra-768x432.jpeg 768w, https:\/\/wp.ufpel.edu.br\/nuped\/files\/2022\/02\/frente-do-polo-UAB-com-a-placa1-Ana-Lucia-Rodrigues-Guterra.jpeg 1164w\" sizes=\"(max-width: 400px) 100vw, 400px\" \/>\n\t\t\t<\/dt><\/dl><dl class='gallery-item'>\n\t\t\t<dt class='gallery-icon landscape'>\n\t\t\t\t<img width=\"400\" height=\"225\" src=\"https:\/\/wp.ufpel.edu.br\/nuped\/files\/2022\/02\/Laboratorio-de-informatica2-Ana-Lucia-Rodrigues-Guterra-400x225.jpeg\" class=\"attachment-medium size-medium\" alt=\"\" srcset=\"https:\/\/wp.ufpel.edu.br\/nuped\/files\/2022\/02\/Laboratorio-de-informatica2-Ana-Lucia-Rodrigues-Guterra-400x225.jpeg 400w, https:\/\/wp.ufpel.edu.br\/nuped\/files\/2022\/02\/Laboratorio-de-informatica2-Ana-Lucia-Rodrigues-Guterra-1024x576.jpeg 1024w, https:\/\/wp.ufpel.edu.br\/nuped\/files\/2022\/02\/Laboratorio-de-informatica2-Ana-Lucia-Rodrigues-Guterra-768x432.jpeg 768w, https:\/\/wp.ufpel.edu.br\/nuped\/files\/2022\/02\/Laboratorio-de-informatica2-Ana-Lucia-Rodrigues-Guterra.jpeg 1164w\" sizes=\"(max-width: 400px) 100vw, 400px\" \/>\n\t\t\t<\/dt><\/dl><br style=\"clear: both\" \/><dl class='gallery-item'>\n\t\t\t<dt class='gallery-icon landscape'>\n\t\t\t\t<img width=\"400\" height=\"225\" src=\"https:\/\/wp.ufpel.edu.br\/nuped\/files\/2022\/02\/laboratorio-de-informatica3-Ana-Lucia-Rodrigues-Guterra-400x225.jpeg\" class=\"attachment-medium size-medium\" alt=\"\" srcset=\"https:\/\/wp.ufpel.edu.br\/nuped\/files\/2022\/02\/laboratorio-de-informatica3-Ana-Lucia-Rodrigues-Guterra-400x225.jpeg 400w, https:\/\/wp.ufpel.edu.br\/nuped\/files\/2022\/02\/laboratorio-de-informatica3-Ana-Lucia-Rodrigues-Guterra-1024x576.jpeg 1024w, https:\/\/wp.ufpel.edu.br\/nuped\/files\/2022\/02\/laboratorio-de-informatica3-Ana-Lucia-Rodrigues-Guterra-768x432.jpeg 768w, https:\/\/wp.ufpel.edu.br\/nuped\/files\/2022\/02\/laboratorio-de-informatica3-Ana-Lucia-Rodrigues-Guterra.jpeg 1164w\" sizes=\"(max-width: 400px) 100vw, 400px\" \/>\n\t\t\t<\/dt><\/dl><dl class='gallery-item'>\n\t\t\t<dt class='gallery-icon landscape'>\n\t\t\t\t<img width=\"400\" height=\"225\" src=\"https:\/\/wp.ufpel.edu.br\/nuped\/files\/2022\/02\/Sala-multiuso-Ana-Lucia-Rodrigues-Guterra-400x225.jpeg\" class=\"attachment-medium size-medium\" alt=\"\" srcset=\"https:\/\/wp.ufpel.edu.br\/nuped\/files\/2022\/02\/Sala-multiuso-Ana-Lucia-Rodrigues-Guterra-400x225.jpeg 400w, https:\/\/wp.ufpel.edu.br\/nuped\/files\/2022\/02\/Sala-multiuso-Ana-Lucia-Rodrigues-Guterra-1024x576.jpeg 1024w, https:\/\/wp.ufpel.edu.br\/nuped\/files\/2022\/02\/Sala-multiuso-Ana-Lucia-Rodrigues-Guterra-768x432.jpeg 768w, https:\/\/wp.ufpel.edu.br\/nuped\/files\/2022\/02\/Sala-multiuso-Ana-Lucia-Rodrigues-Guterra.jpeg 1164w\" sizes=\"(max-width: 400px) 100vw, 400px\" \/>\n\t\t\t<\/dt><\/dl>\n\t\t\t<br style='clear: both' \/>\n\t\t<\/div>\n\n<p>&nbsp;<\/p>\n","protected":false},"excerpt":{"rendered":"<p>O Munic\u00edpio \u00a0 \u00a0 \u00a0O munic\u00edpio de Seberi \u00e9 localizado na regi\u00e3o norte do M\u00e9dio e Alto Uruguai do Rio Grande do Sul, estando a 423 km de dist\u00e2ncia de Porto Alegre. Possui uma \u00e1rea de 303,7 km quadrados de extens\u00e3o territorial onde a \u00e1rea rural divide-se em 1632 propriedades. Possui popula\u00e7\u00e3o total de 11.144 [&hellip;]<\/p>\n","protected":false},"author":1165,"featured_media":0,"parent":0,"menu_order":0,"comment_status":"closed","ping_status":"closed","template":"","meta":{"footnotes":""},"class_list":["post-2060","page","type-page","status-publish","hentry"],"_links":{"self":[{"href":"https:\/\/wp.ufpel.edu.br\/nuped\/wp-json\/wp\/v2\/pages\/2060","targetHints":{"allow":["GET"]}}],"collection":[{"href":"https:\/\/wp.ufpel.edu.br\/nuped\/wp-json\/wp\/v2\/pages"}],"about":[{"href":"https:\/\/wp.ufpel.edu.br\/nuped\/wp-json\/wp\/v2\/types\/page"}],"author":[{"embeddable":true,"href":"https:\/\/wp.ufpel.edu.br\/nuped\/wp-json\/wp\/v2\/users\/1165"}],"replies":[{"embeddable":true,"href":"https:\/\/wp.ufpel.edu.br\/nuped\/wp-json\/wp\/v2\/comments?post=2060"}],"version-history":[{"count":0,"href":"https:\/\/wp.ufpel.edu.br\/nuped\/wp-json\/wp\/v2\/pages\/2060\/revisions"}],"wp:attachment":[{"href":"https:\/\/wp.ufpel.edu.br\/nuped\/wp-json\/wp\/v2\/media?parent=2060"}],"curies":[{"name":"wp","href":"https:\/\/api.w.org\/{rel}","templated":true}]}}