{"id":2016,"date":"2021-11-26T15:05:35","date_gmt":"2021-11-26T18:05:35","guid":{"rendered":"https:\/\/wp.ufpel.edu.br\/nuped\/?page_id=2016"},"modified":"2021-11-26T15:05:35","modified_gmt":"2021-11-26T18:05:35","slug":"panambi","status":"publish","type":"page","link":"https:\/\/wp.ufpel.edu.br\/nuped\/panambi\/","title":{"rendered":"Panambi"},"content":{"rendered":"<p style=\"text-align: center\">\n<!-- iframe plugin v.6.0 wordpress.org\/plugins\/iframe\/ -->\n<iframe width=\"100%\" align=\"center\" height=\"600\" src=\"https:\/\/www.google.com\/maps\/d\/u\/0\/embed?mid=1-sPWOCBoly1J2FMhfV8t4lcEQ5FrDu5R&#038;ll=-31.407966099999975%2C-53.870366800000006&#038;z=8\" scrolling=\"yes\" class=\"iframe-class\" frameborder=\"0\"><\/iframe>\n<\/p>\n<p style=\"text-align: left\">O Polo da UAB em Panambi iniciou suas atividades no ano de 2008 com o curso de Especializa\u00e7\u00e3o em Educa\u00e7\u00e3o Ambiental da UFSM em pr\u00e9dio locado que possui estrutura f\u00edsica e de recursos humanos equipada para atender as demandas dos acad\u00eamicos e das universidades parceiras. Desde sua exist\u00eancia j\u00e1 recebeu ofertas de cursos de ensino superior e t\u00e9cnicos da Rede Etec das institui\u00e7\u00f5es p\u00fablicas: UFSM, UFRGS, UFPEL, UNIPAMPA, UNIOESTE, IFFAR e IFSUL.<\/p>\n<p style=\"text-align: left\"><strong>Cidade\/Estado:<\/strong> Panambi, Rio Grande do Sul, Brasil<br \/>\n<strong>Endere\u00e7o:<\/strong> Rua Hermann Meyer, 43, segundo andar, Bairro Centro, Panambi\/RS CEP 98.280-000<br \/>\n<strong>Telefone:<\/strong> (55)3375-4718 | Celular: (55) 984196729<br \/>\n<strong>Email:<\/strong> polouabpanambi@gmail.com<br \/>\n<b>Coordenadora:<\/b><span style=\"font-weight: 400\"> Solange Molz<br \/>\n<\/span><\/p>\n<p><b>Redes Sociais:<\/b> <a href=\"https:\/\/www.facebook.com\/polouabpanambirs\">Facebook<\/a><span style=\"font-weight: 400\"> \/ <\/span><a href=\"https:\/\/www.instagram.com\/polouabpanambirs\/\">Instagram<\/a><\/p>\n<p style=\"text-align: left\"><a href=\"https:\/\/institucional.ufpel.edu.br\/busca\/?p=panambi&amp;cursos=on\"><b>Veja os cursos e atividades da UFPel desenvolvidas na cidade de Panambi<\/b><\/a><\/p>\n\n\t\t<style type=\"text\/css\">\n\t\t\t#gallery-1 {\n\t\t\t\tmargin: auto;\n\t\t\t}\n\t\t\t#gallery-1 .gallery-item {\n\t\t\t\tfloat: left;\n\t\t\t\tmargin-top: 10px;\n\t\t\t\ttext-align: center;\n\t\t\t\twidth: 33%;\n\t\t\t}\n\t\t\t#gallery-1 img {\n\t\t\t\tborder: 2px solid #cfcfcf;\n\t\t\t}\n\t\t\t#gallery-1 .gallery-caption {\n\t\t\t\tmargin-left: 0;\n\t\t\t}\n\t\t\t\/* see gallery_shortcode() in wp-includes\/media.php *\/\n\t\t<\/style>\n\t\t<div id='gallery-1' class='gallery galleryid-2016 gallery-columns-3 gallery-size-medium'><dl class='gallery-item'>\n\t\t\t<dt class='gallery-icon portrait'>\n\t\t\t\t<img width=\"300\" height=\"400\" src=\"https:\/\/wp.ufpel.edu.br\/nuped\/files\/2022\/05\/Fachada-do-predio-Polo-UAB-Panambi-RS-300x400.jpg\" class=\"attachment-medium size-medium\" alt=\"\" srcset=\"https:\/\/wp.ufpel.edu.br\/nuped\/files\/2022\/05\/Fachada-do-predio-Polo-UAB-Panambi-RS-300x400.jpg 300w, https:\/\/wp.ufpel.edu.br\/nuped\/files\/2022\/05\/Fachada-do-predio-Polo-UAB-Panambi-RS-768x1024.jpg 768w, https:\/\/wp.ufpel.edu.br\/nuped\/files\/2022\/05\/Fachada-do-predio-Polo-UAB-Panambi-RS-1152x1536.jpg 1152w, https:\/\/wp.ufpel.edu.br\/nuped\/files\/2022\/05\/Fachada-do-predio-Polo-UAB-Panambi-RS-1536x2048.jpg 1536w, https:\/\/wp.ufpel.edu.br\/nuped\/files\/2022\/05\/Fachada-do-predio-Polo-UAB-Panambi-RS-scaled.jpg 1920w\" sizes=\"(max-width: 300px) 100vw, 300px\" \/>\n\t\t\t<\/dt><\/dl><dl class='gallery-item'>\n\t\t\t<dt class='gallery-icon landscape'>\n\t\t\t\t<img width=\"400\" height=\"300\" src=\"https:\/\/wp.ufpel.edu.br\/nuped\/files\/2022\/05\/IMG_20190321_202417228-Polo-UAB-Panambi-RS-400x300.jpg\" class=\"attachment-medium size-medium\" alt=\"\" srcset=\"https:\/\/wp.ufpel.edu.br\/nuped\/files\/2022\/05\/IMG_20190321_202417228-Polo-UAB-Panambi-RS-400x300.jpg 400w, https:\/\/wp.ufpel.edu.br\/nuped\/files\/2022\/05\/IMG_20190321_202417228-Polo-UAB-Panambi-RS-1024x768.jpg 1024w, https:\/\/wp.ufpel.edu.br\/nuped\/files\/2022\/05\/IMG_20190321_202417228-Polo-UAB-Panambi-RS-768x576.jpg 768w, https:\/\/wp.ufpel.edu.br\/nuped\/files\/2022\/05\/IMG_20190321_202417228-Polo-UAB-Panambi-RS-1536x1152.jpg 1536w, https:\/\/wp.ufpel.edu.br\/nuped\/files\/2022\/05\/IMG_20190321_202417228-Polo-UAB-Panambi-RS-2048x1536.jpg 2048w\" sizes=\"(max-width: 400px) 100vw, 400px\" \/>\n\t\t\t<\/dt><\/dl><dl class='gallery-item'>\n\t\t\t<dt class='gallery-icon landscape'>\n\t\t\t\t<img width=\"400\" height=\"300\" src=\"https:\/\/wp.ufpel.edu.br\/nuped\/files\/2022\/05\/IMG_20190321_210248209-Polo-UAB-Panambi-RS-400x300.jpg\" class=\"attachment-medium size-medium\" alt=\"\" srcset=\"https:\/\/wp.ufpel.edu.br\/nuped\/files\/2022\/05\/IMG_20190321_210248209-Polo-UAB-Panambi-RS-400x300.jpg 400w, https:\/\/wp.ufpel.edu.br\/nuped\/files\/2022\/05\/IMG_20190321_210248209-Polo-UAB-Panambi-RS-1024x768.jpg 1024w, https:\/\/wp.ufpel.edu.br\/nuped\/files\/2022\/05\/IMG_20190321_210248209-Polo-UAB-Panambi-RS-768x576.jpg 768w, https:\/\/wp.ufpel.edu.br\/nuped\/files\/2022\/05\/IMG_20190321_210248209-Polo-UAB-Panambi-RS-1536x1152.jpg 1536w, https:\/\/wp.ufpel.edu.br\/nuped\/files\/2022\/05\/IMG_20190321_210248209-Polo-UAB-Panambi-RS-2048x1536.jpg 2048w\" sizes=\"(max-width: 400px) 100vw, 400px\" \/>\n\t\t\t<\/dt><\/dl><br style=\"clear: both\" \/>\n\t\t<\/div>\n\n<p>&nbsp;<\/p>\n","protected":false},"excerpt":{"rendered":"<p>O Polo da UAB em Panambi iniciou suas atividades no ano de 2008 com o curso de Especializa\u00e7\u00e3o em Educa\u00e7\u00e3o Ambiental da UFSM em pr\u00e9dio locado que possui estrutura f\u00edsica e de recursos humanos equipada para atender as demandas dos acad\u00eamicos e das universidades parceiras. Desde sua exist\u00eancia j\u00e1 recebeu ofertas de cursos de ensino [&hellip;]<\/p>\n","protected":false},"author":1165,"featured_media":0,"parent":0,"menu_order":0,"comment_status":"closed","ping_status":"closed","template":"","meta":{"footnotes":""},"class_list":["post-2016","page","type-page","status-publish","hentry"],"_links":{"self":[{"href":"https:\/\/wp.ufpel.edu.br\/nuped\/wp-json\/wp\/v2\/pages\/2016","targetHints":{"allow":["GET"]}}],"collection":[{"href":"https:\/\/wp.ufpel.edu.br\/nuped\/wp-json\/wp\/v2\/pages"}],"about":[{"href":"https:\/\/wp.ufpel.edu.br\/nuped\/wp-json\/wp\/v2\/types\/page"}],"author":[{"embeddable":true,"href":"https:\/\/wp.ufpel.edu.br\/nuped\/wp-json\/wp\/v2\/users\/1165"}],"replies":[{"embeddable":true,"href":"https:\/\/wp.ufpel.edu.br\/nuped\/wp-json\/wp\/v2\/comments?post=2016"}],"version-history":[{"count":0,"href":"https:\/\/wp.ufpel.edu.br\/nuped\/wp-json\/wp\/v2\/pages\/2016\/revisions"}],"wp:attachment":[{"href":"https:\/\/wp.ufpel.edu.br\/nuped\/wp-json\/wp\/v2\/media?parent=2016"}],"curies":[{"name":"wp","href":"https:\/\/api.w.org\/{rel}","templated":true}]}}