{"id":1782,"date":"2016-06-06T09:30:37","date_gmt":"2016-06-06T12:30:37","guid":{"rendered":"https:\/\/wp.ufpel.edu.br\/nulab\/?page_id=1782"},"modified":"2016-09-09T10:50:15","modified_gmt":"2016-09-09T13:50:15","slug":"artes-visuais-bacharelado","status":"publish","type":"page","link":"https:\/\/wp.ufpel.edu.br\/nulab\/ca\/artes-visuais-bacharelado\/","title":{"rendered":"Artes Visuais (Bacharelado)"},"content":{"rendered":"<p><a href=\"https:\/\/wp.ufpel.edu.br\/nulab\/atelie-de-ceramica\/\">Ateli\u00ea de Cer\u00e2mica<\/a><\/p>\n<p><a href=\"https:\/\/wp.ufpel.edu.br\/nulab\/atelie-de-desenho\/\">Ateli\u00ea de Desenho<\/a><\/p>\n<p><a href=\"https:\/\/wp.ufpel.edu.br\/nulab\/laboratorio-de-fotografia-analogico\/\">Laborat\u00f3rio de Fotografia Anal\u00f3gico<\/a><\/p>\n<p><a href=\"https:\/\/wp.ufpel.edu.br\/nulab\/linguagem-visual\/\">Ateli\u00ea de Fundamentos da Linguagem Visual<\/a><\/p>\n<p><a href=\"https:\/\/wp.ufpel.edu.br\/nulab\/atelie-de-gravura\/\">Ateli\u00ea de Gravura<\/a><\/p>\n<p><a href=\"https:\/\/wp.ufpel.edu.br\/nulab\/atelie-de-gravura-serigrafia\/\">Ateli\u00ea de Gravura (Serigrafia)<\/a><\/p>\n<p><a href=\"https:\/\/wp.ufpel.edu.br\/nulab\/atelie-de-pintura\/\">Ateli\u00ea de Pintura<\/a><\/p>\n<p><a href=\"https:\/\/wp.ufpel.edu.br\/nulab\/laboratorio-de-percepcao-3d\/\">Laborat\u00f3rio de Percep\u00e7\u00e3o 3D<\/a><\/p>\n<p><a href=\"https:\/\/wp.ufpel.edu.br\/nulab\/laboratorio-de-etnomusicologiadiscoteca\/\">Laborat\u00f3rio de Etnomusicologia\/Discoteca<\/a><\/p>\n<p><a href=\"https:\/\/wp.ufpel.edu.br\/nulab\/laboratorio-analogicodigital-e-desenho\/\">Laborat\u00f3rio Anal\u00f3gico\/Digital e Desenho<\/a><\/p>\n<p><a href=\"https:\/\/wp.ufpel.edu.br\/nulab\/laboratorio-de-desenho-e-fundamentos-da-linguagem-visual\/\">Laborat\u00f3rio de Desenho e Fundamentos da Linguagem Visual<\/a><\/p>\n<p><a href=\"https:\/\/wp.ufpel.edu.br\/nulab\/laboratorio-de-fotografia-digital\/\">Laborat\u00f3rio de Fotografia Digital<\/a><\/p>\n<p><a href=\"https:\/\/wp.ufpel.edu.br\/nulab\/laboratorio-de-modelagem-e-animacao-3d\/\">Laborat\u00f3rio de Modelagem e Anima\u00e7\u00e3o 3D<\/a><\/p>\n<p><a href=\"https:\/\/wp.ufpel.edu.br\/nulab\/laboratorio-de-realizacao-audiovisual\/\">Laborat\u00f3rio de Realiza\u00e7\u00e3o Audiovisual<\/a><\/p>\n<p><a href=\"https:\/\/wp.ufpel.edu.br\/nulab\/laboratorio-digital-plataforma-macintosh-1\/\">Laborat\u00f3rio Digital Plataforma Macintosh 1<\/a><\/p>\n<p><a href=\"https:\/\/wp.ufpel.edu.br\/nulab\/laboratorio-digital-plataforma-macintosh-2\/\">Laborat\u00f3rio Digital Plataforma Macintosh 2<\/a><\/p>\n","protected":false},"excerpt":{"rendered":"<p>Ateli\u00ea de Cer\u00e2mica Ateli\u00ea de Desenho Laborat\u00f3rio de Fotografia Anal\u00f3gico Ateli\u00ea de Fundamentos da Linguagem Visual Ateli\u00ea de Gravura Ateli\u00ea de Gravura (Serigrafia) Ateli\u00ea de Pintura Laborat\u00f3rio de Percep\u00e7\u00e3o 3D Laborat\u00f3rio de Etnomusicologia\/Discoteca Laborat\u00f3rio Anal\u00f3gico\/Digital e Desenho Laborat\u00f3rio de Desenho e Fundamentos da Linguagem Visual Laborat\u00f3rio de Fotografia Digital Laborat\u00f3rio de Modelagem e Anima\u00e7\u00e3o 3D [&hellip;]<\/p>\n","protected":false},"author":634,"featured_media":0,"parent":92,"menu_order":0,"comment_status":"closed","ping_status":"closed","template":"","meta":{"footnotes":""},"class_list":["post-1782","page","type-page","status-publish","hentry"],"_links":{"self":[{"href":"https:\/\/wp.ufpel.edu.br\/nulab\/wp-json\/wp\/v2\/pages\/1782","targetHints":{"allow":["GET"]}}],"collection":[{"href":"https:\/\/wp.ufpel.edu.br\/nulab\/wp-json\/wp\/v2\/pages"}],"about":[{"href":"https:\/\/wp.ufpel.edu.br\/nulab\/wp-json\/wp\/v2\/types\/page"}],"author":[{"embeddable":true,"href":"https:\/\/wp.ufpel.edu.br\/nulab\/wp-json\/wp\/v2\/users\/634"}],"replies":[{"embeddable":true,"href":"https:\/\/wp.ufpel.edu.br\/nulab\/wp-json\/wp\/v2\/comments?post=1782"}],"version-history":[{"count":6,"href":"https:\/\/wp.ufpel.edu.br\/nulab\/wp-json\/wp\/v2\/pages\/1782\/revisions"}],"predecessor-version":[{"id":2878,"href":"https:\/\/wp.ufpel.edu.br\/nulab\/wp-json\/wp\/v2\/pages\/1782\/revisions\/2878"}],"up":[{"embeddable":true,"href":"https:\/\/wp.ufpel.edu.br\/nulab\/wp-json\/wp\/v2\/pages\/92"}],"wp:attachment":[{"href":"https:\/\/wp.ufpel.edu.br\/nulab\/wp-json\/wp\/v2\/media?parent=1782"}],"curies":[{"name":"wp","href":"https:\/\/api.w.org\/{rel}","templated":true}]}}