{"id":86,"date":"2020-03-04T15:44:14","date_gmt":"2020-03-04T18:44:14","guid":{"rendered":"https:\/\/wp.ufpel.edu.br\/nuccrin\/?page_id=86"},"modified":"2021-04-01T11:10:11","modified_gmt":"2021-04-01T14:10:11","slug":"linhas-de-pesquisa","status":"publish","type":"page","link":"https:\/\/wp.ufpel.edu.br\/nuccrin\/linhas-de-pesquisa\/","title":{"rendered":"Linhas de Pesquisa"},"content":{"rendered":"<p style=\"text-align: center\"><strong><span style=\"font-family: book antiqua, palatino, serif;font-size: 24pt\">Nos dividimos nas seguintes linhas de pesquisa&#8230;.<\/span><\/strong><\/p>\n<p>&nbsp;<\/p>\n<p style=\"text-align: justify\"><span style=\"font-family: book antiqua, palatino, serif;font-size: 18pt\"><strong>Estudos sobre Pr\u00e1ticas contempor\u00e2neas do cuidado de si e dos outros<\/strong><\/span><\/p>\n<p style=\"text-align: justify\"><span style=\"font-family: book antiqua, palatino, serif;font-size: 14pt\"><strong>Objetivo<\/strong>: desenvolver pesquisas que problematizem as pr\u00e1ticas contempor\u00e2neas do cuidado de si e dos outros na \u00e1rea da sa\u00fade e da enfermagem<\/span><\/p>\n<p style=\"text-align: justify\"><span style=\"font-family: book antiqua, palatino, serif;font-size: 14pt\"><strong>Pesquisadoras<\/strong>: Franciele Roberta Cordeiro; Fernanda Sant&#8217;Ana Trist\u00e3o; Patr\u00edcia Tuerlinckx Noguez; Stefanie Griebeler Oliveira.<\/span><\/p>\n<p>&nbsp;<\/p>\n<p style=\"text-align: justify\"><span style=\"font-family: book antiqua, palatino, serif;font-size: 18pt\"><strong>Fam\u00edlia e condi\u00e7\u00f5es cr\u00f4nicas de sa\u00fade<\/strong><\/span><\/p>\n<p style=\"text-align: justify\"><span style=\"font-family: book antiqua, palatino, serif;font-size: 14pt\"><strong>Objetivo<\/strong>: contribuir com o avan\u00e7o do conhecimento das condi\u00e7\u00f5es cr\u00f4nicas de sa\u00fade do indiv\u00edduo e fam\u00edlia, inclu\u00edndo estudos de interven\u00e7\u00f5es estrat\u00e9gicas de cuidado.<\/span><\/p>\n<p style=\"text-align: justify\"><span style=\"font-family: book antiqua, palatino, serif;font-size: 14pt\"><strong>Pesquisadoras<\/strong>: Celmira Lange; D\u00e9bora Eduarda Duarte do Amaral; Eda Schwartz; Juliana Graciela Vestena Zillmer; L\u00edlian Moura de Lima Spagnolo; Michele Cristiene Nachtigall Barboza; Norlai Alves Azevedo; Rosani Manfrin Muniz; Fernanda Lise.<\/span><\/p>\n<p>&nbsp;<\/p>\n<p style=\"text-align: justify\"><span style=\"font-family: book antiqua, palatino, serif;font-size: 18pt\"><strong>O idoso e a fam\u00edlia no cuidado para preven\u00e7\u00e3o, reabilita\u00e7\u00e3o e controle de condi\u00e7\u00f5es cr\u00f4nicas<\/strong><\/span><\/p>\n<p style=\"text-align: justify\"><span style=\"font-family: book antiqua, palatino, serif;font-size: 14pt\"><strong>Objetivo:<\/strong> desenvolver conhecimento no cuidado para preven\u00e7\u00e3o, reabilita\u00e7\u00e3o e controle de doen\u00e7as cr\u00f4nicas do idoso e na fam\u00edlia<\/span><\/p>\n<p style=\"text-align: justify\"><span style=\"font-family: book antiqua, palatino, serif;font-size: 14pt\"><strong>Pesquisadorxs<\/strong>: Caroline de Leon Linck; Celmira Lange; Eda Schwartz; Mariana Fonseca Laroque; Marcos Lem\u00f5es.<\/span><\/p>\n","protected":false},"excerpt":{"rendered":"<p>Nos dividimos nas seguintes linhas de pesquisa&#8230;. &nbsp; Estudos sobre Pr\u00e1ticas contempor\u00e2neas do cuidado de si e dos outros Objetivo: desenvolver pesquisas que problematizem as pr\u00e1ticas contempor\u00e2neas do cuidado de si e dos outros na \u00e1rea da sa\u00fade e da&#8230; <a class=\"more-link\" href=\"https:\/\/wp.ufpel.edu.br\/nuccrin\/linhas-de-pesquisa\/\">Continue lendo &rarr;<\/a><\/p>\n","protected":false},"author":923,"featured_media":0,"parent":0,"menu_order":0,"comment_status":"closed","ping_status":"closed","template":"","meta":{"footnotes":""},"class_list":["post-86","page","type-page","status-publish","hentry"],"jetpack_sharing_enabled":true,"_links":{"self":[{"href":"https:\/\/wp.ufpel.edu.br\/nuccrin\/wp-json\/wp\/v2\/pages\/86","targetHints":{"allow":["GET"]}}],"collection":[{"href":"https:\/\/wp.ufpel.edu.br\/nuccrin\/wp-json\/wp\/v2\/pages"}],"about":[{"href":"https:\/\/wp.ufpel.edu.br\/nuccrin\/wp-json\/wp\/v2\/types\/page"}],"author":[{"embeddable":true,"href":"https:\/\/wp.ufpel.edu.br\/nuccrin\/wp-json\/wp\/v2\/users\/923"}],"replies":[{"embeddable":true,"href":"https:\/\/wp.ufpel.edu.br\/nuccrin\/wp-json\/wp\/v2\/comments?post=86"}],"version-history":[{"count":8,"href":"https:\/\/wp.ufpel.edu.br\/nuccrin\/wp-json\/wp\/v2\/pages\/86\/revisions"}],"predecessor-version":[{"id":235,"href":"https:\/\/wp.ufpel.edu.br\/nuccrin\/wp-json\/wp\/v2\/pages\/86\/revisions\/235"}],"wp:attachment":[{"href":"https:\/\/wp.ufpel.edu.br\/nuccrin\/wp-json\/wp\/v2\/media?parent=86"}],"curies":[{"name":"wp","href":"https:\/\/api.w.org\/{rel}","templated":true}]}}