{"id":32,"date":"2019-05-13T20:05:29","date_gmt":"2019-05-13T23:05:29","guid":{"rendered":"https:\/\/wp.ufpel.edu.br\/nuccrin\/?page_id=32"},"modified":"2022-11-14T15:50:14","modified_gmt":"2022-11-14T18:50:14","slug":"equipe-docente","status":"publish","type":"page","link":"https:\/\/wp.ufpel.edu.br\/nuccrin\/equipe-docente\/","title":{"rendered":"Pesquisadoras e Pesquisadores"},"content":{"rendered":"<p style=\"text-align: justify;\"><span style=\"font-size: 18pt; font-family: book antiqua, palatino, serif;\"><strong>O nosso N\u00facleo de Pesquisa \u00e9 composto por&#8230;<\/strong><\/span><\/p>\n<p style=\"text-align: justify;\"><span style=\"font-family: book antiqua, palatino, serif;\"><strong>Prof. Dr<sup>a<\/sup>. Caroline de Leon Linck<\/strong><\/span><\/p>\n<p style=\"text-align: justify;\"><span style=\"font-family: book antiqua, palatino, serif;\">Professora Adjunta da Faculdade de Enfermagem da Universidade Federal de Pelotas &#8211; FEN\/UFPEL. Doutora em Enfermagem pelo Programa de P\u00f3s-Gradua\u00e7\u00e3o em Enfermagem da Universidade Federal do Rio Grande do Sul &#8211; UFRGS (2015). Mestre em Enfermagem pelo programa de P\u00f3s-Gradua\u00e7\u00e3o em Enfermagem da Universidade Federal de Pelotas UFPel (2009). Especialista em Sa\u00fade P\u00fablica (UFPel). Possui gradua\u00e7\u00e3o em Licenciatura Plena Em Enfermagem pela Universidade Federal de Pelotas (2005) e gradua\u00e7\u00e3o em Enfermagem e Obstetr\u00edcia pela Universidade Federal de Pelotas (2005). Atua principalmente nos seguintes temas: Promo\u00e7\u00e3o do envelhecimento ativo. Sistematiza\u00e7\u00e3o da Assist\u00eancia de Enfermagem. Contato: carollinck15@gmail.com<\/span><\/p>\n<p style=\"text-align: justify;\"><span style=\"font-family: book antiqua, palatino, serif;\">Link para curr\u00edculo lattes: http:\/\/lattes.cnpq.br\/0833043211270541<\/span><\/p>\n<p style=\"text-align: justify;\"><span style=\"font-family: book antiqua, palatino, serif;\"><strong>Prof. Dr<sup>a<\/sup>. Celmira Lange<\/strong><\/span><\/p>\n<p style=\"text-align: justify;\"><span style=\"font-family: book antiqua, palatino, serif;\">Enfermeira, graduada pela Faculdade de Enfermagem da Universidade Federal de Pelotas &#8211; UFPel (1980). Especialista em Reabilita\u00e7\u00e3o do aparelho locomotor pelo Hospital Sarah Kubitschek (1982), Administra\u00e7\u00e3o hospitalar pela Universidade Cat\u00f3lica de Pelotas &#8211; UCPel (1986), Administra\u00e7\u00e3o dos servi\u00e7os de sa\u00fade pela Universidade de Ribeir\u00e3o Preto UNAERP (1987). Mestrado em enfermagem pela Universidade Federal de Santa Catarina &#8211; UFSC (1997). Doutorado em Enfermagem Fundamental pela Escola de Enfermagem de Ribeir\u00e3o Preto &#8211; USP (2005). P\u00f3s Doutorado em Pesquisa de Enfermagem e Promo\u00e7\u00e3o da Sa\u00fade, pela Universidade Federal de Santa Catarina. Professora Associada da Faculdade de Enfermagem da Universidade Federal de Pelotas &#8211; UFPel, atuando principalmente nos seguintes temas: enfermagem, Sa\u00fade do Idoso, Envelhecimento, Acidentes com idosos, Preven\u00e7\u00e3o de acidentes e atendimento pr\u00e9-hospitalar, Cronicidade, sa\u00fade do adulto, Sa\u00fade Coletiva, Fam\u00edlias ,Educa\u00e7\u00e3o Continuada e Promo\u00e7\u00e3o da Sa\u00fade. Contato: celmira_lange@terra.com.br<\/span><\/p>\n<p style=\"text-align: justify;\"><span style=\"font-family: book antiqua, palatino, serif;\">Link para curr\u00edculo lattes: http:\/\/lattes.cnpq.br\/6469515834924992<\/span><\/p>\n<p><strong><span style=\"font-family: book antiqua, palatino, serif;\">Dr<sup>a<\/sup>. D\u00e9bora Eduarda Duarte do Amaral<\/span><\/strong><\/p>\n<p style=\"text-align: justify;\"><span style=\"font-family: book antiqua, palatino, serif;\">P\u00f3s-doutoranda no Programa de P\u00f3s-Gradua\u00e7\u00e3o em Enfermagem (UFPel). Doutora em Ci\u00eancias pela Universidade Federal de Pelotas (UFPEL). Mestre em Ci\u00eancias pela UFPEL. Especialista em Oncologia (2017). Graduada em Enfermagem pela UFPEL. Membro do N\u00facleo de Condi\u00e7\u00f5es Cr\u00f4nicas e suas Interfaces (NUCCRIN &#8211; UFPEL). Membro do Grupo de Pesquisa em Enfermagem Oncol\u00f3gica (GPEON-UFPEL). De 2012 a 2013 foi Bolsista Inicia\u00e7\u00e3o Cient\u00edfica CNPq; em 2013 bolsista Ensino, Pesquisa e Extens\u00e3o pela Funda\u00e7\u00e3o Delfim Mendes Silveira (UFPEL), de 2014 a 2015 Bolsista pela Funda\u00e7\u00e3o de Amparo \u00e0 Pesquisa do Rio Grande do Sul (FAPERGS) durante o Mestrado Acad\u00eamico. Foi Docente Substituta do Departamento de Enfermagem da UFPEL, de abril de 2016 a junho de 2017. Foi bolsista pela Coordena\u00e7\u00e3o de Aperfei\u00e7oamento de Pessoal de N\u00edvel Superior (CAPES) de junho de 2017 a mar\u00e7o de 2020, durante o doutoramento. Interesse de pesquisa: Enfermagem na sa\u00fade do adulto; Enfermagem oncol\u00f3gica; Resili\u00eancia, Cuidados Paliativos; Morte e Luto, na perspectiva de Estudos Culturais. Contato: deboraamaralp@gmail.com<\/span><\/p>\n<p><span style=\"font-family: book antiqua, palatino, serif;\">Link para curr\u00edculo lattes:http:\/\/lattes.cnpq.br\/4948073321556401<\/span><\/p>\n<p style=\"text-align: justify;\"><span style=\"font-family: book antiqua, palatino, serif;\"><strong>Prof. Dr<sup>a<\/sup>. Eda Schwartz<\/strong><\/span><\/p>\n<p style=\"text-align: justify;\"><span style=\"font-family: book antiqua, palatino, serif;\">Possui gradua\u00e7\u00e3o em Enfermagem pela Universidade Federal de Pelotas (1983), mestrado em Enfermagem pela Universidade Federal de Santa Catarina (1998) e doutorado em Enfermagem pela Universidade Federal de Santa Catarina (2002). Realizou Pos Doutorado na EEUSP em 2012. Atualmente \u00e9 professora Associada da Universidade Federal de Pelotas, docente do Programa de P\u00f3s-gradua\u00e7\u00e3o em Enfermagem da UFPel e da Residencia Multiprofissional da Universidade Federal de Pelotas e docente do Mestrado Profissional e Sa\u00fade da Fam\u00edlia ( PROFSAUDE\/UFPel). \u00c9 membro da International Family Nursing Association (IFNA).Tem experi\u00eancia na \u00e1rea de Enfermagem, com \u00eanfase em Enfermagem M\u00e9dico-Cir\u00fargica, atuando principalmente nos seguintes temas: enfermagem, fam\u00edlia, nefrologia, oncologia, neoplasias e quimioterapia. Contato: edaschwa@gmail.com<\/span><\/p>\n<p style=\"text-align: justify;\"><span style=\"font-family: book antiqua, palatino, serif;\">Link para curr\u00edculo lattes: http:\/\/lattes.cnpq.br\/3684543700138279<\/span><\/p>\n<p style=\"text-align: justify;\"><span style=\"font-family: book antiqua, palatino, serif;\"><strong>Dr<sup>a<\/sup>. Fernanda Lise<\/strong><\/span><\/p>\n<p style=\"text-align: justify;\"><span style=\"font-family: book antiqua, palatino, serif;\">Doutora em Enfermagem pela Universidade Federal de Pelotas (2020). Est\u00e1gio de Doutorado Sandu\u00edche no Exterior na University of Florida (2019) e Georgia Southern University (2018). Mestre em Ci\u00eancias, \u00e1rea de concentra\u00e7\u00e3o: Pr\u00e1ticas Sociais em Enfermagem e Sa\u00fade, Programa de P\u00f3s-Gradua\u00e7\u00e3o em Enfermagem (2014-2015). Especialista em Enfermagem Pedi\u00e1trica-Universidade Federal do Rio Grande do Sul (UFRGS\/2006). Bacharel em Enfermagem &#8211; Universidade Comunit\u00e1ria da Regi\u00e3o de Chapec\u00f3 (UNOCHAPEC\u00d3\/2005). Membro do comit\u00ea de pr\u00e1ticas de enfermagem de fam\u00edlia da International Family Nursing Association (IFNA) e do subcomit\u00ea de pr\u00e1ticas de enfermagem com fam\u00edlias migrantes e ou refugiadas da IFNA. Membro da equipe fundadora da Rede Latino-Americana de Enfermagem familiar (2020). Integrante do N\u00facleo de Condi\u00e7\u00f5es Cr\u00f4nicas e suas Interfaces (NUCCRIN\/Faculdade de Enfermagaem\/UFPel). Tem experi\u00eancia no desenvolvimento de estudos metodol\u00f3gicos (adapta\u00e7\u00e3o transcultural e valida\u00e7\u00e3o de instrumentos) e pesquisa qualitativa nas \u00e1reas de Enfermagem Pedi\u00e1trica, condi\u00e7\u00f5es cr\u00f4nicas na inf\u00e2ncia. Autora dos livros &#8220;Etapas da constru\u00e7\u00e3o cient\u00edfica: da curiosidade acad\u00eamica \u00e0 publica\u00e7\u00e3o dos resultados&#8221; pela editora UFPel, 2018 e &#8220;Enfermagem em Nefrologia:Interfaces do cuidado na doen\u00e7a renal cr\u00f4nica&#8221;, editora Mori\u00e1, 2018 e do blog Cuidados com fam\u00edlias https:\/\/cuidadoscomfamilias.com\/ desde 2017. Contato: fernanda.lise@ufpel.edu.br<br \/>\n<\/span><\/p>\n<p style=\"text-align: justify;\"><span style=\"font-family: book antiqua, palatino, serif;\">Link para curr\u00edculo lattes: http:\/\/lattes.cnpq.br\/3700324668794175<\/span><\/p>\n<p style=\"text-align: justify;\"><span style=\"font-family: book antiqua, palatino, serif;\"><strong>Prof. Dr<sup>a<\/sup>. Fernanda Sant&#8217;Ana Trist\u00e3o<\/strong><\/span><\/p>\n<p style=\"text-align: justify;\"><span style=\"font-family: book antiqua, palatino, serif;\">Possui Gradua\u00e7\u00e3o em Enfermagem pela Universidade Luterana do Brasil (ULBRA). Licenciatura em Enfermagem pela Universidade Federal do Rio Grande do Sul (UFRGS). P\u00f3s-Gradua\u00e7\u00e3o Lato Sensu em Enfermagem:\u00eanfase domiciliar pela Universidade Luterana do Brasil (ULBRA). Mestrado em Educa\u00e7\u00e3o: Estudos Culturais em Educa\u00e7\u00e3o pela Universidade Luterana do Brasil (ULBRA). Doutorado em Ci\u00eancias pelo Programa de P\u00f3s-Gradua\u00e7\u00e3o em Enfermagem da Universidade Federal de Pelotas\/UFPel. Professora Adjunta da Faculdade de Enfermagem da Universidade Federal de Pelotas (UFPel). L\u00edder do Grupo de Estudo e Pesquisa em Preven\u00e7\u00e3o e Tratamento de Les\u00f5es Cut\u00e2neas (GEPPTELC). Contato: enfermeirafernanda1@gmail.com<\/span><\/p>\n<p style=\"text-align: justify;\"><span style=\"font-family: book antiqua, palatino, serif;\">Link para curr\u00edculo lattes: http:\/\/lattes.cnpq.br\/5603667228383825<\/span><\/p>\n<p style=\"text-align: justify;\"><span style=\"font-family: book antiqua, palatino, serif;\"><strong>Prof. Dr<sup>a<\/sup>. Franciele Roberta Cordeiro\u00a0<\/strong><\/span><\/p>\n<p style=\"text-align: justify;\"><span style=\"font-family: book antiqua, palatino, serif;\">Professora Adjunta na Faculdade de Enfermagem da Universidade Federal de Pelotas (UFPEL). Enfermeira pela Universidade Federal de Santa Maria (UFSM). Especialista em Cuidados Paliativos pela Universit\u00e9 Grenoble Alpes (Grenoble\/Fran\u00e7a). Mestre em Enfermagem pela Universidade Federal do Rio Grande do Sul (UFRGS). Doutora em Enfermagem pela UFRGS. Realizou est\u00e1gio de doutorado sandu\u00edche no Centre Hospitalier Universitaire de Grenoble\/ Universit\u00e9 Grenoble Alpes (09\/2015 \u00e0 08\/2016), por meio do Programa Ci\u00eancia Sem Fronteiras\/CNPq. L\u00edder do N\u00facleo de Condi\u00e7\u00f5es Cr\u00f4nicas e suas Interfaces (NUCCRIN- UFPel), colaboradora do Grupo de Estudo e Pesquisa em Preven\u00e7\u00e3o e Tratamento de Les\u00f5es Cut\u00e2neas (GEPPTELC-UFPel) e do Grupo de Pesquisa em Estudos Culturais na Educa\u00e7\u00e3o, em Sa\u00fade e Enfermagem (CULT-UFRGS). Apresenta experi\u00eancia em hemato-oncologia e em cuidados paliativos. Interesse de pesquisa: a morte e os cuidados paliativos na perspectiva dos Estudos Culturais e Foucaultianos. Contato: franciele.cordeiro@ufpel.edu.br<\/span><\/p>\n<p><span style=\"font-family: book antiqua, palatino, serif;\">P\u00e1gina pessoal: https:\/\/wp.ufpel.edu.br\/francielefrc\/<\/span><\/p>\n<p style=\"text-align: justify;\"><span style=\"font-family: book antiqua, palatino, serif;\">Link para curr\u00edculo lattes: http:\/\/lattes.cnpq.br\/2797617482539855<\/span><\/p>\n<p style=\"text-align: justify;\"><span style=\"font-family: book antiqua, palatino, serif;\"><strong>Prof. Dr<sup>a<\/sup>. Juliana Graciela Vestena Zillmer<\/strong><\/span><\/p>\n<p class=\"resumo\" style=\"text-align: justify;\"><span style=\"font-family: book antiqua, palatino, serif;\">Possui gradua\u00e7\u00e3o em Licenciatura em Enfermagem pela Universidade Federal de Pelotas (2007), gradua\u00e7\u00e3o em Enfermagem pela Universidade Federal de Pelotas (2007), mestrado em Enfermagem pela Universidade Federal de Pelotas (2009) e doutorado em Enfermagem pela Universidade Federal de Santa Catarina (2014). Atualmente \u00e9 professor adjunto da Universidade Federal de Pelotas e pesquisador da Universidade Federal de Pelotas. Tem experi\u00eancia na \u00e1rea de Enfermagem, com \u00eanfase em Enfermagem, atuando principalmente nos seguintes temas: pesquisa qualitativa, fam\u00edlia, doen\u00e7a renal cr\u00f4nica, aten\u00e7\u00e3o a sa\u00fade e cuidado de enfermagem. Contato: juzillmer@gmail.com<\/span><\/p>\n<p style=\"text-align: justify;\"><span style=\"font-family: book antiqua, palatino, serif;\">Link para curr\u00edculo lattes: http:\/\/lattes.cnpq.br\/8072268723062108<\/span><\/p>\n<p style=\"text-align: justify;\"><span style=\"font-family: book antiqua, palatino, serif;\"><strong>Prof. Dr<sup>a<\/sup>. Lilian Moura de Lima Spagnolo<\/strong><\/span><\/p>\n<p class=\"resumo\" style=\"text-align: justify;\"><span style=\"font-family: book antiqua, palatino, serif;\">Professor da Faculdade de Enfermagem da Universidade Federal de Pelotas (2017). Professor colaborador do Programa de P\u00f3s-Gradua\u00e7\u00e3o em Enfermagem da Faculdade de Enfermagem da UFPel (2018). Doutorado em ci\u00eancias pelo Programa de P\u00f3s-Gradua\u00e7\u00e3o em Enfermagem da UFPel (2016). Mestre em Ci\u00eancias pelo curso de P\u00f3s-Gradua\u00e7\u00e3o em Enfermagem da UFPel. Possui p\u00f3s-gradua\u00e7\u00e3o Multiprofissional em Sa\u00fade da Fam\u00edlia (2009). Bacharelado e Licenciatura em Enfermagem e Obstetr\u00edcia pela Universidade Federal de Pelotas (2007). Tem experi\u00eancia na \u00e1rea de Enfermagem, com \u00eanfase em Controle de Infec\u00e7\u00e3o Hospitalar, Vigil\u00e2ncia Epidemiol\u00f3gica Hospitalar, Assist\u00eancia de Enfermagem Hospitalar e Equipe de Sa\u00fade da Fam\u00edlia. Contato: lima.lilian@gmail.com<\/span><\/p>\n<p style=\"text-align: justify;\"><span style=\"font-family: book antiqua, palatino, serif;\">Link para curr\u00edculo lattes: http:\/\/lattes.cnpq.br\/0387100953903284<\/span><\/p>\n<p style=\"text-align: justify;\"><span style=\"font-family: book antiqua, palatino, serif;\"><strong>Dr. Marcos Aur\u00e9lio Matos Lem\u00f5es<\/strong><\/span><\/p>\n<p style=\"text-align: justify;\"><span style=\"font-family: book antiqua, palatino, serif;\">Enfermeiro, graduado pela Universidade Federal do Rio Grande- FURG &#8211; RS &#8211; Brasil; Bolsista CAPES do Programa Nacional de P\u00f3s Doutorado PNPD- Programa de P\u00f3s Gradua\u00e7\u00e3o em enfermagem- UFPel. Doutor em Ci\u00eancias &#8211; \u00eanfase enfermagem pelo Programa de P\u00f3s Gradua\u00e7\u00e3o em Enfermagem &#8211; Universidade Federal de Pelotas-RS. Mestre em Ci\u00eancias- \u00eanfase enfermagem pelo Programa de P\u00f3s Gradua\u00e7\u00e3o em Enfermagem &#8211; Universidade Federal de Pelotas &#8211; UFPEL &#8211; RS- Brasil. Especialista em Gest\u00e3o em Sa\u00fade pela Universidade Federal do Rio Grande do Sul- UFRGS- RS- Brasil. Licenciado para educa\u00e7\u00e3o profissional e tecnol\u00f3gica no Instituto Federal de Educa\u00e7\u00e3o, Ci\u00eancia e Tecnologia- IFRS Campus Rio Grande-RS, com \u00eanfase em enfermagem. Desenvolve estudos nas tem\u00e1ticas de acesso de usu\u00e1rios no Sistema \u00danico de Sa\u00fade, Sa\u00fade coletiva, Educa\u00e7\u00e3o Popular em Sa\u00fade, Regula\u00e7\u00e3o Assistencial em Gest\u00e3o do Sistema \u00danico de Sa\u00fade e Gest\u00e3o em Sa\u00fade em regi\u00e3o de fronteira do Brasil, sa\u00fade da mulher e sa\u00fade do idoso. Pesquisador do grupo de Pesquisa Processo Sa\u00fade Doen\u00e7a vinculado a Universidade Federal do Rio Grande- FURG e do N\u00facleo de Condi\u00e7\u00f5es Cr\u00f4nicas e suas Interfaces- UFPel. Participa do Grupo de Trabalho da ABRASCO de Educa\u00e7\u00e3o Popular e sa\u00fade. Contato: enf.lemoes@gmail.com<\/span><\/p>\n<p style=\"text-align: justify;\"><span style=\"font-family: book antiqua, palatino, serif;\">Link para curr\u00edculo lattes: http:\/\/lattes.cnpq.br\/0062229055079018<\/span><\/p>\n<p style=\"text-align: justify;\"><span style=\"font-family: book antiqua, palatino, serif;\"><strong>Prof. Me. Mariana Fonseca Laroque<\/strong><\/span><\/p>\n<p style=\"text-align: justify;\"><span style=\"font-family: book antiqua, palatino, serif;\">Enfermeira especialista em Aten\u00e7\u00e3o Psicossocial no \u00c2mbito do SUS. Mestre em Pol\u00edtica Social. Docente de ensino b\u00e1sico, t\u00e9cnico e tecnol\u00f3gico do Instituto Federal de Educa\u00e7\u00e3o, Ci\u00eancia e Tecnologia Sul Rio-Grandense e Faculdade de Enfermagem da Universidade Federal de Pelotas. Membro do N\u00facleo de Condi\u00e7\u00f5es Cr\u00f4nicas e suas Interfaces (NUCCRIN). Vice Coordenadora da \u00e1rea de Enfermagem do Programa de Resid\u00eancia Multiprofissional em Sa\u00fade: Aten\u00e7\u00e3o \u00e0 Sa\u00fade Oncol\u00f3gica. Contato: marianalaroque@yahoo.com.br<\/span><\/p>\n<p style=\"text-align: justify;\"><span style=\"font-family: book antiqua, palatino, serif;\">Link para curr\u00edculo lattes: http:\/\/lattes.cnpq.br\/2776770915833269<\/span><\/p>\n<p style=\"text-align: justify;\"><span style=\"font-family: book antiqua, palatino, serif;\"><strong>Prof. Dr<sup>a<\/sup>. Michele Cristiene Nachtigall Barboza<\/strong><\/span><\/p>\n<p class=\"resumo\" style=\"text-align: justify;\"><span style=\"font-family: book antiqua, palatino, serif;\">Possui gradua\u00e7\u00e3o em Enfermagem e Obstetr\u00edcia pela Universidade Federal de Pelotas (2005); P\u00f3s-Gradua\u00e7\u00e3o em Enfermagem do Trabalho pela Universidade Federal do Rio Grande do Sul (2007), Mestrado em Enfermagem pela Universidade Federal do Rio Grande (2010) e Doutorado em Ci\u00eancias pela Universidade Federal de Pelotas (2017). Atualmente \u00e9 professor efetivo da Universidade Federal de Pelotas. Tem experi\u00eancia na \u00e1rea de Enfermagem, com \u00eanfase em Enfermagem, atuando principalmente nos seguintes temas: pr\u00e1tica em enfermagem, oncologia, estomaterapia, organiza\u00e7\u00e3o do trabalho, absente\u00edsmo, sa\u00fade do trabalhador e sa\u00fade do adulto. Contato: michelenachtigall@yahoo.com.br<\/span><\/p>\n<p style=\"text-align: justify;\"><span style=\"font-family: book antiqua, palatino, serif;\">Link para curr\u00edculo lattes: http:\/\/lattes.cnpq.br\/8751324100451191<\/span><\/p>\n<p style=\"text-align: justify;\"><span style=\"font-family: book antiqua, palatino, serif;\"><strong>Prof. Dr<sup>a<\/sup>. Norlai Alves Azevedo<\/strong><\/span><\/p>\n<p style=\"text-align: justify;\"><span style=\"font-family: book antiqua, palatino, serif;\">Possui gradua\u00e7\u00e3o em Enfermagem e Licenciatura Plena Em Enfermagem pela Universidade Federal de Pelotas (1990), Especializa\u00e7\u00e3o em Sa\u00fade Comunit\u00e1ria UFPel(1992) mestrado em Enfermagem pela Universidade Federal de Santa Catarina (2000) e Doutorado em Medicina e Ci\u00eancias da Sa\u00fade. pela Pontif\u00edcia Universidade Cat\u00f3lica do Rio Grande do Sul (2010). Atualmente \u00e9 professor adjunto IV da Faculdade de Enfermagem e Obstetr\u00edcia da Ufpel. Atua como Doutora em treinamento do Programa de P\u00f3s-Gradua\u00e7\u00e3o em Enfermagem &#8211; Mestrado da Faculdade de Enfermagem e Obstetr\u00edcia da UFPel e como Docente e cordenadora da \u00c1rea de Enfermagem no curso de p\u00f3s gradua\u00e7\u00e3o em Resid\u00eancia Multiprofissional em Aten\u00e7\u00e3o a Sa\u00fade Oncol\u00f3gica He\/FEO\/UFPel. Tem experi\u00eancia na \u00e1rea de Enfermagem, com \u00eanfase em enfermagem cl\u00ednica e cir\u00fargica atuando principalmente nos seguintes temas: capacitacao urg\u00eancia emerg\u00eancia, c\u00e2ncer &#8211; quimioterapia e radioterapia e pesquisa cl\u00ednica em oncologia (medicina molecular). Contato: norlai2011@hotmail.com<\/span><\/p>\n<p style=\"text-align: justify;\"><span style=\"font-family: book antiqua, palatino, serif;\">Link para curr\u00edculo lattes: http:\/\/lattes.cnpq.br\/2042589777115464<\/span><\/p>\n<p style=\"text-align: justify;\"><span style=\"font-family: book antiqua, palatino, serif;\"><strong>Prof. Dr<sup>a<\/sup>. Patr\u00edcia Tuerlinckx Noguez<\/strong><\/span><\/p>\n<p style=\"text-align: justify;\"><span style=\"font-family: book antiqua, palatino, serif;\">Possui gradua\u00e7\u00e3o em Enfermagem e Obstetr\u00edcia pela Universidade Federal de Pelotas (2003), gradua\u00e7\u00e3o em Licenciatura Plena Em Enfermagem e Obstetr\u00edcia pela Universidade Federal de Pelotas (2003), Mestrado em Enfermagem pela Funda\u00e7\u00e3o Universidade Federal de Rio Grande (2005) e Doutorado em Ci\u00eancias pela Faculdade de enfermagem da Universidade Federal de Pelotas (2017). Docente da Faculdade de enfermagem da UFPel. Chefe da Divis\u00e3o da Gest\u00e3o do Cuidado do Hospital Escola\/UFPel\/EBSERH. Tem experi\u00eancia na \u00e1rea de Enfermagem, com \u00eanfase em gest\u00e3o, paciente cr\u00edtico e oncologia. Contato: patriciatuer@hotmail.com<\/span><\/p>\n<p style=\"text-align: justify;\"><span style=\"font-family: book antiqua, palatino, serif;\">Link para curr\u00edculo lattes: http:\/\/lattes.cnpq.br\/0842787818126938<\/span><\/p>\n<p>&nbsp;<\/p>\n<p><strong><span style=\"font-family: book antiqua, palatino, serif;\">Prof. Dr<sup>a<\/sup>. Rosiane Filipin Rangel<\/span><\/strong><\/p>\n<p style=\"text-align: justify;\"><span style=\"font-family: book antiqua, palatino, serif;\">Enfermeira. Especialista em Neonatologia. Mestre e doutora em enfermagem pelo Programa de P\u00f3s-gradua\u00e7\u00e3o em Enfermagem da Universidade Federal do Rio Grande. Professora Adjunta A da Universidade Federal de Pelotas. Desenvolve pesquisas nos seguintes temas: Cuidado integral em sa\u00fade nos diferentes ciclos de vida;\u00a0 Sa\u00fade do rec\u00e9m-nascido e da crian\u00e7a; Espiritualidade e sa\u00fade. Atualmente \u00e9 coordenadora de projeto de pesquisa aprovado na\u00a0CHAMADA Decit\/SCTIE\/MS-CNPq-FAPERGS No 08\/2020 \u2013 PROGRAMA PESQUISA PARA O SUS: gest\u00e3o compartilhada em sa\u00fade \u2013 PPSUS, desenvolvido com profissionais da aten\u00e7\u00e3o b\u00e1sica no munic\u00edpio de Santa Maria, RS.\u00a0<\/span><\/p>\n<p style=\"text-align: justify;\"><span style=\"font-family: book antiqua, palatino, serif;\"><strong>Prof. Dr<sup>a<\/sup>. Rosani Manfrin Muniz<\/strong><\/span><\/p>\n<p style=\"text-align: justify;\"><span style=\"font-family: book antiqua, palatino, serif;\">Possui gradua\u00e7\u00e3o em Enfermagem e Obstetr\u00edcia pela Universidade Federal de Pelotas (1988), mestrado em Enfermagem pela Universidade Federal de Santa Catarina (2000) e doutorado em Enfermagem Fundamental pela Escola de Enfermagem de Ribeir\u00e3o Preto da Universidade de S\u00e3o Paulo (2008). Atualmente \u00e9 professor adjunto da Universidade Federal de Pelotas. L\u00edder do N\u00facleo de Condi\u00e7\u00f5es Cr\u00f4nicas e suas Interfaces &#8211; NUCCRIN\/UFPel. Tem experi\u00eancia na \u00e1rea de Enfermagem m\u00e9dico-cir\u00fargica &#8211; Sa\u00fade do Adulto, com \u00eanfase em Oncologia, atuando principalmente nos seguintes temas: doen\u00e7a cr\u00f4nica, fam\u00edlia, cultura, oncologia. Contato: romaniz@terra.com.br<\/span><\/p>\n<p style=\"text-align: justify;\"><span style=\"font-family: book antiqua, palatino, serif;\">Link para curr\u00edculo lattes: http:\/\/lattes.cnpq.br\/8586443228688819<\/span><\/p>\n<p style=\"text-align: justify;\"><span style=\"font-family: book antiqua, palatino, serif;\"><strong>Prof. Dr<sup>a<\/sup>. Stefanie Griebeler Oliveira<\/strong><\/span><\/p>\n<p style=\"text-align: justify;\"><span style=\"font-family: book antiqua, palatino, serif;\">Possui gradua\u00e7\u00e3o em enfermagem pela Universidade Federal de Santa Maria (2004), mestrado em Enfermagem pela Universidade Federal de Santa Maria (2010) e doutorado em Enfermagem pela Universidade Federal do Rio Grande do Sul (2014). Atualmente \u00e9 professora adjunto II da Faculdade de Enfermagem e Programa de P\u00f3s-gradua\u00e7\u00e3o em Enfermagem da Universidade Federal de Pelotas. Tem experi\u00eancia na \u00e1rea de Enfermagem, atuando principalmente nos seguintes temas: enfermagem, cuidadores, servi\u00e7os de assist\u00eancia domiciliar, assist\u00eancia domiciliar, pr\u00e1ticas integrativas e complementares, acupuntura e estudos foucaultianos. Contato: stefaniegriebeleroliveira@gmail.com<\/span><\/p>\n<p style=\"text-align: justify;\"><span style=\"font-family: book antiqua, palatino, serif;\">Link para curr\u00edculo lattes: http:\/\/lattes.cnpq.br\/1530693409020613<\/span><\/p>\n<p style=\"text-align: justify;\">\n","protected":false},"excerpt":{"rendered":"<p>O nosso N\u00facleo de Pesquisa \u00e9 composto por&#8230; Prof. Dra. Caroline de Leon Linck Professora Adjunta da Faculdade de Enfermagem da Universidade Federal de Pelotas &#8211; FEN\/UFPEL. Doutora em Enfermagem pelo Programa de P\u00f3s-Gradua\u00e7\u00e3o em Enfermagem da Universidade Federal do&#8230; <a class=\"more-link\" href=\"https:\/\/wp.ufpel.edu.br\/nuccrin\/equipe-docente\/\">Continue lendo &rarr;<\/a><\/p>\n","protected":false},"author":923,"featured_media":0,"parent":0,"menu_order":0,"comment_status":"closed","ping_status":"closed","template":"","meta":{"footnotes":""},"class_list":["post-32","page","type-page","status-publish","hentry"],"jetpack_sharing_enabled":true,"_links":{"self":[{"href":"https:\/\/wp.ufpel.edu.br\/nuccrin\/wp-json\/wp\/v2\/pages\/32","targetHints":{"allow":["GET"]}}],"collection":[{"href":"https:\/\/wp.ufpel.edu.br\/nuccrin\/wp-json\/wp\/v2\/pages"}],"about":[{"href":"https:\/\/wp.ufpel.edu.br\/nuccrin\/wp-json\/wp\/v2\/types\/page"}],"author":[{"embeddable":true,"href":"https:\/\/wp.ufpel.edu.br\/nuccrin\/wp-json\/wp\/v2\/users\/923"}],"replies":[{"embeddable":true,"href":"https:\/\/wp.ufpel.edu.br\/nuccrin\/wp-json\/wp\/v2\/comments?post=32"}],"version-history":[{"count":13,"href":"https:\/\/wp.ufpel.edu.br\/nuccrin\/wp-json\/wp\/v2\/pages\/32\/revisions"}],"predecessor-version":[{"id":300,"href":"https:\/\/wp.ufpel.edu.br\/nuccrin\/wp-json\/wp\/v2\/pages\/32\/revisions\/300"}],"wp:attachment":[{"href":"https:\/\/wp.ufpel.edu.br\/nuccrin\/wp-json\/wp\/v2\/media?parent=32"}],"curies":[{"name":"wp","href":"https:\/\/api.w.org\/{rel}","templated":true}]}}