{"id":376,"date":"2024-09-10T14:30:12","date_gmt":"2024-09-10T17:30:12","guid":{"rendered":"https:\/\/wp.ufpel.edu.br\/nrc\/?page_id=376"},"modified":"2024-09-12T13:23:16","modified_gmt":"2024-09-12T16:23:16","slug":"estacoes","status":"publish","type":"page","link":"https:\/\/wp.ufpel.edu.br\/nrc\/laboratorios\/estacoes\/","title":{"rendered":"Esta\u00e7\u00f5es"},"content":{"rendered":"<h2>Laborat\u00f3rio 1<\/h2>\n<table>\n<thead>\n<tr>\n<th align=\"center\"><strong>Fabricante<\/strong><\/th>\n<th align=\"center\"><strong>Modelo<\/strong><\/th>\n<th align=\"center\"><strong>Processador<\/strong><\/th>\n<th align=\"center\"><strong>RAM<\/strong><\/th>\n<th align=\"center\"><strong>Armazenamento<\/strong><\/th>\n<th align=\"center\"><strong>GPU<\/strong><\/th>\n<th align=\"center\"><strong>N\u00ba de Esta\u00e7\u00f5es<\/strong><\/th>\n<th align=\"center\"><strong>Ano de Aquisi\u00e7\u00e3o<\/strong><\/th>\n<\/tr>\n<\/thead>\n<tbody>\n<tr>\n<td align=\"center\">Dell<\/td>\n<td align=\"center\">Optiplex 5050<\/td>\n<td align=\"center\">Core I5-7500<\/td>\n<td align=\"center\">16GB<\/td>\n<td align=\"center\">1TB<\/td>\n<td align=\"center\">&#8211;<\/td>\n<td align=\"center\">10<\/td>\n<td align=\"center\">2018<\/td>\n<\/tr>\n<\/tbody>\n<\/table>\n<p>Total de esta\u00e7\u00f5es: 10<\/p>\n<h2>Laborat\u00f3rio 2<\/h2>\n<table>\n<thead>\n<tr>\n<th align=\"center\"><strong>Fabricante<\/strong><\/th>\n<th align=\"center\"><strong>Modelo<\/strong><\/th>\n<th align=\"center\"><strong>Processador<\/strong><\/th>\n<th align=\"center\"><strong>RAM<\/strong><\/th>\n<th align=\"center\"><strong>Armazenamento<\/strong><\/th>\n<th align=\"center\"><strong>GPU<\/strong><\/th>\n<th align=\"center\"><strong>N\u00ba de Esta\u00e7\u00f5es<\/strong><\/th>\n<th align=\"center\"><strong>Ano de Aquisi\u00e7\u00e3o<\/strong><\/th>\n<\/tr>\n<\/thead>\n<tbody>\n<tr>\n<td align=\"center\">HP<\/td>\n<td align=\"center\">EliteDesk G3<\/td>\n<td align=\"center\">Core I5<\/td>\n<td align=\"center\">8GB<\/td>\n<td align=\"center\">500GB<\/td>\n<td align=\"center\">&#8211;<\/td>\n<td align=\"center\">9<\/td>\n<td align=\"center\">2018<\/td>\n<\/tr>\n<tr>\n<td align=\"center\">Lenovo<\/td>\n<td align=\"center\">P3 Tower Workstation (ThinkStation) &#8211; Type 30GU<\/td>\n<td align=\"center\">Intel Core i5-13500<\/td>\n<td align=\"center\">16GB<\/td>\n<td align=\"center\">500GB<\/td>\n<td align=\"center\">-1x NVIDIA\u00ae T400 4GB (dedicada) -1x Intel\u00ae UHD Graphics 770 (integrada)<\/td>\n<td align=\"center\">7<\/td>\n<td align=\"center\">2024<\/td>\n<\/tr>\n<tr>\n<td align=\"center\">HP<\/td>\n<td align=\"center\">Compaq Pro 6300 MicroTower (TORRE)<\/td>\n<td align=\"center\">Intel Core I3-3240<\/td>\n<td align=\"center\">8GB<\/td>\n<td align=\"center\">500 GB<\/td>\n<td align=\"center\">&#8211;<\/td>\n<td align=\"center\">6<\/td>\n<td align=\"center\">2014<\/td>\n<\/tr>\n<\/tbody>\n<\/table>\n<p>Total de esta\u00e7\u00f5es: 22<\/p>\n<h2><strong>Laborat\u00f3rio 3<\/strong><\/h2>\n<table>\n<thead>\n<tr>\n<th align=\"center\"><strong>Fabricante<\/strong><\/th>\n<th align=\"center\"><strong>Modelo<\/strong><\/th>\n<th align=\"center\"><strong>Processador<\/strong><\/th>\n<th align=\"center\"><strong>RAM<\/strong><\/th>\n<th align=\"center\"><strong>Armazenamento<\/strong><\/th>\n<th align=\"center\"><strong>GPU<\/strong><\/th>\n<th align=\"center\"><strong>N\u00ba de Esta\u00e7\u00f5es<\/strong><\/th>\n<th align=\"center\"><strong>Ano de Aquisi\u00e7\u00e3o<\/strong><\/th>\n<\/tr>\n<\/thead>\n<tbody>\n<tr>\n<td align=\"center\">HP<\/td>\n<td align=\"center\">Compaq 6005<\/td>\n<td align=\"center\">AMD Phenom II<\/td>\n<td align=\"center\">8GB<\/td>\n<td align=\"center\">480GB<\/td>\n<td align=\"center\">&#8211;<\/td>\n<td align=\"center\">17<\/td>\n<td align=\"center\">2011<\/td>\n<\/tr>\n<tr>\n<td align=\"center\">HP<\/td>\n<td align=\"center\">EliteDesk 705 G1 SFF<\/td>\n<td align=\"center\">AMD A8 pro-7600 r7<\/td>\n<td align=\"center\">8GB<\/td>\n<td align=\"center\">480GB<\/td>\n<td align=\"center\">&#8211;<\/td>\n<td align=\"center\">4<\/td>\n<td align=\"center\">2016<\/td>\n<\/tr>\n<tr>\n<td align=\"center\">HP<\/td>\n<td align=\"center\">Compaq Pro 6300 MicroTower (TORRE)<\/td>\n<td align=\"center\">Intel I3-3240<\/td>\n<td align=\"center\">8GB<\/td>\n<td align=\"center\">480GB<\/td>\n<td align=\"center\">&#8211;<\/td>\n<td align=\"center\">1<\/td>\n<td align=\"center\">2014<\/td>\n<\/tr>\n<\/tbody>\n<\/table>\n<p>Total de esta\u00e7\u00f5es: 22<\/p>\n<h2><strong>Laborat\u00f3rio 4<\/strong><\/h2>\n<table>\n<thead>\n<tr>\n<th align=\"center\"><strong>Fabricante<\/strong><\/th>\n<th align=\"center\"><strong>Modelo<\/strong><\/th>\n<th align=\"center\"><strong>Processador<\/strong><\/th>\n<th align=\"center\"><strong>RAM<\/strong><\/th>\n<th align=\"center\"><strong>Armazenamento<\/strong><\/th>\n<th align=\"center\"><strong>GPU<\/strong><\/th>\n<th align=\"center\"><strong>N\u00ba de Esta\u00e7\u00f5es<\/strong><\/th>\n<th align=\"center\"><strong>Ano de Aquisi\u00e7\u00e3o<\/strong><\/th>\n<\/tr>\n<\/thead>\n<tbody>\n<tr>\n<td align=\"center\">Lenovo<\/td>\n<td align=\"center\">ThinkCentre<\/td>\n<td align=\"center\">Intel Core i5-4570 VPRO<\/td>\n<td align=\"center\">8GB<\/td>\n<td align=\"center\">500GB<\/td>\n<td align=\"center\">&#8211;<\/td>\n<td align=\"center\">19<\/td>\n<td align=\"center\">2014<\/td>\n<\/tr>\n<tr>\n<td align=\"center\">Lenovo<\/td>\n<td align=\"center\">ThinkCentre<\/td>\n<td align=\"center\">Intel Core i3-4130 VPRO<\/td>\n<td align=\"center\">8GB<\/td>\n<td align=\"center\">500GB<\/td>\n<td align=\"center\">&#8211;<\/td>\n<td align=\"center\">2<\/td>\n<td align=\"center\">2014<\/td>\n<\/tr>\n<tr>\n<td align=\"center\">HP<\/td>\n<td align=\"center\">HP Compaq 6005<\/td>\n<td align=\"center\">AMD Phenom II<\/td>\n<td align=\"center\">8GB<\/td>\n<td align=\"center\">240GB<\/td>\n<td align=\"center\">&#8211;<\/td>\n<td align=\"center\">1<\/td>\n<td align=\"center\">2011<\/td>\n<\/tr>\n<tr>\n<td align=\"center\">HP<\/td>\n<td align=\"center\">Compaq Pro 6300 MicroTower (TORRE)<\/td>\n<td align=\"center\">Intel I3-3240<\/td>\n<td align=\"center\">8GB<\/td>\n<td align=\"center\">480GB<\/td>\n<td align=\"center\">&#8211;<\/td>\n<td align=\"center\">2<\/td>\n<td align=\"center\">2014<\/td>\n<\/tr>\n<\/tbody>\n<\/table>\n<p>Total de esta\u00e7\u00f5es: 24<\/p>\n<h2><strong>Laborat\u00f3rio 5<\/strong><\/h2>\n<table>\n<thead>\n<tr>\n<th align=\"center\"><strong>Fabricante<\/strong><\/th>\n<th align=\"center\"><strong>Modelo<\/strong><\/th>\n<th align=\"center\"><strong>Processador<\/strong><\/th>\n<th align=\"center\"><strong>RAM<\/strong><\/th>\n<th align=\"center\"><strong>Armazenamento<\/strong><\/th>\n<th align=\"center\"><strong>GPU<\/strong><\/th>\n<th align=\"center\"><strong>N\u00ba de Esta\u00e7\u00f5es<\/strong><\/th>\n<th align=\"center\"><strong>Ano de Aquisi\u00e7\u00e3o<\/strong><\/th>\n<\/tr>\n<\/thead>\n<tbody>\n<tr>\n<td align=\"center\">Dell<\/td>\n<td align=\"center\">Dell OptiPlex 5060<\/td>\n<td align=\"center\">i5-8400 @2.80GHzx6<\/td>\n<td align=\"center\">8GB<\/td>\n<td align=\"center\">500GB<\/td>\n<td align=\"center\">&#8211;<\/td>\n<td align=\"center\">18<\/td>\n<td align=\"center\">2019<\/td>\n<\/tr>\n<tr>\n<td align=\"center\">HP<\/td>\n<td align=\"center\">Compaq Pro 6300 MicroTower (TORRE)<\/td>\n<td align=\"center\">Intel I3-3240<\/td>\n<td align=\"center\">8GB<\/td>\n<td align=\"center\">500GB<\/td>\n<td align=\"center\">&#8211;<\/td>\n<td align=\"center\">6<\/td>\n<td align=\"center\">2014<\/td>\n<\/tr>\n<\/tbody>\n<\/table>\n<p>Total de esta\u00e7\u00f5es: 24<\/p>\n<h2><strong>Laborat\u00f3rio 6<\/strong><\/h2>\n<table>\n<thead>\n<tr>\n<th align=\"center\"><strong>Fabricante<\/strong><\/th>\n<th align=\"center\"><strong>Modelo<\/strong><\/th>\n<th align=\"center\"><strong>Processador<\/strong><\/th>\n<th align=\"center\"><strong>RAM<\/strong><\/th>\n<th align=\"center\"><strong>Armazenamento<\/strong><\/th>\n<th align=\"center\"><strong>GPU<\/strong><\/th>\n<th align=\"center\"><strong>N\u00ba de Esta\u00e7\u00f5es<\/strong><\/th>\n<th><strong>Ano de Aquisi\u00e7\u00e3o<\/strong><\/th>\n<\/tr>\n<\/thead>\n<tbody>\n<tr>\n<td align=\"center\">HP<\/td>\n<td align=\"center\">Compaq 6005<\/td>\n<td align=\"center\">AMD Phenom II<\/td>\n<td align=\"center\">8GB<\/td>\n<td align=\"center\">240GB<\/td>\n<td align=\"center\">&#8211;<\/td>\n<td align=\"center\">1<\/td>\n<td>2011<\/td>\n<\/tr>\n<tr>\n<td align=\"center\">HP<\/td>\n<td align=\"center\">EliteDesk 705 G1 SFF<\/td>\n<td align=\"center\">AMD A8 pro-7600 r7<\/td>\n<td align=\"center\">8GB<\/td>\n<td align=\"center\">240GB<\/td>\n<td align=\"center\">&#8211;<\/td>\n<td align=\"center\">1<\/td>\n<td>2016<\/td>\n<\/tr>\n<tr>\n<td align=\"center\">Lenovo<\/td>\n<td align=\"center\">Essential H520g<\/td>\n<td align=\"center\">Intel Celeron G1610<\/td>\n<td align=\"center\">8GB<\/td>\n<td align=\"center\">240GB<\/td>\n<td align=\"center\">&#8211;<\/td>\n<td align=\"center\">1<\/td>\n<td>2013<\/td>\n<\/tr>\n<\/tbody>\n<\/table>\n<p>Total de esta\u00e7\u00f5es: 3<\/p>\n","protected":false},"excerpt":{"rendered":"<p>Laborat\u00f3rio 1 Fabricante Modelo Processador RAM Armazenamento GPU N\u00ba de Esta\u00e7\u00f5es Ano de Aquisi\u00e7\u00e3o Dell Optiplex 5050 Core I5-7500 16GB 1TB &#8211; 10 2018 Total de esta\u00e7\u00f5es: 10 Laborat\u00f3rio 2 Fabricante Modelo Processador RAM Armazenamento GPU N\u00ba de Esta\u00e7\u00f5es Ano de Aquisi\u00e7\u00e3o HP EliteDesk G3 Core I5 8GB 500GB &#8211; 9 2018 Lenovo P3 Tower [&hellip;]<\/p>\n","protected":false},"author":869,"featured_media":0,"parent":4,"menu_order":0,"comment_status":"closed","ping_status":"closed","template":"page-sem-sidebar.php","meta":{"jetpack_post_was_ever_published":false,"footnotes":""},"class_list":["post-376","page","type-page","status-publish","hentry"],"jetpack_sharing_enabled":true,"jetpack_shortlink":"https:\/\/wp.me\/PaLkmL-64","_links":{"self":[{"href":"https:\/\/wp.ufpel.edu.br\/nrc\/wp-json\/wp\/v2\/pages\/376","targetHints":{"allow":["GET"]}}],"collection":[{"href":"https:\/\/wp.ufpel.edu.br\/nrc\/wp-json\/wp\/v2\/pages"}],"about":[{"href":"https:\/\/wp.ufpel.edu.br\/nrc\/wp-json\/wp\/v2\/types\/page"}],"author":[{"embeddable":true,"href":"https:\/\/wp.ufpel.edu.br\/nrc\/wp-json\/wp\/v2\/users\/869"}],"replies":[{"embeddable":true,"href":"https:\/\/wp.ufpel.edu.br\/nrc\/wp-json\/wp\/v2\/comments?post=376"}],"version-history":[{"count":9,"href":"https:\/\/wp.ufpel.edu.br\/nrc\/wp-json\/wp\/v2\/pages\/376\/revisions"}],"predecessor-version":[{"id":386,"href":"https:\/\/wp.ufpel.edu.br\/nrc\/wp-json\/wp\/v2\/pages\/376\/revisions\/386"}],"up":[{"embeddable":true,"href":"https:\/\/wp.ufpel.edu.br\/nrc\/wp-json\/wp\/v2\/pages\/4"}],"wp:attachment":[{"href":"https:\/\/wp.ufpel.edu.br\/nrc\/wp-json\/wp\/v2\/media?parent=376"}],"curies":[{"name":"wp","href":"https:\/\/api.w.org\/{rel}","templated":true}]}}