{"id":1772,"date":"2024-03-20T15:20:46","date_gmt":"2024-03-20T18:20:46","guid":{"rendered":"https:\/\/wp.ufpel.edu.br\/npa\/?page_id=1772"},"modified":"2025-02-12T09:36:40","modified_gmt":"2025-02-12T12:36:40","slug":"pontos-de-coleta","status":"publish","type":"page","link":"https:\/\/wp.ufpel.edu.br\/npa\/pontos-de-coleta\/","title":{"rendered":"Pontos de Coleta"},"content":{"rendered":"\r\n<p><span style=\"color: #ff6600;\"><strong>ARMAZENAMENTO TEMPOR\u00c1RIO (PONTOS DE COLETA)<\/strong><\/span><\/p>\r\n\r\n\r\n\r\n<p>O <span style=\"color: #ff6600;\"><strong>ARMAZENAMENTO TEMPOR\u00c1RIO<\/strong><\/span> \u00e9 o local onde o res\u00edduo, previamente segregado, acondicionado e identificado pelo gerador, aguardar\u00e1 a coleta pelo NPA.<\/p>\r\n<p>\u00c9 no local do armazenamento tempor\u00e1rio que ocorrem as coletas, por isso na UFPel, tamb\u00e9m chamamos esse local de <span style=\"color: #ff6600;\"><strong>PONTO DE COLETA<\/strong><\/span>. Esse local ter\u00e1 dois servidores respons\u00e1veis (titular e suplente) pelo recebimento dos res\u00edduos, que devem ser nomeados pela dire\u00e7\u00e3o da unidade. No ponto de coleta os res\u00edduos s\u00e3o armazenados em bombonas de PEAD de 80L a 100L de acordo com o estado f\u00edsico, classe (verificar as classes no MR-02) e compatibilidade qu\u00edmica.<\/p>\r\n<p>\r\n\r\n<\/p>\r\n<p>Cada unidade ter\u00e1 um local destinado ao armazenamento tempor\u00e1rio dos res\u00edduos (ponto de coleta), onde cada gerador far\u00e1 a entrega do res\u00edduo. Quando a unidade possui setores muito descentralizados, \u00e9 poss\u00edvel que a unidade possua mais de um ponto de coleta.<\/p>\r\n<p>\r\n\r\n<\/p>\r\n<p>Todos os geradores de res\u00edduos de laborat\u00f3rios devem buscar junto \u00e0 dire\u00e7\u00e3o da Unidade a localiza\u00e7\u00e3o e o respons\u00e1vel pelo ponto de coleta, bem como as orienta\u00e7\u00f5es da Unidade sobre a organiza\u00e7\u00e3o interna para acesso e entrega dos res\u00edduos no local (podem haver dias e hor\u00e1rios espec\u00edficos, de acordo com a organiza\u00e7\u00e3o de cada Unidade).<\/p>\r\n<p>\r\n\r\n<\/p>\r\n<p>Atualmente temos armazenamento tempor\u00e1rio (pontos de coleta) de res\u00edduos qu\u00edmicos nos seguintes locais:<\/p>\r\n<p>\r\n\r\n<\/p>\r\n<p><strong><u>Campus Cap\u00e3o do Le\u00e3o<\/u><\/strong><\/p>\r\n<p>\r\n\r\n<\/p>\r\n<ol>\r\n<li>\r\n<p>Centro de Ci\u00eancias Qu\u00edmicas, Farmac\u00eauticas e de Alimentos (Pr\u00e9dio 4)<\/p>\r\n<\/li>\r\n<li>\r\n<p>Centro de Ci\u00eancias Qu\u00edmicas, Farmac\u00eauticas e de Alimentos (Pr\u00e9dio 5)<\/p>\r\n<\/li>\r\n<li>\r\n<p>Centro de Ci\u00eancias Qu\u00edmicas, Farmac\u00eauticas e de Alimentos (Pr\u00e9dio 96)<\/p>\r\n<\/li>\r\n<li>\r\n<p>Centro de Desenvolvimento Tecnol\u00f3gico (Pr\u00e9dio 19)<\/p>\r\n<\/li>\r\n<li>\r\n<p>Centro de Engenharias (Pr\u00e9dio 33)<\/p>\r\n<\/li>\r\n<li>\r\n<p>Faculdade de Agronomia (Pr\u00e9dio 02)<\/p>\r\n<\/li>\r\n<li>\r\n<p>Faculdade de Veterin\u00e1ria (Pr\u00e9dio 01)<\/p>\r\n<\/li>\r\n<li>\r\n<p>Hospital Veterin\u00e1rio (Pr\u00e9dio 47)<\/p>\r\n<\/li>\r\n<li>\r\n<p>Instituto de Biologia (Pr\u00e9dio 14)<\/p>\r\n<\/li>\r\n<li>\r\n<p>Instituto de Biologia (Pr\u00e9dio 18)<\/p>\r\n<\/li>\r\n<li>\r\n<p>Instituto de Biologia (Pr\u00e9dio 23)<\/p>\r\n<\/li>\r\n<li>\r\n<p>Instituto de Biologia (Pr\u00e9dio 24)<\/p>\r\n<\/li>\r\n<li>\r\n<p>Instituto de Biologia (Pr\u00e9dio 26)<\/p>\r\n<\/li>\r\n<li>\r\n<p>Instituto de F\u00edsica e Matem\u00e1tica (Pr\u00e9dio 13)<\/p>\r\n<\/li>\r\n<li>\r\n<p>Instituto de Biologia &#8211; NURFS (Pr\u00e9dio 40)<\/p>\r\n<\/li>\r\n<\/ol>\r\n<p>\r\n\r\n<\/p>\r\n<p><strong><u>Cidade de Pelotas<\/u><\/strong><\/p>\r\n<p>\r\n\r\n<\/p>\r\n<ol>\r\n<li>\r\n<p>CAMPUS II &#8211; Curso de Conserva\u00e7\u00e3o e Restauro<\/p>\r\n<\/li>\r\n<li>\r\n<p>Centro de Artes &#8211; Laborat\u00f3rio de Fotografia &#8211; sala 203<\/p>\r\n<\/li>\r\n<li>\r\n<p>Centro de Artes &#8211; MALG\u00a0<\/p>\r\n<\/li>\r\n<li>\r\n<p>Centro de Desenvolvimento Tecnol\u00f3gico &#8211; Anglo<\/p>\r\n<\/li>\r\n<li>\r\n<p>Centro de Engenharias (Pr\u00e9dio da antiga Cotada)<\/p>\r\n<\/li>\r\n<li>\r\n<p>Centro de Pesquisas Amilcar Gigante<\/p>\r\n<\/li>\r\n<li>\r\n<p>Engenharia Industrial Madeireira (Conde de PoA)<\/p>\r\n<\/li>\r\n<li>\r\n<p>Faculdade de Arquitetura e Urbanismo &#8211; FAURB<\/p>\r\n<\/li>\r\n<li>\r\n<p>Faculdade de Medicina<\/p>\r\n<\/li>\r\n<li>\r\n<p>Faculdade de Nutri\u00e7\u00e3o &#8211; Anglo<\/p>\r\n<\/li>\r\n<li>\r\n<p>Faculdade de Odontologia &#8211; FO<\/p>\r\n<\/li>\r\n<li>\r\n<p>Instituto de Biologia &#8211; Depto de Morfologia (Av. Duque de Caxias)<\/p>\r\n<\/li>\r\n<li>\r\n<p>Instituto de Ci\u00eancias Humanas &#8211; LEPAARQ<\/p>\r\n<\/li>\r\n<li>\r\n<p>Laborat\u00f3rio de \u00c1guas da Ag\u00eancia da Lagoa Mirim &#8211; ALM<\/p>\r\n<\/li>\r\n<li>\r\n<p>Museu Carlos Ritter &#8211; IB<\/p>\r\n<\/li>\r\n<\/ol>\r\n<p>\r\n\r\n<\/p>\r\n<p>&nbsp;<\/p>\r\n<p>Se houver necessidade de inclus\u00e3o de novo ponto de coleta, enviar e-mail para <strong>gestaoambiental@ufpel.edu.br.<\/strong><\/p>\r\n<p>\r\n\r\n<\/p>\r\n<p>&nbsp;<\/p>\r\n<p><span style=\"color: #ff6600;\"><strong>COLETA DOS RES\u00cdDUOS QU\u00cdMICOS<\/strong><\/span><\/p>\r\n<p>\r\n\r\n<\/p>\r\n<p>A\u00a0<strong>coleta dos res\u00edduos qu\u00edmicos<\/strong> \u00e9 realizada atrav\u00e9s da contrata\u00e7\u00e3o de empresa especializada para coleta, transporte, tratamento e disposi\u00e7\u00e3o final por meio do <a href=\"https:\/\/wp.ufpel.edu.br\/npa\/files\/2024\/11\/SEI_23110.014177_2024_27-4.pdf\">Contrato 40\/2024<\/a> cuja regula\u00e7\u00e3o ocorre atrav\u00e9s do N\u00facleo de Planejamento Ambiental da UFPel e a fiscaliza\u00e7\u00e3o conforme a <a href=\"https:\/\/wp.ufpel.edu.br\/npa\/files\/2024\/11\/SEI_23110.034210_2024_35.pdf\">Portaria 4404\/2024<\/a><a href=\"https:\/\/wp.ufpel.edu.br\/npa\/2024\/07\/30\/coleta-de-eletroeletronicos-nao-patrimoniaveis-acontece-no-dia-20-de-agosto\/\">.<\/a><\/p>\r\n<p>\r\n\r\n<\/p>\r\n<p>O NPA avisar\u00e1 o cronograma de coletas anual atrav\u00e9s de Memorando-Circular no SEI, bem como as datas exatas de cada coleta. As coletas ocorrer\u00e3o somente naquelas unidades que manifestarem necessidade atrav\u00e9s do processo. As coletas pela empresa contratada tem previs\u00e3o de ocorrerem bimestralmente e s\u00e3o reguladas pelo NPA.<\/p>\r\n<p>&nbsp;<\/p>\r\n<p>&nbsp;<\/p>\r\n<p><\/p>","protected":false},"excerpt":{"rendered":"<p>ARMAZENAMENTO TEMPOR\u00c1RIO (PONTOS DE COLETA) O ARMAZENAMENTO TEMPOR\u00c1RIO \u00e9 o local onde o res\u00edduo, previamente segregado, acondicionado e identificado pelo gerador, aguardar\u00e1 a coleta pelo NPA. \u00c9 no local do armazenamento tempor\u00e1rio que ocorrem as coletas, por isso na UFPel, tamb\u00e9m chamamos esse local de PONTO DE COLETA. Esse local ter\u00e1 dois servidores respons\u00e1veis (titular [&hellip;]<\/p>\n","protected":false},"author":821,"featured_media":0,"parent":0,"menu_order":0,"comment_status":"closed","ping_status":"closed","template":"","meta":{"footnotes":""},"class_list":["post-1772","page","type-page","status-publish","hentry"],"_links":{"self":[{"href":"https:\/\/wp.ufpel.edu.br\/npa\/wp-json\/wp\/v2\/pages\/1772","targetHints":{"allow":["GET"]}}],"collection":[{"href":"https:\/\/wp.ufpel.edu.br\/npa\/wp-json\/wp\/v2\/pages"}],"about":[{"href":"https:\/\/wp.ufpel.edu.br\/npa\/wp-json\/wp\/v2\/types\/page"}],"author":[{"embeddable":true,"href":"https:\/\/wp.ufpel.edu.br\/npa\/wp-json\/wp\/v2\/users\/821"}],"replies":[{"embeddable":true,"href":"https:\/\/wp.ufpel.edu.br\/npa\/wp-json\/wp\/v2\/comments?post=1772"}],"version-history":[{"count":15,"href":"https:\/\/wp.ufpel.edu.br\/npa\/wp-json\/wp\/v2\/pages\/1772\/revisions"}],"predecessor-version":[{"id":1923,"href":"https:\/\/wp.ufpel.edu.br\/npa\/wp-json\/wp\/v2\/pages\/1772\/revisions\/1923"}],"wp:attachment":[{"href":"https:\/\/wp.ufpel.edu.br\/npa\/wp-json\/wp\/v2\/media?parent=1772"}],"curies":[{"name":"wp","href":"https:\/\/api.w.org\/{rel}","templated":true}]}}