{"id":1385,"date":"2022-10-17T15:47:56","date_gmt":"2022-10-17T18:47:56","guid":{"rendered":"https:\/\/wp.ufpel.edu.br\/npa\/?page_id=1385"},"modified":"2022-10-26T22:29:54","modified_gmt":"2022-10-27T01:29:54","slug":"lampadas-de-vapor-de-mercurio","status":"publish","type":"page","link":"https:\/\/wp.ufpel.edu.br\/npa\/lampadas-de-vapor-de-mercurio\/","title":{"rendered":"L\u00e2mpadas LED e Fluorescentes"},"content":{"rendered":"<p><span style=\"font-family: helvetica, arial, sans-serif;\"><span class=\"fontstyle0\">As l\u00e2mpadas s\u00e3o res\u00edduos perigosos e devem ter destina\u00e7\u00e3o final adequada, n\u00e3o sendo permitido o seu descarte no lixo comum ou o encaminhamento para a coleta seletiva. Assim, a<\/span>s l\u00e2mpadas fluorescentes queimadas (ou demais l\u00e2mpadas com vapor de merc\u00fario) e as l\u00e2mpadas LED devem ser encaminhadas para a Se\u00e7\u00e3o de Manuten\u00e7\u00e3o dos Campi Pelotas (SMPel) ou do Campus Cap\u00e3o do Le\u00e3o (SMCL), respeitando o procedimento a seguir:<\/span><\/p>\n<ul>\n<li><span style=\"font-family: helvetica, arial, sans-serif;\"><span class=\"fontstyle0\"> Verificada a necessidade de troca do material, a unidade solicitante deve realizar o pedido para a Superintend\u00eancia de Infraestrutura <\/span><span class=\"fontstyle0\">(SUINFRA) atrav\u00e9s de uma <\/span><span class=\"fontstyle2\">Ordem de Servi\u00e7o (O.S.) de Manuten\u00e7\u00e3o El\u00e9trica<\/span><span class=\"fontstyle0\">, via Sistema Cobalto;<\/span><\/span><\/li>\n<li><span style=\"font-family: helvetica, arial, sans-serif;\"><span class=\"fontstyle0\"> Durante a troca por uma nova unidade, a l\u00e2mpada queimada deve ser acondicionada na embalagem da nova l\u00e2mpada. <\/span><span class=\"fontstyle2\">\u00c9 de extrema import\u00e2ncia que a l\u00e2mpada com vapor de merc\u00fario n\u00e3o seja quebrada, pois al\u00e9m dos riscos associados pela libera\u00e7\u00e3o dos vapores de metais, o procedimento e o custo para destina\u00e7\u00e3o final \u00e9 mais elevado se comparado \u00e0s l\u00e2mpadas intactas.<\/span><\/span><\/li>\n<\/ul>\n<p>A equipe da SUINFRA que fez a troca das l\u00e2mpadas encaminhar\u00e1 as l\u00e2mpadas queimadas para os locais de armazenamento tempor\u00e1rio no Campus Cap\u00e3o do Le\u00e3o ou no Anglo, at\u00e9 que se atinja uma quantidade necess\u00e1ria para a coleta por empresa especializada, cuja contrata\u00e7\u00e3o \u00e9 responsabilidade do NPA.<\/p>\n<p style=\"text-align: center;\"><span style=\"color: #ff6600; font-family: helvetica, arial, sans-serif;\"><strong>CICLO DE DESCARTE DAS L\u00c2MPADAS FLUORECENTES E LED<\/strong><\/span><\/p>\n<p><a href=\"https:\/\/wp.ufpel.edu.br\/npa\/files\/2022\/10\/lampadas.png\"><img class=\"aligncenter wp-image-1390 size-full\" src=\"https:\/\/wp.ufpel.edu.br\/npa\/files\/2022\/10\/lampadas.png\" alt=\"\" width=\"635\" height=\"787\" srcset=\"https:\/\/wp.ufpel.edu.br\/npa\/files\/2022\/10\/lampadas.png 635w, https:\/\/wp.ufpel.edu.br\/npa\/files\/2022\/10\/lampadas-323x400.png 323w\" sizes=\"(max-width: 635px) 100vw, 635px\" \/><\/a><\/p>\n<p style=\"text-align: center;\"><span style=\"font-family: helvetica, arial, sans-serif; color: #ff9900;\"><strong><span class=\"fontstyle0\">L\u00c2MPADAS DE EQUIPAMENTOS\u00a0 ELETROELETR\u00d4NICOS<\/span><\/strong><\/span><\/p>\n<p><span style=\"font-family: helvetica, arial, sans-serif;\"><strong><span class=\"fontstyle0\" style=\"color: #339966;\"><br \/>\n<\/span><\/strong><span class=\"fontstyle2\">As l\u00e2mpadas de equipamentos eletroeletr\u00f4nicos tais como projetores e equipamentos de an\u00e1lises tais como absor\u00e7\u00e3o at\u00f4mica, espectr\u00f4metros de massa, etc., n\u00e3o podem ser descartadas no lixo comum e devem ser verificadas a classifica\u00e7\u00e3o e composi\u00e7\u00e3o (vapor e merc\u00fario, c\u00e1todo oco, etc) para descarte e destina\u00e7\u00e3o adequados.<br \/>\n\u00c9 sempre oportuno o contato direto com o fabricante para orienta\u00e7\u00e3o ou destina\u00e7\u00e3o adequada. Quando o retorno dessas l\u00e2mpadas n\u00e3o for poss\u00edvel via fabricante, a orienta\u00e7\u00e3o \u00e9 entrar em contato com o NPA atrav\u00e9s do e-mail gest\u00e3o ambiental@ufpel.edu.br.<\/span><\/span><\/p>\n","protected":false},"excerpt":{"rendered":"<p>As l\u00e2mpadas s\u00e3o res\u00edduos perigosos e devem ter destina\u00e7\u00e3o final adequada, n\u00e3o sendo permitido o seu descarte no lixo comum ou o encaminhamento para a coleta seletiva. Assim, as l\u00e2mpadas fluorescentes queimadas (ou demais l\u00e2mpadas com vapor de merc\u00fario) e as l\u00e2mpadas LED devem ser encaminhadas para a Se\u00e7\u00e3o de Manuten\u00e7\u00e3o dos Campi Pelotas (SMPel) [&hellip;]<\/p>\n","protected":false},"author":821,"featured_media":0,"parent":0,"menu_order":0,"comment_status":"closed","ping_status":"closed","template":"","meta":{"footnotes":""},"class_list":["post-1385","page","type-page","status-publish","hentry"],"_links":{"self":[{"href":"https:\/\/wp.ufpel.edu.br\/npa\/wp-json\/wp\/v2\/pages\/1385","targetHints":{"allow":["GET"]}}],"collection":[{"href":"https:\/\/wp.ufpel.edu.br\/npa\/wp-json\/wp\/v2\/pages"}],"about":[{"href":"https:\/\/wp.ufpel.edu.br\/npa\/wp-json\/wp\/v2\/types\/page"}],"author":[{"embeddable":true,"href":"https:\/\/wp.ufpel.edu.br\/npa\/wp-json\/wp\/v2\/users\/821"}],"replies":[{"embeddable":true,"href":"https:\/\/wp.ufpel.edu.br\/npa\/wp-json\/wp\/v2\/comments?post=1385"}],"version-history":[{"count":9,"href":"https:\/\/wp.ufpel.edu.br\/npa\/wp-json\/wp\/v2\/pages\/1385\/revisions"}],"predecessor-version":[{"id":1573,"href":"https:\/\/wp.ufpel.edu.br\/npa\/wp-json\/wp\/v2\/pages\/1385\/revisions\/1573"}],"wp:attachment":[{"href":"https:\/\/wp.ufpel.edu.br\/npa\/wp-json\/wp\/v2\/media?parent=1385"}],"curies":[{"name":"wp","href":"https:\/\/api.w.org\/{rel}","templated":true}]}}