{"id":1285,"date":"2022-09-21T15:54:40","date_gmt":"2022-09-21T18:54:40","guid":{"rendered":"https:\/\/wp.ufpel.edu.br\/npa\/?page_id=1285"},"modified":"2022-09-21T15:54:40","modified_gmt":"2022-09-21T18:54:40","slug":"historico","status":"publish","type":"page","link":"https:\/\/wp.ufpel.edu.br\/npa\/o-npa\/historico\/","title":{"rendered":"Hist\u00f3rico"},"content":{"rendered":"<p>O \u00f3rg\u00e3o institucional respons\u00e1vel pela Gest\u00e3o Ambiental da UFPel tem origem no Grupo de Estudos para Tratamento de Res\u00edduos (GETR) criado pela <em>Portaria n\u00ba 1.306 de 14 de dezembro de 2005.\u00a0<\/em>O GETR foi criado pela Administra\u00e7\u00e3o Central durante a tese de doutorado desenvolvida pela pesquisadora Luciara Bilhalva Corr\u00eaa no Programa de P\u00f3s Gradua\u00e7\u00e3o em Educa\u00e7\u00e3o Ambiental da FURG, intitulada \u201cC<em>onstru\u00e7\u00e3o de pol\u00edticas para a gest\u00e3o dos res\u00edduos em uma Institui\u00e7\u00e3o de Ensino Superior na perspectiva da educa\u00e7\u00e3o ambiental<\/em>\u201d. O GETR esteve institu\u00eddo sob o status de comiss\u00e3o, o que contribuiu para a percep\u00e7\u00e3o de que a UFPel precisava avan\u00e7ar na estrat\u00e9gia institucional de gest\u00e3o ambiental.<\/p>\n<p>Em 2008, a UFPel institucionaliza o tema em seu Organograma criando o N\u00facleo de Saneamento Ambiental (NSA), alocado na Pr\u00f3-Reitoria de Infraestrutura. No decorrer dos anos, o \u00f3rg\u00e3o ambiental da administra\u00e7\u00e3o central transitou no organograma institucional. O NSA foi transformado em Coordenadoria em 2009 e alocado no Gabinete do Reitor (GR) pela <em>Portaria n\u00ba 1.632 de 20 de outubro de 2009<\/em>, \u201cad referendum\u201d do Conselho Universit\u00e1rio (CONSUN), passando a ser denominado Coordenadoria de Gest\u00e3o Ambiental (CGA). Em 2013, por aprova\u00e7\u00e3o no CONSUN, a CGA \u00e9 novamente alocada na Pr\u00f3-Reitoria de Infraestrutura, identificada como Coordena\u00e7\u00e3o de Gest\u00e3o Ambiental. Atualmente, o \u00f3rg\u00e3o \u00e9 denominado N\u00facleo de Planejamento Ambiental (NPA) e est\u00e1 vinculado \u00e0 Pr\u00f3-Reitoria de Planejamento e Desenvolvimento.<\/p>\n<p><b><i>Portaria n\u00ba 1.306 de 14 de dezembro de 2005: <\/i><\/b>Cria o Grupo de Estudos para Tratamento de Res\u00edduos (GETR);<\/p>\n<p><b><i>Portaria n\u00ba 1.252 de 15 de setembro de 2008: <\/i><\/b>Designa, <i>pro tempore<\/i>, servidor para exercer chefia do N\u00facleo de Saneamento Ambiental (NSA), vinculado \u00e0 Pr\u00f3-Reitoria de Infraestrutura (PRIE);<\/p>\n<p><b><i>Portaria n\u00ba 201 de 19 de fevereiro de 2009: <\/i><\/b>Transforma o N\u00facleo de Saneamento Ambiental (NSA) em Coordenadoria;<\/p>\n<p><b><i>Portaria n\u00ba 1.632 de 20 de outubro de 2009: <\/i><\/b>Transforma a Coordenadoria de Saneamento Ambiental (CSA) em Coordenadoria de Gest\u00e3o Ambiental (CGA) e aloca, \u201cad referendum\u201d do CONSUN, a CGA no Gabinete do Reitor (GR), desvinculando-a da PRIE;<\/p>\n<p><em><b>Reuni\u00e3o de 25 de maio de 2013\u00a0<\/b><\/em><em><b>do Conselho Universit\u00e1rio<\/b><\/em>: Aprova o novo Organograma da UFPel, onde a antiga Coordenadoria de Gest\u00e3o Ambiental passa a denominar-se Coordena\u00e7\u00e3o de Gest\u00e3o Ambiental (CGA), vinculada \u00e0 Pr\u00f3-Reitoria Adjunta de Infraestrutura (PRAINFRA);<\/p>\n<p><b><em>Resolu\u00e7\u00e3o n\u00ba 06 de 23 de junho de 2017 do Conselho Universit\u00e1rio<\/em>: <\/b>Aprova a nova estrutura administrativa da UFPel, onde \u00e9 criado o N\u00facleo de Planejamento Ambiental (NPA), vinculado \u00e0 Coordena\u00e7\u00e3o de Desenvolvimento do Plano Diretor da Pr\u00f3-Reitoria de Planejamento e Desenvolvimento (PROPLAN).<\/p>\n<p>A atual estrutura administrativa da UFPel pode ser acompanhada no link a seguir:\u00a0https:\/\/ccs2.ufpel.edu.br\/wp\/2017\/06\/27\/ufpel-muda-estrutura-administrativa\/<\/p>\n","protected":false},"excerpt":{"rendered":"<p>O \u00f3rg\u00e3o institucional respons\u00e1vel pela Gest\u00e3o Ambiental da UFPel tem origem no Grupo de Estudos para Tratamento de Res\u00edduos (GETR) criado pela Portaria n\u00ba 1.306 de 14 de dezembro de 2005.\u00a0O GETR foi criado pela Administra\u00e7\u00e3o Central durante a tese de doutorado desenvolvida pela pesquisadora Luciara Bilhalva Corr\u00eaa no Programa de P\u00f3s Gradua\u00e7\u00e3o em Educa\u00e7\u00e3o [&hellip;]<\/p>\n","protected":false},"author":821,"featured_media":0,"parent":14,"menu_order":0,"comment_status":"closed","ping_status":"closed","template":"","meta":{"footnotes":""},"class_list":["post-1285","page","type-page","status-publish","hentry"],"_links":{"self":[{"href":"https:\/\/wp.ufpel.edu.br\/npa\/wp-json\/wp\/v2\/pages\/1285","targetHints":{"allow":["GET"]}}],"collection":[{"href":"https:\/\/wp.ufpel.edu.br\/npa\/wp-json\/wp\/v2\/pages"}],"about":[{"href":"https:\/\/wp.ufpel.edu.br\/npa\/wp-json\/wp\/v2\/types\/page"}],"author":[{"embeddable":true,"href":"https:\/\/wp.ufpel.edu.br\/npa\/wp-json\/wp\/v2\/users\/821"}],"replies":[{"embeddable":true,"href":"https:\/\/wp.ufpel.edu.br\/npa\/wp-json\/wp\/v2\/comments?post=1285"}],"version-history":[{"count":1,"href":"https:\/\/wp.ufpel.edu.br\/npa\/wp-json\/wp\/v2\/pages\/1285\/revisions"}],"predecessor-version":[{"id":1288,"href":"https:\/\/wp.ufpel.edu.br\/npa\/wp-json\/wp\/v2\/pages\/1285\/revisions\/1288"}],"up":[{"embeddable":true,"href":"https:\/\/wp.ufpel.edu.br\/npa\/wp-json\/wp\/v2\/pages\/14"}],"wp:attachment":[{"href":"https:\/\/wp.ufpel.edu.br\/npa\/wp-json\/wp\/v2\/media?parent=1285"}],"curies":[{"name":"wp","href":"https:\/\/api.w.org\/{rel}","templated":true}]}}