{"id":1039,"date":"2020-06-05T10:40:57","date_gmt":"2020-06-05T13:40:57","guid":{"rendered":"https:\/\/wp.ufpel.edu.br\/npa\/?page_id=1039"},"modified":"2020-06-05T10:53:41","modified_gmt":"2020-06-05T13:53:41","slug":"cartilha-para-manejo-interno-de-residuos-solidos","status":"publish","type":"page","link":"https:\/\/wp.ufpel.edu.br\/npa\/cartilha-para-manejo-interno-de-residuos-solidos\/","title":{"rendered":"Cartilha para Manejo Interno de Res\u00edduos S\u00f3lidos"},"content":{"rendered":"<p><a href=\"https:\/\/wp.ufpel.edu.br\/npa\/files\/2020\/06\/NPA-CDPD-PROPLAN-CARTILHA-MANEJO-INTERNO-RESIDUOS-SOLIDOS-UFPEL-2020.pdf\"><img src=\"https:\/\/wp.ufpel.edu.br\/npa\/files\/2020\/06\/cartilha-400x283.jpeg\" alt=\"\" width=\"400\" height=\"283\" class=\"alignleft size-medium wp-image-1042\" srcset=\"https:\/\/wp.ufpel.edu.br\/npa\/files\/2020\/06\/cartilha-400x283.jpeg 400w, https:\/\/wp.ufpel.edu.br\/npa\/files\/2020\/06\/cartilha-1024x724.jpeg 1024w, https:\/\/wp.ufpel.edu.br\/npa\/files\/2020\/06\/cartilha-768x543.jpeg 768w, https:\/\/wp.ufpel.edu.br\/npa\/files\/2020\/06\/cartilha.jpeg 1280w\" sizes=\"(max-width: 400px) 100vw, 400px\" \/><\/a><\/p>\n<p>O Dia Mundial do Meio Ambiente \u00e9 celebrado em 05 de junho e foi criado por uma Resolu\u00e7\u00e3o da Assembleia Geral das Na\u00e7\u00f5es Unidas na abertura da Confer\u00eancia de Estocolmo, ocorrida na Su\u00e9cia em 1972, um dos grandes marcos na discuss\u00e3o global sobre meio ambiente.<br \/>\nDentre as diversas problem\u00e1ticas associadas ao tema, a produ\u00e7\u00e3o de Res\u00edduos S\u00f3lidos \u00e9 um dos grandes desafios que gestores p\u00fablicos enfrentam na promo\u00e7\u00e3o da sustentabilidade, sendo o Brasil o maior gerador da Am\u00e9rica Latina, com 79% milh\u00f5es de toneladas de res\u00edduos s\u00f3lidos por ano, segundo dados do Panorama dos Res\u00edduos S\u00f3lidos da Associa\u00e7\u00e3o de Empresas de Limpeza P\u00fablica e Res\u00edduos Especiais (Abrelpe), publicado em 2019.<\/p>\n<p>Na UFPel, o N\u00facleo de Planejamento Ambiental (NPA) realiza a gest\u00e3o de res\u00edduos s\u00f3lidos gerados nas atividades universit\u00e1rias, orientando sua execu\u00e7\u00e3o nas unidades administrativas e acad\u00eamicas. \u00c9 tamb\u00e9m seu papel estimular a comunidade a participar dos processos de gerenciamento de res\u00edduos atrav\u00e9s da educa\u00e7\u00e3o ambiental e de outros instrumentos que visem a incorpora\u00e7\u00e3o da sustentabilidade universit\u00e1ria. Neste 05 de junho de 2020, a publica\u00e7\u00e3o da <a href=\"https:\/\/wp.ufpel.edu.br\/npa\/files\/2020\/06\/NPA-CDPD-PROPLAN-CARTILHA-MANEJO-INTERNO-RESIDUOS-SOLIDOS-UFPEL-2020.pdf\">Cartilha Para o Manejo Interno dos Res\u00edduos S\u00f3lidos<\/a> marca o Dia Mundial do Meio Ambiente na institui\u00e7\u00e3o. Desenvolvido pela equipe t\u00e9cnica do NPA, o documento busca orientar a comunidade acad\u00eamica sobre os procedimentos vigentes quanto ao manejo interno dos principais res\u00edduos produzidos na UFPel, desde a gera\u00e7\u00e3o at\u00e9 o descarte, a fim de minimizar a produ\u00e7\u00e3o, reduzir os riscos associados ao manejo e dar o destino final ambientalmente adequado aos res\u00edduos gerados.<\/p>\n<p>A Cartilha Para o Manejo Interno dos Res\u00edduos S\u00f3lidos complementa o Manual para o Gerenciamento de Res\u00edduos Perigosos na UFPel, documento publicado em 2017 e que aborda normas e procedimentos para o manejo res\u00edduos dos servi\u00e7os de sa\u00fade, especificamente. O NPA define a Cartilha como um instrumento de gest\u00e3o para unidades administrativas e acad\u00eamicas e comunidade em geral, fixando procedimentos espec\u00edficos com o objetivo de padronizar e difundir as pr\u00e1ticas internas de manejo de res\u00edduos empregadas na institui\u00e7\u00e3o.<\/p>\n<p>O download da cartilha pode ser feito <a href=\"https:\/\/wp.ufpel.edu.br\/npa\/files\/2020\/06\/NPA-CDPD-PROPLAN-CARTILHA-MANEJO-INTERNO-RESIDUOS-SOLIDOS-UFPEL-2020.pdf\" rel=\"noopener noreferrer\" target=\"_blank\">aqui<\/a>.<\/p>\n","protected":false},"excerpt":{"rendered":"<p>O Dia Mundial do Meio Ambiente \u00e9 celebrado em 05 de junho e foi criado por uma Resolu\u00e7\u00e3o da Assembleia Geral das Na\u00e7\u00f5es Unidas na abertura da Confer\u00eancia de Estocolmo, ocorrida na Su\u00e9cia em 1972, um dos grandes marcos na discuss\u00e3o global sobre meio ambiente. Dentre as diversas problem\u00e1ticas associadas ao tema, a produ\u00e7\u00e3o de [&hellip;]<\/p>\n","protected":false},"author":821,"featured_media":0,"parent":0,"menu_order":0,"comment_status":"closed","ping_status":"closed","template":"","meta":{"footnotes":""},"class_list":["post-1039","page","type-page","status-publish","hentry"],"_links":{"self":[{"href":"https:\/\/wp.ufpel.edu.br\/npa\/wp-json\/wp\/v2\/pages\/1039","targetHints":{"allow":["GET"]}}],"collection":[{"href":"https:\/\/wp.ufpel.edu.br\/npa\/wp-json\/wp\/v2\/pages"}],"about":[{"href":"https:\/\/wp.ufpel.edu.br\/npa\/wp-json\/wp\/v2\/types\/page"}],"author":[{"embeddable":true,"href":"https:\/\/wp.ufpel.edu.br\/npa\/wp-json\/wp\/v2\/users\/821"}],"replies":[{"embeddable":true,"href":"https:\/\/wp.ufpel.edu.br\/npa\/wp-json\/wp\/v2\/comments?post=1039"}],"version-history":[{"count":5,"href":"https:\/\/wp.ufpel.edu.br\/npa\/wp-json\/wp\/v2\/pages\/1039\/revisions"}],"predecessor-version":[{"id":1044,"href":"https:\/\/wp.ufpel.edu.br\/npa\/wp-json\/wp\/v2\/pages\/1039\/revisions\/1044"}],"wp:attachment":[{"href":"https:\/\/wp.ufpel.edu.br\/npa\/wp-json\/wp\/v2\/media?parent=1039"}],"curies":[{"name":"wp","href":"https:\/\/api.w.org\/{rel}","templated":true}]}}