{"id":102,"date":"2016-12-02T14:41:30","date_gmt":"2016-12-02T16:41:30","guid":{"rendered":"https:\/\/wp.ufpel.edu.br\/notcc\/?page_id=102"},"modified":"2016-12-02T14:41:30","modified_gmt":"2016-12-02T16:41:30","slug":"2014_1","status":"publish","type":"page","link":"https:\/\/wp.ufpel.edu.br\/notcc\/bancas\/historico\/2014_1\/","title":{"rendered":"Bancas 2014\/1"},"content":{"rendered":"<h2 id=\"alex_bertei\" class=\"sectionedit1 page-header\">Alex Bertei<\/h2>\n<div class=\"level2\"><\/div>\n<h4 id=\"cursociencia_da_computacao\">Curso: Ci\u00eancia da Computa\u00e7\u00e3o<\/h4>\n<div class=\"level4\"><\/div>\n<h4 id=\"titulouma_traducao_de_gramatica_de_grafos_controlada_para_event-b\">T\u00edtulo: Uma tradu\u00e7\u00e3o de gram\u00e1tica de grafos controlada para Event-B<\/h4>\n<div class=\"level4\"><\/div>\n<h4 id=\"banca\">Banca:<\/h4>\n<div class=\"level4\">\n<p>Profa. Luciana Foss (orientador)<br \/>\nProfa. Simone Andr\u00e9 da Costa Cavalheiro (co-orientador)<br \/>\nProfa. Renata Hax Sander Reiser<br \/>\nProf. Andr\u00e9 Rauber Du Bois<br \/>\nProfa. Aline Brum Loreto<\/p>\n<\/div>\n<h4 id=\"data17_de_julho_de_2014\">Data: 17 de Julho de 2014<\/h4>\n<div class=\"level4\"><\/div>\n<h4 id=\"hora0830h\">Hora: 08:30h<\/h4>\n<div class=\"level4\"><\/div>\n<h4 id=\"localsala_414\">Local: Sala 414<\/h4>\n<div class=\"level4\"><\/div>\n<div class=\"secedit editbutton_section editbutton_1\"><\/div>\n<h2 id=\"andrei_costa\" class=\"sectionedit2 page-header\">Andrei Costa<\/h2>\n<div class=\"level2\"><\/div>\n<h4 id=\"cursociencia_da_computacao1\">Curso: Ci\u00eancia da Computa\u00e7\u00e3o<\/h4>\n<div class=\"level4\"><\/div>\n<h4 id=\"tituloproposta_de_uma_extensao_para_um_mapeamento_de_diagramas_uml_para_modelos_simulink\">T\u00edtulo: Proposta De Uma Extens\u00e3o Para Um Mapeamento De Diagramas UML Para Modelos Simulink<\/h4>\n<div class=\"level4\"><\/div>\n<h4 id=\"banca1\">Banca:<\/h4>\n<div class=\"level4\">\n<p>Profa. Simone Andr\u00e9 da Costa Cavalheiro (orientador)<br \/>\nProfa. Luciana Foss (co-orientador)<br \/>\nProfa. Lisane Brisolara de Brisolara<br \/>\nProfa. Renata Hax Sander Reiser<\/p>\n<\/div>\n<h4 id=\"data15_de_julho_de_2014\">Data: 15 de Julho de 2014<\/h4>\n<div class=\"level4\"><\/div>\n<h4 id=\"hora1000h\">Hora: 10:00h<\/h4>\n<div class=\"level4\"><\/div>\n<h4 id=\"localpos_1_fat\">Local: P\u00f3s 1, FAT<\/h4>\n<div class=\"level4\"><\/div>\n<div class=\"secedit editbutton_section editbutton_2\"><\/div>\n<h2 id=\"douglas_detoni\" class=\"sectionedit3 page-header\">Douglas Detoni<\/h2>\n<div class=\"level2\"><\/div>\n<h4 id=\"cursociencia_da_computacao2\">Curso: Ci\u00eancia da Computa\u00e7\u00e3o<\/h4>\n<div class=\"level4\"><\/div>\n<h4 id=\"titulomodelagem_e_predicao_da_situacao_academica_de_alunos_de_educacao_a_distancia\">T\u00edtulo: Modelagem e predi\u00e7\u00e3o da situa\u00e7\u00e3o acad\u00eamica de alunos de educa\u00e7\u00e3o a dist\u00e2ncia<\/h4>\n<div class=\"level4\"><\/div>\n<h4 id=\"banca2\">Banca:<\/h4>\n<div class=\"level4\">\n<p>Prof. Ricardo Matsumura de Ara\u00fajo (orientador)<br \/>\nProf. Cristian Cechinel (co-orientador)<br \/>\nProf. Marilton Sanchotene de Aguiar<br \/>\nProf. Sandro da Silva Camargo<\/p>\n<\/div>\n<h4 id=\"data18_de_julho_de_2014\">Data: 18 de Julho de 2014<\/h4>\n<div class=\"level4\"><\/div>\n<h4 id=\"hora1330h\">Hora: 13:30h<\/h4>\n<div class=\"level4\"><\/div>\n<h4 id=\"localpos_1_fat1\">Local: P\u00f3s 1, FAT<\/h4>\n<div class=\"level4\"><\/div>\n<div class=\"secedit editbutton_section editbutton_3\"><\/div>\n<h2 id=\"fernando_furtado_leichtweis\" class=\"sectionedit4 page-header\">Fernando Furtado Leichtweis<\/h2>\n<div class=\"level2\"><\/div>\n<h4 id=\"cursociencia_da_computacao3\">Curso: Ci\u00eancia da Computa\u00e7\u00e3o<\/h4>\n<div class=\"level4\"><\/div>\n<h4 id=\"tituloautomacao_residencial_e_supervisao_remota_utilizando_a_plataforma_arduino\">T\u00edtulo: Automa\u00e7\u00e3o residencial e supervis\u00e3o remota utilizando a plataforma Arduino<\/h4>\n<div class=\"level4\"><\/div>\n<h4 id=\"banca3\">Banca:<\/h4>\n<div class=\"level4\">\n<p>Prof. Rafael Iankowski Soares (orientador)<br \/>\nProf. Leomar Soares da Rosa Junior<br \/>\nProf. Anderson Priebe Ferrugem<\/p>\n<\/div>\n<h4 id=\"data15_de_julho_de_20141\">Data: 15 de Julho de 2014<\/h4>\n<div class=\"level4\"><\/div>\n<h4 id=\"hora1000h1\">Hora: 10:00h<\/h4>\n<div class=\"level4\"><\/div>\n<h4 id=\"localsala_432\">Local: Sala 432<\/h4>\n<div class=\"level4\"><\/div>\n<div class=\"secedit editbutton_section editbutton_4\"><\/div>\n<h2 id=\"guilherme_paniz_patzer\" class=\"sectionedit5 page-header\">Guilherme Paniz Patzer<\/h2>\n<div class=\"level2\"><\/div>\n<h4 id=\"cursociencia_da_computacao4\">Curso: Ci\u00eancia da Computa\u00e7\u00e3o<\/h4>\n<div class=\"level4\"><\/div>\n<h4 id=\"tituloanalise_de_desempenho_de_diferentes_versoes_do_sistema_operacional_android\">T\u00edtulo: An\u00e1lise de desempenho de diferentes vers\u00f5es do sistema operacional Android<\/h4>\n<div class=\"level4\"><\/div>\n<h4 id=\"banca4\">Banca:<\/h4>\n<div class=\"level4\">\n<p>Prof. J\u00falio Carlos Balzano de Mattos (orientador)<br \/>\nProfa. Lisane Brisolara de Brisolara (co-orientador)<br \/>\nProf. Rafael Iankowski Soares<br \/>\nProf. Felipe de Souza Marques<\/p>\n<\/div>\n<h4 id=\"data22_de_julho_de_2014\">Data: 22 de Julho de 2014<\/h4>\n<div class=\"level4\"><\/div>\n<h4 id=\"hora1700h\">Hora: 17:00h<\/h4>\n<div class=\"level4\"><\/div>\n<h4 id=\"localpos_1_fat2\">Local: P\u00f3s 1, FAT<\/h4>\n<div class=\"level4\"><\/div>\n<div class=\"secedit editbutton_section editbutton_5\"><\/div>\n<h2 id=\"israel_silva_barbara\" class=\"sectionedit6 page-header\">Israel Silva Barbar\u00e1<\/h2>\n<div class=\"level2\"><\/div>\n<h4 id=\"cursociencia_da_computacao5\">Curso: Ci\u00eancia da Computa\u00e7\u00e3o<\/h4>\n<div class=\"level4\"><\/div>\n<h4 id=\"tituloum_estudo_sobre_mecanismos_de_acesso_a_dados_compartilhados_aplicado_a_grafos_paralelos\">T\u00edtulo: Um estudo sobre mecanismos de acesso a dados compartilhados aplicado a grafos paralelos<\/h4>\n<div class=\"level4\"><\/div>\n<h4 id=\"banca5\">Banca:<\/h4>\n<div class=\"level4\">\n<p>Prof. Gerson Geraldo Homrich Cavalheiro (orientador)<br \/>\nProf. Adenauer Corr\u00eaa Yamin<br \/>\nProf. Andr\u00e9 Rauber Du Bois<\/p>\n<\/div>\n<h4 id=\"data21_de_julho_de_2014\">Data: 21 de Julho de 2014<\/h4>\n<div class=\"level4\"><\/div>\n<h4 id=\"hora1000h2\">Hora: 10:00h<\/h4>\n<div class=\"level4\"><\/div>\n<h4 id=\"localpos_1_fat3\">Local: P\u00f3s 1, FAT<\/h4>\n<div class=\"level4\"><\/div>\n<div class=\"secedit editbutton_section editbutton_6\"><\/div>\n<h2 id=\"lucas_vaz_pires\" class=\"sectionedit7 page-header\">Lucas Vaz Pires<\/h2>\n<div class=\"level2\"><\/div>\n<h4 id=\"cursociencia_da_computacao6\">Curso: Ci\u00eancia da Computa\u00e7\u00e3o<\/h4>\n<div class=\"level4\"><\/div>\n<h4 id=\"titulomapeamento_e_integracao_de_dados_de_contexto_com_base_em_ontologias\">T\u00edtulo: Mapeamento e Integra\u00e7\u00e3o de Dados de Contexto com Base em Ontologias<\/h4>\n<div class=\"level4\"><\/div>\n<h4 id=\"banca6\">Banca:<\/h4>\n<div class=\"level4\">\n<p>Profa. Ana Marilza Pernas Fleischmann (orientador)<br \/>\nProf. Adenauer Corr\u00eaa Yamin (co-orientador)<br \/>\nProfa. Renata Hax Sander Reiser<br \/>\nProf. Jo\u00e3o Ladislau Barbar\u00e1 Lopes<\/p>\n<\/div>\n<h4 id=\"data21_de_julho_de_20141\">Data: 21 de Julho de 2014<\/h4>\n<div class=\"level4\"><\/div>\n<h4 id=\"hora1400h\">Hora: 14:00h<\/h4>\n<div class=\"level4\"><\/div>\n<h4 id=\"localpos_1_fat4\">Local: P\u00f3s 1, FAT<\/h4>\n<div class=\"level4\"><\/div>\n<div class=\"secedit editbutton_section editbutton_7\"><\/div>\n<h2 id=\"mauro_rosa_de_britto\" class=\"sectionedit8 page-header\">Mauro Rosa de Britto<\/h2>\n<div class=\"level2\"><\/div>\n<h4 id=\"cursociencia_da_computacao7\">Curso: Ci\u00eancia da Computa\u00e7\u00e3o<\/h4>\n<div class=\"level4\"><\/div>\n<h4 id=\"titulotecnicas_de_inteligencia_artificial_na_epidemiologiarastreando_a_gripe_atraves_do_twitter\">T\u00edtulo: T\u00e9cnicas de intelig\u00eancia artificial na epidemiologia: rastreando a gripe atrav\u00e9s do Twitter<\/h4>\n<div class=\"level4\"><\/div>\n<h4 id=\"banca7\">Banca:<\/h4>\n<div class=\"level4\">\n<p>Prof. Anderson Priebe Ferrugem (orientador)<br \/>\nProf. Marilton Sanchotene de Aguiar<br \/>\nProf. Ricardo Matsumura de Ara\u00fajo<\/p>\n<\/div>\n<h4 id=\"data16_de_julho_de_2014\">Data: 16 de Julho de 2014<\/h4>\n<div class=\"level4\"><\/div>\n<h4 id=\"hora1500h\">Hora: 15:00h<\/h4>\n<div class=\"level4\"><\/div>\n<h4 id=\"localpos_1_fat5\">Local: P\u00f3s 1, FAT<\/h4>\n<div class=\"level4\"><\/div>\n<div class=\"secedit editbutton_section editbutton_8\"><\/div>\n<h2 id=\"paulo_eugenio_ferreira_fernandes\" class=\"sectionedit9 page-header\">Paulo Eugenio Ferreira Fernandes<\/h2>\n<div class=\"level2\"><\/div>\n<h4 id=\"cursociencia_da_computacao8\">Curso: Ci\u00eancia da Computa\u00e7\u00e3o<\/h4>\n<div class=\"level4\"><\/div>\n<h4 id=\"titulogeracao_de_casos_de_teste_de_unidade_a_partir_de_diagramas_de_sequencia_da_uml\">T\u00edtulo: Gera\u00e7\u00e3o de casos de teste de unidade a partir de diagramas de sequ\u00eancia da UML<\/h4>\n<div class=\"level4\"><\/div>\n<h4 id=\"banca8\">Banca:<\/h4>\n<div class=\"level4\">\n<p>Profa. Lisane Brisolara de Brisolara (orientador)<br \/>\nProfa. Ana Marilza Pernas Fleischmann<br \/>\nProfa. Milena Rota Sena Marques<\/p>\n<\/div>\n<h4 id=\"data15_de_julho_de_20142\">Data: 15 de Julho de 2014<\/h4>\n<div class=\"level4\"><\/div>\n<h4 id=\"hora0800h\">Hora: 08:00h<\/h4>\n<div class=\"level4\"><\/div>\n<h4 id=\"localpos_1_fat6\">Local: P\u00f3s 1, FAT<\/h4>\n<div class=\"level4\"><\/div>\n<div class=\"secedit editbutton_section editbutton_9\"><\/div>\n<h2 id=\"vanderson_oliveira_da_silva\" class=\"sectionedit10 page-header\">Vanderson Oliveira da Silva<\/h2>\n<div class=\"level2\"><\/div>\n<h4 id=\"cursociencia_da_computacao9\">Curso: Ci\u00eancia da Computa\u00e7\u00e3o<\/h4>\n<div class=\"level4\"><\/div>\n<h4 id=\"tituloeronline_--_uma_ferramenta_web_para_ensino_de_modelagem_conceitual_de_banco_de_dados\">T\u00edtulo: Eronline &#8212; Uma ferramenta web para ensino de modelagem conceitual de banco de dados<\/h4>\n<div class=\"level4\"><\/div>\n<h4 id=\"banca9\">Banca:<\/h4>\n<div class=\"level4\">\n<p>Profa. Fl\u00e1via Braga de Azambuja (orientador)<br \/>\nProf. Anderson Priebe Ferrugem<br \/>\nProf. Guilherme Tomaschewski Netto<\/p>\n<\/div>\n<h4 id=\"data18_de_julho_de_20141\">Data: 18 de Julho de 2014<\/h4>\n<div class=\"level4\"><\/div>\n<h4 id=\"hora1600h\">Hora: 16:00h<\/h4>\n<div class=\"level4\"><\/div>\n<h4 id=\"localpos_2_fat\">Local: P\u00f3s 2, FAT<\/h4>\n<div class=\"level4\"><\/div>\n<div class=\"secedit editbutton_section editbutton_10\"><\/div>\n<h2 id=\"vinicius_vieira_dos_santos\" class=\"sectionedit11 page-header\">Vin\u00edcius Vieira dos Santos<\/h2>\n<div class=\"level2\"><\/div>\n<h4 id=\"cursociencia_da_computacao10\">Curso: Ci\u00eancia da Computa\u00e7\u00e3o<\/h4>\n<div class=\"level4\"><\/div>\n<h4 id=\"titulosistema_de_identificacao_de_metricas_de_qualidade_para_objetos_de_aprendizagem_dentro_de_repositorios\">T\u00edtulo: Sistema de identifica\u00e7\u00e3o de m\u00e9tricas de qualidade para objetos de aprendizagem dentro de reposit\u00f3rios<\/h4>\n<div class=\"level4\"><\/div>\n<h4 id=\"banca10\">Banca:<\/h4>\n<div class=\"level4\">\n<p>Profa. Ana Marilza Pernas Fleischmann (orientador)<br \/>\nProf. Cristian Cechinel (co-orientador)<br \/>\nProf. Sandro Camargo<br \/>\nProf. Ricardo Matsumura de Ara\u00fajo<\/p>\n<\/div>\n<h4 id=\"data18_de_julho_de_20142\">Data: 18 de Julho de 2014<\/h4>\n<div class=\"level4\"><\/div>\n<h4 id=\"hora1000h3\">Hora: 10:00h<\/h4>\n<div class=\"level4\"><\/div>\n<h4 id=\"localpos_1_fat7\">Local: P\u00f3s 1, FAT<\/h4>\n","protected":false},"excerpt":{"rendered":"<p>Alex Bertei Curso: Ci\u00eancia da Computa\u00e7\u00e3o T\u00edtulo: Uma tradu\u00e7\u00e3o de gram\u00e1tica de grafos controlada para Event-B Banca: Profa. Luciana Foss (orientador) Profa. Simone Andr\u00e9 da Costa Cavalheiro (co-orientador) Profa. Renata Hax Sander Reiser Prof. Andr\u00e9 Rauber Du Bois Profa. Aline Brum Loreto Data: 17 de Julho de 2014 Hora: 08:30h Local: Sala 414 Andrei Costa [&hellip;]<\/p>\n","protected":false},"author":657,"featured_media":0,"parent":84,"menu_order":0,"comment_status":"closed","ping_status":"closed","template":"","meta":{"footnotes":""},"class_list":["post-102","page","type-page","status-publish","hentry"],"_links":{"self":[{"href":"https:\/\/wp.ufpel.edu.br\/notcc\/wp-json\/wp\/v2\/pages\/102","targetHints":{"allow":["GET"]}}],"collection":[{"href":"https:\/\/wp.ufpel.edu.br\/notcc\/wp-json\/wp\/v2\/pages"}],"about":[{"href":"https:\/\/wp.ufpel.edu.br\/notcc\/wp-json\/wp\/v2\/types\/page"}],"author":[{"embeddable":true,"href":"https:\/\/wp.ufpel.edu.br\/notcc\/wp-json\/wp\/v2\/users\/657"}],"replies":[{"embeddable":true,"href":"https:\/\/wp.ufpel.edu.br\/notcc\/wp-json\/wp\/v2\/comments?post=102"}],"version-history":[{"count":1,"href":"https:\/\/wp.ufpel.edu.br\/notcc\/wp-json\/wp\/v2\/pages\/102\/revisions"}],"predecessor-version":[{"id":103,"href":"https:\/\/wp.ufpel.edu.br\/notcc\/wp-json\/wp\/v2\/pages\/102\/revisions\/103"}],"up":[{"embeddable":true,"href":"https:\/\/wp.ufpel.edu.br\/notcc\/wp-json\/wp\/v2\/pages\/84"}],"wp:attachment":[{"href":"https:\/\/wp.ufpel.edu.br\/notcc\/wp-json\/wp\/v2\/media?parent=102"}],"curies":[{"name":"wp","href":"https:\/\/api.w.org\/{rel}","templated":true}]}}