{"id":720,"date":"2020-06-26T13:01:27","date_gmt":"2020-06-26T16:01:27","guid":{"rendered":"https:\/\/wp.ufpel.edu.br\/nepsi\/?page_id=720"},"modified":"2020-06-26T13:02:10","modified_gmt":"2020-06-26T16:02:10","slug":"monitorias","status":"publish","type":"page","link":"https:\/\/wp.ufpel.edu.br\/nepsi\/estudos\/monitorias\/","title":{"rendered":"Monitorias"},"content":{"rendered":"<p>Caso tenha interesse em desenvolver monitoria volunt\u00e1ria, envie e-mail para nepsi.ufpel@gmail.com<\/p>\n","protected":false},"excerpt":{"rendered":"<p>Caso tenha interesse em desenvolver monitoria volunt\u00e1ria, envie e-mail para nepsi.ufpel@gmail.com<\/p>\n","protected":false},"author":807,"featured_media":0,"parent":70,"menu_order":0,"comment_status":"closed","ping_status":"closed","template":"","meta":{"jetpack_post_was_ever_published":false,"footnotes":""},"class_list":["post-720","page","type-page","status-publish","hentry"],"yoast_head":"<!-- This site is optimized with the Yoast SEO plugin v26.7 - https:\/\/yoast.com\/wordpress\/plugins\/seo\/ -->\n<title>Monitorias -<\/title>\n<meta name=\"robots\" content=\"index, follow, max-snippet:-1, max-image-preview:large, max-video-preview:-1\" \/>\n<link rel=\"canonical\" href=\"https:\/\/wp.ufpel.edu.br\/nepsi\/estudos\/monitorias\/\" \/>\n<meta property=\"og:locale\" content=\"pt_BR\" \/>\n<meta property=\"og:type\" content=\"article\" \/>\n<meta property=\"og:title\" content=\"Monitorias -\" \/>\n<meta property=\"og:description\" content=\"Caso tenha interesse em desenvolver monitoria volunt\u00e1ria, envie e-mail para nepsi.ufpel@gmail.com\" \/>\n<meta property=\"og:url\" content=\"https:\/\/wp.ufpel.edu.br\/nepsi\/estudos\/monitorias\/\" \/>\n<meta property=\"article:publisher\" content=\"https:\/\/www.facebook.com\/ufpel.nepsi\/\" \/>\n<meta property=\"article:modified_time\" content=\"2020-06-26T16:02:10+00:00\" \/>\n<meta property=\"og:image\" content=\"https:\/\/i0.wp.com\/wp.ufpel.edu.br\/nepsi\/files\/2020\/06\/MINIATURAS-LARANJA-1.png?fit=867%2C715&ssl=1\" \/>\n\t<meta property=\"og:image:width\" content=\"867\" \/>\n\t<meta property=\"og:image:height\" content=\"715\" \/>\n\t<meta property=\"og:image:type\" content=\"image\/png\" \/>\n<meta name=\"twitter:card\" content=\"summary_large_image\" \/>\n<meta name=\"twitter:site\" content=\"@ufpel_nepsi\" \/>\n<script type=\"application\/ld+json\" class=\"yoast-schema-graph\">{\"@context\":\"https:\/\/schema.org\",\"@graph\":[{\"@type\":\"WebPage\",\"@id\":\"https:\/\/wp.ufpel.edu.br\/nepsi\/estudos\/monitorias\/\",\"url\":\"https:\/\/wp.ufpel.edu.br\/nepsi\/estudos\/monitorias\/\",\"name\":\"Monitorias -\",\"isPartOf\":{\"@id\":\"https:\/\/wp.ufpel.edu.br\/nepsi\/#website\"},\"datePublished\":\"2020-06-26T16:01:27+00:00\",\"dateModified\":\"2020-06-26T16:02:10+00:00\",\"breadcrumb\":{\"@id\":\"https:\/\/wp.ufpel.edu.br\/nepsi\/estudos\/monitorias\/#breadcrumb\"},\"inLanguage\":\"pt-BR\",\"potentialAction\":[{\"@type\":\"ReadAction\",\"target\":[\"https:\/\/wp.ufpel.edu.br\/nepsi\/estudos\/monitorias\/\"]}]},{\"@type\":\"BreadcrumbList\",\"@id\":\"https:\/\/wp.ufpel.edu.br\/nepsi\/estudos\/monitorias\/#breadcrumb\",\"itemListElement\":[{\"@type\":\"ListItem\",\"position\":1,\"name\":\"In\u00edcio\",\"item\":\"https:\/\/wp.ufpel.edu.br\/nepsi\/\"},{\"@type\":\"ListItem\",\"position\":2,\"name\":\"Estudos\",\"item\":\"https:\/\/wp.ufpel.edu.br\/nepsi\/estudos\/\"},{\"@type\":\"ListItem\",\"position\":3,\"name\":\"Monitorias\"}]},{\"@type\":\"WebSite\",\"@id\":\"https:\/\/wp.ufpel.edu.br\/nepsi\/#website\",\"url\":\"https:\/\/wp.ufpel.edu.br\/nepsi\/\",\"name\":\"\",\"description\":\"Coordena\u00e7\u00e3o: Prof. Tiago Neuenfeld Munhoz\",\"publisher\":{\"@id\":\"https:\/\/wp.ufpel.edu.br\/nepsi\/#organization\"},\"potentialAction\":[{\"@type\":\"SearchAction\",\"target\":{\"@type\":\"EntryPoint\",\"urlTemplate\":\"https:\/\/wp.ufpel.edu.br\/nepsi\/?s={search_term_string}\"},\"query-input\":{\"@type\":\"PropertyValueSpecification\",\"valueRequired\":true,\"valueName\":\"search_term_string\"}}],\"inLanguage\":\"pt-BR\"},{\"@type\":\"Organization\",\"@id\":\"https:\/\/wp.ufpel.edu.br\/nepsi\/#organization\",\"name\":\"N\u00facleo de Estudos, Pesquisas e Interven\u00e7\u00f5es em Sa\u00fade Mental, Cogni\u00e7\u00e3o e Comportamento\",\"url\":\"https:\/\/wp.ufpel.edu.br\/nepsi\/\",\"logo\":{\"@type\":\"ImageObject\",\"inLanguage\":\"pt-BR\",\"@id\":\"https:\/\/wp.ufpel.edu.br\/nepsi\/#\/schema\/logo\/image\/\",\"url\":\"https:\/\/i2.wp.com\/wp.ufpel.edu.br\/nepsi\/files\/2020\/06\/NEPSI-22-1.jpg?fit=632%2C591&ssl=1\",\"contentUrl\":\"https:\/\/i2.wp.com\/wp.ufpel.edu.br\/nepsi\/files\/2020\/06\/NEPSI-22-1.jpg?fit=632%2C591&ssl=1\",\"width\":632,\"height\":591,\"caption\":\"N\u00facleo de Estudos, Pesquisas e Interven\u00e7\u00f5es em Sa\u00fade Mental, Cogni\u00e7\u00e3o e Comportamento\"},\"image\":{\"@id\":\"https:\/\/wp.ufpel.edu.br\/nepsi\/#\/schema\/logo\/image\/\"},\"sameAs\":[\"https:\/\/www.facebook.com\/ufpel.nepsi\/\",\"https:\/\/x.com\/ufpel_nepsi\",\"https:\/\/www.instagram.com\/ufpel_nepsi\",\"https:\/\/www.youtube.com\/channel\/UCMFJAGTPIQf5MMjvJCDyPDw\"]}]}<\/script>\n<!-- \/ Yoast SEO plugin. -->","yoast_head_json":{"title":"Monitorias -","robots":{"index":"index","follow":"follow","max-snippet":"max-snippet:-1","max-image-preview":"max-image-preview:large","max-video-preview":"max-video-preview:-1"},"canonical":"https:\/\/wp.ufpel.edu.br\/nepsi\/estudos\/monitorias\/","og_locale":"pt_BR","og_type":"article","og_title":"Monitorias -","og_description":"Caso tenha interesse em desenvolver monitoria volunt\u00e1ria, envie e-mail para nepsi.ufpel@gmail.com","og_url":"https:\/\/wp.ufpel.edu.br\/nepsi\/estudos\/monitorias\/","article_publisher":"https:\/\/www.facebook.com\/ufpel.nepsi\/","article_modified_time":"2020-06-26T16:02:10+00:00","og_image":[{"width":867,"height":715,"url":"https:\/\/i0.wp.com\/wp.ufpel.edu.br\/nepsi\/files\/2020\/06\/MINIATURAS-LARANJA-1.png?fit=867%2C715&ssl=1","type":"image\/png"}],"twitter_card":"summary_large_image","twitter_site":"@ufpel_nepsi","schema":{"@context":"https:\/\/schema.org","@graph":[{"@type":"WebPage","@id":"https:\/\/wp.ufpel.edu.br\/nepsi\/estudos\/monitorias\/","url":"https:\/\/wp.ufpel.edu.br\/nepsi\/estudos\/monitorias\/","name":"Monitorias -","isPartOf":{"@id":"https:\/\/wp.ufpel.edu.br\/nepsi\/#website"},"datePublished":"2020-06-26T16:01:27+00:00","dateModified":"2020-06-26T16:02:10+00:00","breadcrumb":{"@id":"https:\/\/wp.ufpel.edu.br\/nepsi\/estudos\/monitorias\/#breadcrumb"},"inLanguage":"pt-BR","potentialAction":[{"@type":"ReadAction","target":["https:\/\/wp.ufpel.edu.br\/nepsi\/estudos\/monitorias\/"]}]},{"@type":"BreadcrumbList","@id":"https:\/\/wp.ufpel.edu.br\/nepsi\/estudos\/monitorias\/#breadcrumb","itemListElement":[{"@type":"ListItem","position":1,"name":"In\u00edcio","item":"https:\/\/wp.ufpel.edu.br\/nepsi\/"},{"@type":"ListItem","position":2,"name":"Estudos","item":"https:\/\/wp.ufpel.edu.br\/nepsi\/estudos\/"},{"@type":"ListItem","position":3,"name":"Monitorias"}]},{"@type":"WebSite","@id":"https:\/\/wp.ufpel.edu.br\/nepsi\/#website","url":"https:\/\/wp.ufpel.edu.br\/nepsi\/","name":"","description":"Coordena\u00e7\u00e3o: Prof. Tiago Neuenfeld Munhoz","publisher":{"@id":"https:\/\/wp.ufpel.edu.br\/nepsi\/#organization"},"potentialAction":[{"@type":"SearchAction","target":{"@type":"EntryPoint","urlTemplate":"https:\/\/wp.ufpel.edu.br\/nepsi\/?s={search_term_string}"},"query-input":{"@type":"PropertyValueSpecification","valueRequired":true,"valueName":"search_term_string"}}],"inLanguage":"pt-BR"},{"@type":"Organization","@id":"https:\/\/wp.ufpel.edu.br\/nepsi\/#organization","name":"N\u00facleo de Estudos, Pesquisas e Interven\u00e7\u00f5es em Sa\u00fade Mental, Cogni\u00e7\u00e3o e Comportamento","url":"https:\/\/wp.ufpel.edu.br\/nepsi\/","logo":{"@type":"ImageObject","inLanguage":"pt-BR","@id":"https:\/\/wp.ufpel.edu.br\/nepsi\/#\/schema\/logo\/image\/","url":"https:\/\/i2.wp.com\/wp.ufpel.edu.br\/nepsi\/files\/2020\/06\/NEPSI-22-1.jpg?fit=632%2C591&ssl=1","contentUrl":"https:\/\/i2.wp.com\/wp.ufpel.edu.br\/nepsi\/files\/2020\/06\/NEPSI-22-1.jpg?fit=632%2C591&ssl=1","width":632,"height":591,"caption":"N\u00facleo de Estudos, Pesquisas e Interven\u00e7\u00f5es em Sa\u00fade Mental, Cogni\u00e7\u00e3o e Comportamento"},"image":{"@id":"https:\/\/wp.ufpel.edu.br\/nepsi\/#\/schema\/logo\/image\/"},"sameAs":["https:\/\/www.facebook.com\/ufpel.nepsi\/","https:\/\/x.com\/ufpel_nepsi","https:\/\/www.instagram.com\/ufpel_nepsi","https:\/\/www.youtube.com\/channel\/UCMFJAGTPIQf5MMjvJCDyPDw"]}]}},"jetpack_sharing_enabled":true,"jetpack_shortlink":"https:\/\/wp.me\/P9iCrQ-bC","jetpack_likes_enabled":true,"jetpack-related-posts":[{"id":256,"url":"https:\/\/wp.ufpel.edu.br\/nepsi\/atividades-desenvolvidas\/","url_meta":{"origin":720,"position":0},"title":"Atividades","author":"nepsi","date":"16\/05\/2018","format":false,"excerpt":"Instagram X \/ Twitter Projeto institucional Atividades: ensino, pesquisa e extens\u00e3o Nesta p\u00e1gina voc\u00ea encontra um resumo sint\u00e9tico das principais a\u00e7\u00f5es em ensino, pesquisa e extens\u00e3o\/interven\u00e7\u00e3o. Clique para expandir os itens. Ensino \u25be Estresse e sa\u00fade \u25be Projeto de ensino realizado no calend\u00e1rio letivo alternativo 2020\/1, voltado a discutir pesquisas\u2026","rel":"","context":"Post similar","block_context":{"text":"Post similar","link":""},"img":{"alt_text":"","src":"","width":0,"height":0},"classes":[]},{"id":2057,"url":"https:\/\/wp.ufpel.edu.br\/nepsi\/pesquisas\/pesquisas-finalizadas\/depressao-materna-e-desenvolvimento-infantil\/","url_meta":{"origin":720,"position":1},"title":"Depress\u00e3o materna e desenvolvimento infantil","author":"nepsi","date":"21\/12\/2022","format":false,"excerpt":"Depress\u00e3o materna e sua associa\u00e7\u00e3o com desenvolvimento infantil, pr\u00e1ticas parentais violentas e comportamentos agressivos em crian\u00e7as brasileiras benefici\u00e1rias do Programa Bolsa Fam\u00edlia (2018\u20132025) Contexto Esta proposta se insere no contexto social de avalia\u00e7\u00e3o da popula\u00e7\u00e3o participante de programas sociais do governo brasileiro, como o Programa Bolsa Fam\u00edlia (BPF) e Programa\u2026","rel":"","context":"Post similar","block_context":{"text":"Post similar","link":""},"img":{"alt_text":"","src":"","width":0,"height":0},"classes":[]},{"id":723,"url":"https:\/\/wp.ufpel.edu.br\/nepsi\/publicacoes\/prof-tiago-n-munhoz\/","url_meta":{"origin":720,"position":2},"title":"Prof. Tiago N Munhoz","author":"nepsi","date":"26\/06\/2020","format":false,"excerpt":"Docente e Curr\u00edculo Lattes P\u00e1gina institucional Dr. Tiago Neuenfeld Munhoz Universidade Federal de Pelotas (UFPel) Psic\u00f3logo. Especialista em Terapia Cognitivo-Comportamental, Aten\u00e7\u00e3o Psicossocial e Sociologia. Mestre em Ci\u00eancias Sociais e mestre e doutor em Epidemiologia pela Universidade Federal de Pelotas (UFPel). Atualmente, Professor adjunto do curso de Psicologia e do Programa\u2026","rel":"","context":"Post similar","block_context":{"text":"Post similar","link":""},"img":{"alt_text":"","src":"","width":0,"height":0},"classes":[]},{"id":111,"url":"https:\/\/wp.ufpel.edu.br\/nepsi\/publicacoes\/","url_meta":{"origin":720,"position":3},"title":"Publica\u00e7\u00f5es","author":"nepsi","date":"21\/10\/2017","format":false,"excerpt":"Docente e Curr\u00edculo Lattes P\u00e1gina institucional Dr. Tiago Neuenfeld Munhoz Universidade Federal de Pelotas (UFPel) Psic\u00f3logo. Especialista em Terapia Cognitivo-Comportamental, Aten\u00e7\u00e3o Psicossocial e Sociologia. Mestre em Ci\u00eancias Sociais e mestre e doutor em Epidemiologia pela Universidade Federal de Pelotas (UFPel). Atualmente, Professor adjunto do curso de Psicologia e do Programa\u2026","rel":"","context":"Post similar","block_context":{"text":"Post similar","link":""},"img":{"alt_text":"","src":"","width":0,"height":0},"classes":[]},{"id":1972,"url":"https:\/\/wp.ufpel.edu.br\/nepsi\/pesquisas\/pesquisas-finalizadas\/parentalidade-e-desempenho-escolar\/","url_meta":{"origin":720,"position":4},"title":"Parentalidade e desempenho escolar","author":"nepsi","date":"10\/11\/2022","format":false,"excerpt":"Estilos parentais e desempenho escolar em crian\u00e7as (6 anos) de fam\u00edlias benefici\u00e1rias de programa nacional de transfer\u00eancia de renda: estudo longitudinal (antes, durante e ap\u00f3s pandemia COVID-19) T\u00edtulo do projeto Contexto do projeto Esta proposta se insere no contexto social de avalia\u00e7\u00e3o da popula\u00e7\u00e3o participante de programas sociais do governo\u2026","rel":"","context":"Post similar","block_context":{"text":"Post similar","link":""},"img":{"alt_text":"","src":"","width":0,"height":0},"classes":[]},{"id":1806,"url":"https:\/\/wp.ufpel.edu.br\/nepsi\/intervencoes\/jornada\/","url_meta":{"origin":720,"position":5},"title":"Jornada TCC","author":"nepsi","date":"26\/10\/2021","format":false,"excerpt":"\u270d Como fa\u00e7o para me inscrever? \u278a Preencha o formul\u00e1rio dispon\u00edvel abaixo \u278b Curta a p\u00e1gina do Nepsi\u00a0@ufpel_nepsi \u278c Marque dois amigos nos coment\u00e1rios + compartilhe esta publica\u00e7\u00e3o no Instagram\/Facebook https:\/\/www.instagram.com\/p\/CV5hQHFAXbO\/?utm_source=ig_web_copy_link \u00a0 \u00a0 \u00a0 Clique em ENVIAR no final do formul\u00e1rio (ap\u00f3s preenchimento). Caso contr\u00e1rio, sua inscri\u00e7\u00e3o n\u00e3o ser\u00e1 recebida.","rel":"","context":"Post similar","block_context":{"text":"Post similar","link":""},"img":{"alt_text":"","src":"","width":0,"height":0},"classes":[]}],"_links":{"self":[{"href":"https:\/\/wp.ufpel.edu.br\/nepsi\/wp-json\/wp\/v2\/pages\/720","targetHints":{"allow":["GET"]}}],"collection":[{"href":"https:\/\/wp.ufpel.edu.br\/nepsi\/wp-json\/wp\/v2\/pages"}],"about":[{"href":"https:\/\/wp.ufpel.edu.br\/nepsi\/wp-json\/wp\/v2\/types\/page"}],"author":[{"embeddable":true,"href":"https:\/\/wp.ufpel.edu.br\/nepsi\/wp-json\/wp\/v2\/users\/807"}],"replies":[{"embeddable":true,"href":"https:\/\/wp.ufpel.edu.br\/nepsi\/wp-json\/wp\/v2\/comments?post=720"}],"version-history":[{"count":1,"href":"https:\/\/wp.ufpel.edu.br\/nepsi\/wp-json\/wp\/v2\/pages\/720\/revisions"}],"predecessor-version":[{"id":722,"href":"https:\/\/wp.ufpel.edu.br\/nepsi\/wp-json\/wp\/v2\/pages\/720\/revisions\/722"}],"up":[{"embeddable":true,"href":"https:\/\/wp.ufpel.edu.br\/nepsi\/wp-json\/wp\/v2\/pages\/70"}],"wp:attachment":[{"href":"https:\/\/wp.ufpel.edu.br\/nepsi\/wp-json\/wp\/v2\/media?parent=720"}],"curies":[{"name":"wp","href":"https:\/\/api.w.org\/{rel}","templated":true}]}}