{"id":2341,"date":"2024-01-17T17:09:22","date_gmt":"2024-01-17T20:09:22","guid":{"rendered":"https:\/\/wp.ufpel.edu.br\/nepsi\/?page_id=2341"},"modified":"2024-01-29T21:25:35","modified_gmt":"2024-01-30T00:25:35","slug":"entrevistadores","status":"publish","type":"page","link":"https:\/\/wp.ufpel.edu.br\/nepsi\/editais\/2024-2\/entrevistadores\/","title":{"rendered":"Entrevistadores"},"content":{"rendered":"\n<p>Confira abaixo o <strong><mark style=\"background-color:rgba(0, 0, 0, 0)\" class=\"has-inline-color has-vivid-red-color\">EDITAL RETIFICADO<\/mark><\/strong>, publicado \u00e0s 15h23min do dia 23\/01\/2024<\/p>\n\n\n\n<div data-wp-interactive=\"core\/file\" class=\"wp-block-file\"><object data-wp-bind--hidden=\"!state.hasPdfPreview\" hidden class=\"wp-block-file__embed\" data=\"https:\/\/wp.ufpel.edu.br\/nepsi\/files\/2024\/01\/EDITAL-No-01-2024-Retificado-1.pdf\" type=\"application\/pdf\" style=\"width:100%;height:600px\" aria-label=\"Incorporado de EDITAL-No-01-2024-Retificado-1.\"><\/object><a id=\"wp-block-file--media-e0be89e6-a2ed-4304-9265-deb6976aacbf\" href=\"https:\/\/wp.ufpel.edu.br\/nepsi\/files\/2024\/01\/EDITAL-No-01-2024-Retificado-1.pdf\">EDITAL-No-01-2024-Retificado-1<\/a><a href=\"https:\/\/wp.ufpel.edu.br\/nepsi\/files\/2024\/01\/EDITAL-No-01-2024-Retificado-1.pdf\" class=\"wp-block-file__button wp-element-button\" download aria-describedby=\"wp-block-file--media-e0be89e6-a2ed-4304-9265-deb6976aacbf\">Baixar<\/a><\/div>\n\n\n\n<p><strong>Divulgada a lista de inscri\u00e7\u00f5es homologadas e n\u00e3o homologadas para PROCESSO SELETIVO SIMPLIFICADO PARA SELE\u00c7\u00c3O DE ENTREVISTADORAS PARA O ACOMPANHAMENTO TELEF\u00d4NICO DOS PARTICIPANTES DO ESTUDO DE AVALIA\u00c7\u00c3O DO IMPACTO DO PROGRAMA CRIAN\u00c7A FELIZ (PCF) DO PROJETO EDITAIS CAPES N\u00ba 12\/2021 e N\u00ba 12\/2022<\/strong><\/p>\n\n\n\n<div data-wp-interactive=\"core\/file\" class=\"wp-block-file\"><object data-wp-bind--hidden=\"!state.hasPdfPreview\" hidden class=\"wp-block-file__embed\" data=\"https:\/\/wp.ufpel.edu.br\/nepsi\/files\/2024\/01\/Edital_01_2024_homologacao-2.pdf\" type=\"application\/pdf\" style=\"width:100%;height:600px\" aria-label=\"Incorporado de Edital_01_2024_homologacao.\"><\/object><a id=\"wp-block-file--media-ae91f57e-ce11-4c86-9c3c-8349e5312951\" href=\"https:\/\/wp.ufpel.edu.br\/nepsi\/files\/2024\/01\/Edital_01_2024_homologacao-2.pdf\">Edital_01_2024_homologacao<\/a><a href=\"https:\/\/wp.ufpel.edu.br\/nepsi\/files\/2024\/01\/Edital_01_2024_homologacao-2.pdf\" class=\"wp-block-file__button wp-element-button\" download aria-describedby=\"wp-block-file--media-ae91f57e-ce11-4c86-9c3c-8349e5312951\">Baixar<\/a><\/div>\n","protected":false},"excerpt":{"rendered":"<p>Confira abaixo o EDITAL RETIFICADO, publicado \u00e0s 15h23min do dia 23\/01\/2024 Divulgada a lista de inscri\u00e7\u00f5es homologadas e n\u00e3o homologadas para PROCESSO SELETIVO SIMPLIFICADO PARA SELE\u00c7\u00c3O DE ENTREVISTADORAS PARA O ACOMPANHAMENTO TELEF\u00d4NICO DOS PARTICIPANTES DO ESTUDO DE AVALIA\u00c7\u00c3O DO IMPACTO DO PROGRAMA CRIAN\u00c7A FELIZ (PCF) DO PROJETO EDITAIS CAPES N\u00ba 12\/2021 e N\u00ba 12\/2022<\/p>\n","protected":false},"author":807,"featured_media":0,"parent":2338,"menu_order":0,"comment_status":"closed","ping_status":"closed","template":"","meta":{"jetpack_post_was_ever_published":false,"footnotes":""},"class_list":["post-2341","page","type-page","status-publish","hentry"],"yoast_head":"<!-- This site is optimized with the Yoast SEO plugin v26.7 - https:\/\/yoast.com\/wordpress\/plugins\/seo\/ -->\n<title>Entrevistadores -<\/title>\n<meta name=\"robots\" content=\"index, follow, max-snippet:-1, max-image-preview:large, max-video-preview:-1\" \/>\n<link rel=\"canonical\" href=\"https:\/\/wp.ufpel.edu.br\/nepsi\/editais\/2024-2\/entrevistadores\/\" \/>\n<meta property=\"og:locale\" content=\"pt_BR\" \/>\n<meta property=\"og:type\" content=\"article\" \/>\n<meta property=\"og:title\" content=\"Entrevistadores -\" \/>\n<meta property=\"og:description\" content=\"Confira abaixo o EDITAL RETIFICADO, publicado \u00e0s 15h23min do dia 23\/01\/2024 Divulgada a lista de inscri\u00e7\u00f5es homologadas e n\u00e3o homologadas para PROCESSO SELETIVO SIMPLIFICADO PARA SELE\u00c7\u00c3O DE ENTREVISTADORAS PARA O ACOMPANHAMENTO TELEF\u00d4NICO DOS PARTICIPANTES DO ESTUDO DE AVALIA\u00c7\u00c3O DO IMPACTO DO PROGRAMA CRIAN\u00c7A FELIZ (PCF) DO PROJETO EDITAIS CAPES N\u00ba 12\/2021 e N\u00ba 12\/2022\" \/>\n<meta property=\"og:url\" content=\"https:\/\/wp.ufpel.edu.br\/nepsi\/editais\/2024-2\/entrevistadores\/\" \/>\n<meta property=\"article:publisher\" content=\"https:\/\/www.facebook.com\/ufpel.nepsi\/\" \/>\n<meta property=\"article:modified_time\" content=\"2024-01-30T00:25:35+00:00\" \/>\n<meta property=\"og:image\" content=\"https:\/\/i0.wp.com\/wp.ufpel.edu.br\/nepsi\/files\/2020\/06\/MINIATURAS-LARANJA-1.png?fit=867%2C715&ssl=1\" \/>\n\t<meta property=\"og:image:width\" content=\"867\" \/>\n\t<meta property=\"og:image:height\" content=\"715\" \/>\n\t<meta property=\"og:image:type\" content=\"image\/png\" \/>\n<meta name=\"twitter:card\" content=\"summary_large_image\" \/>\n<meta name=\"twitter:site\" content=\"@ufpel_nepsi\" \/>\n<meta name=\"twitter:label1\" content=\"Est. tempo de leitura\" \/>\n\t<meta name=\"twitter:data1\" content=\"1 minuto\" \/>\n<script type=\"application\/ld+json\" class=\"yoast-schema-graph\">{\"@context\":\"https:\/\/schema.org\",\"@graph\":[{\"@type\":\"WebPage\",\"@id\":\"https:\/\/wp.ufpel.edu.br\/nepsi\/editais\/2024-2\/entrevistadores\/\",\"url\":\"https:\/\/wp.ufpel.edu.br\/nepsi\/editais\/2024-2\/entrevistadores\/\",\"name\":\"Entrevistadores -\",\"isPartOf\":{\"@id\":\"https:\/\/wp.ufpel.edu.br\/nepsi\/#website\"},\"datePublished\":\"2024-01-17T20:09:22+00:00\",\"dateModified\":\"2024-01-30T00:25:35+00:00\",\"breadcrumb\":{\"@id\":\"https:\/\/wp.ufpel.edu.br\/nepsi\/editais\/2024-2\/entrevistadores\/#breadcrumb\"},\"inLanguage\":\"pt-BR\",\"potentialAction\":[{\"@type\":\"ReadAction\",\"target\":[\"https:\/\/wp.ufpel.edu.br\/nepsi\/editais\/2024-2\/entrevistadores\/\"]}]},{\"@type\":\"BreadcrumbList\",\"@id\":\"https:\/\/wp.ufpel.edu.br\/nepsi\/editais\/2024-2\/entrevistadores\/#breadcrumb\",\"itemListElement\":[{\"@type\":\"ListItem\",\"position\":1,\"name\":\"In\u00edcio\",\"item\":\"https:\/\/wp.ufpel.edu.br\/nepsi\/\"},{\"@type\":\"ListItem\",\"position\":2,\"name\":\"Editais\",\"item\":\"https:\/\/wp.ufpel.edu.br\/nepsi\/editais\/\"},{\"@type\":\"ListItem\",\"position\":3,\"name\":\"2024\",\"item\":\"https:\/\/wp.ufpel.edu.br\/nepsi\/editais\/2024-2\/\"},{\"@type\":\"ListItem\",\"position\":4,\"name\":\"Entrevistadores\"}]},{\"@type\":\"WebSite\",\"@id\":\"https:\/\/wp.ufpel.edu.br\/nepsi\/#website\",\"url\":\"https:\/\/wp.ufpel.edu.br\/nepsi\/\",\"name\":\"\",\"description\":\"Coordena\u00e7\u00e3o: Prof. Tiago Neuenfeld Munhoz\",\"publisher\":{\"@id\":\"https:\/\/wp.ufpel.edu.br\/nepsi\/#organization\"},\"potentialAction\":[{\"@type\":\"SearchAction\",\"target\":{\"@type\":\"EntryPoint\",\"urlTemplate\":\"https:\/\/wp.ufpel.edu.br\/nepsi\/?s={search_term_string}\"},\"query-input\":{\"@type\":\"PropertyValueSpecification\",\"valueRequired\":true,\"valueName\":\"search_term_string\"}}],\"inLanguage\":\"pt-BR\"},{\"@type\":\"Organization\",\"@id\":\"https:\/\/wp.ufpel.edu.br\/nepsi\/#organization\",\"name\":\"N\u00facleo de Estudos, Pesquisas e Interven\u00e7\u00f5es em Sa\u00fade Mental, Cogni\u00e7\u00e3o e Comportamento\",\"url\":\"https:\/\/wp.ufpel.edu.br\/nepsi\/\",\"logo\":{\"@type\":\"ImageObject\",\"inLanguage\":\"pt-BR\",\"@id\":\"https:\/\/wp.ufpel.edu.br\/nepsi\/#\/schema\/logo\/image\/\",\"url\":\"https:\/\/i2.wp.com\/wp.ufpel.edu.br\/nepsi\/files\/2020\/06\/NEPSI-22-1.jpg?fit=632%2C591&ssl=1\",\"contentUrl\":\"https:\/\/i2.wp.com\/wp.ufpel.edu.br\/nepsi\/files\/2020\/06\/NEPSI-22-1.jpg?fit=632%2C591&ssl=1\",\"width\":632,\"height\":591,\"caption\":\"N\u00facleo de Estudos, Pesquisas e Interven\u00e7\u00f5es em Sa\u00fade Mental, Cogni\u00e7\u00e3o e Comportamento\"},\"image\":{\"@id\":\"https:\/\/wp.ufpel.edu.br\/nepsi\/#\/schema\/logo\/image\/\"},\"sameAs\":[\"https:\/\/www.facebook.com\/ufpel.nepsi\/\",\"https:\/\/x.com\/ufpel_nepsi\",\"https:\/\/www.instagram.com\/ufpel_nepsi\",\"https:\/\/www.youtube.com\/channel\/UCMFJAGTPIQf5MMjvJCDyPDw\"]}]}<\/script>\n<!-- \/ Yoast SEO plugin. -->","yoast_head_json":{"title":"Entrevistadores -","robots":{"index":"index","follow":"follow","max-snippet":"max-snippet:-1","max-image-preview":"max-image-preview:large","max-video-preview":"max-video-preview:-1"},"canonical":"https:\/\/wp.ufpel.edu.br\/nepsi\/editais\/2024-2\/entrevistadores\/","og_locale":"pt_BR","og_type":"article","og_title":"Entrevistadores -","og_description":"Confira abaixo o EDITAL RETIFICADO, publicado \u00e0s 15h23min do dia 23\/01\/2024 Divulgada a lista de inscri\u00e7\u00f5es homologadas e n\u00e3o homologadas para PROCESSO SELETIVO SIMPLIFICADO PARA SELE\u00c7\u00c3O DE ENTREVISTADORAS PARA O ACOMPANHAMENTO TELEF\u00d4NICO DOS PARTICIPANTES DO ESTUDO DE AVALIA\u00c7\u00c3O DO IMPACTO DO PROGRAMA CRIAN\u00c7A FELIZ (PCF) DO PROJETO EDITAIS CAPES N\u00ba 12\/2021 e N\u00ba 12\/2022","og_url":"https:\/\/wp.ufpel.edu.br\/nepsi\/editais\/2024-2\/entrevistadores\/","article_publisher":"https:\/\/www.facebook.com\/ufpel.nepsi\/","article_modified_time":"2024-01-30T00:25:35+00:00","og_image":[{"width":867,"height":715,"url":"https:\/\/i0.wp.com\/wp.ufpel.edu.br\/nepsi\/files\/2020\/06\/MINIATURAS-LARANJA-1.png?fit=867%2C715&ssl=1","type":"image\/png"}],"twitter_card":"summary_large_image","twitter_site":"@ufpel_nepsi","twitter_misc":{"Est. tempo de leitura":"1 minuto"},"schema":{"@context":"https:\/\/schema.org","@graph":[{"@type":"WebPage","@id":"https:\/\/wp.ufpel.edu.br\/nepsi\/editais\/2024-2\/entrevistadores\/","url":"https:\/\/wp.ufpel.edu.br\/nepsi\/editais\/2024-2\/entrevistadores\/","name":"Entrevistadores -","isPartOf":{"@id":"https:\/\/wp.ufpel.edu.br\/nepsi\/#website"},"datePublished":"2024-01-17T20:09:22+00:00","dateModified":"2024-01-30T00:25:35+00:00","breadcrumb":{"@id":"https:\/\/wp.ufpel.edu.br\/nepsi\/editais\/2024-2\/entrevistadores\/#breadcrumb"},"inLanguage":"pt-BR","potentialAction":[{"@type":"ReadAction","target":["https:\/\/wp.ufpel.edu.br\/nepsi\/editais\/2024-2\/entrevistadores\/"]}]},{"@type":"BreadcrumbList","@id":"https:\/\/wp.ufpel.edu.br\/nepsi\/editais\/2024-2\/entrevistadores\/#breadcrumb","itemListElement":[{"@type":"ListItem","position":1,"name":"In\u00edcio","item":"https:\/\/wp.ufpel.edu.br\/nepsi\/"},{"@type":"ListItem","position":2,"name":"Editais","item":"https:\/\/wp.ufpel.edu.br\/nepsi\/editais\/"},{"@type":"ListItem","position":3,"name":"2024","item":"https:\/\/wp.ufpel.edu.br\/nepsi\/editais\/2024-2\/"},{"@type":"ListItem","position":4,"name":"Entrevistadores"}]},{"@type":"WebSite","@id":"https:\/\/wp.ufpel.edu.br\/nepsi\/#website","url":"https:\/\/wp.ufpel.edu.br\/nepsi\/","name":"","description":"Coordena\u00e7\u00e3o: Prof. Tiago Neuenfeld Munhoz","publisher":{"@id":"https:\/\/wp.ufpel.edu.br\/nepsi\/#organization"},"potentialAction":[{"@type":"SearchAction","target":{"@type":"EntryPoint","urlTemplate":"https:\/\/wp.ufpel.edu.br\/nepsi\/?s={search_term_string}"},"query-input":{"@type":"PropertyValueSpecification","valueRequired":true,"valueName":"search_term_string"}}],"inLanguage":"pt-BR"},{"@type":"Organization","@id":"https:\/\/wp.ufpel.edu.br\/nepsi\/#organization","name":"N\u00facleo de Estudos, Pesquisas e Interven\u00e7\u00f5es em Sa\u00fade Mental, Cogni\u00e7\u00e3o e Comportamento","url":"https:\/\/wp.ufpel.edu.br\/nepsi\/","logo":{"@type":"ImageObject","inLanguage":"pt-BR","@id":"https:\/\/wp.ufpel.edu.br\/nepsi\/#\/schema\/logo\/image\/","url":"https:\/\/i2.wp.com\/wp.ufpel.edu.br\/nepsi\/files\/2020\/06\/NEPSI-22-1.jpg?fit=632%2C591&ssl=1","contentUrl":"https:\/\/i2.wp.com\/wp.ufpel.edu.br\/nepsi\/files\/2020\/06\/NEPSI-22-1.jpg?fit=632%2C591&ssl=1","width":632,"height":591,"caption":"N\u00facleo de Estudos, Pesquisas e Interven\u00e7\u00f5es em Sa\u00fade Mental, Cogni\u00e7\u00e3o e Comportamento"},"image":{"@id":"https:\/\/wp.ufpel.edu.br\/nepsi\/#\/schema\/logo\/image\/"},"sameAs":["https:\/\/www.facebook.com\/ufpel.nepsi\/","https:\/\/x.com\/ufpel_nepsi","https:\/\/www.instagram.com\/ufpel_nepsi","https:\/\/www.youtube.com\/channel\/UCMFJAGTPIQf5MMjvJCDyPDw"]}]}},"jetpack_sharing_enabled":true,"jetpack_shortlink":"https:\/\/wp.me\/P9iCrQ-BL","jetpack_likes_enabled":true,"jetpack-related-posts":[{"id":2014,"url":"https:\/\/wp.ufpel.edu.br\/nepsi\/editais\/2022-2\/pos-doutorado\/","url_meta":{"origin":2341,"position":0},"title":"P\u00f3s-Doutorado","author":"nepsi","date":"20\/11\/2022","format":false,"excerpt":"EDITAL P\u00daBLICO DE SELE\u00c7\u00c3O DE BOLSISTA P\u00d3S-DOUTORADO CAPES - Edital da CAPES n\u00b0 12\/2022 \u2013 Fam\u00edlia e Pol\u00edticas P\u00fablicas no Brasil II \u00a0RETIFICA\u00c7\u00c3O 01","rel":"","context":"Post similar","block_context":{"text":"Post similar","link":""},"img":{"alt_text":"","src":"","width":0,"height":0},"classes":[]},{"id":2338,"url":"https:\/\/wp.ufpel.edu.br\/nepsi\/editais\/2024-2\/","url_meta":{"origin":2341,"position":1},"title":"2024","author":"nepsi","date":"17\/01\/2024","format":false,"excerpt":"https:\/\/wp.ufpel.edu.br\/nepsi\/editais\/2024-2\/entrevistadores https:\/\/wp.ufpel.edu.br\/nepsi\/editais\/2024-2\/iniciacao-cientifica","rel":"","context":"Post similar","block_context":{"text":"Post similar","link":""},"img":{"alt_text":"","src":"","width":0,"height":0},"classes":[]},{"id":2637,"url":"https:\/\/wp.ufpel.edu.br\/nepsi\/editais\/2025-2\/assistentes-de-pesquisa\/","url_meta":{"origin":2341,"position":2},"title":"Assistentes de pesquisa","author":"nepsi","date":"09\/06\/2025","format":false,"excerpt":"Assistente de Pesquisa - Edital 02\/2025 Assistente de Pesquisa Edital 02\/2025 Publicado em: 05 de agosto de 2025 Est\u00e1 dispon\u00edvel o edital para a sele\u00e7\u00e3o de Assistente de Pesquisa no \u00e2mbito do projeto NEPSI da UFPel. Os interessados devem consultar o documento completo no link abaixo: Acessar Edital 02\/2025 (PDF)","rel":"","context":"Post similar","block_context":{"text":"Post similar","link":""},"img":{"alt_text":"","src":"","width":0,"height":0},"classes":[]},{"id":1388,"url":"https:\/\/wp.ufpel.edu.br\/nepsi\/midia\/","url_meta":{"origin":2341,"position":3},"title":"M\u00eddia","author":"nepsi","date":"30\/03\/2021","format":false,"excerpt":"Leituras recomendadas: Maternal depression found to disrupt key parenting behaviors - News Medical Maternal depression linked to poor parenting outcomes - Contemporary OB\/GYN The impact of maternal depression on parenting - Medxy.ai Maternal depression and child bonding - Neuroscience News Maternal depression and child bonding (post) - Neuroscience News (X\/Twitter)\u2026","rel":"","context":"Post similar","block_context":{"text":"Post similar","link":""},"img":{"alt_text":"","src":"","width":0,"height":0},"classes":[]},{"id":1639,"url":"https:\/\/wp.ufpel.edu.br\/nepsi\/editais\/2021-2\/","url_meta":{"origin":2341,"position":4},"title":"2021","author":"nepsi","date":"30\/08\/2021","format":false,"excerpt":"ACESSE O EDITAL: 2021 - EDITAL P\u00daBLICO - DUAS VAGAS DE P\u00d3S-DOUTORADO\u00a0 Divulga\u00e7\u00e3o DUAS VAGAS DE P\u00d3S-DOUTORADO\u00a0 \u00a0","rel":"","context":"Post similar","block_context":{"text":"Post similar","link":""},"img":{"alt_text":"","src":"https:\/\/i0.wp.com\/wp.ufpel.edu.br\/nepsi\/files\/2021\/08\/Panfleto.jpg?fit=848%2C1200&ssl=1&resize=350%2C200","width":350,"height":200,"srcset":"https:\/\/i0.wp.com\/wp.ufpel.edu.br\/nepsi\/files\/2021\/08\/Panfleto.jpg?fit=848%2C1200&ssl=1&resize=350%2C200 1x, https:\/\/i0.wp.com\/wp.ufpel.edu.br\/nepsi\/files\/2021\/08\/Panfleto.jpg?fit=848%2C1200&ssl=1&resize=525%2C300 1.5x, https:\/\/i0.wp.com\/wp.ufpel.edu.br\/nepsi\/files\/2021\/08\/Panfleto.jpg?fit=848%2C1200&ssl=1&resize=700%2C400 2x"},"classes":[]},{"id":712,"url":"https:\/\/wp.ufpel.edu.br\/nepsi\/intervencoes\/acoes-de-extensao\/","url_meta":{"origin":2341,"position":5},"title":"Digitais","author":"nepsi","date":"26\/06\/2020","format":false,"excerpt":"A\u00e7\u00f5es de extens\u00e3o em plataformas digitais Conte\u00fados organizados por categoria e ordenados por data. Clique para expandir. Anima\u00e7\u00f5es Reels (Instagram) V\u00eddeos Podcasts Cartilhas Projeto de ensino (publica\u00e7\u00f5es) NEPSI Indica NEPSI Pesquisa Posts e divulga\u00e7\u00f5es Eventos SIIEPE Mapa Anima\u00e7\u00f5es \u25be 2021 23\/08\/2021 Ranzin- Medita\u00e7\u00e3o Reels (Instagram) \u25be 2021 11\/09\/2021 T\u00e9cnicas de\u2026","rel":"","context":"Post similar","block_context":{"text":"Post similar","link":""},"img":{"alt_text":"","src":"","width":0,"height":0},"classes":[]}],"_links":{"self":[{"href":"https:\/\/wp.ufpel.edu.br\/nepsi\/wp-json\/wp\/v2\/pages\/2341","targetHints":{"allow":["GET"]}}],"collection":[{"href":"https:\/\/wp.ufpel.edu.br\/nepsi\/wp-json\/wp\/v2\/pages"}],"about":[{"href":"https:\/\/wp.ufpel.edu.br\/nepsi\/wp-json\/wp\/v2\/types\/page"}],"author":[{"embeddable":true,"href":"https:\/\/wp.ufpel.edu.br\/nepsi\/wp-json\/wp\/v2\/users\/807"}],"replies":[{"embeddable":true,"href":"https:\/\/wp.ufpel.edu.br\/nepsi\/wp-json\/wp\/v2\/comments?post=2341"}],"version-history":[{"count":5,"href":"https:\/\/wp.ufpel.edu.br\/nepsi\/wp-json\/wp\/v2\/pages\/2341\/revisions"}],"predecessor-version":[{"id":2376,"href":"https:\/\/wp.ufpel.edu.br\/nepsi\/wp-json\/wp\/v2\/pages\/2341\/revisions\/2376"}],"up":[{"embeddable":true,"href":"https:\/\/wp.ufpel.edu.br\/nepsi\/wp-json\/wp\/v2\/pages\/2338"}],"wp:attachment":[{"href":"https:\/\/wp.ufpel.edu.br\/nepsi\/wp-json\/wp\/v2\/media?parent=2341"}],"curies":[{"name":"wp","href":"https:\/\/api.w.org\/{rel}","templated":true}]}}