{"id":2001,"date":"2022-11-20T10:34:36","date_gmt":"2022-11-20T13:34:36","guid":{"rendered":"https:\/\/wp.ufpel.edu.br\/nepsi\/?page_id=2001"},"modified":"2022-11-21T13:13:16","modified_gmt":"2022-11-21T16:13:16","slug":"mestrado","status":"publish","type":"page","link":"https:\/\/wp.ufpel.edu.br\/nepsi\/editais\/2022-2\/mestrado\/","title":{"rendered":"Mestrado"},"content":{"rendered":"<p><a href=\"https:\/\/siposg.furg.br\/curso\/1063\">Edital 04\/2022 &#8211; Sele\u00e7\u00e3o Especial e Simplificada Mestrado em Psicologia &#8211; Edital Fam\u00edlia e Politicas<\/a><\/p>\n","protected":false},"excerpt":{"rendered":"<p>Edital 04\/2022 &#8211; Sele\u00e7\u00e3o Especial e Simplificada Mestrado em Psicologia &#8211; Edital Fam\u00edlia e Politicas<\/p>\n","protected":false},"author":807,"featured_media":0,"parent":1998,"menu_order":1,"comment_status":"closed","ping_status":"closed","template":"","meta":{"jetpack_post_was_ever_published":false,"footnotes":""},"class_list":["post-2001","page","type-page","status-publish","hentry"],"yoast_head":"<!-- This site is optimized with the Yoast SEO plugin v26.7 - https:\/\/yoast.com\/wordpress\/plugins\/seo\/ -->\n<title>Mestrado -<\/title>\n<meta name=\"robots\" content=\"index, follow, max-snippet:-1, max-image-preview:large, max-video-preview:-1\" \/>\n<link rel=\"canonical\" href=\"https:\/\/wp.ufpel.edu.br\/nepsi\/editais\/2022-2\/mestrado\/\" \/>\n<meta property=\"og:locale\" content=\"pt_BR\" \/>\n<meta property=\"og:type\" content=\"article\" \/>\n<meta property=\"og:title\" content=\"Mestrado -\" \/>\n<meta property=\"og:description\" content=\"Edital 04\/2022 &#8211; Sele\u00e7\u00e3o Especial e Simplificada Mestrado em Psicologia &#8211; Edital Fam\u00edlia e Politicas\" \/>\n<meta property=\"og:url\" content=\"https:\/\/wp.ufpel.edu.br\/nepsi\/editais\/2022-2\/mestrado\/\" \/>\n<meta property=\"article:publisher\" content=\"https:\/\/www.facebook.com\/ufpel.nepsi\/\" \/>\n<meta property=\"article:modified_time\" content=\"2022-11-21T16:13:16+00:00\" \/>\n<meta property=\"og:image\" content=\"https:\/\/i0.wp.com\/wp.ufpel.edu.br\/nepsi\/files\/2020\/06\/MINIATURAS-LARANJA-1.png?fit=867%2C715&ssl=1\" \/>\n\t<meta property=\"og:image:width\" content=\"867\" \/>\n\t<meta property=\"og:image:height\" content=\"715\" \/>\n\t<meta property=\"og:image:type\" content=\"image\/png\" \/>\n<meta name=\"twitter:card\" content=\"summary_large_image\" \/>\n<meta name=\"twitter:site\" content=\"@ufpel_nepsi\" \/>\n<meta name=\"twitter:label1\" content=\"Est. tempo de leitura\" \/>\n\t<meta name=\"twitter:data1\" content=\"1 minuto\" \/>\n<script type=\"application\/ld+json\" class=\"yoast-schema-graph\">{\"@context\":\"https:\/\/schema.org\",\"@graph\":[{\"@type\":\"WebPage\",\"@id\":\"https:\/\/wp.ufpel.edu.br\/nepsi\/editais\/2022-2\/mestrado\/\",\"url\":\"https:\/\/wp.ufpel.edu.br\/nepsi\/editais\/2022-2\/mestrado\/\",\"name\":\"Mestrado -\",\"isPartOf\":{\"@id\":\"https:\/\/wp.ufpel.edu.br\/nepsi\/#website\"},\"datePublished\":\"2022-11-20T13:34:36+00:00\",\"dateModified\":\"2022-11-21T16:13:16+00:00\",\"breadcrumb\":{\"@id\":\"https:\/\/wp.ufpel.edu.br\/nepsi\/editais\/2022-2\/mestrado\/#breadcrumb\"},\"inLanguage\":\"pt-BR\",\"potentialAction\":[{\"@type\":\"ReadAction\",\"target\":[\"https:\/\/wp.ufpel.edu.br\/nepsi\/editais\/2022-2\/mestrado\/\"]}]},{\"@type\":\"BreadcrumbList\",\"@id\":\"https:\/\/wp.ufpel.edu.br\/nepsi\/editais\/2022-2\/mestrado\/#breadcrumb\",\"itemListElement\":[{\"@type\":\"ListItem\",\"position\":1,\"name\":\"In\u00edcio\",\"item\":\"https:\/\/wp.ufpel.edu.br\/nepsi\/\"},{\"@type\":\"ListItem\",\"position\":2,\"name\":\"Editais\",\"item\":\"https:\/\/wp.ufpel.edu.br\/nepsi\/editais\/\"},{\"@type\":\"ListItem\",\"position\":3,\"name\":\"2022\",\"item\":\"https:\/\/wp.ufpel.edu.br\/nepsi\/editais\/2022-2\/\"},{\"@type\":\"ListItem\",\"position\":4,\"name\":\"Mestrado\"}]},{\"@type\":\"WebSite\",\"@id\":\"https:\/\/wp.ufpel.edu.br\/nepsi\/#website\",\"url\":\"https:\/\/wp.ufpel.edu.br\/nepsi\/\",\"name\":\"\",\"description\":\"Coordena\u00e7\u00e3o: Prof. Tiago Neuenfeld Munhoz\",\"publisher\":{\"@id\":\"https:\/\/wp.ufpel.edu.br\/nepsi\/#organization\"},\"potentialAction\":[{\"@type\":\"SearchAction\",\"target\":{\"@type\":\"EntryPoint\",\"urlTemplate\":\"https:\/\/wp.ufpel.edu.br\/nepsi\/?s={search_term_string}\"},\"query-input\":{\"@type\":\"PropertyValueSpecification\",\"valueRequired\":true,\"valueName\":\"search_term_string\"}}],\"inLanguage\":\"pt-BR\"},{\"@type\":\"Organization\",\"@id\":\"https:\/\/wp.ufpel.edu.br\/nepsi\/#organization\",\"name\":\"N\u00facleo de Estudos, Pesquisas e Interven\u00e7\u00f5es em Sa\u00fade Mental, Cogni\u00e7\u00e3o e Comportamento\",\"url\":\"https:\/\/wp.ufpel.edu.br\/nepsi\/\",\"logo\":{\"@type\":\"ImageObject\",\"inLanguage\":\"pt-BR\",\"@id\":\"https:\/\/wp.ufpel.edu.br\/nepsi\/#\/schema\/logo\/image\/\",\"url\":\"https:\/\/i2.wp.com\/wp.ufpel.edu.br\/nepsi\/files\/2020\/06\/NEPSI-22-1.jpg?fit=632%2C591&ssl=1\",\"contentUrl\":\"https:\/\/i2.wp.com\/wp.ufpel.edu.br\/nepsi\/files\/2020\/06\/NEPSI-22-1.jpg?fit=632%2C591&ssl=1\",\"width\":632,\"height\":591,\"caption\":\"N\u00facleo de Estudos, Pesquisas e Interven\u00e7\u00f5es em Sa\u00fade Mental, Cogni\u00e7\u00e3o e Comportamento\"},\"image\":{\"@id\":\"https:\/\/wp.ufpel.edu.br\/nepsi\/#\/schema\/logo\/image\/\"},\"sameAs\":[\"https:\/\/www.facebook.com\/ufpel.nepsi\/\",\"https:\/\/x.com\/ufpel_nepsi\",\"https:\/\/www.instagram.com\/ufpel_nepsi\",\"https:\/\/www.youtube.com\/channel\/UCMFJAGTPIQf5MMjvJCDyPDw\"]}]}<\/script>\n<!-- \/ Yoast SEO plugin. -->","yoast_head_json":{"title":"Mestrado -","robots":{"index":"index","follow":"follow","max-snippet":"max-snippet:-1","max-image-preview":"max-image-preview:large","max-video-preview":"max-video-preview:-1"},"canonical":"https:\/\/wp.ufpel.edu.br\/nepsi\/editais\/2022-2\/mestrado\/","og_locale":"pt_BR","og_type":"article","og_title":"Mestrado -","og_description":"Edital 04\/2022 &#8211; Sele\u00e7\u00e3o Especial e Simplificada Mestrado em Psicologia &#8211; Edital Fam\u00edlia e Politicas","og_url":"https:\/\/wp.ufpel.edu.br\/nepsi\/editais\/2022-2\/mestrado\/","article_publisher":"https:\/\/www.facebook.com\/ufpel.nepsi\/","article_modified_time":"2022-11-21T16:13:16+00:00","og_image":[{"width":867,"height":715,"url":"https:\/\/i0.wp.com\/wp.ufpel.edu.br\/nepsi\/files\/2020\/06\/MINIATURAS-LARANJA-1.png?fit=867%2C715&ssl=1","type":"image\/png"}],"twitter_card":"summary_large_image","twitter_site":"@ufpel_nepsi","twitter_misc":{"Est. tempo de leitura":"1 minuto"},"schema":{"@context":"https:\/\/schema.org","@graph":[{"@type":"WebPage","@id":"https:\/\/wp.ufpel.edu.br\/nepsi\/editais\/2022-2\/mestrado\/","url":"https:\/\/wp.ufpel.edu.br\/nepsi\/editais\/2022-2\/mestrado\/","name":"Mestrado -","isPartOf":{"@id":"https:\/\/wp.ufpel.edu.br\/nepsi\/#website"},"datePublished":"2022-11-20T13:34:36+00:00","dateModified":"2022-11-21T16:13:16+00:00","breadcrumb":{"@id":"https:\/\/wp.ufpel.edu.br\/nepsi\/editais\/2022-2\/mestrado\/#breadcrumb"},"inLanguage":"pt-BR","potentialAction":[{"@type":"ReadAction","target":["https:\/\/wp.ufpel.edu.br\/nepsi\/editais\/2022-2\/mestrado\/"]}]},{"@type":"BreadcrumbList","@id":"https:\/\/wp.ufpel.edu.br\/nepsi\/editais\/2022-2\/mestrado\/#breadcrumb","itemListElement":[{"@type":"ListItem","position":1,"name":"In\u00edcio","item":"https:\/\/wp.ufpel.edu.br\/nepsi\/"},{"@type":"ListItem","position":2,"name":"Editais","item":"https:\/\/wp.ufpel.edu.br\/nepsi\/editais\/"},{"@type":"ListItem","position":3,"name":"2022","item":"https:\/\/wp.ufpel.edu.br\/nepsi\/editais\/2022-2\/"},{"@type":"ListItem","position":4,"name":"Mestrado"}]},{"@type":"WebSite","@id":"https:\/\/wp.ufpel.edu.br\/nepsi\/#website","url":"https:\/\/wp.ufpel.edu.br\/nepsi\/","name":"","description":"Coordena\u00e7\u00e3o: Prof. Tiago Neuenfeld Munhoz","publisher":{"@id":"https:\/\/wp.ufpel.edu.br\/nepsi\/#organization"},"potentialAction":[{"@type":"SearchAction","target":{"@type":"EntryPoint","urlTemplate":"https:\/\/wp.ufpel.edu.br\/nepsi\/?s={search_term_string}"},"query-input":{"@type":"PropertyValueSpecification","valueRequired":true,"valueName":"search_term_string"}}],"inLanguage":"pt-BR"},{"@type":"Organization","@id":"https:\/\/wp.ufpel.edu.br\/nepsi\/#organization","name":"N\u00facleo de Estudos, Pesquisas e Interven\u00e7\u00f5es em Sa\u00fade Mental, Cogni\u00e7\u00e3o e Comportamento","url":"https:\/\/wp.ufpel.edu.br\/nepsi\/","logo":{"@type":"ImageObject","inLanguage":"pt-BR","@id":"https:\/\/wp.ufpel.edu.br\/nepsi\/#\/schema\/logo\/image\/","url":"https:\/\/i2.wp.com\/wp.ufpel.edu.br\/nepsi\/files\/2020\/06\/NEPSI-22-1.jpg?fit=632%2C591&ssl=1","contentUrl":"https:\/\/i2.wp.com\/wp.ufpel.edu.br\/nepsi\/files\/2020\/06\/NEPSI-22-1.jpg?fit=632%2C591&ssl=1","width":632,"height":591,"caption":"N\u00facleo de Estudos, Pesquisas e Interven\u00e7\u00f5es em Sa\u00fade Mental, Cogni\u00e7\u00e3o e Comportamento"},"image":{"@id":"https:\/\/wp.ufpel.edu.br\/nepsi\/#\/schema\/logo\/image\/"},"sameAs":["https:\/\/www.facebook.com\/ufpel.nepsi\/","https:\/\/x.com\/ufpel_nepsi","https:\/\/www.instagram.com\/ufpel_nepsi","https:\/\/www.youtube.com\/channel\/UCMFJAGTPIQf5MMjvJCDyPDw"]}]}},"jetpack_sharing_enabled":true,"jetpack_shortlink":"https:\/\/wp.me\/P9iCrQ-wh","jetpack_likes_enabled":true,"jetpack-related-posts":[{"id":2014,"url":"https:\/\/wp.ufpel.edu.br\/nepsi\/editais\/2022-2\/pos-doutorado\/","url_meta":{"origin":2001,"position":0},"title":"P\u00f3s-Doutorado","author":"nepsi","date":"20\/11\/2022","format":false,"excerpt":"EDITAL P\u00daBLICO DE SELE\u00c7\u00c3O DE BOLSISTA P\u00d3S-DOUTORADO CAPES - Edital da CAPES n\u00b0 12\/2022 \u2013 Fam\u00edlia e Pol\u00edticas P\u00fablicas no Brasil II \u00a0RETIFICA\u00c7\u00c3O 01","rel":"","context":"Post similar","block_context":{"text":"Post similar","link":""},"img":{"alt_text":"","src":"","width":0,"height":0},"classes":[]},{"id":2341,"url":"https:\/\/wp.ufpel.edu.br\/nepsi\/editais\/2024-2\/entrevistadores\/","url_meta":{"origin":2001,"position":1},"title":"Entrevistadores","author":"nepsi","date":"17\/01\/2024","format":false,"excerpt":"Confira abaixo o EDITAL RETIFICADO, publicado \u00e0s 15h23min do dia 23\/01\/2024 EDITAL-No-01-2024-Retificado-1Baixar Divulgada a lista de inscri\u00e7\u00f5es homologadas e n\u00e3o homologadas para PROCESSO SELETIVO SIMPLIFICADO PARA SELE\u00c7\u00c3O DE ENTREVISTADORAS PARA O ACOMPANHAMENTO TELEF\u00d4NICO DOS PARTICIPANTES DO ESTUDO DE AVALIA\u00c7\u00c3O DO IMPACTO DO PROGRAMA CRIAN\u00c7A FELIZ (PCF) DO PROJETO EDITAIS CAPES\u2026","rel":"","context":"Post similar","block_context":{"text":"Post similar","link":""},"img":{"alt_text":"","src":"","width":0,"height":0},"classes":[]},{"id":723,"url":"https:\/\/wp.ufpel.edu.br\/nepsi\/publicacoes\/prof-tiago-n-munhoz\/","url_meta":{"origin":2001,"position":2},"title":"Prof. Tiago N Munhoz","author":"nepsi","date":"26\/06\/2020","format":false,"excerpt":"Docente e Curr\u00edculo Lattes P\u00e1gina institucional Dr. Tiago Neuenfeld Munhoz Universidade Federal de Pelotas (UFPel) Psic\u00f3logo. Especialista em Terapia Cognitivo-Comportamental, Aten\u00e7\u00e3o Psicossocial e Sociologia. Mestre em Ci\u00eancias Sociais e mestre e doutor em Epidemiologia pela Universidade Federal de Pelotas (UFPel). Atualmente, Professor adjunto do curso de Psicologia e do Programa\u2026","rel":"","context":"Post similar","block_context":{"text":"Post similar","link":""},"img":{"alt_text":"","src":"","width":0,"height":0},"classes":[]},{"id":111,"url":"https:\/\/wp.ufpel.edu.br\/nepsi\/publicacoes\/","url_meta":{"origin":2001,"position":3},"title":"Publica\u00e7\u00f5es","author":"nepsi","date":"21\/10\/2017","format":false,"excerpt":"Docente e Curr\u00edculo Lattes P\u00e1gina institucional Dr. Tiago Neuenfeld Munhoz Universidade Federal de Pelotas (UFPel) Psic\u00f3logo. Especialista em Terapia Cognitivo-Comportamental, Aten\u00e7\u00e3o Psicossocial e Sociologia. Mestre em Ci\u00eancias Sociais e mestre e doutor em Epidemiologia pela Universidade Federal de Pelotas (UFPel). Atualmente, Professor adjunto do curso de Psicologia e do Programa\u2026","rel":"","context":"Post similar","block_context":{"text":"Post similar","link":""},"img":{"alt_text":"","src":"","width":0,"height":0},"classes":[]},{"id":2637,"url":"https:\/\/wp.ufpel.edu.br\/nepsi\/editais\/2025-2\/assistentes-de-pesquisa\/","url_meta":{"origin":2001,"position":4},"title":"Assistentes de pesquisa","author":"nepsi","date":"09\/06\/2025","format":false,"excerpt":"Assistente de Pesquisa - Edital 02\/2025 Assistente de Pesquisa Edital 02\/2025 Publicado em: 05 de agosto de 2025 Est\u00e1 dispon\u00edvel o edital para a sele\u00e7\u00e3o de Assistente de Pesquisa no \u00e2mbito do projeto NEPSI da UFPel. Os interessados devem consultar o documento completo no link abaixo: Acessar Edital 02\/2025 (PDF)","rel":"","context":"Post similar","block_context":{"text":"Post similar","link":""},"img":{"alt_text":"","src":"","width":0,"height":0},"classes":[]},{"id":1998,"url":"https:\/\/wp.ufpel.edu.br\/nepsi\/editais\/2022-2\/","url_meta":{"origin":2001,"position":5},"title":"2022","author":"nepsi","date":"20\/11\/2022","format":false,"excerpt":"https:\/\/wp.ufpel.edu.br\/nepsi\/editais\/2022-2\/mestrado https:\/\/wp.ufpel.edu.br\/nepsi\/editais\/2022-2\/pos-doutorado","rel":"","context":"Post similar","block_context":{"text":"Post similar","link":""},"img":{"alt_text":"","src":"","width":0,"height":0},"classes":[]}],"_links":{"self":[{"href":"https:\/\/wp.ufpel.edu.br\/nepsi\/wp-json\/wp\/v2\/pages\/2001","targetHints":{"allow":["GET"]}}],"collection":[{"href":"https:\/\/wp.ufpel.edu.br\/nepsi\/wp-json\/wp\/v2\/pages"}],"about":[{"href":"https:\/\/wp.ufpel.edu.br\/nepsi\/wp-json\/wp\/v2\/types\/page"}],"author":[{"embeddable":true,"href":"https:\/\/wp.ufpel.edu.br\/nepsi\/wp-json\/wp\/v2\/users\/807"}],"replies":[{"embeddable":true,"href":"https:\/\/wp.ufpel.edu.br\/nepsi\/wp-json\/wp\/v2\/comments?post=2001"}],"version-history":[{"count":2,"href":"https:\/\/wp.ufpel.edu.br\/nepsi\/wp-json\/wp\/v2\/pages\/2001\/revisions"}],"predecessor-version":[{"id":2021,"href":"https:\/\/wp.ufpel.edu.br\/nepsi\/wp-json\/wp\/v2\/pages\/2001\/revisions\/2021"}],"up":[{"embeddable":true,"href":"https:\/\/wp.ufpel.edu.br\/nepsi\/wp-json\/wp\/v2\/pages\/1998"}],"wp:attachment":[{"href":"https:\/\/wp.ufpel.edu.br\/nepsi\/wp-json\/wp\/v2\/media?parent=2001"}],"curies":[{"name":"wp","href":"https:\/\/api.w.org\/{rel}","templated":true}]}}