{"id":105,"date":"2017-10-21T15:41:13","date_gmt":"2017-10-21T17:41:13","guid":{"rendered":"https:\/\/wp.ufpel.edu.br\/nepsi\/?page_id=105"},"modified":"2026-03-26T21:42:40","modified_gmt":"2026-03-27T00:42:40","slug":"equipe","status":"publish","type":"page","link":"https:\/\/wp.ufpel.edu.br\/nepsi\/equipe\/","title":{"rendered":"Equipe"},"content":{"rendered":"\n<style>\n  \/* Escopo s\u00f3 deste bloco *\/\n  #projeto-equipe{\n    --blue:#236092;\n    --orange:#E75200;\n    --gray:#B2B2B1;\n    --bg:#ffffff;\n    --text:#1f1f1f;\n\n    font-family: Arial, Helvetica, sans-serif;\n    line-height: 1.55;\n    color: var(--text);\n    max-width: 980px;\n  }\n\n  #projeto-equipe .title-box{\n    background: linear-gradient(135deg, #236092, #1a4e78);\n    color: #fff;\n    padding: 14px 16px;\n    border-radius: 10px;\n    margin: 12px 0 16px;\n    font-weight: 700;\n    font-size: 1.1rem;\n  }\n  #projeto-equipe .subtitle{\n    font-weight: 400;\n    font-size: .92rem;\n    opacity: .92;\n    margin-top: 6px;\n  }\n\n  #projeto-equipe .year-title{\n    background: #5f8fb8;\n    color:#fff;\n    padding: 8px 12px;\n    border-radius: 8px;\n    font-weight: 700;\n    margin: 18px 0 8px;\n  }\n\n  #projeto-equipe table{\n    width: 100%;\n    border-collapse: collapse;\n    background: var(--bg);\n    margin: 0 0 12px;\n  }\n  #projeto-equipe th{\n    background: var(--blue);\n    color:#fff;\n    text-align:left;\n    padding: 10px;\n    border: 1px solid var(--gray);\n    font-weight: 700;\n  }\n  #projeto-equipe td{\n    padding: 8px 10px;\n    border: 1px solid var(--gray);\n    vertical-align: top;\n  }\n  #projeto-equipe td.col-ano{ width: 90px; }\n\n  \/* \u201cTipo\u201d como etiqueta colorida *\/\n  #projeto-equipe .tipo{\n    font-weight: 700;\n    border-left: 6px solid transparent;\n  }\n  #projeto-equipe .tipo-ic{         background:#E9F1FA; color:#236092; border-left-color:#236092; }\n  #projeto-equipe .tipo-mest-and{   background:#FFF3EA; color:#c63f00; border-left-color:#E75200; }\n  #projeto-equipe .tipo-mest-conc{  background:#E6F6EE; color:#0d6b3a; border-left-color:#0d6b3a; }\n  #projeto-equipe .tipo-dout-and{   background:#F2ECFA; color:#4b2a7a; border-left-color:#4b2a7a; }\n  #projeto-equipe .tipo-dout-conc{  background:#EFE7F7; color:#3e2067; border-left-color:#3e2067; }\n  #projeto-equipe .tipo-posdoc{     background:#FFF8D8; color:#6b5a00; border-left-color:#b08a00; }\n  #projeto-equipe .tipo-outras{     background:#F3F3F3; color:#333;    border-left-color:#777; }\n\n  \/* Links da coordena\u00e7\u00e3o (mant\u00e9m tema limpo) *\/\n  #projeto-equipe a{ color: var(--blue); }\n  #projeto-equipe a:hover{ color: #1a4e78; }\n\n\/* Bloco da coordena\u00e7\u00e3o com foto *\/\n#projeto-equipe #coord-box{\n  border: 1px solid #cfe0ef;\n  border-radius: 14px;\n  background: #f4f9fe;\n  padding: 16px;\n  margin: 0 0 18px 0;\n}\n\n#projeto-equipe .coord-head{\n  display:block;\n  background: var(--blue);\n  color: #ffffff;\n  font-weight: 700;\n  font-size: 1.05rem;\n  line-height: 1.4;\n  padding: 10px 14px;\n  border-radius: 8px;\n  margin: 0 0 12px 0;\n}\n\n#projeto-equipe .coord-wrap{\n  display: flex;\n  align-items: flex-start;\n  gap: 16px;\n  flex-wrap: wrap;\n}\n\n#projeto-equipe .coord-photo{\n  flex: 0 0 110px;\n}\n\n#projeto-equipe .coord-photo img{\n  width: 110px;\n  height: auto;\n  display: block;\n  border-radius: 10px;\n  border: 1px solid #cfe0ef;\n  background: #fff;\n}\n\n#projeto-equipe .coord-body{\n  flex: 1 1 420px;\n}\n\n#projeto-equipe .coord-name{\n  margin: 0 0 8px 0;\n  font-size: 1.05rem;\n  line-height: 1.45;\n}\n\n#projeto-equipe .coord-name em{\n  font-style: normal;\n  color: #5e6b78;\n}\n\n#projeto-equipe .coord-links{\n  display: flex;\n  gap: 10px;\n  flex-wrap: wrap;\n  margin-top: 10px;\n}\n\n#projeto-equipe .coord-btn{\n  display: inline-block;\n  padding: 8px 12px;\n  border-radius: 10px;\n  text-decoration: none;\n  font-weight: 700;\n  border: 1px solid var(--blue);\n  color: var(--blue);\n  background: #fff;\n}\n\n#projeto-equipe .coord-btn.primary{\n  background: var(--blue);\n  color: #fff;\n}\n<\/style>\n\n<div id=\"projeto-equipe\">\n\n<div id=\"coord-box\">\n  <div class=\"coord-head\">Coordena\u00e7\u00e3o geral<\/div>\n\n  <div class=\"coord-wrap\">\n    <div class=\"coord-photo\">\n      <img  src=\"data:image\/svg+xml,%3Csvg xmlns=\"http:\/\/www.w3.org\/2000\/svg\" viewBox=\"0 0 1 1\"%3E%3C\/svg%3E\" data-src=\"http:\/\/servicosweb.cnpq.br\/wspessoa\/servletrecuperafoto?tipo=1&#038;id=K4517655J6\" class=\"lazy-load\" loading=\"lazy\" decoding=\"async\" alt=\"Foto de Tiago Neuenfeld Munhoz\">\n    <\/div>\n\n    <div class=\"coord-body\">\n      <p class=\"coord-name\">\n        <strong>Tiago Neuenfeld Munhoz<\/strong><br>\n        <em>Professor do Curso de Psicologia \u2013 UFPel<\/em>\n      <\/p>\n\n      <div class=\"coord-links\">\n        <a class=\"coord-btn\" href=\"http:\/\/lattes.cnpq.br\/7003899583032401\" target=\"_blank\" rel=\"noopener noreferrer\">Curr\u00edculo Lattes<\/a>\n        <a class=\"coord-btn primary\" href=\"mailto:tiago.munhoz@ufpel.edu.br\">Contato (e-mail)<\/a>\n      <\/div>\n    <\/div>\n  <\/div>\n<\/div>\n\n  <p><span style=\"color: #e75200;\"><strong>Equipe discente<\/strong><\/span><\/p>\n\n  <div class=\"title-box\">\n    Produ\u00e7\u00f5es (desde 2016) \u2014 organizado por ano\n    <div class=\"subtitle\">Tabelas por ano (ordem decrescente).<\/div>\n  <\/div>\n\n  <!-- ===== 2025 ===== -->\n  <div class=\"year-title\">2025<\/div>\n  <table>\n    <thead>\n      <tr>\n        <th>Tipo<\/th><th class=\"col-ano\">Ano<\/th><th>Nome<\/th>\n      <\/tr>\n    <\/thead>\n    <tbody>\n      <tr><td class=\"tipo tipo-ic\">Inicia\u00e7\u00e3o Cient\u00edfica (em andamento)<\/td><td class=\"col-ano\">2025<\/td><td>LUISA PALMERO LORENZON<\/td><\/tr>\n      <tr><td class=\"tipo tipo-ic\">Inicia\u00e7\u00e3o Cient\u00edfica (em andamento)<\/td><td class=\"col-ano\">2025<\/td><td>NATALI PERES DE OLIVEIRA<\/td><\/tr>\n      <tr><td class=\"tipo tipo-mest-and\">Mestrado (em andamento)<\/td><td class=\"col-ano\">2025<\/td><td>Ja\u00edne Corr\u00eaa Pereira<\/td><\/tr>\n      <tr><td class=\"tipo tipo-outras\">Outras (conclu\u00eddas)<\/td><td class=\"col-ano\">2025<\/td><td>DIEGO DA ROSA ALVES<\/td><\/tr>\n      <tr><td class=\"tipo tipo-outras\">Outras (conclu\u00eddas)<\/td><td class=\"col-ano\">2025<\/td><td>Daniel Rodrigues Echevarria<\/td><\/tr>\n      <tr><td class=\"tipo tipo-outras\">Outras (conclu\u00eddas)<\/td><td class=\"col-ano\">2025<\/td><td>D\u00c9RICK WILLIAM DOS SANTOS G\u00d3IS<\/td><\/tr>\n      <tr><td class=\"tipo tipo-outras\">Outras (conclu\u00eddas)<\/td><td class=\"col-ano\">2025<\/td><td>ERICA THORMANN<\/td><\/tr>\n      <tr><td class=\"tipo tipo-outras\">Outras (conclu\u00eddas)<\/td><td class=\"col-ano\">2025<\/td><td>EVERSON NOGUEIRA BARBOSA<\/td><\/tr>\n      <tr><td class=\"tipo tipo-outras\">Outras (conclu\u00eddas)<\/td><td class=\"col-ano\">2025<\/td><td>JULIANA COSTA DA SILVA<\/td><\/tr>\n      <tr><td class=\"tipo tipo-outras\">Outras (conclu\u00eddas)<\/td><td class=\"col-ano\">2025<\/td><td>LARISSA CHAGAS PINTO<\/td><\/tr>\n      <tr><td class=\"tipo tipo-outras\">Outras (conclu\u00eddas)<\/td><td class=\"col-ano\">2025<\/td><td>Pablo Juan Zaffaroni Elola<\/td><\/tr>\n    <\/tbody>\n  <\/table>\n\n  <!-- ===== 2024 ===== -->\n  <div class=\"year-title\">2024<\/div>\n  <table>\n    <thead>\n      <tr>\n        <th>Tipo<\/th><th class=\"col-ano\">Ano<\/th><th>Nome<\/th>\n      <\/tr>\n    <\/thead>\n    <tbody>\n      <tr><td class=\"tipo tipo-mest-conc\">Mestrado (conclu\u00eddo)<\/td><td class=\"col-ano\">2024<\/td><td>Eduarda Martins Lages<\/td><\/tr>\n      <tr><td class=\"tipo tipo-mest-conc\">Mestrado (conclu\u00eddo)<\/td><td class=\"col-ano\">2024<\/td><td>Juliana Costa da Silva<\/td><\/tr>\n      <tr><td class=\"tipo tipo-mest-conc\">Mestrado (conclu\u00eddo)<\/td><td class=\"col-ano\">2024<\/td><td>J\u00falia Boanova B\u00f6hm<\/td><\/tr>\n      <tr><td class=\"tipo tipo-mest-conc\">Mestrado (conclu\u00eddo)<\/td><td class=\"col-ano\">2024<\/td><td>Mariana Adamoli Marques da Silva<\/td><\/tr>\n      <tr><td class=\"tipo tipo-mest-and\">\n\nMestrado (em andamento)<\/td><td class=\"col-ano\">\n\n2024<\/td><td>\n\nEduarda Magalh\u00e3es<\/td><\/tr>\n\n      <tr><td class=\"tipo tipo-outras\">Outras (conclu\u00eddas)<\/td><td class=\"col-ano\">2024<\/td><td>ALINE LOPES<\/td><\/tr>\n      <tr><td class=\"tipo tipo-outras\">Outras (conclu\u00eddas)<\/td><td class=\"col-ano\">2024<\/td><td>Ana Paula Chiarelli<\/td><\/tr>\n      <tr><td class=\"tipo tipo-outras\">Outras (conclu\u00eddas)<\/td><td class=\"col-ano\">2024<\/td><td>CAREN CARARO TEIXEIRA<\/td><\/tr>\n      <tr><td class=\"tipo tipo-outras\">Outras (conclu\u00eddas)<\/td><td class=\"col-ano\">2024<\/td><td>ERICA THORMANN<\/td><\/tr>\n      <tr><td class=\"tipo tipo-outras\">Outras (conclu\u00eddas)<\/td><td class=\"col-ano\">2024<\/td><td>Eduarda Pizarro de Magalh\u00e3es<\/td><\/tr>\n      <tr><td class=\"tipo tipo-outras\">Outras (conclu\u00eddas)<\/td><td class=\"col-ano\">2024<\/td><td>JAINE CORREA PEREIRA<\/td><\/tr>\n      <tr><td class=\"tipo tipo-outras\">Outras (conclu\u00eddas)<\/td><td class=\"col-ano\">2024<\/td><td>Ja\u00edne Corr\u00eaa Pereira<\/td><\/tr>\n      <tr><td class=\"tipo tipo-outras\">Outras (conclu\u00eddas)<\/td><td class=\"col-ano\">2024<\/td><td>LUISA PALMERO LORENZON<\/td><\/tr>\n      <tr><td class=\"tipo tipo-outras\">Outras (conclu\u00eddas)<\/td><td class=\"col-ano\">2024<\/td><td>Luise Machado da Silva Zanette de Oliveira<\/td><\/tr>\n      <tr><td class=\"tipo tipo-outras\">Outras (conclu\u00eddas)<\/td><td class=\"col-ano\">2024<\/td><td>Luiza Dos Santos Giusti<\/td><\/tr>\n      <tr><td class=\"tipo tipo-outras\">Outras (conclu\u00eddas)<\/td><td class=\"col-ano\">2024<\/td><td>Mariana da Rosa Genske<\/td><\/tr>\n      <tr><td class=\"tipo tipo-outras\">Outras (conclu\u00eddas)<\/td><td class=\"col-ano\">2024<\/td><td>PRISCILA SA BRITO DA SILVEIRA<\/td><\/tr>\n      <tr><td class=\"tipo tipo-outras\">\n\nOutras (conclu\u00eddas)<\/td><td class=\"col-ano\">\n\n2024<\/td><td>\n\nPriscila S\u00e1 Brito da Silveira<\/td><\/tr>\n\n      <tr><td class=\"tipo tipo-posdoc\">P\u00f3s-doutorado (conclu\u00eddo)<\/td><td class=\"col-ano\">2024<\/td><td>Edi Flores Reyna<\/td><\/tr>\n      <tr><td class=\"tipo tipo-posdoc\">P\u00f3s-doutorado (conclu\u00eddo)<\/td><td class=\"col-ano\">2024<\/td><td>Fernanda Soares da Cunha<\/td><\/tr>\n      <tr><td class=\"tipo tipo-posdoc\">P\u00f3s-doutorado (conclu\u00eddo)<\/td><td class=\"col-ano\">2024<\/td><td>Janaina Bender Duarte<\/td><\/tr>\n      <tr><td class=\"tipo tipo-posdoc\">P\u00f3s-doutorado (conclu\u00eddo)<\/td><td class=\"col-ano\">2024<\/td><td>Raquel Siqueira Barcelos<\/td><\/tr>\n    <\/tbody>\n  <\/table>\n\n  <!-- ===== 2023 ===== -->\n  <div class=\"year-title\">2023<\/div>\n  <table>\n    <thead>\n      <tr>\n        <th>Tipo<\/th><th class=\"col-ano\">Ano<\/th><th>Nome<\/th>\n      <\/tr>\n    <\/thead>\n    <tbody>\n      <tr><td class=\"tipo tipo-dout-and\">Doutorado (em andamento)<\/td><td class=\"col-ano\">2023<\/td><td>Anyelle Barroso Saldanha<\/td><\/tr>\n      <tr><td class=\"tipo tipo-mest-conc\">\n\nMestrado (conclu\u00eddo)<\/td><td class=\"col-ano\">\n\n2023<\/td><td>\n\nPaulla Hermann do Amara<\/td><\/tr>\n\n      <tr><td class=\"tipo tipo-outras\">Outras (conclu\u00eddas)<\/td><td class=\"col-ano\">2023<\/td><td>AMANDA VEBER SOARES DIAS<\/td><\/tr>\n      <tr><td class=\"tipo tipo-outras\">Outras (conclu\u00eddas)<\/td><td class=\"col-ano\">2023<\/td><td>ANA PAULA CHIARELLI<\/td><\/tr>\n      <tr><td class=\"tipo tipo-outras\">Outras (conclu\u00eddas)<\/td><td class=\"col-ano\">2023<\/td><td>ARTHUR RIGHI CENCI<\/td><\/tr>\n      <tr><td class=\"tipo tipo-outras\">Outras (conclu\u00eddas)<\/td><td class=\"col-ano\">2023<\/td><td>CAREN CARARO TEIXEIRA<\/td><\/tr>\n      <tr><td class=\"tipo tipo-outras\">Outras (conclu\u00eddas)<\/td><td class=\"col-ano\">2023<\/td><td>Calebe Mattos Garcia da Rosa<\/td><\/tr>\n      <tr><td class=\"tipo tipo-outras\">Outras (conclu\u00eddas)<\/td><td class=\"col-ano\">2023<\/td><td>Eduarda Martins Lages<\/td><\/tr>\n      <tr><td class=\"tipo tipo-outras\">Outras (conclu\u00eddas)<\/td><td class=\"col-ano\">2023<\/td><td>ISABELA LOPES MARTINI<\/td><\/tr>\n      <tr><td class=\"tipo tipo-outras\">Outras (conclu\u00eddas)<\/td><td class=\"col-ano\">2023<\/td><td>ISADORA SIQUEIRA PEREIRA<\/td><\/tr>\n      <tr><td class=\"tipo tipo-outras\">Outras (conclu\u00eddas)<\/td><td class=\"col-ano\">2023<\/td><td>J\u00falia Boanova B\u00f6hm<\/td><\/tr>\n      <tr><td class=\"tipo tipo-outras\">Outras (conclu\u00eddas)<\/td><td class=\"col-ano\">2023<\/td><td>LUISA PALMERO LORENZON<\/td><\/tr>\n      <tr><td class=\"tipo tipo-outras\">Outras (conclu\u00eddas)<\/td><td class=\"col-ano\">2023<\/td><td>LUISE VANZIN DE FIGUEIREDO<\/td><\/tr>\n      <tr><td class=\"tipo tipo-outras\">Outras (conclu\u00eddas)<\/td><td class=\"col-ano\">2023<\/td><td>LUIZA DOS SANTOS GIUSTI<\/td><\/tr>\n      <tr><td class=\"tipo tipo-outras\">Outras (conclu\u00eddas)<\/td><td class=\"col-ano\">2023<\/td><td>MARIANA DA ROSA GENSKE<\/td><\/tr>\n      <tr><td class=\"tipo tipo-outras\">Outras (conclu\u00eddas)<\/td><td class=\"col-ano\">2023<\/td><td>Mariana Adamoli Marques da Silva<\/td><\/tr>\n      <tr><td class=\"tipo tipo-outras\">Outras (conclu\u00eddas)<\/td><td class=\"col-ano\">2023<\/td><td>PRISCILA SA BRITO DA SILVEIRA<\/td><\/tr>\n      <tr><td class=\"tipo tipo-outras\">Outras (conclu\u00eddas)<\/td><td class=\"col-ano\">2023<\/td><td>Priscila Moreira Vargas<\/td><\/tr>\n      <tr><td class=\"tipo tipo-outras\">Outras (conclu\u00eddas)<\/td><td class=\"col-ano\">2023<\/td><td>RIA OLIVEIRA FURTADO<\/td><\/tr>\n      <tr><td class=\"tipo tipo-outras\">Outras (conclu\u00eddas)<\/td><td class=\"col-ano\">2023<\/td><td>SUZANA WEEGE DA SILVEIRA DO AMARAL<\/td><\/tr>\n      <tr><td class=\"tipo tipo-outras\">Outras (conclu\u00eddas)<\/td><td class=\"col-ano\">2023<\/td><td>THOR BARCELLOS MELONI<\/td><\/tr>\n      <tr><td class=\"tipo tipo-outras\">\n\nOutras (conclu\u00eddas)<\/td><td class=\"col-ano\">\n\n2023<\/td><td>\n\nVITORIA KOLOGESKI COSTA<\/td><\/tr>\n\n      <tr><td class=\"tipo tipo-posdoc\">P\u00f3s-doutorado (conclu\u00eddo)<\/td><td class=\"col-ano\">2023<\/td><td>Edi Flores Reyna<\/td><\/tr>\n      <tr><td class=\"tipo tipo-posdoc\">P\u00f3s-doutorado (conclu\u00eddo)<\/td><td class=\"col-ano\">2023<\/td><td>Fernanda Cunha Soares<\/td><\/tr>\n      <tr><td class=\"tipo tipo-posdoc\">P\u00f3s-doutorado (conclu\u00eddo)<\/td><td class=\"col-ano\">2023<\/td><td>Janaina Duarte Bender<\/td><\/tr>\n    <\/tbody>\n  <\/table>\n\n  <!-- ===== 2022 ===== -->\n  <div class=\"year-title\">2022<\/div>\n  <table>\n    <thead>\n      <tr>\n        <th>Tipo<\/th><th class=\"col-ano\">Ano<\/th><th>Nome<\/th>\n      <\/tr>\n    <\/thead>\n    <tbody>\n      <tr><td class=\"tipo tipo-mest-conc\">\n\nMestrado (conclu\u00eddo)<\/td><td class=\"col-ano\">\n\n2022<\/td><td>\n\nIzabela Ferreira Sp\u00ednola<\/td><\/tr>\n\n      <tr><td class=\"tipo tipo-outras\">Outras (conclu\u00eddas)<\/td><td class=\"col-ano\">2022<\/td><td>AMANDA CASAGRANDE SCHERER<\/td><\/tr>\n      <tr><td class=\"tipo tipo-outras\">Outras (conclu\u00eddas)<\/td><td class=\"col-ano\">2022<\/td><td>ANA PAULA CHIARELLI BORGES<\/td><\/tr>\n      <tr><td class=\"tipo tipo-outras\">Outras (conclu\u00eddas)<\/td><td class=\"col-ano\">2022<\/td><td>Cid Farias Pinheiro<\/td><\/tr>\n      <tr><td class=\"tipo tipo-outras\">Outras (conclu\u00eddas)<\/td><td class=\"col-ano\">2022<\/td><td>ISADORA LANGLOIS MASSARO OSORIO<\/td><\/tr>\n      <tr><td class=\"tipo tipo-outras\">Outras (conclu\u00eddas)<\/td><td class=\"col-ano\">2022<\/td><td>ISADORA SIQUEIRA PEREIRA<\/td><\/tr>\n      <tr><td class=\"tipo tipo-outras\">Outras (conclu\u00eddas)<\/td><td class=\"col-ano\">2022<\/td><td>J\u00c9SSICA RODRIGUES GOMES<\/td><\/tr>\n      <tr><td class=\"tipo tipo-outras\">Outras (conclu\u00eddas)<\/td><td class=\"col-ano\">2022<\/td><td>J\u00daLIA BOANOVA B\u00d6HM<\/td><\/tr>\n      <tr><td class=\"tipo tipo-outras\">Outras (conclu\u00eddas)<\/td><td class=\"col-ano\">2022<\/td><td>J\u00e9ssica Rodrigues Gomes<\/td><\/tr>\n      <tr><td class=\"tipo tipo-outras\">Outras (conclu\u00eddas)<\/td><td class=\"col-ano\">2022<\/td><td>J\u00falia Boanova B\u00f6hm<\/td><\/tr>\n      <tr><td class=\"tipo tipo-outras\">Outras (conclu\u00eddas)<\/td><td class=\"col-ano\">2022<\/td><td>KAROLINE DOS SANTOS FOSTER<\/td><\/tr>\n      <tr><td class=\"tipo tipo-outras\">Outras (conclu\u00eddas)<\/td><td class=\"col-ano\">2022<\/td><td>LUISA PALMERO LORENZON<\/td><\/tr>\n      <tr><td class=\"tipo tipo-outras\">Outras (conclu\u00eddas)<\/td><td class=\"col-ano\">2022<\/td><td>LUISE VANZIN DE FIGUEIREDO<\/td><\/tr>\n      <tr><td class=\"tipo tipo-outras\">Outras (conclu\u00eddas)<\/td><td class=\"col-ano\">2022<\/td><td>LUIZA DOS SANTOS GIUSTI<\/td><\/tr>\n      <tr><td class=\"tipo tipo-outras\">Outras (conclu\u00eddas)<\/td><td class=\"col-ano\">2022<\/td><td>LU\u00cdSE MACHADO DA SILVA ZANETTE DE OLIVEIRA<\/td><\/tr>\n      <tr><td class=\"tipo tipo-outras\">Outras (conclu\u00eddas)<\/td><td class=\"col-ano\">2022<\/td><td>RIA OLIVEIRA FURTADO<\/td><\/tr>\n      <tr><td class=\"tipo tipo-outras\">\n\nOutras (conclu\u00eddas)<\/td><td class=\"col-ano\">\n\n2022<\/td><td>\n\nYSABELLE DOURADO FERREIRA JARDIM<\/td><\/tr>\n\n      <tr><td class=\"tipo tipo-posdoc\">P\u00f3s-doutorado (conclu\u00eddo)<\/td><td class=\"col-ano\">2022<\/td><td>Raquel Siqueira Barcelos<\/td><\/tr>\n      <tr><td class=\"tipo tipo-posdoc\">P\u00f3s-doutorado (conclu\u00eddo)<\/td><td class=\"col-ano\">2022<\/td><td>Roberta Hirschmann<\/td><\/tr>\n    <\/tbody>\n  <\/table>\n\n  <!-- ===== 2021 ===== -->\n  <div class=\"year-title\">2021<\/div>\n  <table>\n    <thead>\n      <tr>\n        <th>Tipo<\/th><th class=\"col-ano\">Ano<\/th><th>Nome<\/th>\n      <\/tr>\n    <\/thead>\n    <tbody>\n      <tr><td class=\"tipo tipo-mest-conc\">\n\nMestrado (conclu\u00eddo)<\/td><td class=\"col-ano\">\n\n2021<\/td><td>\n\nPaulla Hermann do Amaral<\/td><\/tr>\n\n      <tr><td class=\"tipo tipo-outras\">Outras (conclu\u00eddas)<\/td><td class=\"col-ano\">2021<\/td><td>ANA PAULA CHIARELLI BORGES<\/td><\/tr>\n      <tr><td class=\"tipo tipo-outras\">Outras (conclu\u00eddas)<\/td><td class=\"col-ano\">2021<\/td><td>Bruna Venturin<\/td><\/tr>\n      <tr><td class=\"tipo tipo-outras\">Outras (conclu\u00eddas)<\/td><td class=\"col-ano\">2021<\/td><td>Cid Farias<\/td><\/tr>\n      <tr><td class=\"tipo tipo-outras\">Outras (conclu\u00eddas)<\/td><td class=\"col-ano\">2021<\/td><td>EDUARDA PIZARRO DE MAGALH\u00c3ES<\/td><\/tr>\n      <tr><td class=\"tipo tipo-outras\">Outras (conclu\u00eddas)<\/td><td class=\"col-ano\">2021<\/td><td>ELIAS DE MORAES J\u00daNIOR<\/td><\/tr>\n      <tr><td class=\"tipo tipo-outras\">Outras (conclu\u00eddas)<\/td><td class=\"col-ano\">2021<\/td><td>FRANCIELLY TAVARES DA CUNHA<\/td><\/tr>\n      <tr><td class=\"tipo tipo-outras\">Outras (conclu\u00eddas)<\/td><td class=\"col-ano\">2021<\/td><td>Gabriel Callegaro<\/td><\/tr>\n      <tr><td class=\"tipo tipo-outras\">Outras (conclu\u00eddas)<\/td><td class=\"col-ano\">2021<\/td><td>J\u00falia Freire Danigno<\/td><\/tr>\n      <tr><td class=\"tipo tipo-outras\">Outras (conclu\u00eddas)<\/td><td class=\"col-ano\">2021<\/td><td>LUCAS GONCALVES DE OLIVEIRA<\/td><\/tr>\n      <tr><td class=\"tipo tipo-outras\">Outras (conclu\u00eddas)<\/td><td class=\"col-ano\">2021<\/td><td>Let\u00edcia Willrich Brum<\/td><\/tr>\n      <tr><td class=\"tipo tipo-outras\">Outras (conclu\u00eddas)<\/td><td class=\"col-ano\">2021<\/td><td>Lucas Gon\u00e7alves de Oliveira<\/td><\/tr>\n      <tr><td class=\"tipo tipo-outras\">Outras (conclu\u00eddas)<\/td><td class=\"col-ano\">2021<\/td><td>Luciana Rodrigues Perrone<\/td><\/tr>\n      <tr><td class=\"tipo tipo-outras\">Outras (conclu\u00eddas)<\/td><td class=\"col-ano\">2021<\/td><td>Mariana Cleff<\/td><\/tr>\n      <tr><td class=\"tipo tipo-outras\">Outras (conclu\u00eddas)<\/td><td class=\"col-ano\">2021<\/td><td>Priscila da Silva Echevarria<\/td><\/tr>\n      <tr><td class=\"tipo tipo-outras\">Outras (conclu\u00eddas)<\/td><td class=\"col-ano\">2021<\/td><td>Thiago Melo Santos<\/td><\/tr>\n      <tr><td class=\"tipo tipo-outras\">\n\nOutras (conclu\u00eddas)<\/td><td class=\"col-ano\">\n\n2021<\/td><td>\n\nVALTER ANDRE MACHADO MINHO JUNIOR<\/td><\/tr>\n\n      <tr><td class=\"tipo tipo-posdoc\">P\u00f3s-doutorado (conclu\u00eddo)<\/td><td class=\"col-ano\">2021<\/td><td>Jo\u00e3o Centurion Cabral<\/td><\/tr>\n    <\/tbody>\n  <\/table>\n\n  <!-- ===== 2020 ===== -->\n  <div class=\"year-title\">2020<\/div>\n  <table>\n    <thead>\n      <tr>\n        <th>Tipo<\/th><th class=\"col-ano\">Ano<\/th><th>Nome<\/th>\n      <\/tr>\n    <\/thead>\n    <tbody>\n      <tr><td class=\"tipo tipo-dout-conc\">\n\nDoutorado (conclu\u00eddo)<\/td><td class=\"col-ano\">\n\n2020<\/td><td>\n\nGabriela Vescovi<\/td><\/tr>\n\n      <tr><td class=\"tipo tipo-outras\">Outras (conclu\u00eddas)<\/td><td class=\"col-ano\">2020<\/td><td>ANA PAULA CHIARELLI<\/td><\/tr>\n      <tr><td class=\"tipo tipo-outras\">Outras (conclu\u00eddas)<\/td><td class=\"col-ano\">2020<\/td><td>CAREN CARARO TEIXEIRA<\/td><\/tr>\n      <tr><td class=\"tipo tipo-outras\">Outras (conclu\u00eddas)<\/td><td class=\"col-ano\">2020<\/td><td>EDUARDA PIZARRO DE MAGALHAES<\/td><\/tr>\n      <tr><td class=\"tipo tipo-outras\">Outras (conclu\u00eddas)<\/td><td class=\"col-ano\">2020<\/td><td>FRANCIELLY TAVARES DA CUNHA<\/td><\/tr>\n      <tr><td class=\"tipo tipo-outras\">Outras (conclu\u00eddas)<\/td><td class=\"col-ano\">2020<\/td><td>Gabriela Gianechini de Almeida<\/td><\/tr>\n      <tr><td class=\"tipo tipo-outras\">Outras (conclu\u00eddas)<\/td><td class=\"col-ano\">2020<\/td><td>Gioggio \u00c1llix Almeida<\/td><\/tr>\n      <tr><td class=\"tipo tipo-outras\">Outras (conclu\u00eddas)<\/td><td class=\"col-ano\">2020<\/td><td>JAINE CORREA PEREIRA<\/td><\/tr>\n      <tr><td class=\"tipo tipo-outras\">Outras (conclu\u00eddas)<\/td><td class=\"col-ano\">2020<\/td><td>JESSICA BELO MORALES<\/td><\/tr>\n      <tr><td class=\"tipo tipo-outras\">Outras (conclu\u00eddas)<\/td><td class=\"col-ano\">2020<\/td><td>JESSICA DA COSTA BELO<\/td><\/tr>\n      <tr><td class=\"tipo tipo-outras\">Outras (conclu\u00eddas)<\/td><td class=\"col-ano\">2020<\/td><td>LARISSA DA SILVEIRA SOARES<\/td><\/tr>\n      <tr><td class=\"tipo tipo-outras\">Outras (conclu\u00eddas)<\/td><td class=\"col-ano\">2020<\/td><td>LUISE MACHADO DA SILVA ZANETTE DE OLIVEIRA<\/td><\/tr>\n      <tr><td class=\"tipo tipo-outras\">Outras (conclu\u00eddas)<\/td><td class=\"col-ano\">2020<\/td><td>LU\u00cdSE MACHADO DA SILVA ZANETTE DE OLIVEIRA<\/td><\/tr>\n      <tr><td class=\"tipo tipo-outras\">Outras (conclu\u00eddas)<\/td><td class=\"col-ano\">2020<\/td><td>Luciano Maffei Farias de Oliveira<\/td><\/tr>\n      <tr><td class=\"tipo tipo-outras\">Outras (conclu\u00eddas)<\/td><td class=\"col-ano\">2020<\/td><td>MARIANA GOUV\u00caA SILVEIRA<\/td><\/tr>\n      <tr><td class=\"tipo tipo-outras\">Outras (conclu\u00eddas)<\/td><td class=\"col-ano\">2020<\/td><td>YANCA DE OLIVEIRA BARCELLOS<\/td><\/tr>\n    <\/tbody>\n  <\/table>\n\n  <!-- ===== 2019 ===== -->\n  <div class=\"year-title\">2019<\/div>\n  <table>\n    <thead>\n      <tr>\n        <th>Tipo<\/th><th class=\"col-ano\">Ano<\/th><th>Nome<\/th>\n      <\/tr>\n    <\/thead>\n    <tbody>\n      <tr><td class=\"tipo tipo-outras\">Outras (conclu\u00eddas)<\/td><td class=\"col-ano\">2019<\/td><td>ANTONIEL SAMPAIO FERREIRA<\/td><\/tr>\n      <tr><td class=\"tipo tipo-outras\">Outras (conclu\u00eddas)<\/td><td class=\"col-ano\">2019<\/td><td>Bruna Venturin<\/td><\/tr>\n      <tr><td class=\"tipo tipo-outras\">Outras (conclu\u00eddas)<\/td><td class=\"col-ano\">2019<\/td><td>CAREN CARARO TEIXEIRA<\/td><\/tr>\n      <tr><td class=\"tipo tipo-outras\">Outras (conclu\u00eddas)<\/td><td class=\"col-ano\">2019<\/td><td>Gabriela Gianechini de Almeida<\/td><\/tr>\n      <tr><td class=\"tipo tipo-outras\">Outras (conclu\u00eddas)<\/td><td class=\"col-ano\">2019<\/td><td>Gioggio \u00c1llix Almeida<\/td><\/tr>\n      <tr><td class=\"tipo tipo-outras\">Outras (conclu\u00eddas)<\/td><td class=\"col-ano\">2019<\/td><td>Ina\u00ea Dutra Val\u00e9rio<\/td><\/tr>\n      <tr><td class=\"tipo tipo-outras\">Outras (conclu\u00eddas)<\/td><td class=\"col-ano\">2019<\/td><td>JESSICA DA COSTA BELO<\/td><\/tr>\n      <tr><td class=\"tipo tipo-outras\">Outras (conclu\u00eddas)<\/td><td class=\"col-ano\">2019<\/td><td>Juliana Ropke Duarte<\/td><\/tr>\n      <tr><td class=\"tipo tipo-outras\">Outras (conclu\u00eddas)<\/td><td class=\"col-ano\">2019<\/td><td>Julie Martins de Souza<\/td><\/tr>\n      <tr><td class=\"tipo tipo-outras\">Outras (conclu\u00eddas)<\/td><td class=\"col-ano\">2019<\/td><td>LARISSA DA SILVEIRA SOARES<\/td><\/tr>\n      <tr><td class=\"tipo tipo-outras\">Outras (conclu\u00eddas)<\/td><td class=\"col-ano\">2019<\/td><td>LINCOLN LEAL RIBEIRO<\/td><\/tr>\n      <tr><td class=\"tipo tipo-outras\">Outras (conclu\u00eddas)<\/td><td class=\"col-ano\">2019<\/td><td>LUISE MACHADO DA SILVA ZANETTE DE OLIVEIRA<\/td><\/tr>\n      <tr><td class=\"tipo tipo-outras\">Outras (conclu\u00eddas)<\/td><td class=\"col-ano\">2019<\/td><td>Laura Beatriz Dias Estrada<\/td><\/tr>\n      <tr><td class=\"tipo tipo-outras\">Outras (conclu\u00eddas)<\/td><td class=\"col-ano\">2019<\/td><td>Let\u00edcia Soares Leite<\/td><\/tr>\n      <tr><td class=\"tipo tipo-outras\">Outras (conclu\u00eddas)<\/td><td class=\"col-ano\">2019<\/td><td>Luciano Maffei Farias de Oliveira<\/td><\/tr>\n      <tr><td class=\"tipo tipo-outras\">Outras (conclu\u00eddas)<\/td><td class=\"col-ano\">2019<\/td><td>MARIANA GOUV\u00caA SILVEIRA<\/td><\/tr>\n      <tr><td class=\"tipo tipo-outras\">Outras (conclu\u00eddas)<\/td><td class=\"col-ano\">2019<\/td><td>Marina de Borba Oliveira<\/td><\/tr>\n      <tr><td class=\"tipo tipo-outras\">Outras (conclu\u00eddas)<\/td><td class=\"col-ano\">2019<\/td><td>Paola Leal de Oliveira<\/td><\/tr>\n      <tr><td class=\"tipo tipo-outras\">Outras (conclu\u00eddas)<\/td><td class=\"col-ano\">2019<\/td><td>Rose Anne Legorio Marques<\/td><\/tr>\n      <tr><td class=\"tipo tipo-outras\">Outras (conclu\u00eddas)<\/td><td class=\"col-ano\">2019<\/td><td>Simone Tavares Ludtke<\/td><\/tr>\n      <tr><td class=\"tipo tipo-outras\">Outras (conclu\u00eddas)<\/td><td class=\"col-ano\">2019<\/td><td>Thiago Melo Santos<\/td><\/tr>\n      <tr><td class=\"tipo tipo-outras\">Outras (conclu\u00eddas)<\/td><td class=\"col-ano\">2019<\/td><td>YANCA DE OLIVEIRA BARCELLOS<\/td><\/tr>\n      <tr><td class=\"tipo tipo-outras\">Outras (conclu\u00eddas)<\/td><td class=\"col-ano\">2019<\/td><td>\u00c9rica Pereira Martins Pagani<\/td><\/tr>\n    <\/tbody>\n  <\/table>\n\n  <!-- ===== 2018 ===== -->\n  <div class=\"year-title\">2018<\/div>\n  <table>\n    <thead>\n      <tr>\n        <th>Tipo<\/th><th class=\"col-ano\">Ano<\/th><th>Nome<\/th>\n      <\/tr>\n    <\/thead>\n    <tbody>\n      <tr><td class=\"tipo tipo-outras\">Outras (conclu\u00eddas)<\/td><td class=\"col-ano\">2018<\/td><td>Alexia Juliane Iahnke Steim<\/td><\/tr>\n      <tr><td class=\"tipo tipo-outras\">Outras (conclu\u00eddas)<\/td><td class=\"col-ano\">2018<\/td><td>Alice Medeiros Chelmicki<\/td><\/tr>\n      <tr><td class=\"tipo tipo-outras\">Outras (conclu\u00eddas)<\/td><td class=\"col-ano\">2018<\/td><td>Beatriz de Abreu Os\u00f3rio<\/td><\/tr>\n      <tr><td class=\"tipo tipo-outras\">Outras (conclu\u00eddas)<\/td><td class=\"col-ano\">2018<\/td><td>Betina Daniele Flesch<\/td><\/tr>\n      <tr><td class=\"tipo tipo-outras\">Outras (conclu\u00eddas)<\/td><td class=\"col-ano\">2018<\/td><td>Flora Beatriz Proiette Santos<\/td><\/tr>\n      <tr><td class=\"tipo tipo-outras\">Outras (conclu\u00eddas)<\/td><td class=\"col-ano\">2018<\/td><td>Gabriela Gianechini de Almeida<\/td><\/tr>\n      <tr><td class=\"tipo tipo-outras\">Outras (conclu\u00eddas)<\/td><td class=\"col-ano\">2018<\/td><td>Gabriela Monteiro Saez<\/td><\/tr>\n      <tr><td class=\"tipo tipo-outras\">Outras (conclu\u00eddas)<\/td><td class=\"col-ano\">2018<\/td><td>Henry Barbosa Antunes<\/td><\/tr>\n      <tr><td class=\"tipo tipo-outras\">Outras (conclu\u00eddas)<\/td><td class=\"col-ano\">2018<\/td><td>Ina\u00ea Dutra Val\u00e9rio<\/td><\/tr>\n      <tr><td class=\"tipo tipo-outras\">Outras (conclu\u00eddas)<\/td><td class=\"col-ano\">2018<\/td><td>Jessica Thurow Griep<\/td><\/tr>\n      <tr><td class=\"tipo tipo-outras\">Outras (conclu\u00eddas)<\/td><td class=\"col-ano\">2018<\/td><td>Jesus David Cort\u00e9s Gil<\/td><\/tr>\n      <tr><td class=\"tipo tipo-outras\">Outras (conclu\u00eddas)<\/td><td class=\"col-ano\">2018<\/td><td>Juliana Ropke Duarte<\/td><\/tr>\n      <tr><td class=\"tipo tipo-outras\">Outras (conclu\u00eddas)<\/td><td class=\"col-ano\">2018<\/td><td>Juliana das Chagas Meroni<\/td><\/tr>\n      <tr><td class=\"tipo tipo-outras\">Outras (conclu\u00eddas)<\/td><td class=\"col-ano\">2018<\/td><td>J\u00e9ssica Santos De Souza<\/td><\/tr>\n      <tr><td class=\"tipo tipo-outras\">Outras (conclu\u00eddas)<\/td><td class=\"col-ano\">2018<\/td><td>Kaiss\u00e9s Costa Sedr\u00eas<\/td><\/tr>\n      <tr><td class=\"tipo tipo-outras\">Outras (conclu\u00eddas)<\/td><td class=\"col-ano\">2018<\/td><td>Laisa Rodrigues Moreira<\/td><\/tr>\n      <tr><td class=\"tipo tipo-outras\">Outras (conclu\u00eddas)<\/td><td class=\"col-ano\">2018<\/td><td>Laura Beatriz Dias Estrada<\/td><\/tr>\n      <tr><td class=\"tipo tipo-outras\">Outras (conclu\u00eddas)<\/td><td class=\"col-ano\">2018<\/td><td>Patrice de Souza Tavares<\/td><\/tr>\n      <tr><td class=\"tipo tipo-outras\">Outras (conclu\u00eddas)<\/td><td class=\"col-ano\">2018<\/td><td>Simone Tavares Ludtke<\/td><\/tr>\n      <tr><td class=\"tipo tipo-outras\">Outras (conclu\u00eddas)<\/td><td class=\"col-ano\">2018<\/td><td>Thomaz Szechir Dias<\/td><\/tr>\n      <tr><td class=\"tipo tipo-outras\">Outras (conclu\u00eddas)<\/td><td class=\"col-ano\">2018<\/td><td>\u00c9rica Pereira Martins Pagani<\/td><\/tr>\n    <\/tbody>\n  <\/table>\n\n  <!-- ===== 2017 ===== -->\n  <div class=\"year-title\">2017<\/div>\n  <table>\n    <thead>\n      <tr>\n        <th>Tipo<\/th><th class=\"col-ano\">Ano<\/th><th>Nome<\/th>\n      <\/tr>\n    <\/thead>\n    <tbody>\n      <tr><td class=\"tipo tipo-mest-conc\">Mestrado (conclu\u00eddo)<\/td><td class=\"col-ano\">2017<\/td><td>Betina Flesch<\/td><\/tr>\n      <tr><td class=\"tipo tipo-mest-conc\">Mestrado (conclu\u00eddo)<\/td><td class=\"col-ano\">2017<\/td><td>Priscila Lautenschl\u00e4ger<\/td><\/tr>\n      <tr><td class=\"tipo tipo-outras\">Outras (conclu\u00eddas)<\/td><td class=\"col-ano\">2017<\/td><td>Leila da Silva Rodrigues<\/td><\/tr>\n      <tr><td class=\"tipo tipo-outras\">Outras (conclu\u00eddas)<\/td><td class=\"col-ano\">2017<\/td><td>Mariana Souza de Oliveira<\/td><\/tr>\n      <tr><td class=\"tipo tipo-outras\">Outras (conclu\u00eddas)<\/td><td class=\"col-ano\">2017<\/td><td>Ramoni Gr\u00e4ef<\/td><\/tr>\n      <tr><td class=\"tipo tipo-outras\">Outras (conclu\u00eddas)<\/td><td class=\"col-ano\">2017<\/td><td>Stephanie Duarte Bresolin<\/td><\/tr>\n      <tr><td class=\"tipo tipo-outras\">Outras (conclu\u00eddas)<\/td><td class=\"col-ano\">2017<\/td><td>Valter Andre Machado Minho Junior<\/td><\/tr>\n    <\/tbody>\n  <\/table>\n\n<\/div>\n","protected":false},"excerpt":{"rendered":"<p>Coordena\u00e7\u00e3o geral Tiago Neuenfeld Munhoz Professor do Curso de Psicologia \u2013 UFPel Curr\u00edculo Lattes Contato (e-mail) Equipe discente Produ\u00e7\u00f5es (desde 2016) \u2014 organizado por ano Tabelas por ano (ordem decrescente). 2025 Tipo Ano Nome Inicia\u00e7\u00e3o Cient\u00edfica (em andamento) 2025 LUISA PALMERO LORENZON Inicia\u00e7\u00e3o Cient\u00edfica (em andamento) 2025 NATALI PERES DE OLIVEIRA Mestrado (em andamento) 2025 [&hellip;]<\/p>\n","protected":false},"author":807,"featured_media":0,"parent":0,"menu_order":1,"comment_status":"closed","ping_status":"closed","template":"","meta":{"jetpack_post_was_ever_published":false,"footnotes":""},"class_list":["post-105","page","type-page","status-publish","hentry"],"yoast_head":"<!-- This site is optimized with the Yoast SEO plugin v26.7 - https:\/\/yoast.com\/wordpress\/plugins\/seo\/ -->\n<title>Equipe -<\/title>\n<meta name=\"robots\" content=\"index, follow, max-snippet:-1, max-image-preview:large, max-video-preview:-1\" \/>\n<link rel=\"canonical\" href=\"https:\/\/wp.ufpel.edu.br\/nepsi\/equipe\/\" \/>\n<meta property=\"og:locale\" content=\"pt_BR\" \/>\n<meta property=\"og:type\" content=\"article\" \/>\n<meta property=\"og:title\" content=\"Equipe -\" \/>\n<meta property=\"og:description\" content=\"Coordena\u00e7\u00e3o geral Tiago Neuenfeld Munhoz Professor do Curso de Psicologia \u2013 UFPel Curr\u00edculo Lattes Contato (e-mail) Equipe discente Produ\u00e7\u00f5es (desde 2016) \u2014 organizado por ano Tabelas por ano (ordem decrescente). 2025 Tipo Ano Nome Inicia\u00e7\u00e3o Cient\u00edfica (em andamento) 2025 LUISA PALMERO LORENZON Inicia\u00e7\u00e3o Cient\u00edfica (em andamento) 2025 NATALI PERES DE OLIVEIRA Mestrado (em andamento) 2025 [&hellip;]\" \/>\n<meta property=\"og:url\" content=\"https:\/\/wp.ufpel.edu.br\/nepsi\/equipe\/\" \/>\n<meta property=\"article:publisher\" content=\"https:\/\/www.facebook.com\/ufpel.nepsi\/\" \/>\n<meta property=\"article:modified_time\" content=\"2026-03-27T00:42:40+00:00\" \/>\n<meta property=\"og:image\" content=\"http:\/\/servicosweb.cnpq.br\/wspessoa\/servletrecuperafoto?tipo=1&id=K4517655J6\" \/>\n<meta name=\"twitter:card\" content=\"summary_large_image\" \/>\n<meta name=\"twitter:site\" content=\"@ufpel_nepsi\" \/>\n<meta name=\"twitter:label1\" content=\"Est. tempo de leitura\" \/>\n\t<meta name=\"twitter:data1\" content=\"4 minutos\" \/>\n<script type=\"application\/ld+json\" class=\"yoast-schema-graph\">{\"@context\":\"https:\/\/schema.org\",\"@graph\":[{\"@type\":\"WebPage\",\"@id\":\"https:\/\/wp.ufpel.edu.br\/nepsi\/equipe\/\",\"url\":\"https:\/\/wp.ufpel.edu.br\/nepsi\/equipe\/\",\"name\":\"Equipe -\",\"isPartOf\":{\"@id\":\"https:\/\/wp.ufpel.edu.br\/nepsi\/#website\"},\"primaryImageOfPage\":{\"@id\":\"https:\/\/wp.ufpel.edu.br\/nepsi\/equipe\/#primaryimage\"},\"image\":{\"@id\":\"https:\/\/wp.ufpel.edu.br\/nepsi\/equipe\/#primaryimage\"},\"thumbnailUrl\":\"http:\/\/servicosweb.cnpq.br\/wspessoa\/servletrecuperafoto?tipo=1&id=K4517655J6\",\"datePublished\":\"2017-10-21T17:41:13+00:00\",\"dateModified\":\"2026-03-27T00:42:40+00:00\",\"breadcrumb\":{\"@id\":\"https:\/\/wp.ufpel.edu.br\/nepsi\/equipe\/#breadcrumb\"},\"inLanguage\":\"pt-BR\",\"potentialAction\":[{\"@type\":\"ReadAction\",\"target\":[\"https:\/\/wp.ufpel.edu.br\/nepsi\/equipe\/\"]}]},{\"@type\":\"ImageObject\",\"inLanguage\":\"pt-BR\",\"@id\":\"https:\/\/wp.ufpel.edu.br\/nepsi\/equipe\/#primaryimage\",\"url\":\"http:\/\/servicosweb.cnpq.br\/wspessoa\/servletrecuperafoto?tipo=1&id=K4517655J6\",\"contentUrl\":\"http:\/\/servicosweb.cnpq.br\/wspessoa\/servletrecuperafoto?tipo=1&id=K4517655J6\"},{\"@type\":\"BreadcrumbList\",\"@id\":\"https:\/\/wp.ufpel.edu.br\/nepsi\/equipe\/#breadcrumb\",\"itemListElement\":[{\"@type\":\"ListItem\",\"position\":1,\"name\":\"In\u00edcio\",\"item\":\"https:\/\/wp.ufpel.edu.br\/nepsi\/\"},{\"@type\":\"ListItem\",\"position\":2,\"name\":\"Equipe\"}]},{\"@type\":\"WebSite\",\"@id\":\"https:\/\/wp.ufpel.edu.br\/nepsi\/#website\",\"url\":\"https:\/\/wp.ufpel.edu.br\/nepsi\/\",\"name\":\"\",\"description\":\"Coordena\u00e7\u00e3o: Prof. Tiago Neuenfeld Munhoz\",\"publisher\":{\"@id\":\"https:\/\/wp.ufpel.edu.br\/nepsi\/#organization\"},\"potentialAction\":[{\"@type\":\"SearchAction\",\"target\":{\"@type\":\"EntryPoint\",\"urlTemplate\":\"https:\/\/wp.ufpel.edu.br\/nepsi\/?s={search_term_string}\"},\"query-input\":{\"@type\":\"PropertyValueSpecification\",\"valueRequired\":true,\"valueName\":\"search_term_string\"}}],\"inLanguage\":\"pt-BR\"},{\"@type\":\"Organization\",\"@id\":\"https:\/\/wp.ufpel.edu.br\/nepsi\/#organization\",\"name\":\"N\u00facleo de Estudos, Pesquisas e Interven\u00e7\u00f5es em Sa\u00fade Mental, Cogni\u00e7\u00e3o e Comportamento\",\"url\":\"https:\/\/wp.ufpel.edu.br\/nepsi\/\",\"logo\":{\"@type\":\"ImageObject\",\"inLanguage\":\"pt-BR\",\"@id\":\"https:\/\/wp.ufpel.edu.br\/nepsi\/#\/schema\/logo\/image\/\",\"url\":\"https:\/\/i2.wp.com\/wp.ufpel.edu.br\/nepsi\/files\/2020\/06\/NEPSI-22-1.jpg?fit=632%2C591&ssl=1\",\"contentUrl\":\"https:\/\/i2.wp.com\/wp.ufpel.edu.br\/nepsi\/files\/2020\/06\/NEPSI-22-1.jpg?fit=632%2C591&ssl=1\",\"width\":632,\"height\":591,\"caption\":\"N\u00facleo de Estudos, Pesquisas e Interven\u00e7\u00f5es em Sa\u00fade Mental, Cogni\u00e7\u00e3o e Comportamento\"},\"image\":{\"@id\":\"https:\/\/wp.ufpel.edu.br\/nepsi\/#\/schema\/logo\/image\/\"},\"sameAs\":[\"https:\/\/www.facebook.com\/ufpel.nepsi\/\",\"https:\/\/x.com\/ufpel_nepsi\",\"https:\/\/www.instagram.com\/ufpel_nepsi\",\"https:\/\/www.youtube.com\/channel\/UCMFJAGTPIQf5MMjvJCDyPDw\"]}]}<\/script>\n<!-- \/ Yoast SEO plugin. -->","yoast_head_json":{"title":"Equipe -","robots":{"index":"index","follow":"follow","max-snippet":"max-snippet:-1","max-image-preview":"max-image-preview:large","max-video-preview":"max-video-preview:-1"},"canonical":"https:\/\/wp.ufpel.edu.br\/nepsi\/equipe\/","og_locale":"pt_BR","og_type":"article","og_title":"Equipe -","og_description":"Coordena\u00e7\u00e3o geral Tiago Neuenfeld Munhoz Professor do Curso de Psicologia \u2013 UFPel Curr\u00edculo Lattes Contato (e-mail) Equipe discente Produ\u00e7\u00f5es (desde 2016) \u2014 organizado por ano Tabelas por ano (ordem decrescente). 2025 Tipo Ano Nome Inicia\u00e7\u00e3o Cient\u00edfica (em andamento) 2025 LUISA PALMERO LORENZON Inicia\u00e7\u00e3o Cient\u00edfica (em andamento) 2025 NATALI PERES DE OLIVEIRA Mestrado (em andamento) 2025 [&hellip;]","og_url":"https:\/\/wp.ufpel.edu.br\/nepsi\/equipe\/","article_publisher":"https:\/\/www.facebook.com\/ufpel.nepsi\/","article_modified_time":"2026-03-27T00:42:40+00:00","og_image":[{"url":"http:\/\/servicosweb.cnpq.br\/wspessoa\/servletrecuperafoto?tipo=1&id=K4517655J6","type":"","width":"","height":""}],"twitter_card":"summary_large_image","twitter_site":"@ufpel_nepsi","twitter_misc":{"Est. tempo de leitura":"4 minutos"},"schema":{"@context":"https:\/\/schema.org","@graph":[{"@type":"WebPage","@id":"https:\/\/wp.ufpel.edu.br\/nepsi\/equipe\/","url":"https:\/\/wp.ufpel.edu.br\/nepsi\/equipe\/","name":"Equipe -","isPartOf":{"@id":"https:\/\/wp.ufpel.edu.br\/nepsi\/#website"},"primaryImageOfPage":{"@id":"https:\/\/wp.ufpel.edu.br\/nepsi\/equipe\/#primaryimage"},"image":{"@id":"https:\/\/wp.ufpel.edu.br\/nepsi\/equipe\/#primaryimage"},"thumbnailUrl":"http:\/\/servicosweb.cnpq.br\/wspessoa\/servletrecuperafoto?tipo=1&id=K4517655J6","datePublished":"2017-10-21T17:41:13+00:00","dateModified":"2026-03-27T00:42:40+00:00","breadcrumb":{"@id":"https:\/\/wp.ufpel.edu.br\/nepsi\/equipe\/#breadcrumb"},"inLanguage":"pt-BR","potentialAction":[{"@type":"ReadAction","target":["https:\/\/wp.ufpel.edu.br\/nepsi\/equipe\/"]}]},{"@type":"ImageObject","inLanguage":"pt-BR","@id":"https:\/\/wp.ufpel.edu.br\/nepsi\/equipe\/#primaryimage","url":"http:\/\/servicosweb.cnpq.br\/wspessoa\/servletrecuperafoto?tipo=1&id=K4517655J6","contentUrl":"http:\/\/servicosweb.cnpq.br\/wspessoa\/servletrecuperafoto?tipo=1&id=K4517655J6"},{"@type":"BreadcrumbList","@id":"https:\/\/wp.ufpel.edu.br\/nepsi\/equipe\/#breadcrumb","itemListElement":[{"@type":"ListItem","position":1,"name":"In\u00edcio","item":"https:\/\/wp.ufpel.edu.br\/nepsi\/"},{"@type":"ListItem","position":2,"name":"Equipe"}]},{"@type":"WebSite","@id":"https:\/\/wp.ufpel.edu.br\/nepsi\/#website","url":"https:\/\/wp.ufpel.edu.br\/nepsi\/","name":"","description":"Coordena\u00e7\u00e3o: Prof. Tiago Neuenfeld Munhoz","publisher":{"@id":"https:\/\/wp.ufpel.edu.br\/nepsi\/#organization"},"potentialAction":[{"@type":"SearchAction","target":{"@type":"EntryPoint","urlTemplate":"https:\/\/wp.ufpel.edu.br\/nepsi\/?s={search_term_string}"},"query-input":{"@type":"PropertyValueSpecification","valueRequired":true,"valueName":"search_term_string"}}],"inLanguage":"pt-BR"},{"@type":"Organization","@id":"https:\/\/wp.ufpel.edu.br\/nepsi\/#organization","name":"N\u00facleo de Estudos, Pesquisas e Interven\u00e7\u00f5es em Sa\u00fade Mental, Cogni\u00e7\u00e3o e Comportamento","url":"https:\/\/wp.ufpel.edu.br\/nepsi\/","logo":{"@type":"ImageObject","inLanguage":"pt-BR","@id":"https:\/\/wp.ufpel.edu.br\/nepsi\/#\/schema\/logo\/image\/","url":"https:\/\/i2.wp.com\/wp.ufpel.edu.br\/nepsi\/files\/2020\/06\/NEPSI-22-1.jpg?fit=632%2C591&ssl=1","contentUrl":"https:\/\/i2.wp.com\/wp.ufpel.edu.br\/nepsi\/files\/2020\/06\/NEPSI-22-1.jpg?fit=632%2C591&ssl=1","width":632,"height":591,"caption":"N\u00facleo de Estudos, Pesquisas e Interven\u00e7\u00f5es em Sa\u00fade Mental, Cogni\u00e7\u00e3o e Comportamento"},"image":{"@id":"https:\/\/wp.ufpel.edu.br\/nepsi\/#\/schema\/logo\/image\/"},"sameAs":["https:\/\/www.facebook.com\/ufpel.nepsi\/","https:\/\/x.com\/ufpel_nepsi","https:\/\/www.instagram.com\/ufpel_nepsi","https:\/\/www.youtube.com\/channel\/UCMFJAGTPIQf5MMjvJCDyPDw"]}]}},"jetpack_sharing_enabled":true,"jetpack_shortlink":"https:\/\/wp.me\/P9iCrQ-1H","jetpack_likes_enabled":true,"jetpack-related-posts":[{"id":723,"url":"https:\/\/wp.ufpel.edu.br\/nepsi\/publicacoes\/prof-tiago-n-munhoz\/","url_meta":{"origin":105,"position":0},"title":"Prof. Tiago N Munhoz","author":"nepsi","date":"26\/06\/2020","format":false,"excerpt":"Docente e Curr\u00edculo Lattes P\u00e1gina institucional Dr. Tiago Neuenfeld Munhoz Universidade Federal de Pelotas (UFPel) Psic\u00f3logo. Especialista em Terapia Cognitivo-Comportamental, Aten\u00e7\u00e3o Psicossocial e Sociologia. Mestre em Ci\u00eancias Sociais e mestre e doutor em Epidemiologia pela Universidade Federal de Pelotas (UFPel). Atualmente, Professor adjunto do curso de Psicologia e do Programa\u2026","rel":"","context":"Post similar","block_context":{"text":"Post similar","link":""},"img":{"alt_text":"","src":"","width":0,"height":0},"classes":[]},{"id":111,"url":"https:\/\/wp.ufpel.edu.br\/nepsi\/publicacoes\/","url_meta":{"origin":105,"position":1},"title":"Publica\u00e7\u00f5es","author":"nepsi","date":"21\/10\/2017","format":false,"excerpt":"Docente e Curr\u00edculo Lattes P\u00e1gina institucional Dr. Tiago Neuenfeld Munhoz Universidade Federal de Pelotas (UFPel) Psic\u00f3logo. Especialista em Terapia Cognitivo-Comportamental, Aten\u00e7\u00e3o Psicossocial e Sociologia. Mestre em Ci\u00eancias Sociais e mestre e doutor em Epidemiologia pela Universidade Federal de Pelotas (UFPel). Atualmente, Professor adjunto do curso de Psicologia e do Programa\u2026","rel":"","context":"Post similar","block_context":{"text":"Post similar","link":""},"img":{"alt_text":"","src":"","width":0,"height":0},"classes":[]},{"id":2862,"url":"https:\/\/wp.ufpel.edu.br\/nepsi\/pesquisas\/perfil-dos-estudantes-de-psicologia\/","url_meta":{"origin":105,"position":2},"title":"Perfil dos estudantes de Psicologia","author":"nepsi","date":"26\/03\/2026","format":false,"excerpt":"Perfil e sa\u00fade mental de estudantes de Psicologia T\u00edtulo do projeto Contextualiza\u00e7\u00e3o A forma\u00e7\u00e3o universit\u00e1ria em Psicologia envolve desafios acad\u00eamicos, sociais e emocionais que impactam diretamente o bem-estar dos estudantes. Conhecer quem s\u00e3o esses alunos, suas trajet\u00f3rias, condi\u00e7\u00f5es de vida, expectativas e dificuldades \u00e9 fundamental para qualificar a forma\u00e7\u00e3o e\u2026","rel":"","context":"Post similar","block_context":{"text":"Post similar","link":""},"img":{"alt_text":"","src":"","width":0,"height":0},"classes":[]},{"id":2053,"url":"https:\/\/wp.ufpel.edu.br\/nepsi\/pesquisas\/prevencao-da-depressao-em-adolescentes-escolares\/","url_meta":{"origin":105,"position":3},"title":"Preven\u00e7\u00e3o da depress\u00e3o em adolescentes escolares","author":"nepsi","date":"21\/12\/2022","format":false,"excerpt":"Preven\u00e7\u00e3o da depress\u00e3o em adolescentes escolares: explorando a aplicabilidade e efetividade de uma interven\u00e7\u00e3o cognitivo-comportamental T\u00edtulo do projeto Contextualiza\u00e7\u00e3o A adolesc\u00eancia \u00e9 uma fase vulner\u00e1vel ao desenvolvimento de transtornos mentais, como a depress\u00e3o, que afeta significativamente o bem-estar e o desenvolvimento dos jovens. Estima-se que metade dos problemas de sa\u00fade\u2026","rel":"","context":"Post similar","block_context":{"text":"Post similar","link":""},"img":{"alt_text":"","src":"","width":0,"height":0},"classes":[]},{"id":2637,"url":"https:\/\/wp.ufpel.edu.br\/nepsi\/editais\/2025-2\/assistentes-de-pesquisa\/","url_meta":{"origin":105,"position":4},"title":"Assistentes de pesquisa","author":"nepsi","date":"09\/06\/2025","format":false,"excerpt":"Assistente de Pesquisa - Edital 02\/2025 Assistente de Pesquisa Edital 02\/2025 Publicado em: 05 de agosto de 2025 Est\u00e1 dispon\u00edvel o edital para a sele\u00e7\u00e3o de Assistente de Pesquisa no \u00e2mbito do projeto NEPSI da UFPel. Os interessados devem consultar o documento completo no link abaixo: Acessar Edital 02\/2025 (PDF)","rel":"","context":"Post similar","block_context":{"text":"Post similar","link":""},"img":{"alt_text":"","src":"","width":0,"height":0},"classes":[]},{"id":2057,"url":"https:\/\/wp.ufpel.edu.br\/nepsi\/pesquisas\/pesquisas-finalizadas\/depressao-materna-e-desenvolvimento-infantil\/","url_meta":{"origin":105,"position":5},"title":"Depress\u00e3o materna e desenvolvimento infantil","author":"nepsi","date":"21\/12\/2022","format":false,"excerpt":"Depress\u00e3o materna e sua associa\u00e7\u00e3o com desenvolvimento infantil, pr\u00e1ticas parentais violentas e comportamentos agressivos em crian\u00e7as brasileiras benefici\u00e1rias do Programa Bolsa Fam\u00edlia (2018\u20132025) Contexto Esta proposta se insere no contexto social de avalia\u00e7\u00e3o da popula\u00e7\u00e3o participante de programas sociais do governo brasileiro, como o Programa Bolsa Fam\u00edlia (BPF) e Programa\u2026","rel":"","context":"Post similar","block_context":{"text":"Post similar","link":""},"img":{"alt_text":"","src":"","width":0,"height":0},"classes":[]}],"_links":{"self":[{"href":"https:\/\/wp.ufpel.edu.br\/nepsi\/wp-json\/wp\/v2\/pages\/105","targetHints":{"allow":["GET"]}}],"collection":[{"href":"https:\/\/wp.ufpel.edu.br\/nepsi\/wp-json\/wp\/v2\/pages"}],"about":[{"href":"https:\/\/wp.ufpel.edu.br\/nepsi\/wp-json\/wp\/v2\/types\/page"}],"author":[{"embeddable":true,"href":"https:\/\/wp.ufpel.edu.br\/nepsi\/wp-json\/wp\/v2\/users\/807"}],"replies":[{"embeddable":true,"href":"https:\/\/wp.ufpel.edu.br\/nepsi\/wp-json\/wp\/v2\/comments?post=105"}],"version-history":[{"count":3,"href":"https:\/\/wp.ufpel.edu.br\/nepsi\/wp-json\/wp\/v2\/pages\/105\/revisions"}],"predecessor-version":[{"id":2874,"href":"https:\/\/wp.ufpel.edu.br\/nepsi\/wp-json\/wp\/v2\/pages\/105\/revisions\/2874"}],"wp:attachment":[{"href":"https:\/\/wp.ufpel.edu.br\/nepsi\/wp-json\/wp\/v2\/media?parent=105"}],"curies":[{"name":"wp","href":"https:\/\/api.w.org\/{rel}","templated":true}]}}