{"id":1321,"date":"2026-03-10T15:13:39","date_gmt":"2026-03-10T18:13:39","guid":{"rendered":"https:\/\/wp.ufpel.edu.br\/neppe\/?page_id=1321"},"modified":"2026-03-17T17:21:13","modified_gmt":"2026-03-17T20:21:13","slug":"fapergs2026","status":"publish","type":"page","link":"https:\/\/wp.ufpel.edu.br\/neppe\/pesquisas\/atual\/fapergs2026\/","title":{"rendered":"As contribui\u00e7\u00f5es entre o setor p\u00fablico e privado para qualidade da educa\u00e7\u00e3o nos munic\u00edpios do Rio Grande do Sul (2021-2024), \u00e0 luz dos Objetivos do Desenvolvimento Sustent\u00e1vel"},"content":{"rendered":"<p style=\"text-align: center;\">\u201cAS CONTRIBI\u00c7\u00d5ES ENTRE O SETOR P\u00daBLICO E PRIVADO PARA QUALIDADE DA EDUCA\u00c7\u00c3O NOS MUNIC\u00cdPIOS DO RIO GRANDE DO SUL (2021-2024), \u00c0 LUZ DOS OBJETIVOS DO DESENVOLVIMENTO SUSTENT\u00c1VEL\u201d<\/p>\n<ul>\n<li>Per\u00edodo de realiza\u00e7\u00e3o:\u00a0<strong>2026 \u2013 2030<\/strong><\/li>\n<li>Financiamento: <strong>\u00a0FAPERGS<\/strong><\/li>\n<li>Coordena\u00e7\u00e3o:\u00a0<strong>Prof\u00aa Dr\u00aa Maria de F\u00e1tima C\u00f3ssio<\/strong><\/li>\n<\/ul>\n<p>Descri\u00e7\u00e3o: O projeto busca identificar as contribui\u00e7\u00f5es de parcerias entre o setor p\u00fablico e o privado para qualidade da educa\u00e7\u00e3o nos munic\u00edpios do estado do Rio Grande do Sul (2021-2024), \u00e0 luz dos objetivos do desenvolvimento sustent\u00e1vel.<strong><br \/>\n<\/strong>A pesquisa \u00e9 decorrente de outras investiga\u00e7\u00f5es realizadas por grupos vinculados a Universidade Federal do Rio Grande, Universidade Federal de Pelotas e Universidade Federal do Rio Grande do Sul (respectivamente), cujos dados est\u00e3o dispon\u00edveis em ppp.ufpel.edu.br. A partir desta investiga\u00e7\u00e3o, foi poss\u00edvel tra\u00e7ar um perfil das formas, abrang\u00eancia e intensidade das parcerias, o qual tem se caraterizado: a) pela constante inser\u00e7\u00e3o das organiza\u00e7\u00f5es ligadas ao Sistema S, como Sebrae e Senar, bem como institui\u00e7\u00f5es financeiras como o Sicredi. Em geral, essas institui\u00e7\u00f5es formalizam conv\u00eanios com as prefeituras e desenvolvem a\u00e7\u00f5es diretamente nas escolas, contemplando estudantes e professores; b) pela dissemina\u00e7\u00e3o de grupos\/entidades privadas de pequeno porte, oriundos, geralmente, dos pr\u00f3prios munic\u00edpios. Essas institui\u00e7\u00f5es atuam em conjunto com o setor p\u00fablico buscando maior aproxima\u00e7\u00e3o junto \u00e0s atividades de forma\u00e7\u00e3o continuada de professores e atuando atrav\u00e9s de conv\u00eanios para a compra de vagas na educa\u00e7\u00e3o infantil; c) presen\u00e7a de empresas privadas no \u00e2mbito da comercializa\u00e7\u00e3o de materiais did\u00e1ticos e sistemas apostilados de ensino, com impacto na din\u00e2mica do trabalho pedag\u00f3gico e da gest\u00e3o educacional\/escolar em munic\u00edpios cujos \u00edndices de aprendizagem est\u00e3o aqu\u00e9m das metas estabelecidas pelo \u00cdndice de Desenvolvimento da Educa\u00e7\u00e3o (IDEB).<strong><br \/>\n<\/strong><\/p>\n<p>&nbsp;<\/p>\n<p style=\"text-align: center;\"><strong>PROJETO INTERINSTITUCIONAL<\/strong><\/p>\n<p>&nbsp;<\/p>\n<p style=\"text-align: center;\">Docentes<\/p>\n<p><a href=\"http:\/\/lattes.cnpq.br\/3016473193550386\">Maria de F\u00e1tima C\u00f3ssio<\/a> &#8211; Universidade Federal de Pelotas (coordenadora)<\/p>\n<p><a href=\"http:\/\/lattes.cnpq.br\/4670380842665317\">Leonardo Dorneles Gon\u00e7alves<\/a> &#8211; Universidade Federal de Rio Grande (coordenador adjunto)<\/p>\n<p><a href=\"http:\/\/lattes.cnpq.br\/9945008202279221\">Vera Maria Vidal Peroni<\/a> &#8211; Universidade Federal do Rio Grande do Sul<\/p>\n<p><a href=\"http:\/\/lattes.cnpq.br\/5866881378328643\">Altair Alberto F\u00e1vero<\/a> &#8211; Universidade de Passo Fundo<\/p>\n<p><a href=\"http:\/\/lattes.cnpq.br\/8575862926726892\">Andreia Wahlbrink Padilha<\/a> &#8211; Universidade de Caxias do Sul<\/p>\n<p><a href=\"http:\/\/lattes.cnpq.br\/1545978229036351\">Neila Pedrotti Drabach<\/a> &#8211; Universidade Federal de Santa Maria<\/p>\n<p><a href=\"http:\/\/lattes.cnpq.br\/4613409272632258\">Vinicius Ramos Puccinelli<\/a> &#8211; Instituto Federal Sul-rio-grandense<\/p>\n<p>&nbsp;<\/p>\n<p style=\"text-align: center;\">Pesquisadores<\/p>\n<p><a href=\"https:\/\/lattes.cnpq.br\/1305701927429392\">Susana Schneid Scherer<\/a><\/p>\n<p>&nbsp;<\/p>\n<p style=\"text-align: center;\">Doutorandos<\/p>\n<p><a href=\"http:\/\/lattes.cnpq.br\/2875337021118354\">Luis Eduardo dos Santos Celente<\/a> &#8211; Universidade Federal de Pelotas<\/p>\n<p><a href=\"http:\/\/lattes.cnpq.br\/9787476610522136\">Daynir Per\u00eaa Muniz Brasil<\/a> &#8211; Universidade Federal de Pelotas<\/p>\n<p><a href=\"http:\/\/lattes.cnpq.br\/5852121399463983\">Gustavo Fabro de Azevedo<\/a> &#8211; Universidade Federal de Pelotas<\/p>\n<p><a href=\"http:\/\/lattes.cnpq.br\/4489644188405076\">Michele Vollrath Bento<\/a> &#8211; Universidade Federal de Pelotas<\/p>\n<p><a href=\"http:\/\/lattes.cnpq.br\/4803413236800202\">Ver\u00f4nica Rodrigues de Lima<\/a> &#8211; Universidade Federal de Pelotas<\/p>\n<p>&nbsp;<\/p>\n<p style=\"text-align: center;\">Mestrandos<\/p>\n<p><a href=\"http:\/\/lattes.cnpq.br\/8447463946581966\">Erick da Costa Jorge Duarte<\/a> &#8211; Universidade Federal de Rio Grande<\/p>\n<p><a href=\"http:\/\/lattes.cnpq.br\/8237381201002610\">Alberto Ant\u00f4nio Rebonatto Neto<\/a> &#8211; Universidade Federal de Pelotas<\/p>\n<p>&nbsp;<\/p>\n<p style=\"text-align: center;\">Graduandos<\/p>\n<p><a href=\"http:\/\/lattes.cnpq.br\/2276456835926933\">Thyago Lopes Martins<\/a> &#8211; Universidade Federal de Rio Grande<\/p>\n<p>&nbsp;<\/p>\n<p style=\"text-align: center;\">Bolsistas FAPERGS<\/p>\n<p><a href=\"http:\/\/lattes.cnpq.br\/8237381201002610\">Alberto Ant\u00f4nio Rebonatto Neto<\/a> &#8211; Universidade Federal de Pelotas<\/p>\n<p><a href=\"http:\/\/lattes.cnpq.br\/2875337021118354\">Luis Eduardo dos Santos Celente<\/a> &#8211; Universidade Federal de Pelotas<\/p>\n<p><a href=\"http:\/\/lattes.cnpq.br\/2336828963963790\">Stella Gomes Engleitner<\/a> &#8211; Universidade Federal de Pelotas<\/p>\n","protected":false},"excerpt":{"rendered":"<p>\u201cAS CONTRIBI\u00c7\u00d5ES ENTRE O SETOR P\u00daBLICO E PRIVADO PARA QUALIDADE DA EDUCA\u00c7\u00c3O NOS MUNIC\u00cdPIOS DO RIO GRANDE DO SUL (2021-2024), \u00c0 LUZ DOS OBJETIVOS DO DESENVOLVIMENTO SUSTENT\u00c1VEL\u201d Per\u00edodo de realiza\u00e7\u00e3o:\u00a02026 \u2013 2030 Financiamento: \u00a0FAPERGS Coordena\u00e7\u00e3o:\u00a0Prof\u00aa Dr\u00aa Maria de F\u00e1tima C\u00f3ssio Descri\u00e7\u00e3o: O projeto busca identificar as contribui\u00e7\u00f5es de parcerias entre o setor p\u00fablico e o [&hellip;]<\/p>\n","protected":false},"author":835,"featured_media":0,"parent":991,"menu_order":0,"comment_status":"closed","ping_status":"closed","template":"","meta":{"footnotes":""},"class_list":["post-1321","page","type-page","status-publish","hentry"],"_links":{"self":[{"href":"https:\/\/wp.ufpel.edu.br\/neppe\/wp-json\/wp\/v2\/pages\/1321","targetHints":{"allow":["GET"]}}],"collection":[{"href":"https:\/\/wp.ufpel.edu.br\/neppe\/wp-json\/wp\/v2\/pages"}],"about":[{"href":"https:\/\/wp.ufpel.edu.br\/neppe\/wp-json\/wp\/v2\/types\/page"}],"author":[{"embeddable":true,"href":"https:\/\/wp.ufpel.edu.br\/neppe\/wp-json\/wp\/v2\/users\/835"}],"replies":[{"embeddable":true,"href":"https:\/\/wp.ufpel.edu.br\/neppe\/wp-json\/wp\/v2\/comments?post=1321"}],"version-history":[{"count":4,"href":"https:\/\/wp.ufpel.edu.br\/neppe\/wp-json\/wp\/v2\/pages\/1321\/revisions"}],"predecessor-version":[{"id":1351,"href":"https:\/\/wp.ufpel.edu.br\/neppe\/wp-json\/wp\/v2\/pages\/1321\/revisions\/1351"}],"up":[{"embeddable":true,"href":"https:\/\/wp.ufpel.edu.br\/neppe\/wp-json\/wp\/v2\/pages\/991"}],"wp:attachment":[{"href":"https:\/\/wp.ufpel.edu.br\/neppe\/wp-json\/wp\/v2\/media?parent=1321"}],"curies":[{"name":"wp","href":"https:\/\/api.w.org\/{rel}","templated":true}]}}