{"id":733,"date":"2017-02-22T16:53:55","date_gmt":"2017-02-22T19:53:55","guid":{"rendered":"https:\/\/wp.ufpel.edu.br\/ndh\/?page_id=733"},"modified":"2017-02-22T17:00:45","modified_gmt":"2017-02-22T20:00:45","slug":"apresentacao-hr-11","status":"publish","type":"page","link":"https:\/\/wp.ufpel.edu.br\/ndh\/apresentacao-hr-11\/","title":{"rendered":"Apresenta\u00e7\u00e3o &#8211; HR-11"},"content":{"rendered":"<p>Durante o VII Encontro Estadual de Hist\u00f3ria da ANPUH, em Pelotas, em 2004, foi realizada uma reuni\u00e3o de pesquisadores, cujas preocupa\u00e7\u00f5es giravam em torno da sa\u00fade e da doen\u00e7a, na qual se decidiu pela forma\u00e7\u00e3o de um Grupo de Trabalho Nacional denominado \u201cHist\u00f3ria e Sa\u00fade\u201d e pela organiza\u00e7\u00e3o de um n\u00famero da \u201cHist\u00f3ria em Revista\u201d, com este tema, em um dossi\u00ea especial.<\/p>\n<p>A organiza\u00e7\u00e3o desse dossi\u00ea foi muito f\u00e1cil, pois recebemos uma significativa quantidade de artigos, os quais foram respons\u00e1veis pela revista ter ultrapassado seu n\u00famero normal de p\u00e1ginas. Desses, selecionamos aqueles mais adequados ao nosso prop\u00f3sito, que aqui entregamos com alegria aos leitores.<\/p>\n<p>Assim, nas p\u00e1ginas seguintes os leitores poder\u00e3o apreciar a contribui\u00e7\u00e3o de pesquisadores como Nikelen Acosta Witter (Coordenadora do GT Nacional) que escreveu sobre a hist\u00f3ria da doen\u00e7a no RS entre os s\u00e9culos XVIII e XIX, apontando para o fato de que havia uma esp\u00e9cie de idealiza\u00e7\u00e3o do ambiente do Estado, embora a presen\u00e7a de in\u00fameras e mais diferentes doen\u00e7as.<\/p>\n<p>J\u00e1 Andr\u00e9 Luiz Vieira de Campos, estudou o Servi\u00e7o Especial de Sa\u00fade P\u00fablica, uma ag\u00eancia brasileiro-americana, criada em 1942, com o objetivo de propor novas pol\u00edticas sanit\u00e1rias para determinadas regi\u00f5es brasileiras e que atuou fortemente como instrumento de expans\u00e3o da autoridade p\u00fablica, especialmente nos sert\u00f5es.<\/p>\n<p>Com rela\u00e7\u00e3o \u00e0 lepra, Juliane Concei\u00e7\u00e3o Primon Serres centrou sua abordagem nos discursos e nas pr\u00e1ticas sobre a doen\u00e7a, enfatizando a campanha contra a mol\u00e9stia no Rio Grande do Sul, a partir do trabalho desenvolvido no Hospital Col\u00f4nia Itapu\u00e3.<\/p>\n<p>Outros artigos trataram principalmente da rela\u00e7\u00e3o da doen\u00e7a com o conjunto da popula\u00e7\u00e3o atingida, como o de Viviane Trindade Borges, cuja tem\u00e1tica baseia-se em experi\u00eancias de hist\u00f3ria oral com pacientes portadores de sofrimento ps\u00edquico internados em Viam\u00e3o\/RS e o de Lorena Almeida Gill, uma discuss\u00e3o sobre a exist\u00eancia de v\u00e1rias epidemias na cidade de Pelotas (RS) e de uma em especial, a tuberculose, causadora de um contingente impressionante de mortes.<\/p>\n<p>Tamb\u00e9m houve an\u00e1lises buscando a rela\u00e7\u00e3o das pr\u00e1ticas de medicina com a toler\u00e2ncia social, como a de Sandra da Silva Carelli, que tratou da constru\u00e7\u00e3o da id\u00e9ia de maternidade e aborto provocado, utilizando-se da imprensa rio-grandense entre 1850 e 1919; outro artigo versou sobre enfermidade e cura nas redu\u00e7\u00f5es jesu\u00edtico-guaranis, no s\u00e9culo XVII \u2013 na pesquisa de Eliane Cristina Deckmann Fleck, com a an\u00e1lise das mudan\u00e7as nas pr\u00e1ticas m\u00e1gico-terap\u00eauticas dos guaranis, tendo em vista a conviv\u00eancia com mission\u00e1rios jesu\u00edtas.<\/p>\n<p>Na se\u00e7\u00e3o \u201cInstrumentos de Trabalho\u201d publica-se uma cole\u00e7\u00e3o de tr\u00eas artigos denominados \u201cEm favor dos oper\u00e1rios \u2013 casas baratas\u201d, publicado no jornal di\u00e1rio pelotense vinculado \u00e0 ma\u00e7onaria, <em>A Tribuna<\/em>, de 1911. Tal material possibilita discutir sobre a habita\u00e7\u00e3o dos mais pobres a partir da freq\u00fcente dicotomia corti\u00e7os X vilas oper\u00e1rias.<\/p>\n<p>Na se\u00e7\u00e3o resenhas, se continuou a discuss\u00e3o do mesmo tema, pois\u00a0 Sidney Gon\u00e7alves Vieira apresentou \u201cVis\u00f5es do Feminino: a medicina da mulher nos s\u00e9culos XIX e XX\u201d, de Ana Paula Vosne Martins, que apoiada em uma metodologia foucaultiana, discorre sobre as v\u00e1rias representa\u00e7\u00f5es sobre o corpo feminino no transcorrer do tempo.<\/p>\n<p>Esperando ter cumprido com a tarefa de tra\u00e7ar um breve panorama das pesquisas atualmente em curso nesta \u00e1rea, resta desejar a todos, uma \u00f3tima leitura.<\/p>\n<p style=\"text-align: center\">| <a href=\"https:\/\/wp.ufpel.edu.br\/ndh\/hr-numero-11\/\">voltar <\/a>|<\/p>\n","protected":false},"excerpt":{"rendered":"<p>Durante o VII Encontro Estadual de Hist\u00f3ria da ANPUH, em Pelotas, em 2004, foi realizada uma reuni\u00e3o de pesquisadores, cujas preocupa\u00e7\u00f5es giravam em torno da sa\u00fade e da doen\u00e7a, na qual se decidiu pela forma\u00e7\u00e3o de um Grupo de Trabalho Nacional denominado \u201cHist\u00f3ria e Sa\u00fade\u201d e pela organiza\u00e7\u00e3o de um n\u00famero da \u201cHist\u00f3ria em Revista\u201d, [&hellip;]<\/p>\n","protected":false},"author":718,"featured_media":0,"parent":0,"menu_order":0,"comment_status":"closed","ping_status":"closed","template":"","meta":{"jetpack_post_was_ever_published":false,"footnotes":""},"class_list":["post-733","page","type-page","status-publish","hentry"],"jetpack_sharing_enabled":true,"jetpack_shortlink":"https:\/\/wp.me\/P9qy4R-bP","jetpack_likes_enabled":true,"jetpack-related-posts":[],"_links":{"self":[{"href":"https:\/\/wp.ufpel.edu.br\/ndh\/wp-json\/wp\/v2\/pages\/733","targetHints":{"allow":["GET"]}}],"collection":[{"href":"https:\/\/wp.ufpel.edu.br\/ndh\/wp-json\/wp\/v2\/pages"}],"about":[{"href":"https:\/\/wp.ufpel.edu.br\/ndh\/wp-json\/wp\/v2\/types\/page"}],"author":[{"embeddable":true,"href":"https:\/\/wp.ufpel.edu.br\/ndh\/wp-json\/wp\/v2\/users\/718"}],"replies":[{"embeddable":true,"href":"https:\/\/wp.ufpel.edu.br\/ndh\/wp-json\/wp\/v2\/comments?post=733"}],"version-history":[{"count":2,"href":"https:\/\/wp.ufpel.edu.br\/ndh\/wp-json\/wp\/v2\/pages\/733\/revisions"}],"predecessor-version":[{"id":737,"href":"https:\/\/wp.ufpel.edu.br\/ndh\/wp-json\/wp\/v2\/pages\/733\/revisions\/737"}],"wp:attachment":[{"href":"https:\/\/wp.ufpel.edu.br\/ndh\/wp-json\/wp\/v2\/media?parent=733"}],"curies":[{"name":"wp","href":"https:\/\/api.w.org\/{rel}","templated":true}]}}