{"id":4224,"date":"2024-02-19T17:01:33","date_gmt":"2024-02-19T20:01:33","guid":{"rendered":"https:\/\/wp.ufpel.edu.br\/ndh\/?page_id=4224"},"modified":"2024-02-19T17:17:04","modified_gmt":"2024-02-19T20:17:04","slug":"historia-pouco-contadas","status":"publish","type":"page","link":"https:\/\/wp.ufpel.edu.br\/ndh\/historia-pouco-contadas\/","title":{"rendered":"Hist\u00f3ria Pouco Contadas"},"content":{"rendered":"<p style=\"text-align: justify;\">O N\u00facleo de Documenta\u00e7\u00e3o Hist\u00f3rica da UFPel, em conjunto com o <strong><a href=\"https:\/\/sites.unipampa.edu.br\/geespa\/\" target=\"_blank\" rel=\"noopener\">Grupo de Estudos sobre Escravid\u00e3o e P\u00f3s-Aboli\u00e7\u00e3o<\/a><\/strong> da UNIPAMPA e o <a href=\"https:\/\/emancipacoeseposabolicao.wordpress.com\/\" target=\"_blank\" rel=\"noopener\"><strong>GT Emancipa\u00e7\u00f5es e P\u00f3s-Aboli\u00e7\u00e3o da ANPUH<\/strong><\/a> (Se\u00e7\u00e3o Regional Sul), est\u00e1 trabalhando na constru\u00e7\u00e3o de um projeto de pesquisa que d\u00ea conta de narrar hist\u00f3rias pouco contadas de personagens que possuem relev\u00e2ncia hist\u00f3rica, cultural, esportiva, pol\u00edtica, etc. da cidade de Pelotas-RS e que ainda n\u00e3o s\u00e3o suficientemente conhecidas e\/ou pesquisadas pela academia e\/ou estudiosos locais.<\/p>\n<p style=\"text-align: justify;\">A id\u00e9ia, ao final, \u00e9 editar uma obra com as verbetes biogr\u00e1ficos de mulheres e homens, pretas (os) e pardas (os), que ajudaram a constituir a sociedade pelotense ao longo dos \u00faltimos s\u00e9culos (<strong><a href=\"https:\/\/wp.ufpel.edu.br\/ndh\/aldiva\/\" target=\"_blank\" rel=\"noopener\">veja um exemplo aqui<\/a><\/strong>).<\/p>\n<p style=\"text-align: justify;\">O trabalho \u00e9 uma iniciativa conjunta de pesquisadores da UFPel (Lorena Gill e Daiane Molet), da UNIPAMPA (Caiu\u00e1 Al-Alam e D\u00e9bora de Paula) e da UFRGS (Fernanda Oliveira da Silva) e j\u00e1 mapeou, at\u00e9 o momento, mais de 30 nomes a serem estudados.<\/p>\n<p style=\"text-align: justify;\">Contudo, pela relev\u00e2ncia do tema e a inten\u00e7\u00e3o de integrar a comunidade pelotense no projeto, optou-se por abrir a possibilidade de que novos nomes sejam inclu\u00eddos, a partir da indica\u00e7\u00e3o de pesquisadores (as), estudiosos (as) e comunidade em geral. Assim, criamos um <strong><a href=\"https:\/\/docs.google.com\/forms\/d\/e\/1FAIpQLSfu1D5mGb3FwRnwQ05OupVSEfrnF830BV_424pV6SA9qUGn6Q\/viewform?usp=sf_link\" target=\"_blank\" rel=\"noopener\">formul\u00e1rio no <em>google forms<\/em><\/a><\/strong> em que qualquer pessoa poder\u00e1 indicar algu\u00e9m que, na sua vis\u00e3o, mere\u00e7a estar nessa obra biogr\u00e1fica sobre personagens negros (as) e pardos (as) do munic\u00edpio.<\/p>\n<p style=\"text-align: justify;\">A a\u00e7\u00e3o \u00e9 muito simples: primeiro voc\u00ea indica um nome de algu\u00e9m que voc\u00ea entende que deva ser estudado<sup>1<\/sup> (n\u00e3o esquecendo que nesse momento o foco \u00e9 em personagens negros (as) e pardos (as)); num segundo momento voc\u00ea dever\u00e1 indicar por qual motivo est\u00e1 sugerindo essa pessoa (por exemplo, qual a contribui\u00e7\u00e3o dessa personagens no campo em que ela atuou); em seguida voc\u00ea poder\u00e1 indicar estudiosos, pesquisadores e seus trabalhos que possam nos ajudar a mapear a relev\u00e2ncia de sua indica\u00e7\u00e3o para nossa pesquisa; por fim pedimos que voc\u00ea se identifique para uma eventual necessidade de contato (seus dados ser\u00e3o usados apenas para os fins da pesquisa e ser\u00e3o protegidos nos termos da lei).<\/p>\n<p><a href=\"https:\/\/docs.google.com\/forms\/d\/e\/1FAIpQLSfu1D5mGb3FwRnwQ05OupVSEfrnF830BV_424pV6SA9qUGn6Q\/viewform?usp=sf_link\" target=\"_blank\" rel=\"noopener\"><img data-recalc-dims=\"1\" loading=\"lazy\" decoding=\"async\" data-attachment-id=\"4226\" data-permalink=\"https:\/\/wp.ufpel.edu.br\/ndh\/historia-pouco-contadas\/historia-pouco-contadas\/#main\" data-orig-file=\"https:\/\/i0.wp.com\/wp.ufpel.edu.br\/ndh\/files\/2024\/02\/historia-pouco-contadas.png?fit=600%2C117&amp;ssl=1\" data-orig-size=\"600,117\" data-comments-opened=\"0\" data-image-meta=\"{&quot;aperture&quot;:&quot;0&quot;,&quot;credit&quot;:&quot;&quot;,&quot;camera&quot;:&quot;&quot;,&quot;caption&quot;:&quot;&quot;,&quot;created_timestamp&quot;:&quot;0&quot;,&quot;copyright&quot;:&quot;&quot;,&quot;focal_length&quot;:&quot;0&quot;,&quot;iso&quot;:&quot;0&quot;,&quot;shutter_speed&quot;:&quot;0&quot;,&quot;title&quot;:&quot;&quot;,&quot;orientation&quot;:&quot;0&quot;}\" data-image-title=\"historia pouco contadas\" data-image-description=\"\" data-image-caption=\"\" data-medium-file=\"https:\/\/i0.wp.com\/wp.ufpel.edu.br\/ndh\/files\/2024\/02\/historia-pouco-contadas.png?fit=424%2C83&amp;ssl=1\" data-large-file=\"https:\/\/i0.wp.com\/wp.ufpel.edu.br\/ndh\/files\/2024\/02\/historia-pouco-contadas.png?fit=600%2C117&amp;ssl=1\" class=\"wp-image-4226 size-full aligncenter\" src=\"https:\/\/i0.wp.com\/wp.ufpel.edu.br\/ndh\/files\/2024\/02\/historia-pouco-contadas.png?resize=600%2C117&#038;ssl=1\" alt=\"\" width=\"600\" height=\"117\" srcset=\"https:\/\/i0.wp.com\/wp.ufpel.edu.br\/ndh\/files\/2024\/02\/historia-pouco-contadas.png?w=600&amp;ssl=1 600w, https:\/\/i0.wp.com\/wp.ufpel.edu.br\/ndh\/files\/2024\/02\/historia-pouco-contadas.png?resize=424%2C83&amp;ssl=1 424w, https:\/\/i0.wp.com\/wp.ufpel.edu.br\/ndh\/files\/2024\/02\/historia-pouco-contadas.png?resize=212%2C41&amp;ssl=1 212w\" sizes=\"auto, (max-width: 600px) 100vw, 600px\" \/><\/a><br \/>\n________________<br \/>\n<span style=\"font-size: 8pt;\">1. Sua indica\u00e7\u00e3o \u00e9 muito bem vinda. Contudo, tenha em mente que a sele\u00e7\u00e3o das personagens a serem estudadas e que poder\u00e3o compor o resultado final de nossa pesquisa \u00e9 de inteira responsabilidade da equipe de pesquisadores do projeto, elencados acima.<\/span><\/p>\n","protected":false},"excerpt":{"rendered":"<p>O N\u00facleo de Documenta\u00e7\u00e3o Hist\u00f3rica da UFPel, em conjunto com o Grupo de Estudos sobre Escravid\u00e3o e P\u00f3s-Aboli\u00e7\u00e3o da UNIPAMPA e o GT Emancipa\u00e7\u00f5es e P\u00f3s-Aboli\u00e7\u00e3o da ANPUH (Se\u00e7\u00e3o Regional Sul), est\u00e1 trabalhando na constru\u00e7\u00e3o de um projeto de pesquisa que d\u00ea conta de narrar hist\u00f3rias pouco contadas de personagens que possuem relev\u00e2ncia hist\u00f3rica, cultural, [&hellip;]<\/p>\n","protected":false},"author":718,"featured_media":0,"parent":0,"menu_order":0,"comment_status":"closed","ping_status":"closed","template":"","meta":{"jetpack_post_was_ever_published":false,"footnotes":""},"class_list":["post-4224","page","type-page","status-publish","hentry"],"jetpack_sharing_enabled":true,"jetpack_shortlink":"https:\/\/wp.me\/P9qy4R-168","jetpack_likes_enabled":true,"jetpack-related-posts":[],"_links":{"self":[{"href":"https:\/\/wp.ufpel.edu.br\/ndh\/wp-json\/wp\/v2\/pages\/4224","targetHints":{"allow":["GET"]}}],"collection":[{"href":"https:\/\/wp.ufpel.edu.br\/ndh\/wp-json\/wp\/v2\/pages"}],"about":[{"href":"https:\/\/wp.ufpel.edu.br\/ndh\/wp-json\/wp\/v2\/types\/page"}],"author":[{"embeddable":true,"href":"https:\/\/wp.ufpel.edu.br\/ndh\/wp-json\/wp\/v2\/users\/718"}],"replies":[{"embeddable":true,"href":"https:\/\/wp.ufpel.edu.br\/ndh\/wp-json\/wp\/v2\/comments?post=4224"}],"version-history":[{"count":8,"href":"https:\/\/wp.ufpel.edu.br\/ndh\/wp-json\/wp\/v2\/pages\/4224\/revisions"}],"predecessor-version":[{"id":4242,"href":"https:\/\/wp.ufpel.edu.br\/ndh\/wp-json\/wp\/v2\/pages\/4224\/revisions\/4242"}],"wp:attachment":[{"href":"https:\/\/wp.ufpel.edu.br\/ndh\/wp-json\/wp\/v2\/media?parent=4224"}],"curies":[{"name":"wp","href":"https:\/\/api.w.org\/{rel}","templated":true}]}}