{"id":4168,"date":"2023-09-28T15:34:19","date_gmt":"2023-09-28T18:34:19","guid":{"rendered":"https:\/\/wp.ufpel.edu.br\/ndh\/?page_id=4168"},"modified":"2023-10-03T16:37:33","modified_gmt":"2023-10-03T19:37:33","slug":"ppgh-ufpel-ndh-ufpel","status":"publish","type":"page","link":"https:\/\/wp.ufpel.edu.br\/ndh\/ppgh-ufpel-ndh-ufpel\/","title":{"rendered":"PPGH-UFPel | NDH-UFPel"},"content":{"rendered":"<p style=\"text-align: justify;\">Nesse espa\u00e7o divulgaremos produ\u00e7\u00f5es editadas pelo Programa de P\u00f3s-Gradua\u00e7\u00e3o em Hist\u00f3ria da UFPel com a colabora\u00e7\u00e3o de docentes vinculados ao N\u00facleo.<\/p>\n<p>A s\u00e9rie abaixo versa sobre disserta\u00e7\u00f5es defendidas entre 2018 e 2021 selecionadas, atrav\u00e9s de edital (2022), para publica\u00e7\u00e3o em livro.<\/p>\n<p style=\"text-align: justify;\"><a href=\"https:\/\/www.casaletras.com\/_files\/ugd\/4a0b98_14cde868f1364cf9b51579eac5f29763.pdf\" target=\"_blank\" rel=\"noopener\"><img data-recalc-dims=\"1\" loading=\"lazy\" decoding=\"async\" data-attachment-id=\"4182\" data-permalink=\"https:\/\/wp.ufpel.edu.br\/ndh\/ppgh-ufpel-ndh-ufpel\/1-11\/#main\" data-orig-file=\"https:\/\/i0.wp.com\/wp.ufpel.edu.br\/ndh\/files\/2023\/10\/1-1.png?fit=1080%2C1080&amp;ssl=1\" data-orig-size=\"1080,1080\" data-comments-opened=\"0\" data-image-meta=\"{&quot;aperture&quot;:&quot;0&quot;,&quot;credit&quot;:&quot;&quot;,&quot;camera&quot;:&quot;&quot;,&quot;caption&quot;:&quot;&quot;,&quot;created_timestamp&quot;:&quot;0&quot;,&quot;copyright&quot;:&quot;&quot;,&quot;focal_length&quot;:&quot;0&quot;,&quot;iso&quot;:&quot;0&quot;,&quot;shutter_speed&quot;:&quot;0&quot;,&quot;title&quot;:&quot;&quot;,&quot;orientation&quot;:&quot;0&quot;}\" data-image-title=\"1\" data-image-description=\"\" data-image-caption=\"\" data-medium-file=\"https:\/\/i0.wp.com\/wp.ufpel.edu.br\/ndh\/files\/2023\/10\/1-1.png?fit=318%2C318&amp;ssl=1\" data-large-file=\"https:\/\/i0.wp.com\/wp.ufpel.edu.br\/ndh\/files\/2023\/10\/1-1.png?fit=660%2C148&amp;ssl=1\" class=\"wp-image-4182 size-thumbnail alignleft\" src=\"https:\/\/i0.wp.com\/wp.ufpel.edu.br\/ndh\/files\/2023\/10\/1-1.png?resize=159%2C159&#038;ssl=1\" alt=\"\" width=\"159\" height=\"159\" srcset=\"https:\/\/i0.wp.com\/wp.ufpel.edu.br\/ndh\/files\/2023\/10\/1-1.png?resize=159%2C159&amp;ssl=1 159w, https:\/\/i0.wp.com\/wp.ufpel.edu.br\/ndh\/files\/2023\/10\/1-1.png?resize=318%2C318&amp;ssl=1 318w, https:\/\/i0.wp.com\/wp.ufpel.edu.br\/ndh\/files\/2023\/10\/1-1.png?resize=768%2C768&amp;ssl=1 768w, https:\/\/i0.wp.com\/wp.ufpel.edu.br\/ndh\/files\/2023\/10\/1-1.png?resize=619%2C619&amp;ssl=1 619w, https:\/\/i0.wp.com\/wp.ufpel.edu.br\/ndh\/files\/2023\/10\/1-1.png?w=1080&amp;ssl=1 1080w\" sizes=\"auto, (max-width: 159px) 100vw, 159px\" \/><\/a>CHAVES, Elisiane Medeiros. <a href=\"https:\/\/www.casaletras.com\/_files\/ugd\/4a0b98_14cde868f1364cf9b51579eac5f29763.pdf\" target=\"_blank\" rel=\"noopener\"><strong>\u201c[\u2026] eu quebrei a pau, chutei, arroxei os dois olhos, eu gostava tanto dela, n\u00e3o era pra ter feito aquilo comigo\u201d: narrativas de r\u00e9us julgados por viol\u00eancia dom\u00e9stica na comarca de Pelotas -RS (2011-2018)<\/strong><\/a>. Orientadora Lorena Almeida Gill. 2018.<\/p>\n<p style=\"text-align: justify;\"><span class=\"OYPEnA text-decoration-none text-strikethrough-none\">Disserta\u00e7\u00e3o foi selecionada como a melhor, dentre as inscritas para publica\u00e7\u00e3o pelo PPGH-UFPel, e estar\u00e1 dispon\u00edvel tamb\u00e9m em formato impresso.\u00a0<\/span><span class=\"OYPEnA text-decoration-none text-strikethrough-none\">O impactante texto de Elisiane versa sobre a viol\u00eancia contra a mulher, fen\u00f4meno que se tornou um problema social, de express\u00e3o mundial e que est\u00e1 arraigado nas mentalidades masculinas.\u00a0<\/span><span class=\"OYPEnA text-decoration-none text-strikethrough-none\">No estudo s\u00e3o observados processos e entrevistados r\u00e9us acusados de atentar contra a vida de mulheres, n\u00e3o raras vezes companheiras, esposas ou namoradas.\u00a0<\/span><span class=\"OYPEnA text-decoration-none text-strikethrough-none\">Atrav\u00e9s da metodologia da Hist\u00f3ria oral tem\u00e1tica foram entrevistados 18 indiv\u00edduos que eram r\u00e9us em a\u00e7\u00f5es penais que tramitaram no Juizado da Viol\u00eancia Dom\u00e9stica e Familiar contra a Mulher na comarca de Pelotas. Outra fonte utilizada foi o acesso aos autos dos processos penais e a coleta de dados de cada um dos r\u00e9us que participaram voluntariamente do estudo.\u00a0<\/span><span class=\"OYPEnA text-decoration-none text-strikethrough-none\">A pesquisa buscou demonstrar que nascer com um corpo feminino \u00e9 um desafio em um mundo ainda dominado pelas mentes e corpos masculinos, mesmo que as mulheres j\u00e1 possuam uma forte atua\u00e7\u00e3o nas esferas sociais, pol\u00edticas e econ\u00f4micas, exercendo as mais variadas fun\u00e7\u00f5es, como nunca antes puderam fazer.<\/span><\/p>\n<p style=\"text-align: justify;\"><a href=\"https:\/\/www.casaletras.com\/_files\/ugd\/4a0b98_2260f15ac34b43d7946cbc6c37e5af15.pdf\" target=\"_blank\" rel=\"noopener\"><img data-recalc-dims=\"1\" loading=\"lazy\" decoding=\"async\" data-attachment-id=\"4170\" data-permalink=\"https:\/\/wp.ufpel.edu.br\/ndh\/ppgh-ufpel-ndh-ufpel\/1-8\/#main\" data-orig-file=\"https:\/\/i0.wp.com\/wp.ufpel.edu.br\/ndh\/files\/2023\/09\/1.png?fit=1080%2C1080&amp;ssl=1\" data-orig-size=\"1080,1080\" data-comments-opened=\"0\" data-image-meta=\"{&quot;aperture&quot;:&quot;0&quot;,&quot;credit&quot;:&quot;&quot;,&quot;camera&quot;:&quot;&quot;,&quot;caption&quot;:&quot;&quot;,&quot;created_timestamp&quot;:&quot;0&quot;,&quot;copyright&quot;:&quot;&quot;,&quot;focal_length&quot;:&quot;0&quot;,&quot;iso&quot;:&quot;0&quot;,&quot;shutter_speed&quot;:&quot;0&quot;,&quot;title&quot;:&quot;&quot;,&quot;orientation&quot;:&quot;0&quot;}\" data-image-title=\"1\" data-image-description=\"\" data-image-caption=\"\" data-medium-file=\"https:\/\/i0.wp.com\/wp.ufpel.edu.br\/ndh\/files\/2023\/09\/1.png?fit=318%2C318&amp;ssl=1\" data-large-file=\"https:\/\/i0.wp.com\/wp.ufpel.edu.br\/ndh\/files\/2023\/09\/1.png?fit=660%2C148&amp;ssl=1\" class=\"alignleft wp-image-4170 size-thumbnail\" src=\"https:\/\/i0.wp.com\/wp.ufpel.edu.br\/ndh\/files\/2023\/09\/1.png?resize=159%2C159&#038;ssl=1\" alt=\"\" width=\"159\" height=\"159\" srcset=\"https:\/\/i0.wp.com\/wp.ufpel.edu.br\/ndh\/files\/2023\/09\/1.png?resize=159%2C159&amp;ssl=1 159w, https:\/\/i0.wp.com\/wp.ufpel.edu.br\/ndh\/files\/2023\/09\/1.png?resize=318%2C318&amp;ssl=1 318w, https:\/\/i0.wp.com\/wp.ufpel.edu.br\/ndh\/files\/2023\/09\/1.png?resize=768%2C768&amp;ssl=1 768w, https:\/\/i0.wp.com\/wp.ufpel.edu.br\/ndh\/files\/2023\/09\/1.png?resize=619%2C619&amp;ssl=1 619w, https:\/\/i0.wp.com\/wp.ufpel.edu.br\/ndh\/files\/2023\/09\/1.png?w=1080&amp;ssl=1 1080w\" sizes=\"auto, (max-width: 159px) 100vw, 159px\" \/><\/a>KUNRATH, Gabriel Carvalho. <strong><a href=\"https:\/\/wp.ufpel.edu.br\/ppgh\/files\/2023\/09\/Livro-Gabriel-Carvalho-Kunrath.pdf\" target=\"_blank\" rel=\"noopener\">N\u00e3o tivemos outro jeito, ou morr\u00edamos ou nos<\/a> <a href=\"https:\/\/wp.ufpel.edu.br\/ppgh\/files\/2023\/09\/Livro-Gabriel-Carvalho-Kunrath.pdf\" target=\"_blank\" rel=\"noopener\">defend\u00edamos : uma an\u00e1lise acerca da Batalha do Irani (1912)<\/a><\/strong>. Orientadora M\u00e1rcia Janete Espig. 2020.<\/p>\n<p class=\"cvGsUA direction-ltr align-justify para-style-body\" style=\"text-align: justify;\"><span class=\"OYPEnA text-decoration-none text-strikethrough-none\">Trata do come\u00e7o da Guerra do Contestado, mais precisamente sobre a batalha que deu in\u00edcio ao conflito, quando, n<\/span><span class=\"OYPEnA text-decoration-none text-strikethrough-none\">a manh\u00e3 do dia 22\/10\/1912, tropas do Regimento de Seguran\u00e7a do Estado do Paran\u00e1, entraram em confronto com a lideran\u00e7a religiosa popular, o monge Jos\u00e9 Maria, no Banhado Grande, regi\u00e3o de Irani. A pesquisa parte da identifica\u00e7\u00e3o que aquele evento possui diversas vers\u00f5es, supress\u00f5es de fatos e d\u00favidas que precisam ser revisitadas atrav\u00e9s de uma revis\u00e3o historiogr\u00e1fica alicer\u00e7ada na micro-hist\u00f3ria e an\u00e1lise de fontes como processos crime e militares, jornais da \u00e9poca, telegramas e fotografias.<\/span><\/p>\n<p style=\"text-align: justify;\"><a href=\"https:\/\/casaletras.com\/_files\/ugd\/4a0b98_ad2f30d728cd4927b0545cd1b8d1726a.pdf\" target=\"_blank\" rel=\"noopener\"><img data-recalc-dims=\"1\" loading=\"lazy\" decoding=\"async\" data-attachment-id=\"4179\" data-permalink=\"https:\/\/wp.ufpel.edu.br\/ndh\/ppgh-ufpel-ndh-ufpel\/1-10\/#main\" data-orig-file=\"https:\/\/i0.wp.com\/wp.ufpel.edu.br\/ndh\/files\/2023\/10\/1.png?fit=1080%2C1080&amp;ssl=1\" data-orig-size=\"1080,1080\" data-comments-opened=\"0\" data-image-meta=\"{&quot;aperture&quot;:&quot;0&quot;,&quot;credit&quot;:&quot;&quot;,&quot;camera&quot;:&quot;&quot;,&quot;caption&quot;:&quot;&quot;,&quot;created_timestamp&quot;:&quot;0&quot;,&quot;copyright&quot;:&quot;&quot;,&quot;focal_length&quot;:&quot;0&quot;,&quot;iso&quot;:&quot;0&quot;,&quot;shutter_speed&quot;:&quot;0&quot;,&quot;title&quot;:&quot;&quot;,&quot;orientation&quot;:&quot;0&quot;}\" data-image-title=\"1\" data-image-description=\"\" data-image-caption=\"\" data-medium-file=\"https:\/\/i0.wp.com\/wp.ufpel.edu.br\/ndh\/files\/2023\/10\/1.png?fit=318%2C318&amp;ssl=1\" data-large-file=\"https:\/\/i0.wp.com\/wp.ufpel.edu.br\/ndh\/files\/2023\/10\/1.png?fit=660%2C148&amp;ssl=1\" class=\"wp-image-4179 size-thumbnail alignleft\" src=\"https:\/\/i0.wp.com\/wp.ufpel.edu.br\/ndh\/files\/2023\/10\/1.png?resize=159%2C159&#038;ssl=1\" alt=\"\" width=\"159\" height=\"159\" srcset=\"https:\/\/i0.wp.com\/wp.ufpel.edu.br\/ndh\/files\/2023\/10\/1.png?resize=159%2C159&amp;ssl=1 159w, https:\/\/i0.wp.com\/wp.ufpel.edu.br\/ndh\/files\/2023\/10\/1.png?resize=318%2C318&amp;ssl=1 318w, https:\/\/i0.wp.com\/wp.ufpel.edu.br\/ndh\/files\/2023\/10\/1.png?resize=768%2C768&amp;ssl=1 768w, https:\/\/i0.wp.com\/wp.ufpel.edu.br\/ndh\/files\/2023\/10\/1.png?resize=619%2C619&amp;ssl=1 619w, https:\/\/i0.wp.com\/wp.ufpel.edu.br\/ndh\/files\/2023\/10\/1.png?w=1080&amp;ssl=1 1080w\" sizes=\"auto, (max-width: 159px) 100vw, 159px\" \/><\/a>LOPES, J\u00e9ssica Bitencourt. <a href=\"https:\/\/wp.ufpel.edu.br\/ppgh\/files\/2023\/09\/Livro-Jessica-Lopes.pdf\" target=\"_blank\" rel=\"noopener\"><strong>Boletim Renner: Um peri\u00f3dico das ind\u00fastrias Renner, Porto Alegre &#8211; RS (1949-1958).<\/strong><\/a> Orientador Aristeu Elisandro Mahcado Lopes.<\/p>\n<p style=\"text-align: justify;\"><span class=\"OYPEnA text-decoration-none text-strikethrough-none\">Analisando uma publica\u00e7\u00e3o da comunica\u00e7\u00e3o institucional das ind\u00fastrias Renner de Porto Alegre, a pesquisa buscou compreender o que era o Boletim Renner e quais os interesses que o cercavam, partindo da hip\u00f3tese de que ele servia como ferramenta de um grupo de empres\u00e1rios para assegurar seu poder na hierarquia social, consolidar seus ideais e fortalecer uma identidade empresarial.\u00a0<\/span><span class=\"OYPEnA text-decoration-none text-strikethrough-none\">Utilizando-se de refer\u00eancias de diferentes \u00e1reas como a comunica\u00e7\u00e3o e campos historiogr\u00e1ficos como a Hist\u00f3ria do Trabalho, Hist\u00f3ria das Elites e Hist\u00f3ria da Imprensa, essa pesquisa procurou contribuir especialmente no desenvolvimento da Hist\u00f3ria das Empresas, investigando as potencialidades dos usos de peri\u00f3dicos institucionais para o entendimento das hist\u00f3rias das organiza\u00e7\u00f5es em meio a estrutura social em que estavam inseridas.<\/span><\/p>\n<p style=\"text-align: justify;\"><a href=\"https:\/\/www.casaletras.com\/_files\/ugd\/4a0b98_94fbfaf2b0824e9fbcbbe8cc2318f9b5.pdf\" target=\"_blank\" rel=\"noopener\"><img data-recalc-dims=\"1\" loading=\"lazy\" decoding=\"async\" data-attachment-id=\"4176\" data-permalink=\"https:\/\/wp.ufpel.edu.br\/ndh\/ppgh-ufpel-ndh-ufpel\/1-9\/#main\" data-orig-file=\"https:\/\/i0.wp.com\/wp.ufpel.edu.br\/ndh\/files\/2023\/09\/1-1.png?fit=1080%2C1080&amp;ssl=1\" data-orig-size=\"1080,1080\" data-comments-opened=\"0\" data-image-meta=\"{&quot;aperture&quot;:&quot;0&quot;,&quot;credit&quot;:&quot;&quot;,&quot;camera&quot;:&quot;&quot;,&quot;caption&quot;:&quot;&quot;,&quot;created_timestamp&quot;:&quot;0&quot;,&quot;copyright&quot;:&quot;&quot;,&quot;focal_length&quot;:&quot;0&quot;,&quot;iso&quot;:&quot;0&quot;,&quot;shutter_speed&quot;:&quot;0&quot;,&quot;title&quot;:&quot;&quot;,&quot;orientation&quot;:&quot;0&quot;}\" data-image-title=\"1\" data-image-description=\"\" data-image-caption=\"\" data-medium-file=\"https:\/\/i0.wp.com\/wp.ufpel.edu.br\/ndh\/files\/2023\/09\/1-1.png?fit=318%2C318&amp;ssl=1\" data-large-file=\"https:\/\/i0.wp.com\/wp.ufpel.edu.br\/ndh\/files\/2023\/09\/1-1.png?fit=660%2C148&amp;ssl=1\" class=\"wp-image-4176 size-thumbnail alignleft\" src=\"https:\/\/i0.wp.com\/wp.ufpel.edu.br\/ndh\/files\/2023\/09\/1-1.png?resize=159%2C159&#038;ssl=1\" alt=\"\" width=\"159\" height=\"159\" srcset=\"https:\/\/i0.wp.com\/wp.ufpel.edu.br\/ndh\/files\/2023\/09\/1-1.png?resize=159%2C159&amp;ssl=1 159w, https:\/\/i0.wp.com\/wp.ufpel.edu.br\/ndh\/files\/2023\/09\/1-1.png?resize=318%2C318&amp;ssl=1 318w, https:\/\/i0.wp.com\/wp.ufpel.edu.br\/ndh\/files\/2023\/09\/1-1.png?resize=768%2C768&amp;ssl=1 768w, https:\/\/i0.wp.com\/wp.ufpel.edu.br\/ndh\/files\/2023\/09\/1-1.png?resize=619%2C619&amp;ssl=1 619w, https:\/\/i0.wp.com\/wp.ufpel.edu.br\/ndh\/files\/2023\/09\/1-1.png?w=1080&amp;ssl=1 1080w\" sizes=\"auto, (max-width: 159px) 100vw, 159px\" \/><\/a>RESENDE Jr., Jos\u00e9 Ricardo Marques. <strong><a href=\"https:\/\/wp.ufpel.edu.br\/ppgh\/files\/2023\/09\/Livro-Jose-Resende-Jr.pdf\" target=\"_blank\" rel=\"attachment noopener wp-att-3368\">\u201cInf\u00e2ncias de sal e areia\u201d uma hist\u00f3ria das crian\u00e7as escravizadas em Pelotas e Rio Grande (1820-1870)<\/a><\/strong>. Orientador Jonas Vargas. 2021.<\/p>\n<p style=\"text-align: justify;\">O autor busca pensar a experi\u00eancia das crian\u00e7as escravizadas no extremo sul do Imp\u00e9rio brasileiro (Pelotas e Rio Grande) entre os anos de 1820 e 1870. No estudo, analisa quais foram e se houveram altera\u00e7\u00f5es na presen\u00e7a das crian\u00e7as nas escravarias com o fim do tr\u00e1fico atl\u00e2ntico, com os movimentos de emancipa\u00e7\u00e3o e as altera\u00e7\u00f5es nos discursos a respeito da maternidade negra (1869) at\u00e9 as v\u00e9speras do Ventre Livre. Para Jos\u00e9 Ricardo, estudar a inf\u00e2ncia escravizada ajuda a pensar com mais profundidade a sistem\u00e1tica da escravid\u00e3o no s\u00e9culo XIX e auxilia a repensarmos outros assuntos da tem\u00e1tica como: estrutura de posse, fam\u00edlia e maternidade.<\/p>\n","protected":false},"excerpt":{"rendered":"<p>Nesse espa\u00e7o divulgaremos produ\u00e7\u00f5es editadas pelo Programa de P\u00f3s-Gradua\u00e7\u00e3o em Hist\u00f3ria da UFPel com a colabora\u00e7\u00e3o de docentes vinculados ao N\u00facleo. A s\u00e9rie abaixo versa sobre disserta\u00e7\u00f5es defendidas entre 2018 e 2021 selecionadas, atrav\u00e9s de edital (2022), para publica\u00e7\u00e3o em livro. CHAVES, Elisiane Medeiros. \u201c[\u2026] eu quebrei a pau, chutei, arroxei os dois olhos, eu [&hellip;]<\/p>\n","protected":false},"author":718,"featured_media":0,"parent":0,"menu_order":0,"comment_status":"closed","ping_status":"closed","template":"","meta":{"jetpack_post_was_ever_published":false,"footnotes":""},"class_list":["post-4168","page","type-page","status-publish","hentry"],"jetpack_sharing_enabled":true,"jetpack_shortlink":"https:\/\/wp.me\/P9qy4R-15e","jetpack_likes_enabled":true,"jetpack-related-posts":[],"_links":{"self":[{"href":"https:\/\/wp.ufpel.edu.br\/ndh\/wp-json\/wp\/v2\/pages\/4168","targetHints":{"allow":["GET"]}}],"collection":[{"href":"https:\/\/wp.ufpel.edu.br\/ndh\/wp-json\/wp\/v2\/pages"}],"about":[{"href":"https:\/\/wp.ufpel.edu.br\/ndh\/wp-json\/wp\/v2\/types\/page"}],"author":[{"embeddable":true,"href":"https:\/\/wp.ufpel.edu.br\/ndh\/wp-json\/wp\/v2\/users\/718"}],"replies":[{"embeddable":true,"href":"https:\/\/wp.ufpel.edu.br\/ndh\/wp-json\/wp\/v2\/comments?post=4168"}],"version-history":[{"count":10,"href":"https:\/\/wp.ufpel.edu.br\/ndh\/wp-json\/wp\/v2\/pages\/4168\/revisions"}],"predecessor-version":[{"id":4184,"href":"https:\/\/wp.ufpel.edu.br\/ndh\/wp-json\/wp\/v2\/pages\/4168\/revisions\/4184"}],"wp:attachment":[{"href":"https:\/\/wp.ufpel.edu.br\/ndh\/wp-json\/wp\/v2\/media?parent=4168"}],"curies":[{"name":"wp","href":"https:\/\/api.w.org\/{rel}","templated":true}]}}