{"id":292,"date":"2017-02-17T14:01:08","date_gmt":"2017-02-17T16:01:08","guid":{"rendered":"https:\/\/wp.ufpel.edu.br\/ndh\/?page_id=292"},"modified":"2021-08-15T18:50:54","modified_gmt":"2021-08-15T21:50:54","slug":"pesquisa","status":"publish","type":"page","link":"https:\/\/wp.ufpel.edu.br\/ndh\/pesquisa\/","title":{"rendered":"Pesquisa"},"content":{"rendered":"<p><strong>\u00c0 beira da extin\u00e7\u00e3o: mem\u00f3rias de trabalhadores cujos of\u00edcios est\u00e3o em vias de desaparecer:\u00a0<\/strong>Em nossa sociedade, com as r\u00e1pidas transforma\u00e7\u00f5es industriais e a revolu\u00e7\u00e3o da inform\u00e1tica, cada vez mais profiss\u00f5es e, principalmente of\u00edcios manuais v\u00e3o se tornando obsoletos neste inicio do s\u00e9culo XIX, sendo extintos ou estando em vias de desaparecer. Por outro lado, os trabalhadores que os exerceram t\u00eam um rico manancial de viv\u00eancias, experi\u00eancias e trajet\u00f3rias ligadas a estes of\u00edcios, que v\u00e3o se perder paulatinamente com o desaparecimento destes. A maioria desses trabalhadores j\u00e1 se encontra retirada do mercado de trabalho, pelos motivos do esgotamento de suas for\u00e7as de trabalho, com o decl\u00ednio natural da idade e tamb\u00e9m pelo avassalador efeito das novas tecnologias, que tornaram alguns dos of\u00edcios mais tradicionais at\u00e9 ent\u00e3o, completamente ultrapassados, como \u00e9 o caso das parteiras, e lavadeiras, ocupa\u00e7\u00f5es existentes desde o Brasil col\u00f4nia, mas que hoje encontram pouca raz\u00e3o de ser. A quest\u00e3o mais relevante ser\u00e1 justamente analisar aquelas profiss\u00f5es \u00e0 beira da extin\u00e7\u00e3o, como estivadores, tecel\u00e3s, sapateiros, alfaiates, afiadores de faca, fot\u00f3grafos de rua, bem como benzedeiras, parteiras, curandeiras, of\u00edcios que insistem em se manter em um mundo que parece n\u00e3o querer mais lhes dar qualquer tipo de espa\u00e7o, j\u00e1 que, muitas vezes, aquilo que oferecem se tornou descart\u00e1vel.\u00a0<strong>[<\/strong><strong>Coordenadora: Lorena Almeida Gill]<\/strong><\/p>\n<hr \/>\n<p><strong>Afrodescendentes na regi\u00e3o Sul: biografias, trajet\u00f3rias associativas e familiares:\u00a0<\/strong>O trabalho de pesquisa aqui proposto objetiva constituir biografias individuais de personagens afro-brasileiros que, na Primeira Rep\u00fablica, engajaram-se em espa\u00e7os de sociabilidades e milit\u00e2ncia da regi\u00e3o meridional do Brasil, especificamente nos Estados do Paran\u00e1, Santa Catarina e Rio Grande do Sul. Agregando pesquisadores de universidades federais dos tr\u00eas estados (UFPR, UFSC e UFPEL), realizar\u00e1 tamb\u00e9m estudos de trajet\u00f3rias familiares de alguns dos personagens estudados. Por meio de publica\u00e7\u00e3o de livros, artigos e materiais para a Educa\u00e7\u00e3o B\u00e1sica, bem como de a\u00e7\u00f5es para forma\u00e7\u00e3o de jovens pesquisadores, para capacita\u00e7\u00e3o de rec\u00e9m-doutores e sensibiliza\u00e7\u00e3o de professores da Educa\u00e7\u00e3o B\u00e1sica em rela\u00e7\u00e3o ao tema, visa contribuir para a amplia\u00e7\u00e3o dos conhecimentos sobre a tem\u00e1tica e para o adensamento da compreens\u00e3o da constru\u00e7\u00e3o da cidadania no contexto republicano, abarcando, entre outros aspectos, a import\u00e2ncia das distin\u00e7\u00f5es sociais existentes no per\u00edodo. <strong>[Coordenadora Geral: \u00a0Joseli Maria Nunes Mendon\u00e7a, da UFPR; Coordenadora Local: Lorena Almeida Gill]<\/strong><\/p>\n<hr \/>\n<p><strong>Tra\u00e7ando o perfil do trabalhador ga\u00facho:\u00a0<\/strong>Conforma\u00e7\u00e3o e an\u00e1lise do perfil do trabalhador ga\u00facho, atrav\u00e9s de t\u00e9cnicas de pesquisas quantitativas (cria\u00e7\u00e3o de banco de dados digital). Atrav\u00e9s da an\u00e1lise dos campos do banco de dados ser\u00e1 poss\u00edvel recuperar, desde elementos f\u00edsicos, como cor, g\u00eanero, faixa et\u00e1ria, culturais e educacionais, como profiss\u00e3o e grau de instru\u00e7\u00e3o, bem como local de trabalho e moradia, estado civil, n\u00famero de filhos e nacionalidade. Isso nos permitir\u00e1 tra\u00e7ar com maior precis\u00e3o seu perfil, al\u00e9m de possibilitar responder a v\u00e1rias quest\u00f5es que h\u00e1 anos preocupam os estudiosos do trabalho, como a aceitabilidade das carteiras e leis trabalhistas, o impacto do sal\u00e1rio m\u00ednimo sobre o processo de acumula\u00e7\u00e3o no pais, entre outras quest\u00f5es.\u00a0<strong>[<\/strong><strong>Coordenador: Aristeu Lopes]<\/strong><\/p>\n<hr \/>\n<p><strong>Narrativas gr\u00e1ficas na imprensa ilustrada do Brasil. S\u00e9culos XIX e XX:<\/strong>\u00a0O projeto de pesquisa Narrativas gr\u00e1ficas na imprensa ilustrada do Brasil. S\u00e9culos XIX e XX tem por objetivo principal identificar e analisar a produ\u00e7\u00e3o das narrativas gr\u00e1ficas na imprensa ilustrada brasileira, sobretudo no s\u00e9culo XIX, mas tamb\u00e9m naquela do come\u00e7o do s\u00e9culo XX. Dessa forma, o ponto de partida deste projeto \u00e9 o pressuposto que \u00e9 poss\u00edvel considerar determinadas ilustra\u00e7\u00f5es publicadas em peri\u00f3dicos brasileiros como hist\u00f3rias em quadrinhos, apesar das suas veicula\u00e7\u00f5es antecederem o lan\u00e7amento daquelas consideradas precursoras deste tipo de arte gr\u00e1fica. No desenvolvimento do projeto, e ent\u00e3o adentrando os jornais do s\u00e9culo XX, pretende-se averiguar como o advento das hist\u00f3rias em quadrinhos surgiu nas p\u00e1ginas dos peri\u00f3dicos. A projeto prev\u00ea o come\u00e7o da pesquisa em peri\u00f3dicos do Rio de Janeiro, como Revista Illustrada e O Mequetrefe, e do Rio Grande do Sul, como o jornal pelotense A Ventarola.\u00a0<strong>[<\/strong><strong>Coordenador: Aristeu Lopes]<\/strong><\/p>\n<hr \/>\n<p style=\"text-align: justify\"><strong>Da carne e do couro: os trabalhadores dos frigor\u00edficos e dos curtumes no Rio Grande do Sul nas solicita\u00e7\u00f5es de carteira profissional e nos processos judiciais, 1933-1950.<\/strong> O projeto, iniciado em 2020, pretende pesquisar, mapear, identificar e analisar os mundos do trabalho no que se refere aos trabalhadores e trabalhadoras vinculados \u00e0s ind\u00fastrias da carne e \u00e0s ind\u00fastrias do couro instaladas no estado do Rio Grande do Sul entre os anos de 1933 e 1950. Para esse objetivo, os dados da DRT\/RS ser\u00e3o os condutores do desenvolvimento do projeto que ainda vai pesquisar os processos judiciais dos acervos do Arquivo da Justi\u00e7a do Trabalho da Comarca de Pelotas, salvaguardado no NDH, Arquivo do Tribunal de Justi\u00e7a do Estado do Rio Grande do Sul e o Memorial da Justi\u00e7a do Trabalho do Tribunal Regional do Trabalho da 4\u00ba regi\u00e3o. O projeto conta com aux\u00edlio financeiro da Funda\u00e7\u00e3o de Amparo \u00e0 Pesquisa do Estado do Rio Grande do Sul atrav\u00e9s do Edital do Programa Pesquisador Ga\u00facho da FAPERGS. <strong>[<\/strong><strong>Coordenador: Aristeu Lopes]<\/strong><\/p>\n<hr \/>\n<p style=\"text-align: justify\"><strong>Elites sociais, poder pol\u00edtico e estrat\u00e9gias familiares em Pelotas (1850-1950): <\/strong>O projeto visa realizar um estudo das principais fam\u00edlias que se constitu\u00edram enquanto elite entre, aproximadamente, 1850 e 1950 e em que medida elas foram atingidas ou perderam posi\u00e7\u00f5es com as sucessivas crises econ\u00f4micas e pol\u00edticas que afetaram o per\u00edodo. Em nossa Tese de Doutorado verificamos que, entre 1870 e 1890, um grupo de fam\u00edlias controlava os principais espa\u00e7os de atua\u00e7\u00e3o pol\u00edtica e cultural e que se constitu\u00edam nas mais ricas do munic\u00edpio. Nossa hip\u00f3tese \u00e9 que essas fam\u00edlias foram se adaptando as muitas mudan\u00e7as que a sociedade brasileira vinha atravessando, diversificando as suas atividades para manterem-se ainda como elite local e regional at\u00e9 os anos 1930\/1940. Contudo, a partir dos anos 1950, elas perderam esse espa\u00e7o para outras fam\u00edlias e nosso projeto busca verificar quais os fatores internos e externos \u00e0 sociedade local colaboraram para tais fen\u00f4menos sociais, uma vez que a crise das charqueadas n\u00e3o foi capaz de derrub\u00e1-las do topo da pir\u00e2mide social.<\/p>\n<p style=\"text-align: justify\"><strong>Coordenador:<\/strong> Jonas Moreira Vargas<br \/>\n<strong>Bolsista:<\/strong> Marina Ribeiro Cardoso<br \/>\n<strong>Integrantes:<\/strong> J\u00e9ssica Rodrigues Bandeira Peres, Vitor Wieth Porto, Etiane Carvalho Nunes, Tamires Ferreira Soares, Fernando Brod.<\/p>\n<p>&nbsp;<\/p>\n","protected":false},"excerpt":{"rendered":"<p>\u00c0 beira da extin\u00e7\u00e3o: mem\u00f3rias de trabalhadores cujos of\u00edcios est\u00e3o em vias de desaparecer:\u00a0Em nossa sociedade, com as r\u00e1pidas transforma\u00e7\u00f5es industriais e a revolu\u00e7\u00e3o da inform\u00e1tica, cada vez mais profiss\u00f5es e, principalmente of\u00edcios manuais v\u00e3o se tornando obsoletos neste inicio do s\u00e9culo XIX, sendo extintos ou estando em vias de desaparecer. Por outro lado, os [&hellip;]<\/p>\n","protected":false},"author":718,"featured_media":0,"parent":0,"menu_order":0,"comment_status":"closed","ping_status":"closed","template":"","meta":{"jetpack_post_was_ever_published":false,"footnotes":""},"class_list":["post-292","page","type-page","status-publish","hentry"],"jetpack_sharing_enabled":true,"jetpack_shortlink":"https:\/\/wp.me\/P9qy4R-4I","jetpack_likes_enabled":true,"jetpack-related-posts":[],"_links":{"self":[{"href":"https:\/\/wp.ufpel.edu.br\/ndh\/wp-json\/wp\/v2\/pages\/292","targetHints":{"allow":["GET"]}}],"collection":[{"href":"https:\/\/wp.ufpel.edu.br\/ndh\/wp-json\/wp\/v2\/pages"}],"about":[{"href":"https:\/\/wp.ufpel.edu.br\/ndh\/wp-json\/wp\/v2\/types\/page"}],"author":[{"embeddable":true,"href":"https:\/\/wp.ufpel.edu.br\/ndh\/wp-json\/wp\/v2\/users\/718"}],"replies":[{"embeddable":true,"href":"https:\/\/wp.ufpel.edu.br\/ndh\/wp-json\/wp\/v2\/comments?post=292"}],"version-history":[{"count":9,"href":"https:\/\/wp.ufpel.edu.br\/ndh\/wp-json\/wp\/v2\/pages\/292\/revisions"}],"predecessor-version":[{"id":2797,"href":"https:\/\/wp.ufpel.edu.br\/ndh\/wp-json\/wp\/v2\/pages\/292\/revisions\/2797"}],"wp:attachment":[{"href":"https:\/\/wp.ufpel.edu.br\/ndh\/wp-json\/wp\/v2\/media?parent=292"}],"curies":[{"name":"wp","href":"https:\/\/api.w.org\/{rel}","templated":true}]}}