{"id":201,"date":"2017-02-15T16:24:18","date_gmt":"2017-02-15T18:24:18","guid":{"rendered":"https:\/\/wp.ufpel.edu.br\/ndh\/?page_id=201"},"modified":"2026-02-13T10:04:27","modified_gmt":"2026-02-13T13:04:27","slug":"artigos","status":"publish","type":"page","link":"https:\/\/wp.ufpel.edu.br\/ndh\/artigos\/","title":{"rendered":"Artigos (Peri\u00f3dicos)"},"content":{"rendered":"<p style=\"text-align: justify;\">GILL, L. A; CUNHA, A. R. B.; GOTUZZO, G. G. <a href=\"https:\/\/periodicos.ufpel.edu.br\/index.php\/HistRev\/article\/view\/30838\" target=\"_blank\" rel=\"noopener\"><strong>A legisla\u00e7\u00e3o de prote\u00e7\u00e3o aos jovens aprendizes no Brasil: o caso das meninas a partir da documenta\u00e7\u00e3o da Justi\u00e7a do Trabalho de Pelotas\/RS (1940-1960)<\/strong><\/a>. Hist\u00f3ria em Revista, v. 31, p. 193-209, 2026.<\/p>\n<p style=\"text-align: justify;\">GILL, L. A. <a href=\"https:\/\/ojs.uel.br\/revistas\/uel\/index.php\/antiteses\/article\/view\/51492\" target=\"_blank\" rel=\"noopener\"><strong>Uma doen\u00e7a devastadora: a var\u00edola em Pelotas (RS) na virada do s\u00e9culo XIX e in\u00edcio do XX<\/strong><\/a>. Revista Ant\u00edteses, v. 18, p. 341-367, 2025.<\/p>\n<p style=\"text-align: justify;\">GILL, Lorena Almeida; KOSCHIER, Paulo.\u00a0<a href=\"https:\/\/revista.an.gov.br\/index.php\/revistaacervo\/%20article\/view\/2318\" target=\"_blank\" rel=\"noopener\"><strong>O Arquivo da Justi\u00e7a do Trabalho de Pelotas, RS: pesquisa hist\u00f3rica, acesso e democratiza\u00e7\u00e3o do conhecimento.<\/strong><\/a> Acervo &#8211; Revista do Arquivo Nacional. Vol. 38 n. 1 (jan.\/abr. &#8211; 2025): Arquivos, museus e bibliotecas como espa\u00e7os de produ\u00e7\u00e3o de conhecimento, p. 1-22, 2025.<\/p>\n<p style=\"text-align: justify;\">VARGAS, Jonas Moreira. <a href=\"https:\/\/revista.arquivonacional.gov.br\/index.php\/revistaacervo\/%20article\/view\/2151\" target=\"_blank\" rel=\"noopener\"><strong>As f\u00e1bricas de velas do Rio de Janeiro e suas conex\u00f5es escravistas e mercantis com a pecu\u00e1ria da fronteira do Rio Grande do Sul (1830-1870)<\/strong><\/a>. ACERVO: REVISTA DO ARQUIVO NACIONAL, v. 37, p. 1-32, 2024.<\/p>\n<p style=\"text-align: justify;\">LOPES, Aristeu Elisandro Machado. <a href=\"http:\/\/revistatrashumante.com\/pb\/avada_portfolio\/numero-23\/\" target=\"_blank\" rel=\"noopener\"><strong>Trabalhadores em curtumes nas solicita\u00e7\u00f5es de carteira profissional e nos processos trabalhistas, Pelotas (Rio Grande do Sul, Brasil), anos 1930\/1940<\/strong><\/a>. Trashumante-Revista Americana De Historia Social, v. 23, p. 06-31, 2024.<\/p>\n<p style=\"text-align: justify;\">LOPES, Aristeu Elisandro Machado. <a href=\"https:\/\/rihgb.emnuvens.com.br\/revista\/article\/view\/185\" target=\"_blank\" rel=\"noopener\"><strong>Saraiva, Cotegipe e a lei dos sexagen\u00e1rios: dois presidentes do Conselho de Ministros do Imp\u00e9rio do Brasil nas p\u00e1ginas da imprensa ilustrada oitocentista do Rio de Janeiro<\/strong><\/a>. REVISTA DO INSTITUTO HIST\u00d3RICO E GEOGRAPHICO BRAZILEIRO, v. 185, p. 244-263, 2024.<\/p>\n<p style=\"text-align: justify;\">NASCIMENTO, Eduardo do, NASCIMENTO, Patricia Frangelli Bugallo Lopes do, CRESTANI, Let\u00edssi, PAES, Lucinei Xavier, ESPIG, M\u00e1rcia Janete. <a href=\"https:\/\/www.periodicos.unc.br\/index.php\/drd\/article\/view\/4739\" target=\"_blank\" rel=\"noopener\"><strong>Caixa de mem\u00f3ria do Contestado: uma abordagem de ensino transdiscipinar<\/strong><\/a>. DRd &#8211; Desenvolvimento Regional em debate, v. 13, p. 461-481, 2023.<\/p>\n<p style=\"text-align: justify;\">GILL, Lorena Almeida; SANTOS, Dulcin\u00e9ia Esteves. <a href=\"https:\/\/periodicos.uninove.br\/dialogia\/article\/view\/23351\" target=\"_blank\" rel=\"noopener\"><strong>O ass\u00e9dio moral contra estudantes em uma institui\u00e7\u00e3o p\u00fablica: o casa da Universidade Federal de Pelotas (UFPel).<\/strong><\/a> Dialogia. n.45, p. 1-13. 2023<\/p>\n<p style=\"text-align: justify;\">GILL, Lorena Almeida; CABRAL, Lisi\u00ea Kremer; CORDEIRO, Jos\u00e9 Henrique Carlucio; OLIVEIRA, Ana L\u00facia Costa de. <a href=\"https:\/\/revistas.ufpel.edu.br\/index.php\/pixo\/article\/view\/5825\/5142\" target=\"_blank\" rel=\"noopener\"><strong>Patrim\u00f4nio Escolar em Abandono. O projeto padr\u00e3o da Escola Alfredo Rodrigues (Povo Novo, Rio Grande, 1942-2007).<\/strong><\/a> PIXO &#8211; Revista de Arquitetura, Cidade e Contemporaneidade. v.7, n.24, p. 66-79. 2023.<\/p>\n<p style=\"text-align: justify;\">LOPES, Aristeu Elisandro Machado. <a href=\"https:\/\/www.scielo.br\/j\/his\/a\/vtYM97D9G7GzqchtwvQ9HRt\/?lang=pt#\" target=\"_blank\" rel=\"noopener\"><strong>Mulheres trabalhadoras no Rio Grande do Sul: fotografias 3&#215;4 de solicitantes de carteira profissional (1933 &#8211; 1944).<\/strong><\/a> HIST\u00d3RIA (S\u00c3O PAULO), v. 41, p. 01, 2022.<\/p>\n<p style=\"text-align: justify;\">LOPES, Aristeu Elisandro Machado.\u00a0<a href=\"https:\/\/periodicos.ufpb.br\/index.php\/srh\/article\/view\/63667\" target=\"_blank\" rel=\"noopener\"><strong>Os trabalhadores em frigor\u00edficos no Rio Grande do Sul: considera\u00e7\u00f5es sobre as ind\u00fastrias da carne e fotografias 3&#215;4,anos 1930\/1940.<\/strong><\/a> SAECULUM, v. 27, p. 119-138, 2022.<\/p>\n<p style=\"text-align: justify;\">LOPES, Aristeu Elisandro Machado. <strong><a href=\"https:\/\/revista.arquivonacional.gov.br\/index.php\/revistaacervo\/article\/view\/1832\" target=\"_blank\" rel=\"noopener\">O Centen\u00e1rio da Independ\u00eancia do Brasil nas p\u00e1ginas do Almanaque de Pelotas (1922-1923).<\/a><\/strong> ACERVO: REVISTA DO ARQUIVO NACIONAL, v. 35, p. 01-21, 2022.<\/p>\n<p style=\"text-align: justify;\">LOPES, Aristeu Elisandro Machado; RIPE, F. ; DILLMANN, M. . <a href=\"https:\/\/ojs.uel.br\/revistas\/uel\/index.php\/antiteses\/article\/view\/44388\" target=\"_blank\" rel=\"noopener\"><strong>Trabalhadores professores em fotografias 3&#215;4: Perfis dos solicitantes de carteira profissional em Porto Alegre, 1933-1944.<\/strong><\/a> Revista Ant\u00edteses, v. 29, p. 34-64, 2022.<\/p>\n<p style=\"text-align: justify;\">GILL, Lorena; TABORDA, Taiane.\u00a0 <a href=\"https:\/\/www.scielo.br\/j\/hcsm\/a\/phKqsgSb9g75FkthySgPPgx\/?format=pdf&amp;lang=pt\"><strong>A doen\u00e7a no acervo documental da Justi\u00e7a do Trabalho de Pelotas (RS), 1939-1954<\/strong><\/a>. Hist\u00f3ria, Ci\u00eancias, Sa\u00fade \u2013 Manguinhos, Rio de Janeiro,\u00a0 \u00a0 v.29, n.3, jul.-set. 2022, p.737-750.<\/p>\n<p style=\"text-align: justify;\">VARGAS, Jonas Moreira; GILL, Lorena Almeida. <a href=\"https:\/\/www.casaletras.com\/albumdepelotas\" target=\"_blank\" rel=\"noopener\"><strong>A\u00a0 hist\u00f3ria de Pelotas contada no \u00c1lbum de Pelotas e uma outra narrativa poss\u00edvel.<\/strong><\/a> IN: LOPES, Aristeu; DILLMANN, Mauro; ALMEIDA, Guilherme (Orgs.). Centen\u00e1rio do \u00c1lbum de Pelotas de 1922: fotografias, mem\u00f3ria e hist\u00f3ria. Tomo I, p. 65-73. Porto Alegre: Casaletras, 2022.<\/p>\n<p style=\"text-align: justify;\">LOPES, Aristeu; DILLMANN, Mauro. <a href=\"https:\/\/www.casaletras.com\/albumdepelotas\" target=\"_blank\" rel=\"noopener\"><strong>Considera\u00e7\u00f5es sobre o \u00c1lbum de Pelotas de 1922: Modernidade, urbanidade, ruralidade.<\/strong><\/a> IN: LOPES, Aristeu; DILLMANN, Mauro; ALMEIDA, Guilherme (Orgs.). Centen\u00e1rio do \u00c1lbum de Pelotas de 1922: fotografias, mem\u00f3ria e hist\u00f3ria. Tomo I, p. 25-34. Porto Alegre: Casaletras, 2022.<\/p>\n<p style=\"text-align: justify;\">PAULA, D\u00e9bora Clasen de; VARGAS, Jonas. <a href=\"https:\/\/www.casaletras.com\/albumdepelotas\" target=\"_blank\" rel=\"noopener\"><strong>Pelotas e as elites do passado no \u00c1lbum de Pelotas<\/strong><\/a> IN: LOPES, Aristeu; DILLMANN, Mauro; ALMEIDA, Guilherme (Orgs.). Centen\u00e1rio do \u00c1lbum de Pelotas de 1922: fotografias, mem\u00f3ria e hist\u00f3ria. Tomo I, p. 75-82. Porto Alegre: Casaletras, 2022.<\/p>\n<p style=\"text-align: justify;\">LOPES, Aristeu. <a href=\"https:\/\/www.casaletras.com\/albumdepelotas\" target=\"_blank\" rel=\"noopener\"><strong>As f\u00e1bricas no \u00c1lbum de Pelotas.<\/strong><\/a> IN: LOPES, Aristeu; DILLMANN, Mauro; ALMEIDA, Guilherme (Orgs.). Centen\u00e1rio do \u00c1lbum de Pelotas de 1922: fotografias, mem\u00f3ria e hist\u00f3ria. Tomo I, p. 203-2011. Porto Alegre: Casaletras, 2022.<\/p>\n<p style=\"text-align: justify;\">LOPES, Aristeu Elisandro Machado. <strong><a href=\"https:\/\/historiasocialecomparada.org\/revistas\/index.php\/silloges\/article\/view\/147\" target=\"_blank\" rel=\"noopener\">O Acervo da Delegacia Regional do Trabalho do Rio Grande Do Sul e as possibilidades de pesquisa sobre os trabalhadores em curtumes, anos 1930\/1940.<\/a><\/strong> Sillog\u00e9s, v. 4, p. 129-158, 2021.<\/p>\n<p style=\"text-align: justify;\">GILL, Lorena Almeida; CHIARELLI, Ana Paula; LANGHANZ, Milena da Silva. <a href=\"https:\/\/seer.ufs.br\/index.php\/pontadelanca\/article\/view\/16626\" target=\"_blank\" rel=\"noopener\"><strong>A vida se transforma em morte: a pandemia de covid-19 no cotidiano dos moradores e moradoras da cidade de Pelotas (RS)<\/strong><\/a>. PONTA DE LAN\u00c7A (UFS), v. 15, p. 213-230, 2021.<\/p>\n<p>GILL, Lorena Almeida e MENDES, Nic\u00e9ia Silva. <a href=\"https:\/\/periodicos.ufpel.edu.br\/ojs2\/index.php\/expressaextensao\/article\/view\/21158\" target=\"_blank\" rel=\"noopener\"><strong>Cotas no curso de pedagogia da UFPel: uma an\u00e1lise do perfil dos estudantes e da democratiza\u00e7\u00e3o do acesso \u00e0 universidade<\/strong><\/a>. Expressa Extens\u00e3o, v. 26, n. 3, p. 81-92, set-dez, 2021. Pelotas: EDUFPel, 2021.<\/p>\n<p style=\"text-align: justify;\">PEREIRA, L. T. ; GILL, L. A . <a href=\"https:\/\/estudioshistoricos.org\/26\/eh2611.pdf\" target=\"_blank\" rel=\"noopener\"><strong>Se fosse poss\u00edvel pensar formas de nos mantermos mais pr\u00f3ximos da universidade: uma an\u00e1lise do acompanhamento de egressos e egressas do curso de Licenciatura em Hist\u00f3ria da UFPel.<\/strong> <\/a>ESTUDIOS HIST\u00d3RICOS (RIVERA), v. 26, p. 1-21, 2021.<\/p>\n<p>VARGAS, Jonas M. <a href=\"https:\/\/periodicos.unifesp.br\/index.php\/alm\/article\/view\/11116\"><strong>\u201cNos caminhos de S\u00e3o Greg\u00f3rio\u201d:<\/strong> As hierarquias sociais na Fronteira do Brasil com o Uruguai e o comando regional do Brigadeiro David Canabarro (c. 1831-1865)<\/a>, Revista Almanack, n. 27, 2021, p. 1-50.<\/p>\n<p>OLIVEIRA, Quezia; LANGHANZ, Milena e GILL, Lorena. <a href=\"https:\/\/periodicos.ufpel.edu.br\/ojs2\/index.php\/HistRev\/article\/view\/20622\"><strong>&#8220;Sinto falta de abra\u00e7os&#8221;:<\/strong> os impactos da pandemia de covid-19 na vida cotidiana dos alunos e alunas da UFPel.<\/a> Hist\u00f3ria em Revista. Pelotas: Editora da UFPel, 2020, p. 230- 239<\/p>\n<p>LANGHANZ, Milena; GILL, Lorena<a href=\"https:\/\/periodicos.uninove.br\/dialogia\/article\/view\/18188\/8734\">. <strong>Os desafios dos estudantes trabalhadores da UFPel (2019-2020).<\/strong><\/a> Dialogia. S\u00e3o Paulo, n. 36, p. 581-594, set\/dez. 2020.<\/p>\n<p>VARGAS, Jonas M.; SANTOS, Jo\u00e3o Manoel Malaia; REMEDI, Jos\u00e9. <a href=\"https:\/\/www.scielo.br\/j\/topoi\/a\/fqxdwCBzGrSsHyrRHcYc8FL\/?format=pdf&amp;lang=pt\"><strong>\u201cUma reuni\u00e3o de carreiras de cavalos\u201d<\/strong>: lazer, esporte e os paradoxos da modernidade no Rio Grande do Sul, s\u00e9culos XIX e XX.<\/a> Topoi, Rio de Janeiro, v. 21, n. 45, set.\/dez., 2020, p. 682-704.<\/p>\n<p>LOPES, Aristeu.\u00a0 <a href=\"http:\/\/revistas.unisinos.br\/index.php\/historia\/article\/view\/hist.2020.241.10\"><strong>Os trabalhadores das f\u00e1bricas de chocolates e caramelos em 3&#215;4:<\/strong> hist\u00f3ria do trabalho e fotografia a partir da Delegacia Regional do Trabalho do Rio Grande do Sul, 1933-1943<\/a>. Revista de Hist\u00f3ria da Unisinos, v. 21, p.109-124, 2020.<\/p>\n<p>LOPES, Aristeu.\u00a0 <a href=\"https:\/\/www.scielo.br\/j\/vh\/a\/wJjH3XkvsTwPLkmF5gVSzJB\/abstract\/?lang=pt\"><strong>Jovens trabalhadores em 3&#215;4:<\/strong> Fotografia e hist\u00f3ria do trabalho no Rio Grande do Sul, 1933-1943<\/a>. VARIA HIST\u00d3RIA (UFMG.IMPRESSO), v. 35, p. 345-376, 2019.<\/p>\n<p>GILL, L. A.\u00a0<a href=\"https:\/\/periodicos.ufsc.br\/index.php\/mundosdotrabalho\/article\/view\/1984-9222.2019.e66941\" target=\"_blank\" rel=\"noopener noreferrer\"><strong>Um of\u00edcio em transforma\u00e7\u00e3o<\/strong>: a pesca artesanal contada por quem a pratica (Pelotas, RS). Mundos do Trabalho<\/a>, V. 11, p. 1-17, 2019.<\/p>\n<p>GILL, L. A. <strong><a href=\"http:\/\/www.scielo.br\/scielo.php?script=sci_abstract&amp;pid=S0101-90742019000100403&amp;lng=en&amp;nrm=iso&amp;tlng=pt&amp;fbclid=IwAR1ViF6eCC09QxGG4D9ZqaKwTC0TUHOVbmQe1x1p0klkjoIQ4aW4usALusc\" target=\"_blank\" rel=\"noopener noreferrer\">A luta de Olga por seus direitos: imigra\u00e7\u00e3o, sa\u00fade e trabalho de mulheres em Pelotas, RS (d\u00e9cada de 1940)<\/a><\/strong>. Hist\u00f3ria (S\u00e3o Paulo), v. 38, 2019.<\/p>\n<p>MOREIRA, S. ; GILL, L. A . <strong><a href=\"https:\/\/estudioshistoricos.org\/21\/eh2104.pdf\">As vozes femininas que ecoam nas ondas da r\u00e1dio Federal FM<\/a><\/strong>. ESTUDIOS HIST\u00d3RICOS (RIVERA), v. 21, p. 1-20, 2019.<\/p>\n<p>KOSCHIER, Paulo.\u00a0<strong><a href=\"https:\/\/periodicos.ufsc.br\/index.php\/mundosdotrabalho\/article\/view\/1984-9222.2019.e67117\" target=\"_blank\" rel=\"noopener noreferrer\">Guia do Arquivo da Justi\u00e7a do Trabalho de Pelotas. N\u00facleo de Documenta\u00e7\u00e3o Hist\u00f3rica da UFPel \u2013 Professora Beatriz Loner<\/a>. <\/strong>Mundos do Trabalho, V. 11, p. 1-20, 2019.<\/p>\n<p>LOPES, Aristeu Elisandro Machado.\u00a0<a href=\"https:\/\/periodicos.ufsc.br\/index.php\/mundosdotrabalho\/article\/view\/1984-9222.2019.e66906\" target=\"_blank\" rel=\"noopener noreferrer\"><strong>Os trabalhadores negros em 3&#215;4<\/strong>: fotografia, hist\u00f3ria do trabalho e p\u00f3s-aboli\u00e7\u00e3o. Pelotas-RS, 1933-1944<\/a>. Mundos do Trabalho, V. 11, p. 1-24, 2019.<\/p>\n<p>GILL, Lorena e SILVA, Eduarda. <a href=\"http:\/\/e-revista.unioeste.br\/index.php\/temposhistoricos\/article\/view\/20547\"><strong>O cuidado com os outros: a benzedura no sul do Brasil.<\/strong><\/a> Revista Tempos Hist\u00f3ricos, Volume 23, 1\u00ba Semestre de 2019, p. 663-689.<\/p>\n<p style=\"text-align: justify;\">GILL, Lorena e POMATTI, \u00c2ngela B. <a href=\"http:\/\/historiasocialecomparada.org\/revistas\/index.php\/silloges\/article\/view\/76\" target=\"_blank\" rel=\"noopener\"><strong>Entrevista realizada com Naum Keiserman &#8211; Acervo do Laborat\u00f3rio de Hist\u00f3ria Oral, do N\u00facleo de Documenta\u00e7\u00e3o Hist\u00f3rica da UFPel<\/strong><\/a>. Sillog\u00e9s, v. 2, n. 2, jul.\/dez. 2019, p. 459-472.<\/p>\n<p>LOPES, Aristeu; SCHMIDT, M\u00f4nica. <a href=\"http:\/\/e-revista.unioeste.br\/index.php\/temposhistoricos\/article\/view\/17930\"><strong>Os trabalhadores no Frigor\u00edfico Anglo de Pelotas no Acervo da Delegacia Regional do Trabalho do Rio Grande do Sul:<\/strong> hist\u00f3ria, mem\u00f3ria e fotografia.<\/a> REVISTA TEMPOS HIST\u00d3RICOS, v. 22, p. 398-423, 2018.<\/p>\n<p>VARGAS, Jonas; FARINATTI, Luis Augusto E. .<a href=\"https:\/\/periodicos.ufjf.br\/index.php\/locus\/article\/view\/20845\"><strong> Alargados horizontes:<\/strong> estrat\u00e9gias familiares da elite pol\u00edtica regional entre a Fronteira, a Corte e a Europa (Rio Grande do Sul c. 1830 &#8211; c. 1855).<\/a> LOCUS (UFJF), v. 23, p. 123-147, 2017.<\/p>\n<p>VARGAS, Jonas<a href=\"https:\/\/seer.ufrgs.br\/anos90\/article\/view\/70006\">. <strong>Os segredos da carne:<\/strong> o mercado atl\u00e2ntico das carnes secas e salgadas e a influ\u00eancia da matriz irlandesa de fabrica\u00e7\u00e3o no extremo sul da Am\u00e9rica Latina<\/a> (c. 1780 &#8211;\u00a0 c. 1820). ANOS 90 (ONLINE) (PORTO ALEGRE), v. 24, p. 153-182, 2017.<\/p>\n<p>VARGAS, Jonas.<a href=\"https:\/\/seer.ufrgs.br\/anos90\/article\/view\/70006\"><strong> As m\u00e3os e os p\u00e9s do charqueador:<\/strong> o processo de fabrica\u00e7\u00e3o do charque e um perfil dos trabalhadores escravos nas charqueadas de Pelotas, Rio Grande do Sul (1830-1885).<\/a> Saeculum (UFPB), v. 36, p. 153-174, 2017.<\/p>\n<p>VARGAS, Jonas. <a href=\"http:\/\/e-revista.unioeste.br\/index.php\/temposhistoricos\/article\/view\/13809\"><strong>&#8220;Entre ricos e pobres&#8221;:<\/strong> Desigualdade econ\u00f4mica, diversidade ocupacional e estratifica\u00e7\u00e3o social no Brasil oitocentista: uma an\u00e1lise da cidade de Pelotas-RS (1850-1890).<\/a> Revista Tempos Hist\u00f3ricos, v. 20, p. 131-153, 2016.<\/p>\n<p>VARGAS, Jonas. <a href=\"https:\/\/periodicos.ufpe.br\/revistas\/revistaclio\/article\/view\/25028\"><strong>MAGISTRADOS IMPERIAIS:<\/strong> atua\u00e7\u00e3o pol\u00edtica e perfil de forma\u00e7\u00e3o e carreira dos ju\u00edzes de direito no Rio Grande do Sul (1833-1889).<\/a> CLIO. S\u00c9RIE HIST\u00d3RIA DO NORDESTE (UFPE), v. 34, p. 73-95, 2016.<\/p>\n<p>VARGAS, Jonas. <a href=\"https:\/\/estudioshistoricos.org\/17\/eh1703.pdf\"><strong>A aristocracia do sebo:<\/strong> Riqueza, prest\u00edgio social e estilo de vida entre os charqueadores de Pelotas (Rio Grande do Sul, 1850-1890).<\/a> ESTUDIOS HIST\u00d3RICOS (RIVERA), v. 17, p. 1-23, 2016.<\/p>\n<p>CHAVES, E. M. ; GILL, L. A . <a href=\"https:\/\/estudioshistoricos.org\/17\/eh1702.pdf\"><strong>Hist\u00f3rias de agressores de mulheres julgados por viol\u00eancia dom\u00e9stica da comarca de Pelotas.<\/strong> <\/a>Estudios Hist\u00f3ricos (Rivera), v. 17, p. 1-19, 2016.<\/p>\n<p>LOPES, Aristeu Elisandro Machado. <a href=\"http:\/\/www.scielo.br\/scielo.php?script=sci_arttext&amp;pid=S0104-59702016000401209&amp;lng=pt&amp;nrm=iso&amp;tlng=pt\" target=\"_blank\" rel=\"noopener noreferrer\"><strong>Os trabalhadores com sinais de var\u00edola no acervo da Delegacia Regional do Trabalho do Rio Grande do Sul, 1933-1944<\/strong><\/a>. Hist\u00f3ria, Ci\u00eancias, Sa\u00fade-Manguinhos (Impresso), v. 23, p. 1209-1227, 2016.<\/p>\n<p>SPERANZA, C. G.. <strong><a href=\"http:\/\/www.academia.edu\/29068277\/Os_mineiros_e_o_trabalho_em_minera%C3%A7%C3%A3o_experi%C3%AAncias_lutas_e_identidades_-_apresenta%C3%A7%C3%A3o_do_dossi%C3%AA_Os_mineiros_e_o_trabalho_em_minera%C3%A7%C3%A3o_Revista_Mundos_do_Trabalho_jul_dez_2015_vol_7_no_14\" target=\"_blank\" rel=\"noopener noreferrer\">Os mineiros e o trabalho em minera\u00e7\u00e3o: <\/a><\/strong><a href=\"http:\/\/www.academia.edu\/29068277\/Os_mineiros_e_o_trabalho_em_minera%C3%A7%C3%A3o_experi%C3%AAncias_lutas_e_identidades_-_apresenta%C3%A7%C3%A3o_do_dossi%C3%AA_Os_mineiros_e_o_trabalho_em_minera%C3%A7%C3%A3o_Revista_Mundos_do_Trabalho_jul_dez_2015_vol_7_no_14\" target=\"_blank\" rel=\"noopener noreferrer\">experi\u00eancias, lutas e identidades.<\/a> Revista Mundos do Trabalho, v. 7, p. 5-9, 2016.<\/p>\n<p>GILL, L. A e LONER, B. A. <a href=\"https:\/\/revistaseletronicas.pucrs.br\/ojs\/index.php\/oficinadohistoriador\/article\/view\/19883\" target=\"_blank\" rel=\"noopener noreferrer\"><strong>Hist\u00f3rias de uma Cidade e de seus Trabalhadores em Tempos de Guerra:<\/strong> Pelotas (1914-1918)<\/a>. Oficina do Historiador, v. 8, p. 7-20, 2015.<\/p>\n<p>LOPES, Aristeu Elisandro Machado. <a href=\"https:\/\/periodicos.ufpel.edu.br\/ojs2\/index.php\/Memoria\/article\/view\/9399\" target=\"_blank\" rel=\"noopener noreferrer\"><strong>Hist\u00f3ria e mem\u00f3ria dos trabalhadores no Rio Grande do Sul:<\/strong> O acervo da Delegacia Regional do Trabalho, 1933-1943.<\/a>\u00a0Revista Mem\u00f3ria em Rede, v. 7, p. 01-15, 2015.<\/p>\n<p>LOPES, Aristeu Elisandro Machado. <strong><a href=\"http:\/\/www.snh2015.anpuh.org\/resources\/anais\/39\/1427812445_ARQUIVO_textocompletoAristeuLopesSNH2015.pdf\" target=\"_blank\" rel=\"noopener noreferrer\">Apontamentos sobre o acervo da Delegacia Regional do Trabalho do Rio Grande do Sul: DRT\/RS, 1933-1943<\/a>.<\/strong> In: XXVIII Simp\u00f3sio Nacional de Hist\u00f3ria da ANPUH, 2015, Florian\u00f3polis-SC. Anais Eletr\u00f4nicos do XXVIII Simp\u00f3sio Nacional de Hist\u00f3ria da ANPUH. Florian\u00f3polis-SC: ANPUH-RS\/UFSC, 2015. v. 01. p. 01-10.<\/p>\n<p>LOPES, Aristeu Elisandro Machado. <a href=\"http:\/\/www.audhe.org.uy\/images\/stories\/upload\/Jornadas2015\/ponencias\/Simp_11\/lopes.pdf\" target=\"_blank\" rel=\"noopener noreferrer\"><strong>Cruzando a fronteira:<\/strong> informa\u00e7\u00f5es de trabalhadores uruguaios no Rio Grande do Sul a partir do acervo da Delegacia Regional do Trabalho, 1933-1943.<\/a> In: VI Jornadas Uruguayas de Hist\u00f3ria Econ\u00f3mica, 2015, Montevideo. Anais eletr\u00f4nicos VI Jornadas Uruguayas de Hist\u00f3ria Econ\u00f3mica. Montevideo: UDELAR\/AUDHE, 2015. p. 01-16.<\/p>\n<p>SPERANZA, C. G.. <strong><a href=\"https:\/\/www.cambridge.org\/core\/journals\/international-review-of-social-history\/article\/div-classtitleeuropean-workers-in-brazilian-coalmining-rio-grande-do-sul-18501950div\/6D5F0292CCB0E0EE7C9CA279B01F2A9C\" target=\"_blank\" rel=\"noopener noreferrer\">European Workers in Brazilian Coalmining, Rio Grande do Sul, 1850-1950.<\/a><\/strong> International Review of Social History (Print), v. 60, p. 1-19, 2015.<\/p>\n<p>VARGAS, Jonas M.; FARINATTI, Lu\u00eds Augusto<a href=\"https:\/\/www.scielo.br\/j\/topoi\/a\/7mNWkn9KYtmYFKMWKH7bTpz\/abstract\/?lang=pt\">. <strong>Elites regionais, guerra e compadrio:<\/strong> a fam\u00edlia Ribeiro de Almeida e suas redes de rela\u00e7\u00f5es (Rio Grande do Sul, c. 1816 \u2013 c.1844).<\/a> Topoi, Rio de Janeiro, v. 15, n. 29, jul.\/dez. 2014, p.389-413.<\/p>\n<p>GILL, L. A e LONER, Beatriz Ana. <a href=\"https:\/\/periodicos.ufsc.br\/index.php\/esbocos\/article\/view\/2175-7976.2014v21n31p109\" target=\"_blank\" rel=\"noopener noreferrer\"><strong>O N\u00facleo de Documenta\u00e7\u00e3o Hist\u00f3rica da UFPel e seus acervos sobre quest\u00f5es do trabalho<\/strong>.<\/a> Esbo\u00e7os (UFSC), v. 21, p. 109-123, 2014.<\/p>\n<p>LONER, Beatriz Ana;\u00a0GILL, L. A. <a href=\"https:\/\/wp.ufpel.edu.br\/ndh\/files\/2019\/08\/relojoeiros-revista-taller.pdf\" target=\"_blank\" rel=\"noopener noreferrer\"><strong>Relojoeiros<\/strong>: an\u00e1lise de uma profiss\u00e3o em dois tempos<\/a>. Revista Taller, v. 3, p. 38-55, 2014.<\/p>\n<p>LONER, B. A..\u00a0<strong><a href=\"http:\/\/www.scielo.br\/pdf\/his\/v33n1\/11.pdf\" target=\"_blank\" rel=\"noopener noreferrer\">A Loteria do Ipiranga e os trabalhadores: um sonho de liberdade no final do s\u00e9culo XIX<\/a><\/strong>. Hist\u00f3ria (S\u00e3o Paulo),\u00a0v.33, n.1, p. 195-233, jan.\/jun. 2014.<\/p>\n<p>SPERANZA, C. G.. <a href=\"http:\/\/www.academia.edu\/7405458\/O_trabalho_perante_a_lei_os_mineiros_de_carv%C3%A3o_na_Justi%C3%A7a_do_Trabalho_em_S%C3%A3o_Jer%C3%B4nimo_RS_1946-1954_\" target=\"_blank\" rel=\"noopener noreferrer\"><strong>O trabalho perante a lei:<\/strong> os mineiros de carv\u00e3o na Justi\u00e7a do Trabalho em S\u00e3o Jer\u00f4nimo, RS (1946-1954).<\/a> Topoi (Online): revista de historia, v. 14, p. 416-437, 2013.<\/p>\n<p>LONER, Beatriz Ana; GILL, L. A\u00a0; Scheer, Micaele . <a href=\"http:\/\/www.scielo.br\/scielo.php?script=sci_arttext&amp;pid=S0104-59702012000500008\" target=\"_blank\" rel=\"noopener noreferrer\"><strong>Enfermidade e morte<\/strong>: os escravos na cidade de Pelotas, RS (1870-1880)<\/a>. Hist\u00f3ria, Ci\u00eancias, Sa\u00fade-Manguinhos (Impresso), v. 19, p. 133-152, 2012.<\/p>\n<p>GILL, L. A. <a href=\"http:\/\/www.scielo.br\/scielo.php?pid=S0101-90742012000100014&amp;script=sci_abstract&amp;tlng=pt\" target=\"_blank\" rel=\"noopener noreferrer\"><strong>Uma doen\u00e7a que n\u00e3o perdoa<\/strong>: a tuberculose e sua terap\u00eautica no sul do Brasil e na It\u00e1lia, em fins do s\u00e9culo XIX e in\u00edcios do XX<\/a>. Hist\u00f3ria (S\u00e3o Paulo. Online), v. 31, p. 266-287, 2012.<\/p>\n<p>SPERANZA, C. G..\u00a0<a href=\"http:\/\/www.academia.edu\/7405366\/Coal_miners_their_employers_and_labor_laws_conflicts_and_strategies_during_World_War_II_in_Brazil\" target=\"_blank\" rel=\"noopener noreferrer\"><strong>Coal miners, their employers, and labor laws:<\/strong> conflicts and strategies during World War II in Brazil.<\/a>\u00a0<span class=\"a\">Revista Brasileira de Hist\u00f3ria<\/span><span class=\"a\">. S\u00e3o Paulo, v. 32, n\u00ba 64, p. 115-134 &#8211; 2012.<\/span><\/p>\n<p>SPERANZA, C. G..\u00a0<a href=\"http:\/\/www.academia.edu\/6214170\/Os_mineiros_de_carv%C3%A3o_seus_patr%C3%B5es_e_as_leis_sobre_trabalho_conflitos_e_estrat%C3%A9gias_durante_a_Segunda_Guerra_Mundial\" target=\"_blank\" rel=\"noopener noreferrer\"><strong>Os mineiros de carv\u00e3o, seus patr\u00f5es e as leis sobre trabalho:<\/strong> conflitos e estrat\u00e9gias durante a Segunda Guerra Mundial.<\/a> Revista Brasileira de Hist\u00f3ria (Online), v. 32, p. 129-148, 2012.<\/p>\n<p>LONER, B. A.. <a href=\"http:\/\/www.escravidaoeliberdade.com.br\/site\/images\/Textos5\/loner%20beatriz%20ana.pdf\" target=\"_blank\" rel=\"noopener noreferrer\"><strong>Loterias como passaporte para a liberdade:<\/strong> a sorte e seus eleitos no final do s\u00e9culo XIX<\/a>. V encontro Escravid\u00e3o e Liberdade no Brasil Meridional, 2011, Porto Alegre. S\u00e3o Leopoldo: OIKOS, 2011. v. 1. p. 01-18.<\/p>\n<p>LONER, B. A..\u00a0<a href=\"http:\/\/pem.assis.unesp.br\/index.php\/pem\/article\/view\/192\/192\" target=\"_blank\" rel=\"noopener noreferrer\"><strong>O IV congresso oper\u00e1rio ga\u00facho e o ocaso do movimento anarquista no Rio Grande do Sul<\/strong><\/a>. Patrim\u00f4nio e Mem\u00f3ria. S\u00e3o Paulo: UNESP \u2013 FCLAs \u2013 CEDAP, v.7, n.2, p. 176-203, dez. 2011.<\/p>\n<p>SCHMIDT, B. B. ; SPERANZA, C. G.. <a href=\"http:\/\/www.academia.edu\/2115796\/ACERVOS_DO_JUDICI%C3%81RIO_TRABALHISTA_LUTAS_PELA_PRESERVA%C3%87%C3%83O_E_POSSIBILIDADES_DE_PESQUISA\" target=\"_blank\" rel=\"noopener noreferrer\"><strong>Acervos do Judici\u00e1rio Trabalhista:<\/strong> lutas pela preserva\u00e7\u00e3o e possibilidades de pesquisa.<\/a> Portal do NEAD &#8211; N\u00facleo de Estudos Agr\u00e1rios e Desenvolvimento Rural, Brasilia, 01 out. 2011.<\/p>\n<p>LONER, Beatriz Ana.\u00a0<a href=\"http:\/\/www.eeh2010.anpuh-rs.org.br\/resources\/anais\/9\/1278285688_ARQUIVO_BeatrizLoner-anpuh2010.pdf\" target=\"_blank\" rel=\"noopener noreferrer\"><strong>Casar, Associar-se, Apostar em Loterias:<\/strong> Cotidiano ou estrat\u00e9gias de liberdade?<\/a>. X Encontro Estadual de Hist\u00f3ria, 2010, Santa Maria. p. 1-17.<\/p>\n<p>LONER, Beatriz Ana e GILL, L. A. <a href=\"http:\/\/revistaseletronicas.pucrs.br\/ojs\/index.php\/iberoamericana\/article\/view\/5798\" target=\"_blank\" rel=\"noopener noreferrer\"><strong>Clubes carnavalescos negros na cidade de Pelotas<\/strong><\/a>. Estudos Ibero-Americanos (PUCRS. Impresso), v. 35, p. 145-162, 2009.<\/p>\n<p>GILL, L. A. <a href=\"https:\/\/wp.ufpel.edu.br\/ndh\/files\/2024\/07\/Resenha-Olympe-de-Gouges-e-seus-ultimos-dias-Lorena-Gill.pdf\" target=\"_blank\" rel=\"noopener\"><strong>Olympe de Gouges e seus \u00faltimos dias<\/strong><\/a>. Pensamento Plural, Pelotas [04], 203 &#8211; 207, janeiro\/junho 2009.<\/p>\n<p>SPERANZA, C. G.. <a href=\"http:\/\/www.academia.edu\/7405583\/Masculinidade_conflito_e_ades%C3%A3o_tens%C3%B5es_identit%C3%A1rias_entre_os_trabalhadores_das_minas_de_carv%C3%A3o_do_Rio_Grande_do_Sul_nos_anos_1940\" target=\"_blank\" rel=\"noopener noreferrer\"><strong>Masculinidade, conflito e ades\u00e3o<\/strong>: tens\u00f5es identit\u00e1rias entre os trabalhadores das minas de carv\u00e3o do Rio Grande do Sul nos anos 1940.<\/a> ArtCultura (UFU), v. 11, p. 65-78, 2009.<\/p>\n<p>LONER, B. A..\u00a0<strong><a href=\"http:\/\/eeh2008.anpuh-rs.org.br\/resources\/content\/anais\/1212160238_ARQUIVO_BeatrizLoner-compl.pdf\" target=\"_blank\" rel=\"noopener noreferrer\">Um perfil do trabalhador ga\u00facho na d\u00e9cada de 1930.<\/a>\u00a0<\/strong>X Encontro Estadual de Hist\u00f3ria, 2010, Santa Maria. p. 1-17. 2008.<\/p>\n<p>LONER, Beatriz Ana; GILL, Lorena Almeida.\u00a0<a href=\"http:\/\/www.escravidaoeliberdade.com.br\/site\/images\/Textos3\/beatriz%20ana%20loner%20e%20lorena%20almeida%20gill.pdf\" target=\"_blank\" rel=\"noopener noreferrer\"><strong>Organiza\u00e7\u00e3o Negra em Pelotas:<\/strong> Caracter\u00edsticas e evolu\u00e7\u00e3o (1870-1950)<\/a>.\u00a0III\u00a0Encontro Escravid\u00e3o e Liberdade no Brasil Meridional, 2007, Florian\u00f3polis. S\u00e3o Leopoldo: Oikos, 2007. v. 1. p. 86-87.<\/p>\n<p>GILL, L. A. <a href=\"http:\/\/revistas.unisinos.br\/index.php\/historia\/article\/view\/6169\" target=\"_blank\" rel=\"noopener noreferrer\"><strong>Labirintos ao redor da cidade<\/strong>: as vilas oper\u00e1rias (RS) 1890-1930<\/a>. Hist\u00f3ria Unisinos, Porto Alegre, v. 10, p. 45-52, 2006.<\/p>\n<p>SPERANZA, C. G.. <a href=\"http:\/\/www.academia.edu\/7405579\/Testemunhas_ou_fontes_rela%C3%A7%C3%B5es_e_desencontros_entre_jornalistas_e_historiadores\" target=\"_blank\" rel=\"noopener noreferrer\"><strong>Testemunhas ou fontes:<\/strong> rela\u00e7\u00f5es e desencontros entre jornalistas e historiadores.<\/a> Em Quest\u00e3o (UFRGS. Impresso), v. 12, p. 235-251, 2006.<\/p>\n<p>LONER, Beatriz Ana.\u00a0<strong><a href=\"http:\/\/www.escravidaoeliberdade.com.br\/site\/images\/Textos2\/beatriz%20loner%20completo.pdf\" target=\"_blank\" rel=\"noopener noreferrer\">Ant\u00f4nio: <\/a><\/strong><a href=\"http:\/\/www.escravidaoeliberdade.com.br\/site\/images\/Textos2\/beatriz%20loner%20completo.pdf\" target=\"_blank\" rel=\"noopener noreferrer\">de Oliveira a Baobad<\/a>. II Encontro Escravid\u00e3o e Liberdade no Brasil Meridional.\u00a02005, Porto Alegre. v. CD-rom. p. 1-20.<\/p>\n<p>GILL, L. A.\u00a0<a href=\"https:\/\/periodicos.ufpel.edu.br\/ojs2\/index.php\/HistRev\/article\/view\/12081\" target=\"_blank\" rel=\"noopener noreferrer\"><strong>Clienteltchiks<\/strong>: Os Judeus da Presta\u00e7\u00e3o em Pelotas (RS) 1920-1945.<\/a> Hist\u00f3ria em Revista (UFPel), Pelotas, v. 5, p. 95-116, 1999.<\/p>\n","protected":false},"excerpt":{"rendered":"<p>GILL, L. A; CUNHA, A. R. B.; GOTUZZO, G. G. A legisla\u00e7\u00e3o de prote\u00e7\u00e3o aos jovens aprendizes no Brasil: o caso das meninas a partir da documenta\u00e7\u00e3o da Justi\u00e7a do Trabalho de Pelotas\/RS (1940-1960). Hist\u00f3ria em Revista, v. 31, p. 193-209, 2026. GILL, L. A. Uma doen\u00e7a devastadora: a var\u00edola em Pelotas (RS) na virada [&hellip;]<\/p>\n","protected":false},"author":718,"featured_media":0,"parent":0,"menu_order":0,"comment_status":"closed","ping_status":"closed","template":"","meta":{"jetpack_post_was_ever_published":false,"footnotes":""},"class_list":["post-201","page","type-page","status-publish","hentry"],"jetpack_sharing_enabled":true,"jetpack_shortlink":"https:\/\/wp.me\/P9qy4R-3f","jetpack_likes_enabled":true,"jetpack-related-posts":[],"_links":{"self":[{"href":"https:\/\/wp.ufpel.edu.br\/ndh\/wp-json\/wp\/v2\/pages\/201","targetHints":{"allow":["GET"]}}],"collection":[{"href":"https:\/\/wp.ufpel.edu.br\/ndh\/wp-json\/wp\/v2\/pages"}],"about":[{"href":"https:\/\/wp.ufpel.edu.br\/ndh\/wp-json\/wp\/v2\/types\/page"}],"author":[{"embeddable":true,"href":"https:\/\/wp.ufpel.edu.br\/ndh\/wp-json\/wp\/v2\/users\/718"}],"replies":[{"embeddable":true,"href":"https:\/\/wp.ufpel.edu.br\/ndh\/wp-json\/wp\/v2\/comments?post=201"}],"version-history":[{"count":4,"href":"https:\/\/wp.ufpel.edu.br\/ndh\/wp-json\/wp\/v2\/pages\/201\/revisions"}],"predecessor-version":[{"id":4742,"href":"https:\/\/wp.ufpel.edu.br\/ndh\/wp-json\/wp\/v2\/pages\/201\/revisions\/4742"}],"wp:attachment":[{"href":"https:\/\/wp.ufpel.edu.br\/ndh\/wp-json\/wp\/v2\/media?parent=201"}],"curies":[{"name":"wp","href":"https:\/\/api.w.org\/{rel}","templated":true}]}}