{"id":198,"date":"2017-02-15T16:24:03","date_gmt":"2017-02-15T18:24:03","guid":{"rendered":"https:\/\/wp.ufpel.edu.br\/ndh\/?page_id=198"},"modified":"2026-04-03T10:45:07","modified_gmt":"2026-04-03T13:45:07","slug":"livros","status":"publish","type":"page","link":"https:\/\/wp.ufpel.edu.br\/ndh\/livros\/","title":{"rendered":"Livros"},"content":{"rendered":"<p style=\"text-align: justify;\">Alguns t\u00edtulos aqui apresentados est\u00e3o dispon\u00edveis on-line. Clique no t\u00edtulo para acessar o arquivo.<\/p>\n<p style=\"text-align: justify;\">GILL, Lorena Almeida; KOSCHIER, Paulo L. C.; VARGAS, Jonas; ARRIADA, Eduardo. <a href=\"http:\/\/guaiaca.ufpel.edu.br\/xmlui\/handle\/prefix\/19930\" target=\"_blank\" rel=\"noopener\"><strong>Dicion\u00e1rio de Hist\u00f3ria de Pelotas (Volume II)<\/strong><\/a>. Ananindeua-PA: Cabana; Pelotas-RS: Editora UFPel, 2026.<\/p>\n<p style=\"text-align: justify;\">GILL, Lorena Almeida; SILVA, Fernanda Oliveira da ; Oliveira, Franciele Rocha de . <a href=\"https:\/\/www.casaleiriaacervo.com.br\/historia\/escravidaoeliberdade\/75\/index.html\" target=\"_blank\" rel=\"noopener\"><strong>Beatriz Ana Loner: anota\u00e7\u00e3os biogr\u00e1ficas sobre uma intelectual de esquerda<\/strong><\/a>. In: Regina C\u00e9lia Lima Xavier; Aristeu Elisandro Lopes. (Org.). ESCRAVID\u00c3O E LIBERDADE. 1ed.S\u00e3o Leopoldo: Casa Leiria, 2025, v. 1, p. 75-102.<\/p>\n<p style=\"text-align: justify;\">VARGAS, Jonas M. <a href=\"https:\/\/www.casaleiriaacervo.com.br\/historia\/escravidaoeliberdade\/205\/index.html\" target=\"_blank\" rel=\"noopener\"><strong>Escravid\u00e3o e tr\u00e1fico transatl\u00e2ntico na fronteira platina: uma an\u00e1lise a partir dos registros de batismo da Igreja da Matriz de Montevid\u00e9u (1821-1842)<\/strong><\/a>. In: Regina C\u00e9lia Lima Xavier; Aristeu Elisandro Lopes. (Org.). ESCRAVID\u00c3O E LIBERDADE. 1ed.S\u00e3o Leopoldo: Casa Leiria, 2025.<\/p>\n<p style=\"text-align: justify;\">LOPES, Aristeu Elisandro Machado. <strong><a href=\"https:\/\/www.casaleiriaacervo.com.br\/historia\/escravidaoeliberdade\/359\/index.html\" target=\"_blank\" rel=\"noopener\">Trabalhadores n\u00e3o brancos nas solicita\u00e7\u00f5es de carteira profissional de trabalho no norte do Rio Grande do Sul nas d\u00e9cadas de<\/a> 1930 e 1940<\/strong>. In: Regina C\u00e9lia Lima Xavier; Aristeu Elisandro Lopes. (Org.). ESCRAVID\u00c3O E LIBERDADE. 1ed.S\u00e3o Leopoldo: Casa Leiria, 2025.<\/p>\n<p style=\"text-align: justify;\">ESPIG, M\u00e1rcia Janete; MACHADO, P. P. (Org.) ; RODRIGUES, R. R. (Org.) ; FIGOLS, V. L. (Org.) . <strong>Devo\u00e7\u00f5es, tradi\u00e7\u00f5es e lutas: di\u00e1logos a partir da rebeldia popular rural da Guerra do Contestado<\/strong>. 1. ed. Porto Alegre: Casaletras, 2025. v. 1. 206p<\/p>\n<p style=\"text-align: justify;\">LOPES, Aristeu Elisandro Machado; Xavier, Regina C\u00e9lia Lima (org.). <a href=\"https:\/\/www.casaleiriaacervo.com.br\/historia\/escravidaoeliberdade\/index.html\" target=\"_blank\" rel=\"noopener\"><strong>Escravid\u00e3o e Liberdade. Debates sobre tr\u00e1fico, racializa\u00e7\u00e3o e protagonismo negro<\/strong><\/a>. S\u00e3o Leopoldo (RS): Casa Leiria, 2025.<\/p>\n<p style=\"text-align: justify;\">LOPES, Aristeu Elisandro Machado; KRILOW, L. S. W. (Org.) . <a href=\"https:\/\/www.acervuseditora.com.br\/_files\/ugd\/4fa498_6caa720ed0894ac89d05ec213da96801.pdf\" target=\"_blank\" rel=\"noopener\"><strong>Estudos sobre Hist\u00f3ria, Imprensa e M\u00eddias Digitais<\/strong><\/a>. 1. ed. Passo Fundo-RS: Editora Acervus, 2025. 283p .<\/p>\n<p style=\"text-align: justify;\">LOPES, Aristeu Elisandro Machado; SPERANZA, C. G. (Org.) ; MATOSO, C. D. (Org.) ; FURINI, V. M. R. (Org.) . <a href=\"https:\/\/lume.ufrgs.br\/handle\/10183\/292170\" target=\"_blank\" rel=\"noopener\"><strong>Lutas pela democracia, participa\u00e7\u00e3o popular e o (re)fazer-se da classe trabalhadora no Brasil<\/strong><\/a>. 1. ed. Porto Alegre: Editora Fi, 2024. v. 1. 185p.<\/p>\n<p style=\"text-align: justify;\">LOPES, Aristeu Elisandro Machado. NEUMANN, R. M. (Org.) ; DOMINGOS, C. S. M. (Org.) . <a href=\"https:\/\/www.casaletras.com\/desafios-contemporaneos\" target=\"_blank\" rel=\"noopener\"><strong>Desafios contempor\u00e2neos: os lugares das\/dos historiadoras\/es &#8211; Sociedade e Cultura: temas, abordagens e fontes<\/strong><\/a> (Vol. 1). 1. ed. Porto Alegre: Casaletras, 2024. 756p.<\/p>\n<p style=\"text-align: justify;\">LOPES, Aristeu Elisandro Machado. NEUMANN, R. M. (Org.) ; DOMINGOS, C. S. M. (Org.) . <a href=\"https:\/\/www.casaletras.com\/desafios-contemporaneos\" target=\"_blank\" rel=\"noopener\"><strong>Desafios contempor\u00e2neos: os lugares das\/dos historiadoras\/es &#8211; Sociedade e Cultura: temas, abordagens e fontes<\/strong><\/a> (Vol. 2). 1. ed. Porto Alegre: Casaletras, 2024. 722p .<\/p>\n<p style=\"text-align: justify;\">GILL, Lorena Almeida. A tuberculose e outras enfermidades que acometiam a vida de trabalhadores e trabalhadoras em Pelotas (RS): um olhar hist\u00f3rico a partir da imprensa (1890-1930). In: SCHWARTSMANN, Leonor Baptista, BARROSO, V\u00e9ra Lucia Maciel. <strong><a href=\"https:\/\/www.chcsantacasa.org.br\/wp-content\/uploads\/2024\/10\/e-book-saude-tem-historia-iii.pdf\" target=\"_blank\" rel=\"noopener\">Sa\u00fade tem hist\u00f3ria III: narrativas no Centro Hist\u00f3rico-Cultural Santa Casa<\/a> <a href=\"https:\/\/www.chcsantacasa.org.br\/wp-content\/uploads\/2024\/10\/e-book-saude-tem-historia-iii.pdf\" target=\"_blank\" rel=\"noopener\">de Porto Alegre<\/a><\/strong>. Porto Alegre: ISCMPA, 2024.<\/p>\n<p style=\"text-align: justify;\">GILL, Lorena Almeida. <a href=\"https:\/\/wp.ufpel.edu.br\/ndh\/files\/2024\/12\/Capi\u0301tulo-Faculdade-de-Enfermagem-Lorena-Gill-2.12.2024.pdf\" target=\"_blank\" rel=\"noopener\"><strong>Uma gradua\u00e7\u00e3o jovem, negra e nordestina: a hist\u00f3ria do curso de Enfermagem da UFPel<\/strong><\/a>. In: Luiz Ot\u00e1vio Ferreira, Ricardo dos Santos Batista, Rita de C\u00e1ssia Marques (organiza\u00e7\u00e3o). <a href=\"https:\/\/www.poshistoria.uneb.br\/wp-content\/uploads\/2025\/07\/Ricardo-2024-Enfermeiras-na-boa-vizinhanca_cap.-em-coautoria-em-coletanea_capa-e-pag.-iniciais.pdf\" target=\"_blank\" rel=\"noopener\"><strong>Enfermeiras, educadoras sanit\u00e1rias e outras profiss\u00f5es: estudos hist\u00f3ricos<\/strong><\/a>. S\u00e3o Paulo: Hucitec, 2024.<\/p>\n<p style=\"text-align: justify;\">GILL, Lorena Almeida.\u00a0<a href=\"http:\/\/guaiaca.ufpel.edu.br\/xmlui\/handle\/prefix\/12695\" target=\"_blank\" rel=\"noopener\"><strong>Uma casa chamada Leiga: os 60 anos da Medicina &#8211; UFPel<\/strong><\/a>. Pelotas: Ed. UFPel, 2024.<\/p>\n<p style=\"text-align: justify;\"><span style=\"text-align: justify;\">LOPES, Aristeu Elisandro Machado. <\/span><strong style=\"text-align: justify;\">A imprensa ilustrada oitocentista e a charge contempor\u00e2nea: imagens de humor da pol\u00edtica brasileira em dois tempos, 1889 e 2020<\/strong><span style=\"text-align: justify;\">. In: Luis Carlos dos Passos Martins; M\u00f4nica Karawejczyk; Let\u00edcia Sabina Wermeier Krilow. (Org.). M\u00eddias e Hist\u00f3ria: metodologias &amp; relatos de pesquisa. Porto Alegre: EDPUCRS, 2024, v. , p. 169-191.<\/span><\/p>\n<p style=\"text-align: justify;\">LOPES, Aristeu Elisandro Machado. <a href=\"https:\/\/www.casaletras.com\/trabalhadoresdacarneedocouro\" target=\"_blank\" rel=\"noopener\"><strong>Trabalhadores da carne e do couro em 3&#215;4: hist\u00f3rias de trabalho e fotografias nas solicita\u00e7\u00f5es de carteira profissional em frigor\u00edficos e curtumes no Rio Grande do Sul, anos 1930\/1940<\/strong><\/a>. Porto Alegre: Casaletras, 2023.<\/p>\n<p style=\"text-align: justify;\">LOPES, Aristeu Elisandro Machado. <strong>Trabalhadores e trabalhadoras de Bag\u00e9 nos dados do acervo da Delegacia Regional do Trabalho do Rio Grande do Sul, 1943-1941<\/strong>. In: Gustavo Figueira Andrade; Maria Medianeira Padoin; Clarisse Ism\u00e9rio. (Org.). Hist\u00f3ria de Bag\u00e9: Novos olhares (volume 2). Porto Alegre: Casaletras, 2023, v. 2, p. 389-404.<\/p>\n<p style=\"text-align: justify;\">VARGAS, Jonas Moreira; MOREIRA, Paulo Roberto Staudt; FERNANDES, Ananda Sim\u00f5es; CARDOZO, Jos\u00e9 Carlos da Silva Cardozo. <a href=\"https:\/\/wp.ufpel.edu.br\/ndh\/files\/2024\/07\/Registros_da_Presenca_Negra_no_AHRS_-_E-book.pdf\" target=\"_blank\" rel=\"noopener\"><strong>Registros da Presen\u00e7a Negra no Arquivo Hist\u00f3rico do RS<\/strong><strong>\u00a0<\/strong><strong>Fundo Pol\u00edcia \u2013 documenta\u00e7\u00e3o avulsa (1826 \/ 1888)<\/strong><\/a>. S\u00e3o Leopoldo: Oikos Editora, 2023.<\/p>\n<p style=\"text-align: justify;\">ESPIG, M\u00e1rcia Janete; RODRIGUES, Rog\u00e9rio Rosa; MACHADO, Paulo Pinheiro; TOMPOROSKI, Alexandre Assis; VALENTINI, Delmir Jos\u00e9 Valentini. <a href=\"https:\/\/wp.ufpel.edu.br\/ndh\/files\/2023\/07\/A-Guerra-Santa-do-Contestado-Tintim-por-Tintim-ebook.pdf\" target=\"_blank\" rel=\"noopener\"><strong>A Guerra Santa do Contestado Timtim por Timtim<\/strong><\/a>. S\u00e3o Paulo : Letra e Voz, 2023.<\/p>\n<p style=\"text-align: justify;\">GILL, Lorena. <a href=\"https:\/\/wp.ufpel.edu.br\/ndh\/files\/2022\/08\/FINAL-Livro-Coletivos-Historia-Oral-2022.pdf\" target=\"_blank\" rel=\"noopener\"><strong>Laborat\u00f3rio de Hist\u00f3ria Oral da UFPel e a democratiza\u00e7\u00e3o do conhecimento.<\/strong><\/a> In: Sossai, Fernando; Fontoura, Arselle e Coelho, Ilanil. (Org.). Espa\u00e7os de hist\u00f3ria oral no sul do Brasil: trajet\u00f3rias, experi\u00eancias e perspectivas. 1ed. Joinville: Editora Univille, 2022, v. 1, p. 32-47.<\/p>\n<div style=\"text-align: left;\">\n<div style=\"text-align: justify;\">\n<p style=\"text-align: justify;\">GILL, Lorena. <a href=\"http:\/\/guaiaca.ufpel.edu.br:8080\/handle\/prefix\/7528\"><strong>A Tuberculose e os seus p\u00e9s de l\u00e3s <\/strong><strong>(Pelotas, RS, 1890-1930).<\/strong><\/a> In: Cerqueira, F\u00e1bio; Axt, Gunter; Ferreira, Renata. (Org.). Viver e morrer na Peste: Epidemia na Hist\u00f3ria. 1ed.Pelotas: Editora da UFPel, 2021, v. 1, p. 276-287. [cap\u00edtulo].<\/p>\n<\/div>\n<div style=\"text-align: justify;\">\n<p>LOPES, Aristeu; ANDRADE, Gustavo Figueira; BRASIL, Lu\u00edsa Kuhl. <strong>O Cerco de Bag\u00e9 na Revolu\u00e7\u00e3o Federalista de 1893.<\/strong> Hist\u00f3ria, Mem\u00f3ria e Fotografia.1. ed. Rio de Janeiro-RJ: Paisagens H\u00edbridas, 2021.<\/p>\n<p>VARGAS, Jonas M.; ANGELI, Douglas (Org.). <a href=\"https:\/\/www.editorafi.org\/767historia\"><strong>Contribui\u00e7\u00f5es recentes sobre Hist\u00f3ria e Pol\u00edtica:<\/strong> uma colet\u00e2nea dos trabalhos apresentados no III Semin\u00e1rio do GT Hist\u00f3ria Pol\u00edtica, Anpuh-RS<\/a>. 1a. ed. Porto Alegre: Editora Fi, 2020. v. 1. 313 p.<\/p>\n<\/div>\n<div style=\"text-align: justify;\">\n<div style=\"text-align: justify;\">\n<div style=\"text-align: justify;\">\n<p style=\"text-align: justify;\">LOPES, Aristeu e VARGAS, Jonas. (Orgs.) <strong><a href=\"https:\/\/drive.google.com\/file\/d\/1yOvQYaLimZDSOIMM0zon-xoz9CbOZWbu\/view?usp=sharing\">Cap\u00edtulos de Hist\u00f3ria de Pelotas.<\/a> <\/strong>1ed.Porto Alegre: Casaletras, 2020, v.1. 270p.<\/p>\n<p style=\"text-align: justify;\">VARGAS, Jonas M.; ANGELI, Douglas (Org.); GRIJO, Luiz. Alberto (Org.); BATISTELLA, Alessandro (Org.); DOMIGOS, Charles. S. (Org.).<a href=\"https:\/\/www.acervuseditora.com.br\/cap%C3%ADtulos-de-hist%C3%B3ria-pol%C3%ADtica-prob\"><strong> Cap\u00edtulos de hist\u00f3ria pol\u00edtica: problemas e estudos<\/strong><\/a>. 1. ed. Passo Fundo: Acervus, 2020. 492 p.<\/p>\n<p style=\"text-align: justify;\">CAVALLI, A. ; NOGUEIRA, A. C. ; GILL, L. A ; LINDOSO, Z. . <a href=\"http:\/\/guaiaca.ufpel.edu.br\/handle\/prefix\/5671\"><strong>A forma\u00e7\u00e3o permanente de idosos atrav\u00e9s da Universidade Aberta.<\/strong> <\/a>In: Francisca Michelon e Ana Bandeira. (Org.). A extens\u00e3o universit\u00e1ria nos 50 anos da Universidade Federal de Pelotas. 1ed.Pelotas: Editora da UFPel, 2020, v. 1, p. 117-126. [cap\u00edtulo]<\/p>\n<p style=\"text-align: justify;\">GILL, Lorena.<a href=\"https:\/\/drive.google.com\/file\/d\/1yOvQYaLimZDSOIMM0zon-xoz9CbOZWbu\/view?usp=sharing\"> <strong>Os processos da Justi\u00e7a do Trabalho de Pelotas, no Memorial TRT4 e as possibilidades de se pensar sobre a hist\u00f3ria das mulheres.<\/strong><\/a> In: LOPES, Aristeu e VARGAS, Jonas.. (Org.). Cap\u00edtulos de Hist\u00f3ria de Pelotas. 1ed.Porto Alegre: Casaletras, 2020, v. 1, p. 103-121. [cap\u00edtulo]<\/p>\n<p style=\"text-align: justify;\">PEREIRA, L. T. ; GILL, L. A . <a href=\"http:\/\/guaiaca.ufpel.edu.br\/handle\/prefix\/6834\"><strong>Os egressos e as egressas do curso de Bacharelado em Hist\u00f3ria da UFPel: <\/strong>inser\u00e7\u00e3o laboral e adequa\u00e7\u00e3o curricular.<\/a> In: Michelon, Francisca; Ana Bandeira; Paula Lima e Let\u00edcia Zimmermann. (Org.). Conex\u00f5es para um tempo suspenso: extens\u00e3o universit\u00e1ria na pandemia. 1ed.Pelotas: Editora da UFPel, 2020, v. 1, p. 82-98. [cap\u00edtulo]<\/p>\n<p style=\"text-align: justify;\">GILL, Lorena. <strong><a href=\"https:\/\/drive.google.com\/file\/d\/1prjWkKNl2RLKezesOdDO9xvh9ebPcCdu\/view\">Mem\u00f3rias sobre a cria\u00e7\u00e3o do N\u00facleo de Documenta\u00e7\u00e3o Hist\u00f3rica da UFPel.<\/a><\/strong> In: GILL, Lorena; LOPES, Aristeu; CUNHA, Ariane e GONZ\u00c1LEZ, Ana. (Org.). N\u00facleo de Documenta\u00e7\u00e3o Hist\u00f3rica 30 anos: hist\u00f3ria, mem\u00f3rias e afetos. 1ed.Passo Fundo: Editora Acervus, 2020, v. 1, p. 9-19. [cap\u00edtulo]<\/p>\n<p style=\"text-align: justify;\">BUENO, A. ; CESTITO, C. ; GOTUZZO, G. ; TRISCH, J. ; TAVARES, L. ; GILL, L. A . <a href=\"https:\/\/drive.google.com\/file\/d\/1prjWkKNl2RLKezesOdDO9xvh9ebPcCdu\/view\"><strong>30 anos de ensino, pesquisa e extens\u00e3o pela perspectiva dos bolsistas de gradua\u00e7\u00e3o.<\/strong><\/a> In: GILL, Lorena; LOPES, Aristeu; CUNHA, Ariane e GONZ\u00c1LEZ, Ana. (Org.). N\u00facleo de Documenta\u00e7\u00e3o Hist\u00f3rica 30 anos: hist\u00f3ria, mem\u00f3rias e afetos. 1ed.Passo Fundo: Editora Acervus, 2020, v. 1, p. 335-343. [cap\u00edtulo]<\/p>\n<p style=\"text-align: justify;\">LOPES, Aristeu.\u00a0\u00a0LOPES FILHO, Artur; COLLARES, Marco (Orgs.).<strong> A Hist\u00f3ria atrav\u00e9s das m\u00eddias. <\/strong>Representa\u00e7\u00f5es, Personagens, Fontes. 1. ed. Curitiba-PR: Brazil Publishing, 2019. v. 1000. 225p<\/p>\n<p style=\"text-align: justify;\">VARGAS, Jonas M.; VIANNA, Marcelo; KORNDORFER, Ana Paula (Org.). <strong>Profiss\u00f5es, burocracias e saberes:<\/strong> perspectivas hist\u00f3ricas (Brasil\/Argentina\/Chile &#8211; s\u00e9culos XIX e XX). 1a. ed. Jundia\u00ed (SP): Paco e Littera Editorial, 2019. v. 1. 340 p.<\/p>\n<p style=\"text-align: justify;\">GILL, Lorena Almeida; KOSCHIER, Paulo Luiz Crizel. (Org.).<a href=\"https:\/\/wp.ufpel.edu.br\/ndh\/files\/2019\/06\/familiasilvasantos.pdf\"><strong> A fam\u00edlia Silva Santos e outros escritos:<\/strong> escravid\u00e3o e p\u00f3s-aboli\u00e7\u00e3o ao sul do Brasil<\/a>. 1ed. S\u00e3o Leopoldo: Casa Leiria, 2019. v. 1. 260 p.<\/p>\n<p style=\"text-align: justify;\">VARGAS, Jonas M.; MOREIRA, Paulo R. S.<a href=\"https:\/\/wp.ufpel.edu.br\/ndh\/files\/2021\/08\/1.pdf\"><strong> Charqueada Escravista.<\/strong><\/a> In: SCHWARCZ, Lilia; GOMES, Fl\u00e1vio.. (Org.). Dicion\u00e1rio da Escravid\u00e3o e Liberdade: 50 textos cr\u00edticos. 1ed.S\u00e3o Paulo: Companhia das Letras, 2018, p. 149-155. [cap\u00edtulo]<\/p>\n<p style=\"text-align: justify;\">VARGAS, Jonas M.. <a href=\"https:\/\/wp.ufpel.edu.br\/ndh\/files\/2021\/08\/2.pdf\"><strong>A pol\u00edtica rio-grandense no Segundo Imp\u00e9rio: <\/strong>um balan\u00e7o historiogr\u00e1fico.<\/a> In: DOMINGUES, Charles; ANGELI, Douglas; BATISTELLA, Alessandro. (Org.). Cap\u00edtulos de Hist\u00f3ria Pol\u00edtica: fontes, objetos e abordagens. 1ed.S\u00e3o Leopoldo: OIKOS, 2018, p. 12-35. [cap\u00edtulo]<\/p>\n<p style=\"text-align: justify;\">VARGAS, Jonas M..<a href=\"https:\/\/wp.ufpel.edu.br\/ndh\/files\/2021\/08\/3.pdf\"><strong> O m\u00e9todo prosopogr\u00e1fico e o estudo da elite charqueadora de Pelotas (c. 1850 &#8211; c. 1900).<\/strong><\/a> In: POSSAMAI, Paulo; KLEIN, Ana I. (Org.). Estudos de Hist\u00f3ria Regional Platina. 1.ed.Porto Alegre: FI, 2018, p. 221-250. [cap\u00edtulo]<\/p>\n<p style=\"text-align: justify;\">VARGAS, Jonas M.; PERES, J\u00e9ssica Rodrigues B.. <a href=\"https:\/\/wp.ufpel.edu.br\/ndh\/files\/2021\/08\/4.pdf\"><strong>A cidade de Pelotas, seus habitantes e suas elites:<\/strong> novas fontes documentais para o seu estudo (d\u00e9cada de 1910).<\/a> In: POSSAMAI, Paulo; KLEIN, Ana I. (Org.). Estudos de Hist\u00f3ria Regional Platina.1.ed.Porto Alegre: FI, 2018, p. 251-276. [cap\u00edtulo]<\/p>\n<p style=\"text-align: justify;\">VARGAS, Jonas M. (Org.).<a href=\"https:\/\/www.editorafi.org\/130jonas\"><strong> Belicosas fronteiras:<\/strong> contribui\u00e7\u00f5es recentes sobre pol\u00edtica, economia e escravid\u00e3o em sociedades americanas (s\u00e9culo XIX)<strong>.<\/strong><\/a> 1. ed. Porto Alegre: Editora Fi, 2017. v. 1. 408 p.<\/p>\n<p style=\"text-align: justify;\">VARGAS, Jonas M.. <strong><a href=\"https:\/\/wp.ufpel.edu.br\/ndh\/files\/2021\/08\/5.pdf\">Novilhos que viram dinheiro: <\/a><\/strong><a href=\"https:\/\/wp.ufpel.edu.br\/ndh\/files\/2021\/08\/5.pdf\">algumas considera\u00e7\u00f5es sobre os rendimentos de uma charqueada na Pelotas escravista (1850-1870). <\/a>In: MACHADO, Ironita; GERHARDT, Marcos. (Org.). Hist\u00f3ria do mundo rural: o sul do Brasil.1ed.Passo Fundo: UPF, 2017, p. 18-40. [cap\u00edtulo]<\/p>\n<p style=\"text-align: justify;\">VARGAS, Jonas M.. <a href=\"https:\/\/wp.ufpel.edu.br\/ndh\/files\/2021\/08\/6.pdf\"><strong>Rastreando indiv\u00edduos e redes de rela\u00e7\u00f5es:<\/strong> algumas contribui\u00e7\u00f5es te\u00f3ricas e metodol\u00f3gicas para o estudo das elites e grupos dirigentes no Brasil.<\/a> In: SOARES, Fabr\u00edcio Antunes; SILVA, Ricardo Oliveira da. (Org.). Di\u00e1logos: Estudos sobre Teoria da Hist\u00f3ria e Historiografia (vol. II). 1aed.Crici\u00fama: Editora da UNESC, 2017, p. 133-166.<\/p>\n<p style=\"text-align: justify;\">LOPES, A.E. <a href=\"http:\/\/media.wix.com\/ugd\/48d206_e35f21455f4d47afa49557b5edbf7ad4.pdf\"><strong>Tra\u00e7os da pol\u00edtica:<\/strong> a imprensa ilustrada em Pelotas no s\u00e9culo XIX. <\/a>Porto Alegre, RS: Editora Fi, 2017.<\/p>\n<p style=\"text-align: justify;\">LOPES, A. E. M.; SILVA, D. G. G.; ARA\u00daJO, V. C. D. de (Orgs.). <a href=\"http:\/\/www.editorafi.org\/125aristeu\"><strong>Hist\u00f3ria e m\u00eddias: di\u00e1logos (im)prov\u00e1veis.<\/strong><\/a> Porto Alegre, RS: Editora Fi, 2017.<\/p>\n<p style=\"text-align: justify;\">SPERANZA, C. G. e DROPPA, Alisson (Orgs.). <a href=\"http:\/\/www.editorafi.org\/112clarice\"><strong>Mundos do Trabalho:<\/strong> campo de estudos em transforma\u00e7\u00e3o.<\/a> Porto Alegre: Editora Fi, 2017.<\/p>\n<p style=\"text-align: justify;\">VARGAS, Jonas M.. <a href=\"https:\/\/wp.ufpel.edu.br\/ndh\/files\/2021\/08\/7.pdf\"><strong>Entre o local e o global:<\/strong> imigra\u00e7\u00e3o, rela\u00e7\u00f5es sociais e perfil ocupacional dos estrangeiros na cidade de Pelotas (1850-1890).<\/a> In: MOREIRA, Paulo R. S; VENDRAME, Ma\u00edra; KARSBURG, Alexandre. (Org.). Ensaios de Micro-Hist\u00f3ria, trajet\u00f3rias e imigra\u00e7\u00e3o. 1ed.S\u00e3o Leopoldo: Oikos, 2016, p. 338-362. [cap\u00edtulo]<\/p>\n<p style=\"text-align: justify;\">VARGAS, Jonas M.. <strong>Os Bar\u00f5es do charque e suas fortunas:<\/strong> um estudo sobre as elites regionais brasileiras a partir de uma an\u00e1lise dos charqueadores de Pelotas (Rio Grande do Sul, s\u00e9c. XIX). 1. ed. S\u00e3o Leopoldo: OIKOS, 2016. v. 1. 340 p.<\/p>\n<p style=\"text-align: justify;\">GILL, Lorena Almeida e SANTOS NETO, Martinho Guedes (Org.). <a href=\"http:\/\/www.memoriasreveladas.gov.br\/administrator\/components\/com_simplefilemanager\/uploads\/585beb54829b39.46019178\/Coletnea%20AN%20CUT%202016%20volume%202.pdf\"><strong>Trabalho, G\u00eanero, Ra\u00e7a e Sociabilidade no Mundo dos Trabalhadores da Cidade e do Campo.<\/strong><\/a> Rio de Janeiro: Arquivo Nacional; S\u00e3o Paulo: Central \u00danica dos Trabalhadores, 2016. v. 2. 153p.<\/p>\n<p style=\"text-align: justify;\">GILL, L. A; SILVA, Eduarda B. <strong><a href=\"https:\/\/wp.ufpel.edu.br\/ndh\/files\/2021\/05\/Perspectivas-para-a-Historia-Oral-.pdf\">Perspectivas para a Hist\u00f3ria Oral.<\/a><\/strong> In: ROBERTT, Pedro; RECH, Carla; LISBERO, Pedro e FACHINETO, Rochele. (Orgs.). Metodologia em Ci\u00eancias Sociais Hoje: Pr\u00e1ticas, Abordagens e Experi\u00eancias de Investiga\u00e7\u00e3o. 1ed.Jundia\u00ed, Santa Catarina,: Paco Editorial, 2016, v. 2, p. 107-126. [cap\u00edtulo]<\/p>\n<p style=\"text-align: justify;\">GILL, L. A; SCHEER, M. I.\u00a0 <a href=\"https:\/\/wp.ufpel.edu.br\/ndh\/files\/2021\/06\/Medicos-Judeus-no-Rio-Grande-do-Sul.pdf\"><strong>M\u00e9dicos Judeus no Rio Grande do Sul.<\/strong><\/a> In: QUEVEDO, \u00c9verton e POMATTI, Angela. (Org.). Museu da Hist\u00f3ria da Medicina \u2013 MUHM: um acervo vivo que se faz ponte entre o ontem e o hoje. 1ed. Porto Alegre: Evangraf, 2016, v. 1, p. 172-183. [cap\u00edtulo]<\/p>\n<p style=\"text-align: justify;\">MELLO, R. B. ; GILL, L. A. <a href=\"https:\/\/wp.ufpel.edu.br\/ndh\/files\/2021\/07\/Capitulo-Roberta-Melo-e-Lorena-Gill.pdf\"><strong>Entre o afeto e a sobreviv\u00eancia:<\/strong> a hist\u00f3ria de mulheres de fam\u00edlias monoparentais no mundo do trabalho.<\/a> In: Leite, Elaine; Massau, Guilherme; Soto, William. (Org.). Teorias e pr\u00e1ticas sociol\u00f3gicas. 1\u00baed.S\u00e3o Paulo: Max Limonad, 2016, v. 1, p. 199-212. [cap\u00edtulo]<\/p>\n<p style=\"text-align: justify;\">VARGAS, Jonas M.. <a href=\"https:\/\/wp.ufpel.edu.br\/ndh\/files\/2021\/08\/8.pdf\"><strong>Uma Aldeia escravista e os seus chefes:<\/strong> Fam\u00edlia e Hierarquias sociais na primeira elite charqueadora de Pelotas (1790-1835).<\/a> In: VENDRAME, Ma\u00edra; KARSBURG, Alexandre; WEBER, Beatriz; FARINATTI, Lu\u00eds A.. (Org.). Micro-hist\u00f3ria, trajet\u00f3rias e imigra\u00e7\u00e3o. 1ed.S\u00e3o Leopoldo: Oikos, 2015, p. 122-147. [cap\u00edtulo]<\/p>\n<p style=\"text-align: justify;\">GILL, L. A; ROCHA, L. <a href=\"https:\/\/drive.google.com\/file\/d\/1qY4ToBja-R_vJWCVWH0QQZzRLML0sw4q\/view?usp=sharing\"><strong>Trajet\u00f3rias de benzedores negros ao sul do Brasil.<\/strong><\/a> In: Lorena Almeida Gill; Micaele Irene Scheer. (Org.). \u00c1 beira da extin\u00e7\u00e3o: mem\u00f3rias de trabalhadores cujos of\u00edcios est\u00e3o em vias de desaparecer. 1ed. Pelotas: Editora UFPel, 2015, v. 1, p. 101-111. [cap\u00edtulo]<\/p>\n<p style=\"text-align: justify;\">GILL, Lorena Almeida e SCHEER, M. I. (Org.). <a href=\"https:\/\/drive.google.com\/file\/d\/1qY4ToBja-R_vJWCVWH0QQZzRLML0sw4q\/view?usp=sharing\"><strong>\u00c0 beira da extin\u00e7\u00e3o: <\/strong>mem\u00f3rias de trabalhadores cujos of\u00edcios est\u00e3o em vias de desaparecer.<\/a> 1. ed. Pelotas: Editora UFPel, 2015. v. 1. 128p.<\/p>\n<p style=\"text-align: justify;\">SPERANZA, C. G.. <a href=\"https:\/\/drive.google.com\/file\/d\/1qY4ToBja-R_vJWCVWH0QQZzRLML0sw4q\/view?usp=sharing\"><strong>Sangue de nossas veias: os quase invis\u00edveis mineiros de carv\u00e3o do Rio Grande do Sul.<\/strong><\/a> In: Lorena Almeida Gill; Micaele Irene Scheer. (Org.). \u00c0 beira da extin\u00e7\u00e3o: mem\u00f3rias de trabalhadores cujos of\u00edcios est\u00e3o em vias de desaparecer. 1ed.Pelotas: Gr\u00e1fica da UFPel, 2015, v. 1, p. 29-43. [cap\u00edtulo]<\/p>\n<p style=\"text-align: justify;\">GILL, L. A. <a href=\"https:\/\/wp.ufpel.edu.br\/ndh\/files\/2021\/07\/Notas-sobre-a-historia-da-doenca-em-Pelotas.pdf\"><strong>Notas sobre a hist\u00f3ria da doen\u00e7a em Pelotas<\/strong> <\/a>In: Lu\u00eds Rubira. (Org.). Almanaque do Bicenten\u00e1rio de Pelotas. 1ed. Pelotas: Editora Jo\u00e3o Eduardo Keiber, 2014, v. 3, p. 191-205. [cap\u00edtulo]<\/p>\n<p style=\"text-align: justify;\">SPERANZA, C. G.. <strong>Cavando direitos:<\/strong> as leis trabalhistas e os conflitos entre os mineiros de carv\u00e3o e seus patr\u00f5es no Rio Grande do Sul (1940-1954). 1. ed. S\u00e2o Leopoldo: Oikos \u2013 Cole\u00e7\u00e3o ANPUHRS, 2014. 295p .<\/p>\n<p style=\"text-align: justify;\">SPERANZA, C. G.; SANTOS JR, J. J. G. (Org.). <strong>Caderno de resumos do II Encontro Internacional Fronteiras e Identidades.<\/strong> 1. ed. Pelotas: Gr\u00e1fica da UFPel, 2014. v. 1.<\/p>\n<p style=\"text-align: justify;\">SPERANZA, C. G.. <strong>Os trabalhadores e sua visibilidade na cena pol\u00edtica brasileira:<\/strong> as greves de 1946 e o imediato p\u00f3s-Estado Novo. In: Carla Luciana Silva, Gilberto Grassi Calil, Marcio Ant\u00f4nio Both da Silva. (Org.). Ditaduras e democracias: estudos sobre o poder e regimes pol\u00edticos no Brasil (1945-2014). 1ed. Porto Alegre: FCM Editora, 2014, v. , p. 41-51. [cap\u00edtulo]<\/p>\n<p style=\"text-align: justify;\">SPERANZA, C. G..<a href=\"http:\/\/cedoc.cut.org.br\/cedoc\/livros-e-folhetos\/4793\"> <strong>O MAPEAMENTO DA IMPLANTA\u00c7\u00c3O DA CARTEIRA PROFISSIONAL NO RIO GRANDE DO SUL NA D\u00c9CADA DE 30 ATRAV\u00c9S DAS FICHAS DE IDENTIFICA\u00c7\u00c3O DO ACERVO DA DELEGACIA REGIONAL DO TRABALHO.<\/strong><\/a> In: Dayane Garcia e Rita de C\u00e1ssia Mendes Pereira. (Org.). Arquivo e mem\u00f3ria dos trabalhadores da cidade e do campo. 1ed. Rio de Janeiro; S\u00e3o Paulo: Museu Nacional; CUT, 2014, v. 1, p. 49-59. [cap\u00edtulo]<\/p>\n<p style=\"text-align: justify;\">LOPES, A. E. (Org.) ; SPERANZA, C. G. (Org.). <strong>Caderno de resumos das VII Jornadas regionais do GT Mundos do Trabalho.<\/strong> 1. ed. Porto Alegre: Memorial da Justi\u00e7a do Trabalho no RS, 2013. v. 1.<\/p>\n<p style=\"text-align: justify;\">SPERANZA, C. G.. <strong>Nos termos das concilia\u00e7\u00f5es: os acordos entre mineiros de carv\u00e3o do Rio Grande do Sul e seus patr\u00f5es na Justi\u00e7a do Trabalho entre 1946 e 1954.<\/strong> In: \u00c2ngela de Castro Gomes; Fernando Teixeira da Silva. (Org.). A Justi\u00e7a do Trabalho e sua Hist\u00f3ria. 1ed.Campinas: Unicamp, 2013, v. , p. 51-81. [cap\u00edtulo]<\/p>\n<p style=\"text-align: justify;\">VARGAS, Jonas M. <a href=\"https:\/\/wp.ufpel.edu.br\/ndh\/files\/2021\/08\/9.pdf\"><strong>Um imp\u00e9rio de cruzes, togas e espadas:<\/strong> notas comparativas sobre as elites pol\u00edticas do Rio Grande do Sul, do Cear\u00e1 e da Bahia no per\u00edodo mon\u00e1rquico.<\/a> In: HEINZ, Fl\u00e1vio. (Org.). Poder, institui\u00e7\u00f5es e elites: 7 ensaios de compara\u00e7\u00e3o e hist\u00f3ria. 1ed.S\u00e3o Leopoldo: Oikos, 2012, p. 115-144. [cap\u00edtulo]<\/p>\n<p style=\"text-align: justify;\">VARGAS, Jonas M..<a href=\"https:\/\/wp.ufpel.edu.br\/ndh\/files\/2021\/08\/10.pdf\"> <strong>Das charqueadas para os cafezais?<\/strong> O tr\u00e1fico inter-provincial de escravos envolvendo as charqueadas de Pelotas (RS) entre as d\u00e9cadas de 1850 e 1880.<\/a> In: XAVIER, Regina.. (Org.). Escravid\u00e3o e liberdade: temas, problemas e perspectivas de an\u00e1lise. 1ed.S\u00e3o Paulo: Alameda, 2012, p. 275-302. [cap\u00edtulo]<\/p>\n<p style=\"text-align: justify;\">LONER, Beatriz Loner; GILL, L. A (Org.); MAGALH\u00c3ES, Mario Osorio (Org.). <a href=\"http:\/\/repositorio.ufpel.edu.br:8080\/handle\/prefix\/3735\"><strong>Dicion\u00e1rio de Hist\u00f3ria de Pelotas.<\/strong><\/a> 2. ed. Pelotas: Editora da UFPel, 2012. v. 1. 295p.<\/p>\n<p style=\"text-align: justify;\">VARGAS, Jonas M..<a href=\"https:\/\/wp.ufpel.edu.br\/ndh\/files\/2021\/08\/11.pdf\"> <strong>Um neg\u00f3cio entre fam\u00edlias:<\/strong> a elite pol\u00edtica do Rio Grande do Sul (1868-1889).<\/a> In: HEINZ, Fl\u00e1vio. (Org.). Hist\u00f3ria Social de Elites. 1ed.S\u00e3o Leopoldo: Oikos, 2011, p. 28-55. [cap\u00edtulo]<\/p>\n<p style=\"text-align: justify;\">VARGAS, Jonas M.. <strong>Entre a par\u00f3quia e a Corte:<\/strong> os mediadores e as estrat\u00e9gias familiares da elite pol\u00edtica do Rio Grande do Sul (1850-1889). 1. ed. Santa Maria: Editora da Universidade Federal de Santa Maria, 2010. v. 1. 291p.<\/p>\n<p style=\"text-align: justify;\">GILL, L. A. <a href=\"https:\/\/wp.ufpel.edu.br\/ndh\/files\/2017\/04\/Um-Mal-do-S%C3%A9culo.pdf\"><strong>O Mal do S\u00e9culo: <\/strong>Tuberculose, Tuberculosos e Pol\u00edticas de Sa\u00fade em Pelotas (RS) 1890-1930.<\/a> 1\u00ba. ed. Pelotas: EDUCAT, 2007. v. 300. 282p .<\/p>\n<p style=\"text-align: justify;\">HEINZ, Fl\u00e1vio M.;\u00a0VARGAS, Jonas M.\u00a0; MILKE, Daniel; FLACH, Angela. <a href=\"http:\/\/www2.al.rs.gov.br\/biblioteca\/LinkClick.aspx?fileticket=w6EzquzDdaU%3D&amp;tabid=3101&amp;language=pt-BR\"><strong>O Parlamento em tempos interessantes<\/strong>: breve perfil da Assembl\u00e9ia Legislativa e seus deputados (1947-1982).<\/a> 1. ed. Porto Alegre: CORAG, 2005. v. 1. 108 p.<\/p>\n<p style=\"text-align: justify;\">GILL, L. A. <a href=\"https:\/\/wp.ufpel.edu.br\/ndh\/files\/2019\/06\/clienteltchiks-judeus-da-presta%C3%A7%C3%A3o-em-pelotas-1920-1945.pdf\"><strong>Clienteltchiks: <\/strong>os judeus da presta\u00e7\u00e3o em Pelotas (RS) 1920 \u2013 1945.<\/a> Pelotas: Editora e Gr\u00e1fica Universit\u00e1ria \u2013 UFPel, 2001. v. 500. 166p.<\/p>\n<p>UFPel. <a href=\"https:\/\/wp.ufpel.edu.br\/ndh\/files\/2025\/06\/UFPel-Seis-anos-de-atuacao.pdf\" target=\"_blank\" rel=\"noopener\"><strong>UFPel seis anos de atua\u00e7\u00e3o (1969-1975)<\/strong><\/a>. Pelotas: Editora e Gr\u00e1fica Universit\u00e1ria &#8211; UFPel. 1975. 126p.<\/p>\n<p style=\"text-align: justify;\">\n<\/div>\n<\/div>\n<\/div>\n<\/div>\n","protected":false},"excerpt":{"rendered":"<p>Alguns t\u00edtulos aqui apresentados est\u00e3o dispon\u00edveis on-line. Clique no t\u00edtulo para acessar o arquivo. GILL, Lorena Almeida; KOSCHIER, Paulo L. C.; VARGAS, Jonas; ARRIADA, Eduardo. Dicion\u00e1rio de Hist\u00f3ria de Pelotas (Volume II). Ananindeua-PA: Cabana; Pelotas-RS: Editora UFPel, 2026. GILL, Lorena Almeida; SILVA, Fernanda Oliveira da ; Oliveira, Franciele Rocha de . Beatriz Ana Loner: anota\u00e7\u00e3os [&hellip;]<\/p>\n","protected":false},"author":718,"featured_media":0,"parent":0,"menu_order":0,"comment_status":"closed","ping_status":"closed","template":"","meta":{"jetpack_post_was_ever_published":false,"footnotes":""},"class_list":["post-198","page","type-page","status-publish","hentry"],"jetpack_sharing_enabled":true,"jetpack_shortlink":"https:\/\/wp.me\/P9qy4R-3c","jetpack_likes_enabled":true,"jetpack-related-posts":[],"_links":{"self":[{"href":"https:\/\/wp.ufpel.edu.br\/ndh\/wp-json\/wp\/v2\/pages\/198","targetHints":{"allow":["GET"]}}],"collection":[{"href":"https:\/\/wp.ufpel.edu.br\/ndh\/wp-json\/wp\/v2\/pages"}],"about":[{"href":"https:\/\/wp.ufpel.edu.br\/ndh\/wp-json\/wp\/v2\/types\/page"}],"author":[{"embeddable":true,"href":"https:\/\/wp.ufpel.edu.br\/ndh\/wp-json\/wp\/v2\/users\/718"}],"replies":[{"embeddable":true,"href":"https:\/\/wp.ufpel.edu.br\/ndh\/wp-json\/wp\/v2\/comments?post=198"}],"version-history":[{"count":3,"href":"https:\/\/wp.ufpel.edu.br\/ndh\/wp-json\/wp\/v2\/pages\/198\/revisions"}],"predecessor-version":[{"id":4756,"href":"https:\/\/wp.ufpel.edu.br\/ndh\/wp-json\/wp\/v2\/pages\/198\/revisions\/4756"}],"wp:attachment":[{"href":"https:\/\/wp.ufpel.edu.br\/ndh\/wp-json\/wp\/v2\/media?parent=198"}],"curies":[{"name":"wp","href":"https:\/\/api.w.org\/{rel}","templated":true}]}}