{"id":1432,"date":"2017-12-27T10:59:05","date_gmt":"2017-12-27T12:59:05","guid":{"rendered":"https:\/\/wp.ufpel.edu.br\/ndh\/?page_id=1432"},"modified":"2019-04-22T15:11:35","modified_gmt":"2019-04-22T18:11:35","slug":"hr-numero-01-set-1994","status":"publish","type":"page","link":"https:\/\/wp.ufpel.edu.br\/ndh\/hr-numero-01-set-1994\/","title":{"rendered":"HR &#8211; N\u00famero 01 &#8211; Set. 1994"},"content":{"rendered":"<p><a href=\"https:\/\/periodicos.ufpel.edu.br\/ojs2\/index.php\/HistRev\/issue\/view\/704\/showToc\" target=\"_blank\" rel=\"noopener noreferrer\"><img data-recalc-dims=\"1\" loading=\"lazy\" decoding=\"async\" data-attachment-id=\"1437\" data-permalink=\"https:\/\/wp.ufpel.edu.br\/ndh\/hr-numero-01-set-1994\/hr-1\/#main\" data-orig-file=\"https:\/\/i0.wp.com\/wp.ufpel.edu.br\/ndh\/files\/2017\/12\/HR-1.png?fit=643%2C819&amp;ssl=1\" data-orig-size=\"643,819\" data-comments-opened=\"0\" data-image-meta=\"{&quot;aperture&quot;:&quot;0&quot;,&quot;credit&quot;:&quot;&quot;,&quot;camera&quot;:&quot;&quot;,&quot;caption&quot;:&quot;&quot;,&quot;created_timestamp&quot;:&quot;0&quot;,&quot;copyright&quot;:&quot;&quot;,&quot;focal_length&quot;:&quot;0&quot;,&quot;iso&quot;:&quot;0&quot;,&quot;shutter_speed&quot;:&quot;0&quot;,&quot;title&quot;:&quot;&quot;,&quot;orientation&quot;:&quot;0&quot;}\" data-image-title=\"HR-1\" data-image-description=\"\" data-image-caption=\"\" data-medium-file=\"https:\/\/i0.wp.com\/wp.ufpel.edu.br\/ndh\/files\/2017\/12\/HR-1.png?fit=250%2C318&amp;ssl=1\" data-large-file=\"https:\/\/i0.wp.com\/wp.ufpel.edu.br\/ndh\/files\/2017\/12\/HR-1.png?fit=643%2C220&amp;ssl=1\" class=\"alignleft size-medium wp-image-1437\" src=\"https:\/\/i0.wp.com\/wp.ufpel.edu.br\/ndh\/files\/2017\/12\/HR-1.png?resize=250%2C318&#038;ssl=1\" alt=\"\" width=\"250\" height=\"318\" srcset=\"https:\/\/i0.wp.com\/wp.ufpel.edu.br\/ndh\/files\/2017\/12\/HR-1.png?resize=250%2C318&amp;ssl=1 250w, https:\/\/i0.wp.com\/wp.ufpel.edu.br\/ndh\/files\/2017\/12\/HR-1.png?resize=125%2C159&amp;ssl=1 125w, https:\/\/i0.wp.com\/wp.ufpel.edu.br\/ndh\/files\/2017\/12\/HR-1.png?resize=619%2C788&amp;ssl=1 619w, https:\/\/i0.wp.com\/wp.ufpel.edu.br\/ndh\/files\/2017\/12\/HR-1.png?w=643&amp;ssl=1 643w\" sizes=\"auto, (max-width: 250px) 100vw, 250px\" \/><\/a><a href=\"https:\/\/periodicos.ufpel.edu.br\/ojs2\/index.php\/HistRev\/article\/view\/13272\" target=\"_blank\" rel=\"noopener noreferrer\"><strong>Reconstru\u00e7\u00e3o da Mem\u00f3ria da UFPel<\/strong><\/a> <em>[Beatriz Ana Loner]<\/em><\/p>\n<p><strong><a href=\"https:\/\/periodicos.ufpel.edu.br\/ojs2\/index.php\/HistRev\/article\/view\/13278\" target=\"_blank\" rel=\"noopener noreferrer\">A evolu\u00e7\u00e3o urbana de Pelotas: um estudo metodol\u00f3gico<\/a><\/strong> <em>[Sidney Gon\u00e7alves Vieira | Othon Ferreira Pereira | Jakson Silvano de Toni]<\/em><\/p>\n<p><a href=\"https:\/\/periodicos.ufpel.edu.br\/ojs2\/index.php\/HistRev\/article\/view\/13280\" target=\"_blank\" rel=\"noopener noreferrer\"><strong>Os peri\u00f3dicos do final do s\u00e9culo XIX e do in\u00edcio do s\u00e9culo XX e o cotidiano de Pelotas<\/strong><\/a> <em>[F\u00e1bio Vergara Cerqueira | Tem\u00edstocles Am\u00e9rico C\u00e9zar]<\/em><\/p>\n<p><a href=\"https:\/\/periodicos.ufpel.edu.br\/ojs2\/index.php\/HistRev\/article\/view\/13281\" target=\"_blank\" rel=\"noopener noreferrer\"><strong>Mulheres em estudo: um movimento outro, um outro movimento<\/strong><\/a> <em>[Lorena Almeida Gill | Denise Bussoleti]<\/em><\/p>\n<p><a href=\"https:\/\/periodicos.ufpel.edu.br\/ojs2\/index.php\/HistRev\/article\/view\/13268\" target=\"_blank\" rel=\"noopener noreferrer\"><strong>Museu e mem\u00f3ria hist\u00f3rica<\/strong><\/a> <em>[Maria Let\u00edcia Mazzuchi Ferreira]<\/em><\/p>\n<p><a href=\"https:\/\/periodicos.ufpel.edu.br\/ojs2\/index.php\/HistRev\/article\/view\/13269\" target=\"_blank\" rel=\"noopener noreferrer\"><strong>O sujeito essencial: teoria hist\u00f3rica e discurso<\/strong><\/a> <em>[Tem\u00edstocles Am\u00e9rico C\u00e9zar]\u00a0<\/em><\/p>\n<p><a href=\"https:\/\/periodicos.ufpel.edu.br\/ojs2\/index.php\/HistRev\/article\/view\/13284\" target=\"_blank\" rel=\"noopener noreferrer\"><strong>Da aplica\u00e7\u00e3o do conceito de imagin\u00e1rio no estudo da hist\u00f3ria<\/strong> <\/a><em>[F\u00e1bio Vergara Cerqueira]<\/em><\/p>\n","protected":false},"excerpt":{"rendered":"<p>Reconstru\u00e7\u00e3o da Mem\u00f3ria da UFPel [Beatriz Ana Loner] A evolu\u00e7\u00e3o urbana de Pelotas: um estudo metodol\u00f3gico [Sidney Gon\u00e7alves Vieira | Othon Ferreira Pereira | Jakson Silvano de Toni] Os peri\u00f3dicos do final do s\u00e9culo XIX e do in\u00edcio do s\u00e9culo XX e o cotidiano de Pelotas [F\u00e1bio Vergara Cerqueira | Tem\u00edstocles Am\u00e9rico C\u00e9zar] Mulheres em [&hellip;]<\/p>\n","protected":false},"author":718,"featured_media":0,"parent":0,"menu_order":0,"comment_status":"closed","ping_status":"closed","template":"","meta":{"jetpack_post_was_ever_published":false,"footnotes":""},"class_list":["post-1432","page","type-page","status-publish","hentry"],"jetpack_sharing_enabled":true,"jetpack_shortlink":"https:\/\/wp.me\/P9qy4R-n6","jetpack_likes_enabled":true,"jetpack-related-posts":[],"_links":{"self":[{"href":"https:\/\/wp.ufpel.edu.br\/ndh\/wp-json\/wp\/v2\/pages\/1432","targetHints":{"allow":["GET"]}}],"collection":[{"href":"https:\/\/wp.ufpel.edu.br\/ndh\/wp-json\/wp\/v2\/pages"}],"about":[{"href":"https:\/\/wp.ufpel.edu.br\/ndh\/wp-json\/wp\/v2\/types\/page"}],"author":[{"embeddable":true,"href":"https:\/\/wp.ufpel.edu.br\/ndh\/wp-json\/wp\/v2\/users\/718"}],"replies":[{"embeddable":true,"href":"https:\/\/wp.ufpel.edu.br\/ndh\/wp-json\/wp\/v2\/comments?post=1432"}],"version-history":[{"count":10,"href":"https:\/\/wp.ufpel.edu.br\/ndh\/wp-json\/wp\/v2\/pages\/1432\/revisions"}],"predecessor-version":[{"id":1791,"href":"https:\/\/wp.ufpel.edu.br\/ndh\/wp-json\/wp\/v2\/pages\/1432\/revisions\/1791"}],"wp:attachment":[{"href":"https:\/\/wp.ufpel.edu.br\/ndh\/wp-json\/wp\/v2\/media?parent=1432"}],"curies":[{"name":"wp","href":"https:\/\/api.w.org\/{rel}","templated":true}]}}