{"id":647,"date":"2017-04-11T10:54:56","date_gmt":"2017-04-11T13:54:56","guid":{"rendered":"https:\/\/wp.ufpel.edu.br\/nai\/?page_id=647"},"modified":"2023-02-07T16:08:21","modified_gmt":"2023-02-07T19:08:21","slug":"guia-interpretacao-servico-oferecido","status":"publish","type":"page","link":"https:\/\/wp.ufpel.edu.br\/nai\/guia-interpretacao-servico-oferecido\/","title":{"rendered":"GUIA INTERPRETA\u00c7\u00c3O"},"content":{"rendered":"<p><span style=\"font-family: verdana, geneva, sans-serif;\"><a href=\"https:\/\/drive.google.com\/open?id=1PBEHRzATUpv6EU0Q655RHClKb_9xnBhK\" target=\"_blank\" rel=\"noopener noreferrer\"><img data-attachment-id=\"2963\" data-permalink=\"https:\/\/wp.ufpel.edu.br\/nai\/libras-2\/\" data-orig-file=\"https:\/\/wp.ufpel.edu.br\/nai\/files\/2018\/10\/libras-e1541596773614.png\" data-orig-size=\"30,30\" data-comments-opened=\"0\" data-image-meta=\"{&quot;aperture&quot;:&quot;0&quot;,&quot;credit&quot;:&quot;&quot;,&quot;camera&quot;:&quot;&quot;,&quot;caption&quot;:&quot;&quot;,&quot;created_timestamp&quot;:&quot;0&quot;,&quot;copyright&quot;:&quot;&quot;,&quot;focal_length&quot;:&quot;0&quot;,&quot;iso&quot;:&quot;0&quot;,&quot;shutter_speed&quot;:&quot;0&quot;,&quot;title&quot;:&quot;&quot;,&quot;orientation&quot;:&quot;0&quot;}\" data-image-title=\"Acessibilidade em Libras libras\" data-image-description=\"\" data-image-caption=\"&lt;p&gt;Link tradu\u00e7\u00e3o em Libras&lt;\/p&gt;\n\" data-medium-file=\"https:\/\/wp.ufpel.edu.br\/nai\/files\/2018\/10\/libras-e1541596773614.png\" data-large-file=\"https:\/\/wp.ufpel.edu.br\/nai\/files\/2018\/10\/libras-e1541596773614.png\" class=\"alignright wp-image-2963\" src=\"https:\/\/wp.ufpel.edu.br\/nai\/files\/2018\/10\/libras-200x200.png\" alt=\"simbolo libras\" width=\"50\" height=\"50\" \/><\/a><\/span><\/p>\n<p>&nbsp;<\/p>\n<p><strong><span style=\"font-family: verdana, geneva, sans-serif;\">Guia-Interpreta\u00e7\u00e3o<\/span><\/strong><\/p>\n<p><span style=\"font-family: verdana, geneva, sans-serif;\">\u00c9 a forma de comunica\u00e7\u00e3o pela qual se d\u00e1 o contato das pessoas com surdocegueira com outras pessoas, com o ambiente e com os objetos. O guia-int\u00e9rprete deve transmitir mensagens na forma de comunica\u00e7\u00e3o utilizada pela pessoa com surdocegueira, al\u00e9m disso, durante esta atividade ele deve realizar a descri\u00e7\u00e3o de pessoas, ambientes e objetos.<\/span><\/p>\n<p>&nbsp;<\/p>\n<p><span style=\"font-family: verdana, geneva, sans-serif;\"><strong>MODALIDADES OFERECIDAS PELA INSTITUI\u00c7\u00c3O <\/strong><\/span><\/p>\n<p>&nbsp;<\/p>\n<p><a href=\"https:\/\/drive.google.com\/open?id=1PBEHRzATUpv6EU0Q655RHClKb_9xnBhK\" target=\"_blank\" rel=\"noopener noreferrer\"><img data-attachment-id=\"2963\" data-permalink=\"https:\/\/wp.ufpel.edu.br\/nai\/libras-2\/\" data-orig-file=\"https:\/\/wp.ufpel.edu.br\/nai\/files\/2018\/10\/libras-e1541596773614.png\" data-orig-size=\"30,30\" data-comments-opened=\"0\" data-image-meta=\"{&quot;aperture&quot;:&quot;0&quot;,&quot;credit&quot;:&quot;&quot;,&quot;camera&quot;:&quot;&quot;,&quot;caption&quot;:&quot;&quot;,&quot;created_timestamp&quot;:&quot;0&quot;,&quot;copyright&quot;:&quot;&quot;,&quot;focal_length&quot;:&quot;0&quot;,&quot;iso&quot;:&quot;0&quot;,&quot;shutter_speed&quot;:&quot;0&quot;,&quot;title&quot;:&quot;&quot;,&quot;orientation&quot;:&quot;0&quot;}\" data-image-title=\"Acessibilidade em Libras libras\" data-image-description=\"\" data-image-caption=\"&lt;p&gt;Link tradu\u00e7\u00e3o em Libras&lt;\/p&gt;\n\" data-medium-file=\"https:\/\/wp.ufpel.edu.br\/nai\/files\/2018\/10\/libras-e1541596773614.png\" data-large-file=\"https:\/\/wp.ufpel.edu.br\/nai\/files\/2018\/10\/libras-e1541596773614.png\" class=\"alignright wp-image-2963\" src=\"https:\/\/wp.ufpel.edu.br\/nai\/files\/2018\/10\/libras-200x200.png\" alt=\"simbolo libras\" width=\"50\" height=\"50\" \/><\/a><\/p>\n<p>&nbsp;<\/p>\n<ul>\n<li><span style=\"font-family: verdana, geneva, sans-serif;\">L\u00edngua de Sinais T\u00e1til<\/span><\/li>\n<\/ul>\n<p><span style=\"font-family: verdana, geneva, sans-serif;\">Sistema n\u00e3o alfab\u00e9tico que corresponde \u00e0 l\u00edngua de sinais utilizada pelas pessoas surdas, mas adaptado ao tato. Essa adapta\u00e7\u00e3o consiste na realiza\u00e7\u00e3o dos sinais em uma ou ambas as m\u00e3os da pessoa surdocega.<\/span><\/p>\n<p>&nbsp;<\/p>\n<p><a href=\"https:\/\/drive.google.com\/open?id=1PBEHRzATUpv6EU0Q655RHClKb_9xnBhK\" target=\"_blank\" rel=\"noopener noreferrer\"><img data-attachment-id=\"2963\" data-permalink=\"https:\/\/wp.ufpel.edu.br\/nai\/libras-2\/\" data-orig-file=\"https:\/\/wp.ufpel.edu.br\/nai\/files\/2018\/10\/libras-e1541596773614.png\" data-orig-size=\"30,30\" data-comments-opened=\"0\" data-image-meta=\"{&quot;aperture&quot;:&quot;0&quot;,&quot;credit&quot;:&quot;&quot;,&quot;camera&quot;:&quot;&quot;,&quot;caption&quot;:&quot;&quot;,&quot;created_timestamp&quot;:&quot;0&quot;,&quot;copyright&quot;:&quot;&quot;,&quot;focal_length&quot;:&quot;0&quot;,&quot;iso&quot;:&quot;0&quot;,&quot;shutter_speed&quot;:&quot;0&quot;,&quot;title&quot;:&quot;&quot;,&quot;orientation&quot;:&quot;0&quot;}\" data-image-title=\"Acessibilidade em Libras libras\" data-image-description=\"\" data-image-caption=\"&lt;p&gt;Link tradu\u00e7\u00e3o em Libras&lt;\/p&gt;\n\" data-medium-file=\"https:\/\/wp.ufpel.edu.br\/nai\/files\/2018\/10\/libras-e1541596773614.png\" data-large-file=\"https:\/\/wp.ufpel.edu.br\/nai\/files\/2018\/10\/libras-e1541596773614.png\" class=\"alignright wp-image-2963\" src=\"https:\/\/wp.ufpel.edu.br\/nai\/files\/2018\/10\/libras-200x200.png\" alt=\"simbolo libras\" width=\"50\" height=\"50\" \/><br \/>\n&nbsp;<\/p>\n<ul>\n<li><span style=\"font-family: verdana, geneva, sans-serif;\">L\u00edngua de Sinais em campo reduzido<\/span><\/li>\n<\/ul>\n<p><span style=\"font-family: verdana, geneva, sans-serif;\">Nesta modalidade a pessoa que est\u00e1 se comunicando com o surdocego utiliza a l\u00edngua de sinais em um campo visual menor, afastando-se do receptor para que consiga compreender a mensagem que est\u00e1 sendo transmitida.<\/span><\/p>\n","protected":false},"excerpt":{"rendered":"<p>&nbsp; Guia-Interpreta\u00e7\u00e3o \u00c9 a forma de comunica\u00e7\u00e3o pela qual se d\u00e1 o contato das pessoas com surdocegueira com outras pessoas, com o ambiente e com os objetos. O guia-int\u00e9rprete deve transmitir mensagens na forma de comunica\u00e7\u00e3o utilizada pela pessoa com surdocegueira, al\u00e9m disso, durante esta atividade ele deve realizar a descri\u00e7\u00e3o de pessoas, ambientes e [&hellip;]<\/p>\n","protected":false},"author":359,"featured_media":0,"parent":0,"menu_order":0,"comment_status":"closed","ping_status":"closed","template":"","meta":{"jetpack_post_was_ever_published":false,"footnotes":""},"class_list":["post-647","page","type-page","status-publish","hentry"],"jetpack_sharing_enabled":true,"jetpack_shortlink":"https:\/\/wp.me\/P90IOR-ar","_links":{"self":[{"href":"https:\/\/wp.ufpel.edu.br\/nai\/wp-json\/wp\/v2\/pages\/647","targetHints":{"allow":["GET"]}}],"collection":[{"href":"https:\/\/wp.ufpel.edu.br\/nai\/wp-json\/wp\/v2\/pages"}],"about":[{"href":"https:\/\/wp.ufpel.edu.br\/nai\/wp-json\/wp\/v2\/types\/page"}],"author":[{"embeddable":true,"href":"https:\/\/wp.ufpel.edu.br\/nai\/wp-json\/wp\/v2\/users\/359"}],"replies":[{"embeddable":true,"href":"https:\/\/wp.ufpel.edu.br\/nai\/wp-json\/wp\/v2\/comments?post=647"}],"version-history":[{"count":20,"href":"https:\/\/wp.ufpel.edu.br\/nai\/wp-json\/wp\/v2\/pages\/647\/revisions"}],"predecessor-version":[{"id":876,"href":"https:\/\/wp.ufpel.edu.br\/nai\/wp-json\/wp\/v2\/pages\/647\/revisions\/876"}],"wp:attachment":[{"href":"https:\/\/wp.ufpel.edu.br\/nai\/wp-json\/wp\/v2\/media?parent=647"}],"curies":[{"name":"wp","href":"https:\/\/api.w.org\/{rel}","templated":true}]}}