{"id":627,"date":"2017-04-11T10:46:22","date_gmt":"2017-04-11T13:46:22","guid":{"rendered":"https:\/\/wp.ufpel.edu.br\/nai\/?page_id=627"},"modified":"2018-11-26T15:56:51","modified_gmt":"2018-11-26T17:56:51","slug":"orientacoes-tils-libras","status":"publish","type":"page","link":"https:\/\/wp.ufpel.edu.br\/nai\/orientacoes-tils-libras\/","title":{"rendered":"ORIENTA\u00c7\u00d5ES"},"content":{"rendered":"<p><span style=\"font-family: verdana, geneva, sans-serif\"><a href=\"https:\/\/drive.google.com\/open?id=1o30RmzlsRc_su2XCO4utOwIKzT6cRiQo\" target=\"_blank\" rel=\"noopener\"><img data-attachment-id=\"2963\" data-permalink=\"https:\/\/wp.ufpel.edu.br\/nai\/libras-2\/\" data-orig-file=\"https:\/\/wp.ufpel.edu.br\/nai\/files\/2018\/10\/libras-e1541596773614.png\" data-orig-size=\"30,30\" data-comments-opened=\"0\" data-image-meta=\"{&quot;aperture&quot;:&quot;0&quot;,&quot;credit&quot;:&quot;&quot;,&quot;camera&quot;:&quot;&quot;,&quot;caption&quot;:&quot;&quot;,&quot;created_timestamp&quot;:&quot;0&quot;,&quot;copyright&quot;:&quot;&quot;,&quot;focal_length&quot;:&quot;0&quot;,&quot;iso&quot;:&quot;0&quot;,&quot;shutter_speed&quot;:&quot;0&quot;,&quot;title&quot;:&quot;&quot;,&quot;orientation&quot;:&quot;0&quot;}\" data-image-title=\"Acessibilidade em Libras libras\" data-image-description=\"\" data-image-caption=\"&lt;p&gt;Link tradu\u00e7\u00e3o em Libras&lt;\/p&gt;\n\" data-medium-file=\"https:\/\/wp.ufpel.edu.br\/nai\/files\/2018\/10\/libras-e1541596773614.png\" data-large-file=\"https:\/\/wp.ufpel.edu.br\/nai\/files\/2018\/10\/libras-e1541596773614.png\" class=\"size-full wp-image-2963 alignleft\" src=\"https:\/\/wp.ufpel.edu.br\/nai\/files\/2018\/10\/libras-e1541596773614.png\" alt=\"simbolo libras\" width=\"30\" height=\"30\" \/>Texto em Libras \u2013 Clique Aqui<\/a><\/span><\/p>\n<p>&nbsp;<\/p>\n<p style=\"text-align: left\"><span style=\"color: #000000;font-family: verdana, geneva, sans-serif;font-size: 12pt\"><strong>ORIENTA\u00c7\u00c3O PARA SOLICITA\u00c7\u00c3O <\/strong><\/span><\/p>\n<p><span style=\"font-family: verdana, geneva, sans-serif\">TODAS AS SOLICITA\u00c7\u00d5ES DEVEM SER REALIZADAS COM ANTECED\u00caNCIA, SALVO AS ATIVIDADES QUE PODEM SER REALIZADAS NOS PLANT\u00d5ES.<\/span><\/p>\n<p>&nbsp;<\/p>\n<p><a href=\"https:\/\/drive.google.com\/open?id=1bYGWRtyWAjL_Pbzrml4Z7QbEdRTNnc60\" target=\"_blank\" rel=\"noopener\"><span style=\"font-family: verdana, geneva, sans-serif\"><img data-attachment-id=\"2963\" data-permalink=\"https:\/\/wp.ufpel.edu.br\/nai\/libras-2\/\" data-orig-file=\"https:\/\/wp.ufpel.edu.br\/nai\/files\/2018\/10\/libras-e1541596773614.png\" data-orig-size=\"30,30\" data-comments-opened=\"0\" data-image-meta=\"{&quot;aperture&quot;:&quot;0&quot;,&quot;credit&quot;:&quot;&quot;,&quot;camera&quot;:&quot;&quot;,&quot;caption&quot;:&quot;&quot;,&quot;created_timestamp&quot;:&quot;0&quot;,&quot;copyright&quot;:&quot;&quot;,&quot;focal_length&quot;:&quot;0&quot;,&quot;iso&quot;:&quot;0&quot;,&quot;shutter_speed&quot;:&quot;0&quot;,&quot;title&quot;:&quot;&quot;,&quot;orientation&quot;:&quot;0&quot;}\" data-image-title=\"Acessibilidade em Libras libras\" data-image-description=\"\" data-image-caption=\"&lt;p&gt;Link tradu\u00e7\u00e3o em Libras&lt;\/p&gt;\n\" data-medium-file=\"https:\/\/wp.ufpel.edu.br\/nai\/files\/2018\/10\/libras-e1541596773614.png\" data-large-file=\"https:\/\/wp.ufpel.edu.br\/nai\/files\/2018\/10\/libras-e1541596773614.png\" class=\"size-full wp-image-2963 alignleft\" src=\"https:\/\/wp.ufpel.edu.br\/nai\/files\/2018\/10\/libras-e1541596773614.png\" alt=\"simbolo libras\" width=\"30\" height=\"30\" \/>Texto em Libras \u2013 Clique Aqui<\/span><\/a><\/p>\n<p>&nbsp;<\/p>\n<p><span style=\"font-family: verdana, geneva, sans-serif\"><strong>Para atividades permanentes <\/strong><\/span><\/p>\n<p><span style=\"font-family: verdana, geneva, sans-serif\">Durante o semestre, atividades como disciplinas, reuni\u00f5es semanais ou quinzenais, projetos de pesquisa, entre outros, devem ser informadas antes do in\u00edcio do semestre de acordo com prazo estipulado e divulgado pela se\u00e7\u00e3o de int\u00e9rpretes. Solicita\u00e7\u00f5es realizadas ap\u00f3s o prazo ser\u00e3o avaliadas conforme a carga hor\u00e1ria restante para atividades espor\u00e1dicas, como convoca\u00e7\u00f5es para reuni\u00f5es, adequa\u00e7\u00e3o da L\u00edngua Portuguesa escrita, entre outros, devem ser comunicadas com, no m\u00ednimo, dois dias \u00fateis de anteced\u00eancia.<\/span><\/p>\n<p>&nbsp;<\/p>\n<p><a href=\"https:\/\/drive.google.com\/open?id=1NEB0gAkRuEognCfVIF9Nkib20DsLwTSy\" target=\"_blank\" rel=\"noopener\"><img data-attachment-id=\"2963\" data-permalink=\"https:\/\/wp.ufpel.edu.br\/nai\/libras-2\/\" data-orig-file=\"https:\/\/wp.ufpel.edu.br\/nai\/files\/2018\/10\/libras-e1541596773614.png\" data-orig-size=\"30,30\" data-comments-opened=\"0\" data-image-meta=\"{&quot;aperture&quot;:&quot;0&quot;,&quot;credit&quot;:&quot;&quot;,&quot;camera&quot;:&quot;&quot;,&quot;caption&quot;:&quot;&quot;,&quot;created_timestamp&quot;:&quot;0&quot;,&quot;copyright&quot;:&quot;&quot;,&quot;focal_length&quot;:&quot;0&quot;,&quot;iso&quot;:&quot;0&quot;,&quot;shutter_speed&quot;:&quot;0&quot;,&quot;title&quot;:&quot;&quot;,&quot;orientation&quot;:&quot;0&quot;}\" data-image-title=\"Acessibilidade em Libras libras\" data-image-description=\"\" data-image-caption=\"&lt;p&gt;Link tradu\u00e7\u00e3o em Libras&lt;\/p&gt;\n\" data-medium-file=\"https:\/\/wp.ufpel.edu.br\/nai\/files\/2018\/10\/libras-e1541596773614.png\" data-large-file=\"https:\/\/wp.ufpel.edu.br\/nai\/files\/2018\/10\/libras-e1541596773614.png\" class=\"size-full wp-image-2963 alignleft\" src=\"https:\/\/wp.ufpel.edu.br\/nai\/files\/2018\/10\/libras-e1541596773614.png\" alt=\"simbolo libras\" width=\"30\" height=\"30\" \/><span style=\"font-family: verdana, geneva, sans-serif\">Texto em Libras \u2013 Clique Aqui<\/span><\/a><\/p>\n<p>&nbsp;<\/p>\n<p><span style=\"font-family: verdana, geneva, sans-serif\"><strong>Para atividades espor\u00e1dicas <\/strong><\/span><\/p>\n<p><span style=\"font-family: verdana, geneva, sans-serif\">Solicita\u00e7\u00e3o para atua\u00e7\u00e3o em convoca\u00e7\u00f5es para reuni\u00f5es, adequa\u00e7\u00e3o da L\u00edngua Portuguesa escrita, semin\u00e1rios e eventos afins, sa\u00eddas de campo, entre outros, dever\u00e3o ser feitas com, no m\u00ednimo, dois dias \u00fateis de anteced\u00eancia. Este prazo \u00e9 necess\u00e1rio para averigua\u00e7\u00e3o de disponibilidade de TILS. Por isso, salientamos que, quanto maior a \u00a0anteced\u00eancia, melhor.<\/span><\/p>\n<p>&nbsp;<\/p>\n<p><a href=\"https:\/\/drive.google.com\/open?id=1NEB0gAkRuEognCfVIF9Nkib20DsLwTSy\" target=\"_blank\" rel=\"noopener\"><img data-attachment-id=\"2963\" data-permalink=\"https:\/\/wp.ufpel.edu.br\/nai\/libras-2\/\" data-orig-file=\"https:\/\/wp.ufpel.edu.br\/nai\/files\/2018\/10\/libras-e1541596773614.png\" data-orig-size=\"30,30\" data-comments-opened=\"0\" data-image-meta=\"{&quot;aperture&quot;:&quot;0&quot;,&quot;credit&quot;:&quot;&quot;,&quot;camera&quot;:&quot;&quot;,&quot;caption&quot;:&quot;&quot;,&quot;created_timestamp&quot;:&quot;0&quot;,&quot;copyright&quot;:&quot;&quot;,&quot;focal_length&quot;:&quot;0&quot;,&quot;iso&quot;:&quot;0&quot;,&quot;shutter_speed&quot;:&quot;0&quot;,&quot;title&quot;:&quot;&quot;,&quot;orientation&quot;:&quot;0&quot;}\" data-image-title=\"Acessibilidade em Libras libras\" data-image-description=\"\" data-image-caption=\"&lt;p&gt;Link tradu\u00e7\u00e3o em Libras&lt;\/p&gt;\n\" data-medium-file=\"https:\/\/wp.ufpel.edu.br\/nai\/files\/2018\/10\/libras-e1541596773614.png\" data-large-file=\"https:\/\/wp.ufpel.edu.br\/nai\/files\/2018\/10\/libras-e1541596773614.png\" class=\"size-full wp-image-2963 alignleft\" src=\"https:\/\/wp.ufpel.edu.br\/nai\/files\/2018\/10\/libras-e1541596773614.png\" alt=\"simbolo libras\" width=\"30\" height=\"30\" \/><span style=\"font-family: verdana, geneva, sans-serif\">Texto em Libras \u2013 Clique Aqui<\/span><\/a><\/p>\n<p>&nbsp;<\/p>\n<p><span style=\"font-family: verdana, geneva, sans-serif\"><strong>Contatos para solicita\u00e7\u00f5es e agendamentos <\/strong><\/span><\/p>\n<p><span style=\"font-family: verdana, geneva, sans-serif\">Para as solicita\u00e7\u00f5es para atua\u00e7\u00f5es de TILS, deve ser utilizada uma das fichas dispon\u00edveis na p\u00e1gina da UFPEL. <a href=\"https:\/\/wp.ufpel.edu.br\/nai\/formulario-solicitacao-tils-libras\/\">Clique aqui<\/a> para acessar a p\u00e1gina dos formul\u00e1rios.<\/span><\/p>\n<p><span style=\"font-family: verdana, geneva, sans-serif\">A solicita\u00e7\u00e3o ser\u00e1 analisada pela se\u00e7\u00e3o, e ser\u00e1 atendida ou n\u00e3o de acordo com a disponibilidade de profissionais. Solicita\u00e7\u00f5es atrav\u00e9s de SMS para os celulares, Facebook ou para os emails particulares dos TILS n\u00e3o ser\u00e3o atendidas.<\/span><\/p>\n<p>&nbsp;<\/p>\n<p><span style=\"font-family: verdana, geneva, sans-serif\"><a href=\"https:\/\/drive.google.com\/open?id=1g_0helsgXwXaZfi7KTaFu7igEvU2gnHc\" target=\"_blank\" rel=\"noopener\"><img data-attachment-id=\"2963\" data-permalink=\"https:\/\/wp.ufpel.edu.br\/nai\/libras-2\/\" data-orig-file=\"https:\/\/wp.ufpel.edu.br\/nai\/files\/2018\/10\/libras-e1541596773614.png\" data-orig-size=\"30,30\" data-comments-opened=\"0\" data-image-meta=\"{&quot;aperture&quot;:&quot;0&quot;,&quot;credit&quot;:&quot;&quot;,&quot;camera&quot;:&quot;&quot;,&quot;caption&quot;:&quot;&quot;,&quot;created_timestamp&quot;:&quot;0&quot;,&quot;copyright&quot;:&quot;&quot;,&quot;focal_length&quot;:&quot;0&quot;,&quot;iso&quot;:&quot;0&quot;,&quot;shutter_speed&quot;:&quot;0&quot;,&quot;title&quot;:&quot;&quot;,&quot;orientation&quot;:&quot;0&quot;}\" data-image-title=\"Acessibilidade em Libras libras\" data-image-description=\"\" data-image-caption=\"&lt;p&gt;Link tradu\u00e7\u00e3o em Libras&lt;\/p&gt;\n\" data-medium-file=\"https:\/\/wp.ufpel.edu.br\/nai\/files\/2018\/10\/libras-e1541596773614.png\" data-large-file=\"https:\/\/wp.ufpel.edu.br\/nai\/files\/2018\/10\/libras-e1541596773614.png\" class=\"size-full wp-image-2963 alignleft\" src=\"https:\/\/wp.ufpel.edu.br\/nai\/files\/2018\/10\/libras-e1541596773614.png\" alt=\"simbolo libras\" width=\"30\" height=\"30\" \/>Texto em Libras \u2013 Clique Aqui<\/a><\/span><\/p>\n<p>&nbsp;<\/p>\n<p><span style=\"font-family: verdana, geneva, sans-serif\"><strong>Cancelamento <\/strong><\/span><\/p>\n<p><span style=\"font-family: verdana, geneva, sans-serif\">Os cancelamentos de reuni\u00f5es, atividades de doc\u00eancia, entre outras, devem ser comunicados com dois dias \u00fateis de anteced\u00eancia para interprete.libras.ufpel@gmail.com e\/ou \u00a0<strong>imediatamente<\/strong> para os TILS designados para o servi\u00e7o SMS para celular particular (\u00fanica exce\u00e7\u00e3o permitida para este tipo de recurso). Os profissionais escalados para a atividade cancelada permanecer\u00e3o \u00e0 disposi\u00e7\u00e3o dos surdos que motivaram tal solicita\u00e7\u00e3o de tradu\u00e7\u00e3o\/interpreta\u00e7\u00e3o, em local a combinar ou na sede do NAI. N\u00e3o havendo manifesta\u00e7\u00e3o de interesse de aproveitamento do hor\u00e1rio dispon\u00edvel por parte destes, os int\u00e9rpretes poder\u00e3o ser designados para atender outras demandas que surgirem.<\/span><\/p>\n<p>&nbsp;<\/p>\n<p><span style=\"font-family: verdana, geneva, sans-serif\">Para maiores informa\u00e7\u00f5es, consulte o Cap\u00edtulo VII do nosso <a href=\"https:\/\/wp.ufpel.edu.br\/nai\/regimento-documentos\/\">REGIMENTO<\/a>.<\/span><\/p>\n<div><\/div>\n<div><\/div>\n\n<!-- iframe plugin v.6.0 wordpress.org\/plugins\/iframe\/ -->\n<iframe src=\"https:\/\/www.youtube.com\/embed\/SQrJEzQrQHs\" width=\"100%\" height=\"500\" scrolling=\"yes\" class=\"iframe-class\" frameborder=\"0\"><\/iframe>\n\n","protected":false},"excerpt":{"rendered":"<p>Texto em Libras \u2013 Clique Aqui &nbsp; ORIENTA\u00c7\u00c3O PARA SOLICITA\u00c7\u00c3O TODAS AS SOLICITA\u00c7\u00d5ES DEVEM SER REALIZADAS COM ANTECED\u00caNCIA, SALVO AS ATIVIDADES QUE PODEM SER REALIZADAS NOS PLANT\u00d5ES. &nbsp; Texto em Libras \u2013 Clique Aqui &nbsp; Para atividades permanentes Durante o semestre, atividades como disciplinas, reuni\u00f5es semanais ou quinzenais, projetos de pesquisa, entre outros, devem ser [&hellip;]<\/p>\n","protected":false},"author":359,"featured_media":0,"parent":0,"menu_order":0,"comment_status":"closed","ping_status":"closed","template":"","meta":{"jetpack_post_was_ever_published":false,"footnotes":""},"class_list":["post-627","page","type-page","status-publish","hentry"],"jetpack_sharing_enabled":true,"jetpack_shortlink":"https:\/\/wp.me\/P90IOR-a7","_links":{"self":[{"href":"https:\/\/wp.ufpel.edu.br\/nai\/wp-json\/wp\/v2\/pages\/627","targetHints":{"allow":["GET"]}}],"collection":[{"href":"https:\/\/wp.ufpel.edu.br\/nai\/wp-json\/wp\/v2\/pages"}],"about":[{"href":"https:\/\/wp.ufpel.edu.br\/nai\/wp-json\/wp\/v2\/types\/page"}],"author":[{"embeddable":true,"href":"https:\/\/wp.ufpel.edu.br\/nai\/wp-json\/wp\/v2\/users\/359"}],"replies":[{"embeddable":true,"href":"https:\/\/wp.ufpel.edu.br\/nai\/wp-json\/wp\/v2\/comments?post=627"}],"version-history":[{"count":16,"href":"https:\/\/wp.ufpel.edu.br\/nai\/wp-json\/wp\/v2\/pages\/627\/revisions"}],"predecessor-version":[{"id":2998,"href":"https:\/\/wp.ufpel.edu.br\/nai\/wp-json\/wp\/v2\/pages\/627\/revisions\/2998"}],"wp:attachment":[{"href":"https:\/\/wp.ufpel.edu.br\/nai\/wp-json\/wp\/v2\/media?parent=627"}],"curies":[{"name":"wp","href":"https:\/\/api.w.org\/{rel}","templated":true}]}}