{"id":43,"date":"2014-03-14T11:56:38","date_gmt":"2014-03-14T14:56:38","guid":{"rendered":"https:\/\/wp.ufpel.edu.br\/nai\/?page_id=43"},"modified":"2024-03-13T11:44:47","modified_gmt":"2024-03-13T14:44:47","slug":"equipe","status":"publish","type":"page","link":"https:\/\/wp.ufpel.edu.br\/nai\/equipe\/","title":{"rendered":"Equipe"},"content":{"rendered":"<p><span style=\"font-size: 14pt; font-family: verdana, geneva, sans-serif;\"><strong>N\u00daCLEO DE ACESSIBILIDADE E INCLUS\u00c3O (NAI)<\/strong><\/span><\/p>\n<p><span style=\"font-family: verdana, geneva, sans-serif;\"><strong>Chefia:<\/strong> <a href=\"http:\/\/lattes.cnpq.br\/3150036157419261\">Renata Cristina Rocha da Silva &#8211; Curr\u00edculo Lattes<\/a><br \/>\n<\/span><\/p>\n<p><span style=\"font-family: verdana, geneva, sans-serif;\"><strong>T\u00e9cnica em Assuntos Educacionais:<\/strong> <a href=\"http:\/\/lattes.cnpq.br\/1086678516608040\">Aline Nunes da Cunha de Medeiros &#8211; Curr\u00edculo Lattes<\/a><\/span><\/p>\n<p><span style=\"font-family: verdana, geneva, sans-serif;\"><strong>T\u00e9cnico em Assuntos Educacionais:\u00a0<\/strong><a href=\"http:\/\/lattes.cnpq.br\/4925831196465339\">R\u00e9gis Leonardo Gusm\u00e3o Barcelos &#8211; Curr\u00edculo Lattes<\/a><\/span><\/p>\n<p><span style=\"font-family: verdana, geneva, sans-serif;\"><strong>Bolsistas:<\/strong><\/span><\/p>\n<p><span style=\"font-family: verdana, geneva, sans-serif;\">Eduarda Lamego Guerra &#8211; Cinema de Anima\u00e7\u00e3o &#8211;\u00a0<a href=\"http:\/\/lattes.cnpq.br\/5384004574172716\">Curr\u00edculo Lattes<\/a><\/span><\/p>\n<p><span style=\"font-family: verdana, geneva, sans-serif;\">Esther Mariana Nascimento Costa\u00a0 &#8211; Cinema de Anima\u00e7\u00e3o<\/span><\/p>\n<hr \/>\n<p><span style=\"font-size: 14pt;\"><strong><span style=\"font-family: verdana, geneva, sans-serif;\">&#8211; SE\u00c7\u00c3O DOS TRADUTORES-INT\u00c9RPRETES DE LIBRAS (TILS)<\/span><\/strong><\/span><\/p>\n<p><span style=\"font-family: verdana, geneva, sans-serif;\"><strong>Chefia:<\/strong> <a href=\"http:\/\/lattes.cnpq.br\/2869639821544456\">Esp. Emerson de Souza Madeira\u00a0<\/a><strong><br \/>\n<\/strong><\/span><\/p>\n<p><strong><span style=\"font-family: verdana, geneva, sans-serif;\">Tradutores-Int\u00e9rpretes de Libras<\/span><\/strong><\/p>\n<p><span style=\"font-family: verdana, geneva, sans-serif;\"><u><a href=\"http:\/\/lattes.cnpq.br\/2502674466938381\">Doutoranda DAIANA SAN MARTINS GOULART<\/a><\/u><\/span><\/p>\n<p><span style=\"font-family: verdana, geneva, sans-serif;\"><u><a href=\"http:\/\/lattes.cnpq.br\/9730193150096676\">Doutorando DANIEL DUARTE SILVEIRA<\/a><\/u><\/span><\/p>\n<p><span style=\"font-family: verdana, geneva, sans-serif;\"><a href=\"http:\/\/lattes.cnpq.br\/3582604013469153\" target=\"_blank\" rel=\"noopener noreferrer\">Me N\u00e1dia Porto &#8211; Curr\u00edculo Lattes<\/a><\/span><\/p>\n<p><span style=\"font-family: verdana, geneva, sans-serif;\"><u><a href=\"http:\/\/lattes.cnpq.br\/3353373521972232\">Me. JOSEANE MACIEL VIANA<\/a><\/u><\/span><\/p>\n<p><span style=\"font-family: verdana, geneva, sans-serif;\"><u><a href=\"http:\/\/lattes.cnpq.br\/6939646928971494\">Mestranda ELISABETE DE STRELOW DE CASTRO<\/a><\/u><\/span><\/p>\n<p><span style=\"font-family: verdana, geneva, sans-serif;\"><u><a href=\"http:\/\/lattes.cnpq.br\/3266795025732887\">Esp. JULIANA SANCHES DOS SANTOS<\/a><\/u><\/span><\/p>\n<p><a href=\"http:\/\/buscatextual.cnpq.br\/buscatextual\/visualizacv.do?id=K4389663Y6\"><span style=\"font-family: verdana, geneva, sans-serif;\">Esp. MA\u00cdRA MAUS DA SILVA<\/span><\/a><\/p>\n<p><span style=\"font-family: verdana, geneva, sans-serif;\"><u><a href=\"http:\/\/lattes.cnpq.br\/2869639821544456\">Esp. EMERSON DE SOUZA MADEIRA<\/a><\/u><\/span><\/p>\n<p><u><a href=\"http:\/\/lattes.cnpq.br\/0205553981123983\"><span style=\"font-family: verdana, geneva, sans-serif;\">M\u00d4NICA MENDES GARCIA<\/span><\/a><\/u><\/p>\n<p><span style=\"font-family: verdana, geneva, sans-serif;\">LARISSA LEMES RAMOS TAVARES<\/span><\/p>\n<hr \/>\n<p><span style=\"font-size: 14pt;\"><strong><span style=\"font-family: verdana, geneva, sans-serif;\">&#8211; SE\u00c7\u00c3O DE ATENDIMENTO EDUCACIONAL ESPECIALIZADO (SAEE)<\/span><\/strong><\/span><\/p>\n<p><span style=\"font-family: verdana, geneva, sans-serif;\"><strong>Terapeuta Ocupacional:<\/strong> Dra. Renata Cristina Rocha da Silva<\/span><\/p>\n<p><strong><span style=\"font-family: verdana, geneva, sans-serif;\">Psicopedagogas\u00a0\u00a0<\/span><\/strong><\/p>\n<p>Elizandra Silva da Rocha;<\/p>\n<p>Let\u00edcia de Oliveira Roxo Schmitt;<\/p>\n<p>Liana Barcelos Porto;<\/p>\n<p>Natalia Vargas Nunes.<\/p>\n<p><span style=\"font-family: verdana, geneva, sans-serif;\"><strong>\u00a0<\/strong><\/span><\/p>\n<hr \/>\n<p><span style=\"font-size: 14pt;\"><strong><span style=\"font-family: verdana, geneva, sans-serif;\">&#8211; COMISS\u00c3O DE APOIO AO NAI (CONAI)<\/span><\/strong><\/span><\/p>\n<p><span style=\"font-family: verdana, geneva, sans-serif;\">Prof\u00aa. Dr\u00aa. Gilsenira de Alcino Rangel (Presidente)<\/span><\/p>\n<p><span style=\"font-family: verdana, geneva, sans-serif;\">Prof\u00aa. Dra\u00aa. Magda Floriana Damiani (Vice-Presidente)<\/span><\/p>\n<p><span style=\"font-family: verdana, geneva, sans-serif;\">Prof\u00aa. Dr\u00aa. \u00a0Rita de Cassia Morem Cossio Rodriguez<\/span><\/p>\n<p><span style=\"font-family: verdana, geneva, sans-serif;\">Prof\u00aa. Dr\u00aa.\u00a0Francele de Abreu Carlan<\/span><\/p>\n<p><span style=\"font-family: verdana, geneva, sans-serif;\">Prof\u00aa. Dr\u00aa.\u00a0Siglia Pimentel Hoher Camargo<\/span><\/p>\n<p><span style=\"font-family: verdana, geneva, sans-serif;\">Me. Rodrigo da Silva Vital<\/span><\/p>\n<p><span style=\"font-family: verdana, geneva, sans-serif;\">M\u00aa. Joseane Maciel Viana<\/span><\/p>\n<p><span style=\"font-family: verdana, geneva, sans-serif;\">Dra\u00aa. Aline Nunes da Cunha de Medeiros<\/span><\/p>\n<p><span style=\"font-family: verdana, geneva, sans-serif;\">Esp. C\u00e9sar Vin\u00edcius Cavalheiro Schwartz<\/span><\/p>\n","protected":false},"excerpt":{"rendered":"<p>N\u00daCLEO DE ACESSIBILIDADE E INCLUS\u00c3O (NAI) Chefia: Renata Cristina Rocha da Silva &#8211; Curr\u00edculo Lattes T\u00e9cnica em Assuntos Educacionais: Aline Nunes da Cunha de Medeiros &#8211; Curr\u00edculo Lattes T\u00e9cnico em Assuntos Educacionais:\u00a0R\u00e9gis Leonardo Gusm\u00e3o Barcelos &#8211; Curr\u00edculo Lattes Bolsistas: Eduarda Lamego Guerra &#8211; Cinema de Anima\u00e7\u00e3o &#8211;\u00a0Curr\u00edculo Lattes Esther Mariana Nascimento Costa\u00a0 &#8211; Cinema de [&hellip;]<\/p>\n","protected":false},"author":359,"featured_media":0,"parent":0,"menu_order":5,"comment_status":"closed","ping_status":"closed","template":"","meta":{"jetpack_post_was_ever_published":false,"footnotes":""},"class_list":["post-43","page","type-page","status-publish","hentry"],"jetpack_sharing_enabled":true,"jetpack_shortlink":"https:\/\/wp.me\/P90IOR-H","_links":{"self":[{"href":"https:\/\/wp.ufpel.edu.br\/nai\/wp-json\/wp\/v2\/pages\/43","targetHints":{"allow":["GET"]}}],"collection":[{"href":"https:\/\/wp.ufpel.edu.br\/nai\/wp-json\/wp\/v2\/pages"}],"about":[{"href":"https:\/\/wp.ufpel.edu.br\/nai\/wp-json\/wp\/v2\/types\/page"}],"author":[{"embeddable":true,"href":"https:\/\/wp.ufpel.edu.br\/nai\/wp-json\/wp\/v2\/users\/359"}],"replies":[{"embeddable":true,"href":"https:\/\/wp.ufpel.edu.br\/nai\/wp-json\/wp\/v2\/comments?post=43"}],"version-history":[{"count":82,"href":"https:\/\/wp.ufpel.edu.br\/nai\/wp-json\/wp\/v2\/pages\/43\/revisions"}],"predecessor-version":[{"id":5162,"href":"https:\/\/wp.ufpel.edu.br\/nai\/wp-json\/wp\/v2\/pages\/43\/revisions\/5162"}],"wp:attachment":[{"href":"https:\/\/wp.ufpel.edu.br\/nai\/wp-json\/wp\/v2\/media?parent=43"}],"curies":[{"name":"wp","href":"https:\/\/api.w.org\/{rel}","templated":true}]}}