{"id":3215,"date":"2019-04-18T15:19:01","date_gmt":"2019-04-18T18:19:01","guid":{"rendered":"https:\/\/wp.ufpel.edu.br\/nai\/?page_id=3215"},"modified":"2019-06-04T10:43:43","modified_gmt":"2019-06-04T13:43:43","slug":"mathlibras","status":"publish","type":"page","link":"https:\/\/wp.ufpel.edu.br\/nai\/mathlibras\/","title":{"rendered":"MathLibras"},"content":{"rendered":"<p><img data-attachment-id=\"2963\" data-permalink=\"https:\/\/wp.ufpel.edu.br\/nai\/libras-2\/\" data-orig-file=\"https:\/\/wp.ufpel.edu.br\/nai\/files\/2018\/10\/libras-e1541596773614.png\" data-orig-size=\"30,30\" data-comments-opened=\"0\" data-image-meta=\"{&quot;aperture&quot;:&quot;0&quot;,&quot;credit&quot;:&quot;&quot;,&quot;camera&quot;:&quot;&quot;,&quot;caption&quot;:&quot;&quot;,&quot;created_timestamp&quot;:&quot;0&quot;,&quot;copyright&quot;:&quot;&quot;,&quot;focal_length&quot;:&quot;0&quot;,&quot;iso&quot;:&quot;0&quot;,&quot;shutter_speed&quot;:&quot;0&quot;,&quot;title&quot;:&quot;&quot;,&quot;orientation&quot;:&quot;0&quot;}\" data-image-title=\"Acessibilidade em Libras libras\" data-image-description=\"\" data-image-caption=\"&lt;p&gt;Link tradu\u00e7\u00e3o em Libras&lt;\/p&gt;\n\" data-medium-file=\"https:\/\/wp.ufpel.edu.br\/nai\/files\/2018\/10\/libras-e1541596773614.png\" data-large-file=\"https:\/\/wp.ufpel.edu.br\/nai\/files\/2018\/10\/libras-e1541596773614.png\" class=\"size-full wp-image-2963 alignleft\" src=\"https:\/\/wp.ufpel.edu.br\/nai\/files\/2018\/10\/libras-e1541596773614.png\" alt=\"simbolo libras\" width=\"30\" height=\"30\" \/><\/p>\n<p>&nbsp;<\/p>\n<p><a href=\"https:\/\/drive.google.com\/file\/d\/11AVfGNCu9jVvre6UK7F8Vh2hsRN-ZhLv\/view?usp=sharing\" target=\"_blank\" rel=\"noopener noreferrer\"><span style=\"font-family: verdana, geneva, sans-serif\">Texto em Libras \u2013 Clique Aqui<\/span><\/a><\/p>\n<p><span style=\"font-family: verdana, geneva, sans-serif;font-size: 14pt\"><strong>Projeto de Pesquisa &#8220;MathLibras&#8221;<\/strong><\/span><\/p>\n<p>&nbsp;<\/p>\n<p><span style=\"font-family: verdana, geneva, sans-serif\">O MathLibras \u00e9 um projeto financiado pelo CNPq para a produ\u00e7\u00e3o de videoaulas de Matem\u00e1tica com tradu\u00e7\u00e3o em Libras. \u00c9 coordenado pela Profa. Dra. Tha\u00eds Philipsen Gr\u00fctzmann e pela profa. Tatiana Bolivar Lebedeff. S\u00e3o parceiros do MathLibras o Programa de P\u00f3s-Gradua\u00e7\u00e3o em Educa\u00e7\u00e3o Matem\u00e1tica (PPGEMAT) e o Programa de P\u00f3s-Gradua\u00e7\u00e3o em Letras (PPGL). Atualmente conta com a participa\u00e7\u00e3o de cinco bolsistas, tr\u00eas professores surdos, duas int\u00e9rpretes e volunt\u00e1rios<\/span><\/p>\n<p><span style=\"font-family: verdana, geneva, sans-serif\">O material j\u00e1 est\u00e1 dispon\u00edvel no Youtube::\u00a0<a href=\"https:\/\/www.youtube.com\/channel\/UC7rtwOJBv4c4PyIhSFvg3Hg\/videos\" data-saferedirecturl=\"https:\/\/www.google.com\/url?q=https:\/\/www.youtube.com\/channel\/UC7rtwOJBv4c4PyIhSFvg3Hg\/videos&amp;source=gmail&amp;ust=1555694495325000&amp;usg=AFQjCNGo8YidSIUwwfK1et_PPxsrrrl1CA\">https:\/\/www.youtube.com\/channel\/UC7rtwOJBv4c4PyIhSFvg3Hg\/videos<\/a><\/span><\/p>\n<p><span style=\"font-family: verdana, geneva, sans-serif\">TILS participante: Elisabete Strelow de Castro\u00a0<\/span><\/p>\n","protected":false},"excerpt":{"rendered":"<p>&nbsp; Texto em Libras \u2013 Clique Aqui Projeto de Pesquisa &#8220;MathLibras&#8221; &nbsp; O MathLibras \u00e9 um projeto financiado pelo CNPq para a produ\u00e7\u00e3o de videoaulas de Matem\u00e1tica com tradu\u00e7\u00e3o em Libras. \u00c9 coordenado pela Profa. Dra. Tha\u00eds Philipsen Gr\u00fctzmann e pela profa. Tatiana Bolivar Lebedeff. S\u00e3o parceiros do MathLibras o Programa de P\u00f3s-Gradua\u00e7\u00e3o em Educa\u00e7\u00e3o [&hellip;]<\/p>\n","protected":false},"author":359,"featured_media":0,"parent":0,"menu_order":0,"comment_status":"closed","ping_status":"closed","template":"","meta":{"jetpack_post_was_ever_published":false,"footnotes":""},"class_list":["post-3215","page","type-page","status-publish","hentry"],"jetpack_sharing_enabled":true,"jetpack_shortlink":"https:\/\/wp.me\/P90IOR-PR","_links":{"self":[{"href":"https:\/\/wp.ufpel.edu.br\/nai\/wp-json\/wp\/v2\/pages\/3215","targetHints":{"allow":["GET"]}}],"collection":[{"href":"https:\/\/wp.ufpel.edu.br\/nai\/wp-json\/wp\/v2\/pages"}],"about":[{"href":"https:\/\/wp.ufpel.edu.br\/nai\/wp-json\/wp\/v2\/types\/page"}],"author":[{"embeddable":true,"href":"https:\/\/wp.ufpel.edu.br\/nai\/wp-json\/wp\/v2\/users\/359"}],"replies":[{"embeddable":true,"href":"https:\/\/wp.ufpel.edu.br\/nai\/wp-json\/wp\/v2\/comments?post=3215"}],"version-history":[{"count":5,"href":"https:\/\/wp.ufpel.edu.br\/nai\/wp-json\/wp\/v2\/pages\/3215\/revisions"}],"predecessor-version":[{"id":3361,"href":"https:\/\/wp.ufpel.edu.br\/nai\/wp-json\/wp\/v2\/pages\/3215\/revisions\/3361"}],"wp:attachment":[{"href":"https:\/\/wp.ufpel.edu.br\/nai\/wp-json\/wp\/v2\/media?parent=3215"}],"curies":[{"name":"wp","href":"https:\/\/api.w.org\/{rel}","templated":true}]}}