{"id":2659,"date":"2018-07-11T16:48:32","date_gmt":"2018-07-11T19:48:32","guid":{"rendered":"https:\/\/wp.ufpel.edu.br\/nai\/?page_id=2659"},"modified":"2018-07-11T16:58:59","modified_gmt":"2018-07-11T19:58:59","slug":"folders","status":"publish","type":"page","link":"https:\/\/wp.ufpel.edu.br\/nai\/folders\/","title":{"rendered":"Folders"},"content":{"rendered":"<p><strong><span style=\"font-family: verdana, geneva, sans-serif\">Folder de divulga\u00e7\u00e3o do NAI &#8211; Parte externa<\/span><\/strong><\/p>\n<div id=\"attachment_2661\" style=\"width: 982px\" class=\"wp-caption alignnone\"><img aria-describedby=\"caption-attachment-2661\" data-attachment-id=\"2661\" data-permalink=\"https:\/\/wp.ufpel.edu.br\/nai\/folders\/folder-felipe-nai-ufpel-frente\/\" data-orig-file=\"https:\/\/wp.ufpel.edu.br\/nai\/files\/2018\/07\/folder-frente.jpg\" data-orig-size=\"2356,2482\" data-comments-opened=\"0\" data-image-meta=\"{&quot;aperture&quot;:&quot;0&quot;,&quot;credit&quot;:&quot;&quot;,&quot;camera&quot;:&quot;&quot;,&quot;caption&quot;:&quot;&quot;,&quot;created_timestamp&quot;:&quot;0&quot;,&quot;copyright&quot;:&quot;&quot;,&quot;focal_length&quot;:&quot;0&quot;,&quot;iso&quot;:&quot;0&quot;,&quot;shutter_speed&quot;:&quot;0&quot;,&quot;title&quot;:&quot;folder Felipe - nai ufpel FRENTE&quot;,&quot;orientation&quot;:&quot;1&quot;}\" data-image-title=\"folder Felipe &amp;#8211; nai ufpel FRENTE\" data-image-description=\"&lt;p&gt;#PraCegoVer \u2013 Imagem da parte externa do folder de divulga\u00e7\u00e3o do NAI. No lado esquerdo aparece o logo da UFPel, logo abaixo est\u00e3o listados o endere\u00e7o do site \u201cwp.ufpel.edu.br\/nai\u201d; do facebook \u201cwww.facebook.com\/naiufpel\u201d; e-mail do n\u00facleo \u201cnai.ufpel@gmail.com\u201d; e endere\u00e7o do NAI \u201cRua Barroso, 1202, sala 110, Pelotas-RS\u201d. No lado direito, no topo, o s\u00edmbolo do NAI na cores vermelho, amarelo, azul e verde. Logo abaixo est\u00e1 escrito o seguinte: \u201cVoc\u00ea conhece o NAI? Sabe a import\u00e2ncia dele? Onde ele atua? O N\u00facleo de Acessibilidade e Inclus\u00e3o da UFPel existe para garantir a acessibilidade e a inclus\u00e3o no ensino superior.\u201d&lt;\/p&gt;\n\" data-image-caption=\"&lt;p&gt;#PraCegoVer \u2013 Imagem da parte externa do folder de divulga\u00e7\u00e3o do NAI. No lado esquerdo aparece o logo da UFPel, logo abaixo est\u00e3o listados o endere\u00e7o do site \u201cwp.ufpel.edu.br\/nai\u201d; do facebook \u201cwww.facebook.com\/naiufpel\u201d; e-mail do n\u00facleo \u201cnai.ufpel@gmail.com\u201d; e endere\u00e7o do NAI \u201cRua Barroso, 1202, sala 110, Pelotas-RS\u201d. No lado direito, no topo, o s\u00edmbolo do NAI na cores vermelho, amarelo, azul e verde. Logo abaixo est\u00e1 escrito o seguinte: \u201cVoc\u00ea conhece o NAI? Sabe a import\u00e2ncia dele? Onde ele atua? O N\u00facleo de Acessibilidade e Inclus\u00e3o da UFPel existe para garantir a acessibilidade e a inclus\u00e3o no ensino superior.\u201d&lt;\/p&gt;\n\" data-medium-file=\"https:\/\/wp.ufpel.edu.br\/nai\/files\/2018\/07\/folder-frente-380x400.jpg\" data-large-file=\"https:\/\/wp.ufpel.edu.br\/nai\/files\/2018\/07\/folder-frente-972x1024.jpg\" class=\"wp-image-2661 size-large\" src=\"https:\/\/wp.ufpel.edu.br\/nai\/files\/2018\/07\/folder-frente-972x1024.jpg\" alt=\"\" width=\"972\" height=\"1024\" srcset=\"https:\/\/wp.ufpel.edu.br\/nai\/files\/2018\/07\/folder-frente-972x1024.jpg 972w, https:\/\/wp.ufpel.edu.br\/nai\/files\/2018\/07\/folder-frente-380x400.jpg 380w, https:\/\/wp.ufpel.edu.br\/nai\/files\/2018\/07\/folder-frente-768x809.jpg 768w\" sizes=\"(max-width: 972px) 100vw, 972px\" \/><p id=\"caption-attachment-2661\" class=\"wp-caption-text\"><span style=\"font-family: verdana, geneva, sans-serif;font-size: 8pt\">#PraCegoVer Imagem da parte externa do folder de divulga\u00e7\u00e3o do NAI. No lado esquerdo aparece o logo da UFPel, logo abaixo est\u00e3o listados o endere\u00e7o do site &#8220;wp.ufpel.edu.br\/nai&#8221;; do facebook &#8220;www.facebook.com\/naiufpel&#8221;; e-mail do n\u00facleo &#8220;nai.ufpel@gmail.com&#8221;; e endere\u00e7o do NAI &#8220;Rua Barroso, 1202, sala 110, Pelotas-RS&#8221;. No lado direito, no topo, o s\u00edmbolo do NAI na cores vermelho, amarelo, azul e verde. Logo abaixo est\u00e1 escrito o seguinte: &#8220;Voc\u00ea conhece o NAI? Sabe a import\u00e2ncia dele? Onde ele atua? O N\u00facleo de Acessibilidade e Inclus\u00e3o da UFPel existe para garantir a acessibilidade e a inclus\u00e3o no ensino superior.&#8221;<\/span><\/p><\/div>\n<p>&nbsp;<\/p>\n<p><strong><span style=\"font-family: verdana, geneva, sans-serif\">Folder de divulga\u00e7\u00e3o do NAI &#8211; Parte interna<\/span><\/strong><\/p>\n<div id=\"attachment_2663\" style=\"width: 985px\" class=\"wp-caption alignnone\"><img aria-describedby=\"caption-attachment-2663\" data-attachment-id=\"2663\" data-permalink=\"https:\/\/wp.ufpel.edu.br\/nai\/folders\/folder-felipe-nai-ufpel-verso\/\" data-orig-file=\"https:\/\/wp.ufpel.edu.br\/nai\/files\/2018\/07\/folder-interno.jpg\" data-orig-size=\"2362,2481\" data-comments-opened=\"0\" data-image-meta=\"{&quot;aperture&quot;:&quot;0&quot;,&quot;credit&quot;:&quot;&quot;,&quot;camera&quot;:&quot;&quot;,&quot;caption&quot;:&quot;&quot;,&quot;created_timestamp&quot;:&quot;0&quot;,&quot;copyright&quot;:&quot;&quot;,&quot;focal_length&quot;:&quot;0&quot;,&quot;iso&quot;:&quot;0&quot;,&quot;shutter_speed&quot;:&quot;0&quot;,&quot;title&quot;:&quot;folder Felipe - nai ufpel VERSO&quot;,&quot;orientation&quot;:&quot;1&quot;}\" data-image-title=\"folder Felipe &amp;#8211; nai ufpel VERSO\" data-image-description=\"&lt;p&gt;#PraCegoVer \u2013 Imagem da parte interna do folder de divulga\u00e7\u00e3o do NAI. No topo do lado esquerdo aparecem metades de pe\u00e7as de quebra-cabe\u00e7a encaixadas lado a lado. Abaixo est\u00e1 escrito o seguinte: \u201cO NAI apresenta como princ\u00edpios norteadores a concretiza\u00e7\u00e3o do Plano de Acessibilidade e Inclus\u00e3o da UFPel e a efetiva\u00e7\u00e3o da Lei 13.409\/2016, que disp\u00f5e sobre as cotas para pessoas com defici\u00eancia no Ensino Superior, al\u00e9m das demais legisla\u00e7\u00f5es vigentes. O NAI oferece: apoio especializado aos alunos dos diversos cursos de gradua\u00e7\u00e3o, atrav\u00e9s de recursos, tutores e orienta\u00e7\u00f5es. Encaminhamento de int\u00e9rpretes para as aulas, eventos e atividades relacionadas. A\u00e7\u00f5es de conscientiza\u00e7\u00e3o, discuss\u00e3o, forma\u00e7\u00e3o compartilhada de coordenadores, t\u00e9cnicos, professores, monitores, tutores e comunidade em geral. Ent\u00e3o, se voc\u00ea necessita de algum desses servi\u00e7os visite-nos na web e veja como solicit\u00e1-los!\u201d Logo abaixo do texto aparece um fluxograma com a estrutura do NAI. A chefia do NAI fica no topo, dela saem duas setas, uma que se liga \u00e0 CONAI (Comiss\u00e3o de apoio ao NAI) e a outra \u00e0 Coordena\u00e7\u00e3o Pedag\u00f3gica, ambas est\u00e3o no mesmo n\u00edvel. \u00c0 Coordena\u00e7\u00e3o fica ligado os bolsistas, de onde partem duas setas que apontam respectivamente para a Se\u00e7\u00e3o de Atendimento Educacional Especializado e para a Se\u00e7\u00e3o de Tradutores e Int\u00e9rpretes de Libras. No lado direito da parte interna est\u00e3o descritos v\u00e1rios tipos de acessibilidade, \u00e0 frente do nome de cada acessibilidade h\u00e1 uma pe\u00e7a de quebra-cabe\u00e7as na cor azul. O texto que lista as acessibilidades \u00e9 o seguinte: \u201cACESSIBILIDADE ARQUITET\u00d4NICA: aus\u00eancia de barreiras f\u00edsicas e no transporte. \u00c9 a forma de acessibilidade sem barreiras ambientais f\u00edsicas, nas resid\u00eancias, nos edif\u00edcios, nos espa\u00e7os urbanos, nos equipamentos urbanos, nos meios de transporte individual ou coletivo. ACESSIBILIDADE COMUNICACIONAL: aus\u00eancia de barreiras na comunica\u00e7\u00e3o interpessoal, na comunica\u00e7\u00e3o escrita e na comunica\u00e7\u00e3o virtual. Para isso, \u00e9 importante a aprendizagem da l\u00edngua de sinais, utiliza\u00e7\u00e3o de textos em braile, textos com letras ampliadas para quem tem baixa vis\u00e3o e outras tecnologias assistivas. \u00c9 a acessibilidade que se d\u00e1 sem barreiras na comunica\u00e7\u00e3o interpessoal (face a face, l\u00edngua de sinais), escrita (jornal, revista, livro, carta, apostila etc., incluindo textos em braile, uso do computador port\u00e1til) e virtual (acessibilidade digital). ACESSIBILIDADE METODOL\u00d3GICA: aus\u00eancia de barreiras nos m\u00e9todos e t\u00e9cnicas de trabalho ou de vida di\u00e1ria. Sem barreiras nos m\u00e9todos e t\u00e9cnicas de estudo (escolar), de trabalho (profissional), de a\u00e7\u00e3o comunit\u00e1ria (social, cultural, art\u00edstica etc.), de educa\u00e7\u00e3o dos filhos (familiar). ACESSIBILIDADE INSTRUMENTAL: aus\u00eancia de barreiras nos instrumentos de trabalho ou de vida di\u00e1ria, como utens\u00edlios e ferramentas de estudo (escolar), de trabalho (profissional), de lazer e recrea\u00e7\u00e3o (comunit\u00e1ria, tur\u00edstica, esportiva etc. ). ACESSIBILIDADE PROGRAM\u00c1TICA: muitas vezes impercept\u00edveis, embutidas em pol\u00edticas p\u00fablicas (leis, decretos, portarias etc.), normas e regulamentos (institucionais, empresariais etc.). ACESSIBILIDADE ATITUDINAL: aus\u00eancia de preconceitos, estigmas, estere\u00f3tipos e discrimina\u00e7\u00f5es em rela\u00e7\u00e3o \u00e0s pessoas em geral, sendo, para tal, importante realizar a\u00e7\u00f5es de sensibiliza\u00e7\u00e3o, conscientiza\u00e7\u00e3o e acompanhamento. ACESSIBILIDADE TECNOL\u00d3GICA: N\u00e3o \u00e9 uma forma de acessibilidade espec\u00edfica. Deve permear as demais. (Sassaki,2006).\u201d&lt;\/p&gt;\n\" data-image-caption=\"&lt;p&gt;#PraCegoVer \u2013 Imagem da parte interna do folder de divulga\u00e7\u00e3o do NAI. No topo do lado esquerdo aparecem metades de pe\u00e7as de quebra-cabe\u00e7a encaixadas lado a lado. Abaixo est\u00e1 escrito o seguinte: \u201cO NAI apresenta como princ\u00edpios norteadores a concretiza\u00e7\u00e3o do Plano de Acessibilidade e Inclus\u00e3o da UFPel e a efetiva\u00e7\u00e3o da Lei 13.409\/2016, que disp\u00f5e sobre as cotas para pessoas com defici\u00eancia no Ensino Superior, al\u00e9m das demais legisla\u00e7\u00f5es vigentes. O NAI oferece: apoio especializado aos alunos dos diversos cursos de gradua\u00e7\u00e3o, atrav\u00e9s de recursos, tutores e orienta\u00e7\u00f5es. Encaminhamento de int\u00e9rpretes para as aulas, eventos e atividades relacionadas. A\u00e7\u00f5es de conscientiza\u00e7\u00e3o, discuss\u00e3o, forma\u00e7\u00e3o compartilhada de coordenadores, t\u00e9cnicos, professores, monitores, tutores e comunidade em geral. Ent\u00e3o, se voc\u00ea necessita de algum desses servi\u00e7os visite-nos na web e veja como solicit\u00e1-los!\u201d Logo abaixo do texto aparece um fluxograma com a estrutura do NAI. A chefia do NAI fica no topo, dela saem duas setas, uma que se liga \u00e0 CONAI (Comiss\u00e3o de apoio ao NAI) e a outra \u00e0 Coordena\u00e7\u00e3o Pedag\u00f3gica, ambas est\u00e3o no mesmo n\u00edvel. \u00c0 Coordena\u00e7\u00e3o fica ligado os bolsistas, de onde partem duas setas que apontam respectivamente para a Se\u00e7\u00e3o de Atendimento Educacional Especializado e para a Se\u00e7\u00e3o de Tradutores e Int\u00e9rpretes de Libras. No lado direito da parte interna est\u00e3o descritos v\u00e1rios tipos de acessibilidade, \u00e0 frente do nome de cada acessibilidade h\u00e1 uma pe\u00e7a de quebra-cabe\u00e7as na cor azul. O texto que lista as acessibilidades \u00e9 o seguinte: \u201cACESSIBILIDADE ARQUITET\u00d4NICA: aus\u00eancia de barreiras f\u00edsicas e no transporte. \u00c9 a forma de acessibilidade sem barreiras ambientais f\u00edsicas, nas resid\u00eancias, nos edif\u00edcios, nos espa\u00e7os urbanos, nos equipamentos urbanos, nos meios de transporte individual ou coletivo. ACESSIBILIDADE COMUNICACIONAL: aus\u00eancia de barreiras na comunica\u00e7\u00e3o interpessoal, na comunica\u00e7\u00e3o escrita e na comunica\u00e7\u00e3o virtual. Para isso, \u00e9 importante a aprendizagem da l\u00edngua de sinais, utiliza\u00e7\u00e3o de textos em braile, textos com letras ampliadas para quem tem baixa vis\u00e3o e outras tecnologias assistivas. \u00c9 a acessibilidade que se d\u00e1 sem barreiras na comunica\u00e7\u00e3o interpessoal (face a face, l\u00edngua de sinais), escrita (jornal, revista, livro, carta, apostila etc., incluindo textos em braile, uso do computador port\u00e1til) e virtual (acessibilidade digital). ACESSIBILIDADE METODOL\u00d3GICA: aus\u00eancia de barreiras nos m\u00e9todos e t\u00e9cnicas de trabalho ou de vida di\u00e1ria. Sem barreiras nos m\u00e9todos e t\u00e9cnicas de estudo (escolar), de trabalho (profissional), de a\u00e7\u00e3o comunit\u00e1ria (social, cultural, art\u00edstica etc.), de educa\u00e7\u00e3o dos filhos (familiar). ACESSIBILIDADE INSTRUMENTAL: aus\u00eancia de barreiras nos instrumentos de trabalho ou de vida di\u00e1ria, como utens\u00edlios e ferramentas de estudo (escolar), de trabalho (profissional), de lazer e recrea\u00e7\u00e3o (comunit\u00e1ria, tur\u00edstica, esportiva etc. ). ACESSIBILIDADE PROGRAM\u00c1TICA: muitas vezes impercept\u00edveis, embutidas em pol\u00edticas p\u00fablicas (leis, decretos, portarias etc.), normas e regulamentos (institucionais, empresariais etc.). ACESSIBILIDADE ATITUDINAL: aus\u00eancia de preconceitos, estigmas, estere\u00f3tipos e discrimina\u00e7\u00f5es em rela\u00e7\u00e3o \u00e0s pessoas em geral, sendo, para tal, importante realizar a\u00e7\u00f5es de sensibiliza\u00e7\u00e3o, conscientiza\u00e7\u00e3o e acompanhamento. ACESSIBILIDADE TECNOL\u00d3GICA: N\u00e3o \u00e9 uma forma de acessibilidade espec\u00edfica. Deve permear as demais. (Sassaki,2006).\u201d&lt;\/p&gt;\n\" data-medium-file=\"https:\/\/wp.ufpel.edu.br\/nai\/files\/2018\/07\/folder-interno-381x400.jpg\" data-large-file=\"https:\/\/wp.ufpel.edu.br\/nai\/files\/2018\/07\/folder-interno-975x1024.jpg\" class=\"wp-image-2663 size-large\" src=\"https:\/\/wp.ufpel.edu.br\/nai\/files\/2018\/07\/folder-interno-975x1024.jpg\" alt=\"\" width=\"975\" height=\"1024\" srcset=\"https:\/\/wp.ufpel.edu.br\/nai\/files\/2018\/07\/folder-interno-975x1024.jpg 975w, https:\/\/wp.ufpel.edu.br\/nai\/files\/2018\/07\/folder-interno-381x400.jpg 381w, https:\/\/wp.ufpel.edu.br\/nai\/files\/2018\/07\/folder-interno-768x807.jpg 768w\" sizes=\"(max-width: 975px) 100vw, 975px\" \/><p id=\"caption-attachment-2663\" class=\"wp-caption-text\"><span style=\"font-size: 8pt;font-family: verdana, geneva, sans-serif\">#PraCegoVer Imagem da parte interna do folder de divulga\u00e7\u00e3o do NAI. No topo do lado esquerdo aparecem metades de pe\u00e7as de quebra-cabe\u00e7a encaixadas lado a lado. Abaixo est\u00e1 escrito o seguinte: &#8220;O NAI apresenta como princ\u00edpios norteadores a concretiza\u00e7\u00e3o do Plano de Acessibilidade e Inclus\u00e3o da UFPel e a efetiva\u00e7\u00e3o da Lei 13.409\/2016, que disp\u00f5e sobre as cotas para pessoas com defici\u00eancia no Ensino Superior, al\u00e9m das demais legisla\u00e7\u00f5es vigentes. O NAI oferece: apoio especializado aos alunos dos diversos cursos de gradua\u00e7\u00e3o, atrav\u00e9s de recursos, tutores e orienta\u00e7\u00f5es. Encaminhamento de int\u00e9rpretes para as aulas, eventos e atividades relacionadas. A\u00e7\u00f5es de conscientiza\u00e7\u00e3o, discuss\u00e3o, forma\u00e7\u00e3o compartilhada de coordenadores, t\u00e9cnicos, professores, monitores, tutores e comunidade em geral. Ent\u00e3o, se voc\u00ea necessita de algum desses servi\u00e7os visite-nos na web e veja como solicit\u00e1-los!&#8221; Logo abaixo do texto aparece um fluxograma com a estrutura do NAI. A chefia do NAI fica no topo, dela saem duas setas, uma que se liga \u00e0 CONAI (Comiss\u00e3o de apoio ao NAI) e a outra \u00e0 Coordena\u00e7\u00e3o Pedag\u00f3gica, ambas est\u00e3o no mesmo n\u00edvel. \u00c0 Coordena\u00e7\u00e3o fica ligado os bolsistas, de onde partem duas setas que apontam respectivamente para a Se\u00e7\u00e3o de Atendimento Educacional Especializado e para a Se\u00e7\u00e3o de Tradutores e Int\u00e9rpretes de Libras. No lado direito da parte interna est\u00e3o descritos v\u00e1rios tipos de acessibilidade, \u00e0 frente do nome de cada acessibilidade h\u00e1 uma pe\u00e7a de quebra-cabe\u00e7as na cor azul. O texto que lista as acessibilidades \u00e9 o seguinte: &#8220;ACESSIBILIDADE ARQUITET\u00d4NICA: aus\u00eancia de barreiras f\u00edsicas e no transporte. \u00c9 a forma de acessibilidade sem barreiras ambientais f\u00edsicas, nas resid\u00eancias, nos edif\u00edcios, nos espa\u00e7os urbanos, nos equipamentos urbanos, nos meios de transporte individual ou coletivo. ACESSIBILIDADE COMUNICACIONAL: aus\u00eancia de barreiras na comunica\u00e7\u00e3o interpessoal, na comunica\u00e7\u00e3o escrita e na comunica\u00e7\u00e3o virtual. Para isso, \u00e9 importante a aprendizagem da l\u00edngua de sinais, utiliza\u00e7\u00e3o de textos em braile, textos com letras ampliadas para quem tem baixa vis\u00e3o e outras tecnologias assistivas. \u00c9 a acessibilidade que se d\u00e1 sem barreiras na comunica\u00e7\u00e3o interpessoal (face a face, l\u00edngua de sinais), escrita (jornal, revista, livro, carta, apostila etc., incluindo textos em braile, uso do computador port\u00e1til) e virtual (acessibilidade digital). ACESSIBILIDADE METODOL\u00d3GICA: aus\u00eancia de barreiras nos m\u00e9todos e t\u00e9cnicas de trabalho ou de vida di\u00e1ria. Sem barreiras nos m\u00e9todos e t\u00e9cnicas de estudo (escolar), de trabalho (profissional), de a\u00e7\u00e3o comunit\u00e1ria (social, cultural, art\u00edstica etc.), de educa\u00e7\u00e3o dos filhos (familiar). ACESSIBILIDADE INSTRUMENTAL: aus\u00eancia de barreiras nos instrumentos de trabalho ou de vida di\u00e1ria, como utens\u00edlios e ferramentas de estudo (escolar), de trabalho (profissional), de lazer e recrea\u00e7\u00e3o (comunit\u00e1ria, tur\u00edstica, esportiva etc. ). ACESSIBILIDADE PROGRAM\u00c1TICA: muitas vezes impercept\u00edveis, embutidas em pol\u00edticas p\u00fablicas (leis, decretos, portarias etc.), normas e regulamentos (institucionais, empresariais etc.). ACESSIBILIDADE ATITUDINAL: aus\u00eancia de preconceitos, estigmas, estere\u00f3tipos e discrimina\u00e7\u00f5es em rela\u00e7\u00e3o \u00e0s pessoas em geral, sendo, para tal, importante realizar a\u00e7\u00f5es de sensibiliza\u00e7\u00e3o, conscientiza\u00e7\u00e3o e acompanhamento. ACESSIBILIDADE TECNOL\u00d3GICA: N\u00e3o \u00e9 uma forma de acessibilidade espec\u00edfica. Deve permear as demais. (Sassaki,2006).&#8221;<\/span><\/p><\/div>\n<p>&nbsp;<\/p>\n","protected":false},"excerpt":{"rendered":"<p>Folder de divulga\u00e7\u00e3o do NAI &#8211; Parte externa &nbsp; Folder de divulga\u00e7\u00e3o do NAI &#8211; Parte interna &nbsp;<\/p>\n","protected":false},"author":359,"featured_media":0,"parent":0,"menu_order":0,"comment_status":"closed","ping_status":"closed","template":"","meta":{"jetpack_post_was_ever_published":false,"footnotes":""},"class_list":["post-2659","page","type-page","status-publish","hentry"],"jetpack_sharing_enabled":true,"jetpack_shortlink":"https:\/\/wp.me\/P90IOR-GT","_links":{"self":[{"href":"https:\/\/wp.ufpel.edu.br\/nai\/wp-json\/wp\/v2\/pages\/2659","targetHints":{"allow":["GET"]}}],"collection":[{"href":"https:\/\/wp.ufpel.edu.br\/nai\/wp-json\/wp\/v2\/pages"}],"about":[{"href":"https:\/\/wp.ufpel.edu.br\/nai\/wp-json\/wp\/v2\/types\/page"}],"author":[{"embeddable":true,"href":"https:\/\/wp.ufpel.edu.br\/nai\/wp-json\/wp\/v2\/users\/359"}],"replies":[{"embeddable":true,"href":"https:\/\/wp.ufpel.edu.br\/nai\/wp-json\/wp\/v2\/comments?post=2659"}],"version-history":[{"count":6,"href":"https:\/\/wp.ufpel.edu.br\/nai\/wp-json\/wp\/v2\/pages\/2659\/revisions"}],"predecessor-version":[{"id":2695,"href":"https:\/\/wp.ufpel.edu.br\/nai\/wp-json\/wp\/v2\/pages\/2659\/revisions\/2695"}],"wp:attachment":[{"href":"https:\/\/wp.ufpel.edu.br\/nai\/wp-json\/wp\/v2\/media?parent=2659"}],"curies":[{"name":"wp","href":"https:\/\/api.w.org\/{rel}","templated":true}]}}