{"id":2353,"date":"2018-05-26T20:55:15","date_gmt":"2018-05-26T23:55:15","guid":{"rendered":"https:\/\/wp.ufpel.edu.br\/nai\/?page_id=2353"},"modified":"2018-09-06T18:59:46","modified_gmt":"2018-09-06T21:59:46","slug":"diretrizes-revaies","status":"publish","type":"page","link":"https:\/\/wp.ufpel.edu.br\/nai\/diretrizes-revaies\/","title":{"rendered":"diretrizes para autores"},"content":{"rendered":"<p style=\"text-align: right\"><img data-attachment-id=\"2315\" data-permalink=\"https:\/\/wp.ufpel.edu.br\/nai\/marcas\/\" data-orig-file=\"https:\/\/wp.ufpel.edu.br\/nai\/files\/2018\/05\/marcas.png\" data-orig-size=\"839,359\" data-comments-opened=\"0\" data-image-meta=\"{&quot;aperture&quot;:&quot;0&quot;,&quot;credit&quot;:&quot;&quot;,&quot;camera&quot;:&quot;&quot;,&quot;caption&quot;:&quot;&quot;,&quot;created_timestamp&quot;:&quot;0&quot;,&quot;copyright&quot;:&quot;&quot;,&quot;focal_length&quot;:&quot;0&quot;,&quot;iso&quot;:&quot;0&quot;,&quot;shutter_speed&quot;:&quot;0&quot;,&quot;title&quot;:&quot;&quot;,&quot;orientation&quot;:&quot;0&quot;}\" data-image-title=\"marcas\" data-image-description=\"\" data-image-caption=\"\" data-medium-file=\"https:\/\/wp.ufpel.edu.br\/nai\/files\/2018\/05\/marcas-400x171.png\" data-large-file=\"https:\/\/wp.ufpel.edu.br\/nai\/files\/2018\/05\/marcas.png\" class=\"wp-image-2315 alignleft\" src=\"https:\/\/wp.ufpel.edu.br\/nai\/files\/2018\/05\/marcas.png\" alt=\"\" width=\"257\" height=\"110\" srcset=\"https:\/\/wp.ufpel.edu.br\/nai\/files\/2018\/05\/marcas.png 839w, https:\/\/wp.ufpel.edu.br\/nai\/files\/2018\/05\/marcas-400x171.png 400w, https:\/\/wp.ufpel.edu.br\/nai\/files\/2018\/05\/marcas-768x329.png 768w\" sizes=\"(max-width: 257px) 100vw, 257px\" \/><a href=\"https:\/\/wp.ufpel.edu.br\/nai\/revaies\/\"><span style=\"font-family: verdana,geneva,sans-serif;font-size: 10pt\">P\u00e1gina Inicial<\/span><\/a><\/p>\n<p>&nbsp;<\/p>\n<p>&nbsp;<\/p>\n<p>&nbsp;<\/p>\n<p>&nbsp;<\/p>\n<p style=\"text-align: justify\"><span style=\"font-family: verdana,geneva,sans-serif;font-size: 14pt\"><b>Diretrizes para Autores<\/b><\/span><\/p>\n<h5><span style=\"font-family: verdana,geneva,sans-serif;font-size: 8pt\"><a href=\"https:\/\/drive.google.com\/file\/d\/1_KBywm4uM1p1pagjhu9yDI1xb0JuvUKb\/view?usp=sharing\">Diretrizes em Libras<\/a><\/span><img data-attachment-id=\"2432\" data-permalink=\"https:\/\/wp.ufpel.edu.br\/nai\/chamada-revaies\/libras\/\" data-orig-file=\"https:\/\/wp.ufpel.edu.br\/nai\/files\/2018\/05\/libras.gif\" data-orig-size=\"91,109\" data-comments-opened=\"0\" data-image-meta=\"{&quot;aperture&quot;:&quot;0&quot;,&quot;credit&quot;:&quot;&quot;,&quot;camera&quot;:&quot;&quot;,&quot;caption&quot;:&quot;&quot;,&quot;created_timestamp&quot;:&quot;0&quot;,&quot;copyright&quot;:&quot;&quot;,&quot;focal_length&quot;:&quot;0&quot;,&quot;iso&quot;:&quot;0&quot;,&quot;shutter_speed&quot;:&quot;0&quot;,&quot;title&quot;:&quot;&quot;,&quot;orientation&quot;:&quot;0&quot;}\" data-image-title=\"libras\" data-image-description=\"\" data-image-caption=\"\" data-medium-file=\"https:\/\/wp.ufpel.edu.br\/nai\/files\/2018\/05\/libras.gif\" data-large-file=\"https:\/\/wp.ufpel.edu.br\/nai\/files\/2018\/05\/libras.gif\" class=\"wp-image-2432 alignnone\" src=\"https:\/\/wp.ufpel.edu.br\/nai\/files\/2018\/05\/libras.gif\" alt=\"\" width=\"28\" height=\"34\" \/><\/h5>\n<p style=\"text-align: justify\"><span style=\"font-family: verdana,geneva,sans-serif\">A <b>RevAIES <\/b>aceita manuscritos, de autores(as) brasileiros(as) e estrangeiros(as) &#8211; que discutam tem\u00e1ticas ligadas \u00e0 <b>acessibilidade e inclus\u00e3o de pessoas com defici\u00eancia, pessoas com altas habilidades e transtorno do espectro autista, no ensino superior<\/b> &#8211; oriundos, preferencialmente, de <b>pesquisas,<\/b> mas tamb\u00e9m de <b>estudos te\u00f3ricos<\/b>, <b>reflex\u00f5es sobre pr\u00e1ticas<\/b>, <b>discuss\u00f5es conceituais<\/b>, <b>experimentos<\/b>, <b>desenvolvimento de produtos<\/b>, <b>avalia\u00e7\u00f5es de tecnologias<\/b>, etc. Os trabalhos submetidos devem ser in\u00e9ditos, apresentar consist\u00eancia te\u00f3rica e metodol\u00f3gica e contribui\u00e7\u00e3o relevante, al\u00e9m de atender aos princ\u00edpios da \u00e9tica na pesquisa.<\/span><\/p>\n<p style=\"text-align: justify\"><span style=\"font-family: verdana,geneva,sans-serif\">N\u00e3o h\u00e1 cobran\u00e7a de taxas para a submiss\u00e3o e\/ou publica\u00e7\u00e3o.<\/span><\/p>\n<p style=\"text-align: justify\"><span style=\"font-family: verdana,geneva,sans-serif\"><strong>\u00a0<\/strong><\/span><\/p>\n<p style=\"text-align: justify\"><span style=\"font-family: verdana,geneva,sans-serif\">A <b>RevAIES<\/b> disponibiliza, para <i>download,<\/i> um modelo (<i>template) <\/i>edit\u00e1vel no qual os(as) autores(as) devem inserir o texto a ser enviado com a formata\u00e7\u00e3o apropriada para a submiss\u00e3o. Os manuscritos podem ser enviados em L\u00edngua Portuguesa, Inglesa ou Espanhola e os resumos devem estar em duas l\u00ednguas: em L\u00edngua Portuguesa e Espanhola ou Inglesa. As vers\u00f5es dos resumos com recursos de acessibilidade s\u00e3o de responsabilidade da <b>RevAIES<\/b>.<\/span><\/p>\n<p style=\"text-align: justify\"><span style=\"font-family: verdana,geneva,sans-serif\">Como parte do processo de submiss\u00e3o, os(as) autores(as) s\u00e3o obrigados a verificar a conformidade em rela\u00e7\u00e3o a todos os itens listados a seguir. As submiss\u00f5es que n\u00e3o estiverem de acordo com as normas n\u00e3o ser\u00e3o aceitas.<\/span><\/p>\n<ol>\n<li style=\"text-align: justify\"><span style=\"font-family: verdana,geneva,sans-serif\">A contribui\u00e7\u00e3o \u00e9 original e in\u00e9dita e n\u00e3o est\u00e1 sendo avaliada para publica\u00e7\u00e3o por outra revista ou livro;<\/span><\/li>\n<li style=\"text-align: justify\"><span style=\"font-family: verdana,geneva,sans-serif\">Todos(as) os(as) autores(as) t\u00eam conhecimento \u00a0da submiss\u00e3o e aprovam a poss\u00edvel publica\u00e7\u00e3o do trabalho na <b>RevAIES;<\/b><\/span><\/li>\n<li style=\"text-align: justify\"><span style=\"font-family: verdana,geneva,sans-serif\">Os(as) autores(as) seguiram todos os procedimentos \u00e9ticos recomendados para a pesquisa;<\/span><\/li>\n<li style=\"text-align: justify\"><span style=\"font-family: verdana,geneva,sans-serif\">Qualquer pessoa citada como fonte de comunica\u00e7\u00e3o pessoal aprovou a cita\u00e7\u00e3o;<\/span><\/li>\n<li style=\"text-align: justify\"><span style=\"font-family: verdana,geneva,sans-serif\">Trabalhos contendo partes de textos ou reprodu\u00e7\u00e3o de figuras e\/ou tabelas de outras publica\u00e7\u00f5es devem ser referenciados devidamente, evitando o crime de pl\u00e1gio e autopl\u00e1gio.<\/span><\/li>\n<li style=\"text-align: justify\"><span style=\"font-family: verdana,geneva,sans-serif\">Os(as) autores(as) assumem a responsabilidade em rela\u00e7\u00e3o ao conte\u00fado do manuscrito;<\/span><\/li>\n<li style=\"text-align: justify\"><span style=\"font-family: verdana,geneva,sans-serif\">As instru\u00e7\u00f5es dispon\u00edveis em \u201cInstru\u00e7\u00f5es para garantir a avalia\u00e7\u00e3o cega por pares\u201d foram seguidas;<\/span><\/li>\n<li style=\"text-align: justify\"><span style=\"font-family: verdana,geneva,sans-serif\">Os(as) autores(as) cedem os direitos autorais e concedem \u00e0 Revista o direito de publica\u00e7\u00e3o, com o trabalho simultaneamente licenciado sob a <i>Creative Commons Attribution License<\/i>, que permite o compartilhamento do texto com reconhecimento da sua autoria e da publica\u00e7\u00e3o nesta revista;<\/span><\/li>\n<li style=\"text-align: justify\"><span style=\"font-family: verdana,geneva,sans-serif\">Os(as) autores(as) assumem a responsabilidade em rela\u00e7\u00e3o \u00e0 revis\u00e3o lingu\u00edstica do manuscrito.<\/span><\/li>\n<\/ol>\n<p>&nbsp;<\/p>\n<p style=\"text-align: justify\"><span style=\"font-family: verdana,geneva,sans-serif;font-size: 14pt\"><b>Orienta\u00e7\u00f5es para resumo com acessibilidade<\/b><\/span><\/p>\n<h5><span style=\"font-family: verdana,geneva,sans-serif;font-size: 8pt\"><a href=\"https:\/\/drive.google.com\/file\/d\/1mlB1SfykUYHHROQFSQyNy3HYtvdIkkfS\/view?usp=sharing\">Orienta\u00e7\u00f5es em Libras<\/a><\/span><img data-attachment-id=\"2432\" data-permalink=\"https:\/\/wp.ufpel.edu.br\/nai\/chamada-revaies\/libras\/\" data-orig-file=\"https:\/\/wp.ufpel.edu.br\/nai\/files\/2018\/05\/libras.gif\" data-orig-size=\"91,109\" data-comments-opened=\"0\" data-image-meta=\"{&quot;aperture&quot;:&quot;0&quot;,&quot;credit&quot;:&quot;&quot;,&quot;camera&quot;:&quot;&quot;,&quot;caption&quot;:&quot;&quot;,&quot;created_timestamp&quot;:&quot;0&quot;,&quot;copyright&quot;:&quot;&quot;,&quot;focal_length&quot;:&quot;0&quot;,&quot;iso&quot;:&quot;0&quot;,&quot;shutter_speed&quot;:&quot;0&quot;,&quot;title&quot;:&quot;&quot;,&quot;orientation&quot;:&quot;0&quot;}\" data-image-title=\"libras\" data-image-description=\"\" data-image-caption=\"\" data-medium-file=\"https:\/\/wp.ufpel.edu.br\/nai\/files\/2018\/05\/libras.gif\" data-large-file=\"https:\/\/wp.ufpel.edu.br\/nai\/files\/2018\/05\/libras.gif\" class=\"wp-image-2432 alignnone\" src=\"https:\/\/wp.ufpel.edu.br\/nai\/files\/2018\/05\/libras.gif\" alt=\"\" width=\"28\" height=\"34\" \/><\/h5>\n<p style=\"text-align: justify\"><span style=\"font-family: verdana,geneva,sans-serif\">Resumo com acessibilidade em L\u00edngua Brasileira de Sinais: As pessoas surdas que desejarem enviar o resumo em L\u00edngua de sinais poder\u00e3o faz\u00ea-lo desde que envie o v\u00eddeo com boa qualidade.<\/span><\/p>\n<p style=\"text-align: justify\"><span style=\"font-family: verdana,geneva,sans-serif\">Deve ser gravado com o seguinte enquadramento:<\/span><\/p>\n<ol>\n<li style=\"text-align: justify\"><span style=\"font-family: verdana,geneva,sans-serif\">Altura da cintura e um palmo acima da cabe\u00e7a.<\/span><\/li>\n<li style=\"text-align: justify\"><span style=\"font-family: verdana,geneva,sans-serif\">Ambiente de grava\u00e7\u00e3o iluminado.<\/span><\/li>\n<li style=\"text-align: justify\"><span style=\"font-family: verdana,geneva,sans-serif\">Fundo do v\u00eddeo: parede ou tecido de uma \u00fanica cor.<\/span><\/li>\n<li style=\"text-align: justify\"><span style=\"font-family: verdana,geneva,sans-serif\">Fundo da sinaliza\u00e7\u00e3o: a roupa dever\u00e1 ser em uma cor lisa sem estampas.<\/span><\/li>\n<li style=\"text-align: justify\"><span style=\"font-family: verdana,geneva,sans-serif\">A sinaliza\u00e7\u00e3o deve ser clara.<\/span><\/li>\n<\/ol>\n<p style=\"text-align: justify\"><span style=\"font-family: verdana,geneva,sans-serif\">Visando padronizar os aspectos do material publicado, os v\u00eddeos em L\u00edngua de Sinais ser\u00e3o sinalizados de \u201cforma espelhada\u201d, ou seja, os resumos enviados em l\u00edngua de sinais ser\u00e3o reproduzidos pela equipe de tradu\u00e7\u00e3o. A tradu\u00e7\u00e3o ser\u00e1 realizada por tradutores int\u00e9rpretes de L\u00edngua de Sinais que comp\u00f5e a equipe de acessibilidade da revista. Esse espelhamento ir\u00e1 respeitar os n\u00edveis lingu\u00edsticos e o \u201cestilo\u201d de cada sinalizador.<\/span><\/p>\n<p>&nbsp;<\/p>\n<h2 style=\"text-align: justify\"><span style=\"font-family: verdana,geneva,sans-serif\"><b><span style=\"font-size: 14pt\">Instru\u00e7\u00f5es para garantir a Avalia\u00e7\u00e3o Cega por Pares<\/span> <\/b><\/span><\/h2>\n<p style=\"text-align: justify\"><span style=\"font-family: verdana,geneva,sans-serif\"><strong>\u00a0<\/strong><\/span><\/p>\n<h5><span style=\"font-family: verdana,geneva,sans-serif;font-size: 8pt\"><a href=\"https:\/\/drive.google.com\/file\/d\/1KmosPxAF4O4OduNCFWuhV_-nc_mH8PTg\/view?usp=sharing\">Instru\u00e7\u00f5es em Libras<\/a><\/span><img data-attachment-id=\"2432\" data-permalink=\"https:\/\/wp.ufpel.edu.br\/nai\/chamada-revaies\/libras\/\" data-orig-file=\"https:\/\/wp.ufpel.edu.br\/nai\/files\/2018\/05\/libras.gif\" data-orig-size=\"91,109\" data-comments-opened=\"0\" data-image-meta=\"{&quot;aperture&quot;:&quot;0&quot;,&quot;credit&quot;:&quot;&quot;,&quot;camera&quot;:&quot;&quot;,&quot;caption&quot;:&quot;&quot;,&quot;created_timestamp&quot;:&quot;0&quot;,&quot;copyright&quot;:&quot;&quot;,&quot;focal_length&quot;:&quot;0&quot;,&quot;iso&quot;:&quot;0&quot;,&quot;shutter_speed&quot;:&quot;0&quot;,&quot;title&quot;:&quot;&quot;,&quot;orientation&quot;:&quot;0&quot;}\" data-image-title=\"libras\" data-image-description=\"\" data-image-caption=\"\" data-medium-file=\"https:\/\/wp.ufpel.edu.br\/nai\/files\/2018\/05\/libras.gif\" data-large-file=\"https:\/\/wp.ufpel.edu.br\/nai\/files\/2018\/05\/libras.gif\" class=\"wp-image-2432 alignnone\" src=\"https:\/\/wp.ufpel.edu.br\/nai\/files\/2018\/05\/libras.gif\" alt=\"\" width=\"28\" height=\"34\" \/><\/h5>\n<p style=\"text-align: justify\"><span style=\"font-family: verdana,geneva,sans-serif\">Para assegurar a integridade da avalia\u00e7\u00e3o cega por pares, devem-se tomar todos os cuidados poss\u00edveis para n\u00e3o revelar a identidade de <b>autores(as)<\/b> e <b>avaliadores(as) <\/b>durante o processo. Isto exige as seguintes precau\u00e7\u00f5es com o texto e as propriedades do documento:<\/span><\/p>\n<ol style=\"text-align: justify\">\n<li><span style=\"font-family: verdana,geneva,sans-serif\">Excluir do texto seus nomes e seus dados de identifica\u00e7\u00e3o.<\/span><\/li>\n<li><span style=\"font-family: verdana,geneva,sans-serif\">Em documentos do Microsoft Office, remover a identifica\u00e7\u00e3o dos(as) autor(a) das propriedades do documento (no <i>menu<\/i> Arquivo &gt; Propriedades), iniciando em Arquivo, no <i>menu<\/i> principal, e clicando na sequ\u00eancia: Arquivo &gt; Salvar como&#8230; &gt; Ferramentas (ou Op\u00e7\u00f5es no Mac) &gt; Op\u00e7\u00f5es de seguran\u00e7a&#8230; &gt; Remover informa\u00e7\u00f5es pessoais do arquivo ao salvar &gt; OK &gt; Salvar.<\/span><\/li>\n<\/ol>\n<p style=\"text-align: justify\"><span style=\"font-family: verdana,geneva,sans-serif\"><strong>\u00a0<\/strong><\/span><\/p>\n<p style=\"text-align: justify\"><span style=\"font-family: verdana,geneva,sans-serif;font-size: 14pt\"><b>Se\u00e7\u00f5es do peri\u00f3dico<\/b><\/span><\/p>\n<h5><span style=\"font-family: verdana,geneva,sans-serif;font-size: 8pt\"><a href=\"https:\/\/drive.google.com\/file\/d\/1cU_o8XsoaZp-NrIEfz3mcSWYiCeoZF0I\/view?usp=sharing\">Se\u00e7\u00f5es em Libras<\/a><\/span><img data-attachment-id=\"2432\" data-permalink=\"https:\/\/wp.ufpel.edu.br\/nai\/chamada-revaies\/libras\/\" data-orig-file=\"https:\/\/wp.ufpel.edu.br\/nai\/files\/2018\/05\/libras.gif\" data-orig-size=\"91,109\" data-comments-opened=\"0\" data-image-meta=\"{&quot;aperture&quot;:&quot;0&quot;,&quot;credit&quot;:&quot;&quot;,&quot;camera&quot;:&quot;&quot;,&quot;caption&quot;:&quot;&quot;,&quot;created_timestamp&quot;:&quot;0&quot;,&quot;copyright&quot;:&quot;&quot;,&quot;focal_length&quot;:&quot;0&quot;,&quot;iso&quot;:&quot;0&quot;,&quot;shutter_speed&quot;:&quot;0&quot;,&quot;title&quot;:&quot;&quot;,&quot;orientation&quot;:&quot;0&quot;}\" data-image-title=\"libras\" data-image-description=\"\" data-image-caption=\"\" data-medium-file=\"https:\/\/wp.ufpel.edu.br\/nai\/files\/2018\/05\/libras.gif\" data-large-file=\"https:\/\/wp.ufpel.edu.br\/nai\/files\/2018\/05\/libras.gif\" class=\"wp-image-2432 alignnone\" src=\"https:\/\/wp.ufpel.edu.br\/nai\/files\/2018\/05\/libras.gif\" alt=\"\" width=\"28\" height=\"34\" \/><\/h5>\n<p style=\"text-align: justify\"><span style=\"font-family: verdana,geneva,sans-serif\">Al\u00e9m dos artigos, que constituem seu n\u00facleo b\u00e1sico, a<b> RevAIES <\/b>poder\u00e1 ter se\u00e7\u00f5es de <b>Resenhas<\/b> e <b>Entrevistas<\/b> e <b>Dossi\u00eas Tem\u00e1ticos<\/b>, sendo estes \u00faltimos dependentes de editais espec\u00edficos.<\/span><\/p>\n<p>&nbsp;<\/p>\n<p style=\"text-align: justify\"><span style=\"font-family: verdana,geneva,sans-serif;font-size: 14pt\"><b>Normas para a apresenta\u00e7\u00e3o de trabalhos<\/b><\/span><\/p>\n<h5><span style=\"font-family: verdana,geneva,sans-serif;font-size: 8pt\"><a href=\"https:\/\/drive.google.com\/file\/d\/1V38Suzv0iwZccGXzoaln7sNg_jEiUvZ1\/view?usp=sharing\">Normas em Libras<\/a><\/span><img data-attachment-id=\"2432\" data-permalink=\"https:\/\/wp.ufpel.edu.br\/nai\/chamada-revaies\/libras\/\" data-orig-file=\"https:\/\/wp.ufpel.edu.br\/nai\/files\/2018\/05\/libras.gif\" data-orig-size=\"91,109\" data-comments-opened=\"0\" data-image-meta=\"{&quot;aperture&quot;:&quot;0&quot;,&quot;credit&quot;:&quot;&quot;,&quot;camera&quot;:&quot;&quot;,&quot;caption&quot;:&quot;&quot;,&quot;created_timestamp&quot;:&quot;0&quot;,&quot;copyright&quot;:&quot;&quot;,&quot;focal_length&quot;:&quot;0&quot;,&quot;iso&quot;:&quot;0&quot;,&quot;shutter_speed&quot;:&quot;0&quot;,&quot;title&quot;:&quot;&quot;,&quot;orientation&quot;:&quot;0&quot;}\" data-image-title=\"libras\" data-image-description=\"\" data-image-caption=\"\" data-medium-file=\"https:\/\/wp.ufpel.edu.br\/nai\/files\/2018\/05\/libras.gif\" data-large-file=\"https:\/\/wp.ufpel.edu.br\/nai\/files\/2018\/05\/libras.gif\" class=\"wp-image-2432 alignnone\" src=\"https:\/\/wp.ufpel.edu.br\/nai\/files\/2018\/05\/libras.gif\" alt=\"\" width=\"28\" height=\"34\" \/><\/h5>\n<p style=\"text-align: justify\"><span style=\"font-family: verdana,geneva,sans-serif\">Todas as modalidades de trabalhos devem seguir as normas da Revista exemplificadas no modelo abaixo, exceto as Resenhas que devem conter, no m\u00e1ximo, 2.500 palavras.<\/span><\/p>\n<ol>\n<li style=\"text-align: justify\"><span style=\"font-family: verdana,geneva,sans-serif\">Ser\u00e3o aceitos trabalhos submetidos em Portugu\u00eas, Ingl\u00eas, ou Espanhol com, no m\u00e1ximo, 7.500 palavras (incluindo tabelas, figuras e refer\u00eancias).<\/span><\/li>\n<li style=\"text-align: justify\"><span style=\"font-family: verdana,geneva,sans-serif\">Todas as colabora\u00e7\u00f5es devem ser submetidas em arquivos Word, ap\u00f3s terem sido elaboradas no modelo (<i>template<\/i>) disponibilizado.<\/span><\/li>\n<\/ol>\n<p style=\"padding-left: 30px\"><a href=\"https:\/\/drive.google.com\/file\/d\/1qhoizm-cZQtqoDJWYa5smt7zTN1kHjwq\/view?usp=sharing\" target=\"_blank\" rel=\"noopener\"><span style=\"font-family: verdana,geneva,sans-serif\">Baixar Template\u00a0(Word &#8211; Google Drive)<\/span><\/a><\/p>\n<p>&nbsp;<\/p>\n<p><span style=\"font-family: verdana,geneva,sans-serif\"><b>PARA O PRIMEIRO N\u00daMERO<\/b><\/span><\/p>\n<h5><span style=\"font-family: verdana,geneva,sans-serif;font-size: 8pt\"><a href=\"https:\/\/drive.google.com\/file\/d\/1YEu355g4W5HNFqyaWmpoO7FCWZBIB89a\/view?usp=sharing\">Texto em Libras<\/a><\/span><img data-attachment-id=\"2432\" data-permalink=\"https:\/\/wp.ufpel.edu.br\/nai\/chamada-revaies\/libras\/\" data-orig-file=\"https:\/\/wp.ufpel.edu.br\/nai\/files\/2018\/05\/libras.gif\" data-orig-size=\"91,109\" data-comments-opened=\"0\" data-image-meta=\"{&quot;aperture&quot;:&quot;0&quot;,&quot;credit&quot;:&quot;&quot;,&quot;camera&quot;:&quot;&quot;,&quot;caption&quot;:&quot;&quot;,&quot;created_timestamp&quot;:&quot;0&quot;,&quot;copyright&quot;:&quot;&quot;,&quot;focal_length&quot;:&quot;0&quot;,&quot;iso&quot;:&quot;0&quot;,&quot;shutter_speed&quot;:&quot;0&quot;,&quot;title&quot;:&quot;&quot;,&quot;orientation&quot;:&quot;0&quot;}\" data-image-title=\"libras\" data-image-description=\"\" data-image-caption=\"\" data-medium-file=\"https:\/\/wp.ufpel.edu.br\/nai\/files\/2018\/05\/libras.gif\" data-large-file=\"https:\/\/wp.ufpel.edu.br\/nai\/files\/2018\/05\/libras.gif\" class=\"wp-image-2432 alignnone\" src=\"https:\/\/wp.ufpel.edu.br\/nai\/files\/2018\/05\/libras.gif\" alt=\"\" width=\"28\" height=\"34\" \/><\/h5>\n<p><span style=\"font-family: verdana,geneva,sans-serif\">Os textos devem ser encaminhados diretamente para o e-mail <strong>revista.revaies@gmail.com<\/strong> junto com a <em>carta de cess\u00e3o de direitos autorais<\/em> e o <em>of\u00edcio de encaminhamento<\/em>, dispon\u00edveis para <i>download<\/i>. As submiss\u00f5es que n\u00e3o estiverem de acordo com as normas n\u00e3o ser\u00e3o aceitas.<\/span><strong><br \/>\n<\/strong><\/p>\n<p>&nbsp;<\/p>\n<p><a href=\"https:\/\/drive.google.com\/file\/d\/1AZzW9Nxn5npOOuiJ9-YMn_mioEQERYTk\/view?usp=sharing\" target=\"_blank\" rel=\"noopener\"><span style=\"font-family: verdana,geneva,sans-serif\">Baixar Carta de Cess\u00e3o de Direitos Autorais (Word &#8211; Google Drive)<\/span><\/a><\/p>\n<p><span style=\"font-size: 10pt\"><a href=\"https:\/\/drive.google.com\/file\/d\/1cAsIIWpF9MmXfPiLmnQXnQ42elfiMPAW\/view?usp=sharing\"><span style=\"font-family: verdana,geneva,sans-serif\">Carta em Libras<\/span><\/a>\u00a0<a href=\"https:\/\/wp.ufpel.edu.br\/nai\/files\/2018\/05\/libras.gif\"><img data-attachment-id=\"2432\" data-permalink=\"https:\/\/wp.ufpel.edu.br\/nai\/chamada-revaies\/libras\/\" data-orig-file=\"https:\/\/wp.ufpel.edu.br\/nai\/files\/2018\/05\/libras.gif\" data-orig-size=\"91,109\" data-comments-opened=\"0\" data-image-meta=\"{&quot;aperture&quot;:&quot;0&quot;,&quot;credit&quot;:&quot;&quot;,&quot;camera&quot;:&quot;&quot;,&quot;caption&quot;:&quot;&quot;,&quot;created_timestamp&quot;:&quot;0&quot;,&quot;copyright&quot;:&quot;&quot;,&quot;focal_length&quot;:&quot;0&quot;,&quot;iso&quot;:&quot;0&quot;,&quot;shutter_speed&quot;:&quot;0&quot;,&quot;title&quot;:&quot;&quot;,&quot;orientation&quot;:&quot;0&quot;}\" data-image-title=\"libras\" data-image-description=\"\" data-image-caption=\"\" data-medium-file=\"https:\/\/wp.ufpel.edu.br\/nai\/files\/2018\/05\/libras.gif\" data-large-file=\"https:\/\/wp.ufpel.edu.br\/nai\/files\/2018\/05\/libras.gif\" class=\"alignnone wp-image-2432\" src=\"https:\/\/wp.ufpel.edu.br\/nai\/files\/2018\/05\/libras.gif\" alt=\" \" width=\"24\" height=\"29\" \/><\/a><\/span><\/p>\n<p>&nbsp;<\/p>\n<p><span style=\"font-family: verdana,geneva,sans-serif\"><a href=\"https:\/\/drive.google.com\/file\/d\/1huR907b4w6QVpgdUSV_dQI8of8kPaDmV\/view?usp=sharing\" target=\"_blank\" rel=\"noopener\">Baixar Of\u00edcio de Encaminhamento (Word &#8211; Google Drive)<\/a><\/span><\/p>\n<p><a href=\"https:\/\/drive.google.com\/file\/d\/1lyd-_dkpgarWkGj0oyyfRjkhK6Gh3PIH\/view?usp=sharing\"><span style=\"font-family: verdana,geneva,sans-serif;font-size: 10pt\">Of\u00edcio em Libras<\/span><\/a><a href=\"https:\/\/wp.ufpel.edu.br\/nai\/files\/2018\/05\/libras.gif\"><img data-attachment-id=\"2432\" data-permalink=\"https:\/\/wp.ufpel.edu.br\/nai\/chamada-revaies\/libras\/\" data-orig-file=\"https:\/\/wp.ufpel.edu.br\/nai\/files\/2018\/05\/libras.gif\" data-orig-size=\"91,109\" data-comments-opened=\"0\" data-image-meta=\"{&quot;aperture&quot;:&quot;0&quot;,&quot;credit&quot;:&quot;&quot;,&quot;camera&quot;:&quot;&quot;,&quot;caption&quot;:&quot;&quot;,&quot;created_timestamp&quot;:&quot;0&quot;,&quot;copyright&quot;:&quot;&quot;,&quot;focal_length&quot;:&quot;0&quot;,&quot;iso&quot;:&quot;0&quot;,&quot;shutter_speed&quot;:&quot;0&quot;,&quot;title&quot;:&quot;&quot;,&quot;orientation&quot;:&quot;0&quot;}\" data-image-title=\"libras\" data-image-description=\"\" data-image-caption=\"\" data-medium-file=\"https:\/\/wp.ufpel.edu.br\/nai\/files\/2018\/05\/libras.gif\" data-large-file=\"https:\/\/wp.ufpel.edu.br\/nai\/files\/2018\/05\/libras.gif\" class=\"alignnone wp-image-2432\" src=\"https:\/\/wp.ufpel.edu.br\/nai\/files\/2018\/05\/libras.gif\" alt=\" \" width=\"24\" height=\"29\" \/><\/a><\/p>\n<p>&nbsp;<\/p>\n","protected":false},"excerpt":{"rendered":"<p>P\u00e1gina Inicial &nbsp; &nbsp; &nbsp; &nbsp; Diretrizes para Autores Diretrizes em Libras A RevAIES aceita manuscritos, de autores(as) brasileiros(as) e estrangeiros(as) &#8211; que discutam tem\u00e1ticas ligadas \u00e0 acessibilidade e inclus\u00e3o de pessoas com defici\u00eancia, pessoas com altas habilidades e transtorno do espectro autista, no ensino superior &#8211; oriundos, preferencialmente, de pesquisas, mas tamb\u00e9m de estudos [&hellip;]<\/p>\n","protected":false},"author":359,"featured_media":0,"parent":0,"menu_order":0,"comment_status":"closed","ping_status":"closed","template":"","meta":{"jetpack_post_was_ever_published":false,"footnotes":""},"class_list":["post-2353","page","type-page","status-publish","hentry"],"jetpack_sharing_enabled":true,"jetpack_shortlink":"https:\/\/wp.me\/P90IOR-BX","_links":{"self":[{"href":"https:\/\/wp.ufpel.edu.br\/nai\/wp-json\/wp\/v2\/pages\/2353","targetHints":{"allow":["GET"]}}],"collection":[{"href":"https:\/\/wp.ufpel.edu.br\/nai\/wp-json\/wp\/v2\/pages"}],"about":[{"href":"https:\/\/wp.ufpel.edu.br\/nai\/wp-json\/wp\/v2\/types\/page"}],"author":[{"embeddable":true,"href":"https:\/\/wp.ufpel.edu.br\/nai\/wp-json\/wp\/v2\/users\/359"}],"replies":[{"embeddable":true,"href":"https:\/\/wp.ufpel.edu.br\/nai\/wp-json\/wp\/v2\/comments?post=2353"}],"version-history":[{"count":19,"href":"https:\/\/wp.ufpel.edu.br\/nai\/wp-json\/wp\/v2\/pages\/2353\/revisions"}],"predecessor-version":[{"id":2883,"href":"https:\/\/wp.ufpel.edu.br\/nai\/wp-json\/wp\/v2\/pages\/2353\/revisions\/2883"}],"wp:attachment":[{"href":"https:\/\/wp.ufpel.edu.br\/nai\/wp-json\/wp\/v2\/media?parent=2353"}],"curies":[{"name":"wp","href":"https:\/\/api.w.org\/{rel}","templated":true}]}}