{"id":2345,"date":"2018-05-26T20:45:05","date_gmt":"2018-05-26T23:45:05","guid":{"rendered":"https:\/\/wp.ufpel.edu.br\/nai\/?page_id=2345"},"modified":"2018-07-27T19:44:09","modified_gmt":"2018-07-27T22:44:09","slug":"processo-revaies","status":"publish","type":"page","link":"https:\/\/wp.ufpel.edu.br\/nai\/processo-revaies\/","title":{"rendered":"processo de avalia\u00e7\u00e3o"},"content":{"rendered":"<p><img data-attachment-id=\"2315\" data-permalink=\"https:\/\/wp.ufpel.edu.br\/nai\/marcas\/\" data-orig-file=\"https:\/\/wp.ufpel.edu.br\/nai\/files\/2018\/05\/marcas.png\" data-orig-size=\"839,359\" data-comments-opened=\"0\" data-image-meta=\"{&quot;aperture&quot;:&quot;0&quot;,&quot;credit&quot;:&quot;&quot;,&quot;camera&quot;:&quot;&quot;,&quot;caption&quot;:&quot;&quot;,&quot;created_timestamp&quot;:&quot;0&quot;,&quot;copyright&quot;:&quot;&quot;,&quot;focal_length&quot;:&quot;0&quot;,&quot;iso&quot;:&quot;0&quot;,&quot;shutter_speed&quot;:&quot;0&quot;,&quot;title&quot;:&quot;&quot;,&quot;orientation&quot;:&quot;0&quot;}\" data-image-title=\"marcas\" data-image-description=\"\" data-image-caption=\"\" data-medium-file=\"https:\/\/wp.ufpel.edu.br\/nai\/files\/2018\/05\/marcas-400x171.png\" data-large-file=\"https:\/\/wp.ufpel.edu.br\/nai\/files\/2018\/05\/marcas.png\" class=\"wp-image-2315 alignleft\" src=\"https:\/\/wp.ufpel.edu.br\/nai\/files\/2018\/05\/marcas.png\" alt=\"\" width=\"257\" height=\"110\" srcset=\"https:\/\/wp.ufpel.edu.br\/nai\/files\/2018\/05\/marcas.png 839w, https:\/\/wp.ufpel.edu.br\/nai\/files\/2018\/05\/marcas-400x171.png 400w, https:\/\/wp.ufpel.edu.br\/nai\/files\/2018\/05\/marcas-768x329.png 768w\" sizes=\"(max-width: 257px) 100vw, 257px\" \/><\/p>\n<p style=\"text-align: right\"><a href=\"https:\/\/wp.ufpel.edu.br\/nai\/revaies\/\"><span style=\"font-family: verdana,geneva,sans-serif;font-size: 10pt\">P\u00e1gina Inicial<\/span><\/a><\/p>\n<p>&nbsp;<\/p>\n<p>&nbsp;<\/p>\n<p>&nbsp;<\/p>\n<p>&nbsp;<\/p>\n<p>&nbsp;<\/p>\n<p style=\"text-align: justify\"><span style=\"font-family: verdana,geneva,sans-serif;font-size: 14pt\"><b>Processo de avalia\u00e7\u00e3o dos manuscritos<\/b><\/span><\/p>\n<h5 style=\"text-align: justify\"><span style=\"font-family: verdana,geneva,sans-serif\"><strong>\u00a0<a href=\"https:\/\/drive.google.com\/file\/d\/1jKPdVVU0KH-a2pJe6xB_f4K4Ib1TIb4t\/view?usp=sharing\"><span style=\"font-size: 8pt\">Processo em Libras<\/span><\/a><img data-attachment-id=\"2432\" data-permalink=\"https:\/\/wp.ufpel.edu.br\/nai\/chamada-revaies\/libras\/\" data-orig-file=\"https:\/\/wp.ufpel.edu.br\/nai\/files\/2018\/05\/libras.gif\" data-orig-size=\"91,109\" data-comments-opened=\"0\" data-image-meta=\"{&quot;aperture&quot;:&quot;0&quot;,&quot;credit&quot;:&quot;&quot;,&quot;camera&quot;:&quot;&quot;,&quot;caption&quot;:&quot;&quot;,&quot;created_timestamp&quot;:&quot;0&quot;,&quot;copyright&quot;:&quot;&quot;,&quot;focal_length&quot;:&quot;0&quot;,&quot;iso&quot;:&quot;0&quot;,&quot;shutter_speed&quot;:&quot;0&quot;,&quot;title&quot;:&quot;&quot;,&quot;orientation&quot;:&quot;0&quot;}\" data-image-title=\"libras\" data-image-description=\"\" data-image-caption=\"\" data-medium-file=\"https:\/\/wp.ufpel.edu.br\/nai\/files\/2018\/05\/libras.gif\" data-large-file=\"https:\/\/wp.ufpel.edu.br\/nai\/files\/2018\/05\/libras.gif\" class=\"wp-image-2432 alignnone\" src=\"https:\/\/wp.ufpel.edu.br\/nai\/files\/2018\/05\/libras.gif\" alt=\"\" width=\"28\" height=\"34\" \/><\/strong><\/span><\/h5>\n<p style=\"text-align: justify\"><span style=\"font-family: verdana,geneva,sans-serif\">Os trabalhos s\u00e3o avaliados, preliminarmente, pelos(as) editores(as). Os considerados adequados quanto a aspectos formais e de escopo s\u00e3o encaminhados a dois(duas) revisores(as), cuja atua\u00e7\u00e3o esteja relacionada \u00e0 \u00e1rea do manuscrito, mantendo-se o anonimato da autoria. Em caso de haver um parecer positivo e um negativo, o trabalho \u00e9 encaminhado a um(a) terceiro(a) parecerista. O Conselho Editorial analisa os pareceres e emite uma conclus\u00e3o que \u00e9, ent\u00e3o, submetida ao(\u00e0) Editor(a)-chefe da Revista. O processo de revis\u00e3o adotado \u00e9 duplo-cego, assim, nem os(as) revisores(as) <i>ad hoc<\/i> sabem quem s\u00e3o os(as) autores(as) dos manuscritos, nem os(as) autores(as) sabem quem foram os(as) revisores(as).<\/span><\/p>\n<p>&nbsp;<\/p>\n","protected":false},"excerpt":{"rendered":"<p>P\u00e1gina Inicial &nbsp; &nbsp; &nbsp; &nbsp; &nbsp; Processo de avalia\u00e7\u00e3o dos manuscritos \u00a0Processo em Libras Os trabalhos s\u00e3o avaliados, preliminarmente, pelos(as) editores(as). Os considerados adequados quanto a aspectos formais e de escopo s\u00e3o encaminhados a dois(duas) revisores(as), cuja atua\u00e7\u00e3o esteja relacionada \u00e0 \u00e1rea do manuscrito, mantendo-se o anonimato da autoria. Em caso de haver um [&hellip;]<\/p>\n","protected":false},"author":359,"featured_media":0,"parent":0,"menu_order":0,"comment_status":"closed","ping_status":"closed","template":"","meta":{"jetpack_post_was_ever_published":false,"footnotes":""},"class_list":["post-2345","page","type-page","status-publish","hentry"],"jetpack_sharing_enabled":true,"jetpack_shortlink":"https:\/\/wp.me\/P90IOR-BP","_links":{"self":[{"href":"https:\/\/wp.ufpel.edu.br\/nai\/wp-json\/wp\/v2\/pages\/2345","targetHints":{"allow":["GET"]}}],"collection":[{"href":"https:\/\/wp.ufpel.edu.br\/nai\/wp-json\/wp\/v2\/pages"}],"about":[{"href":"https:\/\/wp.ufpel.edu.br\/nai\/wp-json\/wp\/v2\/types\/page"}],"author":[{"embeddable":true,"href":"https:\/\/wp.ufpel.edu.br\/nai\/wp-json\/wp\/v2\/users\/359"}],"replies":[{"embeddable":true,"href":"https:\/\/wp.ufpel.edu.br\/nai\/wp-json\/wp\/v2\/comments?post=2345"}],"version-history":[{"count":7,"href":"https:\/\/wp.ufpel.edu.br\/nai\/wp-json\/wp\/v2\/pages\/2345\/revisions"}],"predecessor-version":[{"id":2753,"href":"https:\/\/wp.ufpel.edu.br\/nai\/wp-json\/wp\/v2\/pages\/2345\/revisions\/2753"}],"wp:attachment":[{"href":"https:\/\/wp.ufpel.edu.br\/nai\/wp-json\/wp\/v2\/media?parent=2345"}],"curies":[{"name":"wp","href":"https:\/\/api.w.org\/{rel}","templated":true}]}}