{"id":2160,"date":"2018-03-11T18:54:02","date_gmt":"2018-03-11T21:54:02","guid":{"rendered":"https:\/\/wp.ufpel.edu.br\/nai\/?page_id=2160"},"modified":"2018-04-12T17:51:54","modified_gmt":"2018-04-12T20:51:54","slug":"mostra","status":"publish","type":"page","link":"https:\/\/wp.ufpel.edu.br\/nai\/mostra\/","title":{"rendered":"mostra"},"content":{"rendered":"<p><img data-attachment-id=\"2170\" data-permalink=\"https:\/\/wp.ufpel.edu.br\/nai\/mostra\/cartaz-certo-17-04\/\" data-orig-file=\"https:\/\/wp.ufpel.edu.br\/nai\/files\/2018\/03\/cartaz-CERTO-17-04.png\" data-orig-size=\"2480,3507\" data-comments-opened=\"0\" data-image-meta=\"{&quot;aperture&quot;:&quot;0&quot;,&quot;credit&quot;:&quot;&quot;,&quot;camera&quot;:&quot;&quot;,&quot;caption&quot;:&quot;&quot;,&quot;created_timestamp&quot;:&quot;0&quot;,&quot;copyright&quot;:&quot;&quot;,&quot;focal_length&quot;:&quot;0&quot;,&quot;iso&quot;:&quot;0&quot;,&quot;shutter_speed&quot;:&quot;0&quot;,&quot;title&quot;:&quot;&quot;,&quot;orientation&quot;:&quot;0&quot;}\" data-image-title=\"cartaz CERTO 17-04\" data-image-description=\"\" data-image-caption=\"\" data-medium-file=\"https:\/\/wp.ufpel.edu.br\/nai\/files\/2018\/03\/cartaz-CERTO-17-04-283x400.png\" data-large-file=\"https:\/\/wp.ufpel.edu.br\/nai\/files\/2018\/03\/cartaz-CERTO-17-04-724x1024.png\" class=\"aligncenter size-large wp-image-2170\" src=\"https:\/\/wp.ufpel.edu.br\/nai\/files\/2018\/03\/cartaz-CERTO-17-04-724x1024.png\" alt=\" \" width=\"724\" height=\"1024\" srcset=\"https:\/\/wp.ufpel.edu.br\/nai\/files\/2018\/03\/cartaz-CERTO-17-04-724x1024.png 724w, https:\/\/wp.ufpel.edu.br\/nai\/files\/2018\/03\/cartaz-CERTO-17-04-283x400.png 283w, https:\/\/wp.ufpel.edu.br\/nai\/files\/2018\/03\/cartaz-CERTO-17-04-768x1086.png 768w\" sizes=\"(max-width: 724px) 100vw, 724px\" \/><\/p>\n<h3><\/h3>\n<h3><span style=\"font-family: verdana,geneva,sans-serif\">A UFPEL comprometida com uma educa\u00e7\u00e3o inclusiva de qualidade ir\u00e1 promover um evento de acolhida aos alunos ingressantes e comunidade em geral para um momento de integra\u00e7\u00e3o e representatividade, atrav\u00e9s de atividades culturais como: exposi\u00e7\u00e3o de arte, apresenta\u00e7\u00f5es art\u00edsticas, oficinas, bancas de economia criativa, estandes de divulga\u00e7\u00e3o das institui\u00e7\u00f5es inclusivas e cine debate.<\/span><\/h3>\n<h3><span style=\"font-family: verdana,geneva,sans-serif\">Se tiver alguma duvida ou interesse em participar, entre em contato conosco pelo email nai.ufpel@gmail.com.<\/span><\/h3>\n<p>&nbsp;<\/p>\n<p><strong><span style=\"font-family: verdana,geneva,sans-serif;font-size: 8pt\">#pracegover <\/span><\/strong><span style=\"font-family: verdana,geneva,sans-serif;font-size: 8pt\">Informa\u00e7\u00f5es do cartaz da 1\u00aa Mostra Cultural Inclusiva: <\/span><span style=\"font-family: verdana,geneva,sans-serif;font-size: 8pt\">Acolhida aos alunos ingressantes e comunidade em geral. www.wp.ufpel.edu.br\/nai\/mostra. <\/span><span style=\"font-family: verdana,geneva,sans-serif;font-size: 8pt\">17\/04 9h-20h. Oficinas. Cine debate. Exposi\u00e7\u00e3o de arte. Apresenta\u00e7\u00f5es art\u00edsticas. Bancas de economia criativa. Esandes de divulga\u00e7\u00e3o das institui\u00e7\u00f5es inlusivas. Rua Al. Baroso, 1202. Campus II do ICH-UFPEL. Apoio: Pr\u00f3-Reitoria de Ensino-UFPEL, NAI-UFPEL, NUAAD-UFPEL e NUGEN-UFPEL.<\/span><\/p>\n<p><img data-attachment-id=\"2190\" data-permalink=\"https:\/\/wp.ufpel.edu.br\/nai\/2018\/04\/12\/cronograma-da-1a-mostra-cultura-inclusiva-da-ufpel\/cronograma-mostra-inclusiva-novo2\/\" data-orig-file=\"https:\/\/wp.ufpel.edu.br\/nai\/files\/2018\/04\/cronograma-mostra-inclusiva-NOVO2.png\" data-orig-size=\"1012,1006\" data-comments-opened=\"0\" data-image-meta=\"{&quot;aperture&quot;:&quot;0&quot;,&quot;credit&quot;:&quot;&quot;,&quot;camera&quot;:&quot;&quot;,&quot;caption&quot;:&quot;&quot;,&quot;created_timestamp&quot;:&quot;0&quot;,&quot;copyright&quot;:&quot;&quot;,&quot;focal_length&quot;:&quot;0&quot;,&quot;iso&quot;:&quot;0&quot;,&quot;shutter_speed&quot;:&quot;0&quot;,&quot;title&quot;:&quot;&quot;,&quot;orientation&quot;:&quot;0&quot;}\" data-image-title=\"cronograma mostra inclusiva NOVO2\" data-image-description=\"\" data-image-caption=\"\" data-medium-file=\"https:\/\/wp.ufpel.edu.br\/nai\/files\/2018\/04\/cronograma-mostra-inclusiva-NOVO2-400x398.png\" data-large-file=\"https:\/\/wp.ufpel.edu.br\/nai\/files\/2018\/04\/cronograma-mostra-inclusiva-NOVO2.png\" class=\"aligncenter size-full wp-image-2190\" src=\"https:\/\/wp.ufpel.edu.br\/nai\/files\/2018\/04\/cronograma-mostra-inclusiva-NOVO2.png\" alt=\" \" width=\"1012\" height=\"1006\" srcset=\"https:\/\/wp.ufpel.edu.br\/nai\/files\/2018\/04\/cronograma-mostra-inclusiva-NOVO2.png 1012w, https:\/\/wp.ufpel.edu.br\/nai\/files\/2018\/04\/cronograma-mostra-inclusiva-NOVO2-200x200.png 200w, https:\/\/wp.ufpel.edu.br\/nai\/files\/2018\/04\/cronograma-mostra-inclusiva-NOVO2-400x398.png 400w, https:\/\/wp.ufpel.edu.br\/nai\/files\/2018\/04\/cronograma-mostra-inclusiva-NOVO2-768x763.png 768w\" sizes=\"(max-width: 1012px) 100vw, 1012px\" \/><\/p>\n<p>&nbsp;<\/p>\n<h2 style=\"text-align: center\"><a href=\"https:\/\/wp.ufpel.edu.br\/nai\/files\/2018\/04\/cronograma-mostra-inclusiva-NOVO.pdf\"><span style=\"font-family: verdana, geneva, sans-serif\">Clique aqui para abrir o cronograma da Mostra em PDF<\/span><\/a><\/h2>\n<h2><\/h2>\n<h2><span style=\"font-size: 14pt\"><strong>#Pracegover<\/strong><\/span><\/h2>\n<h5><span style=\"font-size: 8pt\"><b>CRONOGRAMA DE ATIVIDADES \u2013 17\/04<\/b><\/span><\/h5>\n<h5><span style=\"font-size: 8pt\"><b>MANH\u00c3<\/b><\/span><\/h5>\n<h5><span style=\"font-size: 8pt\"><b>9h<\/b>\u00a0 <b>Abertura <\/b><b>da <\/b><b>Mostra Cultural: <\/b>Exposi\u00e7\u00e3o de arte, Estandes, Banquinhas de economia criativa.<\/span><\/h5>\n<h5><span style=\"font-size: 8pt\"><b>10:30<\/b>\u00a0 <b>Oficina <\/b><b>de <\/b><b>Dan\u00e7a <\/b><b>do <\/b><b>Ventre. <\/b><i>Ministrante:\u00a0<\/i>Geovana Silva de Carvalho. <i>Orienta\u00e7\u00e3o: <\/i>Profa. Helena Thofehrn. <i>Apoio e acompanhamento: <\/i>Robson Bordignon P\u00f3lvora (tutor vinculado pelo NAI).<\/span><\/h5>\n<h5><span style=\"font-size: 8pt\"><b>11:40<\/b>\u00a0 <b>Apresenta\u00e7\u00e3o Musical<\/b>\u00a0Rima com Will<\/span><\/h5>\n<h5><span style=\"font-size: 8pt\"><b>TARDE<\/b><\/span><\/h5>\n<h5><span style=\"font-size: 8pt\"><b>14h\u00a0 <\/b><b>Apresenta\u00e7\u00e3o <\/b><b>de Dan\u00e7a. <\/b>Escola de Inclus\u00e3o da UFPel-APAJAD.<\/span><\/h5>\n<h5><span style=\"font-size: 8pt\"><b><i>Coreografias: <\/i><\/b><b><i>Tango<\/i><\/b>: \u00c9dison Ol\u00edmpio da Silva e Virginia da\u00a0Silva. <b>R\u00edtimos<\/b> <b>Brasileiros:<\/b> Vin\u00edcius Vianna e Luiza Rangel. <b><i>Chamame<\/i><\/b><b><i>: <\/i><\/b>\u00c9dison Ol\u00edmpio, Patricia\u00a0 Dutra, Dionis Mascarello, Virginia Tortelli,\u00a0 \u00c9dison Alves e Luana Lazarry.<\/span><\/h5>\n<h5><span style=\"font-size: 8pt\"><b>15h<\/b>\u00a0 <b>Oficina de Mem\u00f3ria. <\/b>Escola de Inclus\u00e3o da UFPel-APAJAD.<\/span><\/h5>\n<h5><span style=\"font-size: 8pt\"><b>16h<\/b>\u00a0 <b>Intervalo<\/b><\/span><\/h5>\n<h5><span style=\"font-size: 8pt\"><b>17h<\/b>\u00a0 <b>Oficina de <\/b><b>Teatro <\/b><b>ao Sens\u00edvel. <\/b><b><i>Oficineiros<\/i><\/b><b><i>: <\/i><\/b>Evelin Suchard e Jo\u00e3o Vitor<\/span><\/h5>\n<h5><span style=\"font-size: 8pt\"><b>17:30<\/b>\u00a0 <b>Apresenta\u00e7\u00e3o. <\/b><b>Musical <\/b><b><i>Allonso. <\/i><\/b>\u00c9 o projeto paralelo do m\u00fasico Jonathan Teixeira. Que traz uma sonoridade intimista e seu lado minimalista. Com letras que falam sobre o cotidiano, amor e vida.<\/span><\/h5>\n<h5><span style=\"font-size: 8pt\"><b>NOITE<\/b><\/span><\/h5>\n<h5><span style=\"font-size: 8pt\"><b>19h<\/b>\u00a0 <b>Cine Debate.\u00a0 <\/b><b><i>Document\u00e1rio: <\/i><\/b>\u201cTODOS\u201d. Um historiador viaja por v\u00e1rias cidades do Brasil e no exterior em busca de resposta a uma pergunta: o que \u00e9 acessibilidade? Acompanhando a trajet\u00f3ria de Felipe, um homem que tem defici\u00eancia visual, que percorre caminhos que s\u00e3o acess\u00edveis e outros com muitas barreiras. \u00c9 um filme sobre pessoas e suas diferen\u00e7as. <b><i>Dire\u00e7\u00e3o<\/i><\/b><i>: <\/i>Marilaine Castro da Costa e Luiz Alberto Cassol. <b><i>Mediadora do debate: <\/i><\/b>Desir\u00e9e Nobre Terapeuta Ocupacional, Mestranda em Mem\u00f3ria Social e Patrim\u00f4nio Cultural.<\/span><\/h5>\n<h5><span style=\"font-size: 8pt\"><b>ESTANDES<\/b><\/span><\/h5>\n<h5><span style=\"font-size: 8pt\"><b>Projeto <\/b><b>de Moda <\/b><b>Kanimambo<\/b>, busca fomentar a gera\u00e7\u00e3o de trabalho e renda para os imigrantes senegaleses, atrav\u00e9s da produ\u00e7\u00e3o local de vestu\u00e1rio africano.<\/span><\/h5>\n<h5><span style=\"font-size: 8pt\"><b>Projeto <\/b><b>de Moda <\/b><b>Inclusiva <\/b>do curso de Antropologia, N\u00facleo de pesquisa Mari Lascano. Vestu\u00e1rio adaptado para pessoas com defici\u00eancia, direcionado \u00e0 mobilidade no vestu\u00e1rio.<\/span><\/h5>\n<h5><span style=\"font-size: 8pt\"><b>Curso <\/b><b>de Terapia Ocupacional com materiais de tecnologia <\/b><b>assistiva<\/b><b>.<\/b><\/span><\/h5>\n<h5><span style=\"font-size: 8pt\"><b>Materiais <\/b><b>interativos para pessoas com defici\u00eancia visual<\/b><b>.<\/b><\/span><\/h5>\n<h5><span style=\"font-size: 8pt\"><b>Centro <\/b><b>de Atendimento ao Autista Dr. Danilo Rolim de Moura<\/b><b>.<\/b><\/span><\/h5>\n<h5><span style=\"font-size: 8pt\"><b>Escola <\/b><b>de Inclus\u00e3o da <\/b><b>UFPel<\/b><b> \u2013 APAJAD.<\/b><\/span><\/h5>\n<h5><span style=\"font-size: 8pt\"><b>EXPOSI\u00c7\u00c3O ART\u00cdSTICA: <\/b>N\u00e1dia Porto, Centro de Atendimento ao Autista Dr. Danilo Rolim de Moura e Escola de Inclus\u00e3o da UFPel \u2013 APAJAD.<\/span><\/h5>\n<h5><span style=\"font-size: 8pt\"><b>Local: Almirante Barroso, <\/b><b>1202.<\/b><b>Campus <\/b><b>II ICH-UFPEL.<\/b><\/span><\/h5>\n","protected":false},"excerpt":{"rendered":"<p>A UFPEL comprometida com uma educa\u00e7\u00e3o inclusiva de qualidade ir\u00e1 promover um evento de acolhida aos alunos ingressantes e comunidade em geral para um momento de integra\u00e7\u00e3o e representatividade, atrav\u00e9s de atividades culturais como: exposi\u00e7\u00e3o de arte, apresenta\u00e7\u00f5es art\u00edsticas, oficinas, bancas de economia criativa, estandes de divulga\u00e7\u00e3o das institui\u00e7\u00f5es inclusivas e cine debate. Se tiver [&hellip;]<\/p>\n","protected":false},"author":359,"featured_media":0,"parent":0,"menu_order":0,"comment_status":"closed","ping_status":"closed","template":"","meta":{"jetpack_post_was_ever_published":false,"footnotes":""},"class_list":["post-2160","page","type-page","status-publish","hentry"],"jetpack_sharing_enabled":true,"jetpack_shortlink":"https:\/\/wp.me\/P90IOR-yQ","_links":{"self":[{"href":"https:\/\/wp.ufpel.edu.br\/nai\/wp-json\/wp\/v2\/pages\/2160","targetHints":{"allow":["GET"]}}],"collection":[{"href":"https:\/\/wp.ufpel.edu.br\/nai\/wp-json\/wp\/v2\/pages"}],"about":[{"href":"https:\/\/wp.ufpel.edu.br\/nai\/wp-json\/wp\/v2\/types\/page"}],"author":[{"embeddable":true,"href":"https:\/\/wp.ufpel.edu.br\/nai\/wp-json\/wp\/v2\/users\/359"}],"replies":[{"embeddable":true,"href":"https:\/\/wp.ufpel.edu.br\/nai\/wp-json\/wp\/v2\/comments?post=2160"}],"version-history":[{"count":7,"href":"https:\/\/wp.ufpel.edu.br\/nai\/wp-json\/wp\/v2\/pages\/2160\/revisions"}],"predecessor-version":[{"id":2194,"href":"https:\/\/wp.ufpel.edu.br\/nai\/wp-json\/wp\/v2\/pages\/2160\/revisions\/2194"}],"wp:attachment":[{"href":"https:\/\/wp.ufpel.edu.br\/nai\/wp-json\/wp\/v2\/media?parent=2160"}],"curies":[{"name":"wp","href":"https:\/\/api.w.org\/{rel}","templated":true}]}}