{"id":1496,"date":"2017-08-21T15:31:34","date_gmt":"2017-08-21T18:31:34","guid":{"rendered":"https:\/\/wp.ufpel.edu.br\/nai\/?page_id=1496"},"modified":"2018-11-07T11:25:32","modified_gmt":"2018-11-07T13:25:32","slug":"perguntas-frequentes","status":"publish","type":"page","link":"https:\/\/wp.ufpel.edu.br\/nai\/perguntas-frequentes\/","title":{"rendered":"Perguntas Frequentes"},"content":{"rendered":"<p><a href=\"https:\/\/drive.google.com\/open?id=1xbRhz-fC0RTOp_SSuhIyVeFWNBbp3zfZ\" target=\"_blank\" rel=\"noopener\">Texto em Libras &#8211; Clique Aqui<\/a><a href=\"https:\/\/drive.google.com\/open?id=1xbRhz-fC0RTOp_SSuhIyVeFWNBbp3zfZ\" target=\"_blank\" rel=\"noopener\"><img data-attachment-id=\"2963\" data-permalink=\"https:\/\/wp.ufpel.edu.br\/nai\/libras-2\/\" data-orig-file=\"https:\/\/wp.ufpel.edu.br\/nai\/files\/2018\/10\/libras-e1541596773614.png\" data-orig-size=\"30,30\" data-comments-opened=\"0\" data-image-meta=\"{&quot;aperture&quot;:&quot;0&quot;,&quot;credit&quot;:&quot;&quot;,&quot;camera&quot;:&quot;&quot;,&quot;caption&quot;:&quot;&quot;,&quot;created_timestamp&quot;:&quot;0&quot;,&quot;copyright&quot;:&quot;&quot;,&quot;focal_length&quot;:&quot;0&quot;,&quot;iso&quot;:&quot;0&quot;,&quot;shutter_speed&quot;:&quot;0&quot;,&quot;title&quot;:&quot;&quot;,&quot;orientation&quot;:&quot;0&quot;}\" data-image-title=\"Acessibilidade em Libras libras\" data-image-description=\"\" data-image-caption=\"&lt;p&gt;Link tradu\u00e7\u00e3o em Libras&lt;\/p&gt;\n\" data-medium-file=\"https:\/\/wp.ufpel.edu.br\/nai\/files\/2018\/10\/libras-e1541596773614.png\" data-large-file=\"https:\/\/wp.ufpel.edu.br\/nai\/files\/2018\/10\/libras-e1541596773614.png\" class=\"wp-image-2963 size-full alignleft\" src=\"https:\/\/wp.ufpel.edu.br\/nai\/files\/2018\/10\/libras-e1541596773614.png\" alt=\"\" width=\"30\" height=\"30\" \/><\/a><\/p>\n<p>&nbsp;<\/p>\n<p><span style=\"font-size: 14pt\"><strong><span style=\"font-family: verdana, geneva, sans-serif\">Como criar um PowerPoint acess\u00edvel?<\/span><\/strong><\/span><\/p>\n<p style=\"padding-left: 30px\"><span style=\"font-family: verdana, geneva, sans-serif\">O PowerPoint \u00e9 uma ferramenta muito utilizada por professores e alunos na cria\u00e7\u00e3o de apresenta\u00e7\u00f5es, assim algumas praticas devem ser seguidas para criar uma apresenta\u00e7\u00e3o acess\u00edvel.<\/span><\/p>\n<p style=\"padding-left: 30px\"><span style=\"font-family: verdana, geneva, sans-serif\">No link se encontram algumas dicas para tornar sua apresenta\u00e7\u00e3o acess\u00edvel<\/span><\/p>\n<p style=\"padding-left: 30px\"><a href=\"https:\/\/support.office.com\/pt-br\/article\/tonar-suas-apresenta%C3%A7%C3%B5es-do-powerpoint-acess%C3%ADveis-6f7772b2-2f33-4bd2-8ca7-dae3b2b3ef25\"><span style=\"font-family: verdana, geneva, sans-serif\">Dicas para PowerPoint acess\u00edvel<\/span><\/a><\/p>\n<hr \/>\n<p><a href=\"https:\/\/drive.google.com\/open?id=1xbRhz-fC0RTOp_SSuhIyVeFWNBbp3zfZ\" target=\"_blank\" rel=\"noopener\"><img data-attachment-id=\"2963\" data-permalink=\"https:\/\/wp.ufpel.edu.br\/nai\/libras-2\/\" data-orig-file=\"https:\/\/wp.ufpel.edu.br\/nai\/files\/2018\/10\/libras-e1541596773614.png\" data-orig-size=\"30,30\" data-comments-opened=\"0\" data-image-meta=\"{&quot;aperture&quot;:&quot;0&quot;,&quot;credit&quot;:&quot;&quot;,&quot;camera&quot;:&quot;&quot;,&quot;caption&quot;:&quot;&quot;,&quot;created_timestamp&quot;:&quot;0&quot;,&quot;copyright&quot;:&quot;&quot;,&quot;focal_length&quot;:&quot;0&quot;,&quot;iso&quot;:&quot;0&quot;,&quot;shutter_speed&quot;:&quot;0&quot;,&quot;title&quot;:&quot;&quot;,&quot;orientation&quot;:&quot;0&quot;}\" data-image-title=\"Acessibilidade em Libras libras\" data-image-description=\"\" data-image-caption=\"&lt;p&gt;Link tradu\u00e7\u00e3o em Libras&lt;\/p&gt;\n\" data-medium-file=\"https:\/\/wp.ufpel.edu.br\/nai\/files\/2018\/10\/libras-e1541596773614.png\" data-large-file=\"https:\/\/wp.ufpel.edu.br\/nai\/files\/2018\/10\/libras-e1541596773614.png\" class=\"wp-image-2963 size-full alignleft\" src=\"https:\/\/wp.ufpel.edu.br\/nai\/files\/2018\/10\/libras-e1541596773614.png\" alt=\"\" width=\"30\" height=\"30\" \/><\/a><a href=\"https:\/\/drive.google.com\/open?id=13wjylfOMbKPXwAztvTZOvG7vgQPyc1Ji\" target=\"_blank\" rel=\"noopener\">Texto em Libras &#8211; Clique Aqui<\/a><\/p>\n<p>&nbsp;<\/p>\n<p><span style=\"font-family: verdana, geneva, sans-serif\"><span style=\"font-size: 14pt\"><strong>Como fazer a descri\u00e7\u00e3o de imagens?<\/strong><\/span><\/span><\/p>\n<ul>\n<li><span style=\"font-family: verdana, geneva, sans-serif\">Coloque a hashtag #PraCegoVer.<\/span><\/li>\n<li><span style=\"font-family: verdana, geneva, sans-serif\">Anuncie o tipo de imagem: fotografia, cartum, tirinha, ilustra\u00e7\u00e3o&#8230;<\/span><\/li>\n<li><span style=\"font-family: verdana, geneva, sans-serif\">Descreva da esquerda para a direita, de cima para baixo.<\/span><\/li>\n<li><span style=\"font-family: verdana, geneva, sans-serif\">Informe as cores: Fotografia em tons de cinza, em tons de s\u00e9pia, em branco e preto [se a foto for colorida, n\u00e3o precisa informar \u201cfotografia colorida\u201d, porque voc\u00ea vai dizer as cores dos elementos da foto na descri\u00e7\u00e3o e a indica\u00e7\u00e3o ficar\u00e1 redundante. Se voc\u00ea j\u00e1 vai dizer que a mo\u00e7a est\u00e1 de casaco vermelho, ao lado de flores amarelas, n\u00e3o preciso dizer que a foto \u00e9 colorida].<\/span><\/li>\n<li><span style=\"font-family: verdana, geneva, sans-serif\">Descreva todos os elementos de um determinado ponto da imagem e s\u00f3 depois passo para o pr\u00f3ximo ponto, criando uma sequ\u00eancia l\u00f3gica.<\/span><\/li>\n<li><span style=\"font-family: verdana, geneva, sans-serif\">Descreva cada ponto com poucas palavras.<\/span><\/li>\n<li><span style=\"font-family: verdana, geneva, sans-serif\">Voc\u00ea pode come\u00e7ar pelos elementos menos importantes, contextualizando a cena, e ir afunilando at\u00e9 chegar ao cl\u00edmax, no ponto chave da imagem.<\/span><\/li>\n<li><span style=\"font-family: verdana, geneva, sans-serif\">Evite adjetivos. Se algo \u00e9 lindo, feio, agrad\u00e1vel, a pessoa com defici\u00eancia \u00e9 quem vai decidir, a partir da descri\u00e7\u00e3o feita.<\/span><\/li>\n<\/ul>\n<hr \/>\n<p><a href=\"https:\/\/drive.google.com\/open?id=1xbRhz-fC0RTOp_SSuhIyVeFWNBbp3zfZ\" target=\"_blank\" rel=\"noopener\"><img data-attachment-id=\"2963\" data-permalink=\"https:\/\/wp.ufpel.edu.br\/nai\/libras-2\/\" data-orig-file=\"https:\/\/wp.ufpel.edu.br\/nai\/files\/2018\/10\/libras-e1541596773614.png\" data-orig-size=\"30,30\" data-comments-opened=\"0\" data-image-meta=\"{&quot;aperture&quot;:&quot;0&quot;,&quot;credit&quot;:&quot;&quot;,&quot;camera&quot;:&quot;&quot;,&quot;caption&quot;:&quot;&quot;,&quot;created_timestamp&quot;:&quot;0&quot;,&quot;copyright&quot;:&quot;&quot;,&quot;focal_length&quot;:&quot;0&quot;,&quot;iso&quot;:&quot;0&quot;,&quot;shutter_speed&quot;:&quot;0&quot;,&quot;title&quot;:&quot;&quot;,&quot;orientation&quot;:&quot;0&quot;}\" data-image-title=\"Acessibilidade em Libras libras\" data-image-description=\"\" data-image-caption=\"&lt;p&gt;Link tradu\u00e7\u00e3o em Libras&lt;\/p&gt;\n\" data-medium-file=\"https:\/\/wp.ufpel.edu.br\/nai\/files\/2018\/10\/libras-e1541596773614.png\" data-large-file=\"https:\/\/wp.ufpel.edu.br\/nai\/files\/2018\/10\/libras-e1541596773614.png\" class=\"wp-image-2963 size-full alignleft\" src=\"https:\/\/wp.ufpel.edu.br\/nai\/files\/2018\/10\/libras-e1541596773614.png\" alt=\"\" width=\"30\" height=\"30\" \/><\/a><a href=\"https:\/\/drive.google.com\/open?id=1JWzNqO9hq8XnpZGF5ZEMQFITTHg0eQeb\" target=\"_blank\" rel=\"noopener\">Texto em Libras &#8211; Clique Aqui<\/a><\/p>\n<p>&nbsp;<\/p>\n<p><strong><span style=\"font-family: verdana, geneva, sans-serif;font-size: 14pt\">O que \u00e9 acessibilidade na web?<\/span><\/strong><\/p>\n<p style=\"padding-left: 30px\"><span style=\"font-family: verdana, geneva, sans-serif\">Acessibilidade na web refere-se \u00e0 pr\u00e1tica inclusiva de fazer web sites que possam ser utilizados por qualquer pessoa, tendo alguma defici\u00eancia ou n\u00e3o. Se os sites s\u00e3o corretamente criados, desenvolvidos e editados, todos os usu\u00e1rios podem ter igual acesso as informa\u00e7\u00f5es e funcionalidades.<\/span><\/p>\n<hr \/>\n<p><a href=\"https:\/\/drive.google.com\/open?id=1xbRhz-fC0RTOp_SSuhIyVeFWNBbp3zfZ\" target=\"_blank\" rel=\"noopener\"><img data-attachment-id=\"2963\" data-permalink=\"https:\/\/wp.ufpel.edu.br\/nai\/libras-2\/\" data-orig-file=\"https:\/\/wp.ufpel.edu.br\/nai\/files\/2018\/10\/libras-e1541596773614.png\" data-orig-size=\"30,30\" data-comments-opened=\"0\" data-image-meta=\"{&quot;aperture&quot;:&quot;0&quot;,&quot;credit&quot;:&quot;&quot;,&quot;camera&quot;:&quot;&quot;,&quot;caption&quot;:&quot;&quot;,&quot;created_timestamp&quot;:&quot;0&quot;,&quot;copyright&quot;:&quot;&quot;,&quot;focal_length&quot;:&quot;0&quot;,&quot;iso&quot;:&quot;0&quot;,&quot;shutter_speed&quot;:&quot;0&quot;,&quot;title&quot;:&quot;&quot;,&quot;orientation&quot;:&quot;0&quot;}\" data-image-title=\"Acessibilidade em Libras libras\" data-image-description=\"\" data-image-caption=\"&lt;p&gt;Link tradu\u00e7\u00e3o em Libras&lt;\/p&gt;\n\" data-medium-file=\"https:\/\/wp.ufpel.edu.br\/nai\/files\/2018\/10\/libras-e1541596773614.png\" data-large-file=\"https:\/\/wp.ufpel.edu.br\/nai\/files\/2018\/10\/libras-e1541596773614.png\" class=\"wp-image-2963 size-full alignleft\" src=\"https:\/\/wp.ufpel.edu.br\/nai\/files\/2018\/10\/libras-e1541596773614.png\" alt=\"\" width=\"30\" height=\"30\" \/><\/a><a href=\"https:\/\/drive.google.com\/open?id=1aehWQ7kbj9u230MWEM3MQfjq-5CSwM0F\" target=\"_blank\" rel=\"noopener\">Texto em Libras &#8211; Clique Aqui<\/a><\/p>\n<p>&nbsp;<\/p>\n<p><strong><span style=\"font-family: verdana, geneva, sans-serif;font-size: 14pt\">Quais s\u00e3o as diretrizes de acessibilidade para conte\u00fado?<\/span><\/strong><\/p>\n<p style=\"padding-left: 30px\"><span style=\"font-family: verdana, geneva, sans-serif\">Fornecer alternativas textuais para conte\u00fados n\u00e3o textuais, como por exemplo, descrever imagens e v\u00eddeos. Fazer todas as funcionalidades do site serem acess\u00edveis\/naveg\u00e1veis pelo teclado. O texto deve ser leg\u00edvel e compreens\u00edvel, tendo um tamanho de fonte que facilite a leitura ou com a op\u00e7\u00e3o de aumentar o tamanho da fonte. O conte\u00fado deve ser robusto o suficiente para ser interpretado de forma concisa por qualquer usu\u00e1rio, incluindo tecnologias assistivas.<\/span><\/p>\n<hr \/>\n<p><a href=\"https:\/\/drive.google.com\/open?id=1xbRhz-fC0RTOp_SSuhIyVeFWNBbp3zfZ\" target=\"_blank\" rel=\"noopener\"><img data-attachment-id=\"2963\" data-permalink=\"https:\/\/wp.ufpel.edu.br\/nai\/libras-2\/\" data-orig-file=\"https:\/\/wp.ufpel.edu.br\/nai\/files\/2018\/10\/libras-e1541596773614.png\" data-orig-size=\"30,30\" data-comments-opened=\"0\" data-image-meta=\"{&quot;aperture&quot;:&quot;0&quot;,&quot;credit&quot;:&quot;&quot;,&quot;camera&quot;:&quot;&quot;,&quot;caption&quot;:&quot;&quot;,&quot;created_timestamp&quot;:&quot;0&quot;,&quot;copyright&quot;:&quot;&quot;,&quot;focal_length&quot;:&quot;0&quot;,&quot;iso&quot;:&quot;0&quot;,&quot;shutter_speed&quot;:&quot;0&quot;,&quot;title&quot;:&quot;&quot;,&quot;orientation&quot;:&quot;0&quot;}\" data-image-title=\"Acessibilidade em Libras libras\" data-image-description=\"\" data-image-caption=\"&lt;p&gt;Link tradu\u00e7\u00e3o em Libras&lt;\/p&gt;\n\" data-medium-file=\"https:\/\/wp.ufpel.edu.br\/nai\/files\/2018\/10\/libras-e1541596773614.png\" data-large-file=\"https:\/\/wp.ufpel.edu.br\/nai\/files\/2018\/10\/libras-e1541596773614.png\" class=\"wp-image-2963 size-full alignleft\" src=\"https:\/\/wp.ufpel.edu.br\/nai\/files\/2018\/10\/libras-e1541596773614.png\" alt=\"\" width=\"30\" height=\"30\" \/><\/a><a href=\"https:\/\/drive.google.com\/open?id=1im5CHiHj5e-wM0uJWvoISbm8rHdenvb6\" target=\"_blank\" rel=\"noopener\">Texto em Libras &#8211; Clique Aqui<\/a><\/p>\n<p>&nbsp;<\/p>\n<p><strong><span style=\"font-family: verdana, geneva, sans-serif;font-size: 14pt\">O que \u00e9 ser acess\u00edvel?<\/span><\/strong><\/p>\n<p style=\"padding-left: 30px\"><span style=\"font-family: verdana, geneva, sans-serif\">\u00c9 dar condi\u00e7\u00f5es de alcance, percep\u00e7\u00e3o e entendimento n\u00e3o apenas dos espa\u00e7os f\u00edsicos, mas tamb\u00e9m da informa\u00e7\u00e3o, produtos e servi\u00e7os, eliminando barreiras para possibilitar acesso a todo e qualquer material produzido, em \u00e1udio ou v\u00eddeo, adaptando todos os meios que a tecnologia permite.<\/span><\/p>\n<hr \/>\n<p><a href=\"https:\/\/drive.google.com\/open?id=1xbRhz-fC0RTOp_SSuhIyVeFWNBbp3zfZ\" target=\"_blank\" rel=\"noopener\"><img data-attachment-id=\"2963\" data-permalink=\"https:\/\/wp.ufpel.edu.br\/nai\/libras-2\/\" data-orig-file=\"https:\/\/wp.ufpel.edu.br\/nai\/files\/2018\/10\/libras-e1541596773614.png\" data-orig-size=\"30,30\" data-comments-opened=\"0\" data-image-meta=\"{&quot;aperture&quot;:&quot;0&quot;,&quot;credit&quot;:&quot;&quot;,&quot;camera&quot;:&quot;&quot;,&quot;caption&quot;:&quot;&quot;,&quot;created_timestamp&quot;:&quot;0&quot;,&quot;copyright&quot;:&quot;&quot;,&quot;focal_length&quot;:&quot;0&quot;,&quot;iso&quot;:&quot;0&quot;,&quot;shutter_speed&quot;:&quot;0&quot;,&quot;title&quot;:&quot;&quot;,&quot;orientation&quot;:&quot;0&quot;}\" data-image-title=\"Acessibilidade em Libras libras\" data-image-description=\"\" data-image-caption=\"&lt;p&gt;Link tradu\u00e7\u00e3o em Libras&lt;\/p&gt;\n\" data-medium-file=\"https:\/\/wp.ufpel.edu.br\/nai\/files\/2018\/10\/libras-e1541596773614.png\" data-large-file=\"https:\/\/wp.ufpel.edu.br\/nai\/files\/2018\/10\/libras-e1541596773614.png\" class=\"wp-image-2963 size-full alignleft\" src=\"https:\/\/wp.ufpel.edu.br\/nai\/files\/2018\/10\/libras-e1541596773614.png\" alt=\"\" width=\"30\" height=\"30\" \/><\/a><a href=\"https:\/\/drive.google.com\/open?id=1IeSXnWeFDnFM5uIvJw2a12oXsgcxdv7r\" target=\"_blank\" rel=\"noopener\">Texto em Libras &#8211; Clique Aqui<\/a><\/p>\n<p>&nbsp;<\/p>\n<p><strong><span style=\"font-family: verdana, geneva, sans-serif;font-size: 14pt\">Por que um site deve ser acess\u00edvel?<\/span><\/strong><\/p>\n<p style=\"padding-left: 30px\"><span style=\"font-family: verdana, geneva, sans-serif\">Para permitir que qualquer pessoa, usando qualquer dispositivo ou tecnologia de navega\u00e7\u00e3o possa ter pleno entendimento das informa\u00e7\u00f5es apresentadas e tamb\u00e9m total habilidade de intera\u00e7\u00e3o.<\/span><\/p>\n<hr \/>\n<p><a href=\"https:\/\/drive.google.com\/open?id=1xbRhz-fC0RTOp_SSuhIyVeFWNBbp3zfZ\" target=\"_blank\" rel=\"noopener\"><img data-attachment-id=\"2963\" data-permalink=\"https:\/\/wp.ufpel.edu.br\/nai\/libras-2\/\" data-orig-file=\"https:\/\/wp.ufpel.edu.br\/nai\/files\/2018\/10\/libras-e1541596773614.png\" data-orig-size=\"30,30\" data-comments-opened=\"0\" data-image-meta=\"{&quot;aperture&quot;:&quot;0&quot;,&quot;credit&quot;:&quot;&quot;,&quot;camera&quot;:&quot;&quot;,&quot;caption&quot;:&quot;&quot;,&quot;created_timestamp&quot;:&quot;0&quot;,&quot;copyright&quot;:&quot;&quot;,&quot;focal_length&quot;:&quot;0&quot;,&quot;iso&quot;:&quot;0&quot;,&quot;shutter_speed&quot;:&quot;0&quot;,&quot;title&quot;:&quot;&quot;,&quot;orientation&quot;:&quot;0&quot;}\" data-image-title=\"Acessibilidade em Libras libras\" data-image-description=\"\" data-image-caption=\"&lt;p&gt;Link tradu\u00e7\u00e3o em Libras&lt;\/p&gt;\n\" data-medium-file=\"https:\/\/wp.ufpel.edu.br\/nai\/files\/2018\/10\/libras-e1541596773614.png\" data-large-file=\"https:\/\/wp.ufpel.edu.br\/nai\/files\/2018\/10\/libras-e1541596773614.png\" class=\"wp-image-2963 size-full alignleft\" src=\"https:\/\/wp.ufpel.edu.br\/nai\/files\/2018\/10\/libras-e1541596773614.png\" alt=\"\" width=\"30\" height=\"30\" \/><\/a><a href=\"https:\/\/drive.google.com\/open?id=10sB5GIVBsOSs1R8gtsTO8bTZL8VjRgvN\" target=\"_blank\" rel=\"noopener\">Texto em Libras &#8211; Clique Aqui<\/a><\/p>\n<p>&nbsp;<\/p>\n<p><strong><span style=\"font-family: verdana, geneva, sans-serif;font-size: 14pt\">Como obter o texto contido em imagens?<\/span><\/strong><\/p>\n<p style=\"padding-left: 30px\">Muitas vezes nos deparamos com uma imagem que cont\u00e9m diversas informa\u00e7\u00f5es textuais importantes e nenhuma descri\u00e7\u00e3o do que est\u00e1 nela, ficando imposs\u00edvel que um software de leitura de tela reconhe\u00e7a este texto. Como alternativa para contornar este problema, o Google drive oferece um excelente recurso.<\/p>\n<p style=\"padding-left: 30px\">1 &#8211; Fa\u00e7a o upload da imagem desejada para dentro do seu Google drive.<\/p>\n<p style=\"padding-left: 30px\">2 &#8211; Assim que estiver conclu\u00eddo, clique com o bot\u00e3o direito sobre a imagem que voc\u00ea acabou de adicionar ao drive e v\u00e1 at\u00e9 a op\u00e7\u00e3o &#8220;abrir com&#8221;, e depois selecione &#8220;Documentos Google&#8221;.<\/p>\n<p style=\"padding-left: 30px\">3 &#8211; Ent\u00e3o, uma nova aba ser\u00e1 aberta no seu navegador com o editor online de texto do Google, e no editor estar\u00e1 o texto que foi reconhecido na imagem.<\/p>\n<p style=\"padding-left: 30px\">Para que este m\u00e9todo funcione e o\u00a0programa consiga reconhecer todos os caracteres, o texto da imagem deve estar bem claro e leg\u00edvel. Dificilmente o programa reconhecera texto escrito a m\u00e3o.<\/p>\n","protected":false},"excerpt":{"rendered":"<p>Texto em Libras &#8211; Clique Aqui &nbsp; Como criar um PowerPoint acess\u00edvel? O PowerPoint \u00e9 uma ferramenta muito utilizada por professores e alunos na cria\u00e7\u00e3o de apresenta\u00e7\u00f5es, assim algumas praticas devem ser seguidas para criar uma apresenta\u00e7\u00e3o acess\u00edvel. No link se encontram algumas dicas para tornar sua apresenta\u00e7\u00e3o acess\u00edvel Dicas para PowerPoint acess\u00edvel Texto em [&hellip;]<\/p>\n","protected":false},"author":359,"featured_media":0,"parent":0,"menu_order":12,"comment_status":"closed","ping_status":"closed","template":"","meta":{"jetpack_post_was_ever_published":false,"footnotes":""},"class_list":["post-1496","page","type-page","status-publish","hentry"],"jetpack_sharing_enabled":true,"jetpack_shortlink":"https:\/\/wp.me\/P90IOR-o8","_links":{"self":[{"href":"https:\/\/wp.ufpel.edu.br\/nai\/wp-json\/wp\/v2\/pages\/1496","targetHints":{"allow":["GET"]}}],"collection":[{"href":"https:\/\/wp.ufpel.edu.br\/nai\/wp-json\/wp\/v2\/pages"}],"about":[{"href":"https:\/\/wp.ufpel.edu.br\/nai\/wp-json\/wp\/v2\/types\/page"}],"author":[{"embeddable":true,"href":"https:\/\/wp.ufpel.edu.br\/nai\/wp-json\/wp\/v2\/users\/359"}],"replies":[{"embeddable":true,"href":"https:\/\/wp.ufpel.edu.br\/nai\/wp-json\/wp\/v2\/comments?post=1496"}],"version-history":[{"count":5,"href":"https:\/\/wp.ufpel.edu.br\/nai\/wp-json\/wp\/v2\/pages\/1496\/revisions"}],"predecessor-version":[{"id":2982,"href":"https:\/\/wp.ufpel.edu.br\/nai\/wp-json\/wp\/v2\/pages\/1496\/revisions\/2982"}],"wp:attachment":[{"href":"https:\/\/wp.ufpel.edu.br\/nai\/wp-json\/wp\/v2\/media?parent=1496"}],"curies":[{"name":"wp","href":"https:\/\/api.w.org\/{rel}","templated":true}]}}