{"id":1119,"date":"2017-07-19T11:27:21","date_gmt":"2017-07-19T14:27:21","guid":{"rendered":"https:\/\/wp.ufpel.edu.br\/nai\/?page_id=1119"},"modified":"2018-07-10T17:50:14","modified_gmt":"2018-07-10T20:50:14","slug":"curso-de-aperfeicoamento-para-tradutores-e-interpretes-de-libras-da-regiao-sul","status":"publish","type":"page","link":"https:\/\/wp.ufpel.edu.br\/nai\/eventos\/curso-de-aperfeicoamento-para-tradutores-e-interpretes-de-libras-da-regiao-sul\/","title":{"rendered":"Curso de aperfei\u00e7oamento para Tradutores e Int\u00e9rpretes de Libras da Regi\u00e3o Sul"},"content":{"rendered":"<p><a href=\"https:\/\/wp.ufpel.edu.br\/nai\/files\/2017\/07\/CURSO-DE-APERFEI\u00c7OAMENTO-TILS-MOD-III-HOMOLOGADOS-EM-171017.pdf\">Homologados M\u00f3dulo III, acesse aqui<\/a><\/p>\n\n\t\t<style type=\"text\/css\">\n\t\t\t#gallery-1 {\n\t\t\t\tmargin: auto;\n\t\t\t}\n\t\t\t#gallery-1 .gallery-item {\n\t\t\t\tfloat: left;\n\t\t\t\tmargin-top: 10px;\n\t\t\t\ttext-align: center;\n\t\t\t\twidth: 33%;\n\t\t\t}\n\t\t\t#gallery-1 img {\n\t\t\t\tborder: 2px solid #cfcfcf;\n\t\t\t}\n\t\t\t#gallery-1 .gallery-caption {\n\t\t\t\tmargin-left: 0;\n\t\t\t}\n\t\t\t\/* see gallery_shortcode() in wp-includes\/media.php *\/\n\t\t<\/style>\n\t\t<div data-carousel-extra='{&quot;blog_id&quot;:184,&quot;permalink&quot;:&quot;https:\/\/wp.ufpel.edu.br\/nai\/eventos\/curso-de-aperfeicoamento-para-tradutores-e-interpretes-de-libras-da-regiao-sul\/&quot;}' id='gallery-1' class='gallery galleryid-1119 gallery-columns-3 gallery-size-medium'><dl class='gallery-item'>\n\t\t\t<dt class='gallery-icon landscape'>\n\t\t\t\t<a href='https:\/\/wp.ufpel.edu.br\/nai\/eventos\/curso-de-aperfeicoamento-para-tradutores-e-interpretes-de-libras-da-regiao-sul\/img_20170805_100612390_hdr\/'><img width=\"400\" height=\"225\" src=\"https:\/\/wp.ufpel.edu.br\/nai\/files\/2017\/07\/IMG_20170805_100612390_HDR-400x225.jpg\" class=\"attachment-medium size-medium\" alt=\"\" aria-describedby=\"gallery-1-1452\" srcset=\"https:\/\/wp.ufpel.edu.br\/nai\/files\/2017\/07\/IMG_20170805_100612390_HDR-400x225.jpg 400w, https:\/\/wp.ufpel.edu.br\/nai\/files\/2017\/07\/IMG_20170805_100612390_HDR-768x432.jpg 768w, https:\/\/wp.ufpel.edu.br\/nai\/files\/2017\/07\/IMG_20170805_100612390_HDR-1024x576.jpg 1024w\" sizes=\"(max-width: 400px) 100vw, 400px\" data-attachment-id=\"1452\" data-permalink=\"https:\/\/wp.ufpel.edu.br\/nai\/eventos\/curso-de-aperfeicoamento-para-tradutores-e-interpretes-de-libras-da-regiao-sul\/img_20170805_100612390_hdr\/\" data-orig-file=\"https:\/\/wp.ufpel.edu.br\/nai\/files\/2017\/07\/IMG_20170805_100612390_HDR.jpg\" data-orig-size=\"5248,2952\" data-comments-opened=\"0\" data-image-meta=\"{&quot;aperture&quot;:&quot;2&quot;,&quot;credit&quot;:&quot;&quot;,&quot;camera&quot;:&quot;XT1225&quot;,&quot;caption&quot;:&quot;&quot;,&quot;created_timestamp&quot;:&quot;1039348800&quot;,&quot;copyright&quot;:&quot;&quot;,&quot;focal_length&quot;:&quot;4.8&quot;,&quot;iso&quot;:&quot;80&quot;,&quot;shutter_speed&quot;:&quot;0.02499&quot;,&quot;title&quot;:&quot;&quot;,&quot;orientation&quot;:&quot;0&quot;}\" data-image-title=\"IMG_20170805_100612390_HDR\" data-image-description=\"\" data-image-caption=\"&lt;p&gt;INTERVALO&lt;\/p&gt;\n\" data-medium-file=\"https:\/\/wp.ufpel.edu.br\/nai\/files\/2017\/07\/IMG_20170805_100612390_HDR-400x225.jpg\" data-large-file=\"https:\/\/wp.ufpel.edu.br\/nai\/files\/2017\/07\/IMG_20170805_100612390_HDR-1024x576.jpg\" \/><\/a>\n\t\t\t<\/dt>\n\t\t\t\t<dd class='wp-caption-text gallery-caption' id='gallery-1-1452'>\n\t\t\t\tINTERVALO\n\t\t\t\t<\/dd><\/dl><dl class='gallery-item'>\n\t\t\t<dt class='gallery-icon landscape'>\n\t\t\t\t<a href='https:\/\/wp.ufpel.edu.br\/nai\/eventos\/curso-de-aperfeicoamento-para-tradutores-e-interpretes-de-libras-da-regiao-sul\/img_20170806_140238983\/'><img width=\"400\" height=\"225\" src=\"https:\/\/wp.ufpel.edu.br\/nai\/files\/2017\/07\/IMG_20170806_140238983-400x225.jpg\" class=\"attachment-medium size-medium\" alt=\"\" aria-describedby=\"gallery-1-1454\" srcset=\"https:\/\/wp.ufpel.edu.br\/nai\/files\/2017\/07\/IMG_20170806_140238983-400x225.jpg 400w, https:\/\/wp.ufpel.edu.br\/nai\/files\/2017\/07\/IMG_20170806_140238983-768x432.jpg 768w, https:\/\/wp.ufpel.edu.br\/nai\/files\/2017\/07\/IMG_20170806_140238983-1024x576.jpg 1024w\" sizes=\"(max-width: 400px) 100vw, 400px\" data-attachment-id=\"1454\" data-permalink=\"https:\/\/wp.ufpel.edu.br\/nai\/eventos\/curso-de-aperfeicoamento-para-tradutores-e-interpretes-de-libras-da-regiao-sul\/img_20170806_140238983\/\" data-orig-file=\"https:\/\/wp.ufpel.edu.br\/nai\/files\/2017\/07\/IMG_20170806_140238983.jpg\" data-orig-size=\"5248,2952\" data-comments-opened=\"0\" data-image-meta=\"{&quot;aperture&quot;:&quot;2&quot;,&quot;credit&quot;:&quot;&quot;,&quot;camera&quot;:&quot;XT1225&quot;,&quot;caption&quot;:&quot;&quot;,&quot;created_timestamp&quot;:&quot;1039348800&quot;,&quot;copyright&quot;:&quot;&quot;,&quot;focal_length&quot;:&quot;4.8&quot;,&quot;iso&quot;:&quot;200&quot;,&quot;shutter_speed&quot;:&quot;0.02499&quot;,&quot;title&quot;:&quot;&quot;,&quot;orientation&quot;:&quot;0&quot;}\" data-image-title=\"IMG_20170806_140238983\" data-image-description=\"\" data-image-caption=\"&lt;p&gt;LC E SUA AJUDANTE&lt;\/p&gt;\n\" data-medium-file=\"https:\/\/wp.ufpel.edu.br\/nai\/files\/2017\/07\/IMG_20170806_140238983-400x225.jpg\" data-large-file=\"https:\/\/wp.ufpel.edu.br\/nai\/files\/2017\/07\/IMG_20170806_140238983-1024x576.jpg\" \/><\/a>\n\t\t\t<\/dt>\n\t\t\t\t<dd class='wp-caption-text gallery-caption' id='gallery-1-1454'>\n\t\t\t\tLC E SUA AJUDANTE\n\t\t\t\t<\/dd><\/dl><dl class='gallery-item'>\n\t\t\t<dt class='gallery-icon landscape'>\n\t\t\t\t<a href='https:\/\/wp.ufpel.edu.br\/nai\/eventos\/curso-de-aperfeicoamento-para-tradutores-e-interpretes-de-libras-da-regiao-sul\/img_20170806_172658656\/'><img width=\"400\" height=\"225\" src=\"https:\/\/wp.ufpel.edu.br\/nai\/files\/2017\/07\/IMG_20170806_172658656-400x225.jpg\" class=\"attachment-medium size-medium\" alt=\"\" aria-describedby=\"gallery-1-1455\" srcset=\"https:\/\/wp.ufpel.edu.br\/nai\/files\/2017\/07\/IMG_20170806_172658656-400x225.jpg 400w, https:\/\/wp.ufpel.edu.br\/nai\/files\/2017\/07\/IMG_20170806_172658656-768x432.jpg 768w, https:\/\/wp.ufpel.edu.br\/nai\/files\/2017\/07\/IMG_20170806_172658656-1024x576.jpg 1024w\" sizes=\"(max-width: 400px) 100vw, 400px\" data-attachment-id=\"1455\" data-permalink=\"https:\/\/wp.ufpel.edu.br\/nai\/eventos\/curso-de-aperfeicoamento-para-tradutores-e-interpretes-de-libras-da-regiao-sul\/img_20170806_172658656\/\" data-orig-file=\"https:\/\/wp.ufpel.edu.br\/nai\/files\/2017\/07\/IMG_20170806_172658656.jpg\" data-orig-size=\"5248,2952\" data-comments-opened=\"0\" data-image-meta=\"{&quot;aperture&quot;:&quot;2&quot;,&quot;credit&quot;:&quot;&quot;,&quot;camera&quot;:&quot;XT1225&quot;,&quot;caption&quot;:&quot;&quot;,&quot;created_timestamp&quot;:&quot;1039348800&quot;,&quot;copyright&quot;:&quot;&quot;,&quot;focal_length&quot;:&quot;4.8&quot;,&quot;iso&quot;:&quot;500&quot;,&quot;shutter_speed&quot;:&quot;0.03333&quot;,&quot;title&quot;:&quot;&quot;,&quot;orientation&quot;:&quot;0&quot;}\" data-image-title=\"IMG_20170806_172658656\" data-image-description=\"\" data-image-caption=\"&lt;p&gt;TILS UFPEL&lt;\/p&gt;\n\" data-medium-file=\"https:\/\/wp.ufpel.edu.br\/nai\/files\/2017\/07\/IMG_20170806_172658656-400x225.jpg\" data-large-file=\"https:\/\/wp.ufpel.edu.br\/nai\/files\/2017\/07\/IMG_20170806_172658656-1024x576.jpg\" \/><\/a>\n\t\t\t<\/dt>\n\t\t\t\t<dd class='wp-caption-text gallery-caption' id='gallery-1-1455'>\n\t\t\t\tTILS UFPEL\n\t\t\t\t<\/dd><\/dl><br style=\"clear: both\" \/><dl class='gallery-item'>\n\t\t\t<dt class='gallery-icon landscape'>\n\t\t\t\t<a href='https:\/\/wp.ufpel.edu.br\/nai\/eventos\/curso-de-aperfeicoamento-para-tradutores-e-interpretes-de-libras-da-regiao-sul\/img_20170805_161859093\/'><img width=\"400\" height=\"89\" src=\"https:\/\/wp.ufpel.edu.br\/nai\/files\/2017\/07\/IMG_20170805_161859093-400x89.jpg\" class=\"attachment-medium size-medium\" alt=\"\" aria-describedby=\"gallery-1-1453\" srcset=\"https:\/\/wp.ufpel.edu.br\/nai\/files\/2017\/07\/IMG_20170805_161859093-400x89.jpg 400w, https:\/\/wp.ufpel.edu.br\/nai\/files\/2017\/07\/IMG_20170805_161859093-768x170.jpg 768w, https:\/\/wp.ufpel.edu.br\/nai\/files\/2017\/07\/IMG_20170805_161859093-1024x227.jpg 1024w\" sizes=\"(max-width: 400px) 100vw, 400px\" data-attachment-id=\"1453\" data-permalink=\"https:\/\/wp.ufpel.edu.br\/nai\/eventos\/curso-de-aperfeicoamento-para-tradutores-e-interpretes-de-libras-da-regiao-sul\/img_20170805_161859093\/\" data-orig-file=\"https:\/\/wp.ufpel.edu.br\/nai\/files\/2017\/07\/IMG_20170805_161859093.jpg\" data-orig-size=\"3072,680\" data-comments-opened=\"0\" data-image-meta=\"{&quot;aperture&quot;:&quot;0&quot;,&quot;credit&quot;:&quot;&quot;,&quot;camera&quot;:&quot;&quot;,&quot;caption&quot;:&quot;&quot;,&quot;created_timestamp&quot;:&quot;0&quot;,&quot;copyright&quot;:&quot;&quot;,&quot;focal_length&quot;:&quot;0&quot;,&quot;iso&quot;:&quot;0&quot;,&quot;shutter_speed&quot;:&quot;0&quot;,&quot;title&quot;:&quot;&quot;,&quot;orientation&quot;:&quot;0&quot;}\" data-image-title=\"IMG_20170805_161859093\" data-image-description=\"\" data-image-caption=\"&lt;p&gt;ATEN\u00c7\u00c3O TOTAL&lt;\/p&gt;\n\" data-medium-file=\"https:\/\/wp.ufpel.edu.br\/nai\/files\/2017\/07\/IMG_20170805_161859093-400x89.jpg\" data-large-file=\"https:\/\/wp.ufpel.edu.br\/nai\/files\/2017\/07\/IMG_20170805_161859093-1024x227.jpg\" \/><\/a>\n\t\t\t<\/dt>\n\t\t\t\t<dd class='wp-caption-text gallery-caption' id='gallery-1-1453'>\n\t\t\t\tATEN\u00c7\u00c3O TOTAL\n\t\t\t\t<\/dd><\/dl><dl class='gallery-item'>\n\t\t\t<dt class='gallery-icon portrait'>\n\t\t\t\t<a href='https:\/\/wp.ufpel.edu.br\/nai\/eventos\/curso-de-aperfeicoamento-para-tradutores-e-interpretes-de-libras-da-regiao-sul\/img_20170805_104250454\/'><img width=\"225\" height=\"400\" src=\"https:\/\/wp.ufpel.edu.br\/nai\/files\/2017\/07\/IMG_20170805_104250454-225x400.jpg\" class=\"attachment-medium size-medium\" alt=\"\" aria-describedby=\"gallery-1-1457\" srcset=\"https:\/\/wp.ufpel.edu.br\/nai\/files\/2017\/07\/IMG_20170805_104250454-225x400.jpg 225w, https:\/\/wp.ufpel.edu.br\/nai\/files\/2017\/07\/IMG_20170805_104250454-768x1365.jpg 768w, https:\/\/wp.ufpel.edu.br\/nai\/files\/2017\/07\/IMG_20170805_104250454-576x1024.jpg 576w\" sizes=\"(max-width: 225px) 100vw, 225px\" data-attachment-id=\"1457\" data-permalink=\"https:\/\/wp.ufpel.edu.br\/nai\/eventos\/curso-de-aperfeicoamento-para-tradutores-e-interpretes-de-libras-da-regiao-sul\/img_20170805_104250454\/\" data-orig-file=\"https:\/\/wp.ufpel.edu.br\/nai\/files\/2017\/07\/IMG_20170805_104250454.jpg\" data-orig-size=\"2211,3931\" data-comments-opened=\"0\" data-image-meta=\"{&quot;aperture&quot;:&quot;2&quot;,&quot;credit&quot;:&quot;&quot;,&quot;camera&quot;:&quot;XT1225&quot;,&quot;caption&quot;:&quot;&quot;,&quot;created_timestamp&quot;:&quot;1039348800&quot;,&quot;copyright&quot;:&quot;&quot;,&quot;focal_length&quot;:&quot;4.8&quot;,&quot;iso&quot;:&quot;320&quot;,&quot;shutter_speed&quot;:&quot;0.02499&quot;,&quot;title&quot;:&quot;&quot;,&quot;orientation&quot;:&quot;1&quot;}\" data-image-title=\"IMG_20170805_104250454\" data-image-description=\"\" data-image-caption=\"&lt;p&gt;CRACHAS&lt;\/p&gt;\n\" data-medium-file=\"https:\/\/wp.ufpel.edu.br\/nai\/files\/2017\/07\/IMG_20170805_104250454-225x400.jpg\" data-large-file=\"https:\/\/wp.ufpel.edu.br\/nai\/files\/2017\/07\/IMG_20170805_104250454-576x1024.jpg\" \/><\/a>\n\t\t\t<\/dt>\n\t\t\t\t<dd class='wp-caption-text gallery-caption' id='gallery-1-1457'>\n\t\t\t\tCRACHAS\n\t\t\t\t<\/dd><\/dl><dl class='gallery-item'>\n\t\t\t<dt class='gallery-icon landscape'>\n\t\t\t\t<a href='https:\/\/wp.ufpel.edu.br\/nai\/eventos\/curso-de-aperfeicoamento-para-tradutores-e-interpretes-de-libras-da-regiao-sul\/img_20170806_075905574\/'><img width=\"400\" height=\"225\" src=\"https:\/\/wp.ufpel.edu.br\/nai\/files\/2017\/07\/IMG_20170806_075905574-400x225.jpg\" class=\"attachment-medium size-medium\" alt=\"\" aria-describedby=\"gallery-1-1463\" srcset=\"https:\/\/wp.ufpel.edu.br\/nai\/files\/2017\/07\/IMG_20170806_075905574-400x225.jpg 400w, https:\/\/wp.ufpel.edu.br\/nai\/files\/2017\/07\/IMG_20170806_075905574-768x432.jpg 768w, https:\/\/wp.ufpel.edu.br\/nai\/files\/2017\/07\/IMG_20170806_075905574-1024x576.jpg 1024w\" sizes=\"(max-width: 400px) 100vw, 400px\" data-attachment-id=\"1463\" data-permalink=\"https:\/\/wp.ufpel.edu.br\/nai\/eventos\/curso-de-aperfeicoamento-para-tradutores-e-interpretes-de-libras-da-regiao-sul\/img_20170806_075905574\/\" data-orig-file=\"https:\/\/wp.ufpel.edu.br\/nai\/files\/2017\/07\/IMG_20170806_075905574.jpg\" data-orig-size=\"5248,2952\" data-comments-opened=\"0\" data-image-meta=\"{&quot;aperture&quot;:&quot;2&quot;,&quot;credit&quot;:&quot;&quot;,&quot;camera&quot;:&quot;XT1225&quot;,&quot;caption&quot;:&quot;&quot;,&quot;created_timestamp&quot;:&quot;1039348800&quot;,&quot;copyright&quot;:&quot;&quot;,&quot;focal_length&quot;:&quot;4.8&quot;,&quot;iso&quot;:&quot;80&quot;,&quot;shutter_speed&quot;:&quot;0.02499&quot;,&quot;title&quot;:&quot;&quot;,&quot;orientation&quot;:&quot;0&quot;}\" data-image-title=\"IMG_20170806_075905574\" data-image-description=\"\" data-image-caption=\"&lt;p&gt;As CRIAN\u00c7AS TAMB\u00c9M PARTICIPAM&lt;\/p&gt;\n\" data-medium-file=\"https:\/\/wp.ufpel.edu.br\/nai\/files\/2017\/07\/IMG_20170806_075905574-400x225.jpg\" data-large-file=\"https:\/\/wp.ufpel.edu.br\/nai\/files\/2017\/07\/IMG_20170806_075905574-1024x576.jpg\" \/><\/a>\n\t\t\t<\/dt>\n\t\t\t\t<dd class='wp-caption-text gallery-caption' id='gallery-1-1463'>\n\t\t\t\tAs CRIAN\u00c7AS TAMB\u00c9M PARTICIPAM\n\t\t\t\t<\/dd><\/dl><br style=\"clear: both\" \/><dl class='gallery-item'>\n\t\t\t<dt class='gallery-icon landscape'>\n\t\t\t\t<a href='https:\/\/wp.ufpel.edu.br\/nai\/eventos\/curso-de-aperfeicoamento-para-tradutores-e-interpretes-de-libras-da-regiao-sul\/img_20170805_084240052_hdr\/'><img width=\"400\" height=\"225\" src=\"https:\/\/wp.ufpel.edu.br\/nai\/files\/2017\/07\/IMG_20170805_084240052_HDR-400x225.jpg\" class=\"attachment-medium size-medium\" alt=\"\" aria-describedby=\"gallery-1-1462\" srcset=\"https:\/\/wp.ufpel.edu.br\/nai\/files\/2017\/07\/IMG_20170805_084240052_HDR-400x225.jpg 400w, https:\/\/wp.ufpel.edu.br\/nai\/files\/2017\/07\/IMG_20170805_084240052_HDR-768x432.jpg 768w, https:\/\/wp.ufpel.edu.br\/nai\/files\/2017\/07\/IMG_20170805_084240052_HDR-1024x576.jpg 1024w\" sizes=\"(max-width: 400px) 100vw, 400px\" data-attachment-id=\"1462\" data-permalink=\"https:\/\/wp.ufpel.edu.br\/nai\/eventos\/curso-de-aperfeicoamento-para-tradutores-e-interpretes-de-libras-da-regiao-sul\/img_20170805_084240052_hdr\/\" data-orig-file=\"https:\/\/wp.ufpel.edu.br\/nai\/files\/2017\/07\/IMG_20170805_084240052_HDR.jpg\" data-orig-size=\"5248,2952\" data-comments-opened=\"0\" data-image-meta=\"{&quot;aperture&quot;:&quot;2&quot;,&quot;credit&quot;:&quot;&quot;,&quot;camera&quot;:&quot;XT1225&quot;,&quot;caption&quot;:&quot;&quot;,&quot;created_timestamp&quot;:&quot;1039348800&quot;,&quot;copyright&quot;:&quot;&quot;,&quot;focal_length&quot;:&quot;4.8&quot;,&quot;iso&quot;:&quot;200&quot;,&quot;shutter_speed&quot;:&quot;0.02499&quot;,&quot;title&quot;:&quot;&quot;,&quot;orientation&quot;:&quot;0&quot;}\" data-image-title=\"IMG_20170805_084240052_HDR\" data-image-description=\"\" data-image-caption=\"&lt;p&gt;TILS ENVOLVIDOS&lt;\/p&gt;\n\" data-medium-file=\"https:\/\/wp.ufpel.edu.br\/nai\/files\/2017\/07\/IMG_20170805_084240052_HDR-400x225.jpg\" data-large-file=\"https:\/\/wp.ufpel.edu.br\/nai\/files\/2017\/07\/IMG_20170805_084240052_HDR-1024x576.jpg\" \/><\/a>\n\t\t\t<\/dt>\n\t\t\t\t<dd class='wp-caption-text gallery-caption' id='gallery-1-1462'>\n\t\t\t\tTILS ENVOLVIDOS\n\t\t\t\t<\/dd><\/dl><dl class='gallery-item'>\n\t\t\t<dt class='gallery-icon landscape'>\n\t\t\t\t<a href='https:\/\/wp.ufpel.edu.br\/nai\/eventos\/curso-de-aperfeicoamento-para-tradutores-e-interpretes-de-libras-da-regiao-sul\/img_20170804_195234285\/'><img width=\"400\" height=\"225\" src=\"https:\/\/wp.ufpel.edu.br\/nai\/files\/2017\/07\/IMG_20170804_195234285-400x225.jpg\" class=\"attachment-medium size-medium\" alt=\"\" aria-describedby=\"gallery-1-1461\" srcset=\"https:\/\/wp.ufpel.edu.br\/nai\/files\/2017\/07\/IMG_20170804_195234285-400x225.jpg 400w, https:\/\/wp.ufpel.edu.br\/nai\/files\/2017\/07\/IMG_20170804_195234285-768x432.jpg 768w, https:\/\/wp.ufpel.edu.br\/nai\/files\/2017\/07\/IMG_20170804_195234285-1024x576.jpg 1024w\" sizes=\"(max-width: 400px) 100vw, 400px\" data-attachment-id=\"1461\" data-permalink=\"https:\/\/wp.ufpel.edu.br\/nai\/eventos\/curso-de-aperfeicoamento-para-tradutores-e-interpretes-de-libras-da-regiao-sul\/img_20170804_195234285\/\" data-orig-file=\"https:\/\/wp.ufpel.edu.br\/nai\/files\/2017\/07\/IMG_20170804_195234285.jpg\" data-orig-size=\"5248,2952\" data-comments-opened=\"0\" data-image-meta=\"{&quot;aperture&quot;:&quot;2&quot;,&quot;credit&quot;:&quot;&quot;,&quot;camera&quot;:&quot;XT1225&quot;,&quot;caption&quot;:&quot;&quot;,&quot;created_timestamp&quot;:&quot;1039348800&quot;,&quot;copyright&quot;:&quot;&quot;,&quot;focal_length&quot;:&quot;4.8&quot;,&quot;iso&quot;:&quot;125&quot;,&quot;shutter_speed&quot;:&quot;0.02499&quot;,&quot;title&quot;:&quot;&quot;,&quot;orientation&quot;:&quot;0&quot;}\" data-image-title=\"IMG_20170804_195234285\" data-image-description=\"\" data-image-caption=\"&lt;p&gt;CASA CHEIA&lt;\/p&gt;\n\" data-medium-file=\"https:\/\/wp.ufpel.edu.br\/nai\/files\/2017\/07\/IMG_20170804_195234285-400x225.jpg\" data-large-file=\"https:\/\/wp.ufpel.edu.br\/nai\/files\/2017\/07\/IMG_20170804_195234285-1024x576.jpg\" \/><\/a>\n\t\t\t<\/dt>\n\t\t\t\t<dd class='wp-caption-text gallery-caption' id='gallery-1-1461'>\n\t\t\t\tCASA CHEIA\n\t\t\t\t<\/dd><\/dl><dl class='gallery-item'>\n\t\t\t<dt class='gallery-icon landscape'>\n\t\t\t\t<a href='https:\/\/wp.ufpel.edu.br\/nai\/eventos\/curso-de-aperfeicoamento-para-tradutores-e-interpretes-de-libras-da-regiao-sul\/img_20170804_192709019_hdr\/'><img width=\"400\" height=\"225\" src=\"https:\/\/wp.ufpel.edu.br\/nai\/files\/2017\/07\/IMG_20170804_192709019_HDR-400x225.jpg\" class=\"attachment-medium size-medium\" alt=\"\" aria-describedby=\"gallery-1-1460\" srcset=\"https:\/\/wp.ufpel.edu.br\/nai\/files\/2017\/07\/IMG_20170804_192709019_HDR-400x225.jpg 400w, https:\/\/wp.ufpel.edu.br\/nai\/files\/2017\/07\/IMG_20170804_192709019_HDR-768x432.jpg 768w, https:\/\/wp.ufpel.edu.br\/nai\/files\/2017\/07\/IMG_20170804_192709019_HDR-1024x576.jpg 1024w\" sizes=\"(max-width: 400px) 100vw, 400px\" data-attachment-id=\"1460\" data-permalink=\"https:\/\/wp.ufpel.edu.br\/nai\/eventos\/curso-de-aperfeicoamento-para-tradutores-e-interpretes-de-libras-da-regiao-sul\/img_20170804_192709019_hdr\/\" data-orig-file=\"https:\/\/wp.ufpel.edu.br\/nai\/files\/2017\/07\/IMG_20170804_192709019_HDR.jpg\" data-orig-size=\"5248,2952\" data-comments-opened=\"0\" data-image-meta=\"{&quot;aperture&quot;:&quot;2&quot;,&quot;credit&quot;:&quot;&quot;,&quot;camera&quot;:&quot;XT1225&quot;,&quot;caption&quot;:&quot;&quot;,&quot;created_timestamp&quot;:&quot;1039348800&quot;,&quot;copyright&quot;:&quot;&quot;,&quot;focal_length&quot;:&quot;4.8&quot;,&quot;iso&quot;:&quot;500&quot;,&quot;shutter_speed&quot;:&quot;0.04999&quot;,&quot;title&quot;:&quot;&quot;,&quot;orientation&quot;:&quot;0&quot;}\" data-image-title=\"IMG_20170804_192709019_HDR\" data-image-description=\"\" data-image-caption=\"&lt;p&gt;O PALESTRANTE QUE C\u00ca RESPEITTA&lt;\/p&gt;\n\" data-medium-file=\"https:\/\/wp.ufpel.edu.br\/nai\/files\/2017\/07\/IMG_20170804_192709019_HDR-400x225.jpg\" data-large-file=\"https:\/\/wp.ufpel.edu.br\/nai\/files\/2017\/07\/IMG_20170804_192709019_HDR-1024x576.jpg\" \/><\/a>\n\t\t\t<\/dt>\n\t\t\t\t<dd class='wp-caption-text gallery-caption' id='gallery-1-1460'>\n\t\t\t\tO PALESTRANTE QUE C\u00ca RESPEITTA\n\t\t\t\t<\/dd><\/dl><br style=\"clear: both\" \/><dl class='gallery-item'>\n\t\t\t<dt class='gallery-icon landscape'>\n\t\t\t\t<a href='https:\/\/wp.ufpel.edu.br\/nai\/eventos\/curso-de-aperfeicoamento-para-tradutores-e-interpretes-de-libras-da-regiao-sul\/img_20170804_191932424\/'><img width=\"400\" height=\"117\" src=\"https:\/\/wp.ufpel.edu.br\/nai\/files\/2017\/07\/IMG_20170804_191932424-400x117.jpg\" class=\"attachment-medium size-medium\" alt=\"\" aria-describedby=\"gallery-1-1459\" srcset=\"https:\/\/wp.ufpel.edu.br\/nai\/files\/2017\/07\/IMG_20170804_191932424-400x117.jpg 400w, https:\/\/wp.ufpel.edu.br\/nai\/files\/2017\/07\/IMG_20170804_191932424-768x224.jpg 768w, https:\/\/wp.ufpel.edu.br\/nai\/files\/2017\/07\/IMG_20170804_191932424-1024x299.jpg 1024w\" sizes=\"(max-width: 400px) 100vw, 400px\" data-attachment-id=\"1459\" data-permalink=\"https:\/\/wp.ufpel.edu.br\/nai\/eventos\/curso-de-aperfeicoamento-para-tradutores-e-interpretes-de-libras-da-regiao-sul\/img_20170804_191932424\/\" data-orig-file=\"https:\/\/wp.ufpel.edu.br\/nai\/files\/2017\/07\/IMG_20170804_191932424.jpg\" data-orig-size=\"2272,664\" data-comments-opened=\"0\" data-image-meta=\"{&quot;aperture&quot;:&quot;0&quot;,&quot;credit&quot;:&quot;&quot;,&quot;camera&quot;:&quot;&quot;,&quot;caption&quot;:&quot;&quot;,&quot;created_timestamp&quot;:&quot;0&quot;,&quot;copyright&quot;:&quot;&quot;,&quot;focal_length&quot;:&quot;0&quot;,&quot;iso&quot;:&quot;0&quot;,&quot;shutter_speed&quot;:&quot;0&quot;,&quot;title&quot;:&quot;&quot;,&quot;orientation&quot;:&quot;0&quot;}\" data-image-title=\"IMG_20170804_191932424\" data-image-description=\"\" data-image-caption=\"&lt;p&gt;O PANORAMA DE SEXTA A NOITE&lt;\/p&gt;\n\" data-medium-file=\"https:\/\/wp.ufpel.edu.br\/nai\/files\/2017\/07\/IMG_20170804_191932424-400x117.jpg\" data-large-file=\"https:\/\/wp.ufpel.edu.br\/nai\/files\/2017\/07\/IMG_20170804_191932424-1024x299.jpg\" \/><\/a>\n\t\t\t<\/dt>\n\t\t\t\t<dd class='wp-caption-text gallery-caption' id='gallery-1-1459'>\n\t\t\t\tO PANORAMA DE SEXTA A NOITE\n\t\t\t\t<\/dd><\/dl><dl class='gallery-item'>\n\t\t\t<dt class='gallery-icon landscape'>\n\t\t\t\t<a href='https:\/\/wp.ufpel.edu.br\/nai\/eventos\/curso-de-aperfeicoamento-para-tradutores-e-interpretes-de-libras-da-regiao-sul\/selfao-fim-modulo-1\/'><img width=\"400\" height=\"300\" src=\"https:\/\/wp.ufpel.edu.br\/nai\/files\/2017\/07\/selfao-fim-modulo-1-400x300.jpg\" class=\"attachment-medium size-medium\" alt=\"\" aria-describedby=\"gallery-1-1466\" srcset=\"https:\/\/wp.ufpel.edu.br\/nai\/files\/2017\/07\/selfao-fim-modulo-1-400x300.jpg 400w, https:\/\/wp.ufpel.edu.br\/nai\/files\/2017\/07\/selfao-fim-modulo-1-768x576.jpg 768w, https:\/\/wp.ufpel.edu.br\/nai\/files\/2017\/07\/selfao-fim-modulo-1-1024x768.jpg 1024w, https:\/\/wp.ufpel.edu.br\/nai\/files\/2017\/07\/selfao-fim-modulo-1.jpg 1440w\" sizes=\"(max-width: 400px) 100vw, 400px\" data-attachment-id=\"1466\" data-permalink=\"https:\/\/wp.ufpel.edu.br\/nai\/eventos\/curso-de-aperfeicoamento-para-tradutores-e-interpretes-de-libras-da-regiao-sul\/selfao-fim-modulo-1\/\" data-orig-file=\"https:\/\/wp.ufpel.edu.br\/nai\/files\/2017\/07\/selfao-fim-modulo-1.jpg\" data-orig-size=\"1440,1080\" data-comments-opened=\"0\" data-image-meta=\"{&quot;aperture&quot;:&quot;0&quot;,&quot;credit&quot;:&quot;&quot;,&quot;camera&quot;:&quot;&quot;,&quot;caption&quot;:&quot;&quot;,&quot;created_timestamp&quot;:&quot;0&quot;,&quot;copyright&quot;:&quot;&quot;,&quot;focal_length&quot;:&quot;0&quot;,&quot;iso&quot;:&quot;0&quot;,&quot;shutter_speed&quot;:&quot;0&quot;,&quot;title&quot;:&quot;&quot;,&quot;orientation&quot;:&quot;0&quot;}\" data-image-title=\"selfao fim modulo 1\" data-image-description=\"\" data-image-caption=\"&lt;p&gt;Finalizando o I M\u00f3dulo do Curso de Aperfei\u00e7oamento Tils Ufpel&lt;\/p&gt;\n\" data-medium-file=\"https:\/\/wp.ufpel.edu.br\/nai\/files\/2017\/07\/selfao-fim-modulo-1-400x300.jpg\" data-large-file=\"https:\/\/wp.ufpel.edu.br\/nai\/files\/2017\/07\/selfao-fim-modulo-1-1024x768.jpg\" \/><\/a>\n\t\t\t<\/dt>\n\t\t\t\t<dd class='wp-caption-text gallery-caption' id='gallery-1-1466'>\n\t\t\t\tFinalizando o I M\u00f3dulo do Curso de Aperfei\u00e7oamento Tils Ufpel\n\t\t\t\t<\/dd><\/dl>\n\t\t\t<br style='clear: both' \/>\n\t\t<\/div>\n\n\n\t\t<style type=\"text\/css\">\n\t\t\t#gallery-2 {\n\t\t\t\tmargin: auto;\n\t\t\t}\n\t\t\t#gallery-2 .gallery-item {\n\t\t\t\tfloat: left;\n\t\t\t\tmargin-top: 10px;\n\t\t\t\ttext-align: center;\n\t\t\t\twidth: 50%;\n\t\t\t}\n\t\t\t#gallery-2 img {\n\t\t\t\tborder: 2px solid #cfcfcf;\n\t\t\t}\n\t\t\t#gallery-2 .gallery-caption {\n\t\t\t\tmargin-left: 0;\n\t\t\t}\n\t\t\t\/* see gallery_shortcode() in wp-includes\/media.php *\/\n\t\t<\/style>\n\t\t<div data-carousel-extra='{&quot;blog_id&quot;:184,&quot;permalink&quot;:&quot;https:\/\/wp.ufpel.edu.br\/nai\/eventos\/curso-de-aperfeicoamento-para-tradutores-e-interpretes-de-libras-da-regiao-sul\/&quot;}' id='gallery-2' class='gallery galleryid-1119 gallery-columns-2 gallery-size-large'><dl class='gallery-item'>\n\t\t\t<dt class='gallery-icon landscape'>\n\t\t\t\t<a href='https:\/\/wp.ufpel.edu.br\/nai\/files\/2017\/07\/IMG_20170715_115007745.jpg'><img width=\"1024\" height=\"768\" src=\"https:\/\/wp.ufpel.edu.br\/nai\/files\/2017\/07\/IMG_20170715_115007745-1024x768.jpg\" class=\"attachment-large size-large\" alt=\"\" aria-describedby=\"gallery-2-1123\" srcset=\"https:\/\/wp.ufpel.edu.br\/nai\/files\/2017\/07\/IMG_20170715_115007745-1024x768.jpg 1024w, https:\/\/wp.ufpel.edu.br\/nai\/files\/2017\/07\/IMG_20170715_115007745-400x300.jpg 400w, https:\/\/wp.ufpel.edu.br\/nai\/files\/2017\/07\/IMG_20170715_115007745-768x576.jpg 768w\" sizes=\"(max-width: 1024px) 100vw, 1024px\" data-attachment-id=\"1123\" data-permalink=\"https:\/\/wp.ufpel.edu.br\/nai\/eventos\/curso-de-aperfeicoamento-para-tradutores-e-interpretes-de-libras-da-regiao-sul\/img_20170715_115007745\/\" data-orig-file=\"https:\/\/wp.ufpel.edu.br\/nai\/files\/2017\/07\/IMG_20170715_115007745.jpg\" data-orig-size=\"2592,1944\" data-comments-opened=\"0\" data-image-meta=\"{&quot;aperture&quot;:&quot;2.2&quot;,&quot;credit&quot;:&quot;&quot;,&quot;camera&quot;:&quot;Moto G Play&quot;,&quot;caption&quot;:&quot;&quot;,&quot;created_timestamp&quot;:&quot;1500119407&quot;,&quot;copyright&quot;:&quot;&quot;,&quot;focal_length&quot;:&quot;3.2&quot;,&quot;iso&quot;:&quot;500&quot;,&quot;shutter_speed&quot;:&quot;0.03333&quot;,&quot;title&quot;:&quot;&quot;,&quot;orientation&quot;:&quot;0&quot;}\" data-image-title=\"evento_tils 1\" data-image-description=\"&lt;p&gt;selfie tirada pela Angela apos a palestra da Cristiane Terra&lt;\/p&gt;\n\" data-image-caption=\"&lt;p&gt;Selfie p\u00f3s palestra cris&lt;\/p&gt;\n\" data-medium-file=\"https:\/\/wp.ufpel.edu.br\/nai\/files\/2017\/07\/IMG_20170715_115007745-400x300.jpg\" data-large-file=\"https:\/\/wp.ufpel.edu.br\/nai\/files\/2017\/07\/IMG_20170715_115007745-1024x768.jpg\" \/><\/a>\n\t\t\t<\/dt>\n\t\t\t\t<dd class='wp-caption-text gallery-caption' id='gallery-2-1123'>\n\t\t\t\tSelfie p\u00f3s palestra cris\n\t\t\t\t<\/dd><\/dl><dl class='gallery-item'>\n\t\t\t<dt class='gallery-icon landscape'>\n\t\t\t\t<a href='https:\/\/wp.ufpel.edu.br\/nai\/files\/2017\/07\/4-1.jpg'><img width=\"1024\" height=\"768\" src=\"https:\/\/wp.ufpel.edu.br\/nai\/files\/2017\/07\/4-1-1024x768.jpg\" class=\"attachment-large size-large\" alt=\"\" srcset=\"https:\/\/wp.ufpel.edu.br\/nai\/files\/2017\/07\/4-1-1024x768.jpg 1024w, https:\/\/wp.ufpel.edu.br\/nai\/files\/2017\/07\/4-1-400x300.jpg 400w, https:\/\/wp.ufpel.edu.br\/nai\/files\/2017\/07\/4-1-768x576.jpg 768w, https:\/\/wp.ufpel.edu.br\/nai\/files\/2017\/07\/4-1.jpg 1280w\" sizes=\"(max-width: 1024px) 100vw, 1024px\" data-attachment-id=\"1193\" data-permalink=\"https:\/\/wp.ufpel.edu.br\/nai\/eventos\/curso-de-aperfeicoamento-para-tradutores-e-interpretes-de-libras-da-regiao-sul\/4-2\/\" data-orig-file=\"https:\/\/wp.ufpel.edu.br\/nai\/files\/2017\/07\/4-1.jpg\" data-orig-size=\"1280,960\" data-comments-opened=\"0\" data-image-meta=\"{&quot;aperture&quot;:&quot;0&quot;,&quot;credit&quot;:&quot;&quot;,&quot;camera&quot;:&quot;&quot;,&quot;caption&quot;:&quot;&quot;,&quot;created_timestamp&quot;:&quot;0&quot;,&quot;copyright&quot;:&quot;&quot;,&quot;focal_length&quot;:&quot;0&quot;,&quot;iso&quot;:&quot;0&quot;,&quot;shutter_speed&quot;:&quot;0&quot;,&quot;title&quot;:&quot;&quot;,&quot;orientation&quot;:&quot;0&quot;}\" data-image-title=\"4\" data-image-description=\"\" data-image-caption=\"\" data-medium-file=\"https:\/\/wp.ufpel.edu.br\/nai\/files\/2017\/07\/4-1-400x300.jpg\" data-large-file=\"https:\/\/wp.ufpel.edu.br\/nai\/files\/2017\/07\/4-1-1024x768.jpg\" \/><\/a>\n\t\t\t<\/dt><\/dl><br style=\"clear: both\" \/><dl class='gallery-item'>\n\t\t\t<dt class='gallery-icon landscape'>\n\t\t\t\t<a href='https:\/\/wp.ufpel.edu.br\/nai\/files\/2017\/07\/5-1.jpg'><img width=\"1024\" height=\"768\" src=\"https:\/\/wp.ufpel.edu.br\/nai\/files\/2017\/07\/5-1-1024x768.jpg\" class=\"attachment-large size-large\" alt=\"\" srcset=\"https:\/\/wp.ufpel.edu.br\/nai\/files\/2017\/07\/5-1-1024x768.jpg 1024w, https:\/\/wp.ufpel.edu.br\/nai\/files\/2017\/07\/5-1-400x300.jpg 400w, https:\/\/wp.ufpel.edu.br\/nai\/files\/2017\/07\/5-1-768x576.jpg 768w, https:\/\/wp.ufpel.edu.br\/nai\/files\/2017\/07\/5-1.jpg 1280w\" sizes=\"(max-width: 1024px) 100vw, 1024px\" data-attachment-id=\"1194\" data-permalink=\"https:\/\/wp.ufpel.edu.br\/nai\/eventos\/curso-de-aperfeicoamento-para-tradutores-e-interpretes-de-libras-da-regiao-sul\/5-2\/\" data-orig-file=\"https:\/\/wp.ufpel.edu.br\/nai\/files\/2017\/07\/5-1.jpg\" data-orig-size=\"1280,960\" data-comments-opened=\"0\" data-image-meta=\"{&quot;aperture&quot;:&quot;0&quot;,&quot;credit&quot;:&quot;&quot;,&quot;camera&quot;:&quot;&quot;,&quot;caption&quot;:&quot;&quot;,&quot;created_timestamp&quot;:&quot;0&quot;,&quot;copyright&quot;:&quot;&quot;,&quot;focal_length&quot;:&quot;0&quot;,&quot;iso&quot;:&quot;0&quot;,&quot;shutter_speed&quot;:&quot;0&quot;,&quot;title&quot;:&quot;&quot;,&quot;orientation&quot;:&quot;0&quot;}\" data-image-title=\"5\" data-image-description=\"\" data-image-caption=\"\" data-medium-file=\"https:\/\/wp.ufpel.edu.br\/nai\/files\/2017\/07\/5-1-400x300.jpg\" data-large-file=\"https:\/\/wp.ufpel.edu.br\/nai\/files\/2017\/07\/5-1-1024x768.jpg\" \/><\/a>\n\t\t\t<\/dt><\/dl><dl class='gallery-item'>\n\t\t\t<dt class='gallery-icon landscape'>\n\t\t\t\t<a href='https:\/\/wp.ufpel.edu.br\/nai\/files\/2017\/07\/6-1.jpg'><img width=\"1024\" height=\"768\" src=\"https:\/\/wp.ufpel.edu.br\/nai\/files\/2017\/07\/6-1-1024x768.jpg\" class=\"attachment-large size-large\" alt=\"\" srcset=\"https:\/\/wp.ufpel.edu.br\/nai\/files\/2017\/07\/6-1-1024x768.jpg 1024w, https:\/\/wp.ufpel.edu.br\/nai\/files\/2017\/07\/6-1-400x300.jpg 400w, https:\/\/wp.ufpel.edu.br\/nai\/files\/2017\/07\/6-1-768x576.jpg 768w, https:\/\/wp.ufpel.edu.br\/nai\/files\/2017\/07\/6-1.jpg 1280w\" sizes=\"(max-width: 1024px) 100vw, 1024px\" data-attachment-id=\"1195\" data-permalink=\"https:\/\/wp.ufpel.edu.br\/nai\/eventos\/curso-de-aperfeicoamento-para-tradutores-e-interpretes-de-libras-da-regiao-sul\/6-2\/\" data-orig-file=\"https:\/\/wp.ufpel.edu.br\/nai\/files\/2017\/07\/6-1.jpg\" data-orig-size=\"1280,960\" data-comments-opened=\"0\" data-image-meta=\"{&quot;aperture&quot;:&quot;0&quot;,&quot;credit&quot;:&quot;&quot;,&quot;camera&quot;:&quot;&quot;,&quot;caption&quot;:&quot;&quot;,&quot;created_timestamp&quot;:&quot;0&quot;,&quot;copyright&quot;:&quot;&quot;,&quot;focal_length&quot;:&quot;0&quot;,&quot;iso&quot;:&quot;0&quot;,&quot;shutter_speed&quot;:&quot;0&quot;,&quot;title&quot;:&quot;&quot;,&quot;orientation&quot;:&quot;0&quot;}\" data-image-title=\"6\" data-image-description=\"\" data-image-caption=\"\" data-medium-file=\"https:\/\/wp.ufpel.edu.br\/nai\/files\/2017\/07\/6-1-400x300.jpg\" data-large-file=\"https:\/\/wp.ufpel.edu.br\/nai\/files\/2017\/07\/6-1-1024x768.jpg\" \/><\/a>\n\t\t\t<\/dt><\/dl><br style=\"clear: both\" \/><dl class='gallery-item'>\n\t\t\t<dt class='gallery-icon landscape'>\n\t\t\t\t<a href='https:\/\/wp.ufpel.edu.br\/nai\/files\/2017\/07\/\u00edndicee-1.jpg'><img width=\"1024\" height=\"768\" src=\"https:\/\/wp.ufpel.edu.br\/nai\/files\/2017\/07\/\u00edndicee-1-1024x768.jpg\" class=\"attachment-large size-large\" alt=\"\" srcset=\"https:\/\/wp.ufpel.edu.br\/nai\/files\/2017\/07\/\u00edndicee-1-1024x768.jpg 1024w, https:\/\/wp.ufpel.edu.br\/nai\/files\/2017\/07\/\u00edndicee-1-400x300.jpg 400w, https:\/\/wp.ufpel.edu.br\/nai\/files\/2017\/07\/\u00edndicee-1-768x576.jpg 768w, https:\/\/wp.ufpel.edu.br\/nai\/files\/2017\/07\/\u00edndicee-1.jpg 1280w\" sizes=\"(max-width: 1024px) 100vw, 1024px\" data-attachment-id=\"1197\" data-permalink=\"https:\/\/wp.ufpel.edu.br\/nai\/eventos\/curso-de-aperfeicoamento-para-tradutores-e-interpretes-de-libras-da-regiao-sul\/indicee-2\/\" data-orig-file=\"https:\/\/wp.ufpel.edu.br\/nai\/files\/2017\/07\/\u00edndicee-1.jpg\" data-orig-size=\"1280,960\" data-comments-opened=\"0\" data-image-meta=\"{&quot;aperture&quot;:&quot;0&quot;,&quot;credit&quot;:&quot;&quot;,&quot;camera&quot;:&quot;&quot;,&quot;caption&quot;:&quot;&quot;,&quot;created_timestamp&quot;:&quot;0&quot;,&quot;copyright&quot;:&quot;&quot;,&quot;focal_length&quot;:&quot;0&quot;,&quot;iso&quot;:&quot;0&quot;,&quot;shutter_speed&quot;:&quot;0&quot;,&quot;title&quot;:&quot;&quot;,&quot;orientation&quot;:&quot;0&quot;}\" data-image-title=\"\u00edndicee\" data-image-description=\"\" data-image-caption=\"\" data-medium-file=\"https:\/\/wp.ufpel.edu.br\/nai\/files\/2017\/07\/\u00edndicee-1-400x300.jpg\" data-large-file=\"https:\/\/wp.ufpel.edu.br\/nai\/files\/2017\/07\/\u00edndicee-1-1024x768.jpg\" \/><\/a>\n\t\t\t<\/dt><\/dl><dl class='gallery-item'>\n\t\t\t<dt class='gallery-icon portrait'>\n\t\t\t\t<a href='https:\/\/wp.ufpel.edu.br\/nai\/files\/2017\/07\/mesa-1.jpg'><img width=\"768\" height=\"1024\" src=\"https:\/\/wp.ufpel.edu.br\/nai\/files\/2017\/07\/mesa-1-768x1024.jpg\" class=\"attachment-large size-large\" alt=\"\" srcset=\"https:\/\/wp.ufpel.edu.br\/nai\/files\/2017\/07\/mesa-1-768x1024.jpg 768w, https:\/\/wp.ufpel.edu.br\/nai\/files\/2017\/07\/mesa-1-300x400.jpg 300w, https:\/\/wp.ufpel.edu.br\/nai\/files\/2017\/07\/mesa-1.jpg 960w\" sizes=\"(max-width: 768px) 100vw, 768px\" data-attachment-id=\"1198\" data-permalink=\"https:\/\/wp.ufpel.edu.br\/nai\/eventos\/curso-de-aperfeicoamento-para-tradutores-e-interpretes-de-libras-da-regiao-sul\/mesa-2\/\" data-orig-file=\"https:\/\/wp.ufpel.edu.br\/nai\/files\/2017\/07\/mesa-1.jpg\" data-orig-size=\"960,1280\" data-comments-opened=\"0\" data-image-meta=\"{&quot;aperture&quot;:&quot;0&quot;,&quot;credit&quot;:&quot;&quot;,&quot;camera&quot;:&quot;&quot;,&quot;caption&quot;:&quot;&quot;,&quot;created_timestamp&quot;:&quot;0&quot;,&quot;copyright&quot;:&quot;&quot;,&quot;focal_length&quot;:&quot;0&quot;,&quot;iso&quot;:&quot;0&quot;,&quot;shutter_speed&quot;:&quot;0&quot;,&quot;title&quot;:&quot;&quot;,&quot;orientation&quot;:&quot;0&quot;}\" data-image-title=\"mesa\" data-image-description=\"\" data-image-caption=\"\" data-medium-file=\"https:\/\/wp.ufpel.edu.br\/nai\/files\/2017\/07\/mesa-1-300x400.jpg\" data-large-file=\"https:\/\/wp.ufpel.edu.br\/nai\/files\/2017\/07\/mesa-1-768x1024.jpg\" \/><\/a>\n\t\t\t<\/dt><\/dl><br style=\"clear: both\" \/><dl class='gallery-item'>\n\t\t\t<dt class='gallery-icon landscape'>\n\t\t\t\t<a href='https:\/\/wp.ufpel.edu.br\/nai\/files\/2017\/07\/cris-terra-1.jpg'><img width=\"960\" height=\"576\" src=\"https:\/\/wp.ufpel.edu.br\/nai\/files\/2017\/07\/cris-terra-1.jpg\" class=\"attachment-large size-large\" alt=\"\" srcset=\"https:\/\/wp.ufpel.edu.br\/nai\/files\/2017\/07\/cris-terra-1.jpg 960w, https:\/\/wp.ufpel.edu.br\/nai\/files\/2017\/07\/cris-terra-1-400x240.jpg 400w, https:\/\/wp.ufpel.edu.br\/nai\/files\/2017\/07\/cris-terra-1-768x461.jpg 768w\" sizes=\"(max-width: 960px) 100vw, 960px\" data-attachment-id=\"1196\" data-permalink=\"https:\/\/wp.ufpel.edu.br\/nai\/eventos\/curso-de-aperfeicoamento-para-tradutores-e-interpretes-de-libras-da-regiao-sul\/cris-terra-2\/\" data-orig-file=\"https:\/\/wp.ufpel.edu.br\/nai\/files\/2017\/07\/cris-terra-1.jpg\" data-orig-size=\"960,576\" data-comments-opened=\"0\" data-image-meta=\"{&quot;aperture&quot;:&quot;0&quot;,&quot;credit&quot;:&quot;&quot;,&quot;camera&quot;:&quot;&quot;,&quot;caption&quot;:&quot;&quot;,&quot;created_timestamp&quot;:&quot;0&quot;,&quot;copyright&quot;:&quot;&quot;,&quot;focal_length&quot;:&quot;0&quot;,&quot;iso&quot;:&quot;0&quot;,&quot;shutter_speed&quot;:&quot;0&quot;,&quot;title&quot;:&quot;&quot;,&quot;orientation&quot;:&quot;0&quot;}\" data-image-title=\"cris terra\" data-image-description=\"\" data-image-caption=\"\" data-medium-file=\"https:\/\/wp.ufpel.edu.br\/nai\/files\/2017\/07\/cris-terra-1-400x240.jpg\" data-large-file=\"https:\/\/wp.ufpel.edu.br\/nai\/files\/2017\/07\/cris-terra-1.jpg\" \/><\/a>\n\t\t\t<\/dt><\/dl><dl class='gallery-item'>\n\t\t\t<dt class='gallery-icon landscape'>\n\t\t\t\t<a href='https:\/\/wp.ufpel.edu.br\/nai\/files\/2017\/07\/sexta-ciclo-de-palestra-1.jpg'><img width=\"1024\" height=\"283\" src=\"https:\/\/wp.ufpel.edu.br\/nai\/files\/2017\/07\/sexta-ciclo-de-palestra-1-1024x283.jpg\" class=\"attachment-large size-large\" alt=\"\" srcset=\"https:\/\/wp.ufpel.edu.br\/nai\/files\/2017\/07\/sexta-ciclo-de-palestra-1-1024x283.jpg 1024w, https:\/\/wp.ufpel.edu.br\/nai\/files\/2017\/07\/sexta-ciclo-de-palestra-1-400x111.jpg 400w, https:\/\/wp.ufpel.edu.br\/nai\/files\/2017\/07\/sexta-ciclo-de-palestra-1-768x212.jpg 768w, https:\/\/wp.ufpel.edu.br\/nai\/files\/2017\/07\/sexta-ciclo-de-palestra-1.jpg 1280w\" sizes=\"(max-width: 1024px) 100vw, 1024px\" data-attachment-id=\"1199\" data-permalink=\"https:\/\/wp.ufpel.edu.br\/nai\/eventos\/curso-de-aperfeicoamento-para-tradutores-e-interpretes-de-libras-da-regiao-sul\/sexta-ciclo-de-palestra-2\/\" data-orig-file=\"https:\/\/wp.ufpel.edu.br\/nai\/files\/2017\/07\/sexta-ciclo-de-palestra-1.jpg\" data-orig-size=\"1280,354\" data-comments-opened=\"0\" data-image-meta=\"{&quot;aperture&quot;:&quot;0&quot;,&quot;credit&quot;:&quot;&quot;,&quot;camera&quot;:&quot;&quot;,&quot;caption&quot;:&quot;&quot;,&quot;created_timestamp&quot;:&quot;0&quot;,&quot;copyright&quot;:&quot;&quot;,&quot;focal_length&quot;:&quot;0&quot;,&quot;iso&quot;:&quot;0&quot;,&quot;shutter_speed&quot;:&quot;0&quot;,&quot;title&quot;:&quot;&quot;,&quot;orientation&quot;:&quot;0&quot;}\" data-image-title=\"sexta &amp;#8211; ciclo de palestra\" data-image-description=\"\" data-image-caption=\"\" data-medium-file=\"https:\/\/wp.ufpel.edu.br\/nai\/files\/2017\/07\/sexta-ciclo-de-palestra-1-400x111.jpg\" data-large-file=\"https:\/\/wp.ufpel.edu.br\/nai\/files\/2017\/07\/sexta-ciclo-de-palestra-1-1024x283.jpg\" \/><\/a>\n\t\t\t<\/dt><\/dl><br style=\"clear: both\" \/>\n\t\t<\/div>\n\n","protected":false},"excerpt":{"rendered":"<p>Homologados M\u00f3dulo III, acesse aqui<\/p>\n","protected":false},"author":359,"featured_media":0,"parent":1024,"menu_order":0,"comment_status":"closed","ping_status":"closed","template":"","meta":{"jetpack_post_was_ever_published":false,"footnotes":""},"class_list":["post-1119","page","type-page","status-publish","hentry"],"jetpack_sharing_enabled":true,"jetpack_shortlink":"https:\/\/wp.me\/P90IOR-i3","_links":{"self":[{"href":"https:\/\/wp.ufpel.edu.br\/nai\/wp-json\/wp\/v2\/pages\/1119","targetHints":{"allow":["GET"]}}],"collection":[{"href":"https:\/\/wp.ufpel.edu.br\/nai\/wp-json\/wp\/v2\/pages"}],"about":[{"href":"https:\/\/wp.ufpel.edu.br\/nai\/wp-json\/wp\/v2\/types\/page"}],"author":[{"embeddable":true,"href":"https:\/\/wp.ufpel.edu.br\/nai\/wp-json\/wp\/v2\/users\/359"}],"replies":[{"embeddable":true,"href":"https:\/\/wp.ufpel.edu.br\/nai\/wp-json\/wp\/v2\/comments?post=1119"}],"version-history":[{"count":14,"href":"https:\/\/wp.ufpel.edu.br\/nai\/wp-json\/wp\/v2\/pages\/1119\/revisions"}],"predecessor-version":[{"id":2650,"href":"https:\/\/wp.ufpel.edu.br\/nai\/wp-json\/wp\/v2\/pages\/1119\/revisions\/2650"}],"up":[{"embeddable":true,"href":"https:\/\/wp.ufpel.edu.br\/nai\/wp-json\/wp\/v2\/pages\/1024"}],"wp:attachment":[{"href":"https:\/\/wp.ufpel.edu.br\/nai\/wp-json\/wp\/v2\/media?parent=1119"}],"curies":[{"name":"wp","href":"https:\/\/api.w.org\/{rel}","templated":true}]}}