{"id":1024,"date":"2017-06-23T11:26:00","date_gmt":"2017-06-23T14:26:00","guid":{"rendered":"https:\/\/wp.ufpel.edu.br\/nai\/?page_id=1024"},"modified":"2018-07-10T17:59:41","modified_gmt":"2018-07-10T20:59:41","slug":"eventos","status":"publish","type":"page","link":"https:\/\/wp.ufpel.edu.br\/nai\/eventos\/","title":{"rendered":"EVENTOS"},"content":{"rendered":"<p style=\"text-align: left\"><span style=\"font-size: 14pt;font-family: verdana, geneva, sans-serif\"><strong>CICLO DE PALESTRAS: TILS e a Educa\u00e7\u00e3o de Surdos<\/strong><\/span><a href=\"https:\/\/wp.ufpel.edu.br\/nai\/eventos\/ciclo-de-palestras-tabela-3\/\" rel=\"attachment wp-att-1235\"><img data-attachment-id=\"1235\" data-permalink=\"https:\/\/wp.ufpel.edu.br\/nai\/eventos\/ciclo-de-palestras-tabela-3\/\" data-orig-file=\"https:\/\/wp.ufpel.edu.br\/nai\/files\/2017\/06\/CICLO-DE-PALESTRAS-TABELA-2.jpg\" data-orig-size=\"1092,757\" data-comments-opened=\"0\" data-image-meta=\"{&quot;aperture&quot;:&quot;0&quot;,&quot;credit&quot;:&quot;&quot;,&quot;camera&quot;:&quot;&quot;,&quot;caption&quot;:&quot;&quot;,&quot;created_timestamp&quot;:&quot;0&quot;,&quot;copyright&quot;:&quot;&quot;,&quot;focal_length&quot;:&quot;0&quot;,&quot;iso&quot;:&quot;0&quot;,&quot;shutter_speed&quot;:&quot;0&quot;,&quot;title&quot;:&quot;&quot;,&quot;orientation&quot;:&quot;0&quot;}\" data-image-title=\"CICLO DE PALESTRAS &amp;#8211; TABELA\" data-image-description=\"\" data-image-caption=\"\" data-medium-file=\"https:\/\/wp.ufpel.edu.br\/nai\/files\/2017\/06\/CICLO-DE-PALESTRAS-TABELA-2-400x277.jpg\" data-large-file=\"https:\/\/wp.ufpel.edu.br\/nai\/files\/2017\/06\/CICLO-DE-PALESTRAS-TABELA-2-1024x710.jpg\" class=\"aligncenter size-full wp-image-1235\" src=\"https:\/\/wp.ufpel.edu.br\/nai\/files\/2017\/06\/CICLO-DE-PALESTRAS-TABELA-2.jpg\" alt=\"\" width=\"1092\" height=\"757\" srcset=\"https:\/\/wp.ufpel.edu.br\/nai\/files\/2017\/06\/CICLO-DE-PALESTRAS-TABELA-2.jpg 1092w, https:\/\/wp.ufpel.edu.br\/nai\/files\/2017\/06\/CICLO-DE-PALESTRAS-TABELA-2-400x277.jpg 400w, https:\/\/wp.ufpel.edu.br\/nai\/files\/2017\/06\/CICLO-DE-PALESTRAS-TABELA-2-768x532.jpg 768w, https:\/\/wp.ufpel.edu.br\/nai\/files\/2017\/06\/CICLO-DE-PALESTRAS-TABELA-2-1024x710.jpg 1024w\" sizes=\"(max-width: 1092px) 100vw, 1092px\" \/><\/a><\/p>\n<hr \/>\n<p style=\"text-align: left\"><a href=\"https:\/\/wp.me\/P90IOR-i3\"><span style=\"font-family: verdana, geneva, sans-serif;font-size: 14pt\"><strong>CURSO DE APERFEI\u00c7OAMENTO DE TRADUTORES INT\u00c9RPRETES DE LIBRAS DA REGI\u00c3O SUL<\/strong><\/span><\/a><\/p>\n<p><span style=\"font-family: verdana, geneva, sans-serif\">OBS.: Curso j\u00e1 realizado<\/span><\/p>\n<p><span style=\"font-family: verdana, geneva, sans-serif\"> Aperfei\u00e7oar os tradutores e interpretes atuantes e aqueles que buscam por espa\u00e7os no mercado de trabalho, qualificando sua forma\u00e7\u00e3o prim\u00e1ria. <\/span><br \/>\n<span style=\"font-family: verdana, geneva, sans-serif\">Os profissionais que temos na regi\u00e3o em sua maioria, realizaram cursos de capacita\u00e7\u00e3o e est\u00e3o atuando sem forma\u00e7\u00e3o continuada, sendo assim para que possamos atender a acessibilidade lingu\u00edstica da comunidade surda, se faz necess\u00e1rio um aperfei\u00e7oamento regular como o apresentado. <\/span><br \/>\n<span style=\"font-family: verdana, geneva, sans-serif\">O curso ser\u00e1 ofertado quinzenalmente, aos s\u00e1bados, em dois turnos, primeiro turno pensado para momentos de palestras e explana\u00e7\u00f5es te\u00f3ricas e segundo turno para pr\u00e1ticas e oficinas. Os encontros ser\u00e3o ministrados em L\u00edngua Brasileira de Sinais, visando atender todos os poss\u00edveis inscritos. Cada encontro ser\u00e1 planejado e ministrado por um instrutor convidado, ou seja, o detalhamento da metodologia ficar\u00e1 a cargo dos mesmo. <\/span><br \/>\n<span style=\"font-family: verdana, geneva, sans-serif\">As metas a serem alcan\u00e7adas est\u00e3o na linha do aperfei\u00e7oamento dos profissionais que atuam nas institui\u00e7\u00f5es envolvidas neste projeto, assim como oferecer estes momentos de forma\u00e7\u00e3o para os demais inscritos, os quais ainda n\u00e3o atuam. Isto se d\u00e1, tendo em vista que a regi\u00e3o oferta cursos de capacita\u00e7\u00e3o para formar estes profissionais, mas ainda carece de acompanhamento. Espera-se que os inscritos sintam-se envolvidos e provocados a aprofundarem-se na \u00e1rea, seja na linha acad\u00eamica ou profissional.<\/span><\/p>\n<p><img data-attachment-id=\"1712\" data-permalink=\"https:\/\/wp.ufpel.edu.br\/nai\/eventos\/modulo-iii\/\" data-orig-file=\"https:\/\/wp.ufpel.edu.br\/nai\/files\/2017\/06\/M\u00d3DULO-III.jpg\" data-orig-size=\"900,638\" data-comments-opened=\"0\" data-image-meta=\"{&quot;aperture&quot;:&quot;0&quot;,&quot;credit&quot;:&quot;&quot;,&quot;camera&quot;:&quot;&quot;,&quot;caption&quot;:&quot;&quot;,&quot;created_timestamp&quot;:&quot;0&quot;,&quot;copyright&quot;:&quot;&quot;,&quot;focal_length&quot;:&quot;0&quot;,&quot;iso&quot;:&quot;0&quot;,&quot;shutter_speed&quot;:&quot;0&quot;,&quot;title&quot;:&quot;&quot;,&quot;orientation&quot;:&quot;0&quot;}\" data-image-title=\"M\u00d3DULO III\" data-image-description=\"\" data-image-caption=\"\" data-medium-file=\"https:\/\/wp.ufpel.edu.br\/nai\/files\/2017\/06\/M\u00d3DULO-III-400x284.jpg\" data-large-file=\"https:\/\/wp.ufpel.edu.br\/nai\/files\/2017\/06\/M\u00d3DULO-III.jpg\" class=\"aligncenter size-full wp-image-1712\" src=\"https:\/\/wp.ufpel.edu.br\/nai\/files\/2017\/06\/M\u00d3DULO-III.jpg\" alt=\"\" width=\"900\" height=\"638\" srcset=\"https:\/\/wp.ufpel.edu.br\/nai\/files\/2017\/06\/M\u00d3DULO-III.jpg 900w, https:\/\/wp.ufpel.edu.br\/nai\/files\/2017\/06\/M\u00d3DULO-III-400x284.jpg 400w, https:\/\/wp.ufpel.edu.br\/nai\/files\/2017\/06\/M\u00d3DULO-III-768x544.jpg 768w\" sizes=\"(max-width: 900px) 100vw, 900px\" \/><\/p>\n<hr \/>\n<p><img data-attachment-id=\"1855\" data-permalink=\"https:\/\/wp.ufpel.edu.br\/nai\/eventos\/sem-titulo-2\/\" data-orig-file=\"https:\/\/wp.ufpel.edu.br\/nai\/files\/2017\/06\/Sem-t\u00edtulo.png\" data-orig-size=\"1037,725\" data-comments-opened=\"0\" data-image-meta=\"{&quot;aperture&quot;:&quot;0&quot;,&quot;credit&quot;:&quot;&quot;,&quot;camera&quot;:&quot;&quot;,&quot;caption&quot;:&quot;&quot;,&quot;created_timestamp&quot;:&quot;0&quot;,&quot;copyright&quot;:&quot;&quot;,&quot;focal_length&quot;:&quot;0&quot;,&quot;iso&quot;:&quot;0&quot;,&quot;shutter_speed&quot;:&quot;0&quot;,&quot;title&quot;:&quot;&quot;,&quot;orientation&quot;:&quot;0&quot;}\" data-image-title=\"sexto_encontro\" data-image-description=\"\" data-image-caption=\"\" data-medium-file=\"https:\/\/wp.ufpel.edu.br\/nai\/files\/2017\/06\/Sem-t\u00edtulo-400x280.png\" data-large-file=\"https:\/\/wp.ufpel.edu.br\/nai\/files\/2017\/06\/Sem-t\u00edtulo-1024x716.png\" class=\"aligncenter wp-image-1855\" src=\"https:\/\/wp.ufpel.edu.br\/nai\/files\/2017\/06\/Sem-t\u00edtulo-400x280.png\" alt=\"\" width=\"556\" height=\"389\" srcset=\"https:\/\/wp.ufpel.edu.br\/nai\/files\/2017\/06\/Sem-t\u00edtulo-400x280.png 400w, https:\/\/wp.ufpel.edu.br\/nai\/files\/2017\/06\/Sem-t\u00edtulo-768x537.png 768w, https:\/\/wp.ufpel.edu.br\/nai\/files\/2017\/06\/Sem-t\u00edtulo-1024x716.png 1024w, https:\/\/wp.ufpel.edu.br\/nai\/files\/2017\/06\/Sem-t\u00edtulo.png 1037w\" sizes=\"(max-width: 556px) 100vw, 556px\" \/><\/p>\n<p><span style=\"font-family: verdana, geneva, sans-serif;font-size: 14pt\"><strong>ESCLARECIMENTO<\/strong><\/span><a href=\"https:\/\/wp.ufpel.edu.br\/nai\/eventos\/o-que-afinal-vai-ter-na-ufpel-esclarecimentos\/\" rel=\"attachment wp-att-1026\"><br \/>\n<!--more--><\/a><\/p>\n<p><span style=\"font-family: verdana, geneva, sans-serif;font-size: 12pt\"><a href=\"https:\/\/drive.google.com\/open?id=0B22giGF4B0f2RDBFdGxkQXZqSU0\">V\u00eddeo de esclarecimento &#8211; Libras<\/a><\/span><\/p>\n","protected":false},"excerpt":{"rendered":"<p>CICLO DE PALESTRAS: TILS e a Educa\u00e7\u00e3o de Surdos CURSO DE APERFEI\u00c7OAMENTO DE TRADUTORES INT\u00c9RPRETES DE LIBRAS DA REGI\u00c3O SUL OBS.: Curso j\u00e1 realizado Aperfei\u00e7oar os tradutores e interpretes atuantes e aqueles que buscam por espa\u00e7os no mercado de trabalho, qualificando sua forma\u00e7\u00e3o prim\u00e1ria. Os profissionais que temos na regi\u00e3o em sua maioria, realizaram cursos [&hellip;]<\/p>\n","protected":false},"author":359,"featured_media":0,"parent":0,"menu_order":0,"comment_status":"closed","ping_status":"closed","template":"","meta":{"jetpack_post_was_ever_published":false,"footnotes":""},"class_list":["post-1024","page","type-page","status-publish","hentry"],"jetpack_sharing_enabled":true,"jetpack_shortlink":"https:\/\/wp.me\/P90IOR-gw","_links":{"self":[{"href":"https:\/\/wp.ufpel.edu.br\/nai\/wp-json\/wp\/v2\/pages\/1024","targetHints":{"allow":["GET"]}}],"collection":[{"href":"https:\/\/wp.ufpel.edu.br\/nai\/wp-json\/wp\/v2\/pages"}],"about":[{"href":"https:\/\/wp.ufpel.edu.br\/nai\/wp-json\/wp\/v2\/types\/page"}],"author":[{"embeddable":true,"href":"https:\/\/wp.ufpel.edu.br\/nai\/wp-json\/wp\/v2\/users\/359"}],"replies":[{"embeddable":true,"href":"https:\/\/wp.ufpel.edu.br\/nai\/wp-json\/wp\/v2\/comments?post=1024"}],"version-history":[{"count":47,"href":"https:\/\/wp.ufpel.edu.br\/nai\/wp-json\/wp\/v2\/pages\/1024\/revisions"}],"predecessor-version":[{"id":2654,"href":"https:\/\/wp.ufpel.edu.br\/nai\/wp-json\/wp\/v2\/pages\/1024\/revisions\/2654"}],"wp:attachment":[{"href":"https:\/\/wp.ufpel.edu.br\/nai\/wp-json\/wp\/v2\/media?parent=1024"}],"curies":[{"name":"wp","href":"https:\/\/api.w.org\/{rel}","templated":true}]}}