{"id":9,"date":"2017-09-19T15:17:42","date_gmt":"2017-09-19T18:17:42","guid":{"rendered":"https:\/\/wp.ufpel.edu.br\/naaf\/?page_id=9"},"modified":"2024-09-06T15:15:58","modified_gmt":"2024-09-06T18:15:58","slug":"sobre","status":"publish","type":"page","link":"https:\/\/wp.ufpel.edu.br\/naaf\/sobre\/","title":{"rendered":"Vida em Pelotas"},"content":{"rendered":"<h1>Bem-vindo a Pelotas!<\/h1>\n<p>Seja muito bem-vindo \u00e0 cidade de Pelotas, um lugar rico em hist\u00f3ria, cultura e com uma atmosfera acolhedora que ser\u00e1 o seu novo lar durante a jornada acad\u00eamica. Situada no sul do Brasil, Pelotas \u00e9 conhecida por seu patrim\u00f4nio arquitet\u00f4nico, suas tradi\u00e7\u00f5es culturais e pela hospitalidade de seus habitantes. Como estudante de turismo, voc\u00ea ter\u00e1 a oportunidade \u00fanica de vivenciar e explorar os in\u00fameros atrativos que a cidade oferece, ao mesmo tempo em que se prepara para uma carreira din\u00e2mica e cheia de possibilidades. Estamos aqui para ajudar a tornar sua adapta\u00e7\u00e3o a mais tranquila e agrad\u00e1vel poss\u00edvel.<\/p>\n<h3>Sobre Pelotas<\/h3>\n<p>Pelotas, fundada em 1812, tem uma rica hist\u00f3ria ligada \u00e0 produ\u00e7\u00e3o de charque, que foi um dos pilares da economia regional no s\u00e9culo XIX. Durante o ciclo do charque, a cidade tornou-se um dos centros mais importantes do sul do Brasil, o que deixou um legado arquitet\u00f4nico significativo, com casar\u00f5es e pr\u00e9dios hist\u00f3ricos que s\u00e3o at\u00e9 hoje um marco do seu passado glorioso. Essa hist\u00f3ria se reflete nas ruas de Pelotas, um verdadeiro tesouro cultural. Entre suas tradi\u00e7\u00f5es mais conhecidas est\u00e1 a Fenadoce, uma festa anual que celebra os doces t\u00edpicos da regi\u00e3o, especialmente o famoso doce de Pelotas. Aqui, voc\u00ea encontrar\u00e1 uma comunidade vibrante, onde as tradi\u00e7\u00f5es s\u00e3o preservadas e as novas ideias s\u00e3o sempre bem-vindas, convidando todos a explorar as ra\u00edzes culturais e a vivenciar a riqueza hist\u00f3rica da cidade.<\/p>\n<h3>Servi\u00e7os Essenciais<\/h3>\n<h4><strong>Sa\u00fade<\/strong><\/h4>\n<ul>\n<li>Hospitais:\n<ul>\n<li>Hospital Escola UFPel: Rua Professor Ara\u00fajo, 538 &#8211; Telefone: (53) 3284-4900.<\/li>\n<li>Pronto-Socorro de Pelotas: Rua Bar\u00e3o de Santa Tecla, 700 &#8211; Telefone: (53) 3284-7500.<\/li>\n<\/ul>\n<\/li>\n<li>UPA Areal\n<ul>\n<li>Temporariamente no Campus da Sa\u00fade Dr. Franklin Oliv\u00e9 Leite da Universidade Cat\u00f3lica de Pelotas. Av. Fernando Os\u00f3rio, 1586 &#8211; Tres Vendas, Pelotas &#8211; RS, 96055-030<\/li>\n<\/ul>\n<\/li>\n<\/ul>\n<p><strong>N\u00fameros de Emerg\u00eancia:<\/strong><\/p>\n<ul>\n<li>Pol\u00edcia Militar (Emerg\u00eancia): 190<\/li>\n<li>Corpo de Bombeiros: 193<\/li>\n<li>SAMU (Servi\u00e7o de Atendimento M\u00f3vel de Urg\u00eancia): 192<\/li>\n<li>Delegacia de Pol\u00edcia: (53) 3222-1222<\/li>\n<\/ul>\n<p><strong>Transporte P\u00fablico:<\/strong><\/p>\n<p>Em Pelotas, a rede rodovi\u00e1ria urbana \u00e9 administrada pelo Cons\u00f3rcio do Transporte Coletivo de Pelotas (CTCP). Para utilizar o servi\u00e7o com desconto de 50% nas passagens urbanas, os estudantes precisam solicitar a confec\u00e7\u00e3o dos cart\u00f5es estudantis. Para chegar ao Campus Anglo, utilize as linhas: BALSA\/CENTRO ou BALSA\/ANGLO. Para solicitar a primeira via do Cart\u00e3o PRATI ESTUDANTE, dirija-se \u00e0 PRATI com uma c\u00f3pia e os originais do RG e CPF, al\u00e9m do atestado de matr\u00edcula atual com a grade curricular e as datas de in\u00edcio e fim do semestre.<\/p>\n<p><strong>Endere\u00e7o:<\/strong> Rua Dr. Miguel Barcellos, 540 &#8211; Centro<\/p>\n<p><strong>Site:<\/strong> <a href=\"https:\/\/www.portalprati.com.br\/pelotas\">https:\/\/www.portalprati.com.br\/pelotas<\/a><\/p>\n<p><strong>APP:<\/strong> <a href=\"https:\/\/www.cittamobi.com.br\/\">https:\/\/www.cittamobi.com.br\/<\/a><\/p>\n<p><strong>Transporte de Apoio UFPel: <\/strong><\/p>\n<p>O Transporte de Apoio da Universidade \u00e9 um servi\u00e7o gratuito destinado a facilitar o deslocamento de alunos e servidores entre os campi. A UFPel conta com as Linhas Possui as Linhas Anglo-RU, Anglo-Medicina, Anglo ESEF, Anglo-Cap\u00e3o e Cap\u00e3o-Palma. Durante o per\u00edodo de emerg\u00eancia em sa\u00fade p\u00fablica, decorrente da pandemia de Covid-19, algumas linhas foram desativadas ou os hor\u00e1rios foram alterados. Atualmente, a linha dispon\u00edvel para o Campus Anglo \u00e9 ANGLO-FAMED (TRANSPORTE DE APOIO \u2014 PELOTAS).<\/p>\n<p>Site: <a href=\"https:\/\/wp.ufpel.edu.br\/transporte\/transporte-apoio\/\">https:\/\/wp.ufpel.edu.br\/transporte\/transporte-apoio\/<\/a>.<\/p>\n<p><strong>Aplicativos de Mobilidade:<\/strong> Uber e 99 est\u00e3o dispon\u00edveis na cidade, al\u00e9m de servi\u00e7os de t\u00e1xi locais.<\/p>\n<h3><strong>Lazer e Entretenimento<\/strong><\/h3>\n<ul>\n<li><strong>Parques e \u00c1reas Verdes: Dicas de parques e pra\u00e7as para atividades ao ar livre<\/strong>.\n<ul>\n<li><strong>Parque e Museu da Baronesa<\/strong>: Um dos parques mais ic\u00f4nicos de Pelotas, ideal para caminhadas, piqueniques e atividades ao ar livre, com amplas \u00e1reas verdes e um belo casar\u00e3o hist\u00f3rico. Situado na Rua Alberto Rosa, 1600.<\/li>\n<li><strong>Pra\u00e7a Coronel Pedro Os\u00f3rio<\/strong>: Localizada no centro da cidade, \u00e9 um ponto de encontro popular, cercada por belas \u00e1rvores, jardins bem cuidados e uma fonte, perfeita para relaxar ou socializar.<\/li>\n<li><strong>Praia do Laranjal<\/strong>: Al\u00e9m da orla, a Praia do Laranjal oferece uma excelente op\u00e7\u00e3o para atividades ao ar livre, como caminhadas \u00e0 beira da lagoa, ciclismo e esportes aqu\u00e1ticos.<\/li>\n<li><strong>Parque Una<\/strong>: Um espa\u00e7o moderno e inovador, o Parque Una \u00e9 um ambiente urbano planejado que integra \u00e1reas verdes, ciclovias e espa\u00e7os de conviv\u00eancia. \u00c9 ideal para atividades ao ar livre, encontros sociais e eventos culturais, oferecendo uma experi\u00eancia diferenciada em Pelotas.<\/li>\n<\/ul>\n<\/li>\n<\/ul>\n<p>&nbsp;<\/p>\n<ul>\n<li><strong>Cinema, Teatro e Museus: Informa\u00e7\u00f5es sobre locais de cultura e lazer na cidade<\/strong>.\n<ul>\n<li><strong>CineArt Pelotas<\/strong>: Um dos principais cinemas da cidade, exibindo filmes atuais em um ambiente confort\u00e1vel.<\/li>\n<li><strong>Cineflix Pelotas<\/strong>: Localizado no Shopping Pelotas, o Cineflix oferece uma programa\u00e7\u00e3o variada de filmes em um ambiente moderno e confort\u00e1vel.<\/li>\n<li><strong>Theatro Sete de Abril<\/strong>: O mais antigo teatro do Rio Grande do Sul, que oferece uma rica programa\u00e7\u00e3o de pe\u00e7as teatrais, concertos e outros eventos culturais. (em obras)<\/li>\n<li><strong>Theatro Guarany:<\/strong> Fundado em 30 de abril de 1921, o Theatro Guarany se mant\u00e9m at\u00e9 hoje como um templo \u00e0 arte e cultura. Situado na R. L\u00f4bo da Costa, 849 &#8211; Centro<\/li>\n<li><strong>Museu Carlos Ritter<\/strong>: Especializado em hist\u00f3ria natural, o museu possui uma vasta cole\u00e7\u00e3o de esp\u00e9cimes taxidermizados, f\u00f3sseis e minerais, sendo um ponto de interesse para os amantes de ci\u00eancia e hist\u00f3ria.<\/li>\n<li><strong>MALG &#8211; Museu de Arte Leopoldo Gotuzzo<\/strong>: O MALG \u00e9 dedicado \u00e0 preserva\u00e7\u00e3o e promo\u00e7\u00e3o da arte, com um acervo significativo de obras de Leopoldo Gotuzzo e exposi\u00e7\u00f5es tempor\u00e1rias de artistas contempor\u00e2neos. Situado na Pra\u00e7a Sete de Julho, 180 &#8211; Centro.<\/li>\n<li><strong>Mercado Central<\/strong>: Constru\u00eddo em 1848 de estilo neocl\u00e1ssico; Em dezembro de 2012 foi novamente inaugurado depois de uma nova revitaliza\u00e7\u00e3o. Situado na Pra\u00e7a Sete de Julho, 179 &#8211; Centro<\/li>\n<\/ul>\n<\/li>\n<\/ul>\n<p>&nbsp;<\/p>\n<p><strong style=\"color: inherit; font-family: inherit; font-size: 24px;\">Bibliotecas e Locais de Estudo<\/strong><\/p>\n<h4><strong>Bibliotecas P\u00fablicas<\/strong><\/h4>\n<ul>\n<li><strong>Biblioteca P\u00fablica de Pelotas<\/strong>\n<ul>\n<li><strong>Endere\u00e7o:<\/strong> Rua General Os\u00f3rio, 758 &#8211; Centro, Pelotas, RS<\/li>\n<li><strong>Descri\u00e7\u00e3o:<\/strong> A Biblioteca P\u00fablica oferece um amplo acervo de livros, peri\u00f3dicos e recursos digitais. \u00c9 um excelente local para estudos individuais e pesquisa, al\u00e9m de contar com atividades culturais e eventos liter\u00e1rios.<\/li>\n<\/ul>\n<\/li>\n<li><strong>Biblioteca Central da UFPel<\/strong>\n<ul>\n<li><strong>Endere\u00e7o:<\/strong> Rua Alberto Rosa, 62 &#8211; Centro, Pelotas, RS<\/li>\n<\/ul>\n<\/li>\n<\/ul>\n<p><strong>Descri\u00e7\u00e3o:<\/strong> Pertencente \u00e0 Universidade Federal de Pelotas, a Biblioteca Central possui um vasto acervo acad\u00eamico e cient\u00edfico, al\u00e9m de espa\u00e7os para estudo em grupo e individual.<\/p>\n","protected":false},"excerpt":{"rendered":"<p>Bem-vindo a Pelotas! Seja muito bem-vindo \u00e0 cidade de Pelotas, um lugar rico em hist\u00f3ria, cultura e com uma atmosfera acolhedora que ser\u00e1 o seu novo lar durante a jornada acad\u00eamica. Situada no sul do Brasil, Pelotas \u00e9 conhecida por seu patrim\u00f4nio arquitet\u00f4nico, suas tradi\u00e7\u00f5es culturais e pela hospitalidade de seus habitantes. Como estudante de &hellip; <\/p>\n<p><a class=\"more-link btn\" href=\"https:\/\/wp.ufpel.edu.br\/naaf\/sobre\/\">Continue lendo<\/a><\/p>\n","protected":false},"author":781,"featured_media":0,"parent":0,"menu_order":1,"comment_status":"closed","ping_status":"closed","template":"","meta":{"jetpack_post_was_ever_published":false,"footnotes":""},"class_list":["post-9","page","type-page","status-publish","hentry","nodate","item-wrap"],"jetpack_sharing_enabled":true,"jetpack_shortlink":"https:\/\/wp.me\/P9uOP6-9","jetpack_likes_enabled":true,"jetpack-related-posts":[{"id":2859,"url":"https:\/\/wp.ufpel.edu.br\/naaf\/eventos\/eventos-2018\/i-semana-academica-africana-de-pelotas-tem-como-tema-a-colonizacao-descolonizacao-africana-e-as-transformacoes-socioeconomicas-e-culturais-no-continente\/","url_meta":{"origin":9,"position":0},"title":"I Semana Acad\u00eamica Africana de Pelotas tem como tema a Coloniza\u00e7\u00e3o\/Descoloniza\u00e7\u00e3o Africana e as transforma\u00e7\u00f5es socioecon\u00f4micas e culturais no continente 24 e 26 de Maio de 2018","author":"nuaad","date":"22\/03\/2022","format":false,"excerpt":"Tr\u00eas dias foram dedicados para este evento, 24 e 25 de Maio, no Audit\u00f3rio do Campus ll \/ICH da UFPel Rua Almirante Barroso 1202 \u00a0 O Nuaad, esteve presente na I semana Africana de Pelotas, que ocorreu dos dias 24 a 26 de Maio, na qual a professora e chefe\u2026","rel":"","context":"Post similar","block_context":{"text":"Post similar","link":""},"img":{"alt_text":"","src":"https:\/\/i0.wp.com\/wp.ufpel.edu.br\/naaf\/files\/2018\/06\/33432942_1476839879088135_2396710000207593472_o.jpg?resize=350%2C200","width":350,"height":200,"srcset":"https:\/\/i0.wp.com\/wp.ufpel.edu.br\/naaf\/files\/2018\/06\/33432942_1476839879088135_2396710000207593472_o.jpg?resize=350%2C200 1x, https:\/\/i0.wp.com\/wp.ufpel.edu.br\/naaf\/files\/2018\/06\/33432942_1476839879088135_2396710000207593472_o.jpg?resize=525%2C300 1.5x, https:\/\/i0.wp.com\/wp.ufpel.edu.br\/naaf\/files\/2018\/06\/33432942_1476839879088135_2396710000207593472_o.jpg?resize=700%2C400 2x, https:\/\/i0.wp.com\/wp.ufpel.edu.br\/naaf\/files\/2018\/06\/33432942_1476839879088135_2396710000207593472_o.jpg?resize=1050%2C600 3x, https:\/\/i0.wp.com\/wp.ufpel.edu.br\/naaf\/files\/2018\/06\/33432942_1476839879088135_2396710000207593472_o.jpg?resize=1400%2C800 4x"},"classes":[]},{"id":2871,"url":"https:\/\/wp.ufpel.edu.br\/naaf\/eventos\/eventos-2018\/ifsul-de-pelotas-inaugura-sala-de-acoes-afirmativas-e-diversidade-12-09-2018\/","url_meta":{"origin":9,"position":1},"title":"IFSUL DE PELOTAS INAUGURA SALA DE A\u00c7\u00d5ES AFIRMATIVAS E DIVERSIDADE 12\/09\/2018","author":"nuaad","date":"22\/03\/2022","format":false,"excerpt":"\u00a0Pelas Acads. Marcela Lima e Isadora Caleiro Aconteceu na tarde de quarta-feira (12 de setembro de 2018), a inaugura\u00e7\u00e3o da Sala dos N\u00facleos de A\u00e7\u00f5es Afirmativas \u00a0do IFSul da cidade Pelotas, na qual foram instalados o NUGED (N\u00facleo de G\u00eanero e Diversidade), NEABI (N\u00facleo de Estudos Afro e Ind\u00edgenas) e\u2026","rel":"","context":"Post similar","block_context":{"text":"Post similar","link":""},"img":{"alt_text":"","src":"","width":0,"height":0},"classes":[]},{"id":2880,"url":"https:\/\/wp.ufpel.edu.br\/naaf\/eventos\/eventos-2018\/x-edicao-do-seconep-2018\/","url_meta":{"origin":9,"position":2},"title":"X Edi\u00e7\u00e3o do SECONEP, 2018. &#8211; 21, 23 e 25 de Novembro de 2018","author":"nuaad","date":"22\/03\/2022","format":false,"excerpt":"Acads. \u00a0Lourivaldo Junior e Marcela Lima O Semin\u00e1rio da Consci\u00eancia Negra de Pelotas - SECONEP - evento organizado e realizado anualmente por estudantes e servidores da UFPel, al\u00e9m da sociedade civil, completa em 2018 seus 10 anos. A import\u00e2ncia de se realizar um evento como este \u00e9 o fato de\u2026","rel":"","context":"Post similar","block_context":{"text":"Post similar","link":""},"img":{"alt_text":"","src":"","width":0,"height":0},"classes":[]},{"id":2873,"url":"https:\/\/wp.ufpel.edu.br\/naaf\/eventos\/eventos-2018\/prefeitura-municipal-e-universidade-federal-de-pelotas-realizam-em-parceria-curso-de-capacitacao-para-comissoes-de-heteroidentificacao-17-de-setembro-2018\/","url_meta":{"origin":9,"position":3},"title":"Prefeitura Municipal e Universidade Federal de Pelotas realizam \u00a0em parceria \u201cCurso de Capacita\u00e7\u00e3o para Comiss\u00f5es de Heteroidentifica\u00e7\u00e3o\u201d &#8211; 17 de Setembro, 2018","author":"nuaad","date":"22\/03\/2022","format":false,"excerpt":"Acads. Marcela Lima e Isadora Caleiro O N\u00facleo de A\u00e7\u00f5es Afirmativas e Diversidade da UFPel, juntamente com a Prefeitura Municipal de Pelotas, realizou, nesta segunda-feira, 17 de setembro, o Curso Intensivo de Capacita\u00e7\u00e3o para Comiss\u00f5es de Heteroidentifica\u00e7\u00e3o, na sala de reuni\u00f5es do COCEPE\/UFPel. A Portaria Normativa n\u00b0 4, emitida pelo\u2026","rel":"","context":"Post similar","block_context":{"text":"Post similar","link":""},"img":{"alt_text":"","src":"","width":0,"height":0},"classes":[]},{"id":2863,"url":"https:\/\/wp.ufpel.edu.br\/naaf\/eventos\/eventos-2018\/nuaad-na-fenadoce-de-pelotas-2018-07-junho\/","url_meta":{"origin":9,"position":4},"title":"NUAAD na Fenadoce de Pelotas\/ 2018 &#8211; 07 Junho","author":"nuaad","date":"22\/03\/2022","format":false,"excerpt":"Evento anual recebeu estande do NUAAD UFPEL No dia 07 de junho, quinta-feira, O NUAAD (N\u00facleo de A\u00e7\u00f5es Afirmativas) compareceu a Fenadoce de Pelotas, evento com foco na gastronomia do doce e na tradi\u00e7\u00e3o doceira de Pelotas, que se realiza desde o ano de 1986 na cidade, organizado pela prefeitura\u2026","rel":"","context":"Post similar","block_context":{"text":"Post similar","link":""},"img":{"alt_text":"","src":"https:\/\/i0.wp.com\/wp.ufpel.edu.br\/naaf\/files\/2018\/06\/3b09937b-6f29-412f-989a-6fe5de36b5d2.jpeg?resize=350%2C200","width":350,"height":200,"srcset":"https:\/\/i0.wp.com\/wp.ufpel.edu.br\/naaf\/files\/2018\/06\/3b09937b-6f29-412f-989a-6fe5de36b5d2.jpeg?resize=350%2C200 1x, https:\/\/i0.wp.com\/wp.ufpel.edu.br\/naaf\/files\/2018\/06\/3b09937b-6f29-412f-989a-6fe5de36b5d2.jpeg?resize=525%2C300 1.5x, https:\/\/i0.wp.com\/wp.ufpel.edu.br\/naaf\/files\/2018\/06\/3b09937b-6f29-412f-989a-6fe5de36b5d2.jpeg?resize=700%2C400 2x"},"classes":[]},{"id":2875,"url":"https:\/\/wp.ufpel.edu.br\/naaf\/eventos\/eventos-2018\/foto-coletiva-dos-negros-e-negras-da-ufpel-20-de-novembro-2018\/","url_meta":{"origin":9,"position":5},"title":"Foto coletiva dos Negros e Negras da UFPel &#8211; 20 de Novembro, 2018","author":"nuaad","date":"22\/03\/2022","format":false,"excerpt":"SIM, REPRESENTATIVIDADE IMPORTA! E ESTAMOS AQUI! E \u00e9 por isso, que n\u00f3s da Universidade Federal de Pelotas, nos espelhamos nos eventos da UFRGS, para mostrar que a UFPEL, tem sim, um grande n\u00famero de alunos negros e que somos resist\u00eancia! Portanto, convidamos docentes, discentes, servidores e terceirizadxs negrxs a se\u2026","rel":"","context":"Post similar","block_context":{"text":"Post similar","link":""},"img":{"alt_text":"","src":"https:\/\/i0.wp.com\/wp.ufpel.edu.br\/naaf\/files\/2018\/12\/FOTO-TWO-NEGROS-20-DE-NOV.jpg?resize=350%2C200","width":350,"height":200,"srcset":"https:\/\/i0.wp.com\/wp.ufpel.edu.br\/naaf\/files\/2018\/12\/FOTO-TWO-NEGROS-20-DE-NOV.jpg?resize=350%2C200 1x, https:\/\/i0.wp.com\/wp.ufpel.edu.br\/naaf\/files\/2018\/12\/FOTO-TWO-NEGROS-20-DE-NOV.jpg?resize=525%2C300 1.5x, https:\/\/i0.wp.com\/wp.ufpel.edu.br\/naaf\/files\/2018\/12\/FOTO-TWO-NEGROS-20-DE-NOV.jpg?resize=700%2C400 2x"},"classes":[]}],"_links":{"self":[{"href":"https:\/\/wp.ufpel.edu.br\/naaf\/wp-json\/wp\/v2\/pages\/9","targetHints":{"allow":["GET"]}}],"collection":[{"href":"https:\/\/wp.ufpel.edu.br\/naaf\/wp-json\/wp\/v2\/pages"}],"about":[{"href":"https:\/\/wp.ufpel.edu.br\/naaf\/wp-json\/wp\/v2\/types\/page"}],"author":[{"embeddable":true,"href":"https:\/\/wp.ufpel.edu.br\/naaf\/wp-json\/wp\/v2\/users\/781"}],"replies":[{"embeddable":true,"href":"https:\/\/wp.ufpel.edu.br\/naaf\/wp-json\/wp\/v2\/comments?post=9"}],"version-history":[{"count":22,"href":"https:\/\/wp.ufpel.edu.br\/naaf\/wp-json\/wp\/v2\/pages\/9\/revisions"}],"predecessor-version":[{"id":4698,"href":"https:\/\/wp.ufpel.edu.br\/naaf\/wp-json\/wp\/v2\/pages\/9\/revisions\/4698"}],"wp:attachment":[{"href":"https:\/\/wp.ufpel.edu.br\/naaf\/wp-json\/wp\/v2\/media?parent=9"}],"curies":[{"name":"wp","href":"https:\/\/api.w.org\/{rel}","templated":true}]}}