{"id":2935,"date":"2022-03-28T11:01:49","date_gmt":"2022-03-28T14:01:49","guid":{"rendered":"https:\/\/wp.ufpel.edu.br\/naaf\/?page_id=2935"},"modified":"2022-04-25T08:14:28","modified_gmt":"2022-04-25T11:14:28","slug":"egressos-indigenas-e-quilombolas","status":"publish","type":"page","link":"https:\/\/wp.ufpel.edu.br\/naaf\/egressos-indigenas-e-quilombolas\/","title":{"rendered":"Egressos Ind\u00edgenas e Quilombolas"},"content":{"rendered":"<p style=\"text-align: justify;\">A presen\u00e7a das cotas \u00e9tnicas-sociais e dos Processos Seletivos Espec\u00edficos (PSE) para ind\u00edgenas e quilombolas \u00e9 de fundamental import\u00e2ncia para se pensar uma sociedade minimamente mais justa e que promova alguma oportunidade de ascens\u00e3o para esses povos. Por\u00e9m, mesmo ap\u00f3s o ingresso, a perman\u00eancia desses estudantes \u00e9 desafiadora. Devido a diversos fatores hist\u00f3rico-sociais que promovem a marginaliza\u00e7\u00e3o desses grupos, \u00e9 comum que cheguem \u00e0 universidade sem a necess\u00e1ria estrutura, seja material ou psicol\u00f3gica, para uma vida docente plena; al\u00e9m de demais diferen\u00e7as culturais que, se a universidade n\u00e3o tiver um plano de inclus\u00e3o eficiente, tendem a dificultar o processo de adapta\u00e7\u00e3o desses alunos.<\/p>\n<p style=\"text-align: justify;\">Todos esses pontos nos s\u00e3o relevantes para questionar os pap\u00e9is que as universidades p\u00fablicas t\u00eam em sociedade, principalmente:<strong> para quem \u00e9 a universidade?<\/strong><\/p>\n<p style=\"text-align: justify;\">Se enxergamos as universidades p\u00fablicas enquanto espa\u00e7os de inclus\u00e3o, as taxas de evas\u00e3o universit\u00e1ria entre dissentes ind\u00edgenas e quilombolas serem as maiores e, no entanto, n\u00e3o haver planos que as enfrentam nos revelam posicionamentos importantes. Se almejamos uma universidade verdadeiramente acolhedora, \u00e9 fundamental que dialoguemos com esses grupos para que pensemos estrat\u00e9gias de perman\u00eancia.<\/p>\n<p style=\"text-align: justify;\">Dados os fatos, \u00e9 importante, portanto, comemorarmos as conquistas e o sucesso de nossos discentes ind\u00edgenas, quilombolas e negros e negras cotistas. Assim, o NUAAD registra e guarda, aqui, o nome dos egressos ind\u00edgenas e quilombolas em forma de agradecimento, de valoriza\u00e7\u00e3o dessas trajet\u00f3rias e de incentivo para aqueles que est\u00e3o chegando ou est\u00e3o no meio de seus cursos: sim, \u00e9 poss\u00edvel entrar em uma universidade e conclu\u00ed-la; que essa lista siga aumentando e que possamos, cada vez mais, construir uma universidade que seja de fato universal.<\/p>\n<table style=\"height: 264px;\">\n<tbody>\n<tr style=\"height: 15px;\">\n<td style=\"height: 15px; text-align: center;\" width=\"170\"><strong>Egresso<\/strong><\/td>\n<td style=\"height: 15px;\" width=\"133\">\n<p style=\"text-align: center;\"><strong>Curso<\/strong><\/p>\n<\/td>\n<td style=\"height: 15px; text-align: center;\" width=\"142\"><strong>Grupo \u00c9tnico<\/strong><\/td>\n<td style=\"height: 15px; text-align: center;\" width=\"118\"><strong>Ano de conclus\u00e3o<\/strong><\/td>\n<\/tr>\n<tr style=\"height: 45px;\">\n<td style=\"height: 45px; text-align: center;\" width=\"170\">Leonardo Christian Tux\u00e1<\/td>\n<td style=\"height: 45px; text-align: center;\" width=\"133\">Medicina<\/td>\n<td style=\"height: 45px; text-align: center;\" width=\"142\">Ind\u00edgena<\/td>\n<td style=\"height: 45px; text-align: center;\" width=\"118\">2021\/2<\/td>\n<\/tr>\n<tr style=\"height: 61px;\">\n<td style=\"height: 61px; text-align: center;\" width=\"170\">D\u00e1kny dos Santos Machado<\/td>\n<td style=\"height: 61px; text-align: center;\" width=\"133\">Enfermagem<\/td>\n<td style=\"height: 61px; text-align: center;\" width=\"142\">Quilombola<\/td>\n<td style=\"height: 61px; text-align: center;\" width=\"118\">2021\/2<\/td>\n<\/tr>\n<tr style=\"height: 61px;\">\n<td style=\"height: 61px; text-align: center;\" width=\"170\">Marcos Jardel Matias Soares<\/td>\n<td style=\"height: 61px; text-align: center;\" width=\"133\">Agronomia<\/td>\n<td style=\"height: 61px; text-align: center;\" width=\"142\">Quilombola<\/td>\n<td style=\"height: 61px; text-align: center;\" width=\"118\">2021\/2<\/td>\n<\/tr>\n<tr style=\"height: 61px;\">\n<td style=\"height: 61px; text-align: center;\" width=\"170\">Nara Beatriz Matias Soares<\/td>\n<td style=\"height: 61px; text-align: center;\" width=\"133\">Direito<\/td>\n<td style=\"height: 61px; text-align: center;\" width=\"142\">Quilombola<\/td>\n<td style=\"height: 61px; text-align: center;\" width=\"118\">2021\/2<\/td>\n<\/tr>\n<tr style=\"height: 21px;\">\n<td style=\"height: 21px; text-align: center;\" width=\"170\">Daniel Miranda Lopes de Souza<\/td>\n<td style=\"height: 21px; text-align: center;\" width=\"133\">Medicina<\/td>\n<td style=\"height: 21px; text-align: center;\" width=\"142\">Quilombola<\/td>\n<td style=\"height: 21px; text-align: center;\" width=\"118\">2021\/1<\/td>\n<\/tr>\n<\/tbody>\n<\/table>\n<p><\/p>\n","protected":false},"excerpt":{"rendered":"<p>A presen\u00e7a das cotas \u00e9tnicas-sociais e dos Processos Seletivos Espec\u00edficos (PSE) para ind\u00edgenas e quilombolas \u00e9 de fundamental import\u00e2ncia para se pensar uma sociedade minimamente mais justa e que promova alguma oportunidade de ascens\u00e3o para esses povos. Por\u00e9m, mesmo ap\u00f3s o ingresso, a perman\u00eancia desses estudantes \u00e9 desafiadora. Devido a diversos fatores hist\u00f3rico-sociais que promovem &hellip; <\/p>\n<p><a class=\"more-link btn\" href=\"https:\/\/wp.ufpel.edu.br\/naaf\/egressos-indigenas-e-quilombolas\/\">Continue lendo<\/a><\/p>\n","protected":false},"author":1133,"featured_media":0,"parent":0,"menu_order":0,"comment_status":"closed","ping_status":"closed","template":"","meta":{"jetpack_post_was_ever_published":false,"footnotes":""},"class_list":["post-2935","page","type-page","status-publish","hentry","nodate","item-wrap"],"jetpack_sharing_enabled":true,"jetpack_shortlink":"https:\/\/wp.me\/P9uOP6-Ll","jetpack_likes_enabled":true,"jetpack-related-posts":[{"id":195,"url":"https:\/\/wp.ufpel.edu.br\/naaf\/politicas\/indigenas-e-quilombolas\/","url_meta":{"origin":2935,"position":0},"title":"Processo Seletivo Espec\u00edfico para Ind\u00edgenas e Quilombolas","author":"naaf","date":"27\/10\/2017","format":false,"excerpt":"Sobre as pol\u00edticas de acesso para estudantes Ind\u00edgenas e Quilombolas A\u00a0Resolu\u00e7\u00e3o n\u00ba 15\/2015, aprovada pelo Conselho Coordenador do Ensino, da Pesquisa e da Extens\u00e3o da UFPel (COCEPE), criou dez vagas espec\u00edficas, destinadas a estudantes provenientes de comunidades ind\u00edgenas e quilombolas. Os estudantes ind\u00edgenas est\u00e3o amparados tamb\u00e9m pela Lei n\u00ba 12.711\/12,\u2026","rel":"","context":"Post similar","block_context":{"text":"Post similar","link":""},"img":{"alt_text":"","src":"","width":0,"height":0},"classes":[]},{"id":73,"url":"https:\/\/wp.ufpel.edu.br\/naaf\/analisedaspoliticas\/","url_meta":{"origin":2935,"position":1},"title":"Notas","author":"naaf","date":"19\/09\/2017","format":false,"excerpt":"Manifesto dos estudantes Ind\u00edgenas e Quilombolas da UFPel Em resposta \u00e0s dificuldades impostas pela pandemia de coronav\u00edrus e \u00e0s pr\u00f3prias limita\u00e7\u00f5es que encontram em suas trajet\u00f3rias acad\u00eamicas, os discentes Ind\u00edgenas e Quilombolas da UFPel elaboraram e divulgaram o documento \u201cManifesto dos Estudantes Ind\u00edgenas e Quilombolas\u201d. Neste Manifesto, esses estudantes exp\u00f5em\u2026","rel":"","context":"Post similar","block_context":{"text":"Post similar","link":""},"img":{"alt_text":"","src":"","width":0,"height":0},"classes":[]},{"id":2873,"url":"https:\/\/wp.ufpel.edu.br\/naaf\/eventos\/eventos-2018\/prefeitura-municipal-e-universidade-federal-de-pelotas-realizam-em-parceria-curso-de-capacitacao-para-comissoes-de-heteroidentificacao-17-de-setembro-2018\/","url_meta":{"origin":2935,"position":2},"title":"Prefeitura Municipal e Universidade Federal de Pelotas realizam \u00a0em parceria \u201cCurso de Capacita\u00e7\u00e3o para Comiss\u00f5es de Heteroidentifica\u00e7\u00e3o\u201d &#8211; 17 de Setembro, 2018","author":"nuaad","date":"22\/03\/2022","format":false,"excerpt":"Acads. Marcela Lima e Isadora Caleiro O N\u00facleo de A\u00e7\u00f5es Afirmativas e Diversidade da UFPel, juntamente com a Prefeitura Municipal de Pelotas, realizou, nesta segunda-feira, 17 de setembro, o Curso Intensivo de Capacita\u00e7\u00e3o para Comiss\u00f5es de Heteroidentifica\u00e7\u00e3o, na sala de reuni\u00f5es do COCEPE\/UFPel. A Portaria Normativa n\u00b0 4, emitida pelo\u2026","rel":"","context":"Post similar","block_context":{"text":"Post similar","link":""},"img":{"alt_text":"","src":"","width":0,"height":0},"classes":[]},{"id":61,"url":"https:\/\/wp.ufpel.edu.br\/naaf\/politicas\/","url_meta":{"origin":2935,"position":3},"title":"Pol\u00edticas de A\u00e7\u00f5es Afirmativas da UFPel","author":"naaf","date":"19\/09\/2017","format":false,"excerpt":"Sobre pol\u00edticas de a\u00e7\u00f5es afirmativas Ap\u00f3s um longo per\u00edodo de lutas dos movimentos sociais e implementa\u00e7\u00e3o de pol\u00edticas de n\u00edvel estadual e aut\u00f4nomas em algumas institui\u00e7\u00f5es, as pol\u00edticas de a\u00e7\u00f5es afirmativas nas Institui\u00e7\u00f5es Federais de Ensino Superior (IFES) foram aprovadas em n\u00edvel federal pela Lei 12.711\/12. Esta lei ficou conhecida\u2026","rel":"","context":"Post similar","block_context":{"text":"Post similar","link":""},"img":{"alt_text":"","src":"","width":0,"height":0},"classes":[]},{"id":2854,"url":"https:\/\/wp.ufpel.edu.br\/naaf\/eventos\/eventos-2018\/oficina-de-promocao-da-igualdade-racial-e-enfrentamento-ao-racismo-2018-18-de-maio\/","url_meta":{"origin":2935,"position":4},"title":"Oficina de Promo\u00e7\u00e3o da Igualdade Racial e Enfrentamento ao Racismo\/ 2018 &#8211; 18 de Maio","author":"nuaad","date":"22\/03\/2022","format":false,"excerpt":"Comiss\u00e3o Especial que analisa a veracidade do componente \u00e9tnico-racial dos candidatos que se autodeclaram negros nos processos seletivos ou em concursos p\u00fablicos para provimentos de cargos na Universidade Federal de Pelotas, em conjunto com a Coordena\u00e7\u00e3o de Inclus\u00e3o e Diversidade promoveu na \u00faltima sexta-feira, dia 18 de maio, oficina denominada\u2026","rel":"","context":"Post similar","block_context":{"text":"Post similar","link":""},"img":{"alt_text":"","src":"https:\/\/i0.wp.com\/wp.ufpel.edu.br\/naaf\/files\/2018\/06\/Design-sem-nome.png?resize=350%2C200","width":350,"height":200,"srcset":"https:\/\/i0.wp.com\/wp.ufpel.edu.br\/naaf\/files\/2018\/06\/Design-sem-nome.png?resize=350%2C200 1x, https:\/\/i0.wp.com\/wp.ufpel.edu.br\/naaf\/files\/2018\/06\/Design-sem-nome.png?resize=525%2C300 1.5x, https:\/\/i0.wp.com\/wp.ufpel.edu.br\/naaf\/files\/2018\/06\/Design-sem-nome.png?resize=700%2C400 2x, https:\/\/i0.wp.com\/wp.ufpel.edu.br\/naaf\/files\/2018\/06\/Design-sem-nome.png?resize=1050%2C600 3x"},"classes":[]},{"id":2861,"url":"https:\/\/wp.ufpel.edu.br\/naaf\/eventos\/eventos-2018\/nuaad-na-radiocom-a-importancia-das-cotas-como-instrumento-de-reparacao-social-na-historica-2018-26-de-maio\/","url_meta":{"origin":2935,"position":5},"title":"NUAAD na R\u00e1diocom, a Import\u00e2ncia das Cotas como Instrumento de Repara\u00e7\u00e3o Social na Hist\u00f3rica\/ 2018 &#8211; 26 de Maio","author":"nuaad","date":"22\/03\/2022","format":false,"excerpt":"O programa apresentado por Felipe Souza, no dia 26\/05, na R\u00e1dioCom , contou com a significativa participa\u00e7\u00e3o das entrevistadas Beatriz Helena Mendes da Silva, Bacharel em Antropologia pela UFPEL e Rosemar Gomes Lemos, Professora Associada da UFPEL, Chefe do N\u00facleo de A\u00e7\u00f5es Afirmativas e Diversidade (NUAAD) ambas contribu\u00edram com as\u2026","rel":"","context":"Post similar","block_context":{"text":"Post similar","link":""},"img":{"alt_text":"","src":"https:\/\/i0.wp.com\/wp.ufpel.edu.br\/naaf\/files\/2018\/06\/32242c2b-6d13-4b62-a03a-cad70444a8b2.jpeg?resize=350%2C200","width":350,"height":200,"srcset":"https:\/\/i0.wp.com\/wp.ufpel.edu.br\/naaf\/files\/2018\/06\/32242c2b-6d13-4b62-a03a-cad70444a8b2.jpeg?resize=350%2C200 1x, https:\/\/i0.wp.com\/wp.ufpel.edu.br\/naaf\/files\/2018\/06\/32242c2b-6d13-4b62-a03a-cad70444a8b2.jpeg?resize=525%2C300 1.5x, https:\/\/i0.wp.com\/wp.ufpel.edu.br\/naaf\/files\/2018\/06\/32242c2b-6d13-4b62-a03a-cad70444a8b2.jpeg?resize=700%2C400 2x"},"classes":[]}],"_links":{"self":[{"href":"https:\/\/wp.ufpel.edu.br\/naaf\/wp-json\/wp\/v2\/pages\/2935","targetHints":{"allow":["GET"]}}],"collection":[{"href":"https:\/\/wp.ufpel.edu.br\/naaf\/wp-json\/wp\/v2\/pages"}],"about":[{"href":"https:\/\/wp.ufpel.edu.br\/naaf\/wp-json\/wp\/v2\/types\/page"}],"author":[{"embeddable":true,"href":"https:\/\/wp.ufpel.edu.br\/naaf\/wp-json\/wp\/v2\/users\/1133"}],"replies":[{"embeddable":true,"href":"https:\/\/wp.ufpel.edu.br\/naaf\/wp-json\/wp\/v2\/comments?post=2935"}],"version-history":[{"count":11,"href":"https:\/\/wp.ufpel.edu.br\/naaf\/wp-json\/wp\/v2\/pages\/2935\/revisions"}],"predecessor-version":[{"id":2941,"href":"https:\/\/wp.ufpel.edu.br\/naaf\/wp-json\/wp\/v2\/pages\/2935\/revisions\/2941"}],"wp:attachment":[{"href":"https:\/\/wp.ufpel.edu.br\/naaf\/wp-json\/wp\/v2\/media?parent=2935"}],"curies":[{"name":"wp","href":"https:\/\/api.w.org\/{rel}","templated":true}]}}