{"id":246,"date":"2017-09-14T13:38:02","date_gmt":"2017-09-14T16:38:02","guid":{"rendered":"https:\/\/wp.ufpel.edu.br\/museumaciel\/?page_id=246"},"modified":"2017-09-23T14:15:39","modified_gmt":"2017-09-23T17:15:39","slug":"educacao-patrimonial","status":"publish","type":"page","link":"https:\/\/wp.ufpel.edu.br\/museumaciel\/educacao-patrimonial\/","title":{"rendered":"A\u00e7\u00f5es educativas"},"content":{"rendered":"<p style=\"text-align: justify\">Nas duas \u00faltimas d\u00e9cadas do s\u00e9c. XX, a educa\u00e7\u00e3o patrimonial cresceu como uma importante dimens\u00e3o da forma\u00e7\u00e3o dos cidad\u00e3os na democracia moderna, uma vez que estimula o fortalecimento da consci\u00eancia do car\u00e1ter p\u00fablico do patrim\u00f4nio e a identifica\u00e7\u00e3o e manuten\u00e7\u00e3o dos la\u00e7os de mem\u00f3ria com significantes coletivos portadores das mem\u00f3rias sociais dos diferentes grupos que comp\u00f5em a sociedade. Por meio da educa\u00e7\u00e3o patrimonial, busca-se sensibilizar as comunidades sobre a import\u00e2ncia de preservar a sua mem\u00f3ria; mais que isso, busca-se gerar uma reflex\u00e3o sobre as mem\u00f3rias dos diferentes grupos sociais, de modo que se perceba que patrim\u00f4nio n\u00e3o \u00e9 somente o monumento belo e not\u00e1vel que fala do passado de algumas elites, mas que patrim\u00f4nio \u00e9, outrossim, todo s\u00edmbolo de mem\u00f3ria coletiva, do terreiro \u00e0 igreja, do sobrado \u00e0 senzala, das pra\u00e7as p\u00fablicas aos pr\u00e9dios das escolas, dos antigos armaz\u00e9ns de bairro aos grandes teatros, das canchas retas aos est\u00e1dios de futebol. A escola, em decorr\u00eancia da constata\u00e7\u00e3o da import\u00e2ncia social da educa\u00e7\u00e3o patrimonial, chamou para si tamb\u00e9m esta responsabilidade <em>(Cerqueira, 2005).<\/em><\/p>\n","protected":false},"excerpt":{"rendered":"<p>Nas duas \u00faltimas d\u00e9cadas do s\u00e9c. XX, a educa\u00e7\u00e3o patrimonial cresceu como uma importante dimens\u00e3o da forma\u00e7\u00e3o dos cidad\u00e3os na democracia moderna, uma vez que estimula o fortalecimento da consci\u00eancia do car\u00e1ter p\u00fablico do patrim\u00f4nio e a identifica\u00e7\u00e3o e manuten\u00e7\u00e3o&#8230; <a class=\"more-link\" href=\"https:\/\/wp.ufpel.edu.br\/museumaciel\/educacao-patrimonial\/\">Continue lendo &rarr;<\/a><\/p>\n","protected":false},"author":493,"featured_media":0,"parent":0,"menu_order":0,"comment_status":"closed","ping_status":"closed","template":"","meta":{"footnotes":""},"class_list":["post-246","page","type-page","status-publish","hentry"],"_links":{"self":[{"href":"https:\/\/wp.ufpel.edu.br\/museumaciel\/wp-json\/wp\/v2\/pages\/246","targetHints":{"allow":["GET"]}}],"collection":[{"href":"https:\/\/wp.ufpel.edu.br\/museumaciel\/wp-json\/wp\/v2\/pages"}],"about":[{"href":"https:\/\/wp.ufpel.edu.br\/museumaciel\/wp-json\/wp\/v2\/types\/page"}],"author":[{"embeddable":true,"href":"https:\/\/wp.ufpel.edu.br\/museumaciel\/wp-json\/wp\/v2\/users\/493"}],"replies":[{"embeddable":true,"href":"https:\/\/wp.ufpel.edu.br\/museumaciel\/wp-json\/wp\/v2\/comments?post=246"}],"version-history":[{"count":3,"href":"https:\/\/wp.ufpel.edu.br\/museumaciel\/wp-json\/wp\/v2\/pages\/246\/revisions"}],"predecessor-version":[{"id":460,"href":"https:\/\/wp.ufpel.edu.br\/museumaciel\/wp-json\/wp\/v2\/pages\/246\/revisions\/460"}],"wp:attachment":[{"href":"https:\/\/wp.ufpel.edu.br\/museumaciel\/wp-json\/wp\/v2\/media?parent=246"}],"curies":[{"name":"wp","href":"https:\/\/api.w.org\/{rel}","templated":true}]}}