{"id":103,"date":"2022-07-15T17:13:29","date_gmt":"2022-07-15T20:13:29","guid":{"rendered":"https:\/\/wp.ufpel.edu.br\/museugruppelli\/?page_id=103"},"modified":"2022-09-29T20:12:22","modified_gmt":"2022-09-29T23:12:22","slug":"equipe-do-projeto","status":"publish","type":"page","link":"https:\/\/wp.ufpel.edu.br\/museugruppelli\/sobre-o-museu\/equipe-do-projeto\/","title":{"rendered":"Equipe do Projeto"},"content":{"rendered":"<h2 style=\"text-align: center;\">A Equipe do Projeto!<\/h2>\n<p><img decoding=\"async\" src=\"https:\/\/wp.ufpel.edu.br\/museugruppelli\/files\/2022\/09\/imagem_2022-09-17_224029013.png\" \/><\/p>\n<p>A fim de curiosidade, trazemos aqui alguns integrantes da equipe que faz parte e d\u00e1 vida ao projeto &#8220;Revitaliza\u00e7\u00e3o do Museu Gruppelli&#8221;. Entre os integrantes temos desde alunos da Museologia, at\u00e9 pessoas j\u00e1 formadas em suas respectivas \u00e1reas que constituem a frente de trabalho dentro deste museu, de forma volunt\u00e1ria, dando o melhor de si para manter tanto projeto quanto museu de p\u00e9.<\/p>\n<p>&nbsp;<\/p>\n<p style=\"text-align: center;\">&#8212;&#8212;&#8212;&#8212;&#8212;&#8212;&#8212;&#8212;&#8212;&#8212;&#8212;&#8212;&#8212;&#8212;&#8212;&#8212;&#8212;&#8212;&#8212;&#8212;&#8211;<\/p>\n<p>&nbsp;<\/p>\n<p><img loading=\"lazy\" decoding=\"async\" class=\"alignright\" src=\"https:\/\/media.discordapp.net\/attachments\/709276032997261405\/1025177158517268560\/unknown.png?width=521&amp;height=408\" alt=\"Imagem\" width=\"321\" height=\"251\" \/><\/p>\n<p style=\"text-align: center;\"><strong>Diego Lemos Ribeiro<\/strong><\/p>\n<p><i>Coordenador do Projeto de Extens\u00e3o do Museu Gruppelli, desde 2008. Doutor em <\/i><i>Arqueologia pela Universidade de S\u00e3o Paulo (MAE-USP), mestre em Ci\u00eancia da Informa\u00e7\u00e3o pela\u00a0Universidade Federal Fluminense, em conv\u00eanio com o Instituto Brasileiro de Informa\u00e7\u00e3o em Ci\u00eancia e Tecnologia (IBICT-UFF) e graduado em Museologia pela Universidade Federal do Estado do Rio de Janeiro (UNIRIO).\u00a0<\/i><\/p>\n<p><i><strong>Contato:<\/strong> dlrmuseologo@yahoo.com.br<\/i><\/p>\n<p style=\"text-align: center;\">&#8212;&#8212;&#8212;&#8212;&#8212;&#8212;&#8212;&#8212;&#8212;&#8212;&#8212;&#8212;&#8212;&#8212;&#8212;&#8212;&#8212;&#8212;&#8212;&#8212;&#8211;<\/p>\n<p><img loading=\"lazy\" decoding=\"async\" class=\"alignleft\" src=\"https:\/\/media.discordapp.net\/attachments\/709276032997261405\/1025177195557167184\/unknown.png?width=306&amp;height=408\" alt=\"Imagem\" width=\"221\" height=\"295\" \/><\/p>\n<p style=\"text-align: center;\"><b>\u00a0<\/b><\/p>\n<p style=\"text-align: center;\"><b>Jos\u00e9 Paulo Siefert Brahm<\/b><\/p>\n<p>Doutor e mestre em Mem\u00f3ria Social e Patrim\u00f4nio Cultural pela UFPel; graduado em Museologia pela mesma institui\u00e7\u00e3o. Atualmente atua como pesquisador e muse\u00f3logo colaborador do museu. Atua na pesquisa sobre as cole\u00e7\u00f5es, media\u00e7\u00e3o ao p\u00fablico, elabora\u00e7\u00e3o e execu\u00e7\u00e3o de a\u00e7\u00f5es educativas e projetos expogr\u00e1ficos.<\/p>\n<p><strong>Contato:<\/strong> josepaulobrahm@gmail.com<\/p>\n<p>&nbsp;<\/p>\n<p style=\"text-align: center;\">&#8212;&#8212;&#8212;&#8212;&#8212;&#8212;&#8212;&#8212;&#8212;&#8212;&#8212;&#8212;&#8212;&#8212;&#8212;&#8212;&#8212;&#8212;&#8212;&#8212;&#8211;<\/p>\n<p style=\"text-align: center;\"><img loading=\"lazy\" decoding=\"async\" class=\"alignright\" src=\"https:\/\/media.discordapp.net\/attachments\/709276032997261405\/1025177514554949672\/unknown.png?width=326&amp;height=408\" alt=\"Imagem\" width=\"263\" height=\"329\" \/><\/p>\n<p>&nbsp;<\/p>\n<p style=\"text-align: center;\"><b>Maur\u00edcio Andr\u00e9 Maschke Pinheiro<\/b><\/p>\n<p>Bacharel em Museologia UFPel; Mestrando em Mem\u00f3ria Social e Patrim\u00f4nio Cultural UFPel. Atualmente \u00e9 Muse\u00f3logo colaborador do Museu, atuando nas \u00e1reas de media\u00e7\u00e3o, documenta\u00e7\u00e3o, projetos expogr\u00e1ficos e a\u00e7\u00e3o educativa. Pesquisador na \u00e1rea de Patrim\u00f4nio Rural, ruralidades e museus rurais.<\/p>\n<p><b>Contato: <\/b>mauriciopinheiro685@gmail.com<\/p>\n<p>&nbsp;<\/p>\n<p>&nbsp;<\/p>\n<p style=\"text-align: center;\">&#8212;&#8212;&#8212;&#8212;&#8212;&#8212;&#8212;&#8212;&#8212;&#8212;&#8212;&#8212;&#8212;&#8212;&#8212;&#8212;&#8212;&#8212;&#8212;&#8212;&#8211;<\/p>\n<p><b><img loading=\"lazy\" decoding=\"async\" class=\"alignleft\" src=\"https:\/\/media.discordapp.net\/attachments\/709276032997261405\/1025177522989711442\/unknown.png\" alt=\"Imagem\" width=\"215\" height=\"313\" \/><\/b><\/p>\n<p>&nbsp;<\/p>\n<p style=\"text-align: center;\"><b>Taciana Rocha Casanova Kurz<\/b><\/p>\n<p>Mestranda em Mem\u00f3ria Social e Patrim\u00f4nio Cultural na UFPel, Especialista em Hist\u00f3ria Cultural pela Claretiano, Graduada em Bacharel em Museologia pela UFPel. Integrante do projeto de extens\u00e3o do Museu Gruppelli. Pesquisadora sobre colecionismo, objetos afetivos, ruralidade, suportes de mem\u00f3ria.<\/p>\n<p><b>Contato: <\/b>tacimuselizando@gmail.com<\/p>\n<p>&nbsp;<\/p>\n<p>&nbsp;<\/p>\n<p style=\"text-align: center;\">&#8212;&#8212;&#8212;&#8212;&#8212;&#8212;&#8212;&#8212;&#8212;&#8212;&#8212;&#8212;&#8212;&#8212;&#8212;&#8212;&#8212;&#8212;&#8212;&#8212;&#8211;<\/p>\n<p><b><img loading=\"lazy\" decoding=\"async\" class=\"alignright\" src=\"https:\/\/media.discordapp.net\/attachments\/709276032997261405\/1025177566832766976\/unknown.png?width=261&amp;height=407\" alt=\"Imagem\" width=\"218\" height=\"340\" \/><\/b><\/p>\n<p>&nbsp;<\/p>\n<p>&nbsp;<\/p>\n<p style=\"text-align: center;\"><strong>Gilson Barboza<\/strong><\/p>\n<p style=\"text-align: left;\">Bacharel em conserva\u00e7\u00e3o e restauro de bens culturais m\u00f3veis, graduando em museologia, participante do projeto de revitaliza\u00e7\u00e3o do Museu Gruppelli<\/p>\n<p><b>Contato: <\/b>gbsom1@gmail.com<\/p>\n<p>&nbsp;<\/p>\n<p>&nbsp;<\/p>\n<p>&nbsp;<\/p>\n<p style=\"text-align: center;\">&#8212;&#8212;&#8212;&#8212;&#8212;&#8212;&#8212;&#8212;&#8212;&#8212;&#8212;&#8212;&#8212;&#8212;&#8212;&#8212;&#8212;&#8212;&#8212;&#8212;&#8211;<\/p>\n<p><b><img decoding=\"async\" class=\"alignleft\" src=\"https:\/\/media.discordapp.net\/attachments\/709276032997261405\/1025177582649487380\/unknown.png?width=229&amp;height=407\" alt=\"Imagem\" \/><\/b><\/p>\n<p>&nbsp;<\/p>\n<p>&nbsp;<\/p>\n<p style=\"text-align: center;\"><b>Nadir Ferreira Branquinho Taranti<\/b><\/p>\n<p>T\u00e9cnica de Inform\u00e1tica pela ETEC Jos\u00e9 Martimiano da Silva (2015-2017) e graduanda em Museologia pela Universidade Federal de Pelotas (2018-2022). Possui afinidade com os temas relacionados a a\u00e7\u00f5es educativas em museus e centros culturais. Participa do projeto &#8220;Revitaliza\u00e7\u00e3o do Museu Gruppelli&#8221; desde 2021, atuando nas medica\u00e7\u00f5es presenciais e divulga\u00e7\u00f5es virtuais.<\/p>\n<p><b>Contato: <\/b>nadir.taranti@gmail.com<\/p>\n","protected":false},"excerpt":{"rendered":"<p>A Equipe do Projeto! A fim de curiosidade, trazemos aqui alguns integrantes da equipe que faz parte e d\u00e1 vida ao projeto &#8220;Revitaliza\u00e7\u00e3o do Museu Gruppelli&#8221;. Entre os integrantes temos desde alunos da Museologia, at\u00e9 pessoas j\u00e1 formadas em suas respectivas \u00e1reas que constituem a frente de trabalho dentro deste museu, de forma volunt\u00e1ria, dando<a class=\"more-link\" href=\"https:\/\/wp.ufpel.edu.br\/museugruppelli\/sobre-o-museu\/equipe-do-projeto\/\">Continue reading <span class=\"screen-reader-text\">&#8220;Equipe do Projeto&#8221;<\/span><\/a><\/p>\n","protected":false},"author":812,"featured_media":0,"parent":88,"menu_order":5,"comment_status":"closed","ping_status":"closed","template":"","meta":{"footnotes":""},"tags":[],"class_list":["post-103","page","type-page","status-publish","hentry"],"jetpack_sharing_enabled":true,"_links":{"self":[{"href":"https:\/\/wp.ufpel.edu.br\/museugruppelli\/wp-json\/wp\/v2\/pages\/103","targetHints":{"allow":["GET"]}}],"collection":[{"href":"https:\/\/wp.ufpel.edu.br\/museugruppelli\/wp-json\/wp\/v2\/pages"}],"about":[{"href":"https:\/\/wp.ufpel.edu.br\/museugruppelli\/wp-json\/wp\/v2\/types\/page"}],"author":[{"embeddable":true,"href":"https:\/\/wp.ufpel.edu.br\/museugruppelli\/wp-json\/wp\/v2\/users\/812"}],"replies":[{"embeddable":true,"href":"https:\/\/wp.ufpel.edu.br\/museugruppelli\/wp-json\/wp\/v2\/comments?post=103"}],"version-history":[{"count":7,"href":"https:\/\/wp.ufpel.edu.br\/museugruppelli\/wp-json\/wp\/v2\/pages\/103\/revisions"}],"predecessor-version":[{"id":236,"href":"https:\/\/wp.ufpel.edu.br\/museugruppelli\/wp-json\/wp\/v2\/pages\/103\/revisions\/236"}],"up":[{"embeddable":true,"href":"https:\/\/wp.ufpel.edu.br\/museugruppelli\/wp-json\/wp\/v2\/pages\/88"}],"wp:attachment":[{"href":"https:\/\/wp.ufpel.edu.br\/museugruppelli\/wp-json\/wp\/v2\/media?parent=103"}],"wp:term":[{"taxonomy":"post_tag","embeddable":true,"href":"https:\/\/wp.ufpel.edu.br\/museugruppelli\/wp-json\/wp\/v2\/tags?post=103"}],"curies":[{"name":"wp","href":"https:\/\/api.w.org\/{rel}","templated":true}]}}